{"id":8825,"date":"2024-10-08T11:59:13","date_gmt":"2024-10-08T11:59:13","guid":{"rendered":"https:\/\/pelestest.thepoint-agency.com\/eva-garet-tanara-revelatie-a-pianisticii-romanesti-concerteaza-sambata-la-castelul-peles\/"},"modified":"2024-12-19T10:08:02","modified_gmt":"2024-12-19T08:08:02","slug":"eva-garet-tanara-revelatie-a-pianisticii-romanesti-concerteaza-sambata-la-castelul-peles","status":"publish","type":"eveniment","link":"https:\/\/thewebdevpoint.com\/en\/eveniment\/eva-garet-tanara-revelatie-a-pianisticii-romanesti-concerteaza-sambata-la-castelul-peles\/","title":{"rendered":"Eva Garet, the young revelation of Romanian pianists, performs at Pele\u0219 Castle on Saturday"},"content":{"rendered":"<p><em>season <strong>&quot;Citadel of the Arts&quot;<\/strong> continues at Pele\u0219 Castle with a special recital by <strong>Eva Garrett,<\/strong> The 13-year-old young artist impresses with her talent, being considered a true revelation of Romanian pianists. After impressive successes on important stages and at high-value competitions, she is now holding her first national tour.<\/em><\/p>\n<p>Eva Garet will perform <strong>Saturday, June 1, 2019,<\/strong> from <strong>3:00 p.m., at the Pele\u0219 Castle Concert Hall. <\/strong>The artist will present a particularly difficult, but also attractive program, consisting of works by Bach, Haydn, Liszt, Dohnanyi, Tchaikovsky, Scriabin and Enescu.<\/p>\n<p>The event will be hosted by journalist Sebastian Cr\u0103ciun. I<u>Admission will be free.<\/u>, by requesting the electronic invitation at <u>rezervari.ucimr@gmail.com<\/u><\/p>\n<p>The public is invited to celebrate International Children&#039;s Day by visiting the fairytale castle, participating in this special event, an opportunity to also visit the exhibition of the National Contest &quot;Carmen Sylva&quot; which will include works selected from the annual contest organized by the Pele\u0219 National Museum for young artists in Romania. They responded seriously to the challenge, confirming their artistic talent in the categories of drawing, painting, engraving and photography. The exhibition will also be inaugurated on June 1 in the Hall of Honor of Peli\u0219or Castle.<\/p>\n<p>*<\/p>\n<p><a href=\"https:\/\/pelestest.thepoint-agency.com\/wp-content\/uploads\/2019\/05\/Eva-Garet.jpg\"><img fetchpriority=\"high\" decoding=\"async\" class=\"alignnone size-full wp-image-2720\" src=\"https:\/\/pelestest.thepoint-agency.com\/wp-content\/uploads\/2019\/05\/Eva-Garet.jpg\" alt=\"\" width=\"1620\" height=\"1080\" \/><\/a><\/p>\n<p><strong>Eva Garrett<\/strong>, born in Bucharest on May 10, 2006, has been studying piano since the age of 5. She is a student of teacher Mihaela Zamfirescu, in the 6th grade at the National College of Music &quot;George Enescu&quot;. She has won first prizes, first prizes of excellence or grand prizes at numerous competitions in Romania: Pro Piano, Millennium Piano, Gradus ad Parnassum, Victor Giuleanu, Ada Ulubeanu, Piano ArtIS and the National Instrumental Interpretation Olympiad. In 2016, at only 10 years old, Eva Garet becomes the youngest winner of the &quot;Golden Lyre&quot; trophy, the prestigious competition for young musicians under 18. Starting with the 40th edition, the &quot;Golden Lyre&quot; competition awards the &quot;Eva Garet&quot; special prize to the youngest finalist.<\/p>\n<p>In 2017, Eva won the &quot;Dinu Lipatti&quot; trophy of the &quot;Road to Fame&quot; competition among competitors up to 26 years old, and a year later she won the only first prize at the first international &quot;Mihaela Ursuleasa&quot; competition, won first prize at the &quot;1st Ricard Vi\u00f1es Piano Kids and Youth&quot; in Spain, a competition under the Alink-Argerich emblem, and became the first Romanian pianist to win the &quot;Ettlingen International Piano Competition&quot; in Germany, one of the most prestigious piano competitions for juniors in the world.<\/p>\n<p>Also in 2018, at only 11 years old, Eva Garet made her debut at the Radio Hall in the company of the Radio Chamber Orchestra, under the baton of conductor Stefan Novak, in <em>Concerto for piano and orchestra<\/em> no. 23, K488 by WA Mozart, broadcast live by Radio Romania Muzical and Radio Romania Cultural. The collaboration with the &quot;Ion Dumitrescu&quot; Philharmonic from R\u00e2mnicu V\u00e2lcea, under the baton of professor Bogdan Vod\u0103, immediately follows. In January 2018 Eva Garet makes her debut on the big stage of the Romanian Athenaeum, accompanying Alexandru Tomescu in Enescu&#039;s &quot;Balada&quot;, on which occasion she also performs the Romanian Rhapsody no. 1 by George Enescu. Eva is also invited in March 2018 to the &quot;Tuesday Evening Season&quot; in an extraordinary recital at the Small Hall of the Romanian Athenaeum, and in June 2018 Eva is present on stage at the 7th edition of &quot;Mogo\u0219oaia ClasicFest&quot;.<\/p>\n<p>In 2015 Eva starred in the Dutch film production \u201cDisappearance\u201d (Verdwijnen) directed by Boudewijn Koole, performing works by Grieg, Schubert and Mendelssohn, under the musical direction of Alex Simu. In 2018, \u201cDisappearance\u201d won the BUMA Award for \u201cBest Soundtrack in a Feature Film\u201d.<\/p>\n<p>He recently received an Honorable Mention in the piano category of the difficult Prague International Concertino Competition.<\/p>\n<p>Eva Garet&#039;s evolution can be followed on her Facebook page: @evagaretmusic.<\/p>\n<p>The concert at Pele\u0219 Castle is part of the &quot;Musical Citadels 8&quot; tour organized by the Pro Valores Association, a series of events supported by UCIMR.<\/p>\n<p>*<\/p>\n<p><strong>&quot;Citadel of the Arts&quot; Season<\/strong> is an event organized by UCIMR - the Union of Interpretative Creation of Musicians from Romania in partnership with the Pele\u0219 National Museum.<\/p>\n<p>Cultural partners: Excess Music, &quot;Opportunities at home&quot; program run by UCIMR, Pro Valores Association, &quot;La tunuri&quot; Complex Sinaia<\/p>\n<p>Media partners: EnjoyTV Romania, Radio Romania Cultural, Cultural Observatory, Radio Trinitas, Book Agency, Ro Portal, Romania Pozitiv\u0103, Calendar Events, Bucuresteni.ro, Onlinegallery.ro, Jurnalmm.ro<\/p>\n<p><strong>Next concert<\/strong> from the &quot;Citadel of the Arts&quot; will take place on Saturday, <strong>June 15,<\/strong> from 4:00 PM and will be supported by the renowned musician-guitarist <strong>Costin Soare<\/strong> which will propose an artistic itinerary <strong>&quot;From Schubert to Sting&quot;. <\/strong>Entry will be free by requesting the electronic invitation at <u>rezervari.ucimr@gmail.com<\/u><\/p>","protected":false},"featured_media":0,"template":"","meta":{"_acf_changed":false},"categorie-evenimente":[353],"class_list":["post-8825","eveniment","type-eveniment","status-publish","hentry","categorie-evenimente-arhiva"],"acf":[],"yoast_head":"<!-- This site is optimized with the Yoast SEO plugin v24.1 - https:\/\/yoast.com\/wordpress\/plugins\/seo\/ -->\n<title>Eva Garet, t\u00e2n\u0103ra revela\u021bie a pianisticii rom\u00e2ne\u0219ti, concerteaz\u0103 s\u00e2mb\u0103t\u0103 la Castelul Pele\u0219 &#183; Peles Test<\/title>\n<meta name=\"robots\" content=\"noindex, follow, max-snippet:-1, max-image-preview:large, max-video-preview:-1\" \/>\n<script type=\"application\/ld+json\" class=\"yoast-schema-graph\">{\"@context\":\"https:\/\/schema.org\",\"@graph\":[{\"@type\":\"WebPage\",\"@id\":\"https:\/\/thewebdevpoint.com\/ro\/eveniment\/eva-garet-tanara-revelatie-a-pianisticii-romanesti-concerteaza-sambata-la-castelul-peles\/\",\"url\":\"https:\/\/thewebdevpoint.com\/ro\/eveniment\/eva-garet-tanara-revelatie-a-pianisticii-romanesti-concerteaza-sambata-la-castelul-peles\/\",\"name\":\"Eva Garet, t\u00e2n\u0103ra revela\u021bie a pianisticii rom\u00e2ne\u0219ti, concerteaz\u0103 s\u00e2mb\u0103t\u0103 la Castelul Pele\u0219 &#183; Peles Test\",\"isPartOf\":{\"@id\":\"https:\/\/thewebdevpoint.com\/ro\/#website\"},\"primaryImageOfPage\":{\"@id\":\"https:\/\/thewebdevpoint.com\/ro\/eveniment\/eva-garet-tanara-revelatie-a-pianisticii-romanesti-concerteaza-sambata-la-castelul-peles\/#primaryimage\"},\"image\":{\"@id\":\"https:\/\/thewebdevpoint.com\/ro\/eveniment\/eva-garet-tanara-revelatie-a-pianisticii-romanesti-concerteaza-sambata-la-castelul-peles\/#primaryimage\"},\"thumbnailUrl\":\"https:\/\/pelestest.thepoint-agency.com\/wp-content\/uploads\/2019\/05\/Eva-Garet.jpg\",\"datePublished\":\"2024-10-08T11:59:13+00:00\",\"dateModified\":\"2024-12-19T08:08:02+00:00\",\"breadcrumb\":{\"@id\":\"https:\/\/thewebdevpoint.com\/ro\/eveniment\/eva-garet-tanara-revelatie-a-pianisticii-romanesti-concerteaza-sambata-la-castelul-peles\/#breadcrumb\"},\"inLanguage\":\"en-GB\",\"potentialAction\":[{\"@type\":\"ReadAction\",\"target\":[\"https:\/\/thewebdevpoint.com\/ro\/eveniment\/eva-garet-tanara-revelatie-a-pianisticii-romanesti-concerteaza-sambata-la-castelul-peles\/\"]}]},{\"@type\":\"ImageObject\",\"inLanguage\":\"en-GB\",\"@id\":\"https:\/\/thewebdevpoint.com\/ro\/eveniment\/eva-garet-tanara-revelatie-a-pianisticii-romanesti-concerteaza-sambata-la-castelul-peles\/#primaryimage\",\"url\":\"https:\/\/pelestest.thepoint-agency.com\/wp-content\/uploads\/2019\/05\/Eva-Garet.jpg\",\"contentUrl\":\"https:\/\/pelestest.thepoint-agency.com\/wp-content\/uploads\/2019\/05\/Eva-Garet.jpg\"},{\"@type\":\"BreadcrumbList\",\"@id\":\"https:\/\/thewebdevpoint.com\/ro\/eveniment\/eva-garet-tanara-revelatie-a-pianisticii-romanesti-concerteaza-sambata-la-castelul-peles\/#breadcrumb\",\"itemListElement\":[{\"@type\":\"ListItem\",\"position\":1,\"name\":\"Acas\u0103\",\"item\":\"https:\/\/thewebdevpoint.com\/\"},{\"@type\":\"ListItem\",\"position\":2,\"name\":\"Evenimente\",\"item\":\"https:\/\/thewebdevpoint.com\/ro\/evenimente\/\"},{\"@type\":\"ListItem\",\"position\":3,\"name\":\"Eva Garet, t\u00e2n\u0103ra revela\u021bie a pianisticii rom\u00e2ne\u0219ti, concerteaz\u0103 s\u00e2mb\u0103t\u0103 la Castelul Pele\u0219\"}]},{\"@type\":\"WebSite\",\"@id\":\"https:\/\/thewebdevpoint.com\/ro\/#website\",\"url\":\"https:\/\/thewebdevpoint.com\/ro\/\",\"name\":\"Peles Test\",\"description\":\"\",\"publisher\":{\"@id\":\"https:\/\/thewebdevpoint.com\/ro\/#organization\"},\"potentialAction\":[{\"@type\":\"SearchAction\",\"target\":{\"@type\":\"EntryPoint\",\"urlTemplate\":\"https:\/\/thewebdevpoint.com\/ro\/?s={search_term_string}\"},\"query-input\":{\"@type\":\"PropertyValueSpecification\",\"valueRequired\":true,\"valueName\":\"search_term_string\"}}],\"inLanguage\":\"en-GB\"},{\"@type\":\"Organization\",\"@id\":\"https:\/\/thewebdevpoint.com\/ro\/#organization\",\"name\":\"Muzeul Pele\u0219\",\"alternateName\":\"MP\",\"url\":\"https:\/\/thewebdevpoint.com\/ro\/\",\"logo\":{\"@type\":\"ImageObject\",\"inLanguage\":\"en-GB\",\"@id\":\"https:\/\/thewebdevpoint.com\/ro\/#\/schema\/logo\/image\/\",\"url\":\"https:\/\/thewebdevpoint.com\/wp-content\/uploads\/2024\/10\/Logo.svg\",\"contentUrl\":\"https:\/\/thewebdevpoint.com\/wp-content\/uploads\/2024\/10\/Logo.svg\",\"width\":251,\"height\":48,\"caption\":\"Muzeul Pele\u0219\"},\"image\":{\"@id\":\"https:\/\/thewebdevpoint.com\/ro\/#\/schema\/logo\/image\/\"}}]}<\/script>\n<!-- \/ Yoast SEO plugin. -->","yoast_head_json":{"title":"Eva Garet, t\u00e2n\u0103ra revela\u021bie a pianisticii rom\u00e2ne\u0219ti, concerteaz\u0103 s\u00e2mb\u0103t\u0103 la Castelul Pele\u0219 &#183; Peles Test","robots":{"index":"noindex","follow":"follow","max-snippet":"max-snippet:-1","max-image-preview":"max-image-preview:large","max-video-preview":"max-video-preview:-1"},"schema":{"@context":"https:\/\/schema.org","@graph":[{"@type":"WebPage","@id":"https:\/\/thewebdevpoint.com\/ro\/eveniment\/eva-garet-tanara-revelatie-a-pianisticii-romanesti-concerteaza-sambata-la-castelul-peles\/","url":"https:\/\/thewebdevpoint.com\/ro\/eveniment\/eva-garet-tanara-revelatie-a-pianisticii-romanesti-concerteaza-sambata-la-castelul-peles\/","name":"Eva Garet, t\u00e2n\u0103ra revela\u021bie a pianisticii rom\u00e2ne\u0219ti, concerteaz\u0103 s\u00e2mb\u0103t\u0103 la Castelul Pele\u0219 &#183; Peles Test","isPartOf":{"@id":"https:\/\/thewebdevpoint.com\/ro\/#website"},"primaryImageOfPage":{"@id":"https:\/\/thewebdevpoint.com\/ro\/eveniment\/eva-garet-tanara-revelatie-a-pianisticii-romanesti-concerteaza-sambata-la-castelul-peles\/#primaryimage"},"image":{"@id":"https:\/\/thewebdevpoint.com\/ro\/eveniment\/eva-garet-tanara-revelatie-a-pianisticii-romanesti-concerteaza-sambata-la-castelul-peles\/#primaryimage"},"thumbnailUrl":"https:\/\/pelestest.thepoint-agency.com\/wp-content\/uploads\/2019\/05\/Eva-Garet.jpg","datePublished":"2024-10-08T11:59:13+00:00","dateModified":"2024-12-19T08:08:02+00:00","breadcrumb":{"@id":"https:\/\/thewebdevpoint.com\/ro\/eveniment\/eva-garet-tanara-revelatie-a-pianisticii-romanesti-concerteaza-sambata-la-castelul-peles\/#breadcrumb"},"inLanguage":"en-GB","potentialAction":[{"@type":"ReadAction","target":["https:\/\/thewebdevpoint.com\/ro\/eveniment\/eva-garet-tanara-revelatie-a-pianisticii-romanesti-concerteaza-sambata-la-castelul-peles\/"]}]},{"@type":"ImageObject","inLanguage":"en-GB","@id":"https:\/\/thewebdevpoint.com\/ro\/eveniment\/eva-garet-tanara-revelatie-a-pianisticii-romanesti-concerteaza-sambata-la-castelul-peles\/#primaryimage","url":"https:\/\/pelestest.thepoint-agency.com\/wp-content\/uploads\/2019\/05\/Eva-Garet.jpg","contentUrl":"https:\/\/pelestest.thepoint-agency.com\/wp-content\/uploads\/2019\/05\/Eva-Garet.jpg"},{"@type":"BreadcrumbList","@id":"https:\/\/thewebdevpoint.com\/ro\/eveniment\/eva-garet-tanara-revelatie-a-pianisticii-romanesti-concerteaza-sambata-la-castelul-peles\/#breadcrumb","itemListElement":[{"@type":"ListItem","position":1,"name":"Acas\u0103","item":"https:\/\/thewebdevpoint.com\/"},{"@type":"ListItem","position":2,"name":"Evenimente","item":"https:\/\/thewebdevpoint.com\/ro\/evenimente\/"},{"@type":"ListItem","position":3,"name":"Eva Garet, t\u00e2n\u0103ra revela\u021bie a pianisticii rom\u00e2ne\u0219ti, concerteaz\u0103 s\u00e2mb\u0103t\u0103 la Castelul Pele\u0219"}]},{"@type":"WebSite","@id":"https:\/\/thewebdevpoint.com\/ro\/#website","url":"https:\/\/thewebdevpoint.com\/ro\/","name":"Peles Test","description":"","publisher":{"@id":"https:\/\/thewebdevpoint.com\/ro\/#organization"},"potentialAction":[{"@type":"SearchAction","target":{"@type":"EntryPoint","urlTemplate":"https:\/\/thewebdevpoint.com\/ro\/?s={search_term_string}"},"query-input":{"@type":"PropertyValueSpecification","valueRequired":true,"valueName":"search_term_string"}}],"inLanguage":"en-GB"},{"@type":"Organization","@id":"https:\/\/thewebdevpoint.com\/ro\/#organization","name":"Muzeul Pele\u0219","alternateName":"MP","url":"https:\/\/thewebdevpoint.com\/ro\/","logo":{"@type":"ImageObject","inLanguage":"en-GB","@id":"https:\/\/thewebdevpoint.com\/ro\/#\/schema\/logo\/image\/","url":"https:\/\/thewebdevpoint.com\/wp-content\/uploads\/2024\/10\/Logo.svg","contentUrl":"https:\/\/thewebdevpoint.com\/wp-content\/uploads\/2024\/10\/Logo.svg","width":251,"height":48,"caption":"Muzeul Pele\u0219"},"image":{"@id":"https:\/\/thewebdevpoint.com\/ro\/#\/schema\/logo\/image\/"}}]}},"_links":{"self":[{"href":"https:\/\/thewebdevpoint.com\/en\/wp-json\/wp\/v2\/eveniment\/8825","targetHints":{"allow":["GET"]}}],"collection":[{"href":"https:\/\/thewebdevpoint.com\/en\/wp-json\/wp\/v2\/eveniment"}],"about":[{"href":"https:\/\/thewebdevpoint.com\/en\/wp-json\/wp\/v2\/types\/eveniment"}],"version-history":[{"count":1,"href":"https:\/\/thewebdevpoint.com\/en\/wp-json\/wp\/v2\/eveniment\/8825\/revisions"}],"predecessor-version":[{"id":16430,"href":"https:\/\/thewebdevpoint.com\/en\/wp-json\/wp\/v2\/eveniment\/8825\/revisions\/16430"}],"wp:attachment":[{"href":"https:\/\/thewebdevpoint.com\/en\/wp-json\/wp\/v2\/media?parent=8825"}],"wp:term":[{"taxonomy":"categorie-evenimente","embeddable":true,"href":"https:\/\/thewebdevpoint.com\/en\/wp-json\/wp\/v2\/categorie-evenimente?post=8825"}],"curies":[{"name":"wp","href":"https:\/\/api.w.org\/{rel}","templated":true}]}}