{"id":10308,"date":"2024-10-21T15:29:13","date_gmt":"2024-10-21T12:29:13","guid":{"rendered":"https:\/\/pelestest.thepoint-agency.com\/?post_type=colectie&#038;p=10308"},"modified":"2024-12-17T13:36:19","modified_gmt":"2024-12-17T11:36:19","slug":"castelul-bran","status":"publish","type":"colectie","link":"https:\/\/thewebdevpoint.com\/fr\/colectie\/castelul-bran\/","title":{"rendered":"Ch\u00e2teau de Bran"},"content":{"rendered":"<div data-elementor-type=\"wp-post\" data-elementor-id=\"10308\" class=\"elementor elementor-10308\" data-elementor-post-type=\"colectie\">\n\t\t\t\t<div class=\"elementor-element elementor-element-130a3b6 e-flex e-con-boxed e-con e-parent\" data-id=\"130a3b6\" data-element_type=\"container\">\n\t\t\t\t\t<div class=\"e-con-inner\">\n\t\t\t\t<div class=\"elementor-element elementor-element-0d0662a elementor-widget elementor-widget-text-editor\" data-id=\"0d0662a\" data-element_type=\"widget\" data-widget_type=\"text-editor.default\">\n\t\t\t\t<div class=\"elementor-widget-container\">\n\t\t\t\t\t\t\t\t\t<p>Dans le patrimoine du Mus\u00e9e national de Pele\u015f se trouve une \u0153uvre d&#039;art roumaine, intitul\u00e9e Ch\u00e2teau de Bran, sign\u00e9e par le peintre Alexandru Severin.<\/p><p>Composition \u00e9quilibr\u00e9e, repr\u00e9sentant la cour int\u00e9rieure du ch\u00e2teau, image romantique et myst\u00e9rieuse de la nouvelle r\u00e9sidence royale. Le jeu d&#039;ombres et de lumi\u00e8re, associ\u00e9 aux tons froids, gris, bleus et blancs, accentue le rouge brun\u00e2tre des toits, conf\u00e9rant \u00e0 l&#039;\u0153uvre une dynamique particuli\u00e8re. La lanterne en fer forg\u00e9, plac\u00e9e sur l&#039;arche au premier plan, d\u00e9limite les plans. La vivacit\u00e9 de la composition, conf\u00e9r\u00e9e par les touches florales diss\u00e9min\u00e9es dans l&#039;enceinte, sur les vieux murs de pierre, est remarquable.<\/p><p>Al. Severin est un artiste remarquable qui, dans les ann\u00e9es 1920, pendant pr\u00e8s de dix ans, travailla comme peintre \u00e0 la Cour royale roumaine. En effet, pour avoir peint les vues des ch\u00e2teaux de Pele\u015f, Peli\u015for, Bran, Cop\u0103ceni et R\u00e2\u015fnov, il paya, au d\u00e9but des ann\u00e9es 1950, quatre ann\u00e9es de sa vie au prix de sa libert\u00e9. Il fut d\u00e9lib\u00e9r\u00e9ment tomb\u00e9 dans l&#039;oubli. M. Paul Rezeanu, directeur du Mus\u00e9e d&#039;art de Craiova, a r\u00e9alis\u00e9 une monographie compl\u00e8te de cet artiste, qui nous apprend des informations importantes sur sa vie et son \u0153uvre.<\/p><p>Peintre et sculpteur, presque \u00e0 \u00e9galit\u00e9, de son vrai nom Alexandru T\u0103lp\u0103\u015fin, est n\u00e9 le 15 f\u00e9vrier 1881 \u00e0 Turnu Severin. \u00c9l\u00e8ve du lyc\u00e9e \u00ab Traian \u00bb de sa ville natale, il \u00e9tudia ensuite la sculpture \u00e0 l&#039;\u00c9cole des Beaux-Arts de Bucarest, o\u00f9 il avait pour camarade de classe Constantin Br\u00e2ncu\u015fi, de son \u00e2ge. Des relations chaleureuses et amicales s&#039;\u00e9tablirent entre les deux Olteni. Dipl\u00f4m\u00e9 de l&#039;\u00c9cole des Beaux-Arts en 1903, Alexandru Severin accomplit son service militaire et, en 1904, partit, principalement \u00e0 pied, en faisant un d\u00e9tour par Putna, pour participer \u00e0 la comm\u00e9moration du 400e anniversaire de la mort d&#039;\u00c9tienne le Grand \u00e0 Paris, o\u00f9 il comptait suivre des cours \u00e0 l&#039;\u00c9cole des Beaux-Arts ou \u00e0 l&#039;Acad\u00e9mie Julien. Faute de moyens financiers, il ne termina aucun de ces cours, mais r\u00e9ussit \u00e0 exposer, \u00e0 partir de 1907, au Salon officiel et au Salon d&#039;automne. Entre 1909 et 1911, l&#039;artiste s\u00e9journe en Italie, o\u00f9 il travaille pendant plus d&#039;un an \u00e0 Florence, dans l&#039;atelier du professeur Raffaello Romanelli, puis \u00e0 Rome, o\u00f9 il expose \u00e0 l&#039;Exposition internationale de fin 1911.<\/p><p>De retour \u00e0 Paris en 1912, S\u00e9verin reprit son activit\u00e9 professionnelle et ses expositions. C&#039;est \u00e9galement \u00e0 cette \u00e9poque qu&#039;il se lia d&#039;amiti\u00e9 avec le po\u00e8te Alexandru Macedonski. Durant la m\u00eame p\u00e9riode, il cr\u00e9a plusieurs \u0153uvres de r\u00e9f\u00e9rence dans son \u0153uvre\u00a0: Vers l&#039;Infini, V\u0103lul, Bustul unui conte, plusieurs portraits-t\u00eates de vieillards, ainsi que des projets de monuments\u00a0: Aurel Vlaicu, Panait Cerna, Avantul \u0219arii. Expos\u00e9es au Salon officiel fran\u00e7ais et, \u00e0 la campagne, \u00e0 la Tinerimea Artistic\u0103, ces \u0153uvres attir\u00e8rent l&#039;attention et l&#039;appr\u00e9ciation du public et de la presse.<\/p><p>De retour d\u00e9finitivement au pays en 1922, Alexandru Severin re\u00e7ut de la reine Maria la mission d&#039;illustrer le ch\u00e2teau de Bran, puis Peles, Peli\u015for, Cop\u0103cenii, Balcicul et la forteresse de R\u00e2\u015fnov. Voici, \u00e0 ce propos, l&#039;une des lettres re\u00e7ues du Palais royal\u00a0:<br \/><em>Sa Majest\u00e9 la Reine me charge de vous informer qu&#039;elle aimerait beaucoup que vous vous rendiez \u00e0 Cop\u0103ceni, o\u00f9 les iris sont encore en fleurs, mais vous devez vous d\u00e9p\u00eacher, car ils ne dureront qu&#039;un jour ou deux.<\/em><\/p><p>Pendant dix ans, l&#039;artiste a travaill\u00e9 au sein des palais royaux. Captur\u00e9es sous diff\u00e9rents angles, en vues d&#039;ensemble ext\u00e9rieures ou en peintures int\u00e9rieures, selon la technique de la sanguine vaporeuse, ses \u0153uvres \u00e9taient destin\u00e9es \u00e0 composer des albums repr\u00e9sentatifs et luxueux, destin\u00e9s aux dignitaires \u00e9trangers en visite dans notre pays. Pour son travail, S\u00e9verin n&#039;a rien demand\u00e9 ni sollicit\u00e9 aucune faveur. Lorsque le roi Ferdinand, enthousiasm\u00e9 par ses \u0153uvres, lui demanda ce qu&#039;il souhaitait en r\u00e9compense, il r\u00e9pondit\u00a0:<br \/><em>Rien, Votre Majest\u00e9, que de vous servir.<\/em><\/p><p>Pour cette activit\u00e9, il fut condamn\u00e9 \u00e0 dix ans de prison communiste, dont il purgea en r\u00e9alit\u00e9 plus de quatre ans. Apr\u00e8s sa lib\u00e9ration, il v\u00e9cut encore pr\u00e8s de deux ans. Il mourut \u00e0 Bucarest le 16 mai 1956.<\/p>\t\t\t\t\t\t\t\t<\/div>\n\t\t\t\t<\/div>\n\t\t\t\t\t<\/div>\n\t\t\t\t<\/div>\n\t\t\t\t<\/div>","protected":false},"featured_media":10309,"parent":0,"menu_order":0,"template":"","meta":{"_acf_changed":false},"categorie-colectie":[296],"tag-obiect-colectie":[],"class_list":["post-10308","colectie","type-colectie","status-publish","has-post-thumbnail","hentry","categorie-colectie-colectia-de-pictura-romaneasca"],"acf":[],"yoast_head":"<!-- This site is optimized with the Yoast SEO plugin v24.1 - https:\/\/yoast.com\/wordpress\/plugins\/seo\/ -->\n<title>Castelul Bran &#183; Peles Test<\/title>\n<meta name=\"robots\" content=\"noindex, follow, max-snippet:-1, max-image-preview:large, max-video-preview:-1\" \/>\n<script type=\"application\/ld+json\" class=\"yoast-schema-graph\">{\"@context\":\"https:\/\/schema.org\",\"@graph\":[{\"@type\":\"WebPage\",\"@id\":\"https:\/\/thewebdevpoint.com\/ro\/colectie\/castelul-bran\/\",\"url\":\"https:\/\/thewebdevpoint.com\/ro\/colectie\/castelul-bran\/\",\"name\":\"Castelul Bran &#183; Peles Test\",\"isPartOf\":{\"@id\":\"https:\/\/thewebdevpoint.com\/ro\/#website\"},\"primaryImageOfPage\":{\"@id\":\"https:\/\/thewebdevpoint.com\/ro\/colectie\/castelul-bran\/#primaryimage\"},\"image\":{\"@id\":\"https:\/\/thewebdevpoint.com\/ro\/colectie\/castelul-bran\/#primaryimage\"},\"thumbnailUrl\":\"https:\/\/thewebdevpoint.com\/wp-content\/uploads\/2024\/10\/CASTELUL-BRAN.jpg\",\"datePublished\":\"2024-10-21T12:29:13+00:00\",\"dateModified\":\"2024-12-17T11:36:19+00:00\",\"breadcrumb\":{\"@id\":\"https:\/\/thewebdevpoint.com\/ro\/colectie\/castelul-bran\/#breadcrumb\"},\"inLanguage\":\"fr-FR\",\"potentialAction\":[{\"@type\":\"ReadAction\",\"target\":[\"https:\/\/thewebdevpoint.com\/ro\/colectie\/castelul-bran\/\"]}]},{\"@type\":\"ImageObject\",\"inLanguage\":\"fr-FR\",\"@id\":\"https:\/\/thewebdevpoint.com\/ro\/colectie\/castelul-bran\/#primaryimage\",\"url\":\"https:\/\/thewebdevpoint.com\/wp-content\/uploads\/2024\/10\/CASTELUL-BRAN.jpg\",\"contentUrl\":\"https:\/\/thewebdevpoint.com\/wp-content\/uploads\/2024\/10\/CASTELUL-BRAN.jpg\",\"width\":568,\"height\":778,\"caption\":\"CASTELUL BRAN\"},{\"@type\":\"BreadcrumbList\",\"@id\":\"https:\/\/thewebdevpoint.com\/ro\/colectie\/castelul-bran\/#breadcrumb\",\"itemListElement\":[{\"@type\":\"ListItem\",\"position\":1,\"name\":\"Acas\u0103\",\"item\":\"https:\/\/thewebdevpoint.com\/\"},{\"@type\":\"ListItem\",\"position\":2,\"name\":\"Colectii\",\"item\":\"https:\/\/thewebdevpoint.com\/en\/colectii\/\"},{\"@type\":\"ListItem\",\"position\":3,\"name\":\"Castelul Bran\"}]},{\"@type\":\"WebSite\",\"@id\":\"https:\/\/thewebdevpoint.com\/ro\/#website\",\"url\":\"https:\/\/thewebdevpoint.com\/ro\/\",\"name\":\"Peles Test\",\"description\":\"\",\"publisher\":{\"@id\":\"https:\/\/thewebdevpoint.com\/ro\/#organization\"},\"potentialAction\":[{\"@type\":\"SearchAction\",\"target\":{\"@type\":\"EntryPoint\",\"urlTemplate\":\"https:\/\/thewebdevpoint.com\/ro\/?s={search_term_string}\"},\"query-input\":{\"@type\":\"PropertyValueSpecification\",\"valueRequired\":true,\"valueName\":\"search_term_string\"}}],\"inLanguage\":\"fr-FR\"},{\"@type\":\"Organization\",\"@id\":\"https:\/\/thewebdevpoint.com\/ro\/#organization\",\"name\":\"Muzeul Pele\u0219\",\"alternateName\":\"MP\",\"url\":\"https:\/\/thewebdevpoint.com\/ro\/\",\"logo\":{\"@type\":\"ImageObject\",\"inLanguage\":\"fr-FR\",\"@id\":\"https:\/\/thewebdevpoint.com\/ro\/#\/schema\/logo\/image\/\",\"url\":\"https:\/\/thewebdevpoint.com\/wp-content\/uploads\/2024\/10\/Logo.svg\",\"contentUrl\":\"https:\/\/thewebdevpoint.com\/wp-content\/uploads\/2024\/10\/Logo.svg\",\"width\":251,\"height\":48,\"caption\":\"Muzeul Pele\u0219\"},\"image\":{\"@id\":\"https:\/\/thewebdevpoint.com\/ro\/#\/schema\/logo\/image\/\"}}]}<\/script>\n<!-- \/ Yoast SEO plugin. -->","yoast_head_json":{"title":"Castelul Bran &#183; Peles Test","robots":{"index":"noindex","follow":"follow","max-snippet":"max-snippet:-1","max-image-preview":"max-image-preview:large","max-video-preview":"max-video-preview:-1"},"schema":{"@context":"https:\/\/schema.org","@graph":[{"@type":"WebPage","@id":"https:\/\/thewebdevpoint.com\/ro\/colectie\/castelul-bran\/","url":"https:\/\/thewebdevpoint.com\/ro\/colectie\/castelul-bran\/","name":"Castelul Bran &#183; Peles Test","isPartOf":{"@id":"https:\/\/thewebdevpoint.com\/ro\/#website"},"primaryImageOfPage":{"@id":"https:\/\/thewebdevpoint.com\/ro\/colectie\/castelul-bran\/#primaryimage"},"image":{"@id":"https:\/\/thewebdevpoint.com\/ro\/colectie\/castelul-bran\/#primaryimage"},"thumbnailUrl":"https:\/\/thewebdevpoint.com\/wp-content\/uploads\/2024\/10\/CASTELUL-BRAN.jpg","datePublished":"2024-10-21T12:29:13+00:00","dateModified":"2024-12-17T11:36:19+00:00","breadcrumb":{"@id":"https:\/\/thewebdevpoint.com\/ro\/colectie\/castelul-bran\/#breadcrumb"},"inLanguage":"fr-FR","potentialAction":[{"@type":"ReadAction","target":["https:\/\/thewebdevpoint.com\/ro\/colectie\/castelul-bran\/"]}]},{"@type":"ImageObject","inLanguage":"fr-FR","@id":"https:\/\/thewebdevpoint.com\/ro\/colectie\/castelul-bran\/#primaryimage","url":"https:\/\/thewebdevpoint.com\/wp-content\/uploads\/2024\/10\/CASTELUL-BRAN.jpg","contentUrl":"https:\/\/thewebdevpoint.com\/wp-content\/uploads\/2024\/10\/CASTELUL-BRAN.jpg","width":568,"height":778,"caption":"CASTELUL BRAN"},{"@type":"BreadcrumbList","@id":"https:\/\/thewebdevpoint.com\/ro\/colectie\/castelul-bran\/#breadcrumb","itemListElement":[{"@type":"ListItem","position":1,"name":"Acas\u0103","item":"https:\/\/thewebdevpoint.com\/"},{"@type":"ListItem","position":2,"name":"Colectii","item":"https:\/\/thewebdevpoint.com\/en\/colectii\/"},{"@type":"ListItem","position":3,"name":"Castelul Bran"}]},{"@type":"WebSite","@id":"https:\/\/thewebdevpoint.com\/ro\/#website","url":"https:\/\/thewebdevpoint.com\/ro\/","name":"Peles Test","description":"","publisher":{"@id":"https:\/\/thewebdevpoint.com\/ro\/#organization"},"potentialAction":[{"@type":"SearchAction","target":{"@type":"EntryPoint","urlTemplate":"https:\/\/thewebdevpoint.com\/ro\/?s={search_term_string}"},"query-input":{"@type":"PropertyValueSpecification","valueRequired":true,"valueName":"search_term_string"}}],"inLanguage":"fr-FR"},{"@type":"Organization","@id":"https:\/\/thewebdevpoint.com\/ro\/#organization","name":"Muzeul Pele\u0219","alternateName":"MP","url":"https:\/\/thewebdevpoint.com\/ro\/","logo":{"@type":"ImageObject","inLanguage":"fr-FR","@id":"https:\/\/thewebdevpoint.com\/ro\/#\/schema\/logo\/image\/","url":"https:\/\/thewebdevpoint.com\/wp-content\/uploads\/2024\/10\/Logo.svg","contentUrl":"https:\/\/thewebdevpoint.com\/wp-content\/uploads\/2024\/10\/Logo.svg","width":251,"height":48,"caption":"Muzeul Pele\u0219"},"image":{"@id":"https:\/\/thewebdevpoint.com\/ro\/#\/schema\/logo\/image\/"}}]}},"_links":{"self":[{"href":"https:\/\/thewebdevpoint.com\/fr\/wp-json\/wp\/v2\/colectie\/10308","targetHints":{"allow":["GET"]}}],"collection":[{"href":"https:\/\/thewebdevpoint.com\/fr\/wp-json\/wp\/v2\/colectie"}],"about":[{"href":"https:\/\/thewebdevpoint.com\/fr\/wp-json\/wp\/v2\/types\/colectie"}],"version-history":[{"count":4,"href":"https:\/\/thewebdevpoint.com\/fr\/wp-json\/wp\/v2\/colectie\/10308\/revisions"}],"predecessor-version":[{"id":10315,"href":"https:\/\/thewebdevpoint.com\/fr\/wp-json\/wp\/v2\/colectie\/10308\/revisions\/10315"}],"wp:featuredmedia":[{"embeddable":true,"href":"https:\/\/thewebdevpoint.com\/fr\/wp-json\/wp\/v2\/media\/10309"}],"wp:attachment":[{"href":"https:\/\/thewebdevpoint.com\/fr\/wp-json\/wp\/v2\/media?parent=10308"}],"wp:term":[{"taxonomy":"categorie-colectie","embeddable":true,"href":"https:\/\/thewebdevpoint.com\/fr\/wp-json\/wp\/v2\/categorie-colectie?post=10308"},{"taxonomy":"tag-obiect-colectie","embeddable":true,"href":"https:\/\/thewebdevpoint.com\/fr\/wp-json\/wp\/v2\/tag-obiect-colectie?post=10308"}],"curies":[{"name":"wp","href":"https:\/\/api.w.org\/{rel}","templated":true}]}}