{"id":10352,"date":"2024-10-22T09:52:47","date_gmt":"2024-10-22T06:52:47","guid":{"rendered":"https:\/\/pelestest.thepoint-agency.com\/?post_type=colectie&#038;p=10352"},"modified":"2024-12-19T13:37:47","modified_gmt":"2024-12-19T11:37:47","slug":"portretul-reginei-maria","status":"publish","type":"colectie","link":"https:\/\/thewebdevpoint.com\/fr\/colectie\/portretul-reginei-maria\/","title":{"rendered":"Portrait de la reine Mary"},"content":{"rendered":"<div data-elementor-type=\"wp-post\" data-elementor-id=\"10352\" class=\"elementor elementor-10352\" data-elementor-post-type=\"colectie\">\n\t\t\t\t<div class=\"elementor-element elementor-element-0732d2c e-flex e-con-boxed e-con e-parent\" data-id=\"0732d2c\" data-element_type=\"container\">\n\t\t\t\t\t<div class=\"e-con-inner\">\n\t\t\t\t<div class=\"elementor-element elementor-element-cc7317e elementor-widget elementor-widget-text-editor\" data-id=\"cc7317e\" data-element_type=\"widget\" data-widget_type=\"text-editor.default\">\n\t\t\t\t<div class=\"elementor-widget-container\">\n\t\t\t\t\t\t\t\t\t<p>Il y a trois ans, le quotidien londonien,<em>Le Gardien<\/em>\u00a0La biographie tant attendue de Philip de Laszlo (1869-1937) a \u00e9t\u00e9 annonc\u00e9e par un article \u00e9logieux. Sign\u00e9e par Peter Duff Hart-Davies et Caroline Corbeau Parsons, elle ravive la m\u00e9moire de l&#039;un des peintres de salon les plus prolifiques du d\u00e9but du XXe si\u00e8cle. Un catalogue complet est \u00e9galement inclus.\u00a0<em>raisonn\u00e9<\/em>, le livre reconstitue l&#039;itin\u00e9raire artistique du pr\u00e9cit\u00e9\u00a0<em>&quot;le peintre des reines&quot;<\/em>.<\/p><p>L&#039;artiste, qui allait s&#039;arroger la plus grande client\u00e8le royale, une position sociale florissante et une c\u00e9l\u00e9brit\u00e9 incontestable, naquit dans une famille juive modeste de Budapest. Sa vocation pour les arts en g\u00e9n\u00e9ral le conduisit tr\u00e8s t\u00f4t \u00e0 devenir apprenti chez le d\u00e9corateur Lehmann Mor. Avide de connaissances, il se r\u00e9fugia dans la solitude de l&#039;atelier et se tourna vers la peinture et la photographie.<\/p><p>Impr\u00e9gn\u00e9 de connaissances vari\u00e9es, il obtint une bourse pour l&#039;\u00c9cole des Arts D\u00e9coratifs de Budapest. Ce nouveau statut lui ouvrit les portes de l&#039;atelier du peintre acad\u00e9mique Bertalan Szekely. Ce professeur facilita ses voyages d&#039;\u00e9tudes \u00e0 Venise et \u00e0 Munich. Parall\u00e8lement, il suivit les cours de Wilhelm von Kaulbach, Jules Lefebvre et Benjamin Constant, \u00e0 l&#039;Acad\u00e9mie Julian de Paris. La s\u00e9rie de portraits qui le rendit c\u00e9l\u00e8bre commen\u00e7a avec le m\u00e9tropolite Gr\u00e9goire de Bulgarie. Fort de son succ\u00e8s, il accepta une nouvelle commande importante du roi Ferdinand Ier de Saxe-Cobourg-Gotha (1887-1918) et de Marie-Louise de Bourbon-Parme, suivie de nombreux portraits de princes allemands et d&#039;archiducs autrichiens. En 1900, il figura au Salon de la Soci\u00e9t\u00e9 nationale des Beaux-Arts de Paris avec le portrait du pape L\u00e9on XIII, et c&#039;est \u00e0 partir de ce moment que commen\u00e7a sa v\u00e9ritable cons\u00e9cration artistique.<br \/>Sa renomm\u00e9e grandissante le propulsa au premier plan de la Royal Society of British Artists et dans l&#039;entourage de la maison royale anglaise. Loin de le d\u00e9courager, la pluie de commandes le trouva pr\u00eat\u00a0: Laszlo peignait avec fr\u00e9n\u00e9sie. Sa technique sophistiqu\u00e9e \u00e9tait doubl\u00e9e d&#039;une dext\u00e9rit\u00e9 sans pr\u00e9c\u00e9dent. Il pouvait r\u00e9aliser avec une apparente aisance les portraits les plus complexes en quelques s\u00e9ances seulement, ce qui le rapprochait encore davantage de sa riche client\u00e8le (on estime le nombre de ses \u0153uvres \u00e0 environ 3\u00a0000\u00a0!). En 1903, l&#039;empereur Fran\u00e7ois-Joseph lui commanda pour la premi\u00e8re fois, et en 1908, il r\u00e9alisa le portrait du pr\u00e9sident am\u00e9ricain Theodore Roosevelt. Le couronnement de son \u0153uvre survint cependant en 1912, gr\u00e2ce \u00e0 la maison de Habsbourg, qui l&#039;anoblit, devenant ainsi Philipp Laszlo de Lombos.<br \/>\u00c0 l&#039;occasion de la tourn\u00e9e europ\u00e9enne organis\u00e9e en Suisse, en France, en Belgique et en Grande-Bretagne par la Maison royale roumaine au printemps 1924, le premier contact avec l&#039;art du grand portraitiste fut centr\u00e9 sur la reine Marie. En marge du programme officiel de la visite, m\u00e9ticuleusement organis\u00e9 par le roi George V, la souveraine note dans son Journal ses visites au luxueux atelier du peintre, les 15, 20, 21 et 22 mai respectivement. L&#039;engouement suscit\u00e9 par l&#039;\u0153uvre \u00e9tait d&#039;autant plus grand qu&#039;un mois plus tard, elle serait expos\u00e9e \u00e0 Londres. Repr\u00e9sent\u00e9e de trois quarts, v\u00eatue d&#039;une draperie dor\u00e9e, artistiquement jet\u00e9e sur les \u00e9paules, coiff\u00e9e du c\u00e9l\u00e8bre diad\u00e8me de saphirs et de diamants, portant le superbe collier Cartier autour du cou, Marie sourit discr\u00e8tement au spectateur. Bien que vif, le chromatisme \u00e9vite les notes stridentes et conf\u00e8re \u00e0 l&#039;ensemble de la composition profondeur et \u00e9l\u00e9gance. Le fond neutre, aux p\u00e9nombres myst\u00e9rieuses, intensifie, par contraste, la pr\u00e9sence du personnage. Voici les notes de Maria, relatives au moment o\u00f9 l&#039;artiste a cr\u00e9\u00e9 le portrait :<br \/><em>\u00ab [\u2026] Je suis ensuite all\u00e9e avec B\u00e9b\u00e9 [B\u00e9atrice d&#039;Orl\u00e9ans \u2013 Bourbon, la plus jeune s\u0153ur de la reine Marie] visiter l&#039;atelier de Laszlo. Je n&#039;ai jamais rien vu de plus merveilleux que ses portraits, qui sont \u00e9poustouflants. Il m&#039;a propos\u00e9 de r\u00e9aliser un croquis, ce que je n&#039;allais \u00e9videmment pas refuser. Nous avons contempl\u00e9 toutes ses \u0153uvres et avons pass\u00e9 un moment tr\u00e8s agr\u00e9able. \u00bb<\/em>\u00a0\u00a0(15 mai 1924).<br \/><br \/><\/p><p>Quelques jours plus tard, le matin du 20 mai, la Reine \u00e9crivit :<\/p><p><em>D\u00e9part matinal pour l&#039;atelier de Laszlo. [\u2026] Il travaille avec une rapidit\u00e9 incroyable et c&#039;est un plaisir de le regarder peindre. Il d\u00e9borde d&#039;enthousiasme lorsqu&#039;il commence un tableau qui le ravit, on a l&#039;impression qu&#039;il a envie de crier de joie et d&#039;\u00e9motion. [\u2026] J&#039;ai toujours voulu le contacter, car j&#039;admire ses portraits plus que tout. Mais je devais rester assis tr\u00e8s droit et parfaitement immobile, avec ce diad\u00e8me qui, \u00e0 la fin, me donnait un mal de t\u00eate qui me tourmentait toute la journ\u00e9e [\u2026].<br \/><\/em>Le mercredi 21 mai, la Reine a \u00e9crit :<br \/><em>\u00ab Cette journ\u00e9e a \u00e9t\u00e9 presque enti\u00e8rement consacr\u00e9e \u00e0 Laszlo et au portrait qu&#039;il peint. [\u2026] Je n&#039;ai jamais vu personne peindre comme lui de ma vie. Cela ressemble presque \u00e0 de la magie. Press\u00e9 par le temps, il ne perd pas de temps \u00e0 faire une esquisse au pr\u00e9alable, mais peint d\u00e8s le d\u00e9but. La beaut\u00e9 des couleurs est parfaite et il semble se soucier de ce qu&#039;il y a de meilleur dans une figure et de le faire ressortir avec une intensit\u00e9 \u00e9tonnante. [\u2026] Je suis tout en or, avec le bandeau dor\u00e9 sur le front que je porte toujours sous mes diad\u00e8mes, mon magnifique diad\u00e8me russe, avec mes longues boucles d&#039;oreilles en perles et le pendentif en perles sur le devant comme je le portais parfois, celui recouvert d&#039;un voile d&#039;or sur un fond presque noir. Une harmonie dor\u00e9e avec les yeux et les saphirs aux teintes bleues uniques et de cet or, mon visage rayonne d&#039;une expressivit\u00e9 incroyablement intense [\u2026] \u00bb.<\/em><\/p><p>Le 22 mai marque les derni\u00e8res retrouvailles de Maria avec l&#039;artiste :<\/p><p><em>\u00ab [\u2026] lorsque le tableau fut termin\u00e9 et hiss\u00e9 haut, une femme vivante apparut devant nous, v\u00eatue d&#039;une robe et d&#039;un voile dor\u00e9s, coiff\u00e9e d&#039;un magnifique diad\u00e8me\u2026 [\u2026] J&#039;\u00e9tais fier d&#039;avoir inspir\u00e9 un tel tableau \u00e0 presque 50 ans [\u2026]. Laszlo, en plus d&#039;\u00eatre un artiste extraordinaire, est aussi un amoureux de la soci\u00e9t\u00e9. C&#039;est pourquoi, surtout en ce moment fugace de ma grande popularit\u00e9, il a obtenu un succ\u00e8s que beaucoup recherchent et, comme le tableau ne manquera pas d&#039;attirer l&#039;attention, ce sera une formidable publicit\u00e9. [\u2026] \u00bb.<br \/><\/em>En 1925, il peint deux portraits d&#039;H\u00e9l\u00e8ne de Gr\u00e8ce, dont l&#039;un est conserv\u00e9 \u00e0 Versoix. Un an avant son d\u00e9part, en 1936, Laszlo est charg\u00e9 de peindre trois portraits du roi Carol II, quatre de la reine Marie et deux du roi Michel.<\/p><p>En d\u00e9cembre dernier, la maison Cartier \u00e0 Paris a inaugur\u00e9 au Grand Palais une grande exposition consacr\u00e9e aux plus belles r\u00e9alisations de la c\u00e9l\u00e8bre joaillerie. Fond\u00e9e en 1847, elle c\u00e9l\u00e8bre cette ann\u00e9e cent soixante-sept ans d&#039;existence glorieuse et de tradition de luxe. Parmi les pi\u00e8ces extr\u00eamement rares expos\u00e9es, le c\u00e9l\u00e8bre saphir de la reine Maria, achet\u00e9 par le roi Ferdinand pour l&#039;offrir aux festivit\u00e9s du couronnement du 15 octobre 1922 \u00e0 Alba-Iulia. Le 7 septembre 1921, Maria notait dans son journal\u00a0:<\/p><p><em>\u00ab [\u2026] nous sommes d&#039;abord all\u00e9s chez Cartier pour r\u00e9cup\u00e9rer le magnifique collier en saphirs et diamants que Nando m&#039;a offert pour aller avec mon diad\u00e8me. C&#039;est un bijou unique et magnifique, et la femme en moi est ravie, car les bijoux ont toujours eu une signification particuli\u00e8re dans notre famille \u2013 un h\u00e9ritage russe ! \u00bb<\/em><\/p><p>Par son testament du 29 juin 1933, r\u00e9dig\u00e9 \u00e0 Balchik, la reine Maria offrit au prince h\u00e9ritier, le roi Michel Ier, apr\u00e8s sa mort, le c\u00e9l\u00e8bre bijou Cartier :<\/p><p><em>\u00ab [\u2026] Je l\u00e8gue \u00e0 mon neveu bien-aim\u00e9 Mihai, vo\u00efvode d\u2019Alba Iulia, le gros diamant qui m\u2019a \u00e9t\u00e9 offert par le roi Ferdinand [\u2026] \u00bb<\/em><\/p><p>Consid\u00e9r\u00e9 par les connaisseurs comme l&#039;un des plus grands saphirs du monde, ce saphir sri-lankais facett\u00e9 de 478 carats, serti dans un \u00e9l\u00e9gant serti floral orn\u00e9 de diamants, fut acquis par Cartier en 1913. La m\u00eame ann\u00e9e, il fut int\u00e9gr\u00e9 \u00e0 un collier de sept diamants. En 1919, Cartier isola \u00e0 nouveau le saphir pour mettre en valeur sa beaut\u00e9 unique et l&#039;exposa \u00e0 Saint-S\u00e9bastien, en Espagne, o\u00f9 il attira l&#039;attention de plusieurs t\u00eates couronn\u00e9es. Vendu par le roi Michel apr\u00e8s son abdication, le saphir r\u00e9apparut en 2003, lors d&#039;une vente aux ench\u00e8res chez Christie&#039;s \u00e0 Gen\u00e8ve, o\u00f9 il fut acquis pour la somme fabuleuse de 1\u00a0500\u00a0000 dollars am\u00e9ricains\u00a0!<\/p><p>Comme la souveraine l&#039;avoue elle-m\u00eame dans son Journal, le diad\u00e8me de saphirs et de diamants incarne l&#039;h\u00e9ritage russe. En 1825, le tsar Nicolas Ier offrit \u00e0 sa femme, Alexandra Feodorovna, n\u00e9e Charlotte de Prusse, un cadeau digne d&#039;une imp\u00e9ratrice. Apr\u00e8s la mort de la tsarine, le diad\u00e8me fut transmis \u00e0 sa belle-fille, Maria Pavlovna, n\u00e9e princesse de Mecklembourg-Schwerin, \u00e9pouse du grand-duc Vladimir, et belle-m\u00e8re de Victoria Melita, qui s&#039;adressa \u00e0 la maison Cartier pour une importante modification. Honor\u00e9 par cette commande, le c\u00e9l\u00e8bre joaillier fran\u00e7ais Louis Cartier se rendit personnellement \u00e0 Saint-P\u00e9tersbourg.<\/p><p>Apr\u00e8s la chute des Romanov, Maria Pavlovna le vendit, pour des raisons \u00e9videntes, \u00e0 la reine Marie de Roumanie. En 1931, \u00e0 l&#039;occasion de son mariage avec l&#039;archiduc Antoine de Habsbourg, la princesse Ileana re\u00e7ut le c\u00e9l\u00e8bre diad\u00e8me en cadeau, qu&#039;elle vendit dans les ann\u00e9es 1950 aux \u00c9tats-Unis pour la somme de 80\u00a0000 dollars. Aujourd&#039;hui, par une curieuse co\u00efncidence, le diad\u00e8me est de retour \u00e0 la Casa Cartier apr\u00e8s presque un si\u00e8cle.<\/p><p>Install\u00e9 dans la salle d&#039;honneur du ch\u00e2teau de Peli\u015for, le portrait Art d\u00e9co de la reine Marie peint par Philippe de Laszlo vous invite \u00e0 admirer \u00e0 la fois la ma\u00eetrise de l&#039;artiste qui l&#039;a cr\u00e9\u00e9 et la beaut\u00e9 des bijoux royaux.<\/p>\t\t\t\t\t\t\t\t<\/div>\n\t\t\t\t<\/div>\n\t\t\t\t\t<\/div>\n\t\t\t\t<\/div>\n\t\t\t\t<\/div>","protected":false},"featured_media":10494,"parent":0,"menu_order":0,"template":"","meta":{"_acf_changed":false},"categorie-colectie":[297],"tag-obiect-colectie":[],"class_list":["post-10352","colectie","type-colectie","status-publish","has-post-thumbnail","hentry","categorie-colectie-colectia-de-pictura-universala"],"acf":[],"yoast_head":"<!-- This site is optimized with the Yoast SEO plugin v24.1 - https:\/\/yoast.com\/wordpress\/plugins\/seo\/ -->\n<title>Portretul Reginei Maria &#183; Peles Test<\/title>\n<meta name=\"robots\" content=\"noindex, follow, max-snippet:-1, max-image-preview:large, max-video-preview:-1\" \/>\n<script type=\"application\/ld+json\" class=\"yoast-schema-graph\">{\"@context\":\"https:\/\/schema.org\",\"@graph\":[{\"@type\":\"WebPage\",\"@id\":\"https:\/\/thewebdevpoint.com\/colectie\/portretul-reginei-maria\/\",\"url\":\"https:\/\/thewebdevpoint.com\/colectie\/portretul-reginei-maria\/\",\"name\":\"Portretul Reginei Maria &#183; Peles Test\",\"isPartOf\":{\"@id\":\"https:\/\/thewebdevpoint.com\/ro\/#website\"},\"primaryImageOfPage\":{\"@id\":\"https:\/\/thewebdevpoint.com\/colectie\/portretul-reginei-maria\/#primaryimage\"},\"image\":{\"@id\":\"https:\/\/thewebdevpoint.com\/colectie\/portretul-reginei-maria\/#primaryimage\"},\"thumbnailUrl\":\"https:\/\/thewebdevpoint.com\/wp-content\/uploads\/2024\/10\/Maria.jpg\",\"datePublished\":\"2024-10-22T06:52:47+00:00\",\"dateModified\":\"2024-12-19T11:37:47+00:00\",\"breadcrumb\":{\"@id\":\"https:\/\/thewebdevpoint.com\/colectie\/portretul-reginei-maria\/#breadcrumb\"},\"inLanguage\":\"fr-FR\",\"potentialAction\":[{\"@type\":\"ReadAction\",\"target\":[\"https:\/\/thewebdevpoint.com\/colectie\/portretul-reginei-maria\/\"]}]},{\"@type\":\"ImageObject\",\"inLanguage\":\"fr-FR\",\"@id\":\"https:\/\/thewebdevpoint.com\/colectie\/portretul-reginei-maria\/#primaryimage\",\"url\":\"https:\/\/thewebdevpoint.com\/wp-content\/uploads\/2024\/10\/Maria.jpg\",\"contentUrl\":\"https:\/\/thewebdevpoint.com\/wp-content\/uploads\/2024\/10\/Maria.jpg\",\"width\":2021,\"height\":2502,\"caption\":\"PHILIP DE L\u00c1SZL\u00d3 (1869-1937) Portretul reginei Maria\"},{\"@type\":\"BreadcrumbList\",\"@id\":\"https:\/\/thewebdevpoint.com\/colectie\/portretul-reginei-maria\/#breadcrumb\",\"itemListElement\":[{\"@type\":\"ListItem\",\"position\":1,\"name\":\"Acas\u0103\",\"item\":\"https:\/\/thewebdevpoint.com\/\"},{\"@type\":\"ListItem\",\"position\":2,\"name\":\"Colectii\",\"item\":\"https:\/\/thewebdevpoint.com\/en\/colectii\/\"},{\"@type\":\"ListItem\",\"position\":3,\"name\":\"Portretul Reginei Maria\"}]},{\"@type\":\"WebSite\",\"@id\":\"https:\/\/thewebdevpoint.com\/ro\/#website\",\"url\":\"https:\/\/thewebdevpoint.com\/ro\/\",\"name\":\"Peles Test\",\"description\":\"\",\"publisher\":{\"@id\":\"https:\/\/thewebdevpoint.com\/ro\/#organization\"},\"potentialAction\":[{\"@type\":\"SearchAction\",\"target\":{\"@type\":\"EntryPoint\",\"urlTemplate\":\"https:\/\/thewebdevpoint.com\/ro\/?s={search_term_string}\"},\"query-input\":{\"@type\":\"PropertyValueSpecification\",\"valueRequired\":true,\"valueName\":\"search_term_string\"}}],\"inLanguage\":\"fr-FR\"},{\"@type\":\"Organization\",\"@id\":\"https:\/\/thewebdevpoint.com\/ro\/#organization\",\"name\":\"Muzeul Pele\u0219\",\"alternateName\":\"MP\",\"url\":\"https:\/\/thewebdevpoint.com\/ro\/\",\"logo\":{\"@type\":\"ImageObject\",\"inLanguage\":\"fr-FR\",\"@id\":\"https:\/\/thewebdevpoint.com\/ro\/#\/schema\/logo\/image\/\",\"url\":\"https:\/\/thewebdevpoint.com\/wp-content\/uploads\/2024\/10\/Logo.svg\",\"contentUrl\":\"https:\/\/thewebdevpoint.com\/wp-content\/uploads\/2024\/10\/Logo.svg\",\"width\":251,\"height\":48,\"caption\":\"Muzeul Pele\u0219\"},\"image\":{\"@id\":\"https:\/\/thewebdevpoint.com\/ro\/#\/schema\/logo\/image\/\"}}]}<\/script>\n<!-- \/ Yoast SEO plugin. -->","yoast_head_json":{"title":"Portretul Reginei Maria &#183; Peles Test","robots":{"index":"noindex","follow":"follow","max-snippet":"max-snippet:-1","max-image-preview":"max-image-preview:large","max-video-preview":"max-video-preview:-1"},"schema":{"@context":"https:\/\/schema.org","@graph":[{"@type":"WebPage","@id":"https:\/\/thewebdevpoint.com\/colectie\/portretul-reginei-maria\/","url":"https:\/\/thewebdevpoint.com\/colectie\/portretul-reginei-maria\/","name":"Portretul Reginei Maria &#183; Peles Test","isPartOf":{"@id":"https:\/\/thewebdevpoint.com\/ro\/#website"},"primaryImageOfPage":{"@id":"https:\/\/thewebdevpoint.com\/colectie\/portretul-reginei-maria\/#primaryimage"},"image":{"@id":"https:\/\/thewebdevpoint.com\/colectie\/portretul-reginei-maria\/#primaryimage"},"thumbnailUrl":"https:\/\/thewebdevpoint.com\/wp-content\/uploads\/2024\/10\/Maria.jpg","datePublished":"2024-10-22T06:52:47+00:00","dateModified":"2024-12-19T11:37:47+00:00","breadcrumb":{"@id":"https:\/\/thewebdevpoint.com\/colectie\/portretul-reginei-maria\/#breadcrumb"},"inLanguage":"fr-FR","potentialAction":[{"@type":"ReadAction","target":["https:\/\/thewebdevpoint.com\/colectie\/portretul-reginei-maria\/"]}]},{"@type":"ImageObject","inLanguage":"fr-FR","@id":"https:\/\/thewebdevpoint.com\/colectie\/portretul-reginei-maria\/#primaryimage","url":"https:\/\/thewebdevpoint.com\/wp-content\/uploads\/2024\/10\/Maria.jpg","contentUrl":"https:\/\/thewebdevpoint.com\/wp-content\/uploads\/2024\/10\/Maria.jpg","width":2021,"height":2502,"caption":"PHILIP DE L\u00c1SZL\u00d3 (1869-1937) Portretul reginei Maria"},{"@type":"BreadcrumbList","@id":"https:\/\/thewebdevpoint.com\/colectie\/portretul-reginei-maria\/#breadcrumb","itemListElement":[{"@type":"ListItem","position":1,"name":"Acas\u0103","item":"https:\/\/thewebdevpoint.com\/"},{"@type":"ListItem","position":2,"name":"Colectii","item":"https:\/\/thewebdevpoint.com\/en\/colectii\/"},{"@type":"ListItem","position":3,"name":"Portretul Reginei Maria"}]},{"@type":"WebSite","@id":"https:\/\/thewebdevpoint.com\/ro\/#website","url":"https:\/\/thewebdevpoint.com\/ro\/","name":"Peles Test","description":"","publisher":{"@id":"https:\/\/thewebdevpoint.com\/ro\/#organization"},"potentialAction":[{"@type":"SearchAction","target":{"@type":"EntryPoint","urlTemplate":"https:\/\/thewebdevpoint.com\/ro\/?s={search_term_string}"},"query-input":{"@type":"PropertyValueSpecification","valueRequired":true,"valueName":"search_term_string"}}],"inLanguage":"fr-FR"},{"@type":"Organization","@id":"https:\/\/thewebdevpoint.com\/ro\/#organization","name":"Muzeul Pele\u0219","alternateName":"MP","url":"https:\/\/thewebdevpoint.com\/ro\/","logo":{"@type":"ImageObject","inLanguage":"fr-FR","@id":"https:\/\/thewebdevpoint.com\/ro\/#\/schema\/logo\/image\/","url":"https:\/\/thewebdevpoint.com\/wp-content\/uploads\/2024\/10\/Logo.svg","contentUrl":"https:\/\/thewebdevpoint.com\/wp-content\/uploads\/2024\/10\/Logo.svg","width":251,"height":48,"caption":"Muzeul Pele\u0219"},"image":{"@id":"https:\/\/thewebdevpoint.com\/ro\/#\/schema\/logo\/image\/"}}]}},"_links":{"self":[{"href":"https:\/\/thewebdevpoint.com\/fr\/wp-json\/wp\/v2\/colectie\/10352","targetHints":{"allow":["GET"]}}],"collection":[{"href":"https:\/\/thewebdevpoint.com\/fr\/wp-json\/wp\/v2\/colectie"}],"about":[{"href":"https:\/\/thewebdevpoint.com\/fr\/wp-json\/wp\/v2\/types\/colectie"}],"version-history":[{"count":7,"href":"https:\/\/thewebdevpoint.com\/fr\/wp-json\/wp\/v2\/colectie\/10352\/revisions"}],"predecessor-version":[{"id":17513,"href":"https:\/\/thewebdevpoint.com\/fr\/wp-json\/wp\/v2\/colectie\/10352\/revisions\/17513"}],"wp:featuredmedia":[{"embeddable":true,"href":"https:\/\/thewebdevpoint.com\/fr\/wp-json\/wp\/v2\/media\/10494"}],"wp:attachment":[{"href":"https:\/\/thewebdevpoint.com\/fr\/wp-json\/wp\/v2\/media?parent=10352"}],"wp:term":[{"taxonomy":"categorie-colectie","embeddable":true,"href":"https:\/\/thewebdevpoint.com\/fr\/wp-json\/wp\/v2\/categorie-colectie?post=10352"},{"taxonomy":"tag-obiect-colectie","embeddable":true,"href":"https:\/\/thewebdevpoint.com\/fr\/wp-json\/wp\/v2\/tag-obiect-colectie?post=10352"}],"curies":[{"name":"wp","href":"https:\/\/api.w.org\/{rel}","templated":true}]}}