{"id":10601,"date":"2024-10-23T11:52:40","date_gmt":"2024-10-23T08:52:40","guid":{"rendered":"https:\/\/pelestest.thepoint-agency.com\/?post_type=colectie&#038;p=10601"},"modified":"2024-12-19T13:18:23","modified_gmt":"2024-12-19T11:18:23","slug":"patul-doria","status":"publish","type":"colectie","link":"https:\/\/thewebdevpoint.com\/fr\/colectie\/patul-doria\/","title":{"rendered":"LIT DORIA"},"content":{"rendered":"<div data-elementor-type=\"wp-post\" data-elementor-id=\"10601\" class=\"elementor elementor-10601\" data-elementor-post-type=\"colectie\">\n\t\t\t\t<div class=\"elementor-element elementor-element-eaa9847 e-flex e-con-boxed e-con e-parent\" data-id=\"eaa9847\" data-element_type=\"container\">\n\t\t\t\t\t<div class=\"e-con-inner\">\n\t\t\t\t<div class=\"elementor-element elementor-element-0936229 elementor-widget elementor-widget-text-editor\" data-id=\"0936229\" data-element_type=\"widget\" data-widget_type=\"text-editor.default\">\n\t\t\t\t<div class=\"elementor-widget-container\">\n\t\t\t\t\t\t\t\t\t<div>\n<div>Une pi\u00e8ce d&#039;une valeur exceptionnelle, datant d&#039;environ 1572, qui appartient \u00e0 la collection du roi Carol Ier au ch\u00e2teau de Pele\u015f, est le lit Doria.<\/div>\n<p><\/p>\n<div>Giovanni Andrea Doria (1539-1606), neveu et fils adoptif du c\u00e9l\u00e8bre amiral Andrea Doria, faisait partie de la famille des doges de G\u00eanes. Il dirigea la flotte chr\u00e9tienne de la Sainte Ligue (Espagne, Venise, Saint-Si\u00e8ge et G\u00eanes) \u00e0 la bataille de L\u00e9pante (1571) qui, sous le commandement de Don Juan d&#039;Autriche, remporta une brillante victoire contre la flotte turque, dirig\u00e9e par Ali - Arab Pacha. Cette victoire, qui provoqua une explosion de joie dans toute la chr\u00e9tient\u00e9, mit fin \u00e0 la l\u00e9gende de l\u2019invincibilit\u00e9 ottomane.<\/div>\n<p><\/p>\n<div>La famille de l&#039;amiral Doria poss\u00e9dait une riche collection d&#039;art, des objets d&#039;orf\u00e8vrerie de valeur, une s\u00e9rie de tapisseries command\u00e9es par Lazzaro Calvi et Luca Cambiaso, de pr\u00e9cieuses fresques \u00e0 sujets mythologiques et all\u00e9goriques, des meubles, etc., dans ses palais de Fassolo, Pegli (villa Centurione Doria, aujourd&#039;hui mus\u00e9e naval) et Grimaldi (G\u00eanes).<\/div>\n<p><\/p>\n<div>Le lit \u00e0 baldaquin, r\u00e9alis\u00e9 par des artisans du nord de l&#039;Italie (probablement de G\u00eanes), vers 1573, appartenait, comme lit de campagne, \u00e0 l&#039;amiral GADoria, l&#039;\u0153uvre ayant \u00e9t\u00e9 acquise, dans la seconde moiti\u00e9 du XIXe si\u00e8cle, par le consul allemand Felix Bamberg*, et mentionn\u00e9e dans les catalogues manuscrits, sign\u00e9s et dat\u00e9s de 1889. Il l&#039;offrit \u00e0 l&#039;achat au roi Carol Ier, avec un pr\u00e9cieux lot de tableaux.<\/div>\n<p><\/p>\n<div>L&#039;\u0153uvre a \u00e9t\u00e9 expos\u00e9e d\u00e8s le d\u00e9but, au ch\u00e2teau de Pele\u015f. Pendant la Premi\u00e8re Guerre mondiale, il fut transport\u00e9, avec d&#039;autres valeurs patrimoniales exceptionnelles de Pele\u0219, pour \u00eatre prot\u00e9g\u00e9 en Moldavie, au domaine de la Couronne (Dobrov\u0103\u021b ou Zorleni).<\/div>\n<p><\/p>\n<div>En 1922, la reine Maria, lors de la campagne de d\u00e9veloppement de Bran, transporta le lit dans le nouveau salon Doria du ch\u00e2teau.<\/div>\n<p><\/p>\n<div>Ramen\u00e9 et remont\u00e9, le lit a \u00e9t\u00e9 retrouv\u00e9 en 1933 dans la salle de concert du ch\u00e2teau de Pele\u015f. L&#039;inventaire dress\u00e9 en 1948 enregistre le lit dans la Galerie de Marbre, o\u00f9 il fut expos\u00e9 jusqu&#039;en 1977, date \u00e0 laquelle commen\u00e7a \u00e0 Posada l&#039;op\u00e9ration de transport et de stockage des pi\u00e8ces du patrimoine du ch\u00e2teau. (Entre 1954 et 1956, il a \u00e9t\u00e9 transf\u00e9r\u00e9 au Mus\u00e9e national d\u2019art de Roumanie, puis restitu\u00e9). Apr\u00e8s 1990, le mat\u00e9riel textile et les broderies sont entr\u00e9s dans une longue p\u00e9riode de restauration dans les laboratoires du MNPele\u015f, un travail laborieux qui s&#039;ach\u00e8ve cette ann\u00e9e.<\/div>\n<p><\/p>\n<div>Le lit \u00e0 baldaquin se compose de plusieurs parties, comme suit :<\/div>\n<p><\/p>\n<div><ul><li>le rideau de fond sur lequel est brod\u00e9e une sc\u00e8ne de bataille navale ;<\/li><li>la draperie centrale du toit brod\u00e9e d&#039;un d\u00e9cor de pajura avec six poules ;<\/li><li>rideau lat\u00e9ral avec insignes h\u00e9raldiques;<\/li><li>trois lambrequins brod\u00e9s \u00e0 motifs floraux-v\u00e9g\u00e9taux et zoomorphes<\/li><li>la couverture et deux oreillers<\/li><li>quatre piliers en noyer richement sculpt\u00e9s.<\/li><\/ul><\/div>\n<p><\/p>\n\n<p><\/p>\n\n<p><\/p>\n\n<p><\/p>\n\n<p><\/p>\n\n<p><\/p>\n<div>Les broderies semblent provenir d&#039;ateliers diff\u00e9rents et d&#039;\u00e9poques diff\u00e9rentes.<\/div>\n<p><\/p>\n<div>L&#039;assemblage de la pi\u00e8ce a probablement \u00e9t\u00e9 r\u00e9alis\u00e9 lors d&#039;op\u00e9rations de restauration en 1877, avant son acquisition par le roi Carol Ier. De la pi\u00e8ce originale, seuls les broderies de fond et les quatre piliers en bois du baldaquin sont conserv\u00e9s.<\/div>\n<p><\/p>\n<div>La broderie de fond, mont\u00e9e sur un rideau en damas de soie naturelle gris-bleu, immortalise all\u00e9goriquement l&#039;\u00e9v\u00e9nement de la fin du XVIe si\u00e8cle - la bataille navale de L\u00e9pante.<\/div>\n<p><\/p>\n<div>De forme rectangulaire, avec une bordure brod\u00e9e de fil m\u00e9tallique dor\u00e9 sur un support en tissu de lin fin, il conserve aux angles des d\u00e9cors \u00e0 motifs avimorphes (un oiseau pos\u00e9 sur une branche de pommier), dans des tons chromatiques de marron, vert, jaune, beige.<\/div>\n<p><\/p>\n<div>La bordure du c\u00f4t\u00e9 gauche est compos\u00e9e de : trois m\u00e9daillons ovales, brod\u00e9s de fil de soie repr\u00e9sentant un pavillon de pagode (rouge, jaune, marron, beige), une composition h\u00e9raldique surmont\u00e9e de motifs floraux (grenade, bleu, jaune, vert p\u00e2le), une forteresse brod\u00e9e de fil de soie beige. Dans le cartouche, on peut voir une figure masculine, peinte sur le tissu textile, dans des tons gris bleut\u00e9s, le buste d&#039;un chevalier en armure, avec un col de style Renaissance espagnole, un gilet, un profil avec une moustache, regardant vers la gauche (Miguel Cervantes, h\u00e9ros et participant \u00e0 la bataille de L\u00e9pante, o\u00f9 il perd un bras). Au-dessus du portrait se trouve un bouclier avec des insignes h\u00e9raldiques. La silhouette d&#039;un arbre stylis\u00e9 et fleuri, aux tons de jaune, de vert et de marron, offre une touche d&#039;optimisme au d\u00e9cor.<\/div>\n<p><\/p>\n<div>Le cadre sup\u00e9rieur comprend : six m\u00e9daillons ovales, une bordure avec une fine broderie en fils d&#039;argent, \u00e0 l&#039;int\u00e9rieur des m\u00e9daillons des \u00e9toiles stylis\u00e9es, une all\u00e9gorie du soleil en chromatisme jaune-orange, un croissant de lune, un motif de rosace solaire, une pleine lune dans des tons de beige, bleu p\u00e2le et jaune. Au centre, un fort romain entour\u00e9 d&#039;une v\u00e9g\u00e9tation abondante, \u00e0 dominante verte.<\/div>\n<p><\/p>\n<div>La bordure de droite pr\u00e9sente trois m\u00e9daillons : un d\u00e9cor architectural (phare avec toit), une composition h\u00e9raldique incluse dans un lambrequin de soie rouge, surmont\u00e9e de motifs floraux, dans les tons jaune, vert, beige. Le cartouche important porte la mention \u00ab Restaur\u00e9e en 1877 \u00e0 Mes\u2026\u2026. \u00bb (le nom de la ville est effac\u00e9, illisible, probablement Messine), et ajoute\u00a0: \u00ab\u00a0Baron Felix et Baronesse Elisabeth de Bamberg\u00a0\u00bb. Au-dessus de ce cartouche, un chevalier en costume militaire avec une \u00e9p\u00e9e et l\u2019inscription \u00ab\u00a0DIDAustria\u00a0\u00bb (bien s\u00fbr, Don Juan d\u2019Autriche, fils de Charles Quint, l\u2019amiral qui \u00e9tait \u00e0 la t\u00eate de la flotte chr\u00e9tienne \u00e0 L\u00e9pante).<\/div>\n<p><\/p>\n<div>Le cadre inf\u00e9rieur, dans la partie centrale, repr\u00e9sente des tentes sur le champ de bataille.<\/div>\n<p><\/p>\n<div>Central. Le sujet est trait\u00e9 dans deux registres. Le registre inf\u00e9rieur immortalise l&#039;affrontement naval entre les flottes chr\u00e9tiennes et musulmanes. Il semblerait que l&#039;auteur de la broderie se soit inspir\u00e9 d&#039;un tableau all\u00e9gorique de Paul V\u00e9ron\u00e8se, dat\u00e9 de 1572, intitul\u00e9 La Bataille de L\u00e9pante (Galleria dell&#039;Accademia de Venise). Il repr\u00e9sente des navires engag\u00e9s dans une bataille, des dauphins dans une zone c\u00f4ti\u00e8re, sur un fond chromatique beige, bleu clair, rouge, beige et des broderies de fil d&#039;or sur les cuirass\u00e9s. Le rivage est repr\u00e9sent\u00e9 sur un fond de broderie de soie, dans de multiples nuances de vert, des b\u00e2timents, des tentes, des groupes d&#039;arbres, un lac dans des tons de beige, rouge, vert et bleu. Le registre sup\u00e9rieur repr\u00e9sente une all\u00e9gorie des puissances divines participant \u00e0 cette bataille (des anges flottant sur des nuages, au centre dans un m\u00e9daillon \u00e0 rayons, la Madone b\u00e9nissant la bataille, entour\u00e9e d&#039;arm\u00e9es ang\u00e9liques, dans de petits m\u00e9daillons). Ici et l\u00e0, des fleurs brod\u00e9es de fil de soie. L&#039;ambiance est dynamique, la sc\u00e8ne r\u00e9elle du combat s&#039;entrem\u00eale joyeusement avec le plan sup\u00e9rieur des divinit\u00e9s protectrices.<\/div>\n<p><\/p>\n<div>La broderie, ex\u00e9cut\u00e9e dans le style occidental, a \u00e9t\u00e9 d\u00e9truite, avec des parties effac\u00e9es. L&#039;ancienne restauration est mise en valeur, principalement par le fil m\u00e9tallique, l&#039;ancien \u00e9tant fortement oxyd\u00e9 et cassant, le nouveau avec une couleur plus vive et beaucoup plus r\u00e9sistant. Les couleurs des anciennes broderies sont des couleurs v\u00e9g\u00e9tales.<\/div>\n<p><\/p>\n<div>La draperie du toit ou &quot;ciel&quot;, r\u00e9alis\u00e9e en broderie de fils de soie, associ\u00e9s \u00e0 des fils m\u00e9talliques sur un support en damas de soie naturelle, bleu-gris (le damas d&#039;origine), pr\u00e9sente au centre, dans un m\u00e9daillon, un h\u00e9ron (symbolisant le messager de la plus haute divinit\u00e9, le soleil, \u00e9galement embl\u00e8me imp\u00e9rial de C\u00e9sar, ainsi que d&#039;autres seigneurs de guerre auxquels il pr\u00eate des attributs de pouvoir) aux ailes d\u00e9ploy\u00e9es, prot\u00e9geant sept poussins dans le nid. Des motifs v\u00e9g\u00e9taux - floraux et vignes - entourent la sc\u00e8ne, dans des couleurs beige, marron et bleu-vert. La bordure est compos\u00e9e de dragons stylis\u00e9s et de tiges v\u00e9g\u00e9tales en volutes associ\u00e9es \u00e0 des motifs floraux.<\/div>\n<p><\/p>\n<div>Cette broderie est la seule \u00e0 conserver le support mat\u00e9riel d&#039;origine, mesurant 63 cm de large, une largeur que l&#039;on retrouve souvent dans les soieries italiennes du XVIe si\u00e8cle. Les observations et les mesures montrent que le mat\u00e9riau d&#039;origine a \u00e9t\u00e9 remplac\u00e9 sur deux rang\u00e9es par du tissu tiss\u00e9 m\u00e9caniquement, modifiant ainsi les largeurs.<\/div>\n<p><\/p>\n<div>Les lambrequins ext\u00e9rieurs conservent une broderie fortement en relief, avec les armoiries de Brandebourg - rappelant la branche franconienne des Zollern - motif h\u00e9raldique, une page aux ailes largement ouvertes et une croix surmont\u00e9e, signe qu&#039;elle a \u00e9t\u00e9 ajout\u00e9e plus tard, alors qu&#039;elle \u00e9tait d\u00e9j\u00e0 en possession du roi Carol Ier, et le fil textile est visiblement teint dans des couleurs chimiques.<\/div>\n<p><\/p>\n<div>Le lambrequin ant\u00e9rieur est int\u00e9ressant par le registre sup\u00e9rieur qui pr\u00e9sente huit bouquets de fleurs en grappes (symbolisant la foi en Dieu ou envers l&#039;empereur), en rouge, jaune et bleu. Au milieu un paon (dans la tradition chr\u00e9tienne, le paon symbolise le disque solaire, signe d&#039;immortalit\u00e9, sa queue \u00e9voquant le ciel \u00e9toil\u00e9), bien s\u00fbr, ici le symbole h\u00e9raldique qui rappelle les armoiries de la famille Wied.<\/div>\n<p><\/p>\n<div>Le lambrequin lat\u00e9ral, rectangulaire, pr\u00e9sente au centre deux oiseaux aux ailes ouvertes, assis sur des branches d&#039;olivier, au-dessus d&#039;une corolle de fleurs ouverte, une fontaine avec une poulie et un seau, des fleurs en grappes de couleurs rouge, noire, jaune et verte.<\/div>\n<p><\/p>\n<div>Le coussin long et rectangulaire est recouvert de velours de soie rouge grenat, avec des motifs Renaissance, des galons de fils et des franges.<\/div>\n<p><\/p>\n<div>Les piliers en noyer qui soutiennent la verri\u00e8re sont richement sculpt\u00e9s en forme de colonne. On rencontre plusieurs registres sculpt\u00e9s de : motifs v\u00e9g\u00e9taux, feuille d&#039;acanthe ; ceinture de perles; volutes de vignes et motifs floraux; mascheroni, aigles \u00e0 deux t\u00eates, griffons, t\u00eates de putti ; anges.<\/div>\n<p><\/p>\n<div>Le XVIe si\u00e8cle marque le triomphe de la sculpture dans le domaine du mobilier, o\u00f9 l&#039;on utilise des motifs d\u00e9coratifs inspir\u00e9s de l&#039;antiquit\u00e9 gr\u00e9co-romaine (cartouches, m\u00e9daillons, lianes v\u00e9g\u00e9tales, chim\u00e8res, dragons, etc.), ainsi que d&#039;autres \u00e9l\u00e9ments emprunt\u00e9s \u00e0 la sculpture monumentale (colonnes, guirlandes, volutes, etc.).<\/div>\n<p><\/p>\n<div>* Felix Bamberg - publiciste et homme politique allemand, n\u00e9 \u00e0 Unruhstadt, en Allemagne, le 17 mai 1820 et d\u00e9c\u00e9d\u00e9 \u00e0 Saint-Gratien, pr\u00e8s de Paris, le 12 f\u00e9vrier 1893. Il \u00e9tudia la philosophie et l&#039;histoire \u00e0 Berlin et \u00e0 Paris, devint consul \u00e0 Paris pour la Prusse et Brunswick en 1851, et pour la F\u00e9d\u00e9ration d&#039;Allemagne du Nord en 1867. En 1870, Bamberg fut envoy\u00e9 au quartier g\u00e9n\u00e9ral de l&#039;arm\u00e9e allemande \u00e0 Versailles, comme chef du service de presse. Un an plus tard, en tant que conseiller politique, il est attach\u00e9 \u00e0 Manteuffel, alors commandant en chef des troupes d&#039;occupation de la France. En 1874, Bamberg devient consul d&#039;Allemagne \u00e0 Messine et, entre 1881 et 1888, il est nomm\u00e9 consul g\u00e9n\u00e9ral \u00e0 G\u00eanes.<\/div>\n<p><\/p>\n<div>Passionn\u00e9 d&#039;art, et possesseur d&#039;une riche collection, il ach\u00e8te des tableaux et des antiquit\u00e9s (meubles rares, instruments de musique, etc.) dans des ventes aux ench\u00e8res europ\u00e9ennes. La galerie d&#039;art, fond\u00e9e par le roi Carol Ier, est en grande partie issue de l&#039;achat d&#039;un grand lot de la collection de Bamberg. Il offrit au monarque roumain une grande partie de la c\u00e9l\u00e8bre Galerie espagnole de Louis-Philippe d&#039;Orl\u00e9ans, galerie qui avait \u00e9t\u00e9 au Louvre et qui avait ensuite \u00e9t\u00e9 vendue \u00e0 Londres en 1853.<\/div>\n<\/div>\t\t\t\t\t\t\t\t<\/div>\n\t\t\t\t<\/div>\n\t\t\t\t\t<\/div>\n\t\t\t\t<\/div>\n\t\t\t\t<\/div>","protected":false},"featured_media":15897,"parent":0,"menu_order":0,"template":"","meta":{"_acf_changed":false},"categorie-colectie":[7],"tag-obiect-colectie":[],"class_list":["post-10601","colectie","type-colectie","status-publish","has-post-thumbnail","hentry","categorie-colectie-colectia-de-mobilier"],"acf":[],"yoast_head":"<!-- This site is optimized with the Yoast SEO plugin v24.1 - https:\/\/yoast.com\/wordpress\/plugins\/seo\/ -->\n<title>PATUL DORIA &#183; Peles Test<\/title>\n<meta name=\"robots\" content=\"noindex, follow, max-snippet:-1, max-image-preview:large, max-video-preview:-1\" \/>\n<script type=\"application\/ld+json\" class=\"yoast-schema-graph\">{\"@context\":\"https:\/\/schema.org\",\"@graph\":[{\"@type\":\"WebPage\",\"@id\":\"https:\/\/thewebdevpoint.com\/colectie\/patul-doria\/\",\"url\":\"https:\/\/thewebdevpoint.com\/colectie\/patul-doria\/\",\"name\":\"PATUL DORIA &#183; Peles Test\",\"isPartOf\":{\"@id\":\"https:\/\/thewebdevpoint.com\/ro\/#website\"},\"primaryImageOfPage\":{\"@id\":\"https:\/\/thewebdevpoint.com\/colectie\/patul-doria\/#primaryimage\"},\"image\":{\"@id\":\"https:\/\/thewebdevpoint.com\/colectie\/patul-doria\/#primaryimage\"},\"thumbnailUrl\":\"https:\/\/thewebdevpoint.com\/wp-content\/uploads\/2024\/10\/cc905210-3058-495d-a348-7f4e0bb80d29.png\",\"datePublished\":\"2024-10-23T08:52:40+00:00\",\"dateModified\":\"2024-12-19T11:18:23+00:00\",\"breadcrumb\":{\"@id\":\"https:\/\/thewebdevpoint.com\/colectie\/patul-doria\/#breadcrumb\"},\"inLanguage\":\"fr-FR\",\"potentialAction\":[{\"@type\":\"ReadAction\",\"target\":[\"https:\/\/thewebdevpoint.com\/colectie\/patul-doria\/\"]}]},{\"@type\":\"ImageObject\",\"inLanguage\":\"fr-FR\",\"@id\":\"https:\/\/thewebdevpoint.com\/colectie\/patul-doria\/#primaryimage\",\"url\":\"https:\/\/thewebdevpoint.com\/wp-content\/uploads\/2024\/10\/cc905210-3058-495d-a348-7f4e0bb80d29.png\",\"contentUrl\":\"https:\/\/thewebdevpoint.com\/wp-content\/uploads\/2024\/10\/cc905210-3058-495d-a348-7f4e0bb80d29.png\",\"width\":2560,\"height\":2551},{\"@type\":\"BreadcrumbList\",\"@id\":\"https:\/\/thewebdevpoint.com\/colectie\/patul-doria\/#breadcrumb\",\"itemListElement\":[{\"@type\":\"ListItem\",\"position\":1,\"name\":\"Acas\u0103\",\"item\":\"https:\/\/thewebdevpoint.com\/\"},{\"@type\":\"ListItem\",\"position\":2,\"name\":\"Colectii\",\"item\":\"https:\/\/thewebdevpoint.com\/en\/colectii\/\"},{\"@type\":\"ListItem\",\"position\":3,\"name\":\"PATUL DORIA\"}]},{\"@type\":\"WebSite\",\"@id\":\"https:\/\/thewebdevpoint.com\/ro\/#website\",\"url\":\"https:\/\/thewebdevpoint.com\/ro\/\",\"name\":\"Peles Test\",\"description\":\"\",\"publisher\":{\"@id\":\"https:\/\/thewebdevpoint.com\/ro\/#organization\"},\"potentialAction\":[{\"@type\":\"SearchAction\",\"target\":{\"@type\":\"EntryPoint\",\"urlTemplate\":\"https:\/\/thewebdevpoint.com\/ro\/?s={search_term_string}\"},\"query-input\":{\"@type\":\"PropertyValueSpecification\",\"valueRequired\":true,\"valueName\":\"search_term_string\"}}],\"inLanguage\":\"fr-FR\"},{\"@type\":\"Organization\",\"@id\":\"https:\/\/thewebdevpoint.com\/ro\/#organization\",\"name\":\"Muzeul Pele\u0219\",\"alternateName\":\"MP\",\"url\":\"https:\/\/thewebdevpoint.com\/ro\/\",\"logo\":{\"@type\":\"ImageObject\",\"inLanguage\":\"fr-FR\",\"@id\":\"https:\/\/thewebdevpoint.com\/ro\/#\/schema\/logo\/image\/\",\"url\":\"https:\/\/thewebdevpoint.com\/wp-content\/uploads\/2024\/10\/Logo.svg\",\"contentUrl\":\"https:\/\/thewebdevpoint.com\/wp-content\/uploads\/2024\/10\/Logo.svg\",\"width\":251,\"height\":48,\"caption\":\"Muzeul Pele\u0219\"},\"image\":{\"@id\":\"https:\/\/thewebdevpoint.com\/ro\/#\/schema\/logo\/image\/\"}}]}<\/script>\n<!-- \/ Yoast SEO plugin. -->","yoast_head_json":{"title":"PATUL DORIA &#183; Peles Test","robots":{"index":"noindex","follow":"follow","max-snippet":"max-snippet:-1","max-image-preview":"max-image-preview:large","max-video-preview":"max-video-preview:-1"},"schema":{"@context":"https:\/\/schema.org","@graph":[{"@type":"WebPage","@id":"https:\/\/thewebdevpoint.com\/colectie\/patul-doria\/","url":"https:\/\/thewebdevpoint.com\/colectie\/patul-doria\/","name":"PATUL DORIA &#183; Peles Test","isPartOf":{"@id":"https:\/\/thewebdevpoint.com\/ro\/#website"},"primaryImageOfPage":{"@id":"https:\/\/thewebdevpoint.com\/colectie\/patul-doria\/#primaryimage"},"image":{"@id":"https:\/\/thewebdevpoint.com\/colectie\/patul-doria\/#primaryimage"},"thumbnailUrl":"https:\/\/thewebdevpoint.com\/wp-content\/uploads\/2024\/10\/cc905210-3058-495d-a348-7f4e0bb80d29.png","datePublished":"2024-10-23T08:52:40+00:00","dateModified":"2024-12-19T11:18:23+00:00","breadcrumb":{"@id":"https:\/\/thewebdevpoint.com\/colectie\/patul-doria\/#breadcrumb"},"inLanguage":"fr-FR","potentialAction":[{"@type":"ReadAction","target":["https:\/\/thewebdevpoint.com\/colectie\/patul-doria\/"]}]},{"@type":"ImageObject","inLanguage":"fr-FR","@id":"https:\/\/thewebdevpoint.com\/colectie\/patul-doria\/#primaryimage","url":"https:\/\/thewebdevpoint.com\/wp-content\/uploads\/2024\/10\/cc905210-3058-495d-a348-7f4e0bb80d29.png","contentUrl":"https:\/\/thewebdevpoint.com\/wp-content\/uploads\/2024\/10\/cc905210-3058-495d-a348-7f4e0bb80d29.png","width":2560,"height":2551},{"@type":"BreadcrumbList","@id":"https:\/\/thewebdevpoint.com\/colectie\/patul-doria\/#breadcrumb","itemListElement":[{"@type":"ListItem","position":1,"name":"Acas\u0103","item":"https:\/\/thewebdevpoint.com\/"},{"@type":"ListItem","position":2,"name":"Colectii","item":"https:\/\/thewebdevpoint.com\/en\/colectii\/"},{"@type":"ListItem","position":3,"name":"PATUL DORIA"}]},{"@type":"WebSite","@id":"https:\/\/thewebdevpoint.com\/ro\/#website","url":"https:\/\/thewebdevpoint.com\/ro\/","name":"Peles Test","description":"","publisher":{"@id":"https:\/\/thewebdevpoint.com\/ro\/#organization"},"potentialAction":[{"@type":"SearchAction","target":{"@type":"EntryPoint","urlTemplate":"https:\/\/thewebdevpoint.com\/ro\/?s={search_term_string}"},"query-input":{"@type":"PropertyValueSpecification","valueRequired":true,"valueName":"search_term_string"}}],"inLanguage":"fr-FR"},{"@type":"Organization","@id":"https:\/\/thewebdevpoint.com\/ro\/#organization","name":"Muzeul Pele\u0219","alternateName":"MP","url":"https:\/\/thewebdevpoint.com\/ro\/","logo":{"@type":"ImageObject","inLanguage":"fr-FR","@id":"https:\/\/thewebdevpoint.com\/ro\/#\/schema\/logo\/image\/","url":"https:\/\/thewebdevpoint.com\/wp-content\/uploads\/2024\/10\/Logo.svg","contentUrl":"https:\/\/thewebdevpoint.com\/wp-content\/uploads\/2024\/10\/Logo.svg","width":251,"height":48,"caption":"Muzeul Pele\u0219"},"image":{"@id":"https:\/\/thewebdevpoint.com\/ro\/#\/schema\/logo\/image\/"}}]}},"_links":{"self":[{"href":"https:\/\/thewebdevpoint.com\/fr\/wp-json\/wp\/v2\/colectie\/10601","targetHints":{"allow":["GET"]}}],"collection":[{"href":"https:\/\/thewebdevpoint.com\/fr\/wp-json\/wp\/v2\/colectie"}],"about":[{"href":"https:\/\/thewebdevpoint.com\/fr\/wp-json\/wp\/v2\/types\/colectie"}],"version-history":[{"count":11,"href":"https:\/\/thewebdevpoint.com\/fr\/wp-json\/wp\/v2\/colectie\/10601\/revisions"}],"predecessor-version":[{"id":17457,"href":"https:\/\/thewebdevpoint.com\/fr\/wp-json\/wp\/v2\/colectie\/10601\/revisions\/17457"}],"wp:featuredmedia":[{"embeddable":true,"href":"https:\/\/thewebdevpoint.com\/fr\/wp-json\/wp\/v2\/media\/15897"}],"wp:attachment":[{"href":"https:\/\/thewebdevpoint.com\/fr\/wp-json\/wp\/v2\/media?parent=10601"}],"wp:term":[{"taxonomy":"categorie-colectie","embeddable":true,"href":"https:\/\/thewebdevpoint.com\/fr\/wp-json\/wp\/v2\/categorie-colectie?post=10601"},{"taxonomy":"tag-obiect-colectie","embeddable":true,"href":"https:\/\/thewebdevpoint.com\/fr\/wp-json\/wp\/v2\/tag-obiect-colectie?post=10601"}],"curies":[{"name":"wp","href":"https:\/\/api.w.org\/{rel}","templated":true}]}}