{"id":16041,"date":"2024-12-11T14:21:41","date_gmt":"2024-12-11T12:21:41","guid":{"rendered":"https:\/\/thewebdevpoint.com\/?post_type=colectie&#038;p=16041"},"modified":"2024-12-19T13:40:56","modified_gmt":"2024-12-19T11:40:56","slug":"mantia-de-incoronare-a-regelui-ferdinand-i","status":"publish","type":"colectie","link":"https:\/\/thewebdevpoint.com\/fr\/colectie\/mantia-de-incoronare-a-regelui-ferdinand-i\/","title":{"rendered":"V\u00caTEMENTS DE COURONNEMENT DU ROI FERDINAND Ier"},"content":{"rendered":"<p>Le manteau royal, l&#039;un des symboles de la royaut\u00e9 roumaine, avec la couronne royale, la masse, le drapeau royal et le chiffre royal, repr\u00e9sente l&#039;une des pi\u00e8ces les plus pr\u00e9cieuses de la collection du Mus\u00e9e national Pele\u0219. Symbole de l&#039;autorit\u00e9 supr\u00eame, le manteau est un \u00e9l\u00e9ment de l&#039;appareil, repr\u00e9sentatif de la c\u00e9r\u00e9monie du couronnement. Le roi Ferdinand fut le premier roi de Roumanie \u00e0 porter le manteau royal lors de son couronnement, tandis que son pr\u00e9d\u00e9cesseur, le roi Carol Ier, fut couronn\u00e9 en uniforme de g\u00e9n\u00e9ral.<br \/>\nLe concept artistique appartient au peintre de la cour royale, Costin Petrescu, et a \u00e9t\u00e9 cr\u00e9\u00e9 dans les ateliers viennois. Il s&#039;agit d&#039;une pi\u00e8ce unique, ex\u00e9cut\u00e9e \u00e0 la demande du roi Ferdinand, \u00e0 l&#039;occasion du couronnement \u00e0 Alba Iulia, le 15 octobre 1922. Le manteau s&#039;inspire du costume de gala des souverains roumains du Moyen \u00c2ge.<br \/>\nCostin Petrescu (1871 \u2013 1954) est issu d\u2019une famille de peintres d\u2019\u00e9glise. Il a re\u00e7u une bourse pour Paris, o\u00f9 il a \u00e9tudi\u00e9 sous la direction de Jean-Paul Laurens (1838 \u2013 1921, peintre et sculpteur fran\u00e7ais), \u00e0 la c\u00e9l\u00e8bre Acad\u00e9mie Julian, o\u00f9 ont \u00e9galement \u00e9tudi\u00e9 les peintres roumains \u015etefan Luchian, Ioan Andreescu et Camil Ressu. Il a enseign\u00e9 \u00e0 l&#039;\u00c9cole des Beaux-Arts de Bucarest, p\u00e9riode durant laquelle il a \u00e9galement particip\u00e9 aux Salons officiels de peinture. L&#039;artiste a peint plus de 50 \u00e9glises, dont la d\u00e9coration int\u00e9rieure de la cath\u00e9drale de la R\u00e9unification de la nation \u00e0 Alba Iulia, \u00e9galement connue sous le nom de cath\u00e9drale du Couronnement.<br \/>\nLa peinture murale a \u00e9t\u00e9 r\u00e9alis\u00e9e selon la technique \u00ab al fresco \u00bb et s&#039;inscrit dans l&#039;esprit de l&#039;iconographie traditionnelle. De chaque c\u00f4t\u00e9 de l&#039;entr\u00e9e, se trouvent les portraits des souverains de la Grande Roumanie, du roi Ferdinand Ier l&#039;Unificateur et de la reine Maria. Cependant, son chef-d&#039;\u0153uvre reste la fresque monumentale \u00e0 la base du d\u00f4me de la salle de concert de l&#039;Ath\u00e9n\u00e9e roumain, \u00ab Histoire du peuple roumain \u00bb, commenc\u00e9e en 1933 et inaugur\u00e9e le 26 mai 1938, compos\u00e9e de 25 sc\u00e8nes repr\u00e9sentatives de l&#039;histoire roumaine.<br \/>\nLe manteau royal du roi Ferdinand Ier est fait d&#039;un tissu de soie rouge royal, descendant jusqu&#039;\u00e0 la cheville, orn\u00e9 de fils d&#039;or (brocart), avec un grand col d&#039;hermine, \u00e9galement bord\u00e9 d&#039;hermine. La bordure avant et le col semi-ovale, avec une bordure brod\u00e9e sur fond de velours beige, compl\u00e9t\u00e9e vers l&#039;int\u00e9rieur et sur le devant par une bordure brod\u00e9e de fil d&#039;or sur fond bordeaux, continuent avec sept motifs, insignes h\u00e9raldiques de la Roumanie unifi\u00e9e : les armoiries de la Valachie, de la Moldavie, de la Dobroudja, les armoiries de la famille Hohenzollern, de l&#039;Olt\u00e9nie et du Banat, de la Transylvanie et, encore, de la Valachie. Toute la surface est parsem\u00e9e de motifs circulaires brod\u00e9s de la croix de l&#039;ordre de \u00ab Michel le Brave \u00bb. Il est termin\u00e9 au niveau du col par deux glands circulaires en argent dor\u00e9, et deux groupes de six applications brod\u00e9es de fil, termin\u00e9s aux extr\u00e9mit\u00e9s int\u00e9rieures par des glands.<\/p>","protected":false},"featured_media":16028,"parent":0,"menu_order":0,"template":"","meta":{"_acf_changed":false},"categorie-colectie":[5],"tag-obiect-colectie":[],"class_list":["post-16041","colectie","type-colectie","status-publish","has-post-thumbnail","hentry","categorie-colectie-textile"],"acf":[],"yoast_head":"<!-- This site is optimized with the Yoast SEO plugin v24.1 - https:\/\/yoast.com\/wordpress\/plugins\/seo\/ -->\n<title>MANTIA DE \u00ceNCORONARE A REGELUI FERDINAND I &#183; Peles Test<\/title>\n<meta name=\"robots\" content=\"noindex, follow, max-snippet:-1, max-image-preview:large, max-video-preview:-1\" \/>\n<script type=\"application\/ld+json\" class=\"yoast-schema-graph\">{\"@context\":\"https:\/\/schema.org\",\"@graph\":[{\"@type\":\"WebPage\",\"@id\":\"https:\/\/thewebdevpoint.com\/colectie\/mantia-de-incoronare-a-regelui-ferdinand-i\/\",\"url\":\"https:\/\/thewebdevpoint.com\/colectie\/mantia-de-incoronare-a-regelui-ferdinand-i\/\",\"name\":\"MANTIA DE \u00ceNCORONARE A REGELUI FERDINAND I &#183; Peles Test\",\"isPartOf\":{\"@id\":\"https:\/\/thewebdevpoint.com\/ro\/#website\"},\"primaryImageOfPage\":{\"@id\":\"https:\/\/thewebdevpoint.com\/colectie\/mantia-de-incoronare-a-regelui-ferdinand-i\/#primaryimage\"},\"image\":{\"@id\":\"https:\/\/thewebdevpoint.com\/colectie\/mantia-de-incoronare-a-regelui-ferdinand-i\/#primaryimage\"},\"thumbnailUrl\":\"https:\/\/thewebdevpoint.com\/wp-content\/uploads\/2024\/12\/57dd35e4-cd6e-461f-a32b-c4b977d7e16c-3.png\",\"datePublished\":\"2024-12-11T12:21:41+00:00\",\"dateModified\":\"2024-12-19T11:40:56+00:00\",\"breadcrumb\":{\"@id\":\"https:\/\/thewebdevpoint.com\/colectie\/mantia-de-incoronare-a-regelui-ferdinand-i\/#breadcrumb\"},\"inLanguage\":\"fr-FR\",\"potentialAction\":[{\"@type\":\"ReadAction\",\"target\":[\"https:\/\/thewebdevpoint.com\/colectie\/mantia-de-incoronare-a-regelui-ferdinand-i\/\"]}]},{\"@type\":\"ImageObject\",\"inLanguage\":\"fr-FR\",\"@id\":\"https:\/\/thewebdevpoint.com\/colectie\/mantia-de-incoronare-a-regelui-ferdinand-i\/#primaryimage\",\"url\":\"https:\/\/thewebdevpoint.com\/wp-content\/uploads\/2024\/12\/57dd35e4-cd6e-461f-a32b-c4b977d7e16c-3.png\",\"contentUrl\":\"https:\/\/thewebdevpoint.com\/wp-content\/uploads\/2024\/12\/57dd35e4-cd6e-461f-a32b-c4b977d7e16c-3.png\",\"width\":540,\"height\":571},{\"@type\":\"BreadcrumbList\",\"@id\":\"https:\/\/thewebdevpoint.com\/colectie\/mantia-de-incoronare-a-regelui-ferdinand-i\/#breadcrumb\",\"itemListElement\":[{\"@type\":\"ListItem\",\"position\":1,\"name\":\"Acas\u0103\",\"item\":\"https:\/\/thewebdevpoint.com\/\"},{\"@type\":\"ListItem\",\"position\":2,\"name\":\"Colectii\",\"item\":\"https:\/\/thewebdevpoint.com\/en\/colectii\/\"},{\"@type\":\"ListItem\",\"position\":3,\"name\":\"MANTIA DE \u00ceNCORONARE A REGELUI FERDINAND I\"}]},{\"@type\":\"WebSite\",\"@id\":\"https:\/\/thewebdevpoint.com\/ro\/#website\",\"url\":\"https:\/\/thewebdevpoint.com\/ro\/\",\"name\":\"Peles Test\",\"description\":\"\",\"publisher\":{\"@id\":\"https:\/\/thewebdevpoint.com\/ro\/#organization\"},\"potentialAction\":[{\"@type\":\"SearchAction\",\"target\":{\"@type\":\"EntryPoint\",\"urlTemplate\":\"https:\/\/thewebdevpoint.com\/ro\/?s={search_term_string}\"},\"query-input\":{\"@type\":\"PropertyValueSpecification\",\"valueRequired\":true,\"valueName\":\"search_term_string\"}}],\"inLanguage\":\"fr-FR\"},{\"@type\":\"Organization\",\"@id\":\"https:\/\/thewebdevpoint.com\/ro\/#organization\",\"name\":\"Muzeul Pele\u0219\",\"alternateName\":\"MP\",\"url\":\"https:\/\/thewebdevpoint.com\/ro\/\",\"logo\":{\"@type\":\"ImageObject\",\"inLanguage\":\"fr-FR\",\"@id\":\"https:\/\/thewebdevpoint.com\/ro\/#\/schema\/logo\/image\/\",\"url\":\"https:\/\/thewebdevpoint.com\/wp-content\/uploads\/2024\/10\/Logo.svg\",\"contentUrl\":\"https:\/\/thewebdevpoint.com\/wp-content\/uploads\/2024\/10\/Logo.svg\",\"width\":251,\"height\":48,\"caption\":\"Muzeul Pele\u0219\"},\"image\":{\"@id\":\"https:\/\/thewebdevpoint.com\/ro\/#\/schema\/logo\/image\/\"}}]}<\/script>\n<!-- \/ Yoast SEO plugin. -->","yoast_head_json":{"title":"MANTIA DE \u00ceNCORONARE A REGELUI FERDINAND I &#183; Peles Test","robots":{"index":"noindex","follow":"follow","max-snippet":"max-snippet:-1","max-image-preview":"max-image-preview:large","max-video-preview":"max-video-preview:-1"},"schema":{"@context":"https:\/\/schema.org","@graph":[{"@type":"WebPage","@id":"https:\/\/thewebdevpoint.com\/colectie\/mantia-de-incoronare-a-regelui-ferdinand-i\/","url":"https:\/\/thewebdevpoint.com\/colectie\/mantia-de-incoronare-a-regelui-ferdinand-i\/","name":"MANTIA DE \u00ceNCORONARE A REGELUI FERDINAND I &#183; Peles Test","isPartOf":{"@id":"https:\/\/thewebdevpoint.com\/ro\/#website"},"primaryImageOfPage":{"@id":"https:\/\/thewebdevpoint.com\/colectie\/mantia-de-incoronare-a-regelui-ferdinand-i\/#primaryimage"},"image":{"@id":"https:\/\/thewebdevpoint.com\/colectie\/mantia-de-incoronare-a-regelui-ferdinand-i\/#primaryimage"},"thumbnailUrl":"https:\/\/thewebdevpoint.com\/wp-content\/uploads\/2024\/12\/57dd35e4-cd6e-461f-a32b-c4b977d7e16c-3.png","datePublished":"2024-12-11T12:21:41+00:00","dateModified":"2024-12-19T11:40:56+00:00","breadcrumb":{"@id":"https:\/\/thewebdevpoint.com\/colectie\/mantia-de-incoronare-a-regelui-ferdinand-i\/#breadcrumb"},"inLanguage":"fr-FR","potentialAction":[{"@type":"ReadAction","target":["https:\/\/thewebdevpoint.com\/colectie\/mantia-de-incoronare-a-regelui-ferdinand-i\/"]}]},{"@type":"ImageObject","inLanguage":"fr-FR","@id":"https:\/\/thewebdevpoint.com\/colectie\/mantia-de-incoronare-a-regelui-ferdinand-i\/#primaryimage","url":"https:\/\/thewebdevpoint.com\/wp-content\/uploads\/2024\/12\/57dd35e4-cd6e-461f-a32b-c4b977d7e16c-3.png","contentUrl":"https:\/\/thewebdevpoint.com\/wp-content\/uploads\/2024\/12\/57dd35e4-cd6e-461f-a32b-c4b977d7e16c-3.png","width":540,"height":571},{"@type":"BreadcrumbList","@id":"https:\/\/thewebdevpoint.com\/colectie\/mantia-de-incoronare-a-regelui-ferdinand-i\/#breadcrumb","itemListElement":[{"@type":"ListItem","position":1,"name":"Acas\u0103","item":"https:\/\/thewebdevpoint.com\/"},{"@type":"ListItem","position":2,"name":"Colectii","item":"https:\/\/thewebdevpoint.com\/en\/colectii\/"},{"@type":"ListItem","position":3,"name":"MANTIA DE \u00ceNCORONARE A REGELUI FERDINAND I"}]},{"@type":"WebSite","@id":"https:\/\/thewebdevpoint.com\/ro\/#website","url":"https:\/\/thewebdevpoint.com\/ro\/","name":"Peles Test","description":"","publisher":{"@id":"https:\/\/thewebdevpoint.com\/ro\/#organization"},"potentialAction":[{"@type":"SearchAction","target":{"@type":"EntryPoint","urlTemplate":"https:\/\/thewebdevpoint.com\/ro\/?s={search_term_string}"},"query-input":{"@type":"PropertyValueSpecification","valueRequired":true,"valueName":"search_term_string"}}],"inLanguage":"fr-FR"},{"@type":"Organization","@id":"https:\/\/thewebdevpoint.com\/ro\/#organization","name":"Muzeul Pele\u0219","alternateName":"MP","url":"https:\/\/thewebdevpoint.com\/ro\/","logo":{"@type":"ImageObject","inLanguage":"fr-FR","@id":"https:\/\/thewebdevpoint.com\/ro\/#\/schema\/logo\/image\/","url":"https:\/\/thewebdevpoint.com\/wp-content\/uploads\/2024\/10\/Logo.svg","contentUrl":"https:\/\/thewebdevpoint.com\/wp-content\/uploads\/2024\/10\/Logo.svg","width":251,"height":48,"caption":"Muzeul Pele\u0219"},"image":{"@id":"https:\/\/thewebdevpoint.com\/ro\/#\/schema\/logo\/image\/"}}]}},"_links":{"self":[{"href":"https:\/\/thewebdevpoint.com\/fr\/wp-json\/wp\/v2\/colectie\/16041","targetHints":{"allow":["GET"]}}],"collection":[{"href":"https:\/\/thewebdevpoint.com\/fr\/wp-json\/wp\/v2\/colectie"}],"about":[{"href":"https:\/\/thewebdevpoint.com\/fr\/wp-json\/wp\/v2\/types\/colectie"}],"version-history":[{"count":2,"href":"https:\/\/thewebdevpoint.com\/fr\/wp-json\/wp\/v2\/colectie\/16041\/revisions"}],"predecessor-version":[{"id":17526,"href":"https:\/\/thewebdevpoint.com\/fr\/wp-json\/wp\/v2\/colectie\/16041\/revisions\/17526"}],"wp:featuredmedia":[{"embeddable":true,"href":"https:\/\/thewebdevpoint.com\/fr\/wp-json\/wp\/v2\/media\/16028"}],"wp:attachment":[{"href":"https:\/\/thewebdevpoint.com\/fr\/wp-json\/wp\/v2\/media?parent=16041"}],"wp:term":[{"taxonomy":"categorie-colectie","embeddable":true,"href":"https:\/\/thewebdevpoint.com\/fr\/wp-json\/wp\/v2\/categorie-colectie?post=16041"},{"taxonomy":"tag-obiect-colectie","embeddable":true,"href":"https:\/\/thewebdevpoint.com\/fr\/wp-json\/wp\/v2\/tag-obiect-colectie?post=16041"}],"curies":[{"name":"wp","href":"https:\/\/api.w.org\/{rel}","templated":true}]}}