{"id":16043,"date":"2024-12-11T14:25:36","date_gmt":"2024-12-11T12:25:36","guid":{"rendered":"https:\/\/thewebdevpoint.com\/?post_type=colectie&#038;p=16043"},"modified":"2024-12-19T13:41:03","modified_gmt":"2024-12-19T11:41:03","slug":"mantia-de-incoronare-a-reginei-maria","status":"publish","type":"colectie","link":"https:\/\/thewebdevpoint.com\/fr\/colectie\/mantia-de-incoronare-a-reginei-maria\/","title":{"rendered":"ROBE DE COURONNEMENT DE LA REINE MARIE"},"content":{"rendered":"<p>Le couronnement du roi Ferdinand Ier et de la reine Marie, comme souverains de la Grande Roumanie, consacrerait l&#039;acte d&#039;Union le 1er d\u00e9cembre 1918. Le lieu choisi n&#039;\u00e9tait pas accidentel, la ville d&#039;Alba Iulia ayant un pr\u00e9c\u00e9dent historique : en 1599, au m\u00eame endroit, le prince Michel le Brave unifia les trois pays roumains. Pour la c\u00e9r\u00e9monie du couronnement, la Cath\u00e9drale du Couronnement, \u00e9galement connue sous le nom de Cath\u00e9drale de la R\u00e9unification de la Nation, a \u00e9t\u00e9 construite, les plans \u00e9tant sign\u00e9s par l&#039;architecte Victor G. \u015etef\u0103nescu, un \u00e9l\u00e8ve du c\u00e9l\u00e8bre architecte Ion Mincu, et la peinture int\u00e9rieure, ex\u00e9cut\u00e9e par le sculpteur de la Cour royale, Costin Petrescu, le cr\u00e9ateur des croquis des manteaux royaux.<\/p>\n<p>Les souverains ont d&#039;abord assist\u00e9 \u00e0 un service religieux c\u00e9l\u00e9br\u00e9 par le patriarche de Roumanie, Elie Miron Cristea, et les m\u00e9tropolites des provinces roumaines. Apr\u00e8s la fin du service divin, le couronnement a eu lieu sur l&#039;estrade devant la cath\u00e9drale, afin qu&#039;il puisse \u00eatre \u00ab vu par tout le peuple \u00bb participant \u00e0 l&#039;\u00e9v\u00e9nement. Le roi Ferdinand Ier et la reine Marie, habill\u00e9s pour la c\u00e9r\u00e9monie, portaient des manteaux tiss\u00e9s en violet et bord\u00e9s de fourrure d&#039;hermine sur leurs \u00e9paules. Apr\u00e8s avoir plac\u00e9 sur sa t\u00eate la couronne d&#039;acier avec laquelle avait \u00e9galement \u00e9t\u00e9 couronn\u00e9 le premier roi de Roumanie, Carol Ier, Ferdinand Ier \u00ab pla\u00e7a ensuite la couronne d&#039;or sur la t\u00eate de son \u00e9pouse agenouill\u00e9e \u00bb. Des salves de canon annon\u00e7aient que les premiers souverains de tous les Roumains avaient re\u00e7u la cons\u00e9cration divine de leur \u00ab fonction \u00bb.<\/p>\n<p>Toute la c\u00e9r\u00e9monie du couronnement fut somptueuse, la reine Marie, de sang britannique et russe, reprenant une grande partie de la tradition byzantine, dont les ombres ont grandement influenc\u00e9, par leur esprit, les monarchies europ\u00e9ennes. Il demanda \u00e0 toutes les dames de la famille royale, qui faisaient partie du cort\u00e8ge, de s&#039;habiller d&#039;or, et aux autres de porter du pourpre et de l&#039;argent. \u00ab Je ne veux pas d&#039;un couronnement moderne, comme celui d&#039;une autre reine. Le mien devrait \u00eatre enti\u00e8rement m\u00e9di\u00e9val. \u00bb \u2013 dit le souverain.<\/p>\n<p>Le manteau de couronnement de la reine Maria est conserv\u00e9 dans le patrimoine du Mus\u00e9e national de Pele\u015f, ainsi que le manteau du roi Ferdinand Ier. V\u00e9ritables \u0153uvres d&#039;art, elles ont \u00e9t\u00e9 r\u00e9alis\u00e9es avec un grand talent artistique et une grande habilet\u00e9, les deux pi\u00e8ces \u00e9tant, en g\u00e9n\u00e9ral, similaires. Fran\u00e7ais Le concept artistique appartient au peintre de la Cour Royale, Costin Petrescu (1871 \u2013 1954), cr\u00e9\u00e9 entre 1921 \u2013 1922. Il s&#039;agit d&#039;une pi\u00e8ce unique, ex\u00e9cut\u00e9e sur ordre de la Maison Royale \u00e0 l&#039;occasion du couronnement \u00e0 Alba Iulia, le 15 octobre 1922. La chlamydia de la reine a \u00e9t\u00e9 inspir\u00e9e et ex\u00e9cut\u00e9e d&#039;apr\u00e8s le mod\u00e8le byzantin, les broderies \u00e9tant r\u00e9alis\u00e9es par Elena Niculescu Frunzeanu, directrice de l&#039;\u00c9cole de s\u00e9riciculture et de tissage de Bucarest. Les broderies furent pr\u00e9sent\u00e9es lors d&#039;une exposition de tissus en juin 1921, exposition visit\u00e9e par Maria. \u00ab Je pense que le manteau sera beau et efficace, m\u00eame si si j&#039;\u00e9tais autoris\u00e9e \u00e0 le concevoir moi-m\u00eame, je ferais quelque chose d&#039;encore plus artistique \u00bb, a d\u00e9clar\u00e9 la reine.<\/p>\n<p>Il s&#039;agit d&#039;une pi\u00e8ce c\u00e9r\u00e9monielle, r\u00e9alis\u00e9e en tissu lam\u00e9 et fil d&#039;or, avec des broderies en soie et des applications de pierres semi-pr\u00e9cieuses, tiss\u00e9es avec les embl\u00e8mes de toutes les provinces qui formaient la Grande Roumanie. De couleur dor\u00e9e, le manteau est brod\u00e9 d&#039;\u00e9pis et de gerbes de bl\u00e9, repr\u00e9sentant \u00ab la principale richesse de la terre roumaine \u00bb. La bordure est en hermine, sur tout le pourtour du manteau, compl\u00e9t\u00e9e \u00e0 l&#039;int\u00e9rieur par une bordure en soie violet-cardinal brod\u00e9e, s&#039;\u00e9largissant en demi-cercle autour du cou, avec le monogramme de la reine Marie, surmont\u00e9 d&#039;une couronne royale. Sur le bord ovale se trouve une bordure en soie, avec sept insignes h\u00e9raldiques : les armoiries de la famille des Hohenzollern, de Valachie, de Moldavie, de Transylvanie, d&#039;Olt\u00e9nie et du Banat, de Dobrogea, les armoiries de la famille d&#039;\u00c9dimbourg, s\u00e9par\u00e9es par des groupes d&#039;\u00e9pis de bl\u00e9. Des motifs en forme de croix sont appliqu\u00e9s sur toute la surface. \u00ab (\u2026) le manteau est imposant. \u2013 \u00e9crivait la reine dans ses Notes \u2013 je ressemble \u00e0 ces statues de la Vierge qui, dans les pays catholiques, sont sp\u00e9cialement habill\u00e9es et orn\u00e9es de bijoux les jours de f\u00eate et port\u00e9es en procession dans les rues. La couleur or, utilis\u00e9e pour la toilette et le manteau, est absolument superbe. Travaill\u00e9e sur un fond de fil de soie rouge, elle offre des ombres splendides, comme un coucher de soleil. (\u2026) La couleur or et tout le reste s&#039;harmonisent exceptionnellement bien avec mon teint, mes cheveux blonds et mon caract\u00e8re en g\u00e9n\u00e9ral. Je suis, bien s\u00fbr, un atout dans cette tenue difficile et, comme j&#039;ai la r\u00e9putation de ne jamais abandonner, en tant que femme, c&#039;est important, car en ce grand jour, en tant que reine de mon peuple, je veux que leur c\u0153ur batte pour moi avec fiert\u00e9. Je ne veux pas les d\u00e9cevoir, j&#039;ai cette ambition. \u00bb<\/p>","protected":false},"featured_media":16029,"parent":0,"menu_order":0,"template":"","meta":{"_acf_changed":false},"categorie-colectie":[5],"tag-obiect-colectie":[],"class_list":["post-16043","colectie","type-colectie","status-publish","has-post-thumbnail","hentry","categorie-colectie-textile"],"acf":[],"yoast_head":"<!-- This site is optimized with the Yoast SEO plugin v24.1 - https:\/\/yoast.com\/wordpress\/plugins\/seo\/ -->\n<title>MANTIA DE \u00ceNCORONARE A REGINEI MARIA &#183; Peles Test<\/title>\n<meta name=\"robots\" content=\"noindex, follow, max-snippet:-1, max-image-preview:large, max-video-preview:-1\" \/>\n<script type=\"application\/ld+json\" class=\"yoast-schema-graph\">{\"@context\":\"https:\/\/schema.org\",\"@graph\":[{\"@type\":\"WebPage\",\"@id\":\"https:\/\/thewebdevpoint.com\/colectie\/mantia-de-incoronare-a-reginei-maria\/\",\"url\":\"https:\/\/thewebdevpoint.com\/colectie\/mantia-de-incoronare-a-reginei-maria\/\",\"name\":\"MANTIA DE \u00ceNCORONARE A REGINEI MARIA &#183; Peles Test\",\"isPartOf\":{\"@id\":\"https:\/\/thewebdevpoint.com\/ro\/#website\"},\"primaryImageOfPage\":{\"@id\":\"https:\/\/thewebdevpoint.com\/colectie\/mantia-de-incoronare-a-reginei-maria\/#primaryimage\"},\"image\":{\"@id\":\"https:\/\/thewebdevpoint.com\/colectie\/mantia-de-incoronare-a-reginei-maria\/#primaryimage\"},\"thumbnailUrl\":\"https:\/\/thewebdevpoint.com\/wp-content\/uploads\/2024\/12\/e4159f44-05fa-4c53-b885-6ddb4920e367-3.png\",\"datePublished\":\"2024-12-11T12:25:36+00:00\",\"dateModified\":\"2024-12-19T11:41:03+00:00\",\"breadcrumb\":{\"@id\":\"https:\/\/thewebdevpoint.com\/colectie\/mantia-de-incoronare-a-reginei-maria\/#breadcrumb\"},\"inLanguage\":\"fr-FR\",\"potentialAction\":[{\"@type\":\"ReadAction\",\"target\":[\"https:\/\/thewebdevpoint.com\/colectie\/mantia-de-incoronare-a-reginei-maria\/\"]}]},{\"@type\":\"ImageObject\",\"inLanguage\":\"fr-FR\",\"@id\":\"https:\/\/thewebdevpoint.com\/colectie\/mantia-de-incoronare-a-reginei-maria\/#primaryimage\",\"url\":\"https:\/\/thewebdevpoint.com\/wp-content\/uploads\/2024\/12\/e4159f44-05fa-4c53-b885-6ddb4920e367-3.png\",\"contentUrl\":\"https:\/\/thewebdevpoint.com\/wp-content\/uploads\/2024\/12\/e4159f44-05fa-4c53-b885-6ddb4920e367-3.png\",\"width\":540,\"height\":584},{\"@type\":\"BreadcrumbList\",\"@id\":\"https:\/\/thewebdevpoint.com\/colectie\/mantia-de-incoronare-a-reginei-maria\/#breadcrumb\",\"itemListElement\":[{\"@type\":\"ListItem\",\"position\":1,\"name\":\"Acas\u0103\",\"item\":\"https:\/\/thewebdevpoint.com\/\"},{\"@type\":\"ListItem\",\"position\":2,\"name\":\"Colectii\",\"item\":\"https:\/\/thewebdevpoint.com\/en\/colectii\/\"},{\"@type\":\"ListItem\",\"position\":3,\"name\":\"MANTIA DE \u00ceNCORONARE A REGINEI MARIA\"}]},{\"@type\":\"WebSite\",\"@id\":\"https:\/\/thewebdevpoint.com\/ro\/#website\",\"url\":\"https:\/\/thewebdevpoint.com\/ro\/\",\"name\":\"Peles Test\",\"description\":\"\",\"publisher\":{\"@id\":\"https:\/\/thewebdevpoint.com\/ro\/#organization\"},\"potentialAction\":[{\"@type\":\"SearchAction\",\"target\":{\"@type\":\"EntryPoint\",\"urlTemplate\":\"https:\/\/thewebdevpoint.com\/ro\/?s={search_term_string}\"},\"query-input\":{\"@type\":\"PropertyValueSpecification\",\"valueRequired\":true,\"valueName\":\"search_term_string\"}}],\"inLanguage\":\"fr-FR\"},{\"@type\":\"Organization\",\"@id\":\"https:\/\/thewebdevpoint.com\/ro\/#organization\",\"name\":\"Muzeul Pele\u0219\",\"alternateName\":\"MP\",\"url\":\"https:\/\/thewebdevpoint.com\/ro\/\",\"logo\":{\"@type\":\"ImageObject\",\"inLanguage\":\"fr-FR\",\"@id\":\"https:\/\/thewebdevpoint.com\/ro\/#\/schema\/logo\/image\/\",\"url\":\"https:\/\/thewebdevpoint.com\/wp-content\/uploads\/2024\/10\/Logo.svg\",\"contentUrl\":\"https:\/\/thewebdevpoint.com\/wp-content\/uploads\/2024\/10\/Logo.svg\",\"width\":251,\"height\":48,\"caption\":\"Muzeul Pele\u0219\"},\"image\":{\"@id\":\"https:\/\/thewebdevpoint.com\/ro\/#\/schema\/logo\/image\/\"}}]}<\/script>\n<!-- \/ Yoast SEO plugin. -->","yoast_head_json":{"title":"MANTIA DE \u00ceNCORONARE A REGINEI MARIA &#183; Peles Test","robots":{"index":"noindex","follow":"follow","max-snippet":"max-snippet:-1","max-image-preview":"max-image-preview:large","max-video-preview":"max-video-preview:-1"},"schema":{"@context":"https:\/\/schema.org","@graph":[{"@type":"WebPage","@id":"https:\/\/thewebdevpoint.com\/colectie\/mantia-de-incoronare-a-reginei-maria\/","url":"https:\/\/thewebdevpoint.com\/colectie\/mantia-de-incoronare-a-reginei-maria\/","name":"MANTIA DE \u00ceNCORONARE A REGINEI MARIA &#183; Peles Test","isPartOf":{"@id":"https:\/\/thewebdevpoint.com\/ro\/#website"},"primaryImageOfPage":{"@id":"https:\/\/thewebdevpoint.com\/colectie\/mantia-de-incoronare-a-reginei-maria\/#primaryimage"},"image":{"@id":"https:\/\/thewebdevpoint.com\/colectie\/mantia-de-incoronare-a-reginei-maria\/#primaryimage"},"thumbnailUrl":"https:\/\/thewebdevpoint.com\/wp-content\/uploads\/2024\/12\/e4159f44-05fa-4c53-b885-6ddb4920e367-3.png","datePublished":"2024-12-11T12:25:36+00:00","dateModified":"2024-12-19T11:41:03+00:00","breadcrumb":{"@id":"https:\/\/thewebdevpoint.com\/colectie\/mantia-de-incoronare-a-reginei-maria\/#breadcrumb"},"inLanguage":"fr-FR","potentialAction":[{"@type":"ReadAction","target":["https:\/\/thewebdevpoint.com\/colectie\/mantia-de-incoronare-a-reginei-maria\/"]}]},{"@type":"ImageObject","inLanguage":"fr-FR","@id":"https:\/\/thewebdevpoint.com\/colectie\/mantia-de-incoronare-a-reginei-maria\/#primaryimage","url":"https:\/\/thewebdevpoint.com\/wp-content\/uploads\/2024\/12\/e4159f44-05fa-4c53-b885-6ddb4920e367-3.png","contentUrl":"https:\/\/thewebdevpoint.com\/wp-content\/uploads\/2024\/12\/e4159f44-05fa-4c53-b885-6ddb4920e367-3.png","width":540,"height":584},{"@type":"BreadcrumbList","@id":"https:\/\/thewebdevpoint.com\/colectie\/mantia-de-incoronare-a-reginei-maria\/#breadcrumb","itemListElement":[{"@type":"ListItem","position":1,"name":"Acas\u0103","item":"https:\/\/thewebdevpoint.com\/"},{"@type":"ListItem","position":2,"name":"Colectii","item":"https:\/\/thewebdevpoint.com\/en\/colectii\/"},{"@type":"ListItem","position":3,"name":"MANTIA DE \u00ceNCORONARE A REGINEI MARIA"}]},{"@type":"WebSite","@id":"https:\/\/thewebdevpoint.com\/ro\/#website","url":"https:\/\/thewebdevpoint.com\/ro\/","name":"Peles Test","description":"","publisher":{"@id":"https:\/\/thewebdevpoint.com\/ro\/#organization"},"potentialAction":[{"@type":"SearchAction","target":{"@type":"EntryPoint","urlTemplate":"https:\/\/thewebdevpoint.com\/ro\/?s={search_term_string}"},"query-input":{"@type":"PropertyValueSpecification","valueRequired":true,"valueName":"search_term_string"}}],"inLanguage":"fr-FR"},{"@type":"Organization","@id":"https:\/\/thewebdevpoint.com\/ro\/#organization","name":"Muzeul Pele\u0219","alternateName":"MP","url":"https:\/\/thewebdevpoint.com\/ro\/","logo":{"@type":"ImageObject","inLanguage":"fr-FR","@id":"https:\/\/thewebdevpoint.com\/ro\/#\/schema\/logo\/image\/","url":"https:\/\/thewebdevpoint.com\/wp-content\/uploads\/2024\/10\/Logo.svg","contentUrl":"https:\/\/thewebdevpoint.com\/wp-content\/uploads\/2024\/10\/Logo.svg","width":251,"height":48,"caption":"Muzeul Pele\u0219"},"image":{"@id":"https:\/\/thewebdevpoint.com\/ro\/#\/schema\/logo\/image\/"}}]}},"_links":{"self":[{"href":"https:\/\/thewebdevpoint.com\/fr\/wp-json\/wp\/v2\/colectie\/16043","targetHints":{"allow":["GET"]}}],"collection":[{"href":"https:\/\/thewebdevpoint.com\/fr\/wp-json\/wp\/v2\/colectie"}],"about":[{"href":"https:\/\/thewebdevpoint.com\/fr\/wp-json\/wp\/v2\/types\/colectie"}],"version-history":[{"count":2,"href":"https:\/\/thewebdevpoint.com\/fr\/wp-json\/wp\/v2\/colectie\/16043\/revisions"}],"predecessor-version":[{"id":17527,"href":"https:\/\/thewebdevpoint.com\/fr\/wp-json\/wp\/v2\/colectie\/16043\/revisions\/17527"}],"wp:featuredmedia":[{"embeddable":true,"href":"https:\/\/thewebdevpoint.com\/fr\/wp-json\/wp\/v2\/media\/16029"}],"wp:attachment":[{"href":"https:\/\/thewebdevpoint.com\/fr\/wp-json\/wp\/v2\/media?parent=16043"}],"wp:term":[{"taxonomy":"categorie-colectie","embeddable":true,"href":"https:\/\/thewebdevpoint.com\/fr\/wp-json\/wp\/v2\/categorie-colectie?post=16043"},{"taxonomy":"tag-obiect-colectie","embeddable":true,"href":"https:\/\/thewebdevpoint.com\/fr\/wp-json\/wp\/v2\/tag-obiect-colectie?post=16043"}],"curies":[{"name":"wp","href":"https:\/\/api.w.org\/{rel}","templated":true}]}}