{"id":16059,"date":"2024-12-11T14:43:24","date_gmt":"2024-12-11T12:43:24","guid":{"rendered":"https:\/\/thewebdevpoint.com\/?post_type=colectie&#038;p=16059"},"modified":"2024-12-11T14:43:24","modified_gmt":"2024-12-11T12:43:24","slug":"intrarea-triumfala-in-roma-a-imparatului-vespasian-si-a-lui-titus","status":"publish","type":"colectie","link":"https:\/\/thewebdevpoint.com\/fr\/colectie\/intrarea-triumfala-in-roma-a-imparatului-vespasian-si-a-lui-titus\/","title":{"rendered":"L&#039;entr\u00e9e triomphale \u00e0 Rome de l&#039;empereur Vespasien et Titus"},"content":{"rendered":"<p><em><strong>L&#039;entr\u00e9e triomphale \u00e0 Rome de l&#039;empereur Vespasien et Titus<\/strong><\/em> Elle fait partie de la s\u00e9rie de tapisseries \u00e0 sujet historique, \u00ab La conqu\u00eate de la Jud\u00e9e par Vespasien et Titus \u00bb. La s\u00e9rie, compos\u00e9e de 6 \u0153uvres (2 tapisseries et 4 cartons de tapisseries), a \u00e9t\u00e9 ex\u00e9cut\u00e9e dans l&#039;atelier d&#039;Erulo Eroli \u00e0 Rome, en 1913. Les tapisseries font partie de la d\u00e9coration murale du couloir du Grand Escalier au premier \u00e9tage du ch\u00e2teau.<\/p>\n<p>Le th\u00e8me des 6 pi\u00e8ces, dispos\u00e9es dans le sens des aiguilles d&#039;une montre, repr\u00e9sente les \u00e9v\u00e9nements de la premi\u00e8re guerre jud\u00e9o-romaine (66-73 apr\u00e8s J.-C.), dans l&#039;ordre chronologique. Parfois appel\u00e9e la Grande R\u00e9volte des Juifs, elle fut l&#039;une des trois r\u00e9voltes majeures des Juifs de la province de Jud\u00e9e contre l&#039;Empire romain. La r\u00e9volte a commenc\u00e9 en 66 apr\u00e8s J.-C., \u00e0 partir de tensions entre les Grecs et les Juifs religieux. Le conflit s\u2019est intensifi\u00e9 en raison de manifestations anti-imp\u00f4ts et d\u2019attaques contre des citoyens roumains. En 67, Vespasien se voit confier par l&#039;empereur N\u00e9ron la t\u00e2che de r\u00e9primer la r\u00e9volte. Deux ans plus tard, il est proclam\u00e9 empereur et son fils, Titus, est charg\u00e9 de prendre le commandement des arm\u00e9es. En ao\u00fbt 70, Titus conquiert J\u00e9rusalem, et en 72-73 met fin \u00e0 la guerre en Jud\u00e9e, qui est r\u00e9organis\u00e9e en province ind\u00e9pendante.<\/p>\n<p><em><strong>Erulo Eroli<\/strong><\/em>, peintre et cr\u00e9ateur de tapisseries italien, est n\u00e9 le 27 f\u00e9vrier 1854 et d\u00e9c\u00e9d\u00e9 le 13 d\u00e9cembre 1916 \u00e0 Rome. Dans sa jeunesse, il avait \u00e9tudi\u00e9 les beaux-arts, notamment la peinture, \u00e0 l&#039;\u00e9cole pontificale de Rome. Dans l&#039;atelier ouvert par Eroli en 1875, en plus des peintures \u00e0 sujets religieux, il commence \u00e0 cr\u00e9er des tapisseries et des cartons pr\u00e9paratoires pour tapisseries, avec une s\u00e9rie d&#039;artistes des ateliers pontificaux. Il remportera plusieurs prix du minist\u00e8re italien de l&#039;Instruction publique pour des \u0153uvres r\u00e9alis\u00e9es pendant ses \u00e9tudes.<\/p>\n<p>Au fil des ann\u00e9es d\u2019\u00e9tudes, Eroli s\u2019est de plus en plus sp\u00e9cialis\u00e9 dans la technique de la tapisserie. Il participe fr\u00e9quemment \u00e0 de nombreuses expositions nationales et internationales, ce qui lui vaut des prix d&#039;une importance significative. Ses \u0153uvres seront achet\u00e9es par des collectionneurs priv\u00e9s, ainsi que par des mus\u00e9es de son pays natal.<\/p>\n<p>Il participera, en 1883, \u00e0 l&#039;Exposition des Beaux-Arts de Rome, ce qui sera sa premi\u00e8re apparition importante dans sa vie professionnelle. Quelques ann\u00e9es plus tard, en 1887, il recevra la m\u00e9daille d&#039;argent pour la tapisserie expos\u00e9e au Mus\u00e9e d&#039;Art Industriel de Rome.<\/p>\n<p>L&#039;activit\u00e9 d&#039;Eroli fut tr\u00e8s riche et vari\u00e9e, s&#039;\u00e9tendant sur plusieurs domaines. Il s&#039;implique dans diverses organisations artistiques, comme celle des aquarellistes, dont il est pr\u00e9sident entre 1907 et 1911. En 1892, il devient membre de l&#039;Association artistique internationale et, en 1903, il fait partie des membres fondateurs de l&#039;Union des artistes italiens.<\/p>\n<p>Erulo Eroli travaille comme peintre, mais intensifie son activit\u00e9 dans le domaine de la tapisserie, en r\u00e9cup\u00e9rant des proc\u00e9d\u00e9s traditionnels de cr\u00e9ation de cartons pr\u00e9paratoires \u00e0 l&#039;ex\u00e9cution de tapisseries. \u00c0 partir de 1900, il re\u00e7oit des commandes de tapisseries de grande envergure, la premi\u00e8re \u00e9tant les panneaux du foyer du th\u00e9\u00e2tre de Buenos Aires.<\/p>\n<p>La reconnaissance internationale de l&#039;artiste Erulo Eroli n&#039;interviendra qu&#039;en 1891, lorsqu&#039;il remportera la m\u00e9daille d&#039;or \u00e0 l&#039;Exposition internationale d&#039;Anvers. Avec la r\u00e9ception de cette m\u00e9daille, d&#039;importantes commandes de tapisseries commenc\u00e8rent. La premi\u00e8re commande importante est venue du prince Colonna, maire de Rome, pour l&#039;ex\u00e9cution d&#039;environ 25 tapisseries \u00e0 sujets historiques inspir\u00e9s de la Rome antique, destin\u00e9es \u00e0 \u00eatre expos\u00e9es sur les balcons de l&#039;h\u00f4tel de ville et dans les mus\u00e9es du Capitole.<\/p>\n<p>Le roi Carol Ier entra en contact avec Erulo Eroli par l&#039;interm\u00e9diaire de l&#039;un des fournisseurs royaux, l&#039;Italien Pietro Axerio, qui fut charg\u00e9 de concevoir certains int\u00e9rieurs du ch\u00e2teau de Pele\u0219. La renomm\u00e9e et la reconnaissance dont jouissait l&#039;artiste ont conduit le roi de Roumanie \u00e0 lui confier l&#039;ex\u00e9cution d&#039;une s\u00e9rie de tapisseries pour la r\u00e9sidence d&#039;\u00e9t\u00e9 de Sinaia. En 1913, Eroli re\u00e7oit la commande de l&#039;administration royale roumaine, le sujet choisi \u00e9tant la conqu\u00eate de la Jud\u00e9e par les Romains. La d\u00e9coration des tapisseries s&#039;inspire des bas-reliefs de l&#039;Arc de Titus \u00e0 Rome, glorifiant les actes de bravoure des deux guerriers, Vespasien et Titus.<\/p>\n<p>Le carton de tapisserie, peint sur reps de coton, dans le style des tapisseries d&#039;Aubusson, repr\u00e9sente l&#039;entr\u00e9e triomphale de l&#039;empereur Vespasien et de Titus \u00e0 Rome, apr\u00e8s la conqu\u00eate de J\u00e9rusalem. Les deux h\u00e9ros sont dans un char triomphal, en procession, devant le Panth\u00e9on, acclam\u00e9s par les personnes pr\u00e9sentes. Tout autour d&#039;eux, des soldats romains transportaient des objets pill\u00e9s dans le Temple de J\u00e9rusalem, dont le chandelier\/menorah en or \u00e0 sept branches fabriqu\u00e9 par Mo\u00efse et la table sainte des douze pains. Le Temple, qui repr\u00e9sentait l\u2019unit\u00e9 spirituelle des Juifs, p\u00e9rit dans le pillage et l\u2019incendie, ainsi que la ville enti\u00e8re de J\u00e9rusalem. Tous les objets du temple ont \u00e9t\u00e9 transport\u00e9s \u00e0 Rome pour \u00eatre expos\u00e9s lors de la c\u00e9r\u00e9monie triomphale en l&#039;honneur de Titus. L&#039;ensemble de la sc\u00e8ne est encadr\u00e9, en haut et en bas, par une large bordure avec un ruban floral et v\u00e9g\u00e9tal et des vases de fruits - le symbolisme de l&#039;abondance, et au-dessus dans le m\u00e9daillon un cartouche avec l&#039;inscription \u00ab HISTOIRE \u00bb. M\u00c9SANGE. ET. VESPASIENS&quot;. La chromatique de la pi\u00e8ce est compos\u00e9e de tons de rouge, de gris color\u00e9s, de nuances de vert et de marron.<\/p>","protected":false},"featured_media":16058,"parent":0,"menu_order":0,"template":"","meta":{"_acf_changed":false},"categorie-colectie":[5],"tag-obiect-colectie":[],"class_list":["post-16059","colectie","type-colectie","status-publish","has-post-thumbnail","hentry","categorie-colectie-textile"],"acf":[],"yoast_head":"<!-- This site is optimized with the Yoast SEO plugin v24.1 - https:\/\/yoast.com\/wordpress\/plugins\/seo\/ -->\n<title>Intrarea triumfal\u0103 \u00een Roma a \u00eemp\u0103ratului Vespasian \u0219i a lui Titus &#183; Peles Test<\/title>\n<meta name=\"robots\" content=\"noindex, follow, max-snippet:-1, max-image-preview:large, max-video-preview:-1\" \/>\n<script type=\"application\/ld+json\" class=\"yoast-schema-graph\">{\"@context\":\"https:\/\/schema.org\",\"@graph\":[{\"@type\":\"WebPage\",\"@id\":\"https:\/\/thewebdevpoint.com\/colectie\/intrarea-triumfala-in-roma-a-imparatului-vespasian-si-a-lui-titus\/\",\"url\":\"https:\/\/thewebdevpoint.com\/colectie\/intrarea-triumfala-in-roma-a-imparatului-vespasian-si-a-lui-titus\/\",\"name\":\"Intrarea triumfal\u0103 \u00een Roma a \u00eemp\u0103ratului Vespasian \u0219i a lui Titus &#183; Peles Test\",\"isPartOf\":{\"@id\":\"https:\/\/thewebdevpoint.com\/ro\/#website\"},\"primaryImageOfPage\":{\"@id\":\"https:\/\/thewebdevpoint.com\/colectie\/intrarea-triumfala-in-roma-a-imparatului-vespasian-si-a-lui-titus\/#primaryimage\"},\"image\":{\"@id\":\"https:\/\/thewebdevpoint.com\/colectie\/intrarea-triumfala-in-roma-a-imparatului-vespasian-si-a-lui-titus\/#primaryimage\"},\"thumbnailUrl\":\"https:\/\/thewebdevpoint.com\/wp-content\/uploads\/2024\/12\/vespasian.jpg\",\"datePublished\":\"2024-12-11T12:43:24+00:00\",\"dateModified\":\"2024-12-11T12:43:24+00:00\",\"breadcrumb\":{\"@id\":\"https:\/\/thewebdevpoint.com\/colectie\/intrarea-triumfala-in-roma-a-imparatului-vespasian-si-a-lui-titus\/#breadcrumb\"},\"inLanguage\":\"fr-FR\",\"potentialAction\":[{\"@type\":\"ReadAction\",\"target\":[\"https:\/\/thewebdevpoint.com\/colectie\/intrarea-triumfala-in-roma-a-imparatului-vespasian-si-a-lui-titus\/\"]}]},{\"@type\":\"ImageObject\",\"inLanguage\":\"fr-FR\",\"@id\":\"https:\/\/thewebdevpoint.com\/colectie\/intrarea-triumfala-in-roma-a-imparatului-vespasian-si-a-lui-titus\/#primaryimage\",\"url\":\"https:\/\/thewebdevpoint.com\/wp-content\/uploads\/2024\/12\/vespasian.jpg\",\"contentUrl\":\"https:\/\/thewebdevpoint.com\/wp-content\/uploads\/2024\/12\/vespasian.jpg\",\"width\":670,\"height\":644},{\"@type\":\"BreadcrumbList\",\"@id\":\"https:\/\/thewebdevpoint.com\/colectie\/intrarea-triumfala-in-roma-a-imparatului-vespasian-si-a-lui-titus\/#breadcrumb\",\"itemListElement\":[{\"@type\":\"ListItem\",\"position\":1,\"name\":\"Acas\u0103\",\"item\":\"https:\/\/thewebdevpoint.com\/\"},{\"@type\":\"ListItem\",\"position\":2,\"name\":\"Colectii\",\"item\":\"https:\/\/thewebdevpoint.com\/en\/colectii\/\"},{\"@type\":\"ListItem\",\"position\":3,\"name\":\"Intrarea triumfal\u0103 \u00een Roma a \u00eemp\u0103ratului Vespasian \u0219i a lui Titus\"}]},{\"@type\":\"WebSite\",\"@id\":\"https:\/\/thewebdevpoint.com\/ro\/#website\",\"url\":\"https:\/\/thewebdevpoint.com\/ro\/\",\"name\":\"Peles Test\",\"description\":\"\",\"publisher\":{\"@id\":\"https:\/\/thewebdevpoint.com\/ro\/#organization\"},\"potentialAction\":[{\"@type\":\"SearchAction\",\"target\":{\"@type\":\"EntryPoint\",\"urlTemplate\":\"https:\/\/thewebdevpoint.com\/ro\/?s={search_term_string}\"},\"query-input\":{\"@type\":\"PropertyValueSpecification\",\"valueRequired\":true,\"valueName\":\"search_term_string\"}}],\"inLanguage\":\"fr-FR\"},{\"@type\":\"Organization\",\"@id\":\"https:\/\/thewebdevpoint.com\/ro\/#organization\",\"name\":\"Muzeul Pele\u0219\",\"alternateName\":\"MP\",\"url\":\"https:\/\/thewebdevpoint.com\/ro\/\",\"logo\":{\"@type\":\"ImageObject\",\"inLanguage\":\"fr-FR\",\"@id\":\"https:\/\/thewebdevpoint.com\/ro\/#\/schema\/logo\/image\/\",\"url\":\"https:\/\/thewebdevpoint.com\/wp-content\/uploads\/2024\/10\/Logo.svg\",\"contentUrl\":\"https:\/\/thewebdevpoint.com\/wp-content\/uploads\/2024\/10\/Logo.svg\",\"width\":251,\"height\":48,\"caption\":\"Muzeul Pele\u0219\"},\"image\":{\"@id\":\"https:\/\/thewebdevpoint.com\/ro\/#\/schema\/logo\/image\/\"}}]}<\/script>\n<!-- \/ Yoast SEO plugin. -->","yoast_head_json":{"title":"Intrarea triumfal\u0103 \u00een Roma a \u00eemp\u0103ratului Vespasian \u0219i a lui Titus &#183; Peles Test","robots":{"index":"noindex","follow":"follow","max-snippet":"max-snippet:-1","max-image-preview":"max-image-preview:large","max-video-preview":"max-video-preview:-1"},"schema":{"@context":"https:\/\/schema.org","@graph":[{"@type":"WebPage","@id":"https:\/\/thewebdevpoint.com\/colectie\/intrarea-triumfala-in-roma-a-imparatului-vespasian-si-a-lui-titus\/","url":"https:\/\/thewebdevpoint.com\/colectie\/intrarea-triumfala-in-roma-a-imparatului-vespasian-si-a-lui-titus\/","name":"Intrarea triumfal\u0103 \u00een Roma a \u00eemp\u0103ratului Vespasian \u0219i a lui Titus &#183; Peles Test","isPartOf":{"@id":"https:\/\/thewebdevpoint.com\/ro\/#website"},"primaryImageOfPage":{"@id":"https:\/\/thewebdevpoint.com\/colectie\/intrarea-triumfala-in-roma-a-imparatului-vespasian-si-a-lui-titus\/#primaryimage"},"image":{"@id":"https:\/\/thewebdevpoint.com\/colectie\/intrarea-triumfala-in-roma-a-imparatului-vespasian-si-a-lui-titus\/#primaryimage"},"thumbnailUrl":"https:\/\/thewebdevpoint.com\/wp-content\/uploads\/2024\/12\/vespasian.jpg","datePublished":"2024-12-11T12:43:24+00:00","dateModified":"2024-12-11T12:43:24+00:00","breadcrumb":{"@id":"https:\/\/thewebdevpoint.com\/colectie\/intrarea-triumfala-in-roma-a-imparatului-vespasian-si-a-lui-titus\/#breadcrumb"},"inLanguage":"fr-FR","potentialAction":[{"@type":"ReadAction","target":["https:\/\/thewebdevpoint.com\/colectie\/intrarea-triumfala-in-roma-a-imparatului-vespasian-si-a-lui-titus\/"]}]},{"@type":"ImageObject","inLanguage":"fr-FR","@id":"https:\/\/thewebdevpoint.com\/colectie\/intrarea-triumfala-in-roma-a-imparatului-vespasian-si-a-lui-titus\/#primaryimage","url":"https:\/\/thewebdevpoint.com\/wp-content\/uploads\/2024\/12\/vespasian.jpg","contentUrl":"https:\/\/thewebdevpoint.com\/wp-content\/uploads\/2024\/12\/vespasian.jpg","width":670,"height":644},{"@type":"BreadcrumbList","@id":"https:\/\/thewebdevpoint.com\/colectie\/intrarea-triumfala-in-roma-a-imparatului-vespasian-si-a-lui-titus\/#breadcrumb","itemListElement":[{"@type":"ListItem","position":1,"name":"Acas\u0103","item":"https:\/\/thewebdevpoint.com\/"},{"@type":"ListItem","position":2,"name":"Colectii","item":"https:\/\/thewebdevpoint.com\/en\/colectii\/"},{"@type":"ListItem","position":3,"name":"Intrarea triumfal\u0103 \u00een Roma a \u00eemp\u0103ratului Vespasian \u0219i a lui Titus"}]},{"@type":"WebSite","@id":"https:\/\/thewebdevpoint.com\/ro\/#website","url":"https:\/\/thewebdevpoint.com\/ro\/","name":"Peles Test","description":"","publisher":{"@id":"https:\/\/thewebdevpoint.com\/ro\/#organization"},"potentialAction":[{"@type":"SearchAction","target":{"@type":"EntryPoint","urlTemplate":"https:\/\/thewebdevpoint.com\/ro\/?s={search_term_string}"},"query-input":{"@type":"PropertyValueSpecification","valueRequired":true,"valueName":"search_term_string"}}],"inLanguage":"fr-FR"},{"@type":"Organization","@id":"https:\/\/thewebdevpoint.com\/ro\/#organization","name":"Muzeul Pele\u0219","alternateName":"MP","url":"https:\/\/thewebdevpoint.com\/ro\/","logo":{"@type":"ImageObject","inLanguage":"fr-FR","@id":"https:\/\/thewebdevpoint.com\/ro\/#\/schema\/logo\/image\/","url":"https:\/\/thewebdevpoint.com\/wp-content\/uploads\/2024\/10\/Logo.svg","contentUrl":"https:\/\/thewebdevpoint.com\/wp-content\/uploads\/2024\/10\/Logo.svg","width":251,"height":48,"caption":"Muzeul Pele\u0219"},"image":{"@id":"https:\/\/thewebdevpoint.com\/ro\/#\/schema\/logo\/image\/"}}]}},"_links":{"self":[{"href":"https:\/\/thewebdevpoint.com\/fr\/wp-json\/wp\/v2\/colectie\/16059","targetHints":{"allow":["GET"]}}],"collection":[{"href":"https:\/\/thewebdevpoint.com\/fr\/wp-json\/wp\/v2\/colectie"}],"about":[{"href":"https:\/\/thewebdevpoint.com\/fr\/wp-json\/wp\/v2\/types\/colectie"}],"version-history":[{"count":1,"href":"https:\/\/thewebdevpoint.com\/fr\/wp-json\/wp\/v2\/colectie\/16059\/revisions"}],"predecessor-version":[{"id":16060,"href":"https:\/\/thewebdevpoint.com\/fr\/wp-json\/wp\/v2\/colectie\/16059\/revisions\/16060"}],"wp:featuredmedia":[{"embeddable":true,"href":"https:\/\/thewebdevpoint.com\/fr\/wp-json\/wp\/v2\/media\/16058"}],"wp:attachment":[{"href":"https:\/\/thewebdevpoint.com\/fr\/wp-json\/wp\/v2\/media?parent=16059"}],"wp:term":[{"taxonomy":"categorie-colectie","embeddable":true,"href":"https:\/\/thewebdevpoint.com\/fr\/wp-json\/wp\/v2\/categorie-colectie?post=16059"},{"taxonomy":"tag-obiect-colectie","embeddable":true,"href":"https:\/\/thewebdevpoint.com\/fr\/wp-json\/wp\/v2\/tag-obiect-colectie?post=16059"}],"curies":[{"name":"wp","href":"https:\/\/api.w.org\/{rel}","templated":true}]}}