{"id":8664,"date":"2024-10-08T11:59:10","date_gmt":"2024-10-08T11:59:10","guid":{"rendered":"https:\/\/pelestest.thepoint-agency.com\/ferdinand-i-omul-si-regele\/"},"modified":"2024-12-17T16:48:08","modified_gmt":"2024-12-17T14:48:08","slug":"ferdinand-i-omul-si-regele","status":"publish","type":"eveniment","link":"https:\/\/thewebdevpoint.com\/fr\/eveniment\/ferdinand-i-omul-si-regele\/","title":{"rendered":"Ferdinand Ier \u2013 L\u2019homme et le roi"},"content":{"rendered":"<h2>Pr\u00e9sentation de l&#039;exposition<\/h2>\n<p>&nbsp;<\/p>\n<div class=\"embed-media\"><iframe src=\"http:\/\/player.vimeo.com\/video\/25774579?title=0&amp;byline=0&amp;portrait=0\" width=\"300\" height=\"150\" frameborder=\"0\" data-aspectratio=\"0.5625\"><\/iframe><\/div>\n<p>&nbsp;<\/p>\n<hr \/>\n<h2>\u00c0 propos de l&#039;exposition<\/h2>\n<p>De 1997 \u00e0 aujourd&#039;hui, le Mus\u00e9e national Pele\u0219 a organis\u00e9 deux expositions consacr\u00e9es aux figures royales suivantes : la reine Maria (2000 et 2004), la reine Elisabeth (1997 et 2009), le roi Carol I (2006 et 2009) et la plus r\u00e9cente, consacr\u00e9e au roi Carol II (2010).<\/p>\n<div id=\"attachment_2125\" class=\"wp-caption alignleft\">\n<p><img fetchpriority=\"high\" decoding=\"async\" class=\"size-full wp-image-2125\" title=\"Ferdinand I\" src=\"https:\/\/pelestest.thepoint-agency.com\/wp-content\/uploads\/2016\/08\/foto1_resize.jpg\" alt=\"Ferdinand I\" width=\"350\" height=\"435\" \/><\/p>\n<p class=\"wp-caption-text\">Portrait du prince Ferdinand Antonio Argnani,<br \/>\npastel sur carton, \u00bc 20e si\u00e8cle<\/p>\n<\/div>\n<p>Moins visible dans le paysage royal de Sinaia, Ferdinand Ier paya une fois de plus \u2013 m\u00e9taphoriquement parlant \u2013 le tribut de sa modestie de toujours\u00a0: peu habitu\u00e9, voire g\u00ean\u00e9, \u00e0 acheter ou commander quoi que ce soit pour lui-m\u00eame, le roi Ferdinand laissa peu de traces mat\u00e9rielles pour la post\u00e9rit\u00e9. Sa pr\u00e9sence \u00e0 Sinaia, dans sa r\u00e9sidence priv\u00e9e de Peli\u015for, est totalement \u00e9clips\u00e9e par celle de Maria. Peli\u015for est le fruit de son exp\u00e9rience artistique tr\u00e8s \u00e9clectique. C\u2019est pourquoi les effets personnels de Ferdinand sont peu nombreux\u00a0: quelques livres de botanique et de fiction, un herbier de sa prime jeunesse et quelques pi\u00e8ces, un portrait sign\u00e9 par Argnani, son jeu d\u2019\u00e9checs et sa cravache. Heureusement, passionn\u00e9e de photographie, la reine Maria l\u2019a immortalis\u00e9 avec talent dans plusieurs poses de la vie quotidienne\u00a0: \u00e0 sa table de travail, en compagnie de sa famille ou de ses amis proches, lors de longues randonn\u00e9es sur les sentiers des for\u00eats de Sinaia.<\/p>\n<p>Une raison suppl\u00e9mentaire qui a d\u00e9termin\u00e9 l&#039;approche mus\u00e9ographique \u00e0 Pele\u015f est le 95e anniversaire de l&#039;entr\u00e9e de la Roumanie dans la Premi\u00e8re Guerre mondiale, avec des implications ind\u00e9niables pour le destin de la Roumanie : en ao\u00fbt 1916, l&#039;arm\u00e9e roumaine, dirig\u00e9e par le roi Ferdinand Ier, a rompu l&#039;alliance avec les puissances centrales pour \u00e9crire la page la plus glorieuse de l&#039;histoire nationale \u00e0 travers les victoires de M\u0103r\u0103\u015fti, M\u0103r\u0103\u015fe\u015fti et Oituz, \u00e0 l&#039;\u00e9t\u00e9 1917, couronn\u00e9es, le 1er d\u00e9cembre 1918, par le geste de r\u00e9aliser le r\u00eave s\u00e9culaire du peuple roumain, la Grande Roumanie.<\/p>\n<p>Destin\u00e9 \u00e0 devenir roi, Ferdinand Ier enveloppe sa personne et ses actes d&#039;un myst\u00e8re quasi total. \u00ab Sa vie \u00bb, dit l&#039;un de ses biographes posthumes, Eugen Wolbe, \u00ab assombrie par une certaine trag\u00e9die, fut conforme \u00e0 la rigueur du devoir. \u00bb \u00c0 l&#039;instar de Carol Ier, que les passionn\u00e9s d&#039;histoire nationale n&#039;ont v\u00e9ritablement connu qu&#039;apr\u00e8s la publication de la Correspondance priv\u00e9e en 2005, Ferdinand, auteur d&#039;un journal personnel in\u00e9dit, ne se r\u00e9v\u00e8le \u00e0 nous qu&#039;\u00e0 travers des fragments de m\u00e9moire ou les quelques biographies, plus ou moins inspir\u00e9es, qui se concentrent principalement sur le roi et oscillent entre un ton l\u00e9g\u00e8rement condescendant, des accents clairement critiques et un discours propagandiste. Malgr\u00e9 leur subjectivit\u00e9, les livres de ses contemporains restent les t\u00e9moins les plus cr\u00e9dibles de son destin.<\/p>\n<div id=\"attachment_2129\" class=\"wp-caption alignleft\">\n<p><img decoding=\"async\" class=\"size-full wp-image-2129\" title=\"Revolver\" src=\"https:\/\/pelestest.thepoint-agency.com\/wp-content\/uploads\/2016\/08\/foto4_resize.jpg\" alt=\"Revolver\" width=\"350\" height=\"236\" \/><\/p>\n<p class=\"wp-caption-text\">L&#039;atelier de revolvers du roi Ferdinand<br \/>\nLes Ouvriers D&#039;Eibar, acier dor\u00e9, nacre, \u00e9mail<br \/>\nMus\u00e9e national d&#039;histoire roumaine<\/p>\n<\/div>\n<p>Complexe et profonde, la personnalit\u00e9 de l&#039;homme Ferdinand, avec sa charmante maladresse et sa timidit\u00e9, son manque d&#039;enthousiasme \u00e0 peine dissimul\u00e9 pour la condition de roi et surtout avec son \u00e9rudition extraordinaire, \u00e9gal\u00e9e seulement par celle de la reine \u00c9lisabeth de Roumanie, ne trouvent leur juste ton que dans la n\u00e9crologie tr\u00e8s critiqu\u00e9e de Martha Bibescu, \u00ab Un sacrifice royal \u00bb.<\/p>\n<p>L&#039;exposition vise \u00e0 r\u00e9v\u00e9ler au grand public au moins une facette de l&#039;homme Ferdinand, \u00e0 travers ses passions\u00a0: la botanique, la bibliophilie, la lecture et la chasse, sans n\u00e9gliger sa qualit\u00e9 de monarque. Nombreusement limit\u00e9s, les objets personnels du roi Ferdinand trouveront toute leur valeur dans une pr\u00e9sentation confirm\u00e9e par les m\u00e9moires de l&#039;\u00e9poque.<\/p>\n<p>Organis\u00e9e en deux sections, Ferdinand l&#039;homme et Ferdinand le roi, l&#039;exposition r\u00e9unit des pi\u00e8ces de valeur artistique, historique et documentaire, issues du patrimoine du mus\u00e9e h\u00f4te, mais aussi des collections de prestigieux mus\u00e9es de la capitale\u00a0: le Mus\u00e9e national d&#039;histoire de Roumanie, le Mus\u00e9e national philat\u00e9lique et le Mus\u00e9e national militaire \u00ab\u00a0Ferdinand Ier\u00a0\u00bb. \u00c0 c\u00f4t\u00e9 du manteau du roi Ferdinand Ier, seront expos\u00e9s des copies de la couronne royale et de la masse de couronnement, un tr\u00f4ne de la fin du XIXe\u00a0si\u00e8cle, le masque mortuaire, des portraits royaux, des ordres et des m\u00e9dailles, des photographies d&#039;\u00e9poque, trois uniformes du souverain et un valtrap, etc.<\/p>\n<p>L&#039;un des gestes les plus convaincants quant \u00e0 la consid\u00e9ration et au respect avec lesquels il \u00e9tait consid\u00e9r\u00e9 par ses contemporains est la donation qui lui a \u00e9t\u00e9 faite le 23 janvier 1884 par la duchesse de Hertzberg, descendante du duc de Hertzberg, ministre des Affaires \u00e9trang\u00e8res de Prusse sous le r\u00e8gne de Fr\u00e9d\u00e9ric le Grand (1725-1795) et auteur d&#039;une \u00ab Histoire de la<\/p>\n<p><img decoding=\"async\" class=\"size-full wp-image-2135 alignleft\" title=\"Couronnement\" src=\"https:\/\/pelestest.thepoint-agency.com\/wp-content\/uploads\/2016\/08\/foto6_resize.jpg\" alt=\"Incoronarea\" width=\"350\" height=\"215\" \/><\/p>\n<p class=\"wp-caption-text\">Couronnement du roi Ferdinand Ier<br \/>\nAlba Iulia, 15 octobre 1922<br \/>\nMus\u00e9e national d&#039;histoire roumaine<\/p>\n<p>\u00ab\u00a0Les secrets de la cour de Berlin\u00a0\u00bb. Les lettres datent de la p\u00e9riode 1747-1782 et seront pr\u00e9sent\u00e9es pour la premi\u00e8re fois dans l&#039;exposition.<br \/>\n<br>&nbsp;<br><\/p>\n<h2>Visite de l&#039;exposition<\/h2>\n<div id=\"attachment_2135\" class=\"wp-caption alignleft\"><\/div>\n<p>L&#039;exposition a \u00e9t\u00e9 visit\u00e9e pendant :<br \/>\n24 juin \u2013 2 septembre 2011.<\/p>","protected":false},"featured_media":0,"template":"","meta":{"_acf_changed":false},"categorie-evenimente":[],"class_list":["post-8664","eveniment","type-eveniment","status-publish","hentry"],"acf":[],"yoast_head":"<!-- This site is optimized with the Yoast SEO plugin v24.1 - https:\/\/yoast.com\/wordpress\/plugins\/seo\/ -->\n<title>Ferdinand I - Omul \u0219i Regele &#183; Peles Test<\/title>\n<meta name=\"robots\" content=\"noindex, follow, max-snippet:-1, max-image-preview:large, max-video-preview:-1\" \/>\n<script type=\"application\/ld+json\" class=\"yoast-schema-graph\">{\"@context\":\"https:\/\/schema.org\",\"@graph\":[{\"@type\":\"WebPage\",\"@id\":\"https:\/\/thewebdevpoint.com\/eveniment\/ferdinand-i-omul-si-regele\/\",\"url\":\"https:\/\/thewebdevpoint.com\/eveniment\/ferdinand-i-omul-si-regele\/\",\"name\":\"Ferdinand I - Omul \u0219i Regele &#183; Peles Test\",\"isPartOf\":{\"@id\":\"https:\/\/thewebdevpoint.com\/ro\/#website\"},\"primaryImageOfPage\":{\"@id\":\"https:\/\/thewebdevpoint.com\/eveniment\/ferdinand-i-omul-si-regele\/#primaryimage\"},\"image\":{\"@id\":\"https:\/\/thewebdevpoint.com\/eveniment\/ferdinand-i-omul-si-regele\/#primaryimage\"},\"thumbnailUrl\":\"https:\/\/pelestest.thepoint-agency.com\/wp-content\/uploads\/2016\/08\/foto1_resize.jpg\",\"datePublished\":\"2024-10-08T11:59:10+00:00\",\"dateModified\":\"2024-12-17T14:48:08+00:00\",\"breadcrumb\":{\"@id\":\"https:\/\/thewebdevpoint.com\/eveniment\/ferdinand-i-omul-si-regele\/#breadcrumb\"},\"inLanguage\":\"fr-FR\",\"potentialAction\":[{\"@type\":\"ReadAction\",\"target\":[\"https:\/\/thewebdevpoint.com\/eveniment\/ferdinand-i-omul-si-regele\/\"]}]},{\"@type\":\"ImageObject\",\"inLanguage\":\"fr-FR\",\"@id\":\"https:\/\/thewebdevpoint.com\/eveniment\/ferdinand-i-omul-si-regele\/#primaryimage\",\"url\":\"https:\/\/pelestest.thepoint-agency.com\/wp-content\/uploads\/2016\/08\/foto1_resize.jpg\",\"contentUrl\":\"https:\/\/pelestest.thepoint-agency.com\/wp-content\/uploads\/2016\/08\/foto1_resize.jpg\"},{\"@type\":\"BreadcrumbList\",\"@id\":\"https:\/\/thewebdevpoint.com\/eveniment\/ferdinand-i-omul-si-regele\/#breadcrumb\",\"itemListElement\":[{\"@type\":\"ListItem\",\"position\":1,\"name\":\"Acas\u0103\",\"item\":\"https:\/\/thewebdevpoint.com\/\"},{\"@type\":\"ListItem\",\"position\":2,\"name\":\"Evenimente\",\"item\":\"https:\/\/thewebdevpoint.com\/ro\/evenimente\/\"},{\"@type\":\"ListItem\",\"position\":3,\"name\":\"Ferdinand I &#8211; Omul \u0219i Regele\"}]},{\"@type\":\"WebSite\",\"@id\":\"https:\/\/thewebdevpoint.com\/ro\/#website\",\"url\":\"https:\/\/thewebdevpoint.com\/ro\/\",\"name\":\"Peles Test\",\"description\":\"\",\"publisher\":{\"@id\":\"https:\/\/thewebdevpoint.com\/ro\/#organization\"},\"potentialAction\":[{\"@type\":\"SearchAction\",\"target\":{\"@type\":\"EntryPoint\",\"urlTemplate\":\"https:\/\/thewebdevpoint.com\/ro\/?s={search_term_string}\"},\"query-input\":{\"@type\":\"PropertyValueSpecification\",\"valueRequired\":true,\"valueName\":\"search_term_string\"}}],\"inLanguage\":\"fr-FR\"},{\"@type\":\"Organization\",\"@id\":\"https:\/\/thewebdevpoint.com\/ro\/#organization\",\"name\":\"Muzeul Pele\u0219\",\"alternateName\":\"MP\",\"url\":\"https:\/\/thewebdevpoint.com\/ro\/\",\"logo\":{\"@type\":\"ImageObject\",\"inLanguage\":\"fr-FR\",\"@id\":\"https:\/\/thewebdevpoint.com\/ro\/#\/schema\/logo\/image\/\",\"url\":\"https:\/\/thewebdevpoint.com\/wp-content\/uploads\/2024\/10\/Logo.svg\",\"contentUrl\":\"https:\/\/thewebdevpoint.com\/wp-content\/uploads\/2024\/10\/Logo.svg\",\"width\":251,\"height\":48,\"caption\":\"Muzeul Pele\u0219\"},\"image\":{\"@id\":\"https:\/\/thewebdevpoint.com\/ro\/#\/schema\/logo\/image\/\"}}]}<\/script>\n<!-- \/ Yoast SEO plugin. -->","yoast_head_json":{"title":"Ferdinand I - Omul \u0219i Regele &#183; Peles Test","robots":{"index":"noindex","follow":"follow","max-snippet":"max-snippet:-1","max-image-preview":"max-image-preview:large","max-video-preview":"max-video-preview:-1"},"schema":{"@context":"https:\/\/schema.org","@graph":[{"@type":"WebPage","@id":"https:\/\/thewebdevpoint.com\/eveniment\/ferdinand-i-omul-si-regele\/","url":"https:\/\/thewebdevpoint.com\/eveniment\/ferdinand-i-omul-si-regele\/","name":"Ferdinand I - Omul \u0219i Regele &#183; Peles Test","isPartOf":{"@id":"https:\/\/thewebdevpoint.com\/ro\/#website"},"primaryImageOfPage":{"@id":"https:\/\/thewebdevpoint.com\/eveniment\/ferdinand-i-omul-si-regele\/#primaryimage"},"image":{"@id":"https:\/\/thewebdevpoint.com\/eveniment\/ferdinand-i-omul-si-regele\/#primaryimage"},"thumbnailUrl":"https:\/\/pelestest.thepoint-agency.com\/wp-content\/uploads\/2016\/08\/foto1_resize.jpg","datePublished":"2024-10-08T11:59:10+00:00","dateModified":"2024-12-17T14:48:08+00:00","breadcrumb":{"@id":"https:\/\/thewebdevpoint.com\/eveniment\/ferdinand-i-omul-si-regele\/#breadcrumb"},"inLanguage":"fr-FR","potentialAction":[{"@type":"ReadAction","target":["https:\/\/thewebdevpoint.com\/eveniment\/ferdinand-i-omul-si-regele\/"]}]},{"@type":"ImageObject","inLanguage":"fr-FR","@id":"https:\/\/thewebdevpoint.com\/eveniment\/ferdinand-i-omul-si-regele\/#primaryimage","url":"https:\/\/pelestest.thepoint-agency.com\/wp-content\/uploads\/2016\/08\/foto1_resize.jpg","contentUrl":"https:\/\/pelestest.thepoint-agency.com\/wp-content\/uploads\/2016\/08\/foto1_resize.jpg"},{"@type":"BreadcrumbList","@id":"https:\/\/thewebdevpoint.com\/eveniment\/ferdinand-i-omul-si-regele\/#breadcrumb","itemListElement":[{"@type":"ListItem","position":1,"name":"Acas\u0103","item":"https:\/\/thewebdevpoint.com\/"},{"@type":"ListItem","position":2,"name":"Evenimente","item":"https:\/\/thewebdevpoint.com\/ro\/evenimente\/"},{"@type":"ListItem","position":3,"name":"Ferdinand I &#8211; Omul \u0219i Regele"}]},{"@type":"WebSite","@id":"https:\/\/thewebdevpoint.com\/ro\/#website","url":"https:\/\/thewebdevpoint.com\/ro\/","name":"Peles Test","description":"","publisher":{"@id":"https:\/\/thewebdevpoint.com\/ro\/#organization"},"potentialAction":[{"@type":"SearchAction","target":{"@type":"EntryPoint","urlTemplate":"https:\/\/thewebdevpoint.com\/ro\/?s={search_term_string}"},"query-input":{"@type":"PropertyValueSpecification","valueRequired":true,"valueName":"search_term_string"}}],"inLanguage":"fr-FR"},{"@type":"Organization","@id":"https:\/\/thewebdevpoint.com\/ro\/#organization","name":"Muzeul Pele\u0219","alternateName":"MP","url":"https:\/\/thewebdevpoint.com\/ro\/","logo":{"@type":"ImageObject","inLanguage":"fr-FR","@id":"https:\/\/thewebdevpoint.com\/ro\/#\/schema\/logo\/image\/","url":"https:\/\/thewebdevpoint.com\/wp-content\/uploads\/2024\/10\/Logo.svg","contentUrl":"https:\/\/thewebdevpoint.com\/wp-content\/uploads\/2024\/10\/Logo.svg","width":251,"height":48,"caption":"Muzeul Pele\u0219"},"image":{"@id":"https:\/\/thewebdevpoint.com\/ro\/#\/schema\/logo\/image\/"}}]}},"_links":{"self":[{"href":"https:\/\/thewebdevpoint.com\/fr\/wp-json\/wp\/v2\/eveniment\/8664","targetHints":{"allow":["GET"]}}],"collection":[{"href":"https:\/\/thewebdevpoint.com\/fr\/wp-json\/wp\/v2\/eveniment"}],"about":[{"href":"https:\/\/thewebdevpoint.com\/fr\/wp-json\/wp\/v2\/types\/eveniment"}],"version-history":[{"count":1,"href":"https:\/\/thewebdevpoint.com\/fr\/wp-json\/wp\/v2\/eveniment\/8664\/revisions"}],"predecessor-version":[{"id":16737,"href":"https:\/\/thewebdevpoint.com\/fr\/wp-json\/wp\/v2\/eveniment\/8664\/revisions\/16737"}],"wp:attachment":[{"href":"https:\/\/thewebdevpoint.com\/fr\/wp-json\/wp\/v2\/media?parent=8664"}],"wp:term":[{"taxonomy":"categorie-evenimente","embeddable":true,"href":"https:\/\/thewebdevpoint.com\/fr\/wp-json\/wp\/v2\/categorie-evenimente?post=8664"}],"curies":[{"name":"wp","href":"https:\/\/api.w.org\/{rel}","templated":true}]}}