{"id":8665,"date":"2024-10-08T11:59:10","date_gmt":"2024-10-08T11:59:10","guid":{"rendered":"https:\/\/pelestest.thepoint-agency.com\/regele-mihai-i-90-de-ani\/"},"modified":"2024-12-17T16:48:08","modified_gmt":"2024-12-17T14:48:08","slug":"regele-mihai-i-90-de-ani","status":"publish","type":"eveniment","link":"https:\/\/thewebdevpoint.com\/fr\/eveniment\/regele-mihai-i-90-de-ani\/","title":{"rendered":"Roi Mihai I \u2013 90 ans"},"content":{"rendered":"<h2>Pr\u00e9sentation de l&#039;exposition<\/h2>\n<div class=\"embed-media\"><iframe src=\"http:\/\/player.vimeo.com\/video\/30231635?title=0&amp;byline=0&amp;portrait=0\" width=\"300\" height=\"150\" frameborder=\"0\" allowfullscreen=\"allowfullscreen\" data-aspectratio=\"0.5618181818181818\"><\/iframe><\/div>\n<hr \/>\n<h2>\u00c0 propos de l&#039;exposition<\/h2>\n<p><img fetchpriority=\"high\" decoding=\"async\" class=\"alignright size-full wp-image-3241\" title=\"Roi Mihai\" src=\"https:\/\/pelestest.thepoint-agency.com\/wp-content\/uploads\/2016\/08\/5778-26.jpg\" alt=\"Regele Mihai\" width=\"320\" height=\"238\" \/>Sa Majest\u00e9 le roi Michel Ier, dont l&#039;existence remarquable a \u00e9t\u00e9 identifi\u00e9e au destin historique de la Roumanie contemporaine, survivant \u00e0 l&#039;effondrement du communisme, f\u00eate cette ann\u00e9e l&#039;\u00e2ge v\u00e9n\u00e9rable de 90 ans.<\/p>\n<p>N\u00e9 le 25 octobre 1921 au ch\u00e2teau de Foisor \u00e0 Sinaia et baptis\u00e9 dans le rite orthodoxe du nom du vo\u00efvode Michel le Brave, Michel Ier a d\u00e9couvert tr\u00e8s t\u00f4t la valeur des mots devoir, foi et patrie, valeurs qui avaient ennobli le r\u00e8gne de son grand-p\u00e8re, Ferdinand le Loyal (1914 \u2013 1927).<\/p>\n<p>\u00c0 seulement six ans, l&#039;enfant pr\u00e9coce, qui parlait roumain et anglais, \u00e9tudiait le piano et les \u00e9checs, montait \u00e0 poney, prenait des photos et conduisait une petite voiture, sous la surveillance attentive de sa m\u00e8re, la princesse - m\u00e8re Elena, est jet\u00e9 dans le tourbillon de l&#039;histoire. Apr\u00e8s la troisi\u00e8me abdication de son p\u00e8re, le prince Carol, il se voit confier la t\u00e2che ingrate de gouverner un pays \u00e0 la d\u00e9rive (1927-1930).<\/p>\n<p>D\u00e9tr\u00f4n\u00e9 apr\u00e8s le retour d&#039;exil du roi Carol II, le 8 juin 1930, il re\u00e7ut le titre symbolique de Grand Vo\u00efvode d&#039;Alba-Iulia, fr\u00e9quenta une \u00e9cole priv\u00e9e stricte du Palais royal et commen\u00e7a sa formation militaire. \u00c0 seulement seize ans, il fut promu au grade de sous-lieutenant du 1er bataillon de chasseurs de montagne et pr\u00eata serment d&#039;all\u00e9geance au roi. \u00c0 cette m\u00eame \u00e9poque, Michel Ier \u00e9tait le plus jeune mar\u00e9chal de l&#039;arm\u00e9e roumaine.<\/p>\n<p><img decoding=\"async\" class=\"alignright size-full wp-image-3242\" title=\"Roi Mihai\" src=\"https:\/\/pelestest.thepoint-agency.com\/wp-content\/uploads\/2016\/08\/4937-11.jpg\" alt=\"Regele Mihai\" width=\"320\" height=\"227\" \/>Tenu \u00e0 l&#039;\u00e9cart du tumulte de la vie politique, domin\u00e9 par la figure autoritaire du roi, Mihai assiste impuissant aux \u00e9v\u00e9nements turbulents de la Roumanie de l&#039;entre-deux-guerres, marqu\u00e9s par la mont\u00e9e des mouvements extr\u00e9mistes, culminant avec les assassinats politiques, le changement de la Constitution, l&#039;interdiction de tous les partis et la dictature carliste.<\/p>\n<p>En 1937, il accompagna Carol II lors d&#039;une visite officielle en Pologne et repr\u00e9senta la Roumanie au couronnement du roi Georges VI, et en 1938, il participa \u00e0 la tourn\u00e9e diplomatique du roi Carol II \u00e0 Londres, Paris et Bruxelles, ainsi qu&#039;\u00e0 la rencontre historique avec Hitler le 24 novembre 1938.<\/p>\n<p>Le pacte Ribbentrop-Molotov du 23 ao\u00fbt 1939 et le dictat de Vienne du 30 ao\u00fbt 1940, aux cons\u00e9quences d\u00e9sastreuses pour la Roumanie, h\u00e2t\u00e8rent la fin du r\u00e8gne controvers\u00e9 de Carol II. Contraint de quitter le pays le 6 septembre 1940, Carol laisse entre les mains de son fils, Michel Ier, les destin\u00e9es d&#039;une Roumanie divis\u00e9e par les provinces historiques de Transylvanie, de Bucovine et de Bessarabie. Face au fait accompli, \u00e0 presque dix-neuf ans, Mihai a pr\u00eat\u00e9 pour la deuxi\u00e8me fois serment d&#039;all\u00e9geance \u00e0 la nation et au Parlement, assumant un r\u00f4le historique qu&#039;il a sans aucun doute su jouer avec dignit\u00e9 et courage.<\/p>\n<p>Marqu\u00e9e par la duplicit\u00e9 de l&#039;Occident, le sort de la Roumanie semblait scell\u00e9 : par la volont\u00e9 du mar\u00e9chal Antonescu, autoproclam\u00e9 \u00ab Leader \u00bb, la Roumanie \u00e9tait entr\u00e9e en guerre aux c\u00f4t\u00e9s de l&#039;Axe contre la volont\u00e9 du roi sur le tr\u00f4ne. Antonescu proclama l&#039;\u00c9tat l\u00e9gionnaire (14 septembre 1940 \u2013 janvier 1941), d\u00e9clara la guerre \u00e0 l&#039;Union sovi\u00e9tique le 22 juin 1941 et agit au-del\u00e0 de l&#039;autorit\u00e9 l\u00e9gale du roi. Conscient des cons\u00e9quences d\u00e9sastreuses de la politique d&#039;Antonescu, le roi Mihai d\u00e9cide de changer le cours de l&#039;histoire.<\/p>\n<p>L&#039;acte courageux du 23 ao\u00fbt 1944, par lequel la Roumanie rejoint les alli\u00e9s traditionnels, raccourcissant la guerre de six mois et \u00e9pargnant des dizaines de milliers de vies humaines, fut l&#039;\u0153uvre du jeune Michel Ier. A 22 heures, Radio Roumanie diffusa le message du roi, dans lequel l&#039;arm\u00e9e roumaine tourna ses armes contre l&#039;Allemagne nazie, et la Constitution de 1923 fut r\u00e9tablie. Pour ses services rendus \u00e0 l&#039;humanit\u00e9 \u00e0 travers le geste historique du 23 ao\u00fbt, le roi Michel a \u00e9t\u00e9 honor\u00e9 par le pr\u00e9sident des \u00c9tats-Unis de la \u00ab L\u00e9gion du M\u00e9rite \u00bb et par l&#039;URSS, de l&#039;\u00ab Ordre de Victoria \u00bb.<\/p>\n<p><img decoding=\"async\" class=\"alignright size-full wp-image-3247\" title=\"Roi Mihai\" src=\"https:\/\/pelestest.thepoint-agency.com\/wp-content\/uploads\/2016\/08\/13946.jpg\" alt=\"Regele Mihai\" width=\"320\" height=\"390\" \/>Contraint de reconna\u00eetre finalement un gouvernement communiste, dirig\u00e9 par Petru Groza (6 mars 1945 \u2013 30 novembre 1946), le roi prend des mesures d\u00e9sesp\u00e9r\u00e9es pour limiter le danger rouge en Roumanie. Ses actions diplomatiques sont toutefois vou\u00e9es \u00e0 l\u2019\u00e9chec. Apr\u00e8s la \u00ab gr\u00e8ve royale \u00bb d&#039;ao\u00fbt 1945-d\u00e9cembre 1946, le roi Michel Ier fut contraint - en l&#039;absence de soutien ext\u00e9rieur - de reconna\u00eetre les \u00e9lections frauduleuses de novembre 1946. Le 30 d\u00e9cembre 1947, Michel Ier fut contraint de signer l&#039;acte d&#039;abdication. Avec le dernier roi s&#039;ach\u00e8ve un chapitre de r\u00e9alisations culturelles, \u00e9conomiques et sociales remarquables, brutalement balay\u00e9 par le rouleau compresseur communiste.<\/p>\n<p>Depuis son exil, le c\u0153ur du roi continua de battre pour la Roumanie. En 1948, il se rendit \u00e0 Londres et \u00e0 New York pour sensibiliser l&#039;Occident aux abus du r\u00e9gime socialiste roumain. Dans les ann\u00e9es 1950, il fonda le Comit\u00e9 national roumain, qu&#039;il coordonna avec d\u00e9vouement et altruisme.<\/p>\n<p>Apr\u00e8s la chute du communisme, le roi Michel est revenu en Roumanie et a contribu\u00e9 par son prestige personnel \u00e0 l&#039;adh\u00e9sion de notre pays \u00e0 l&#039;OTAN. Il a d\u00e9fendu la cause de la Roumanie dans le monde \u00e0 travers des visites, des conf\u00e9rences et des apparitions dans la presse et \u00e0 la t\u00e9l\u00e9vision, aux c\u00f4t\u00e9s de Son Altesse Royale Anne de Bourbon-Parme et de la princesse Margareta, d\u00e9sign\u00e9e comme son successeur en 1997.<\/p>\n<hr \/>\n<h2>Vernissage de l&#039;exposition<\/h2>\n<div class=\"embed-media\"><iframe src=\"http:\/\/player.vimeo.com\/video\/30924333?title=0&amp;byline=0&amp;portrait=0\" width=\"300\" height=\"150\" frameborder=\"0\" allowfullscreen=\"allowfullscreen\" data-aspectratio=\"0.5618181818181818\"><\/iframe><\/div>\n<hr \/>\n<h2>Visite de l&#039;exposition<\/h2>\n<p>L&#039;exposition a \u00e9t\u00e9 visit\u00e9e pendant :<br \/>\n21 octobre \u2013 13 janvier 2012.<\/p>\n<hr \/>\n<p><img loading=\"lazy\" decoding=\"async\" class=\"alignnone size-full wp-image-3268\" title=\"Roi Mihai\" src=\"https:\/\/web.archive.org\/web\/20150818131531im_\/https:\/\/pelestest.thepoint-agency.com\/wp-content\/uploads\/2011\/01\/afis-mihai4.jpg\" alt=\"Regele Mihai\" width=\"550\" height=\"778\" \/><\/p>","protected":false},"featured_media":0,"template":"","meta":{"_acf_changed":false},"categorie-evenimente":[],"class_list":["post-8665","eveniment","type-eveniment","status-publish","hentry"],"acf":[],"yoast_head":"<!-- This site is optimized with the Yoast SEO plugin v24.1 - https:\/\/yoast.com\/wordpress\/plugins\/seo\/ -->\n<title>Regele Mihai I - 90 de Ani &#183; Peles Test<\/title>\n<meta name=\"robots\" content=\"noindex, follow, max-snippet:-1, max-image-preview:large, max-video-preview:-1\" \/>\n<script type=\"application\/ld+json\" class=\"yoast-schema-graph\">{\"@context\":\"https:\/\/schema.org\",\"@graph\":[{\"@type\":\"WebPage\",\"@id\":\"https:\/\/thewebdevpoint.com\/eveniment\/regele-mihai-i-90-de-ani\/\",\"url\":\"https:\/\/thewebdevpoint.com\/eveniment\/regele-mihai-i-90-de-ani\/\",\"name\":\"Regele Mihai I - 90 de Ani &#183; Peles Test\",\"isPartOf\":{\"@id\":\"https:\/\/thewebdevpoint.com\/ro\/#website\"},\"primaryImageOfPage\":{\"@id\":\"https:\/\/thewebdevpoint.com\/eveniment\/regele-mihai-i-90-de-ani\/#primaryimage\"},\"image\":{\"@id\":\"https:\/\/thewebdevpoint.com\/eveniment\/regele-mihai-i-90-de-ani\/#primaryimage\"},\"thumbnailUrl\":\"https:\/\/pelestest.thepoint-agency.com\/wp-content\/uploads\/2016\/08\/5778-26.jpg\",\"datePublished\":\"2024-10-08T11:59:10+00:00\",\"dateModified\":\"2024-12-17T14:48:08+00:00\",\"breadcrumb\":{\"@id\":\"https:\/\/thewebdevpoint.com\/eveniment\/regele-mihai-i-90-de-ani\/#breadcrumb\"},\"inLanguage\":\"fr-FR\",\"potentialAction\":[{\"@type\":\"ReadAction\",\"target\":[\"https:\/\/thewebdevpoint.com\/eveniment\/regele-mihai-i-90-de-ani\/\"]}]},{\"@type\":\"ImageObject\",\"inLanguage\":\"fr-FR\",\"@id\":\"https:\/\/thewebdevpoint.com\/eveniment\/regele-mihai-i-90-de-ani\/#primaryimage\",\"url\":\"https:\/\/pelestest.thepoint-agency.com\/wp-content\/uploads\/2016\/08\/5778-26.jpg\",\"contentUrl\":\"https:\/\/pelestest.thepoint-agency.com\/wp-content\/uploads\/2016\/08\/5778-26.jpg\"},{\"@type\":\"BreadcrumbList\",\"@id\":\"https:\/\/thewebdevpoint.com\/eveniment\/regele-mihai-i-90-de-ani\/#breadcrumb\",\"itemListElement\":[{\"@type\":\"ListItem\",\"position\":1,\"name\":\"Acas\u0103\",\"item\":\"https:\/\/thewebdevpoint.com\/\"},{\"@type\":\"ListItem\",\"position\":2,\"name\":\"Evenimente\",\"item\":\"https:\/\/thewebdevpoint.com\/ro\/evenimente\/\"},{\"@type\":\"ListItem\",\"position\":3,\"name\":\"Regele Mihai I &#8211; 90 de Ani\"}]},{\"@type\":\"WebSite\",\"@id\":\"https:\/\/thewebdevpoint.com\/ro\/#website\",\"url\":\"https:\/\/thewebdevpoint.com\/ro\/\",\"name\":\"Peles Test\",\"description\":\"\",\"publisher\":{\"@id\":\"https:\/\/thewebdevpoint.com\/ro\/#organization\"},\"potentialAction\":[{\"@type\":\"SearchAction\",\"target\":{\"@type\":\"EntryPoint\",\"urlTemplate\":\"https:\/\/thewebdevpoint.com\/ro\/?s={search_term_string}\"},\"query-input\":{\"@type\":\"PropertyValueSpecification\",\"valueRequired\":true,\"valueName\":\"search_term_string\"}}],\"inLanguage\":\"fr-FR\"},{\"@type\":\"Organization\",\"@id\":\"https:\/\/thewebdevpoint.com\/ro\/#organization\",\"name\":\"Muzeul Pele\u0219\",\"alternateName\":\"MP\",\"url\":\"https:\/\/thewebdevpoint.com\/ro\/\",\"logo\":{\"@type\":\"ImageObject\",\"inLanguage\":\"fr-FR\",\"@id\":\"https:\/\/thewebdevpoint.com\/ro\/#\/schema\/logo\/image\/\",\"url\":\"https:\/\/thewebdevpoint.com\/wp-content\/uploads\/2024\/10\/Logo.svg\",\"contentUrl\":\"https:\/\/thewebdevpoint.com\/wp-content\/uploads\/2024\/10\/Logo.svg\",\"width\":251,\"height\":48,\"caption\":\"Muzeul Pele\u0219\"},\"image\":{\"@id\":\"https:\/\/thewebdevpoint.com\/ro\/#\/schema\/logo\/image\/\"}}]}<\/script>\n<!-- \/ Yoast SEO plugin. -->","yoast_head_json":{"title":"Regele Mihai I - 90 de Ani &#183; Peles Test","robots":{"index":"noindex","follow":"follow","max-snippet":"max-snippet:-1","max-image-preview":"max-image-preview:large","max-video-preview":"max-video-preview:-1"},"schema":{"@context":"https:\/\/schema.org","@graph":[{"@type":"WebPage","@id":"https:\/\/thewebdevpoint.com\/eveniment\/regele-mihai-i-90-de-ani\/","url":"https:\/\/thewebdevpoint.com\/eveniment\/regele-mihai-i-90-de-ani\/","name":"Regele Mihai I - 90 de Ani &#183; Peles Test","isPartOf":{"@id":"https:\/\/thewebdevpoint.com\/ro\/#website"},"primaryImageOfPage":{"@id":"https:\/\/thewebdevpoint.com\/eveniment\/regele-mihai-i-90-de-ani\/#primaryimage"},"image":{"@id":"https:\/\/thewebdevpoint.com\/eveniment\/regele-mihai-i-90-de-ani\/#primaryimage"},"thumbnailUrl":"https:\/\/pelestest.thepoint-agency.com\/wp-content\/uploads\/2016\/08\/5778-26.jpg","datePublished":"2024-10-08T11:59:10+00:00","dateModified":"2024-12-17T14:48:08+00:00","breadcrumb":{"@id":"https:\/\/thewebdevpoint.com\/eveniment\/regele-mihai-i-90-de-ani\/#breadcrumb"},"inLanguage":"fr-FR","potentialAction":[{"@type":"ReadAction","target":["https:\/\/thewebdevpoint.com\/eveniment\/regele-mihai-i-90-de-ani\/"]}]},{"@type":"ImageObject","inLanguage":"fr-FR","@id":"https:\/\/thewebdevpoint.com\/eveniment\/regele-mihai-i-90-de-ani\/#primaryimage","url":"https:\/\/pelestest.thepoint-agency.com\/wp-content\/uploads\/2016\/08\/5778-26.jpg","contentUrl":"https:\/\/pelestest.thepoint-agency.com\/wp-content\/uploads\/2016\/08\/5778-26.jpg"},{"@type":"BreadcrumbList","@id":"https:\/\/thewebdevpoint.com\/eveniment\/regele-mihai-i-90-de-ani\/#breadcrumb","itemListElement":[{"@type":"ListItem","position":1,"name":"Acas\u0103","item":"https:\/\/thewebdevpoint.com\/"},{"@type":"ListItem","position":2,"name":"Evenimente","item":"https:\/\/thewebdevpoint.com\/ro\/evenimente\/"},{"@type":"ListItem","position":3,"name":"Regele Mihai I &#8211; 90 de Ani"}]},{"@type":"WebSite","@id":"https:\/\/thewebdevpoint.com\/ro\/#website","url":"https:\/\/thewebdevpoint.com\/ro\/","name":"Peles Test","description":"","publisher":{"@id":"https:\/\/thewebdevpoint.com\/ro\/#organization"},"potentialAction":[{"@type":"SearchAction","target":{"@type":"EntryPoint","urlTemplate":"https:\/\/thewebdevpoint.com\/ro\/?s={search_term_string}"},"query-input":{"@type":"PropertyValueSpecification","valueRequired":true,"valueName":"search_term_string"}}],"inLanguage":"fr-FR"},{"@type":"Organization","@id":"https:\/\/thewebdevpoint.com\/ro\/#organization","name":"Muzeul Pele\u0219","alternateName":"MP","url":"https:\/\/thewebdevpoint.com\/ro\/","logo":{"@type":"ImageObject","inLanguage":"fr-FR","@id":"https:\/\/thewebdevpoint.com\/ro\/#\/schema\/logo\/image\/","url":"https:\/\/thewebdevpoint.com\/wp-content\/uploads\/2024\/10\/Logo.svg","contentUrl":"https:\/\/thewebdevpoint.com\/wp-content\/uploads\/2024\/10\/Logo.svg","width":251,"height":48,"caption":"Muzeul Pele\u0219"},"image":{"@id":"https:\/\/thewebdevpoint.com\/ro\/#\/schema\/logo\/image\/"}}]}},"_links":{"self":[{"href":"https:\/\/thewebdevpoint.com\/fr\/wp-json\/wp\/v2\/eveniment\/8665","targetHints":{"allow":["GET"]}}],"collection":[{"href":"https:\/\/thewebdevpoint.com\/fr\/wp-json\/wp\/v2\/eveniment"}],"about":[{"href":"https:\/\/thewebdevpoint.com\/fr\/wp-json\/wp\/v2\/types\/eveniment"}],"version-history":[{"count":1,"href":"https:\/\/thewebdevpoint.com\/fr\/wp-json\/wp\/v2\/eveniment\/8665\/revisions"}],"predecessor-version":[{"id":16738,"href":"https:\/\/thewebdevpoint.com\/fr\/wp-json\/wp\/v2\/eveniment\/8665\/revisions\/16738"}],"wp:attachment":[{"href":"https:\/\/thewebdevpoint.com\/fr\/wp-json\/wp\/v2\/media?parent=8665"}],"wp:term":[{"taxonomy":"categorie-evenimente","embeddable":true,"href":"https:\/\/thewebdevpoint.com\/fr\/wp-json\/wp\/v2\/categorie-evenimente?post=8665"}],"curies":[{"name":"wp","href":"https:\/\/api.w.org\/{rel}","templated":true}]}}