{"id":8670,"date":"2024-10-08T11:59:10","date_gmt":"2024-10-08T11:59:10","guid":{"rendered":"https:\/\/pelestest.thepoint-agency.com\/armonie-si-grandoare-arta-italiana-la-castelul-peles\/"},"modified":"2024-12-19T09:49:27","modified_gmt":"2024-12-19T07:49:27","slug":"armonie-si-grandoare-arta-italiana-la-castelul-peles","status":"publish","type":"eveniment","link":"https:\/\/thewebdevpoint.com\/fr\/eveniment\/armonie-si-grandoare-arta-italiana-la-castelul-peles\/","title":{"rendered":"Harmonie et grandeur \u2013 l\u2019art italien au ch\u00e2teau de Pele\u0219"},"content":{"rendered":"<h2>\u00c0 propos de l&#039;exposition<\/h2>\n<p>L&#039;exposition temporaire, Harmonie et Grandeur : l&#039;art italien au ch\u00e2teau de Pele\u015f, organis\u00e9e pour attirer l&#039;attention des visiteurs sur les pi\u00e8ces d&#039;art italien conserv\u00e9es dans la collection royale - peintures, majoliques, verre de Murano, meubles, etc., perp\u00e9tue la tradition des sp\u00e9cialistes de capitaliser sur le riche tr\u00e9sor artistique du Mus\u00e9e national de Pele\u015f.<\/p>\n<p>Apr\u00e8s l&#039;exposition intitul\u00e9e N\u00e9o-Renaissance allemande au ch\u00e2teau de Pele\u015f, l&#039;\u00e9v\u00e9nement actuel rassemble dans les salles d&#039;exposition des copies d&#039;artistes c\u00e9l\u00e8bres de la Renaissance : Filippo Lippi, Rapha\u00ebl, Titien, Tintoret, des r\u00e9alisations admirables de peintres de la fin du XIXe si\u00e8cle, mais aussi des \u0153uvres originales sign\u00e9es par des auteurs de l&#039;\u00e9cole du Corr\u00e8ge et du peintre florentin, Agnese Dolci.<\/p>\n<p>La sculpture est repr\u00e9sent\u00e9e par Raffaello Romanelli et Aristide Petrilli. L&#039;art de la c\u00e9ramique italienne, marqu\u00e9 par l&#039;importance d&#039;une technique consacr\u00e9e \u00e0 l&#039;\u00e9chelle europ\u00e9enne, la majolique, sera illustr\u00e9 par des vases, des assiettes et des services \u00e0 th\u00e9 cr\u00e9\u00e9s entre le XVIe et le XIXe si\u00e8cle. Les manufactures italiennes \u2013 Faenza, Torelli, Capodimonte, Richard Ginori, Alberto Issel de G\u00eanes, etc. \u2013 \u00e9taient appr\u00e9ci\u00e9es par le couple de souverains roumains. Le verre v\u00e9nitien de Murano, dont la renomm\u00e9e pour la technique de traitement et de coloration des pi\u00e8ces a d\u00e9pass\u00e9 les fronti\u00e8res europ\u00e9ennes, jouit d&#039;un caract\u00e8re particuli\u00e8rement spectaculaire.<\/p>\n<p>Le mobilier italien sera pr\u00e9sent \u00e0 travers des cassone florentins, des armoires, des chaises lombardes et savonarolla, des armoires, des fauteuils v\u00e9nitiens et toscans, allant du XVIe si\u00e8cle \u00e0 la fin du XIXe si\u00e8cle, avec un r\u00f4le important dans la conception de l&#039;environnement n\u00e9o-Renaissance de la r\u00e9sidence royale de Sinaia.<\/p>\n<p>Mais surtout, ce sont la couleur, la richesse et l\u2019atmosph\u00e8re int\u00e9rieure des salons d\u2019antan qui d\u00e9finiront l\u2019harmonie et la grandeur de l\u2019art italien.<\/p>\n<hr \/>\n<h2>Vid\u00e9o de l&#039;exposition<\/h2>\n<p>&nbsp;<\/p>\n<div class=\"embed-media\"><iframe src=\"http:\/\/player.vimeo.com\/video\/56089533?title=0&amp;byline=0&amp;portrait=0\" width=\"300\" height=\"150\" frameborder=\"0\" allowfullscreen=\"allowfullscreen\" data-aspectratio=\"0.5538461538461539\"><\/iframe><\/div>\n<p>&nbsp;<\/p>\n<hr \/>\n<h2>Vernissage de l&#039;exposition<\/h2>\n<p>&nbsp;<\/p>\n<div class=\"embed-media\"><iframe src=\"http:\/\/player.vimeo.com\/video\/61513084?title=0&amp;byline=0&amp;portrait=0\" width=\"300\" height=\"150\" frameborder=\"0\" allowfullscreen=\"allowfullscreen\" data-aspectratio=\"0.5538461538461539\"><\/iframe><\/div>\n<p>&nbsp;<\/p>\n<hr \/>\n<h2>Visite de l&#039;exposition<\/h2>\n<p>L&#039;exposition a \u00e9t\u00e9 visit\u00e9e pendant :<br \/>\n22 d\u00e9cembre 2012 \u2013 5 avril 2013.<\/p>","protected":false},"featured_media":0,"template":"","meta":{"_acf_changed":false},"categorie-evenimente":[353],"class_list":["post-8670","eveniment","type-eveniment","status-publish","hentry","categorie-evenimente-arhiva"],"acf":[],"yoast_head":"<!-- This site is optimized with the Yoast SEO plugin v24.1 - https:\/\/yoast.com\/wordpress\/plugins\/seo\/ -->\n<title>Armonie \u0219i Grandoare \u2013 Arta Italian\u0103 la Castelul Pele\u0219 &#183; Peles Test<\/title>\n<meta name=\"robots\" content=\"noindex, follow, max-snippet:-1, max-image-preview:large, max-video-preview:-1\" \/>\n<script type=\"application\/ld+json\" class=\"yoast-schema-graph\">{\"@context\":\"https:\/\/schema.org\",\"@graph\":[{\"@type\":\"WebPage\",\"@id\":\"https:\/\/thewebdevpoint.com\/eveniment\/armonie-si-grandoare-arta-italiana-la-castelul-peles\/\",\"url\":\"https:\/\/thewebdevpoint.com\/eveniment\/armonie-si-grandoare-arta-italiana-la-castelul-peles\/\",\"name\":\"Armonie \u0219i Grandoare \u2013 Arta Italian\u0103 la Castelul Pele\u0219 &#183; Peles Test\",\"isPartOf\":{\"@id\":\"https:\/\/thewebdevpoint.com\/ro\/#website\"},\"datePublished\":\"2024-10-08T11:59:10+00:00\",\"dateModified\":\"2024-12-19T07:49:27+00:00\",\"breadcrumb\":{\"@id\":\"https:\/\/thewebdevpoint.com\/eveniment\/armonie-si-grandoare-arta-italiana-la-castelul-peles\/#breadcrumb\"},\"inLanguage\":\"fr-FR\",\"potentialAction\":[{\"@type\":\"ReadAction\",\"target\":[\"https:\/\/thewebdevpoint.com\/eveniment\/armonie-si-grandoare-arta-italiana-la-castelul-peles\/\"]}]},{\"@type\":\"BreadcrumbList\",\"@id\":\"https:\/\/thewebdevpoint.com\/eveniment\/armonie-si-grandoare-arta-italiana-la-castelul-peles\/#breadcrumb\",\"itemListElement\":[{\"@type\":\"ListItem\",\"position\":1,\"name\":\"Acas\u0103\",\"item\":\"https:\/\/thewebdevpoint.com\/\"},{\"@type\":\"ListItem\",\"position\":2,\"name\":\"Evenimente\",\"item\":\"https:\/\/thewebdevpoint.com\/ro\/evenimente\/\"},{\"@type\":\"ListItem\",\"position\":3,\"name\":\"Armonie \u0219i Grandoare \u2013 Arta Italian\u0103 la Castelul Pele\u0219\"}]},{\"@type\":\"WebSite\",\"@id\":\"https:\/\/thewebdevpoint.com\/ro\/#website\",\"url\":\"https:\/\/thewebdevpoint.com\/ro\/\",\"name\":\"Peles Test\",\"description\":\"\",\"publisher\":{\"@id\":\"https:\/\/thewebdevpoint.com\/ro\/#organization\"},\"potentialAction\":[{\"@type\":\"SearchAction\",\"target\":{\"@type\":\"EntryPoint\",\"urlTemplate\":\"https:\/\/thewebdevpoint.com\/ro\/?s={search_term_string}\"},\"query-input\":{\"@type\":\"PropertyValueSpecification\",\"valueRequired\":true,\"valueName\":\"search_term_string\"}}],\"inLanguage\":\"fr-FR\"},{\"@type\":\"Organization\",\"@id\":\"https:\/\/thewebdevpoint.com\/ro\/#organization\",\"name\":\"Muzeul Pele\u0219\",\"alternateName\":\"MP\",\"url\":\"https:\/\/thewebdevpoint.com\/ro\/\",\"logo\":{\"@type\":\"ImageObject\",\"inLanguage\":\"fr-FR\",\"@id\":\"https:\/\/thewebdevpoint.com\/ro\/#\/schema\/logo\/image\/\",\"url\":\"https:\/\/thewebdevpoint.com\/wp-content\/uploads\/2024\/10\/Logo.svg\",\"contentUrl\":\"https:\/\/thewebdevpoint.com\/wp-content\/uploads\/2024\/10\/Logo.svg\",\"width\":251,\"height\":48,\"caption\":\"Muzeul Pele\u0219\"},\"image\":{\"@id\":\"https:\/\/thewebdevpoint.com\/ro\/#\/schema\/logo\/image\/\"}}]}<\/script>\n<!-- \/ Yoast SEO plugin. -->","yoast_head_json":{"title":"Armonie \u0219i Grandoare \u2013 Arta Italian\u0103 la Castelul Pele\u0219 &#183; Peles Test","robots":{"index":"noindex","follow":"follow","max-snippet":"max-snippet:-1","max-image-preview":"max-image-preview:large","max-video-preview":"max-video-preview:-1"},"schema":{"@context":"https:\/\/schema.org","@graph":[{"@type":"WebPage","@id":"https:\/\/thewebdevpoint.com\/eveniment\/armonie-si-grandoare-arta-italiana-la-castelul-peles\/","url":"https:\/\/thewebdevpoint.com\/eveniment\/armonie-si-grandoare-arta-italiana-la-castelul-peles\/","name":"Armonie \u0219i Grandoare \u2013 Arta Italian\u0103 la Castelul Pele\u0219 &#183; Peles Test","isPartOf":{"@id":"https:\/\/thewebdevpoint.com\/ro\/#website"},"datePublished":"2024-10-08T11:59:10+00:00","dateModified":"2024-12-19T07:49:27+00:00","breadcrumb":{"@id":"https:\/\/thewebdevpoint.com\/eveniment\/armonie-si-grandoare-arta-italiana-la-castelul-peles\/#breadcrumb"},"inLanguage":"fr-FR","potentialAction":[{"@type":"ReadAction","target":["https:\/\/thewebdevpoint.com\/eveniment\/armonie-si-grandoare-arta-italiana-la-castelul-peles\/"]}]},{"@type":"BreadcrumbList","@id":"https:\/\/thewebdevpoint.com\/eveniment\/armonie-si-grandoare-arta-italiana-la-castelul-peles\/#breadcrumb","itemListElement":[{"@type":"ListItem","position":1,"name":"Acas\u0103","item":"https:\/\/thewebdevpoint.com\/"},{"@type":"ListItem","position":2,"name":"Evenimente","item":"https:\/\/thewebdevpoint.com\/ro\/evenimente\/"},{"@type":"ListItem","position":3,"name":"Armonie \u0219i Grandoare \u2013 Arta Italian\u0103 la Castelul Pele\u0219"}]},{"@type":"WebSite","@id":"https:\/\/thewebdevpoint.com\/ro\/#website","url":"https:\/\/thewebdevpoint.com\/ro\/","name":"Peles Test","description":"","publisher":{"@id":"https:\/\/thewebdevpoint.com\/ro\/#organization"},"potentialAction":[{"@type":"SearchAction","target":{"@type":"EntryPoint","urlTemplate":"https:\/\/thewebdevpoint.com\/ro\/?s={search_term_string}"},"query-input":{"@type":"PropertyValueSpecification","valueRequired":true,"valueName":"search_term_string"}}],"inLanguage":"fr-FR"},{"@type":"Organization","@id":"https:\/\/thewebdevpoint.com\/ro\/#organization","name":"Muzeul Pele\u0219","alternateName":"MP","url":"https:\/\/thewebdevpoint.com\/ro\/","logo":{"@type":"ImageObject","inLanguage":"fr-FR","@id":"https:\/\/thewebdevpoint.com\/ro\/#\/schema\/logo\/image\/","url":"https:\/\/thewebdevpoint.com\/wp-content\/uploads\/2024\/10\/Logo.svg","contentUrl":"https:\/\/thewebdevpoint.com\/wp-content\/uploads\/2024\/10\/Logo.svg","width":251,"height":48,"caption":"Muzeul Pele\u0219"},"image":{"@id":"https:\/\/thewebdevpoint.com\/ro\/#\/schema\/logo\/image\/"}}]}},"_links":{"self":[{"href":"https:\/\/thewebdevpoint.com\/fr\/wp-json\/wp\/v2\/eveniment\/8670","targetHints":{"allow":["GET"]}}],"collection":[{"href":"https:\/\/thewebdevpoint.com\/fr\/wp-json\/wp\/v2\/eveniment"}],"about":[{"href":"https:\/\/thewebdevpoint.com\/fr\/wp-json\/wp\/v2\/types\/eveniment"}],"version-history":[{"count":1,"href":"https:\/\/thewebdevpoint.com\/fr\/wp-json\/wp\/v2\/eveniment\/8670\/revisions"}],"predecessor-version":[{"id":16743,"href":"https:\/\/thewebdevpoint.com\/fr\/wp-json\/wp\/v2\/eveniment\/8670\/revisions\/16743"}],"wp:attachment":[{"href":"https:\/\/thewebdevpoint.com\/fr\/wp-json\/wp\/v2\/media?parent=8670"}],"wp:term":[{"taxonomy":"categorie-evenimente","embeddable":true,"href":"https:\/\/thewebdevpoint.com\/fr\/wp-json\/wp\/v2\/categorie-evenimente?post=8670"}],"curies":[{"name":"wp","href":"https:\/\/api.w.org\/{rel}","templated":true}]}}