{"id":8673,"date":"2024-10-08T11:59:10","date_gmt":"2024-10-08T11:59:10","guid":{"rendered":"https:\/\/pelestest.thepoint-agency.com\/pictori-copisti-in-galeria-regelui-carol-i\/"},"modified":"2024-12-19T09:49:27","modified_gmt":"2024-12-19T07:49:27","slug":"pictori-copisti-in-galeria-regelui-carol-i","status":"publish","type":"eveniment","link":"https:\/\/thewebdevpoint.com\/fr\/eveniment\/pictori-copisti-in-galeria-regelui-carol-i\/","title":{"rendered":"Les peintres copistes dans la galerie du roi Carol I"},"content":{"rendered":"<h2>Vid\u00e9o de l&#039;exposition<\/h2>\n<p><center><\/p>\n<div class=\"embed-media\"><iframe src=\"http:\/\/player.vimeo.com\/video\/97644711?title=0&amp;byline=0&amp;portrait=0&amp;color=ffffff\" width=\"300\" height=\"150\" frameborder=\"0\" allowfullscreen=\"allowfullscreen\" data-aspectratio=\"0.5632352941176471\"><\/iframe><\/div>\n<p><\/center><\/p>\n<hr \/>\n<h2>Pr\u00e9sentation de l&#039;exposition<\/h2>\n<p>Le Mus\u00e9e national Pele\u0219 vous invite au vernissage de l&#039;exposition <em>\u00ab Peintres copistes dans la galerie du roi Carol Ier \u00bb. <\/em>La collection royale de peintures est la cr\u00e9ation exclusive du premier souverain de Roumanie. Constitu\u00e9e entre 1879 et 1899 gr\u00e2ce \u00e0 l&#039;acquisition de 214 tableaux, dont une grande majorit\u00e9 de chefs-d&#039;\u0153uvre de la collection Felix Bamberg, la galerie devint la propri\u00e9t\u00e9 perp\u00e9tuelle de la Couronne roumaine. Destin\u00e9e \u00e0 d\u00e9corer la r\u00e9sidence de Pele\u015f, elle fut compl\u00e9t\u00e9e au fil des ans par des copies r\u00e9alis\u00e9es \u00e0 la demande du roi Carol Ier. Contrairement \u00e0 la plupart des originaux, apr\u00e8s l&#039;inventaire de l&#039;\u00e9t\u00e9 1948, les copies rest\u00e8rent \u00e0 Sinaia et font l&#039;objet d&#039;une exposition in\u00e9dite.<\/p>\n<p>Le ph\u00e9nom\u00e8ne de la copie peut \u00eatre appr\u00e9hend\u00e9 d&#039;un point de vue contemporain comme une approche historiciste, o\u00f9 la fascination du pass\u00e9 s&#039;exprime pleinement. En l&#039;absence d&#039;originaux c\u00e9l\u00e8bres, les copies d&#039;apr\u00e8s les grands ma\u00eetres visaient \u00e0 conf\u00e9rer \u00e0 la r\u00e9sidence royale un caract\u00e8re somptueux et \u00e0 contribuer \u00e0 l&#039;\u00e9ducation esth\u00e9tique \u00e0 une \u00e9poque o\u00f9 la reproduction des couleurs n&#039;existait pas encore. Op\u00e9r\u00e9e par Carol Ier, la s\u00e9lection des \u0153uvres \u00e0 copier refl\u00e9tait clairement les pr\u00e9f\u00e9rences du roi pour les sujets religieux. Outil p\u00e9dagogique, avec des lambrequins pour la d\u00e9coration des int\u00e9rieurs du ch\u00e2teau, la copie acquiert \u00e9galement une valeur documentaire, t\u00e9moignant d&#039;une excellente connaissance de l&#039;histoire de la peinture europ\u00e9enne pr\u00e9sente dans les grands mus\u00e9es.<\/p>\n<p>La collection de copies peut \u00eatre divis\u00e9e en deux cat\u00e9gories\u00a0: les copies d&#039;apr\u00e8s les grands ma\u00eetres, avec des th\u00e8mes th\u00e9matiques de portraits de personnages historiques (aristocrates, gouverneurs, empereurs, etc.), de sc\u00e8nes religieuses, de sc\u00e8nes de genre, de paysages, etc. et la Galerie des Anc\u00eatres du Roi repr\u00e9sent\u00e9e par des copies d&#039;apr\u00e8s des \u0153uvres originales g\u00e9n\u00e9ralement conserv\u00e9es au ch\u00e2teau de Sigmaringen. Sur ordre du roi, plus de 100 copies ont \u00e9t\u00e9 r\u00e9alis\u00e9es entre 1880 et 1910, d&#039;apr\u00e8s des \u0153uvres c\u00e9l\u00e8bres, jalons de l&#039;histoire de l&#039;art et de la peinture des \u00e9coles v\u00e9nitienne, flamande, allemande et fran\u00e7aise, conserv\u00e9es dans certains des plus importants mus\u00e9es d&#039;Europe, bien connus de Carol Ier\u00a0: Alte Pinakothek, Munich\u00a0; Nationalgalerie, Berlin\u00a0; Gem\u00e4ldegalerie, Dresde\u00a0; Staatliche Gem\u00e4ldegalerie Kassel\u00a0; Ch\u00e2teau de Sigmaringen\u00a0; Kunsthistorisches Museum, Vienne\u00a0; Schlossmuseum, Gotha\u00a0; Gallerie Schloss Schleissheim\u00a0; Galerie Liechstenstein, Vienne\u00a0; Galerie Borgh\u00e8se, Rome ; Galleria dell&#039;Accademia, Venise ; Mus\u00e9e Koninklijk de Schone Kunste Anvers; Mus\u00e9e du Louvre.<\/p>\n<p>Le roi adressa des commandes \u00e0 la fois \u00e0 des artistes \u00e9trangers (essentiellement allemands, autrichiens, fran\u00e7ais, un grec, un italien) et \u00e0 des boursiers roumains comme Otilia Michail-Otetele\u015fanu (1887-1974) ou Gheorghe B\u0103l\u0103nescu (XIXe-XXe si\u00e8cles). Les peintres qui ont ex\u00e9cut\u00e9 les tableaux de Charles Ier sont Gustav Bregenzer (1854-1918), le peintre de la cour de Sigmaringen, Eugen Ritter Gotha (1853-1922), Eduard Haaga (19e si\u00e8cle), Ernst Hausmann (1845-1908), Paul Schad (1862 \u2013 1916), Bertha Sich (19e si\u00e8cle), Maximilian von Schneidt. (1858-1937), Loni vonSchneidt (19e si\u00e8cle), Laetizia von Witzleben (19e si\u00e8cle), Gustav Klimt (1862-1918), Ernst Klimt (1864-1894), Franz Matsch (1861-1942), Charles F\u00e9lu (1850-1905), V. Gr\u00e8ve (19e si\u00e8cle), Paul Rhodokanakis (XIXe si\u00e8cle), D. Barezzi (19e si\u00e8cle), etc.<\/p>\n<hr \/>\n<h2>Visite de l&#039;exposition<\/h2>\n<p>L&#039;exposition a \u00e9t\u00e9 visit\u00e9e pendant :<br \/>\n7 juin \u2013 19 septembre 2014<\/p>\n<hr \/>\n<h2>Vernissage de l&#039;exposition<\/h2>\n<p><center><\/p>\n<div class=\"embed-media\"><iframe src=\"http:\/\/player.vimeo.com\/video\/97645083?title=0&amp;byline=0&amp;portrait=0&amp;color=ffffff\" width=\"300\" height=\"150\" frameborder=\"0\" allowfullscreen=\"allowfullscreen\" data-aspectratio=\"0.5632352941176471\"><\/iframe><\/div>\n<p><\/center><\/p>","protected":false},"featured_media":0,"template":"","meta":{"_acf_changed":false},"categorie-evenimente":[353],"class_list":["post-8673","eveniment","type-eveniment","status-publish","hentry","categorie-evenimente-arhiva"],"acf":[],"yoast_head":"<!-- This site is optimized with the Yoast SEO plugin v24.1 - https:\/\/yoast.com\/wordpress\/plugins\/seo\/ -->\n<title>Pictori Copi\u0219ti \u00een Galeria Regelui Carol I &#183; Peles Test<\/title>\n<meta name=\"robots\" content=\"noindex, follow, max-snippet:-1, max-image-preview:large, max-video-preview:-1\" \/>\n<script type=\"application\/ld+json\" class=\"yoast-schema-graph\">{\"@context\":\"https:\/\/schema.org\",\"@graph\":[{\"@type\":\"WebPage\",\"@id\":\"https:\/\/thewebdevpoint.com\/eveniment\/pictori-copisti-in-galeria-regelui-carol-i\/\",\"url\":\"https:\/\/thewebdevpoint.com\/eveniment\/pictori-copisti-in-galeria-regelui-carol-i\/\",\"name\":\"Pictori Copi\u0219ti \u00een Galeria Regelui Carol I &#183; Peles Test\",\"isPartOf\":{\"@id\":\"https:\/\/thewebdevpoint.com\/ro\/#website\"},\"datePublished\":\"2024-10-08T11:59:10+00:00\",\"dateModified\":\"2024-12-19T07:49:27+00:00\",\"breadcrumb\":{\"@id\":\"https:\/\/thewebdevpoint.com\/eveniment\/pictori-copisti-in-galeria-regelui-carol-i\/#breadcrumb\"},\"inLanguage\":\"fr-FR\",\"potentialAction\":[{\"@type\":\"ReadAction\",\"target\":[\"https:\/\/thewebdevpoint.com\/eveniment\/pictori-copisti-in-galeria-regelui-carol-i\/\"]}]},{\"@type\":\"BreadcrumbList\",\"@id\":\"https:\/\/thewebdevpoint.com\/eveniment\/pictori-copisti-in-galeria-regelui-carol-i\/#breadcrumb\",\"itemListElement\":[{\"@type\":\"ListItem\",\"position\":1,\"name\":\"Acas\u0103\",\"item\":\"https:\/\/thewebdevpoint.com\/\"},{\"@type\":\"ListItem\",\"position\":2,\"name\":\"Evenimente\",\"item\":\"https:\/\/thewebdevpoint.com\/ro\/evenimente\/\"},{\"@type\":\"ListItem\",\"position\":3,\"name\":\"Pictori Copi\u0219ti \u00een Galeria Regelui Carol I\"}]},{\"@type\":\"WebSite\",\"@id\":\"https:\/\/thewebdevpoint.com\/ro\/#website\",\"url\":\"https:\/\/thewebdevpoint.com\/ro\/\",\"name\":\"Peles Test\",\"description\":\"\",\"publisher\":{\"@id\":\"https:\/\/thewebdevpoint.com\/ro\/#organization\"},\"potentialAction\":[{\"@type\":\"SearchAction\",\"target\":{\"@type\":\"EntryPoint\",\"urlTemplate\":\"https:\/\/thewebdevpoint.com\/ro\/?s={search_term_string}\"},\"query-input\":{\"@type\":\"PropertyValueSpecification\",\"valueRequired\":true,\"valueName\":\"search_term_string\"}}],\"inLanguage\":\"fr-FR\"},{\"@type\":\"Organization\",\"@id\":\"https:\/\/thewebdevpoint.com\/ro\/#organization\",\"name\":\"Muzeul Pele\u0219\",\"alternateName\":\"MP\",\"url\":\"https:\/\/thewebdevpoint.com\/ro\/\",\"logo\":{\"@type\":\"ImageObject\",\"inLanguage\":\"fr-FR\",\"@id\":\"https:\/\/thewebdevpoint.com\/ro\/#\/schema\/logo\/image\/\",\"url\":\"https:\/\/thewebdevpoint.com\/wp-content\/uploads\/2024\/10\/Logo.svg\",\"contentUrl\":\"https:\/\/thewebdevpoint.com\/wp-content\/uploads\/2024\/10\/Logo.svg\",\"width\":251,\"height\":48,\"caption\":\"Muzeul Pele\u0219\"},\"image\":{\"@id\":\"https:\/\/thewebdevpoint.com\/ro\/#\/schema\/logo\/image\/\"}}]}<\/script>\n<!-- \/ Yoast SEO plugin. -->","yoast_head_json":{"title":"Pictori Copi\u0219ti \u00een Galeria Regelui Carol I &#183; Peles Test","robots":{"index":"noindex","follow":"follow","max-snippet":"max-snippet:-1","max-image-preview":"max-image-preview:large","max-video-preview":"max-video-preview:-1"},"schema":{"@context":"https:\/\/schema.org","@graph":[{"@type":"WebPage","@id":"https:\/\/thewebdevpoint.com\/eveniment\/pictori-copisti-in-galeria-regelui-carol-i\/","url":"https:\/\/thewebdevpoint.com\/eveniment\/pictori-copisti-in-galeria-regelui-carol-i\/","name":"Pictori Copi\u0219ti \u00een Galeria Regelui Carol I &#183; Peles Test","isPartOf":{"@id":"https:\/\/thewebdevpoint.com\/ro\/#website"},"datePublished":"2024-10-08T11:59:10+00:00","dateModified":"2024-12-19T07:49:27+00:00","breadcrumb":{"@id":"https:\/\/thewebdevpoint.com\/eveniment\/pictori-copisti-in-galeria-regelui-carol-i\/#breadcrumb"},"inLanguage":"fr-FR","potentialAction":[{"@type":"ReadAction","target":["https:\/\/thewebdevpoint.com\/eveniment\/pictori-copisti-in-galeria-regelui-carol-i\/"]}]},{"@type":"BreadcrumbList","@id":"https:\/\/thewebdevpoint.com\/eveniment\/pictori-copisti-in-galeria-regelui-carol-i\/#breadcrumb","itemListElement":[{"@type":"ListItem","position":1,"name":"Acas\u0103","item":"https:\/\/thewebdevpoint.com\/"},{"@type":"ListItem","position":2,"name":"Evenimente","item":"https:\/\/thewebdevpoint.com\/ro\/evenimente\/"},{"@type":"ListItem","position":3,"name":"Pictori Copi\u0219ti \u00een Galeria Regelui Carol I"}]},{"@type":"WebSite","@id":"https:\/\/thewebdevpoint.com\/ro\/#website","url":"https:\/\/thewebdevpoint.com\/ro\/","name":"Peles Test","description":"","publisher":{"@id":"https:\/\/thewebdevpoint.com\/ro\/#organization"},"potentialAction":[{"@type":"SearchAction","target":{"@type":"EntryPoint","urlTemplate":"https:\/\/thewebdevpoint.com\/ro\/?s={search_term_string}"},"query-input":{"@type":"PropertyValueSpecification","valueRequired":true,"valueName":"search_term_string"}}],"inLanguage":"fr-FR"},{"@type":"Organization","@id":"https:\/\/thewebdevpoint.com\/ro\/#organization","name":"Muzeul Pele\u0219","alternateName":"MP","url":"https:\/\/thewebdevpoint.com\/ro\/","logo":{"@type":"ImageObject","inLanguage":"fr-FR","@id":"https:\/\/thewebdevpoint.com\/ro\/#\/schema\/logo\/image\/","url":"https:\/\/thewebdevpoint.com\/wp-content\/uploads\/2024\/10\/Logo.svg","contentUrl":"https:\/\/thewebdevpoint.com\/wp-content\/uploads\/2024\/10\/Logo.svg","width":251,"height":48,"caption":"Muzeul Pele\u0219"},"image":{"@id":"https:\/\/thewebdevpoint.com\/ro\/#\/schema\/logo\/image\/"}}]}},"_links":{"self":[{"href":"https:\/\/thewebdevpoint.com\/fr\/wp-json\/wp\/v2\/eveniment\/8673","targetHints":{"allow":["GET"]}}],"collection":[{"href":"https:\/\/thewebdevpoint.com\/fr\/wp-json\/wp\/v2\/eveniment"}],"about":[{"href":"https:\/\/thewebdevpoint.com\/fr\/wp-json\/wp\/v2\/types\/eveniment"}],"version-history":[{"count":1,"href":"https:\/\/thewebdevpoint.com\/fr\/wp-json\/wp\/v2\/eveniment\/8673\/revisions"}],"predecessor-version":[{"id":16746,"href":"https:\/\/thewebdevpoint.com\/fr\/wp-json\/wp\/v2\/eveniment\/8673\/revisions\/16746"}],"wp:attachment":[{"href":"https:\/\/thewebdevpoint.com\/fr\/wp-json\/wp\/v2\/media?parent=8673"}],"wp:term":[{"taxonomy":"categorie-evenimente","embeddable":true,"href":"https:\/\/thewebdevpoint.com\/fr\/wp-json\/wp\/v2\/categorie-evenimente?post=8673"}],"curies":[{"name":"wp","href":"https:\/\/api.w.org\/{rel}","templated":true}]}}