{"id":8674,"date":"2024-10-08T11:59:10","date_gmt":"2024-10-08T11:59:10","guid":{"rendered":"https:\/\/pelestest.thepoint-agency.com\/arta-si-ceremonial-la-mesele-regale\/"},"modified":"2024-12-19T09:49:48","modified_gmt":"2024-12-19T07:49:48","slug":"arta-si-ceremonial-la-mesele-regale","status":"publish","type":"eveniment","link":"https:\/\/thewebdevpoint.com\/fr\/eveniment\/arta-si-ceremonial-la-mesele-regale\/","title":{"rendered":"Art et c\u00e9r\u00e9monial aux tables royales"},"content":{"rendered":"<h2>\u00c0 propos de l&#039;exposition<\/h2>\n<p>D&#039;une justice exemplaire et tr\u00e8s exigeant envers lui-m\u00eame, le roi Carol Ier de Roumanie mena une vie presque aust\u00e8re. Introverti par nature, il r\u00e9v\u00e9lait rarement ses pens\u00e9es et ses projets \u00e0 quiconque, n&#039;ayant pas d&#039;amis proches, seulement des conseillers. Il est int\u00e9ressant de noter que dans sa vie priv\u00e9e, le roi se comportait avec naturel, tel un collectionneur passionn\u00e9, sensible \u00e0 l&#039;art et aux beaut\u00e9s de la nature, aux pr\u00e9f\u00e9rences culinaires peu sophistiqu\u00e9es et offrant l&#039;hospitalit\u00e9 aux personnalit\u00e9s invit\u00e9es au ch\u00e2teau de Pele\u015f.<\/p>\n<p>L&#039;exposition temporaire \u00ab\u00a0Art et C\u00e9r\u00e9monie aux Tables Royales\u00a0\u00bb nous plonge dans la vie quotidienne des familles royales de Roumanie de 1866 \u00e0 1930\u00a0: Carol Ier et \u00c9lisabeth, Ferdinand et Marie, au ch\u00e2teau de Pele\u015f, au ch\u00e2teau de Peli\u015for et aux palais royaux de Bucarest. Nous d\u00e9couvrirons les collections de porcelaine, les couverts en argent et les verres en cristal destin\u00e9s aux tables de la Cour, ainsi que le programme quotidien et le menu des plats pr\u00e9f\u00e9r\u00e9s. Nous ferons \u00e9galement la connaissance des invit\u00e9s de marque convi\u00e9s aux d\u00e9jeuners officiels et aux soir\u00e9es dansantes.<\/p>\n<hr \/>\n<h2>Vernissage de l&#039;exposition<\/h2>\n<p><center><\/p>\n<div class=\"embed-media\"><iframe src=\"http:\/\/player.vimeo.com\/video\/115048722?title=0&amp;byline=0&amp;portrait=0&amp;color=ffffff\" width=\"300\" height=\"150\" frameborder=\"0\" allowfullscreen=\"allowfullscreen\" data-aspectratio=\"0.5632352941176471\"><\/iframe><\/div>\n<p><\/center><\/p>\n<hr \/>\n<h2>Visite de l&#039;exposition<\/h2>\n<p>L&#039;exposition a \u00e9t\u00e9 visit\u00e9e pendant :<br \/>\n19 d\u00e9cembre 2014 \u2013 30 avril 2015<\/p>","protected":false},"featured_media":0,"template":"","meta":{"_acf_changed":false},"categorie-evenimente":[353],"class_list":["post-8674","eveniment","type-eveniment","status-publish","hentry","categorie-evenimente-arhiva"],"acf":[],"yoast_head":"<!-- This site is optimized with the Yoast SEO plugin v24.1 - https:\/\/yoast.com\/wordpress\/plugins\/seo\/ -->\n<title>Art\u0103 \u0219i Ceremonial la Mesele Regale &#183; Peles Test<\/title>\n<meta name=\"robots\" content=\"noindex, follow, max-snippet:-1, max-image-preview:large, max-video-preview:-1\" \/>\n<script type=\"application\/ld+json\" class=\"yoast-schema-graph\">{\"@context\":\"https:\/\/schema.org\",\"@graph\":[{\"@type\":\"WebPage\",\"@id\":\"https:\/\/thewebdevpoint.com\/eveniment\/arta-si-ceremonial-la-mesele-regale\/\",\"url\":\"https:\/\/thewebdevpoint.com\/eveniment\/arta-si-ceremonial-la-mesele-regale\/\",\"name\":\"Art\u0103 \u0219i Ceremonial la Mesele Regale &#183; Peles Test\",\"isPartOf\":{\"@id\":\"https:\/\/thewebdevpoint.com\/ro\/#website\"},\"datePublished\":\"2024-10-08T11:59:10+00:00\",\"dateModified\":\"2024-12-19T07:49:48+00:00\",\"breadcrumb\":{\"@id\":\"https:\/\/thewebdevpoint.com\/eveniment\/arta-si-ceremonial-la-mesele-regale\/#breadcrumb\"},\"inLanguage\":\"fr-FR\",\"potentialAction\":[{\"@type\":\"ReadAction\",\"target\":[\"https:\/\/thewebdevpoint.com\/eveniment\/arta-si-ceremonial-la-mesele-regale\/\"]}]},{\"@type\":\"BreadcrumbList\",\"@id\":\"https:\/\/thewebdevpoint.com\/eveniment\/arta-si-ceremonial-la-mesele-regale\/#breadcrumb\",\"itemListElement\":[{\"@type\":\"ListItem\",\"position\":1,\"name\":\"Acas\u0103\",\"item\":\"https:\/\/thewebdevpoint.com\/\"},{\"@type\":\"ListItem\",\"position\":2,\"name\":\"Evenimente\",\"item\":\"https:\/\/thewebdevpoint.com\/ro\/evenimente\/\"},{\"@type\":\"ListItem\",\"position\":3,\"name\":\"Art\u0103 \u0219i Ceremonial la Mesele Regale\"}]},{\"@type\":\"WebSite\",\"@id\":\"https:\/\/thewebdevpoint.com\/ro\/#website\",\"url\":\"https:\/\/thewebdevpoint.com\/ro\/\",\"name\":\"Peles Test\",\"description\":\"\",\"publisher\":{\"@id\":\"https:\/\/thewebdevpoint.com\/ro\/#organization\"},\"potentialAction\":[{\"@type\":\"SearchAction\",\"target\":{\"@type\":\"EntryPoint\",\"urlTemplate\":\"https:\/\/thewebdevpoint.com\/ro\/?s={search_term_string}\"},\"query-input\":{\"@type\":\"PropertyValueSpecification\",\"valueRequired\":true,\"valueName\":\"search_term_string\"}}],\"inLanguage\":\"fr-FR\"},{\"@type\":\"Organization\",\"@id\":\"https:\/\/thewebdevpoint.com\/ro\/#organization\",\"name\":\"Muzeul Pele\u0219\",\"alternateName\":\"MP\",\"url\":\"https:\/\/thewebdevpoint.com\/ro\/\",\"logo\":{\"@type\":\"ImageObject\",\"inLanguage\":\"fr-FR\",\"@id\":\"https:\/\/thewebdevpoint.com\/ro\/#\/schema\/logo\/image\/\",\"url\":\"https:\/\/thewebdevpoint.com\/wp-content\/uploads\/2024\/10\/Logo.svg\",\"contentUrl\":\"https:\/\/thewebdevpoint.com\/wp-content\/uploads\/2024\/10\/Logo.svg\",\"width\":251,\"height\":48,\"caption\":\"Muzeul Pele\u0219\"},\"image\":{\"@id\":\"https:\/\/thewebdevpoint.com\/ro\/#\/schema\/logo\/image\/\"}}]}<\/script>\n<!-- \/ Yoast SEO plugin. -->","yoast_head_json":{"title":"Art\u0103 \u0219i Ceremonial la Mesele Regale &#183; Peles Test","robots":{"index":"noindex","follow":"follow","max-snippet":"max-snippet:-1","max-image-preview":"max-image-preview:large","max-video-preview":"max-video-preview:-1"},"schema":{"@context":"https:\/\/schema.org","@graph":[{"@type":"WebPage","@id":"https:\/\/thewebdevpoint.com\/eveniment\/arta-si-ceremonial-la-mesele-regale\/","url":"https:\/\/thewebdevpoint.com\/eveniment\/arta-si-ceremonial-la-mesele-regale\/","name":"Art\u0103 \u0219i Ceremonial la Mesele Regale &#183; Peles Test","isPartOf":{"@id":"https:\/\/thewebdevpoint.com\/ro\/#website"},"datePublished":"2024-10-08T11:59:10+00:00","dateModified":"2024-12-19T07:49:48+00:00","breadcrumb":{"@id":"https:\/\/thewebdevpoint.com\/eveniment\/arta-si-ceremonial-la-mesele-regale\/#breadcrumb"},"inLanguage":"fr-FR","potentialAction":[{"@type":"ReadAction","target":["https:\/\/thewebdevpoint.com\/eveniment\/arta-si-ceremonial-la-mesele-regale\/"]}]},{"@type":"BreadcrumbList","@id":"https:\/\/thewebdevpoint.com\/eveniment\/arta-si-ceremonial-la-mesele-regale\/#breadcrumb","itemListElement":[{"@type":"ListItem","position":1,"name":"Acas\u0103","item":"https:\/\/thewebdevpoint.com\/"},{"@type":"ListItem","position":2,"name":"Evenimente","item":"https:\/\/thewebdevpoint.com\/ro\/evenimente\/"},{"@type":"ListItem","position":3,"name":"Art\u0103 \u0219i Ceremonial la Mesele Regale"}]},{"@type":"WebSite","@id":"https:\/\/thewebdevpoint.com\/ro\/#website","url":"https:\/\/thewebdevpoint.com\/ro\/","name":"Peles Test","description":"","publisher":{"@id":"https:\/\/thewebdevpoint.com\/ro\/#organization"},"potentialAction":[{"@type":"SearchAction","target":{"@type":"EntryPoint","urlTemplate":"https:\/\/thewebdevpoint.com\/ro\/?s={search_term_string}"},"query-input":{"@type":"PropertyValueSpecification","valueRequired":true,"valueName":"search_term_string"}}],"inLanguage":"fr-FR"},{"@type":"Organization","@id":"https:\/\/thewebdevpoint.com\/ro\/#organization","name":"Muzeul Pele\u0219","alternateName":"MP","url":"https:\/\/thewebdevpoint.com\/ro\/","logo":{"@type":"ImageObject","inLanguage":"fr-FR","@id":"https:\/\/thewebdevpoint.com\/ro\/#\/schema\/logo\/image\/","url":"https:\/\/thewebdevpoint.com\/wp-content\/uploads\/2024\/10\/Logo.svg","contentUrl":"https:\/\/thewebdevpoint.com\/wp-content\/uploads\/2024\/10\/Logo.svg","width":251,"height":48,"caption":"Muzeul Pele\u0219"},"image":{"@id":"https:\/\/thewebdevpoint.com\/ro\/#\/schema\/logo\/image\/"}}]}},"_links":{"self":[{"href":"https:\/\/thewebdevpoint.com\/fr\/wp-json\/wp\/v2\/eveniment\/8674","targetHints":{"allow":["GET"]}}],"collection":[{"href":"https:\/\/thewebdevpoint.com\/fr\/wp-json\/wp\/v2\/eveniment"}],"about":[{"href":"https:\/\/thewebdevpoint.com\/fr\/wp-json\/wp\/v2\/types\/eveniment"}],"version-history":[{"count":1,"href":"https:\/\/thewebdevpoint.com\/fr\/wp-json\/wp\/v2\/eveniment\/8674\/revisions"}],"predecessor-version":[{"id":16747,"href":"https:\/\/thewebdevpoint.com\/fr\/wp-json\/wp\/v2\/eveniment\/8674\/revisions\/16747"}],"wp:attachment":[{"href":"https:\/\/thewebdevpoint.com\/fr\/wp-json\/wp\/v2\/media?parent=8674"}],"wp:term":[{"taxonomy":"categorie-evenimente","embeddable":true,"href":"https:\/\/thewebdevpoint.com\/fr\/wp-json\/wp\/v2\/categorie-evenimente?post=8674"}],"curies":[{"name":"wp","href":"https:\/\/api.w.org\/{rel}","templated":true}]}}