{"id":8754,"date":"2024-10-08T11:59:12","date_gmt":"2024-10-08T11:59:12","guid":{"rendered":"https:\/\/pelestest.thepoint-agency.com\/argentango-piazzolla-o-poveste-autentica-editia-a-ii-a\/"},"modified":"2024-12-19T09:48:38","modified_gmt":"2024-12-19T07:48:38","slug":"argentango-piazzolla-o-poveste-autentica-editia-a-ii-a","status":"publish","type":"eveniment","link":"https:\/\/thewebdevpoint.com\/fr\/eveniment\/argentango-piazzolla-o-poveste-autentica-editia-a-ii-a\/","title":{"rendered":"ArgEnTango \u2013 Piazzolla, une histoire authentique, 2e \u00e9dition"},"content":{"rendered":"<p><strong>Le deuxi\u00e8me tournoi national ArgEnTango pousse le r\u00eave plus loin<\/strong><\/p>\n<p>Dans sa deuxi\u00e8me \u00e9dition en tant que tourn\u00e9e nationale, le projet <em>ArgEnTango \u2013 Piazzolla, une histoire authentique <\/em>atteindra Cluj Napoca, Sinaia, Ploie\u015fti, Ia\u015fi et Timi\u015foara. Les cinq concerts auront lieu entre le 19 et le 27 avril 2017 et mettront en vedette le m\u00eame puissant trio argentin, form\u00e9 par Analia Selis (chant), Mariano Castro (piano) et Omar Massa (bandon\u00e9on), rejoints par deux musiciens roumains d&#039;immense valeur, R\u0103zvan Suma (violoncelle) et Rafael Butaru (violon). Les arrangements ont \u00e9t\u00e9 r\u00e9alis\u00e9s par Mariano Castro sp\u00e9cialement pour ce projet.<\/p>\n<p>Au printemps dernier, Argentango a \u00e9t\u00e9 lanc\u00e9 comme un projet unique en Roumanie et a rempli les salles lors de tous les concerts pr\u00e9sent\u00e9s lors de la premi\u00e8re \u00e9dition. Depuis, les artistes ont \u00e9t\u00e9 invit\u00e9s \u00e0 donner 10 autres concerts \u00e0 travers le pays.<\/p>\n<p>Analia Selis a d\u00e9clar\u00e9 \u00e0 la fin du dernier tournoi : \u00ab<em>C&#039;\u00e9tait tout tr\u00e8s beau. Fatiguant, mais tr\u00e8s beau. C&#039;est ce que je fais.<\/em><em>\u00e9clat, beaut\u00e9. J\u2019ai eu beaucoup de succ\u00e8s partout. Ce sont des gens ouverts. Nous chantons cependant un r\u00e9pertoire assez exigeant, les chansons sont en espagnol, mais le public roumain re\u00e7oit toujours tr\u00e8s bien ce que nous proposons. Le public a tr\u00e8s bien r\u00e9sonn\u00e9 avec le tango. Le public roumain ressent cette musique, et c\u2019est le plus important.<\/em>&quot;.<\/p>\n<p>Le quintette roumano-argentin a d\u00e9sormais l&#039;exp\u00e9rience de dizaines de concerts ensemble, donc les nouveaux r\u00e9citals <em>ArgEnTango \u2013 Piazzolla, une histoire authentique <\/em>s\u2019annoncent d\u00e9j\u00e0 comme des \u00e9v\u00e9nements tr\u00e8s r\u00e9ussis.<\/p>\n<p><strong>Groupe ArgEnTango<\/strong><\/p>\n<p><strong>Analia SELIS<\/strong><\/p>\n<p>Apr\u00e8s sa carri\u00e8re reconnue dans la musique commerciale, Analia oriente son activit\u00e9 vers la musique argentine authentique \u2013 le tango. Les deux \u00e9ditions du tournoi <em>Aimez-vous le tango?<\/em>?, ainsi que le projet tr\u00e8s r\u00e9ussi <em>Tango symphonique<\/em>, sont la preuve \u00e9vidente que le tango est l&#039;avenir d&#039;Analia, l&#039;expression la plus authentique de l&#039;Argentine. (<u>(analiaselis.com)<\/u><\/p>\n<p><strong>Razvan SUMA<\/strong><\/p>\n<p>Soliste concertiste et directeur des Orchestres et Ch\u0153urs de la Radio, professeur associ\u00e9 \u00e0 l&#039;Universit\u00e9 de Musique de Bucarest, il d\u00e9veloppe une carri\u00e8re internationale perp\u00e9tuelle en tant que soliste, les plus de 1000 concerts et r\u00e9citals qu&#039;il a donn\u00e9s \u00e9tant appr\u00e9ci\u00e9s sur tous les continents. Repr\u00e9sent\u00e9 par ses 12 CD, R\u0103zvan est consid\u00e9r\u00e9 comme l\u2019un des violoncellistes roumains les plus prolifiques du moment. <u>(razvansuma.com)<\/u><\/p>\n<p><strong>Mariano CASTRO<\/strong><\/p>\n<p>Avec Narcotango, Mariano Castro, dans sa triple qualit\u00e9 \u2013 interpr\u00e8te, compositeur et orchestrateur \u2013 a \u00e9t\u00e9 nomin\u00e9 deux fois aux Latin Grammy Awards (2009 et 2010) dans la cat\u00e9gorie <em>Meilleur album de tango<\/em>. Avec ce groupe, mais aussi en tant que pianiste et guitariste solo, il compte plus de 25 tourn\u00e9es internationales en Europe, aux \u00c9tats-Unis, au Canada et en Am\u00e9rique latine. (<u>(marianocastro.ro)<\/u><\/p>\n<p><strong>Omar MASSA<\/strong><\/p>\n<p>Ambassadeur de la musique de Piazzolla sur les grandes sc\u00e8nes mondiales, aux c\u00f4t\u00e9s d&#039;artistes tels que Placido Domingo, Omar Massa se produit en Am\u00e9rique, en Europe et en Asie, et est fr\u00e9quemment invit\u00e9 \u00e0 donner des masterclasses dans le monde entier. Il vient en Roumanie sp\u00e9cialement pour le projet ArgEnTango. (<u>(omarmassa.com)<\/u><\/p>\n<p><strong>Rafael BUTARU<\/strong><\/p>\n<p>Premier violon de l&#039;Op\u00e9ra National de Bucarest, de l&#039;Orchestre des Jeunes Roumains et de l&#039;Orchestre Symphonique National Roumain, le violoniste Rafael Butaru est une pr\u00e9sence constante sur les sc\u00e8nes musicales nationales et internationales. En tant que soliste et invit\u00e9 permanent du Festival SoNoRo, il s&#039;est produit avec des musiciens tels que Gilles Apap, Daniel Rowland, R\u0103zvan Popovici, Diana Ketler, David Cohen, Srdjan Vukasinovic et bien d&#039;autres.<\/p>\n<p>Les artistes d\u00e9dient cette s\u00e9rie de concerts \u00e0 une cause caritative. Depuis 25 ans, l&#039;Hospice Casa Speran\u021bei existe en Roumanie pour fournir un soutien gratuit aux enfants et aux adultes atteints de maladies incurables. Parce que nous savons combien le besoin de services de soins palliatifs est grand, nous nous joignons aux efforts de l&#039;Hospice et invitons nos t\u00e9l\u00e9spectateurs et amis \u00e0 s&#039;impliquer avec nous, par des dons, en redirigeant 2% de l&#039;imp\u00f4t sur le revenu ou toute autre forme de soutien \u00e0 cette cause (www.hospice.ro).<\/p>\n<p><strong>itin\u00e9raire<\/strong><strong>et<\/strong><strong>le tournoi<\/strong><\/p>\n<p>19 avril \u2013 Cluj Napoca \u2013 Auditorium Maximum<\/p>\n<p>22 avril \u2013 Sinaia \u2013 Ch\u00e2teau de Peles<\/p>\n<p>23 avril \u2013 Ploie\u015fti \u2013 Orchestre philharmonique Paul Constantinescu<\/p>\n<p>24 avril \u2013 Ia\u0219i \u2013 Salle BCU<\/p>\n<p>27 avril \u2013 Timi\u015foara \u2013 Capitol Hall<\/p>\n<p>Un \u00e9v\u00e9nement soutenu par<strong> Radio Roumanie<\/strong><\/p>\n<p>Projet cofinanc\u00e9 par<strong>\u00a0Union de cr\u00e9ation interpr\u00e9tative des musiciens de Roumanie<\/strong><\/p>\n<p>Organisateur:<strong>\u00a0 Association avec<\/strong><strong>Analyse culturelle Selis<\/strong><\/p>\n<p>Coproducteur : <strong>Centre culturel des m\u00e9dias de Radio Roumanie<\/strong><\/p>\n<p>Partenaire officiel :\u00a0<strong>BMW<\/strong><\/p>\n<p>Transporteur a\u00e9rien officiel :\u00a0<strong>Air France\u2013KLM<\/strong><\/p>\n<p>Commanditaires:<strong>\u00a0Maison d&#039;h\u00f4tes Sensiblu, Vestra, Elsaco, Cai de Vis\u00a0<\/strong><\/p>\n<p>Partenaires culturels : les Orchestres et les Ch\u0153urs de Radio Roumanie, l\u2019Union de Cr\u00e9ation Interpr\u00e9tative des Musiciens de Roumanie, l\u2019Orchestre Philharmonique \u00ab Transylvanie \u00bb de Cluj-Napoca, l\u2019Orchestre Philharmonique \u00ab Paul Constantinescu \u00bb de Ploie\u015fti, l\u2019Orchestre Philharmonique \u00ab Banatul \u00bb de Timi\u015foara, le Mus\u00e9e Pele\u0219 de Sinaia, l\u2019Orchestre Philharmonique \u00ab Moldova \u00bb de Ia\u0219i.<\/p>\n<p>Partenaires m\u00e9dias : Radio Romania Cultural, Radio Romania News, Radio Romania Musical, Radio Romania Regional, Media Trust, Romania Libera, Romania TV et TVR 3, Observator Cultural, Hotnews, Bussines Review,\u00a0<a href=\"http:\/\/agentiadecarte.ro\/\">agentiadecarte.ro<\/a>, Avantages, Carri\u00e8res, 9h, Kudika, Garbo, Urbo.ro.<\/p>\n<p>&nbsp;<\/p>","protected":false},"featured_media":0,"template":"","meta":{"_acf_changed":false},"categorie-evenimente":[353],"class_list":["post-8754","eveniment","type-eveniment","status-publish","hentry","categorie-evenimente-arhiva"],"acf":[],"yoast_head":"<!-- This site is optimized with the Yoast SEO plugin v24.1 - https:\/\/yoast.com\/wordpress\/plugins\/seo\/ -->\n<title>ArgEnTango - Piazzolla, o poveste autentic\u0103, edi\u0163ia a II-a &#183; Peles Test<\/title>\n<meta name=\"robots\" content=\"noindex, follow, max-snippet:-1, max-image-preview:large, max-video-preview:-1\" \/>\n<script type=\"application\/ld+json\" class=\"yoast-schema-graph\">{\"@context\":\"https:\/\/schema.org\",\"@graph\":[{\"@type\":\"WebPage\",\"@id\":\"https:\/\/thewebdevpoint.com\/eveniment\/argentango-piazzolla-o-poveste-autentica-editia-a-ii-a\/\",\"url\":\"https:\/\/thewebdevpoint.com\/eveniment\/argentango-piazzolla-o-poveste-autentica-editia-a-ii-a\/\",\"name\":\"ArgEnTango - Piazzolla, o poveste autentic\u0103, edi\u0163ia a II-a &#183; Peles Test\",\"isPartOf\":{\"@id\":\"https:\/\/thewebdevpoint.com\/ro\/#website\"},\"datePublished\":\"2024-10-08T11:59:12+00:00\",\"dateModified\":\"2024-12-19T07:48:38+00:00\",\"breadcrumb\":{\"@id\":\"https:\/\/thewebdevpoint.com\/eveniment\/argentango-piazzolla-o-poveste-autentica-editia-a-ii-a\/#breadcrumb\"},\"inLanguage\":\"fr-FR\",\"potentialAction\":[{\"@type\":\"ReadAction\",\"target\":[\"https:\/\/thewebdevpoint.com\/eveniment\/argentango-piazzolla-o-poveste-autentica-editia-a-ii-a\/\"]}]},{\"@type\":\"BreadcrumbList\",\"@id\":\"https:\/\/thewebdevpoint.com\/eveniment\/argentango-piazzolla-o-poveste-autentica-editia-a-ii-a\/#breadcrumb\",\"itemListElement\":[{\"@type\":\"ListItem\",\"position\":1,\"name\":\"Acas\u0103\",\"item\":\"https:\/\/thewebdevpoint.com\/\"},{\"@type\":\"ListItem\",\"position\":2,\"name\":\"Evenimente\",\"item\":\"https:\/\/thewebdevpoint.com\/ro\/evenimente\/\"},{\"@type\":\"ListItem\",\"position\":3,\"name\":\"ArgEnTango &#8211; Piazzolla, o poveste autentic\u0103, edi\u0163ia a II-a\"}]},{\"@type\":\"WebSite\",\"@id\":\"https:\/\/thewebdevpoint.com\/ro\/#website\",\"url\":\"https:\/\/thewebdevpoint.com\/ro\/\",\"name\":\"Peles Test\",\"description\":\"\",\"publisher\":{\"@id\":\"https:\/\/thewebdevpoint.com\/ro\/#organization\"},\"potentialAction\":[{\"@type\":\"SearchAction\",\"target\":{\"@type\":\"EntryPoint\",\"urlTemplate\":\"https:\/\/thewebdevpoint.com\/ro\/?s={search_term_string}\"},\"query-input\":{\"@type\":\"PropertyValueSpecification\",\"valueRequired\":true,\"valueName\":\"search_term_string\"}}],\"inLanguage\":\"fr-FR\"},{\"@type\":\"Organization\",\"@id\":\"https:\/\/thewebdevpoint.com\/ro\/#organization\",\"name\":\"Muzeul Pele\u0219\",\"alternateName\":\"MP\",\"url\":\"https:\/\/thewebdevpoint.com\/ro\/\",\"logo\":{\"@type\":\"ImageObject\",\"inLanguage\":\"fr-FR\",\"@id\":\"https:\/\/thewebdevpoint.com\/ro\/#\/schema\/logo\/image\/\",\"url\":\"https:\/\/thewebdevpoint.com\/wp-content\/uploads\/2024\/10\/Logo.svg\",\"contentUrl\":\"https:\/\/thewebdevpoint.com\/wp-content\/uploads\/2024\/10\/Logo.svg\",\"width\":251,\"height\":48,\"caption\":\"Muzeul Pele\u0219\"},\"image\":{\"@id\":\"https:\/\/thewebdevpoint.com\/ro\/#\/schema\/logo\/image\/\"}}]}<\/script>\n<!-- \/ Yoast SEO plugin. -->","yoast_head_json":{"title":"ArgEnTango - Piazzolla, o poveste autentic\u0103, edi\u0163ia a II-a &#183; Peles Test","robots":{"index":"noindex","follow":"follow","max-snippet":"max-snippet:-1","max-image-preview":"max-image-preview:large","max-video-preview":"max-video-preview:-1"},"schema":{"@context":"https:\/\/schema.org","@graph":[{"@type":"WebPage","@id":"https:\/\/thewebdevpoint.com\/eveniment\/argentango-piazzolla-o-poveste-autentica-editia-a-ii-a\/","url":"https:\/\/thewebdevpoint.com\/eveniment\/argentango-piazzolla-o-poveste-autentica-editia-a-ii-a\/","name":"ArgEnTango - Piazzolla, o poveste autentic\u0103, edi\u0163ia a II-a &#183; Peles Test","isPartOf":{"@id":"https:\/\/thewebdevpoint.com\/ro\/#website"},"datePublished":"2024-10-08T11:59:12+00:00","dateModified":"2024-12-19T07:48:38+00:00","breadcrumb":{"@id":"https:\/\/thewebdevpoint.com\/eveniment\/argentango-piazzolla-o-poveste-autentica-editia-a-ii-a\/#breadcrumb"},"inLanguage":"fr-FR","potentialAction":[{"@type":"ReadAction","target":["https:\/\/thewebdevpoint.com\/eveniment\/argentango-piazzolla-o-poveste-autentica-editia-a-ii-a\/"]}]},{"@type":"BreadcrumbList","@id":"https:\/\/thewebdevpoint.com\/eveniment\/argentango-piazzolla-o-poveste-autentica-editia-a-ii-a\/#breadcrumb","itemListElement":[{"@type":"ListItem","position":1,"name":"Acas\u0103","item":"https:\/\/thewebdevpoint.com\/"},{"@type":"ListItem","position":2,"name":"Evenimente","item":"https:\/\/thewebdevpoint.com\/ro\/evenimente\/"},{"@type":"ListItem","position":3,"name":"ArgEnTango &#8211; Piazzolla, o poveste autentic\u0103, edi\u0163ia a II-a"}]},{"@type":"WebSite","@id":"https:\/\/thewebdevpoint.com\/ro\/#website","url":"https:\/\/thewebdevpoint.com\/ro\/","name":"Peles Test","description":"","publisher":{"@id":"https:\/\/thewebdevpoint.com\/ro\/#organization"},"potentialAction":[{"@type":"SearchAction","target":{"@type":"EntryPoint","urlTemplate":"https:\/\/thewebdevpoint.com\/ro\/?s={search_term_string}"},"query-input":{"@type":"PropertyValueSpecification","valueRequired":true,"valueName":"search_term_string"}}],"inLanguage":"fr-FR"},{"@type":"Organization","@id":"https:\/\/thewebdevpoint.com\/ro\/#organization","name":"Muzeul Pele\u0219","alternateName":"MP","url":"https:\/\/thewebdevpoint.com\/ro\/","logo":{"@type":"ImageObject","inLanguage":"fr-FR","@id":"https:\/\/thewebdevpoint.com\/ro\/#\/schema\/logo\/image\/","url":"https:\/\/thewebdevpoint.com\/wp-content\/uploads\/2024\/10\/Logo.svg","contentUrl":"https:\/\/thewebdevpoint.com\/wp-content\/uploads\/2024\/10\/Logo.svg","width":251,"height":48,"caption":"Muzeul Pele\u0219"},"image":{"@id":"https:\/\/thewebdevpoint.com\/ro\/#\/schema\/logo\/image\/"}}]}},"_links":{"self":[{"href":"https:\/\/thewebdevpoint.com\/fr\/wp-json\/wp\/v2\/eveniment\/8754","targetHints":{"allow":["GET"]}}],"collection":[{"href":"https:\/\/thewebdevpoint.com\/fr\/wp-json\/wp\/v2\/eveniment"}],"about":[{"href":"https:\/\/thewebdevpoint.com\/fr\/wp-json\/wp\/v2\/types\/eveniment"}],"version-history":[{"count":1,"href":"https:\/\/thewebdevpoint.com\/fr\/wp-json\/wp\/v2\/eveniment\/8754\/revisions"}],"predecessor-version":[{"id":17250,"href":"https:\/\/thewebdevpoint.com\/fr\/wp-json\/wp\/v2\/eveniment\/8754\/revisions\/17250"}],"wp:attachment":[{"href":"https:\/\/thewebdevpoint.com\/fr\/wp-json\/wp\/v2\/media?parent=8754"}],"wp:term":[{"taxonomy":"categorie-evenimente","embeddable":true,"href":"https:\/\/thewebdevpoint.com\/fr\/wp-json\/wp\/v2\/categorie-evenimente?post=8754"}],"curies":[{"name":"wp","href":"https:\/\/api.w.org\/{rel}","templated":true}]}}