{"id":8768,"date":"2024-10-08T11:59:12","date_gmt":"2024-10-08T11:59:12","guid":{"rendered":"https:\/\/pelestest.thepoint-agency.com\/muzica-in-palatele-romaniei-editia-a-v-a\/"},"modified":"2024-12-19T09:48:56","modified_gmt":"2024-12-19T07:48:56","slug":"muzica-in-palatele-romaniei-editia-a-v-a","status":"publish","type":"eveniment","link":"https:\/\/thewebdevpoint.com\/fr\/eveniment\/muzica-in-palatele-romaniei-editia-a-v-a\/","title":{"rendered":"Musique dans les palais de Roumanie \u2013 5e \u00e9dition"},"content":{"rendered":"<p><img fetchpriority=\"high\" decoding=\"async\" class=\"aligncenter size-full wp-image-1732\" src=\"https:\/\/pelestest.thepoint-agency.com\/wp-content\/uploads\/2017\/07\/Peles.jpg\" alt=\"\" width=\"1000\" height=\"1000\" \/><\/p>\n<h3><strong>Arch\u00e9ologie sonore au ch\u00e2teau de Pele\u0219<\/strong><\/h3>\n<p><strong>Samedi 5 ao\u00fbt 2017, \u00e0 partir de 16h00, \u00e0\u00a0<\/strong>dans le cadre de la saison de La M\u00e9lodie du bonheur,<strong>\u00a0Ch\u00e2teau de Peles,\u00a0<\/strong>accueillera un r\u00e9cital dans le cadre du\u00a0<strong>Tournoi national \u00ab Musique\u00a0<\/strong><strong>dans les palais de Roumanie<\/strong><strong>&quot;,<\/strong>\u00a0organis\u00e9 avec le soutien du Mus\u00e9e National Pele\u0219 par l&#039;Association Pro Valores et financ\u00e9 par l&#039;Union de Cr\u00e9ation Interpr\u00e9tative des Musiciens de Roumanie.<\/p>\n<p>Apr\u00e8s l&#039;incroyable succ\u00e8s du concert signal qui a eu lieu le 11 juin au Palais Br\u00e2ncovenesc \u00e0 Mogo\u0219oaia, le protagoniste de l&#039;\u00e9v\u00e9nement itin\u00e9rant \u2013<strong>m\u00e9nestrel moderne Nicolae Szekely<\/strong>, accompagn\u00e9 de\u00a0<strong>cinq instruments<\/strong>\u00a0particuli\u00e8rement<strong>spectaculaire,\u00a0<\/strong>rarement pr\u00e9sent sur les sc\u00e8nes roumaines :\u00a0<strong>vihuela, luth, guitare renaissance, guitare baroque et archiluth<\/strong>, proposera un voyage unique, charg\u00e9 de l&#039;authenticit\u00e9 d&#039;un v\u00e9ritable voyage \u00e0 travers l&#039;histoire, plein de beaut\u00e9s sonores des p\u00e9riodes m\u00e9di\u00e9vale et baroque. A cette occasion, des sons imagin\u00e9s par de grands cr\u00e9ateurs d&#039;il y a plusieurs centaines d&#039;ann\u00e9es seront ramen\u00e9s \u00e0 l&#039;attention des m\u00e9lomanes contemporains : Francesco da Milano, Adrian Le Roy, Diego Pisador, John Dowland, Giovanni Zamboni, Gaspar Sanz et bien d&#039;autres encore.<\/p>\n<p><strong><em>Nicolas Szekely<\/em><\/strong><em>\u00a0En 1987, il remporte la premi\u00e8re place au Festival national de guitare classique de Sinaia. Apr\u00e8s 1988, il s&#039;installe \u00e0 Hunedoara. Dans les ann\u00e9es 90, il organise le festival \u00ab Journ\u00e9es de la Guitare Classique \u00bb. Le luthier Gyorgy Lorinczi de Tg Mure\u015f aiguise son app\u00e9tit pour des instruments sp\u00e9ciaux : la vihuela et le luth, instruments qui capturent toute sa passion pour la musique. Il est actif lors des festivals m\u00e9di\u00e9vaux du pays et participe \u00e0 une master class avec Hopkinson Smith, qui lui r\u00e9v\u00e8le les secrets de la technique particuli\u00e8re de ces instruments. Il a donn\u00e9 des r\u00e9citals de musique de la Renaissance \u00e0 la forteresse de Neam\u0163, au ch\u00e2teau de Corvin, \u00e0 l&#039;\u00e9glise fortifi\u00e9e de Biertan, \u00e0 la Maison de la culture \u00e9tudiante de Bucarest, \u00e0 la forteresse de R\u00e2\u0219nov, \u00e0 la tour du Bastion de Cluj, \u00e0 l&#039;\u00e9glise \u00e9vang\u00e9lique de Media\u0219. L&#039;univers musical de Nicolae Szekely perdure dans le r\u00e9pertoire m\u00e9di\u00e9val et de la Renaissance, d&#039;une richesse et d&#039;une profondeur insoup\u00e7onn\u00e9es.<\/em><\/p>\n<p>Apr\u00e8s l&#039;\u00e9v\u00e9nement \u00e0\u00a0<strong>Ch\u00e2teau de Pele\u0219 5e \u00e9dition du Tournoi \u00ab Musique \u00bb\u00a0<\/strong><strong>dans les palais de Roumanie<\/strong><strong>&quot; se terminera le dimanche 6 ao\u00fbt, \u00e0 17 heures, \u00e0 la forteresse de Neam\u021b \u00e0 T\u00e2rgu Neam\u021b.<\/strong><\/p>\n<p>D\u00e9tails sur :<strong>\u00a0<\/strong><a href=\"https:\/\/muzicainpalateleromaniei.wordpress.com\/\"><strong>https:\/\/muzicainpalateleromaniei.wordpress.com\/<\/strong><\/a><\/p>\n<p><strong>Organisation :<\/strong>\u00a0Association culturelle \u00ab Pro Valores \u00bb<\/p>\n<p><strong>Projet financ\u00e9 par :\u00a0<\/strong>Union de cr\u00e9ation interpr\u00e9tative des musiciens de Roumanie<\/p>\n<p><strong>Partenaires:\u00a0<\/strong>Mus\u00e9e national Pele\u0219, Maison de la culture Calafat, Ch\u00e2teau Corvin Hunedoara, Mus\u00e9e de la civilisation dace et romaine Deva, Complexe mus\u00e9al du d\u00e9partement de Neam\u021b, Imprimerie num\u00e9rique Clic<\/p>\n<p><strong>Partenaires m\u00e9dias :\u00a0<\/strong>Radio Roumanie culturelle, Radio Roumanie Muzical, Radio Trinitas, EnjoyTv, EsTV, Calendrier des \u00e9v\u00e9nements, Observateur culturel, JurnalMM.ro, Rom\u00e2nia pozitiv\u0103.ro, Bucuresteni.ro, Agence du livre, Roportal.ro<\/p>","protected":false},"featured_media":0,"template":"","meta":{"_acf_changed":false},"categorie-evenimente":[353],"class_list":["post-8768","eveniment","type-eveniment","status-publish","hentry","categorie-evenimente-arhiva"],"acf":[],"yoast_head":"<!-- This site is optimized with the Yoast SEO plugin v24.1 - https:\/\/yoast.com\/wordpress\/plugins\/seo\/ -->\n<title>Muzica \u00een Palatele Rom\u00e2niei - edi\u0163ia a V-a &#183; Peles Test<\/title>\n<meta name=\"robots\" content=\"noindex, follow, max-snippet:-1, max-image-preview:large, max-video-preview:-1\" \/>\n<script type=\"application\/ld+json\" class=\"yoast-schema-graph\">{\"@context\":\"https:\/\/schema.org\",\"@graph\":[{\"@type\":\"WebPage\",\"@id\":\"https:\/\/thewebdevpoint.com\/eveniment\/muzica-in-palatele-romaniei-editia-a-v-a\/\",\"url\":\"https:\/\/thewebdevpoint.com\/eveniment\/muzica-in-palatele-romaniei-editia-a-v-a\/\",\"name\":\"Muzica \u00een Palatele Rom\u00e2niei - edi\u0163ia a V-a &#183; Peles Test\",\"isPartOf\":{\"@id\":\"https:\/\/thewebdevpoint.com\/ro\/#website\"},\"primaryImageOfPage\":{\"@id\":\"https:\/\/thewebdevpoint.com\/eveniment\/muzica-in-palatele-romaniei-editia-a-v-a\/#primaryimage\"},\"image\":{\"@id\":\"https:\/\/thewebdevpoint.com\/eveniment\/muzica-in-palatele-romaniei-editia-a-v-a\/#primaryimage\"},\"thumbnailUrl\":\"https:\/\/pelestest.thepoint-agency.com\/wp-content\/uploads\/2017\/07\/Peles.jpg\",\"datePublished\":\"2024-10-08T11:59:12+00:00\",\"dateModified\":\"2024-12-19T07:48:56+00:00\",\"breadcrumb\":{\"@id\":\"https:\/\/thewebdevpoint.com\/eveniment\/muzica-in-palatele-romaniei-editia-a-v-a\/#breadcrumb\"},\"inLanguage\":\"fr-FR\",\"potentialAction\":[{\"@type\":\"ReadAction\",\"target\":[\"https:\/\/thewebdevpoint.com\/eveniment\/muzica-in-palatele-romaniei-editia-a-v-a\/\"]}]},{\"@type\":\"ImageObject\",\"inLanguage\":\"fr-FR\",\"@id\":\"https:\/\/thewebdevpoint.com\/eveniment\/muzica-in-palatele-romaniei-editia-a-v-a\/#primaryimage\",\"url\":\"https:\/\/pelestest.thepoint-agency.com\/wp-content\/uploads\/2017\/07\/Peles.jpg\",\"contentUrl\":\"https:\/\/pelestest.thepoint-agency.com\/wp-content\/uploads\/2017\/07\/Peles.jpg\"},{\"@type\":\"BreadcrumbList\",\"@id\":\"https:\/\/thewebdevpoint.com\/eveniment\/muzica-in-palatele-romaniei-editia-a-v-a\/#breadcrumb\",\"itemListElement\":[{\"@type\":\"ListItem\",\"position\":1,\"name\":\"Acas\u0103\",\"item\":\"https:\/\/thewebdevpoint.com\/\"},{\"@type\":\"ListItem\",\"position\":2,\"name\":\"Evenimente\",\"item\":\"https:\/\/thewebdevpoint.com\/ro\/evenimente\/\"},{\"@type\":\"ListItem\",\"position\":3,\"name\":\"Muzica \u00een Palatele Rom\u00e2niei &#8211; edi\u0163ia a V-a\"}]},{\"@type\":\"WebSite\",\"@id\":\"https:\/\/thewebdevpoint.com\/ro\/#website\",\"url\":\"https:\/\/thewebdevpoint.com\/ro\/\",\"name\":\"Peles Test\",\"description\":\"\",\"publisher\":{\"@id\":\"https:\/\/thewebdevpoint.com\/ro\/#organization\"},\"potentialAction\":[{\"@type\":\"SearchAction\",\"target\":{\"@type\":\"EntryPoint\",\"urlTemplate\":\"https:\/\/thewebdevpoint.com\/ro\/?s={search_term_string}\"},\"query-input\":{\"@type\":\"PropertyValueSpecification\",\"valueRequired\":true,\"valueName\":\"search_term_string\"}}],\"inLanguage\":\"fr-FR\"},{\"@type\":\"Organization\",\"@id\":\"https:\/\/thewebdevpoint.com\/ro\/#organization\",\"name\":\"Muzeul Pele\u0219\",\"alternateName\":\"MP\",\"url\":\"https:\/\/thewebdevpoint.com\/ro\/\",\"logo\":{\"@type\":\"ImageObject\",\"inLanguage\":\"fr-FR\",\"@id\":\"https:\/\/thewebdevpoint.com\/ro\/#\/schema\/logo\/image\/\",\"url\":\"https:\/\/thewebdevpoint.com\/wp-content\/uploads\/2024\/10\/Logo.svg\",\"contentUrl\":\"https:\/\/thewebdevpoint.com\/wp-content\/uploads\/2024\/10\/Logo.svg\",\"width\":251,\"height\":48,\"caption\":\"Muzeul Pele\u0219\"},\"image\":{\"@id\":\"https:\/\/thewebdevpoint.com\/ro\/#\/schema\/logo\/image\/\"}}]}<\/script>\n<!-- \/ Yoast SEO plugin. -->","yoast_head_json":{"title":"Muzica \u00een Palatele Rom\u00e2niei - edi\u0163ia a V-a &#183; Peles Test","robots":{"index":"noindex","follow":"follow","max-snippet":"max-snippet:-1","max-image-preview":"max-image-preview:large","max-video-preview":"max-video-preview:-1"},"schema":{"@context":"https:\/\/schema.org","@graph":[{"@type":"WebPage","@id":"https:\/\/thewebdevpoint.com\/eveniment\/muzica-in-palatele-romaniei-editia-a-v-a\/","url":"https:\/\/thewebdevpoint.com\/eveniment\/muzica-in-palatele-romaniei-editia-a-v-a\/","name":"Muzica \u00een Palatele Rom\u00e2niei - edi\u0163ia a V-a &#183; Peles Test","isPartOf":{"@id":"https:\/\/thewebdevpoint.com\/ro\/#website"},"primaryImageOfPage":{"@id":"https:\/\/thewebdevpoint.com\/eveniment\/muzica-in-palatele-romaniei-editia-a-v-a\/#primaryimage"},"image":{"@id":"https:\/\/thewebdevpoint.com\/eveniment\/muzica-in-palatele-romaniei-editia-a-v-a\/#primaryimage"},"thumbnailUrl":"https:\/\/pelestest.thepoint-agency.com\/wp-content\/uploads\/2017\/07\/Peles.jpg","datePublished":"2024-10-08T11:59:12+00:00","dateModified":"2024-12-19T07:48:56+00:00","breadcrumb":{"@id":"https:\/\/thewebdevpoint.com\/eveniment\/muzica-in-palatele-romaniei-editia-a-v-a\/#breadcrumb"},"inLanguage":"fr-FR","potentialAction":[{"@type":"ReadAction","target":["https:\/\/thewebdevpoint.com\/eveniment\/muzica-in-palatele-romaniei-editia-a-v-a\/"]}]},{"@type":"ImageObject","inLanguage":"fr-FR","@id":"https:\/\/thewebdevpoint.com\/eveniment\/muzica-in-palatele-romaniei-editia-a-v-a\/#primaryimage","url":"https:\/\/pelestest.thepoint-agency.com\/wp-content\/uploads\/2017\/07\/Peles.jpg","contentUrl":"https:\/\/pelestest.thepoint-agency.com\/wp-content\/uploads\/2017\/07\/Peles.jpg"},{"@type":"BreadcrumbList","@id":"https:\/\/thewebdevpoint.com\/eveniment\/muzica-in-palatele-romaniei-editia-a-v-a\/#breadcrumb","itemListElement":[{"@type":"ListItem","position":1,"name":"Acas\u0103","item":"https:\/\/thewebdevpoint.com\/"},{"@type":"ListItem","position":2,"name":"Evenimente","item":"https:\/\/thewebdevpoint.com\/ro\/evenimente\/"},{"@type":"ListItem","position":3,"name":"Muzica \u00een Palatele Rom\u00e2niei &#8211; edi\u0163ia a V-a"}]},{"@type":"WebSite","@id":"https:\/\/thewebdevpoint.com\/ro\/#website","url":"https:\/\/thewebdevpoint.com\/ro\/","name":"Peles Test","description":"","publisher":{"@id":"https:\/\/thewebdevpoint.com\/ro\/#organization"},"potentialAction":[{"@type":"SearchAction","target":{"@type":"EntryPoint","urlTemplate":"https:\/\/thewebdevpoint.com\/ro\/?s={search_term_string}"},"query-input":{"@type":"PropertyValueSpecification","valueRequired":true,"valueName":"search_term_string"}}],"inLanguage":"fr-FR"},{"@type":"Organization","@id":"https:\/\/thewebdevpoint.com\/ro\/#organization","name":"Muzeul Pele\u0219","alternateName":"MP","url":"https:\/\/thewebdevpoint.com\/ro\/","logo":{"@type":"ImageObject","inLanguage":"fr-FR","@id":"https:\/\/thewebdevpoint.com\/ro\/#\/schema\/logo\/image\/","url":"https:\/\/thewebdevpoint.com\/wp-content\/uploads\/2024\/10\/Logo.svg","contentUrl":"https:\/\/thewebdevpoint.com\/wp-content\/uploads\/2024\/10\/Logo.svg","width":251,"height":48,"caption":"Muzeul Pele\u0219"},"image":{"@id":"https:\/\/thewebdevpoint.com\/ro\/#\/schema\/logo\/image\/"}}]}},"_links":{"self":[{"href":"https:\/\/thewebdevpoint.com\/fr\/wp-json\/wp\/v2\/eveniment\/8768","targetHints":{"allow":["GET"]}}],"collection":[{"href":"https:\/\/thewebdevpoint.com\/fr\/wp-json\/wp\/v2\/eveniment"}],"about":[{"href":"https:\/\/thewebdevpoint.com\/fr\/wp-json\/wp\/v2\/types\/eveniment"}],"version-history":[{"count":1,"href":"https:\/\/thewebdevpoint.com\/fr\/wp-json\/wp\/v2\/eveniment\/8768\/revisions"}],"predecessor-version":[{"id":17252,"href":"https:\/\/thewebdevpoint.com\/fr\/wp-json\/wp\/v2\/eveniment\/8768\/revisions\/17252"}],"wp:attachment":[{"href":"https:\/\/thewebdevpoint.com\/fr\/wp-json\/wp\/v2\/media?parent=8768"}],"wp:term":[{"taxonomy":"categorie-evenimente","embeddable":true,"href":"https:\/\/thewebdevpoint.com\/fr\/wp-json\/wp\/v2\/categorie-evenimente?post=8768"}],"curies":[{"name":"wp","href":"https:\/\/api.w.org\/{rel}","templated":true}]}}