{"id":8785,"date":"2024-10-08T11:59:12","date_gmt":"2024-10-08T11:59:12","guid":{"rendered":"https:\/\/pelestest.thepoint-agency.com\/armonii-florale-la-castelul-peles-editia-a-x-a\/"},"modified":"2024-12-19T09:48:57","modified_gmt":"2024-12-19T07:48:57","slug":"armonii-florale-la-castelul-peles-editia-a-x-a","status":"publish","type":"eveniment","link":"https:\/\/thewebdevpoint.com\/fr\/eveniment\/armonii-florale-la-castelul-peles-editia-a-x-a\/","title":{"rendered":"HARMONIES FLORALES AU CH\u00c2TEAU DE PELE\u015e \u2013 10E \u00c9DITION"},"content":{"rendered":"<h3 style=\"text-align: center;\"><strong>Harmonies florales au Domaine de Pele\u015f<\/strong><\/h3>\n<h3><strong><img fetchpriority=\"high\" decoding=\"async\" class=\"aligncenter size-full wp-image-2073\" src=\"https:\/\/pelestest.thepoint-agency.com\/wp-content\/uploads\/2018\/03\/duo-kitharsis.jpg\" alt=\"\" width=\"1500\" height=\"1085\" \/><\/strong><\/h3>\n<p><strong>Dans la salle d&#039;honneur du ch\u00e2teau de Peli<\/strong><strong>de la <\/strong><strong>rail<\/strong>, la 10e \u00e9dition du <strong>La saison de \u00ab La M\u00e9lodie du Bonheur \u00bb, <\/strong>organis\u00e9 par l&#039;Union de Cr\u00e9ation Interpr\u00e9tative des Musiciens de Roumanie et le Mus\u00e9e National Pele\u0219.<\/p>\n<p><strong>Samedi 31 mars 2018, \u00e0 partir de 14h30<\/strong>, \u00e0 <strong>Ch\u00e2teau de P\u00e9lisor<\/strong>, sous le titre \u00ab<strong>\u00ab Harmonies florales \u00bb<\/strong>, l&#039;un des ensembles de chambre roumains les plus pr\u00e9cieux se produira \u2013 <strong>Duo Kitharsis<\/strong>.<\/p>\n<p><strong>Les guitaristes Alexandra Petri\u0219or et Drago\u0219 Horghidan<\/strong> interpr\u00e9tera des opus tr\u00e8s difficiles, mais aussi spectaculaires, cr\u00e9\u00e9s par C\u0103t\u0103lin \u0218tef\u0103nescu P\u0103tra\u0219cu, Bela Bartok, Erik Satie, Joaquin Rodrigo et Manuel de Falla.<\/p>\n<p><strong><em>Duo Kitharsis<\/em><\/strong><em>, <\/em><em>compos\u00e9 d&#039;Alexandra Petri\u0219or et Drago\u0219 Horghidan a \u00e9tudi\u00e9 dans le pays et \u00e0 l&#039;\u00e9tranger, s&#039;est produit avec des artistes internationaux de renom dans divers festivals de guitare en Roumanie, en Allemagne, en France et en Italie et a \u00e9t\u00e9 laur\u00e9at de nombreux concours de grande valeur tels que : le Prix &quot;Champagne Mailliard&quot; au Concours Europ\u00e9en de Musique de Chambre \u00e0 Paris, en 2014, 1er Prix au Concours &quot;Road to Fame&quot;, 5e \u00e9dition, Bucarest, \u00e9galement en 2014, 1er Prix au &quot;Concorso di Esecuzione Musicale &#039;Citta di Piove di Sacco&quot; - 7e \u00e9dition, Padoue (Italie) et le Grand Prix au Concours International de Guitare \u00e0 Olsztyn (Pologne).<\/em><\/p>\n<p><strong>Saison \u00ab La M\u00e9lodie du Bonheur \u00bb<\/strong> interviendra \u00e9galement cette ann\u00e9e <strong>10 r\u00e9unions<\/strong> entre la grande musique et les amateurs de l&#039;art du son, se transformant en une attraction culturelle unique dans la vall\u00e9e de Prahova. Les r\u00e9citals au ch\u00e2teau de Pele\u0219, joyau architectural, symbole culturel, historique et esth\u00e9tique roumain, auront lieu pendant la <strong>Mars \u2013 octobre 2018<\/strong>, et parmi les invit\u00e9s se trouvent : <strong>Le quatuor avec piano \u00ab CAUDELLA \u00bb<\/strong><strong>&quot;, <\/strong><strong>la pianiste Diana Voronetskaya, le guitariste Costin Soare, l&#039;accord\u00e9oniste Fernando Mihalache, Chordis Quartet<\/strong> et <strong>invit\u00e9s du ICon Arts Festival<\/strong>. Cette ann\u00e9e \u00e9galement, il y aura deux concerts de jazz, l&#039;un organis\u00e9 en mai par <strong>Toma Dimitriu et ses amis<\/strong>, et le deuxi\u00e8me en octobre de <strong>Bruit bleu. <\/strong><\/p>\n<p>D\u00e9tails sur : <a href=\"https:\/\/asociatiaprovalores.ro\">https:\/\/asociatiaprovalores.ro<\/a><\/p>\n<p>L&#039;acc\u00e8s se fait sur invitation, qui peut \u00eatre obtenue en \u00e9crivant \u00e0 : <strong><a href=\"mailto:peles.ro@gmail.com\">peles.ro@gmail.com<\/a><\/strong><\/p>\n<p>Organisateurs: <strong>Union de cr\u00e9ation interpr\u00e9tative des musiciens de Roumanie<\/strong> par <strong>Le programme \u00ab Opportunit\u00e9s \u00e0 la maison \u00bb et le Mus\u00e9e national Pele\u0219<\/strong><\/p>\n<p>Partenaires: <strong>Banca Transilvania, ExcesMusic et l&#039;Association Pro Valores. <\/strong><\/p>\n<p>Partenaires m\u00e9dias : <strong>Radio Roumanie Culturelle, Radio Roumanie Musicale, Enjoy TV, Observatoire Culturel, Radio Trinitas,<\/strong> <strong>Calendrier des \u00e9v\u00e9nements, Roportal.ro, onlinegallery.ro, JurnalMM.ro, <\/strong><strong>Capitale culturelle, Agence du livre, Roumanie positive. <\/strong><\/p>","protected":false},"featured_media":0,"template":"","meta":{"_acf_changed":false},"categorie-evenimente":[353],"class_list":["post-8785","eveniment","type-eveniment","status-publish","hentry","categorie-evenimente-arhiva"],"acf":[],"yoast_head":"<!-- This site is optimized with the Yoast SEO plugin v24.1 - https:\/\/yoast.com\/wordpress\/plugins\/seo\/ -->\n<title>ARMONII FLORALE LA CASTELUL PELE\u015e - EDI\u0162IA A X-A &#183; Peles Test<\/title>\n<meta name=\"robots\" content=\"noindex, follow, max-snippet:-1, max-image-preview:large, max-video-preview:-1\" \/>\n<script type=\"application\/ld+json\" class=\"yoast-schema-graph\">{\"@context\":\"https:\/\/schema.org\",\"@graph\":[{\"@type\":\"WebPage\",\"@id\":\"https:\/\/thewebdevpoint.com\/eveniment\/armonii-florale-la-castelul-peles-editia-a-x-a\/\",\"url\":\"https:\/\/thewebdevpoint.com\/eveniment\/armonii-florale-la-castelul-peles-editia-a-x-a\/\",\"name\":\"ARMONII FLORALE LA CASTELUL PELE\u015e - EDI\u0162IA A X-A &#183; Peles Test\",\"isPartOf\":{\"@id\":\"https:\/\/thewebdevpoint.com\/ro\/#website\"},\"primaryImageOfPage\":{\"@id\":\"https:\/\/thewebdevpoint.com\/eveniment\/armonii-florale-la-castelul-peles-editia-a-x-a\/#primaryimage\"},\"image\":{\"@id\":\"https:\/\/thewebdevpoint.com\/eveniment\/armonii-florale-la-castelul-peles-editia-a-x-a\/#primaryimage\"},\"thumbnailUrl\":\"https:\/\/pelestest.thepoint-agency.com\/wp-content\/uploads\/2018\/03\/duo-kitharsis.jpg\",\"datePublished\":\"2024-10-08T11:59:12+00:00\",\"dateModified\":\"2024-12-19T07:48:57+00:00\",\"breadcrumb\":{\"@id\":\"https:\/\/thewebdevpoint.com\/eveniment\/armonii-florale-la-castelul-peles-editia-a-x-a\/#breadcrumb\"},\"inLanguage\":\"fr-FR\",\"potentialAction\":[{\"@type\":\"ReadAction\",\"target\":[\"https:\/\/thewebdevpoint.com\/eveniment\/armonii-florale-la-castelul-peles-editia-a-x-a\/\"]}]},{\"@type\":\"ImageObject\",\"inLanguage\":\"fr-FR\",\"@id\":\"https:\/\/thewebdevpoint.com\/eveniment\/armonii-florale-la-castelul-peles-editia-a-x-a\/#primaryimage\",\"url\":\"https:\/\/pelestest.thepoint-agency.com\/wp-content\/uploads\/2018\/03\/duo-kitharsis.jpg\",\"contentUrl\":\"https:\/\/pelestest.thepoint-agency.com\/wp-content\/uploads\/2018\/03\/duo-kitharsis.jpg\"},{\"@type\":\"BreadcrumbList\",\"@id\":\"https:\/\/thewebdevpoint.com\/eveniment\/armonii-florale-la-castelul-peles-editia-a-x-a\/#breadcrumb\",\"itemListElement\":[{\"@type\":\"ListItem\",\"position\":1,\"name\":\"Acas\u0103\",\"item\":\"https:\/\/thewebdevpoint.com\/\"},{\"@type\":\"ListItem\",\"position\":2,\"name\":\"Evenimente\",\"item\":\"https:\/\/thewebdevpoint.com\/ro\/evenimente\/\"},{\"@type\":\"ListItem\",\"position\":3,\"name\":\"ARMONII FLORALE LA CASTELUL PELE\u015e &#8211; EDI\u0162IA A X-A\"}]},{\"@type\":\"WebSite\",\"@id\":\"https:\/\/thewebdevpoint.com\/ro\/#website\",\"url\":\"https:\/\/thewebdevpoint.com\/ro\/\",\"name\":\"Peles Test\",\"description\":\"\",\"publisher\":{\"@id\":\"https:\/\/thewebdevpoint.com\/ro\/#organization\"},\"potentialAction\":[{\"@type\":\"SearchAction\",\"target\":{\"@type\":\"EntryPoint\",\"urlTemplate\":\"https:\/\/thewebdevpoint.com\/ro\/?s={search_term_string}\"},\"query-input\":{\"@type\":\"PropertyValueSpecification\",\"valueRequired\":true,\"valueName\":\"search_term_string\"}}],\"inLanguage\":\"fr-FR\"},{\"@type\":\"Organization\",\"@id\":\"https:\/\/thewebdevpoint.com\/ro\/#organization\",\"name\":\"Muzeul Pele\u0219\",\"alternateName\":\"MP\",\"url\":\"https:\/\/thewebdevpoint.com\/ro\/\",\"logo\":{\"@type\":\"ImageObject\",\"inLanguage\":\"fr-FR\",\"@id\":\"https:\/\/thewebdevpoint.com\/ro\/#\/schema\/logo\/image\/\",\"url\":\"https:\/\/thewebdevpoint.com\/wp-content\/uploads\/2024\/10\/Logo.svg\",\"contentUrl\":\"https:\/\/thewebdevpoint.com\/wp-content\/uploads\/2024\/10\/Logo.svg\",\"width\":251,\"height\":48,\"caption\":\"Muzeul Pele\u0219\"},\"image\":{\"@id\":\"https:\/\/thewebdevpoint.com\/ro\/#\/schema\/logo\/image\/\"}}]}<\/script>\n<!-- \/ Yoast SEO plugin. -->","yoast_head_json":{"title":"ARMONII FLORALE LA CASTELUL PELE\u015e - EDI\u0162IA A X-A &#183; Peles Test","robots":{"index":"noindex","follow":"follow","max-snippet":"max-snippet:-1","max-image-preview":"max-image-preview:large","max-video-preview":"max-video-preview:-1"},"schema":{"@context":"https:\/\/schema.org","@graph":[{"@type":"WebPage","@id":"https:\/\/thewebdevpoint.com\/eveniment\/armonii-florale-la-castelul-peles-editia-a-x-a\/","url":"https:\/\/thewebdevpoint.com\/eveniment\/armonii-florale-la-castelul-peles-editia-a-x-a\/","name":"ARMONII FLORALE LA CASTELUL PELE\u015e - EDI\u0162IA A X-A &#183; Peles Test","isPartOf":{"@id":"https:\/\/thewebdevpoint.com\/ro\/#website"},"primaryImageOfPage":{"@id":"https:\/\/thewebdevpoint.com\/eveniment\/armonii-florale-la-castelul-peles-editia-a-x-a\/#primaryimage"},"image":{"@id":"https:\/\/thewebdevpoint.com\/eveniment\/armonii-florale-la-castelul-peles-editia-a-x-a\/#primaryimage"},"thumbnailUrl":"https:\/\/pelestest.thepoint-agency.com\/wp-content\/uploads\/2018\/03\/duo-kitharsis.jpg","datePublished":"2024-10-08T11:59:12+00:00","dateModified":"2024-12-19T07:48:57+00:00","breadcrumb":{"@id":"https:\/\/thewebdevpoint.com\/eveniment\/armonii-florale-la-castelul-peles-editia-a-x-a\/#breadcrumb"},"inLanguage":"fr-FR","potentialAction":[{"@type":"ReadAction","target":["https:\/\/thewebdevpoint.com\/eveniment\/armonii-florale-la-castelul-peles-editia-a-x-a\/"]}]},{"@type":"ImageObject","inLanguage":"fr-FR","@id":"https:\/\/thewebdevpoint.com\/eveniment\/armonii-florale-la-castelul-peles-editia-a-x-a\/#primaryimage","url":"https:\/\/pelestest.thepoint-agency.com\/wp-content\/uploads\/2018\/03\/duo-kitharsis.jpg","contentUrl":"https:\/\/pelestest.thepoint-agency.com\/wp-content\/uploads\/2018\/03\/duo-kitharsis.jpg"},{"@type":"BreadcrumbList","@id":"https:\/\/thewebdevpoint.com\/eveniment\/armonii-florale-la-castelul-peles-editia-a-x-a\/#breadcrumb","itemListElement":[{"@type":"ListItem","position":1,"name":"Acas\u0103","item":"https:\/\/thewebdevpoint.com\/"},{"@type":"ListItem","position":2,"name":"Evenimente","item":"https:\/\/thewebdevpoint.com\/ro\/evenimente\/"},{"@type":"ListItem","position":3,"name":"ARMONII FLORALE LA CASTELUL PELE\u015e &#8211; EDI\u0162IA A X-A"}]},{"@type":"WebSite","@id":"https:\/\/thewebdevpoint.com\/ro\/#website","url":"https:\/\/thewebdevpoint.com\/ro\/","name":"Peles Test","description":"","publisher":{"@id":"https:\/\/thewebdevpoint.com\/ro\/#organization"},"potentialAction":[{"@type":"SearchAction","target":{"@type":"EntryPoint","urlTemplate":"https:\/\/thewebdevpoint.com\/ro\/?s={search_term_string}"},"query-input":{"@type":"PropertyValueSpecification","valueRequired":true,"valueName":"search_term_string"}}],"inLanguage":"fr-FR"},{"@type":"Organization","@id":"https:\/\/thewebdevpoint.com\/ro\/#organization","name":"Muzeul Pele\u0219","alternateName":"MP","url":"https:\/\/thewebdevpoint.com\/ro\/","logo":{"@type":"ImageObject","inLanguage":"fr-FR","@id":"https:\/\/thewebdevpoint.com\/ro\/#\/schema\/logo\/image\/","url":"https:\/\/thewebdevpoint.com\/wp-content\/uploads\/2024\/10\/Logo.svg","contentUrl":"https:\/\/thewebdevpoint.com\/wp-content\/uploads\/2024\/10\/Logo.svg","width":251,"height":48,"caption":"Muzeul Pele\u0219"},"image":{"@id":"https:\/\/thewebdevpoint.com\/ro\/#\/schema\/logo\/image\/"}}]}},"_links":{"self":[{"href":"https:\/\/thewebdevpoint.com\/fr\/wp-json\/wp\/v2\/eveniment\/8785","targetHints":{"allow":["GET"]}}],"collection":[{"href":"https:\/\/thewebdevpoint.com\/fr\/wp-json\/wp\/v2\/eveniment"}],"about":[{"href":"https:\/\/thewebdevpoint.com\/fr\/wp-json\/wp\/v2\/types\/eveniment"}],"version-history":[{"count":1,"href":"https:\/\/thewebdevpoint.com\/fr\/wp-json\/wp\/v2\/eveniment\/8785\/revisions"}],"predecessor-version":[{"id":17246,"href":"https:\/\/thewebdevpoint.com\/fr\/wp-json\/wp\/v2\/eveniment\/8785\/revisions\/17246"}],"wp:attachment":[{"href":"https:\/\/thewebdevpoint.com\/fr\/wp-json\/wp\/v2\/media?parent=8785"}],"wp:term":[{"taxonomy":"categorie-evenimente","embeddable":true,"href":"https:\/\/thewebdevpoint.com\/fr\/wp-json\/wp\/v2\/categorie-evenimente?post=8785"}],"curies":[{"name":"wp","href":"https:\/\/api.w.org\/{rel}","templated":true}]}}