{"id":8800,"date":"2024-10-08T11:59:13","date_gmt":"2024-10-08T11:59:13","guid":{"rendered":"https:\/\/pelestest.thepoint-agency.com\/centenar-creativ\/"},"modified":"2024-12-19T10:06:52","modified_gmt":"2024-12-19T08:06:52","slug":"centenar-creativ","status":"publish","type":"eveniment","link":"https:\/\/thewebdevpoint.com\/fr\/eveniment\/centenar-creativ\/","title":{"rendered":"Centenaire de la cr\u00e9ation"},"content":{"rendered":"<p>Le Mus\u00e9e national Pele\u0219 est partenaire du projet \u00ab Centenaire cr\u00e9atif \u00bb, d\u00e9di\u00e9 au 100e anniversaire de la Grande Union.<\/p>\n<p><strong>Dans le cadre du concours, les artistes et cr\u00e9atifs roumains sont invit\u00e9s \u00e0 r\u00e9interpr\u00e9ter des \u00e9l\u00e9ments du patrimoine li\u00e9s au Centenaire de la Grande Union, qu&#039;il s&#039;agisse de la Premi\u00e8re Guerre mondiale et du processus de r\u00e9unification de la Roumanie, ou de moments et de personnalit\u00e9s li\u00e9s au 100e anniversaire de notre pays.<\/strong><\/p>\n<p>Le concours de design d&#039;objets \u00abCreative Centennial\u00bb est initi\u00e9 par <a href=\"http:\/\/www.muzeulcotroceni.ro\/\">Mus\u00e9e national de Cotroceni<\/a> en partenariat avec <a href=\"https:\/\/pelestest.thepoint-agency.com\/\">Mus\u00e9e national Peles<\/a>, <a href=\"https:\/\/mnuai.ro\/\">Mus\u00e9e national de l&#039;Union d&#039;Alba-Iulia<\/a>, <a href=\"http:\/\/palatulculturii.ro\/\">Complexe mus\u00e9al \u00ab Moldavie \u00bb Ia\u0219i<\/a>, <a href=\"http:\/\/www.brasovistorie.ro\/\">Mus\u00e9e d&#039;histoire du comt\u00e9 de Brasov<\/a> et <a href=\"http:\/\/www.institute.ro\/\">L&#039;Institut<\/a>.<\/p>\n<p>\u00abCentenaire Cr\u00e9atif\u00bb est r\u00e9alis\u00e9 avec le soutien de la Mairie de Bucarest \u00e0 travers <a href=\"https:\/\/www.creart.ro\/\">creart \u2013 Centre de Cr\u00e9ation, d&#039;Art et de Tradition<\/a>, <a href=\"https:\/\/www.eximbank.ro\/\">EximBank<\/a> et <a href=\"\/fr\/CEC Bank\/\">Banque CEC<\/a> et cofinanc\u00e9 par <a href=\"https:\/\/www.afcn.ro\/\">Administration du Fonds culturel national<\/a>.<\/p>\n<p>DESCRIPTION DU CONCOURS<\/p>\n<p>Le concours \u00ab Centenaire Cr\u00e9atif \u00bb vise \u00e0 offrir aux cr\u00e9atifs l\u2019opportunit\u00e9 d\u2019entrer en dialogue avec les institutions culturelles et d\u2019apporter un nouveau regard sur les mani\u00e8res de communiquer et de valoriser le patrimoine. Ainsi, les participants choisiront un \u00e9l\u00e9ment patrimonial en lien avec le th\u00e8me du concours, qu\u2019ils r\u00e9interpr\u00e9teront et traduiront en un produit repr\u00e9sentatif du 100e anniversaire de la Grande Union.<\/p>\n<p>Les artistes et cr\u00e9atifs roumains peuvent s\u2019inspirer de la s\u00e9lection des cinq mus\u00e9es impliqu\u00e9s dans le projet ou peuvent effectuer des visites documentaires pour le d\u00e9veloppement de produits.<\/p>\n<p>Le concours est lanc\u00e9 lors de la conf\u00e9rence de presse du 12 juillet 2018. Les propositions de projets peuvent \u00eatre soumises entre le 12 juillet et le 26 ao\u00fbt 2018, et les gagnants des 6 prix d&#039;une valeur de 9 000 lei chacun seront d\u00e9sign\u00e9s par un jury et annonc\u00e9s apr\u00e8s le 12 septembre. Ils cr\u00e9eront une s\u00e9rie limit\u00e9e de produits, qui seront promus \u00e0 travers des micro-expositions organis\u00e9es par les partenaires impliqu\u00e9s dans le projet, en octobre et novembre.<\/p>\n<p>Les prix sont d\u00e9cern\u00e9s par l&#039;Administration du Fonds National de la Culture, la Mairie de Bucarest par l&#039;interm\u00e9diaire de creart - Centre de Cr\u00e9ation, d&#039;Art et de Tradition, Eximbank. et la Banque CEC.<\/p>\n<p><strong>Calendrier des comp\u00e9titions :<\/strong><\/p>\n<p>12 juillet 2018 \u2013 lancement du concours<\/p>\n<p>12 juillet \u2013 26 ao\u00fbt 2018 \u2013 inscription en ligne, via le formulaire de concours, disponible ici : <a href=\"http:\/\/www.institute.ro\/centenarcreativ\/\">http:\/\/www.institute.ro\/centenarcreativ\/<\/a><\/p>\n<p>26 ao\u00fbt \u2013 12 septembre 2018 \u2013 jugement<\/p>\n<p>12 septembre 2018 \u2013 Annonce des gagnants<\/p>\n<p>12 septembre \u2013 12 octobre 2018 \u2013 p\u00e9riode de production de la mini s\u00e9rie de 60 objets<\/p>\n<p>Octobre \u2013 novembre 2018 \u2013 micro-expositions avec le prototype des objets laur\u00e9ats<\/p>\n<p>Plus de d\u00e9tails sur le concours en <strong><a href=\"https:\/\/pelestest.thepoint-agency.com\/wp-content\/uploads\/2018\/07\/regulament-Centenar-Creativ-Final.pdf\">R\u00e8glements\u00a0<\/a><\/strong>et <strong><a href=\"https:\/\/pelestest.thepoint-agency.com\/wp-content\/uploads\/2018\/07\/brief-centenar-creativ-v2.pdf\">Bref<\/a><\/strong><\/p>\n<p>&nbsp;<\/p>","protected":false},"featured_media":0,"template":"","meta":{"_acf_changed":false},"categorie-evenimente":[353],"class_list":["post-8800","eveniment","type-eveniment","status-publish","hentry","categorie-evenimente-arhiva"],"acf":[],"yoast_head":"<!-- This site is optimized with the Yoast SEO plugin v24.1 - https:\/\/yoast.com\/wordpress\/plugins\/seo\/ -->\n<title>Centenar Creativ &#183; Peles Test<\/title>\n<meta name=\"robots\" content=\"noindex, follow, max-snippet:-1, max-image-preview:large, max-video-preview:-1\" \/>\n<script type=\"application\/ld+json\" class=\"yoast-schema-graph\">{\"@context\":\"https:\/\/schema.org\",\"@graph\":[{\"@type\":\"WebPage\",\"@id\":\"https:\/\/thewebdevpoint.com\/ro\/eveniment\/centenar-creativ\/\",\"url\":\"https:\/\/thewebdevpoint.com\/ro\/eveniment\/centenar-creativ\/\",\"name\":\"Centenar Creativ &#183; Peles Test\",\"isPartOf\":{\"@id\":\"https:\/\/thewebdevpoint.com\/ro\/#website\"},\"datePublished\":\"2024-10-08T11:59:13+00:00\",\"dateModified\":\"2024-12-19T08:06:52+00:00\",\"breadcrumb\":{\"@id\":\"https:\/\/thewebdevpoint.com\/ro\/eveniment\/centenar-creativ\/#breadcrumb\"},\"inLanguage\":\"fr-FR\",\"potentialAction\":[{\"@type\":\"ReadAction\",\"target\":[\"https:\/\/thewebdevpoint.com\/ro\/eveniment\/centenar-creativ\/\"]}]},{\"@type\":\"BreadcrumbList\",\"@id\":\"https:\/\/thewebdevpoint.com\/ro\/eveniment\/centenar-creativ\/#breadcrumb\",\"itemListElement\":[{\"@type\":\"ListItem\",\"position\":1,\"name\":\"Acas\u0103\",\"item\":\"https:\/\/thewebdevpoint.com\/\"},{\"@type\":\"ListItem\",\"position\":2,\"name\":\"Evenimente\",\"item\":\"https:\/\/thewebdevpoint.com\/ro\/evenimente\/\"},{\"@type\":\"ListItem\",\"position\":3,\"name\":\"Centenar Creativ\"}]},{\"@type\":\"WebSite\",\"@id\":\"https:\/\/thewebdevpoint.com\/ro\/#website\",\"url\":\"https:\/\/thewebdevpoint.com\/ro\/\",\"name\":\"Peles Test\",\"description\":\"\",\"publisher\":{\"@id\":\"https:\/\/thewebdevpoint.com\/ro\/#organization\"},\"potentialAction\":[{\"@type\":\"SearchAction\",\"target\":{\"@type\":\"EntryPoint\",\"urlTemplate\":\"https:\/\/thewebdevpoint.com\/ro\/?s={search_term_string}\"},\"query-input\":{\"@type\":\"PropertyValueSpecification\",\"valueRequired\":true,\"valueName\":\"search_term_string\"}}],\"inLanguage\":\"fr-FR\"},{\"@type\":\"Organization\",\"@id\":\"https:\/\/thewebdevpoint.com\/ro\/#organization\",\"name\":\"Muzeul Pele\u0219\",\"alternateName\":\"MP\",\"url\":\"https:\/\/thewebdevpoint.com\/ro\/\",\"logo\":{\"@type\":\"ImageObject\",\"inLanguage\":\"fr-FR\",\"@id\":\"https:\/\/thewebdevpoint.com\/ro\/#\/schema\/logo\/image\/\",\"url\":\"https:\/\/thewebdevpoint.com\/wp-content\/uploads\/2024\/10\/Logo.svg\",\"contentUrl\":\"https:\/\/thewebdevpoint.com\/wp-content\/uploads\/2024\/10\/Logo.svg\",\"width\":251,\"height\":48,\"caption\":\"Muzeul Pele\u0219\"},\"image\":{\"@id\":\"https:\/\/thewebdevpoint.com\/ro\/#\/schema\/logo\/image\/\"}}]}<\/script>\n<!-- \/ Yoast SEO plugin. -->","yoast_head_json":{"title":"Centenar Creativ &#183; Peles Test","robots":{"index":"noindex","follow":"follow","max-snippet":"max-snippet:-1","max-image-preview":"max-image-preview:large","max-video-preview":"max-video-preview:-1"},"schema":{"@context":"https:\/\/schema.org","@graph":[{"@type":"WebPage","@id":"https:\/\/thewebdevpoint.com\/ro\/eveniment\/centenar-creativ\/","url":"https:\/\/thewebdevpoint.com\/ro\/eveniment\/centenar-creativ\/","name":"Centenar Creativ &#183; Peles Test","isPartOf":{"@id":"https:\/\/thewebdevpoint.com\/ro\/#website"},"datePublished":"2024-10-08T11:59:13+00:00","dateModified":"2024-12-19T08:06:52+00:00","breadcrumb":{"@id":"https:\/\/thewebdevpoint.com\/ro\/eveniment\/centenar-creativ\/#breadcrumb"},"inLanguage":"fr-FR","potentialAction":[{"@type":"ReadAction","target":["https:\/\/thewebdevpoint.com\/ro\/eveniment\/centenar-creativ\/"]}]},{"@type":"BreadcrumbList","@id":"https:\/\/thewebdevpoint.com\/ro\/eveniment\/centenar-creativ\/#breadcrumb","itemListElement":[{"@type":"ListItem","position":1,"name":"Acas\u0103","item":"https:\/\/thewebdevpoint.com\/"},{"@type":"ListItem","position":2,"name":"Evenimente","item":"https:\/\/thewebdevpoint.com\/ro\/evenimente\/"},{"@type":"ListItem","position":3,"name":"Centenar Creativ"}]},{"@type":"WebSite","@id":"https:\/\/thewebdevpoint.com\/ro\/#website","url":"https:\/\/thewebdevpoint.com\/ro\/","name":"Peles Test","description":"","publisher":{"@id":"https:\/\/thewebdevpoint.com\/ro\/#organization"},"potentialAction":[{"@type":"SearchAction","target":{"@type":"EntryPoint","urlTemplate":"https:\/\/thewebdevpoint.com\/ro\/?s={search_term_string}"},"query-input":{"@type":"PropertyValueSpecification","valueRequired":true,"valueName":"search_term_string"}}],"inLanguage":"fr-FR"},{"@type":"Organization","@id":"https:\/\/thewebdevpoint.com\/ro\/#organization","name":"Muzeul Pele\u0219","alternateName":"MP","url":"https:\/\/thewebdevpoint.com\/ro\/","logo":{"@type":"ImageObject","inLanguage":"fr-FR","@id":"https:\/\/thewebdevpoint.com\/ro\/#\/schema\/logo\/image\/","url":"https:\/\/thewebdevpoint.com\/wp-content\/uploads\/2024\/10\/Logo.svg","contentUrl":"https:\/\/thewebdevpoint.com\/wp-content\/uploads\/2024\/10\/Logo.svg","width":251,"height":48,"caption":"Muzeul Pele\u0219"},"image":{"@id":"https:\/\/thewebdevpoint.com\/ro\/#\/schema\/logo\/image\/"}}]}},"_links":{"self":[{"href":"https:\/\/thewebdevpoint.com\/fr\/wp-json\/wp\/v2\/eveniment\/8800","targetHints":{"allow":["GET"]}}],"collection":[{"href":"https:\/\/thewebdevpoint.com\/fr\/wp-json\/wp\/v2\/eveniment"}],"about":[{"href":"https:\/\/thewebdevpoint.com\/fr\/wp-json\/wp\/v2\/types\/eveniment"}],"version-history":[{"count":1,"href":"https:\/\/thewebdevpoint.com\/fr\/wp-json\/wp\/v2\/eveniment\/8800\/revisions"}],"predecessor-version":[{"id":16432,"href":"https:\/\/thewebdevpoint.com\/fr\/wp-json\/wp\/v2\/eveniment\/8800\/revisions\/16432"}],"wp:attachment":[{"href":"https:\/\/thewebdevpoint.com\/fr\/wp-json\/wp\/v2\/media?parent=8800"}],"wp:term":[{"taxonomy":"categorie-evenimente","embeddable":true,"href":"https:\/\/thewebdevpoint.com\/fr\/wp-json\/wp\/v2\/categorie-evenimente?post=8800"}],"curies":[{"name":"wp","href":"https:\/\/api.w.org\/{rel}","templated":true}]}}