{"id":8818,"date":"2024-10-08T11:59:13","date_gmt":"2024-10-08T11:59:13","guid":{"rendered":"https:\/\/pelestest.thepoint-agency.com\/actrita-lamia-beligan-si-muzicianul-nicolae-szekely-in-recitalul-armonii-pascale-sambata-la-castelul-peles\/"},"modified":"2024-12-19T09:48:38","modified_gmt":"2024-12-19T07:48:38","slug":"actrita-lamia-beligan-si-muzicianul-nicolae-szekely-in-recitalul-armonii-pascale-sambata-la-castelul-peles","status":"publish","type":"eveniment","link":"https:\/\/thewebdevpoint.com\/fr\/eveniment\/actrita-lamia-beligan-si-muzicianul-nicolae-szekely-in-recitalul-armonii-pascale-sambata-la-castelul-peles\/","title":{"rendered":"L&#039;actrice Lamia Beligan et le musicien Nicolae Szekely, au r\u00e9cital \u00ab\u00a0Pasch Harmonies\u00a0\u00bb, samedi au ch\u00e2teau de Peles"},"content":{"rendered":"<p><em>La saison \u00ab La M\u00e9lodie du bonheur \u00bb au ch\u00e2teau de Pele\u0219, apr\u00e8s 10 ans et de nombreux \u00e9v\u00e9nements culturels, re\u00e7oit un nouveau look et un format plus complet, r\u00e9unis sous le nom <strong>\u00ab Citadelle des Arts \u00bb \u2013 <\/strong>une nouvelle saison dont le lancement a \u00e9t\u00e9 tr\u00e8s r\u00e9ussi en mars de cette ann\u00e9e.<\/em><\/p>\n<p><strong>Samedi 20 avril 2019,<\/strong> depuis <strong>16h00, \u00e0 la salle de concert du ch\u00e2teau de Pele\u0219 <\/strong>Le deuxi\u00e8me \u00e9v\u00e9nement de la saison aura lieu, marqu\u00e9 par l&#039;approche des vacances de P\u00e2ques. Seront invit\u00e9s \u00e0 faire partie de la \u00ab Citadelle des Arts \u00bb : <strong>Lamia Beligan,<\/strong> actrice distingu\u00e9e du Th\u00e9\u00e2tre National de Bucarest et multi-instrumentiste <strong>Nicolas Szekely. <\/strong><\/p>\n<p>Les artistes ont pr\u00e9par\u00e9 un programme passionnant qui comprendra la lecture de po\u00e8mes s\u00e9lectionn\u00e9s, avec des th\u00e8mes philosophiques et religieux, accompagn\u00e9s d&#039;accords de musique traditionnelle roumaine et orientale ancienne, offrant une exhortation \u00e0 la m\u00e9ditation, \u00e0 la mod\u00e9ration et \u00e0 un retour aux valeurs depuis des temps imm\u00e9moriaux. Et cette fois, l&#039;ouverture de la soir\u00e9e sera marqu\u00e9e par <strong>pr\u00e9sentation d&#039;un nouvel \u00e9l\u00e9ment pr\u00e9cieux du patrimoine du Mus\u00e9e national Pele\u0219.<\/strong><\/p>\n<p>L&#039;\u00e9v\u00e9nement sera anim\u00e9 par Sebastian Cr\u0103ciun, et <u>l&#039;entr\u00e9e sera gratuite<\/u>, en demandant l&#039;invitation \u00e9lectronique \u00e0 <u>rezervari.ucimr@gmail.com<\/u><\/p>\n<p>L&#039;actrice invit\u00e9e lira une s\u00e9lection de po\u00e8mes porteurs d&#039;un profond message spirituel, choisis parmi l&#039;\u0153uvre d&#039;\u00e9crivains tels que M\u00e8re Teodosia Zorica La\u021bcu, Sandu Tudor, Radu Gyr, Daniel Turcea, Corneliu Coposu, Cezar Iv\u0103nescu et Vasile Voiculescu. La lecture sera accompagn\u00e9e d&#039;un r\u00e9cital qui comprendra des \u0153uvres traditionnelles roumaines, des doinas et des sons anciens du Proche-Orient interpr\u00e9t\u00e9s sur des instruments tels que le nai, la fl\u00fbte de bambou, le duduk, la kavala \u00e9gyptienne et le nei mill\u00e9naire.<\/p>\n<p>\u00ab Ces vers portent en eux une force, une lumi\u00e8re et une intensit\u00e9 que seules la douleur et l&#039;exp\u00e9rience mystique peuvent faire na\u00eetre. \u00bb (<strong>Lamia Beligan<\/strong>) \u00ab J&#039;ai choisi une musique dont la source est la po\u00e9sie, dans son sens divin, avec des th\u00e8mes et des sons qui vous font vibrer et qui ont peut-\u00eatre encore la capacit\u00e9 de purifier les pens\u00e9es des auditeurs d&#039;aujourd&#039;hui. \u00bb (<strong>Nicolas Szekely<\/strong>)<\/p>\n<p><strong>Lamia Beligan <\/strong><strong>\u2013\u00a0<\/strong>dipl\u00f4m\u00e9 de l&#039;Institut de Th\u00e9\u00e2tre et de Cin\u00e9matographie de Bucarest, promotion 1990, classe du professeur Ion Cojar. Elle a fait ses d\u00e9buts au Th\u00e9\u00e2tre national de Craiova, avec le r\u00f4le de Honey dans \u00ab Qui a peur de Virginia Woolf ? \u00bb d&#039;Edward Albee r\u00e9alis\u00e9 par Mircea Corni\u0219teanu. Elle a jou\u00e9 sur la sc\u00e8ne de ce th\u00e9\u00e2tre jusqu&#039;en 1994, interpr\u00e9tant des r\u00f4les tels que la Sorci\u00e8re dans &quot;Ubu Rex avec des sc\u00e8nes de Macbeth&quot; d&#039;Alfred Jarry et William Shakespeare ou Sonia dans &quot;Oncle Vania&quot; d&#039;A.P. Tchekhov. Elle est actuellement actrice au Th\u00e9\u00e2tre National de Bucarest. Elle a fait ses d\u00e9buts sur la sc\u00e8ne de ce th\u00e9\u00e2tre en 1979, avec la pi\u00e8ce \u00ab Notes d&#039;un inconnu \u00bb d&#039;apr\u00e8s Fiodor Mikha\u00eflovitch Dosto\u00efevski, dans le r\u00f4le de Sacha. Les r\u00f4les qui ont suivi ont \u00e9t\u00e9 : \u00ab La Fille d&#039;Andros \u00bb de Teren\u021biu, Tamara, Sachs de \u00ab De quel c\u00f4t\u00e9 \u00eates-vous \u00bb de Ronald Harwood, Veturia de \u00ab Postes vacants \u00e0 l&#039;Union \u00bb d&#039;apr\u00e8s IL Caragiale, Lucie de \u00ab L&#039;\u00c9go\u00efste \u00bb de Jean Anouilh, jusqu&#039;\u00e0 Raisa Filippovna de \u00ab Le Suicide \u00bb de Nikolai Erdman. Elle a \u00e9galement jou\u00e9 le r\u00f4le de Liza dans la pi\u00e8ce \u00ab Les Enfants du Soleil \u00bb de Maxime Gorki, au Petit Th\u00e9\u00e2tre de la capitale.<\/p>\n<p>Elle a fait ses d\u00e9buts \u00e0 la t\u00e9l\u00e9vision avec le r\u00f4le d&#039;Ioana dans &quot;Les yeux qui ne peuvent pas \u00eatre vus&quot; r\u00e9alis\u00e9 par Dan Nec\u0219ulea, puis a jou\u00e9 le r\u00f4le de M\u0103riuc\u0103 dans &quot;Baltagul&quot;, l&#039;adaptation t\u00e9l\u00e9vis\u00e9e du roman de Sadoveni, en 1998. En 2000, elle est apparue dans le film &quot;Poveste imoral\u0103&quot; de Rodica Ojog Bra\u0219oveanu, en 2002 elle a jou\u00e9 le r\u00f4le d&#039;Ana dans &quot;Tinere\u021bea l\u0103custelor&quot;, et en 2006 elle a jou\u00e9 le r\u00f4le de Tania Belinski dans la s\u00e9rie &quot;La \u00eencur\u021b\u0103&quot;.<\/p>\n<p>Au cin\u00e9ma, elle a jou\u00e9 de nombreux r\u00f4les tels que : Gioia dans \u00ab Le sable dans les urnes \u00bb r\u00e9alis\u00e9 par Frieder Schuller, une coproduction germano-roumaine, en 1986 ; Edith - &quot;Natures mortes&quot; r\u00e9alis\u00e9 par Patrick Malakian, 2000 ; Th\u00e9r\u00e8se \u2013 \u00ab Le P\u00e8re Goriot \u00bb, mise en sc\u00e8ne par Jean \u2013 Daniel Verhaeghe en 2004 ou Ida de \u00ab Na vlasti nebespeci \u00bb (\u00c0 vos risques et p\u00e9rils), mise en sc\u00e8ne par Filip Renc, en 2008.<\/p>\n<p>Elle a \u00e9t\u00e9 d\u00e9cor\u00e9e par le Pr\u00e9sident de la Roumanie de la M\u00e9daille du M\u00e9rite Culturel. En 1999, elle a re\u00e7u le Prix de la Fondation <em>Silvia Popivici<\/em> pour la meilleure actrice en 1998 et de nombreux autres prix et nominations tels que : le Performance Award pour le r\u00f4le de Gwendolline dans la com\u00e9die musicale bas\u00e9e sur la pi\u00e8ce &quot;Good evening, Mr. Wild&quot; au Liverpool International Festival en 1990 et le Silver Lion pour le film &quot;Hotel de lux&quot; r\u00e9alis\u00e9 par Dan Pi\u021ba, dans lequel elle a jou\u00e9 le r\u00f4le de Marta en 1992.<\/p>\n<p><strong>Nicolas Szekely<\/strong> \u2013 ing\u00e9nieur de profession, il est dipl\u00f4m\u00e9 de la Facult\u00e9 de M\u00e9tallurgie de l&#039;Institut Polytechnique de Bucarest, mais toute sa personnalit\u00e9 et son temps libre \u00e9taient occup\u00e9s par ses pr\u00e9occupations pour les arts, en g\u00e9n\u00e9ral la philosophie, la musique et la po\u00e9sie. Sa passion pour la musique l&#039;a conduit \u00e0 la guitare classique, c&#039;est ainsi qu&#039;en 1987 il a particip\u00e9 et remport\u00e9 la premi\u00e8re place au Festival national de guitare classique de Sinaia.<\/p>\n<p>Apr\u00e8s 1988, il s&#039;installe \u00e0 Hunedoara, o\u00f9 il poursuit ses int\u00e9r\u00eats musicaux, enseignant aux autres l&#039;art de jouer de la guitare. Dans les ann\u00e9es 1990, il est co-organisateur du festival \u00ab Classical Guitar Days \u00bb, auquel participent des guitaristes du pays et de l&#039;\u00e9tranger. C&#039;est \u00e0 cette occasion qu&#039;il rencontre cet instrument pour la premi\u00e8re fois. L&#039;activit\u00e9 guitare continue avec divers r\u00e9citals (le festival &quot;Automne Musical&quot;, les &quot;Journ\u00e9es de la Guitare Classique&quot;), avec la v\u00e9ritable rencontre avec la famille du luth \u00e0 suivre en 2007. Le groupe &quot;Huniadi Cantores&quot; apporte \u00e0 Nicolae Szekely un instrument sp\u00e9cial : la vihuela, un instrument de la Renaissance, originaire d&#039;Espagne du XVe si\u00e8cle.<\/p>\n<p>Au bout d\u2019un an, il commande un luth, puis une vihuela (fabriqu\u00e9e par le m\u00eame luthier \u2013 Gyorgy Lorinczi), instruments qui captent toute sa passion pour la musique. Il \u00e9tudie intensivement le r\u00e9pertoire pour luth et vihuela, est actif dans les festivals m\u00e9di\u00e9vaux du pays : Sighi\u0219oara, Media\u0219, Codlea, T\u00eergu Neam\u021b, Bra\u0219ov, R\u00e2\u0219nov, Bistri\u021ba, Cluj, Alba-Iulia, Sibiu, et participe \u00e9galement \u00e0 une master-class avec Hopkinson Smith, qui lui r\u00e9v\u00e8le les secrets de la technique particuli\u00e8re de ces instruments.<\/p>\n<p>Il donne des r\u00e9citals de musique de la Renaissance dans divers espaces culturels, notamment des forteresses, des salles de mus\u00e9es, de vieilles \u00e9glises : forteresse de Neam\u021b, ch\u00e2teau de Corvin, \u00e9glise fortifi\u00e9e de Biertan, forteresse de R\u00e2\u0219nov, tour du Bastion \u00e0 Cluj, \u00e9glise \u00e9vang\u00e9lique de Media\u0219, Bucarest : Maison de la culture \u00e9tudiante, th\u00e9\u00e2tre priv\u00e9 UnTeatru, palais de Mogo\u0219oaia, mus\u00e9e du paysan roumain. L&#039;univers musical de Nicolae Szekely perdure dans le r\u00e9pertoire m\u00e9di\u00e9val et de la Renaissance, d&#039;une richesse et d&#039;une profondeur insoup\u00e7onn\u00e9es. Des auteurs tels que Francesco da Milano, Enriquez Valderrabano, Miguel Fuenllana, Luis Milan, Pierre Ataingnant, Diego Pisador, John Dowland, Hans Gerle, Hans Judenkoenig, Hans Newsidler, Alonso Mudarra, Francesco Spinacino, ne sont que quelques-uns de l&#039;immense litt\u00e9rature pour le luth et la vihuela.<\/p>\n<p>Les pr\u00e9occupations musicales ne se limitent en rien \u00e0 une \u00e9poque, une p\u00e9riode ou un genre sp\u00e9cifique, toute rencontre avec la vraie musique devient une passion. Ainsi, dans ma propre collection, sont apparus, l&#039;un apr\u00e8s l&#039;autre, une cobza, une fl\u00fbte traversi\u00e8re (soprano, alto, sopranino), une mandoline, des instruments \u00e0 percussion (batterie, flirtant avec la musique jazz), un caval, un nai, une harpe m\u00e9di\u00e9vale ou gothique, un ney, une kawala \u00e9gyptienne, un psalt\u00e9rion, un pipa, une quena, un duduk, et bien d&#039;autres encore.<\/p>\n<p><strong>Saison \u00ab Citadelle des Arts \u00bb<\/strong> est un \u00e9v\u00e9nement organis\u00e9 par l&#039;UCIMR - l&#039;Union de Cr\u00e9ation Interpr\u00e9tative des Musiciens de Roumanie en partenariat avec le Mus\u00e9e National Pele\u0219.<\/p>\n<p>Partenaires culturels : Excess Music, le programme \u00ab Opportunit\u00e9s \u00e0 la maison \u00bb port\u00e9 par l&#039;UCIMR, l&#039;Association Pro Valores.<\/p>\n<p>Partenaires m\u00e9dias : EnjoyTV Roumanie, Radio Roumanie culturelle, Observatoire culturel, Radio Trinitas, Agence du livre, Ro Portal, Roumanie Pozitiv\u0103, Calendrier des \u00e9v\u00e9nements, Bucuresteni.ro, Onlinegallery.ro, Jurnalmm.ro<\/p>\n<p><strong>Prochain \u00e9v\u00e9nement<\/strong> de la \u00ab Citadelle des Arts \u00bb sera un hommage \u00e0 Dinu Lipatti par le c\u00e9l\u00e8bre pianiste <strong>Madalina Pasol<\/strong> et cela aura lieu <u>Samedi 25 mai, \u00e0 partir de 16h00<\/u>. L&#039;entr\u00e9e sera gratuite sur demande d&#039;invitation \u00e0 rezervari.ucimr@gmail.com<\/p>\n<p>&nbsp;<\/p>\n<p>&nbsp;<\/p>","protected":false},"featured_media":0,"template":"","meta":{"_acf_changed":false},"categorie-evenimente":[353],"class_list":["post-8818","eveniment","type-eveniment","status-publish","hentry","categorie-evenimente-arhiva"],"acf":[],"yoast_head":"<!-- This site is optimized with the Yoast SEO plugin v24.1 - https:\/\/yoast.com\/wordpress\/plugins\/seo\/ -->\n<title>ACTRI\u021aA LAMIA BELIGAN \u0218I MUZICIANUL NICOLAE SZEKELY, \u00ceN RECITALUL \u201eARMONII PASCALE\u201d, S\u00c2MB\u0102T\u0102 LA CASTELUL PELE\u0218 &#183; Peles Test<\/title>\n<meta name=\"robots\" content=\"noindex, follow, max-snippet:-1, max-image-preview:large, max-video-preview:-1\" \/>\n<script type=\"application\/ld+json\" class=\"yoast-schema-graph\">{\"@context\":\"https:\/\/schema.org\",\"@graph\":[{\"@type\":\"WebPage\",\"@id\":\"https:\/\/thewebdevpoint.com\/eveniment\/actrita-lamia-beligan-si-muzicianul-nicolae-szekely-in-recitalul-armonii-pascale-sambata-la-castelul-peles\/\",\"url\":\"https:\/\/thewebdevpoint.com\/eveniment\/actrita-lamia-beligan-si-muzicianul-nicolae-szekely-in-recitalul-armonii-pascale-sambata-la-castelul-peles\/\",\"name\":\"ACTRI\u021aA LAMIA BELIGAN \u0218I MUZICIANUL NICOLAE SZEKELY, \u00ceN RECITALUL \u201eARMONII PASCALE\u201d, S\u00c2MB\u0102T\u0102 LA CASTELUL PELE\u0218 &#183; Peles Test\",\"isPartOf\":{\"@id\":\"https:\/\/thewebdevpoint.com\/ro\/#website\"},\"datePublished\":\"2024-10-08T11:59:13+00:00\",\"dateModified\":\"2024-12-19T07:48:38+00:00\",\"breadcrumb\":{\"@id\":\"https:\/\/thewebdevpoint.com\/eveniment\/actrita-lamia-beligan-si-muzicianul-nicolae-szekely-in-recitalul-armonii-pascale-sambata-la-castelul-peles\/#breadcrumb\"},\"inLanguage\":\"fr-FR\",\"potentialAction\":[{\"@type\":\"ReadAction\",\"target\":[\"https:\/\/thewebdevpoint.com\/eveniment\/actrita-lamia-beligan-si-muzicianul-nicolae-szekely-in-recitalul-armonii-pascale-sambata-la-castelul-peles\/\"]}]},{\"@type\":\"BreadcrumbList\",\"@id\":\"https:\/\/thewebdevpoint.com\/eveniment\/actrita-lamia-beligan-si-muzicianul-nicolae-szekely-in-recitalul-armonii-pascale-sambata-la-castelul-peles\/#breadcrumb\",\"itemListElement\":[{\"@type\":\"ListItem\",\"position\":1,\"name\":\"Acas\u0103\",\"item\":\"https:\/\/thewebdevpoint.com\/\"},{\"@type\":\"ListItem\",\"position\":2,\"name\":\"Evenimente\",\"item\":\"https:\/\/thewebdevpoint.com\/ro\/evenimente\/\"},{\"@type\":\"ListItem\",\"position\":3,\"name\":\"ACTRI\u021aA LAMIA BELIGAN \u0218I MUZICIANUL NICOLAE SZEKELY, \u00ceN RECITALUL \u201eARMONII PASCALE\u201d, S\u00c2MB\u0102T\u0102 LA CASTELUL PELE\u0218\"}]},{\"@type\":\"WebSite\",\"@id\":\"https:\/\/thewebdevpoint.com\/ro\/#website\",\"url\":\"https:\/\/thewebdevpoint.com\/ro\/\",\"name\":\"Peles Test\",\"description\":\"\",\"publisher\":{\"@id\":\"https:\/\/thewebdevpoint.com\/ro\/#organization\"},\"potentialAction\":[{\"@type\":\"SearchAction\",\"target\":{\"@type\":\"EntryPoint\",\"urlTemplate\":\"https:\/\/thewebdevpoint.com\/ro\/?s={search_term_string}\"},\"query-input\":{\"@type\":\"PropertyValueSpecification\",\"valueRequired\":true,\"valueName\":\"search_term_string\"}}],\"inLanguage\":\"fr-FR\"},{\"@type\":\"Organization\",\"@id\":\"https:\/\/thewebdevpoint.com\/ro\/#organization\",\"name\":\"Muzeul Pele\u0219\",\"alternateName\":\"MP\",\"url\":\"https:\/\/thewebdevpoint.com\/ro\/\",\"logo\":{\"@type\":\"ImageObject\",\"inLanguage\":\"fr-FR\",\"@id\":\"https:\/\/thewebdevpoint.com\/ro\/#\/schema\/logo\/image\/\",\"url\":\"https:\/\/thewebdevpoint.com\/wp-content\/uploads\/2024\/10\/Logo.svg\",\"contentUrl\":\"https:\/\/thewebdevpoint.com\/wp-content\/uploads\/2024\/10\/Logo.svg\",\"width\":251,\"height\":48,\"caption\":\"Muzeul Pele\u0219\"},\"image\":{\"@id\":\"https:\/\/thewebdevpoint.com\/ro\/#\/schema\/logo\/image\/\"}}]}<\/script>\n<!-- \/ Yoast SEO plugin. -->","yoast_head_json":{"title":"ACTRI\u021aA LAMIA BELIGAN \u0218I MUZICIANUL NICOLAE SZEKELY, \u00ceN RECITALUL \u201eARMONII PASCALE\u201d, S\u00c2MB\u0102T\u0102 LA CASTELUL PELE\u0218 &#183; Peles Test","robots":{"index":"noindex","follow":"follow","max-snippet":"max-snippet:-1","max-image-preview":"max-image-preview:large","max-video-preview":"max-video-preview:-1"},"schema":{"@context":"https:\/\/schema.org","@graph":[{"@type":"WebPage","@id":"https:\/\/thewebdevpoint.com\/eveniment\/actrita-lamia-beligan-si-muzicianul-nicolae-szekely-in-recitalul-armonii-pascale-sambata-la-castelul-peles\/","url":"https:\/\/thewebdevpoint.com\/eveniment\/actrita-lamia-beligan-si-muzicianul-nicolae-szekely-in-recitalul-armonii-pascale-sambata-la-castelul-peles\/","name":"ACTRI\u021aA LAMIA BELIGAN \u0218I MUZICIANUL NICOLAE SZEKELY, \u00ceN RECITALUL \u201eARMONII PASCALE\u201d, S\u00c2MB\u0102T\u0102 LA CASTELUL PELE\u0218 &#183; Peles Test","isPartOf":{"@id":"https:\/\/thewebdevpoint.com\/ro\/#website"},"datePublished":"2024-10-08T11:59:13+00:00","dateModified":"2024-12-19T07:48:38+00:00","breadcrumb":{"@id":"https:\/\/thewebdevpoint.com\/eveniment\/actrita-lamia-beligan-si-muzicianul-nicolae-szekely-in-recitalul-armonii-pascale-sambata-la-castelul-peles\/#breadcrumb"},"inLanguage":"fr-FR","potentialAction":[{"@type":"ReadAction","target":["https:\/\/thewebdevpoint.com\/eveniment\/actrita-lamia-beligan-si-muzicianul-nicolae-szekely-in-recitalul-armonii-pascale-sambata-la-castelul-peles\/"]}]},{"@type":"BreadcrumbList","@id":"https:\/\/thewebdevpoint.com\/eveniment\/actrita-lamia-beligan-si-muzicianul-nicolae-szekely-in-recitalul-armonii-pascale-sambata-la-castelul-peles\/#breadcrumb","itemListElement":[{"@type":"ListItem","position":1,"name":"Acas\u0103","item":"https:\/\/thewebdevpoint.com\/"},{"@type":"ListItem","position":2,"name":"Evenimente","item":"https:\/\/thewebdevpoint.com\/ro\/evenimente\/"},{"@type":"ListItem","position":3,"name":"ACTRI\u021aA LAMIA BELIGAN \u0218I MUZICIANUL NICOLAE SZEKELY, \u00ceN RECITALUL \u201eARMONII PASCALE\u201d, S\u00c2MB\u0102T\u0102 LA CASTELUL PELE\u0218"}]},{"@type":"WebSite","@id":"https:\/\/thewebdevpoint.com\/ro\/#website","url":"https:\/\/thewebdevpoint.com\/ro\/","name":"Peles Test","description":"","publisher":{"@id":"https:\/\/thewebdevpoint.com\/ro\/#organization"},"potentialAction":[{"@type":"SearchAction","target":{"@type":"EntryPoint","urlTemplate":"https:\/\/thewebdevpoint.com\/ro\/?s={search_term_string}"},"query-input":{"@type":"PropertyValueSpecification","valueRequired":true,"valueName":"search_term_string"}}],"inLanguage":"fr-FR"},{"@type":"Organization","@id":"https:\/\/thewebdevpoint.com\/ro\/#organization","name":"Muzeul Pele\u0219","alternateName":"MP","url":"https:\/\/thewebdevpoint.com\/ro\/","logo":{"@type":"ImageObject","inLanguage":"fr-FR","@id":"https:\/\/thewebdevpoint.com\/ro\/#\/schema\/logo\/image\/","url":"https:\/\/thewebdevpoint.com\/wp-content\/uploads\/2024\/10\/Logo.svg","contentUrl":"https:\/\/thewebdevpoint.com\/wp-content\/uploads\/2024\/10\/Logo.svg","width":251,"height":48,"caption":"Muzeul Pele\u0219"},"image":{"@id":"https:\/\/thewebdevpoint.com\/ro\/#\/schema\/logo\/image\/"}}]}},"_links":{"self":[{"href":"https:\/\/thewebdevpoint.com\/fr\/wp-json\/wp\/v2\/eveniment\/8818","targetHints":{"allow":["GET"]}}],"collection":[{"href":"https:\/\/thewebdevpoint.com\/fr\/wp-json\/wp\/v2\/eveniment"}],"about":[{"href":"https:\/\/thewebdevpoint.com\/fr\/wp-json\/wp\/v2\/types\/eveniment"}],"version-history":[{"count":1,"href":"https:\/\/thewebdevpoint.com\/fr\/wp-json\/wp\/v2\/eveniment\/8818\/revisions"}],"predecessor-version":[{"id":17239,"href":"https:\/\/thewebdevpoint.com\/fr\/wp-json\/wp\/v2\/eveniment\/8818\/revisions\/17239"}],"wp:attachment":[{"href":"https:\/\/thewebdevpoint.com\/fr\/wp-json\/wp\/v2\/media?parent=8818"}],"wp:term":[{"taxonomy":"categorie-evenimente","embeddable":true,"href":"https:\/\/thewebdevpoint.com\/fr\/wp-json\/wp\/v2\/categorie-evenimente?post=8818"}],"curies":[{"name":"wp","href":"https:\/\/api.w.org\/{rel}","templated":true}]}}