{"id":8825,"date":"2024-10-08T11:59:13","date_gmt":"2024-10-08T11:59:13","guid":{"rendered":"https:\/\/pelestest.thepoint-agency.com\/eva-garet-tanara-revelatie-a-pianisticii-romanesti-concerteaza-sambata-la-castelul-peles\/"},"modified":"2024-12-19T10:08:02","modified_gmt":"2024-12-19T08:08:02","slug":"eva-garet-tanara-revelatie-a-pianisticii-romanesti-concerteaza-sambata-la-castelul-peles","status":"publish","type":"eveniment","link":"https:\/\/thewebdevpoint.com\/fr\/eveniment\/eva-garet-tanara-revelatie-a-pianisticii-romanesti-concerteaza-sambata-la-castelul-peles\/","title":{"rendered":"Eva Garet, la jeune r\u00e9v\u00e9lation des pianistes roumains, se produit au ch\u00e2teau de Pele\u0219 samedi"},"content":{"rendered":"<p><em>saison <strong>\u00ab Citadelle des Arts \u00bb<\/strong> continue au ch\u00e2teau de Pele\u0219 avec un r\u00e9cital sp\u00e9cial de <strong>Eva Garrett,<\/strong> la jeune artiste de 13 ans qui impressionne par son talent, \u00e9tant consid\u00e9r\u00e9e comme une v\u00e9ritable r\u00e9v\u00e9lation des pianistes roumains. Apr\u00e8s des succ\u00e8s impressionnants sur des sc\u00e8nes importantes et lors de comp\u00e9titions de grande valeur, il effectue d\u00e9sormais sa premi\u00e8re tourn\u00e9e nationale.<\/em><\/p>\n<p>Eva Garet se produira <strong>Samedi 1er juin 2019,<\/strong> depuis <strong>15h00, \u00e0 la salle de concert du ch\u00e2teau de Pele\u0219. <\/strong>L&#039;artiste pr\u00e9sentera un programme particuli\u00e8rement difficile, mais aussi attrayant, compos\u00e9 d&#039;\u0153uvres de Bach, Haydn, Liszt, Dohnanyi, Tcha\u00efkovski, Scriabine et Enesco.<\/p>\n<p>L&#039;\u00e9v\u00e9nement sera anim\u00e9 par le journaliste Sebastian Cr\u0103ciun. et<u>L&#039;entr\u00e9e sera gratuite.<\/u>, en demandant l&#039;invitation \u00e9lectronique \u00e0 <u>rezervari.ucimr@gmail.com<\/u><\/p>\n<p>Le public est invit\u00e9 \u00e0 c\u00e9l\u00e9brer la Journ\u00e9e internationale des enfants en visitant le ch\u00e2teau de conte de f\u00e9es, en participant \u00e0 cet \u00e9v\u00e9nement sp\u00e9cial, une occasion de visiter \u00e9galement l&#039;exposition du Concours national \u00ab Carmen Sylva \u00bb, qui comprendra des \u0153uvres s\u00e9lectionn\u00e9es dans le cadre du concours organis\u00e9 chaque ann\u00e9e par le Mus\u00e9e national Pele\u0219 pour les jeunes artistes de Roumanie. Ils ont r\u00e9pondu avec s\u00e9rieux au d\u00e9fi, confirmant leur talent artistique dans les cat\u00e9gories de dessin, peinture, gravure et photographie. L&#039;exposition sera \u00e9galement inaugur\u00e9e le 1er juin dans la salle d&#039;honneur du ch\u00e2teau de Peli\u0219or.<\/p>\n<p>*<\/p>\n<p><a href=\"https:\/\/pelestest.thepoint-agency.com\/wp-content\/uploads\/2019\/05\/Eva-Garet.jpg\"><img fetchpriority=\"high\" decoding=\"async\" class=\"alignnone size-full wp-image-2720\" src=\"https:\/\/pelestest.thepoint-agency.com\/wp-content\/uploads\/2019\/05\/Eva-Garet.jpg\" alt=\"\" width=\"1620\" height=\"1080\" \/><\/a><\/p>\n<p><strong>Eva Garrett<\/strong>, n\u00e9e \u00e0 Bucarest le 10 mai 2006, \u00e9tudie le piano depuis l&#039;\u00e2ge de 5 ans. Elle est \u00e9l\u00e8ve du professeur Mihaela Zamfirescu, en 6e ann\u00e9e au Coll\u00e8ge National de Musique &quot;George Enescu&quot;. Il a remport\u00e9 des premiers prix, des premiers prix d&#039;excellence ou des grands prix lors de nombreux concours en Roumanie : Pro Piano, Millennium Piano, Gradus ad Parnassum, Victor Giuleanu, Ada Ulubeanu, Piano ArtIS et l&#039;Olympiade Nationale d&#039;Interpr\u00e9tation Instrumentale. En 2016, \u00e0 seulement 10 ans, Eva Garet devient la plus jeune laur\u00e9ate du troph\u00e9e \u00ab Lyre d&#039;Or \u00bb, le prestigieux concours destin\u00e9 aux jeunes musiciens de moins de 18 ans. \u00c0 partir de la 40e \u00e9dition, le concours \u00ab Lyre d&#039;Or \u00bb d\u00e9cerne le prix sp\u00e9cial \u00ab Eva Garet \u00bb au plus jeune finaliste.<\/p>\n<p>En 2017, Eva a remport\u00e9 le troph\u00e9e \u00ab Dinu Lipatti \u00bb du concours \u00ab Road to Fame \u00bb parmi les concurrents jusqu&#039;\u00e0 26 ans, et un an plus tard, elle a remport\u00e9 le seul premier prix du premier concours international \u00ab Mihaela Ursuleasa \u00bb, a remport\u00e9 le premier prix du \u00ab 1er Ricard Vi\u00f1es Piano Kids and Youth \u00bb en Espagne, un concours sous l&#039;embl\u00e8me Alink-Argerich, et est devenue la premi\u00e8re pianiste roumaine \u00e0 remporter le \u00ab Ettlingen International Piano Competition \u00bb en Allemagne, l&#039;un des concours de piano pour juniors les plus prestigieux au monde.<\/p>\n<p>Toujours en 2018, \u00e0 seulement 11 ans, Eva Garet fait ses d\u00e9buts au Radio Hall en compagnie du Radio Chamber Orchestra, sous la direction du chef d&#039;orchestre Stefan Novak, en <em>Concerto pour piano et orchestre<\/em> Non. 23, K488 de WA Mozart, diffus\u00e9 en direct par Radio Romania Musical et Radio Romania Cultural. S&#039;ensuit imm\u00e9diatement la collaboration avec la Philharmonie &quot;Ion Dumitrescu&quot; de R\u00e2mnicu V\u00e2lcea, sous la direction du professeur Bogdan Vod\u0103. En janvier 2018, Eva Garet fait ses d\u00e9buts sur la grande sc\u00e8ne de l&#039;Ath\u00e9n\u00e9e roumain, accompagnant Alexandru Tomescu dans la \u00ab Balada \u00bb d&#039;Enescu, \u00e0 l&#039;occasion de laquelle elle interpr\u00e8te \u00e9galement la Rhapsodie roumaine n\u00b0 1. 1 par George Enescu. Eva est \u00e9galement invit\u00e9e en mars 2018 \u00e0 la \u00ab Saison du mardi soir \u00bb dans un r\u00e9cital extraordinaire \u00e0 la Petite Salle de l&#039;Ath\u00e9n\u00e9e Roumain, et en juin 2018 Eva est pr\u00e9sente sur sc\u00e8ne \u00e0 la 7\u00e8me \u00e9dition du \u00ab Mogo\u0219oaia ClasicFest \u00bb.<\/p>\n<p>En 2015, Eva a jou\u00e9 dans la production cin\u00e9matographique n\u00e9erlandaise \u00ab Disparition \u00bb (Verdwijnen) r\u00e9alis\u00e9e par Boudewijn Koole, interpr\u00e9tant des \u0153uvres de Grieg, Schubert et Mendelssohn, sous la direction musicale d&#039;Alex Simu. En 2018, \u00ab Disappearance \u00bb a remport\u00e9 le prix BUMA de la \u00ab Meilleure bande originale d&#039;un long m\u00e9trage \u00bb.<\/p>\n<p>Il a r\u00e9cemment re\u00e7u une mention honorable dans la cat\u00e9gorie piano du difficile Concours international de concertino de Prague.<\/p>\n<p>L&#039;\u00e9volution d&#039;Eva Garet peut \u00eatre suivie sur sa page Facebook : @evagaretmusic.<\/p>\n<p>Le concert au ch\u00e2teau de Pele\u0219 fait partie de la tourn\u00e9e \u00ab Citadelles Musicales 8 \u00bb organis\u00e9e par l&#039;Association Pro Valores, une s\u00e9rie d&#039;\u00e9v\u00e9nements soutenus par l&#039;UCIMR.<\/p>\n<p>*<\/p>\n<p><strong>Saison \u00ab Citadelle des Arts \u00bb<\/strong> est un \u00e9v\u00e9nement organis\u00e9 par l&#039;UCIMR - l&#039;Union de Cr\u00e9ation Interpr\u00e9tative des Musiciens de Roumanie en partenariat avec le Mus\u00e9e National Pele\u0219.<\/p>\n<p>Partenaires culturels : Excess Music, programme \u00ab Opportunit\u00e9s \u00e0 la maison \u00bb de l&#039;UCIMR, Association Pro Valores, Complexe \u00ab La tunuri \u00bb de Sinaia<\/p>\n<p>Partenaires m\u00e9dias : EnjoyTV Roumanie, Radio Roumanie culturelle, Observatoire culturel, Radio Trinitas, Agence du livre, Ro Portal, Roumanie Pozitiv\u0103, Calendrier des \u00e9v\u00e9nements, Bucuresteni.ro, Onlinegallery.ro, Jurnalmm.ro<\/p>\n<p><strong>Prochain concert<\/strong> de la \u00ab Citadelle des Arts \u00bb aura lieu samedi, <strong>15 juin,<\/strong> \u00e0 partir de 16h00 et sera soutenu par le c\u00e9l\u00e8bre musicien-guitariste <strong>Costin Soare<\/strong> qui proposera un itin\u00e9raire artistique <strong>&quot;De Schubert \u00e0 Sting&quot;. <\/strong>L&#039;entr\u00e9e sera gratuite en demandant l&#039;invitation \u00e9lectronique \u00e0 <u>rezervari.ucimr@gmail.com<\/u><\/p>","protected":false},"featured_media":0,"template":"","meta":{"_acf_changed":false},"categorie-evenimente":[353],"class_list":["post-8825","eveniment","type-eveniment","status-publish","hentry","categorie-evenimente-arhiva"],"acf":[],"yoast_head":"<!-- This site is optimized with the Yoast SEO plugin v24.1 - https:\/\/yoast.com\/wordpress\/plugins\/seo\/ -->\n<title>Eva Garet, t\u00e2n\u0103ra revela\u021bie a pianisticii rom\u00e2ne\u0219ti, concerteaz\u0103 s\u00e2mb\u0103t\u0103 la Castelul Pele\u0219 &#183; Peles Test<\/title>\n<meta name=\"robots\" content=\"noindex, follow, max-snippet:-1, max-image-preview:large, max-video-preview:-1\" \/>\n<script type=\"application\/ld+json\" class=\"yoast-schema-graph\">{\"@context\":\"https:\/\/schema.org\",\"@graph\":[{\"@type\":\"WebPage\",\"@id\":\"https:\/\/thewebdevpoint.com\/ro\/eveniment\/eva-garet-tanara-revelatie-a-pianisticii-romanesti-concerteaza-sambata-la-castelul-peles\/\",\"url\":\"https:\/\/thewebdevpoint.com\/ro\/eveniment\/eva-garet-tanara-revelatie-a-pianisticii-romanesti-concerteaza-sambata-la-castelul-peles\/\",\"name\":\"Eva Garet, t\u00e2n\u0103ra revela\u021bie a pianisticii rom\u00e2ne\u0219ti, concerteaz\u0103 s\u00e2mb\u0103t\u0103 la Castelul Pele\u0219 &#183; Peles Test\",\"isPartOf\":{\"@id\":\"https:\/\/thewebdevpoint.com\/ro\/#website\"},\"primaryImageOfPage\":{\"@id\":\"https:\/\/thewebdevpoint.com\/ro\/eveniment\/eva-garet-tanara-revelatie-a-pianisticii-romanesti-concerteaza-sambata-la-castelul-peles\/#primaryimage\"},\"image\":{\"@id\":\"https:\/\/thewebdevpoint.com\/ro\/eveniment\/eva-garet-tanara-revelatie-a-pianisticii-romanesti-concerteaza-sambata-la-castelul-peles\/#primaryimage\"},\"thumbnailUrl\":\"https:\/\/pelestest.thepoint-agency.com\/wp-content\/uploads\/2019\/05\/Eva-Garet.jpg\",\"datePublished\":\"2024-10-08T11:59:13+00:00\",\"dateModified\":\"2024-12-19T08:08:02+00:00\",\"breadcrumb\":{\"@id\":\"https:\/\/thewebdevpoint.com\/ro\/eveniment\/eva-garet-tanara-revelatie-a-pianisticii-romanesti-concerteaza-sambata-la-castelul-peles\/#breadcrumb\"},\"inLanguage\":\"fr-FR\",\"potentialAction\":[{\"@type\":\"ReadAction\",\"target\":[\"https:\/\/thewebdevpoint.com\/ro\/eveniment\/eva-garet-tanara-revelatie-a-pianisticii-romanesti-concerteaza-sambata-la-castelul-peles\/\"]}]},{\"@type\":\"ImageObject\",\"inLanguage\":\"fr-FR\",\"@id\":\"https:\/\/thewebdevpoint.com\/ro\/eveniment\/eva-garet-tanara-revelatie-a-pianisticii-romanesti-concerteaza-sambata-la-castelul-peles\/#primaryimage\",\"url\":\"https:\/\/pelestest.thepoint-agency.com\/wp-content\/uploads\/2019\/05\/Eva-Garet.jpg\",\"contentUrl\":\"https:\/\/pelestest.thepoint-agency.com\/wp-content\/uploads\/2019\/05\/Eva-Garet.jpg\"},{\"@type\":\"BreadcrumbList\",\"@id\":\"https:\/\/thewebdevpoint.com\/ro\/eveniment\/eva-garet-tanara-revelatie-a-pianisticii-romanesti-concerteaza-sambata-la-castelul-peles\/#breadcrumb\",\"itemListElement\":[{\"@type\":\"ListItem\",\"position\":1,\"name\":\"Acas\u0103\",\"item\":\"https:\/\/thewebdevpoint.com\/\"},{\"@type\":\"ListItem\",\"position\":2,\"name\":\"Evenimente\",\"item\":\"https:\/\/thewebdevpoint.com\/ro\/evenimente\/\"},{\"@type\":\"ListItem\",\"position\":3,\"name\":\"Eva Garet, t\u00e2n\u0103ra revela\u021bie a pianisticii rom\u00e2ne\u0219ti, concerteaz\u0103 s\u00e2mb\u0103t\u0103 la Castelul Pele\u0219\"}]},{\"@type\":\"WebSite\",\"@id\":\"https:\/\/thewebdevpoint.com\/ro\/#website\",\"url\":\"https:\/\/thewebdevpoint.com\/ro\/\",\"name\":\"Peles Test\",\"description\":\"\",\"publisher\":{\"@id\":\"https:\/\/thewebdevpoint.com\/ro\/#organization\"},\"potentialAction\":[{\"@type\":\"SearchAction\",\"target\":{\"@type\":\"EntryPoint\",\"urlTemplate\":\"https:\/\/thewebdevpoint.com\/ro\/?s={search_term_string}\"},\"query-input\":{\"@type\":\"PropertyValueSpecification\",\"valueRequired\":true,\"valueName\":\"search_term_string\"}}],\"inLanguage\":\"fr-FR\"},{\"@type\":\"Organization\",\"@id\":\"https:\/\/thewebdevpoint.com\/ro\/#organization\",\"name\":\"Muzeul Pele\u0219\",\"alternateName\":\"MP\",\"url\":\"https:\/\/thewebdevpoint.com\/ro\/\",\"logo\":{\"@type\":\"ImageObject\",\"inLanguage\":\"fr-FR\",\"@id\":\"https:\/\/thewebdevpoint.com\/ro\/#\/schema\/logo\/image\/\",\"url\":\"https:\/\/thewebdevpoint.com\/wp-content\/uploads\/2024\/10\/Logo.svg\",\"contentUrl\":\"https:\/\/thewebdevpoint.com\/wp-content\/uploads\/2024\/10\/Logo.svg\",\"width\":251,\"height\":48,\"caption\":\"Muzeul Pele\u0219\"},\"image\":{\"@id\":\"https:\/\/thewebdevpoint.com\/ro\/#\/schema\/logo\/image\/\"}}]}<\/script>\n<!-- \/ Yoast SEO plugin. -->","yoast_head_json":{"title":"Eva Garet, t\u00e2n\u0103ra revela\u021bie a pianisticii rom\u00e2ne\u0219ti, concerteaz\u0103 s\u00e2mb\u0103t\u0103 la Castelul Pele\u0219 &#183; Peles Test","robots":{"index":"noindex","follow":"follow","max-snippet":"max-snippet:-1","max-image-preview":"max-image-preview:large","max-video-preview":"max-video-preview:-1"},"schema":{"@context":"https:\/\/schema.org","@graph":[{"@type":"WebPage","@id":"https:\/\/thewebdevpoint.com\/ro\/eveniment\/eva-garet-tanara-revelatie-a-pianisticii-romanesti-concerteaza-sambata-la-castelul-peles\/","url":"https:\/\/thewebdevpoint.com\/ro\/eveniment\/eva-garet-tanara-revelatie-a-pianisticii-romanesti-concerteaza-sambata-la-castelul-peles\/","name":"Eva Garet, t\u00e2n\u0103ra revela\u021bie a pianisticii rom\u00e2ne\u0219ti, concerteaz\u0103 s\u00e2mb\u0103t\u0103 la Castelul Pele\u0219 &#183; Peles Test","isPartOf":{"@id":"https:\/\/thewebdevpoint.com\/ro\/#website"},"primaryImageOfPage":{"@id":"https:\/\/thewebdevpoint.com\/ro\/eveniment\/eva-garet-tanara-revelatie-a-pianisticii-romanesti-concerteaza-sambata-la-castelul-peles\/#primaryimage"},"image":{"@id":"https:\/\/thewebdevpoint.com\/ro\/eveniment\/eva-garet-tanara-revelatie-a-pianisticii-romanesti-concerteaza-sambata-la-castelul-peles\/#primaryimage"},"thumbnailUrl":"https:\/\/pelestest.thepoint-agency.com\/wp-content\/uploads\/2019\/05\/Eva-Garet.jpg","datePublished":"2024-10-08T11:59:13+00:00","dateModified":"2024-12-19T08:08:02+00:00","breadcrumb":{"@id":"https:\/\/thewebdevpoint.com\/ro\/eveniment\/eva-garet-tanara-revelatie-a-pianisticii-romanesti-concerteaza-sambata-la-castelul-peles\/#breadcrumb"},"inLanguage":"fr-FR","potentialAction":[{"@type":"ReadAction","target":["https:\/\/thewebdevpoint.com\/ro\/eveniment\/eva-garet-tanara-revelatie-a-pianisticii-romanesti-concerteaza-sambata-la-castelul-peles\/"]}]},{"@type":"ImageObject","inLanguage":"fr-FR","@id":"https:\/\/thewebdevpoint.com\/ro\/eveniment\/eva-garet-tanara-revelatie-a-pianisticii-romanesti-concerteaza-sambata-la-castelul-peles\/#primaryimage","url":"https:\/\/pelestest.thepoint-agency.com\/wp-content\/uploads\/2019\/05\/Eva-Garet.jpg","contentUrl":"https:\/\/pelestest.thepoint-agency.com\/wp-content\/uploads\/2019\/05\/Eva-Garet.jpg"},{"@type":"BreadcrumbList","@id":"https:\/\/thewebdevpoint.com\/ro\/eveniment\/eva-garet-tanara-revelatie-a-pianisticii-romanesti-concerteaza-sambata-la-castelul-peles\/#breadcrumb","itemListElement":[{"@type":"ListItem","position":1,"name":"Acas\u0103","item":"https:\/\/thewebdevpoint.com\/"},{"@type":"ListItem","position":2,"name":"Evenimente","item":"https:\/\/thewebdevpoint.com\/ro\/evenimente\/"},{"@type":"ListItem","position":3,"name":"Eva Garet, t\u00e2n\u0103ra revela\u021bie a pianisticii rom\u00e2ne\u0219ti, concerteaz\u0103 s\u00e2mb\u0103t\u0103 la Castelul Pele\u0219"}]},{"@type":"WebSite","@id":"https:\/\/thewebdevpoint.com\/ro\/#website","url":"https:\/\/thewebdevpoint.com\/ro\/","name":"Peles Test","description":"","publisher":{"@id":"https:\/\/thewebdevpoint.com\/ro\/#organization"},"potentialAction":[{"@type":"SearchAction","target":{"@type":"EntryPoint","urlTemplate":"https:\/\/thewebdevpoint.com\/ro\/?s={search_term_string}"},"query-input":{"@type":"PropertyValueSpecification","valueRequired":true,"valueName":"search_term_string"}}],"inLanguage":"fr-FR"},{"@type":"Organization","@id":"https:\/\/thewebdevpoint.com\/ro\/#organization","name":"Muzeul Pele\u0219","alternateName":"MP","url":"https:\/\/thewebdevpoint.com\/ro\/","logo":{"@type":"ImageObject","inLanguage":"fr-FR","@id":"https:\/\/thewebdevpoint.com\/ro\/#\/schema\/logo\/image\/","url":"https:\/\/thewebdevpoint.com\/wp-content\/uploads\/2024\/10\/Logo.svg","contentUrl":"https:\/\/thewebdevpoint.com\/wp-content\/uploads\/2024\/10\/Logo.svg","width":251,"height":48,"caption":"Muzeul Pele\u0219"},"image":{"@id":"https:\/\/thewebdevpoint.com\/ro\/#\/schema\/logo\/image\/"}}]}},"_links":{"self":[{"href":"https:\/\/thewebdevpoint.com\/fr\/wp-json\/wp\/v2\/eveniment\/8825","targetHints":{"allow":["GET"]}}],"collection":[{"href":"https:\/\/thewebdevpoint.com\/fr\/wp-json\/wp\/v2\/eveniment"}],"about":[{"href":"https:\/\/thewebdevpoint.com\/fr\/wp-json\/wp\/v2\/types\/eveniment"}],"version-history":[{"count":1,"href":"https:\/\/thewebdevpoint.com\/fr\/wp-json\/wp\/v2\/eveniment\/8825\/revisions"}],"predecessor-version":[{"id":16430,"href":"https:\/\/thewebdevpoint.com\/fr\/wp-json\/wp\/v2\/eveniment\/8825\/revisions\/16430"}],"wp:attachment":[{"href":"https:\/\/thewebdevpoint.com\/fr\/wp-json\/wp\/v2\/media?parent=8825"}],"wp:term":[{"taxonomy":"categorie-evenimente","embeddable":true,"href":"https:\/\/thewebdevpoint.com\/fr\/wp-json\/wp\/v2\/categorie-evenimente?post=8825"}],"curies":[{"name":"wp","href":"https:\/\/api.w.org\/{rel}","templated":true}]}}