{"id":8835,"date":"2024-10-08T11:59:14","date_gmt":"2024-10-08T11:59:14","guid":{"rendered":"https:\/\/pelestest.thepoint-agency.com\/concursul-national-carmen-sylva-2019-2020\/"},"modified":"2024-12-10T14:21:09","modified_gmt":"2024-12-10T12:21:09","slug":"concursul-national-carmen-sylva-2019-2020","status":"publish","type":"eveniment","link":"https:\/\/thewebdevpoint.com\/fr\/eveniment\/concursul-national-carmen-sylva-2019-2020\/","title":{"rendered":"COMP\u00c9TITION NATIONALE CARMEN SYLVA 2019 \u2013 2020"},"content":{"rendered":"<h3 style=\"text-align: center;\"><span style=\"color: #ff0000;\">LA 11E \u00c9DITION DU CONCOURS NATIONAL \u00ab CARMEN SYLVA \u00bb NE SERA PAS ORGANIS\u00c9E CETTE ANN\u00c9E !<\/span><\/h3>\n<p style=\"text-align: center;\"><span style=\"color: #ff0000;\">Nous remercions ceux qui \u00e9taient avec nous et nous esp\u00e9rons vous revoir \u00e0 l&#039;\u00e9dition de l&#039;ann\u00e9e prochaine !<\/span><\/p>\n<p>CONCOURS NATIONAL <strong><em>CARMEN SYLVANA<\/em><\/strong> \u2013 <strong><em>2020<\/em><\/strong><\/p>\n<p>Maintenant dans sa 10e \u00e9dition, le projet a pour objectif de d\u00e9couvrir des jeunes talentueux qui ne sont pas inscrits dans une forme d&#039;\u00e9ducation sp\u00e9cialis\u00e9e, \u00e0 savoir les \u00e9coles d&#039;art et les universit\u00e9s, mais pour qui l&#039;art est une passion.<\/p>\n<p>L&#039;objectif g\u00e9n\u00e9ral : promouvoir le talent et la passion pour la beaut\u00e9, en perp\u00e9tuant la tradition commenc\u00e9e il y a plus d&#039;un si\u00e8cle par la premi\u00e8re reine de Roumanie, Elisabeta, et poursuivie par la reine Maria, patronne de la Soci\u00e9t\u00e9. <em>Jeunesse Artistique<\/em> \u00a0qui a r\u00e9uni de jeunes artistes roumains au d\u00e9but de leur carri\u00e8re et dont les \u0153uvres peuvent actuellement \u00eatre admir\u00e9es au ch\u00e2teau de Peli\u0219or.<\/p>\n<p>L&#039;objectif sp\u00e9cifique : consiste \u00e0 mettre en place une exposition temporaire au ch\u00e2teau de Peli\u0219or, dans laquelle seront expos\u00e9es les \u0153uvres des laur\u00e9ats d\u00e9sign\u00e9s par le jury sp\u00e9cialis\u00e9.<\/p>\n<p>R\u00c8GLEMENTS<\/p>\n<p>Le concours est ouvert aux jeunes talentueux du pays \u00e2g\u00e9s de 7 \u00e0 29 ans.<\/p>\n<p>Les participants seront regroup\u00e9s en trois cat\u00e9gories, selon l&#039;\u00e2ge :<\/p>\n<ul>\n<li>Cat\u00e9gorie I : 7-14 ans ;<\/li>\n<li>Cat\u00e9gorie II \u2013 a : 15 \u2013 21 ans ;<\/li>\n<li>Cat\u00e9gorie III : 22 \u2013 29 ans ;<\/li>\n<\/ul>\n<p>Les disciplines du concours sont : PEINTURE, DESSIN, GRAVURE et PHOTOGRAPHIE.<\/p>\n<p>La dur\u00e9e du concours est de 5 mois et se d\u00e9roulera comme suit :<\/p>\n<p><strong>1er novembre 2019 \u2013 31 mars 2020<\/strong>: envoi, par voie \u00e9lectronique, de trois \u0153uvres personnelles, scann\u00e9es ou photocopi\u00e9es, accompagn\u00e9es du formulaire d&#039;inscription d\u00fbment rempli \u00e0 l&#039;adresse e-mail du Mus\u00e9e national Pele\u0219 : <a href=\"mailto:peles.ro@gmail.com\">peles.ro@gmail.com<\/a>;<\/p>\n<p><strong>1er au 12 avril 2020<\/strong>: pr\u00e9s\u00e9lection et jugement des \u0153uvres ;<\/p>\n<p><strong>13 avril 2020 :<\/strong>\u00a0annonce des gagnants du concours sur le site officiel <a href=\"http:\/\/peles.ro\">www.peles.ro<\/a>;<\/p>\n<p><strong>14-15 avril 2020<\/strong>: soumettre et r\u00e9soudre les plaintes;<\/p>\n<p><strong>16 \u2013 30 avril<\/strong>: l&#039;envoi des \u0153uvres des laur\u00e9ats au si\u00e8ge du Mus\u00e9e national Pele\u0219 ;<\/p>\n<p><strong>1er au 29 mai<\/strong>:organisation de l&#039;exposition temporaire dans la salle d&#039;honneur du ch\u00e2teau de Peli\u0219or ;<\/p>\n<p><strong>30 mai 2020<\/strong>: ouverture de l&#039;exposition ;<\/p>\n<p>L&#039;exposition sera ouverte au public jusqu&#039;au 28 juin 2020.<\/p>\n<p>Le th\u00e8me est au libre choix des participants.<\/p>\n<p>Le jury sera compos\u00e9 de sp\u00e9cialistes des disciplines du concours.<\/p>\n<p>Trois gagnants seront d\u00e9sign\u00e9s dans chaque discipline du concours, pour chaque cat\u00e9gorie de participants.<\/p>\n<p>Le prix du concours CARMEN SYLVA consiste \u00e0 promouvoir les laur\u00e9ats en mettant en place une exposition temporaire, pour une dur\u00e9e de 30 jours, au ch\u00e2teau de Peli\u0219or.<\/p>\n<p>Pour organiser l&#039;exposition, le jury choisira, pour \u00eatre expos\u00e9e sur les \u00e9tag\u00e8res, une \u0153uvre parmi les trois envoy\u00e9es par les laur\u00e9ats, par colis postal ou par coursier, au si\u00e8ge du Mus\u00e9e national Pele\u0219.<\/p>\n<p>La participation au concours est gratuite.<\/p>\n<p>Un participant peut s\u2019inscrire \u00e0 plusieurs disciplines.<\/p>\n<p>Les \u0153uvres ne doivent pas \u00eatre \u00e9dit\u00e9es sur ordinateur, \u00e0 l&#039;exception de la discipline PHOTOGRAPHIE, o\u00f9 les modifications dans des programmes d&#039;\u00e9dition tels que Photoshop sont accept\u00e9es.<\/p>\n<p>Les photos doivent \u00eatre soumises pour la participation au format JPG avec une r\u00e9solution de 300 DPI, et si elles sont s\u00e9lectionn\u00e9es par le jury, elles seront envoy\u00e9es au format RAW ou PNG, \u00e0 la r\u00e9solution d&#039;origine.<\/p>\n<p><strong>La date limite d\u2019inscription est le 31 mars 2020.<\/strong><\/p>\n<p><strong>La date limite de soumission des articles est le 30 avril 2020.<\/strong><\/p>\n<p>Les cinq membres du jury attribueront chacun une note de 1 \u00e0 10 \u00e0 chaque auteur, et les laur\u00e9ats seront d\u00e9sign\u00e9s par ordre d\u00e9croissant de la note obtenue, avec les pr\u00e9cisions suivantes :<\/p>\n<ul>\n<li>Le jury d\u00e9signera un seul concurrent qui se verra attribuer le Grand Prix du concours, la note maximale \u00e9tant de 50 points ;<\/li>\n<li>Pour obtenir le premier prix, la note minimale obtenue est de 45 points ;<\/li>\n<li>Pour l\u2019attribution du deuxi\u00e8me prix, la note minimale obtenue est de 40 points ;<\/li>\n<li>Pour l\u2019attribution du troisi\u00e8me prix, la note minimale obtenue est de 35 points ;<\/li>\n<\/ul>\n<p>&nbsp;<\/p>\n<p>Apr\u00e8s la cl\u00f4ture de l&#039;exposition, les \u0153uvres seront restitu\u00e9es par le mus\u00e9e par colis postal.<\/p>\n<p><a href=\"https:\/\/pelestest.thepoint-agency.com\/wp-content\/uploads\/2019\/11\/Formular-de-Inscriere.doc\">Formulaire d&#039;inscription<\/a><\/p>","protected":false},"featured_media":0,"template":"","meta":{"_acf_changed":false},"categorie-evenimente":[348],"class_list":["post-8835","eveniment","type-eveniment","status-publish","hentry","categorie-evenimente-concursuri"],"acf":[],"yoast_head":"<!-- This site is optimized with the Yoast SEO plugin v24.1 - https:\/\/yoast.com\/wordpress\/plugins\/seo\/ -->\n<title>CONCURSUL NA\u021aIONAL CARMEN SYLVA 2019 - 2020 &#183; Peles Test<\/title>\n<meta name=\"robots\" content=\"noindex, follow, max-snippet:-1, max-image-preview:large, max-video-preview:-1\" \/>\n<script type=\"application\/ld+json\" class=\"yoast-schema-graph\">{\"@context\":\"https:\/\/schema.org\",\"@graph\":[{\"@type\":\"WebPage\",\"@id\":\"https:\/\/thewebdevpoint.com\/eveniment\/concursul-national-carmen-sylva-2019-2020\/\",\"url\":\"https:\/\/thewebdevpoint.com\/eveniment\/concursul-national-carmen-sylva-2019-2020\/\",\"name\":\"CONCURSUL NA\u021aIONAL CARMEN SYLVA 2019 - 2020 &#183; Peles Test\",\"isPartOf\":{\"@id\":\"https:\/\/thewebdevpoint.com\/ro\/#website\"},\"datePublished\":\"2024-10-08T11:59:14+00:00\",\"dateModified\":\"2024-12-10T12:21:09+00:00\",\"breadcrumb\":{\"@id\":\"https:\/\/thewebdevpoint.com\/eveniment\/concursul-national-carmen-sylva-2019-2020\/#breadcrumb\"},\"inLanguage\":\"fr-FR\",\"potentialAction\":[{\"@type\":\"ReadAction\",\"target\":[\"https:\/\/thewebdevpoint.com\/eveniment\/concursul-national-carmen-sylva-2019-2020\/\"]}]},{\"@type\":\"BreadcrumbList\",\"@id\":\"https:\/\/thewebdevpoint.com\/eveniment\/concursul-national-carmen-sylva-2019-2020\/#breadcrumb\",\"itemListElement\":[{\"@type\":\"ListItem\",\"position\":1,\"name\":\"Acas\u0103\",\"item\":\"https:\/\/thewebdevpoint.com\/\"},{\"@type\":\"ListItem\",\"position\":2,\"name\":\"Evenimente\",\"item\":\"https:\/\/thewebdevpoint.com\/ro\/evenimente\/\"},{\"@type\":\"ListItem\",\"position\":3,\"name\":\"CONCURSUL NA\u021aIONAL CARMEN SYLVA 2019 &#8211; 2020\"}]},{\"@type\":\"WebSite\",\"@id\":\"https:\/\/thewebdevpoint.com\/ro\/#website\",\"url\":\"https:\/\/thewebdevpoint.com\/ro\/\",\"name\":\"Peles Test\",\"description\":\"\",\"publisher\":{\"@id\":\"https:\/\/thewebdevpoint.com\/ro\/#organization\"},\"potentialAction\":[{\"@type\":\"SearchAction\",\"target\":{\"@type\":\"EntryPoint\",\"urlTemplate\":\"https:\/\/thewebdevpoint.com\/ro\/?s={search_term_string}\"},\"query-input\":{\"@type\":\"PropertyValueSpecification\",\"valueRequired\":true,\"valueName\":\"search_term_string\"}}],\"inLanguage\":\"fr-FR\"},{\"@type\":\"Organization\",\"@id\":\"https:\/\/thewebdevpoint.com\/ro\/#organization\",\"name\":\"Muzeul Pele\u0219\",\"alternateName\":\"MP\",\"url\":\"https:\/\/thewebdevpoint.com\/ro\/\",\"logo\":{\"@type\":\"ImageObject\",\"inLanguage\":\"fr-FR\",\"@id\":\"https:\/\/thewebdevpoint.com\/ro\/#\/schema\/logo\/image\/\",\"url\":\"https:\/\/thewebdevpoint.com\/wp-content\/uploads\/2024\/10\/Logo.svg\",\"contentUrl\":\"https:\/\/thewebdevpoint.com\/wp-content\/uploads\/2024\/10\/Logo.svg\",\"width\":251,\"height\":48,\"caption\":\"Muzeul Pele\u0219\"},\"image\":{\"@id\":\"https:\/\/thewebdevpoint.com\/ro\/#\/schema\/logo\/image\/\"}}]}<\/script>\n<!-- \/ Yoast SEO plugin. -->","yoast_head_json":{"title":"CONCURSUL NA\u021aIONAL CARMEN SYLVA 2019 - 2020 &#183; Peles Test","robots":{"index":"noindex","follow":"follow","max-snippet":"max-snippet:-1","max-image-preview":"max-image-preview:large","max-video-preview":"max-video-preview:-1"},"schema":{"@context":"https:\/\/schema.org","@graph":[{"@type":"WebPage","@id":"https:\/\/thewebdevpoint.com\/eveniment\/concursul-national-carmen-sylva-2019-2020\/","url":"https:\/\/thewebdevpoint.com\/eveniment\/concursul-national-carmen-sylva-2019-2020\/","name":"CONCURSUL NA\u021aIONAL CARMEN SYLVA 2019 - 2020 &#183; Peles Test","isPartOf":{"@id":"https:\/\/thewebdevpoint.com\/ro\/#website"},"datePublished":"2024-10-08T11:59:14+00:00","dateModified":"2024-12-10T12:21:09+00:00","breadcrumb":{"@id":"https:\/\/thewebdevpoint.com\/eveniment\/concursul-national-carmen-sylva-2019-2020\/#breadcrumb"},"inLanguage":"fr-FR","potentialAction":[{"@type":"ReadAction","target":["https:\/\/thewebdevpoint.com\/eveniment\/concursul-national-carmen-sylva-2019-2020\/"]}]},{"@type":"BreadcrumbList","@id":"https:\/\/thewebdevpoint.com\/eveniment\/concursul-national-carmen-sylva-2019-2020\/#breadcrumb","itemListElement":[{"@type":"ListItem","position":1,"name":"Acas\u0103","item":"https:\/\/thewebdevpoint.com\/"},{"@type":"ListItem","position":2,"name":"Evenimente","item":"https:\/\/thewebdevpoint.com\/ro\/evenimente\/"},{"@type":"ListItem","position":3,"name":"CONCURSUL NA\u021aIONAL CARMEN SYLVA 2019 &#8211; 2020"}]},{"@type":"WebSite","@id":"https:\/\/thewebdevpoint.com\/ro\/#website","url":"https:\/\/thewebdevpoint.com\/ro\/","name":"Peles Test","description":"","publisher":{"@id":"https:\/\/thewebdevpoint.com\/ro\/#organization"},"potentialAction":[{"@type":"SearchAction","target":{"@type":"EntryPoint","urlTemplate":"https:\/\/thewebdevpoint.com\/ro\/?s={search_term_string}"},"query-input":{"@type":"PropertyValueSpecification","valueRequired":true,"valueName":"search_term_string"}}],"inLanguage":"fr-FR"},{"@type":"Organization","@id":"https:\/\/thewebdevpoint.com\/ro\/#organization","name":"Muzeul Pele\u0219","alternateName":"MP","url":"https:\/\/thewebdevpoint.com\/ro\/","logo":{"@type":"ImageObject","inLanguage":"fr-FR","@id":"https:\/\/thewebdevpoint.com\/ro\/#\/schema\/logo\/image\/","url":"https:\/\/thewebdevpoint.com\/wp-content\/uploads\/2024\/10\/Logo.svg","contentUrl":"https:\/\/thewebdevpoint.com\/wp-content\/uploads\/2024\/10\/Logo.svg","width":251,"height":48,"caption":"Muzeul Pele\u0219"},"image":{"@id":"https:\/\/thewebdevpoint.com\/ro\/#\/schema\/logo\/image\/"}}]}},"_links":{"self":[{"href":"https:\/\/thewebdevpoint.com\/fr\/wp-json\/wp\/v2\/eveniment\/8835","targetHints":{"allow":["GET"]}}],"collection":[{"href":"https:\/\/thewebdevpoint.com\/fr\/wp-json\/wp\/v2\/eveniment"}],"about":[{"href":"https:\/\/thewebdevpoint.com\/fr\/wp-json\/wp\/v2\/types\/eveniment"}],"version-history":[{"count":1,"href":"https:\/\/thewebdevpoint.com\/fr\/wp-json\/wp\/v2\/eveniment\/8835\/revisions"}],"predecessor-version":[{"id":15865,"href":"https:\/\/thewebdevpoint.com\/fr\/wp-json\/wp\/v2\/eveniment\/8835\/revisions\/15865"}],"wp:attachment":[{"href":"https:\/\/thewebdevpoint.com\/fr\/wp-json\/wp\/v2\/media?parent=8835"}],"wp:term":[{"taxonomy":"categorie-evenimente","embeddable":true,"href":"https:\/\/thewebdevpoint.com\/fr\/wp-json\/wp\/v2\/categorie-evenimente?post=8835"}],"curies":[{"name":"wp","href":"https:\/\/api.w.org\/{rel}","templated":true}]}}