{"id":8840,"date":"2024-10-08T11:59:14","date_gmt":"2024-10-08T11:59:14","guid":{"rendered":"https:\/\/pelestest.thepoint-agency.com\/leac-de-suflet-un-spectacol-al-teatrui-evreiesc-de-stat\/"},"modified":"2024-12-19T10:06:40","modified_gmt":"2024-12-19T08:06:40","slug":"leac-de-suflet-un-spectacol-al-teatrui-evreiesc-de-stat","status":"publish","type":"eveniment","link":"https:\/\/thewebdevpoint.com\/fr\/eveniment\/leac-de-suflet-un-spectacol-al-teatrui-evreiesc-de-stat\/","title":{"rendered":"&quot;Soul Cure&quot; - une repr\u00e9sentation du Th\u00e9\u00e2tre juif d&#039;\u00c9tat"},"content":{"rendered":"<p>Le Th\u00e9\u00e2tre Juif d\u2019\u00c9tat lance, en partenariat avec le Mus\u00e9e National Pele\u0219, un nouveau projet culturel. \u00ab ENTRE MONDES \u00bb est un projet modulaire, \u00e0 travers lequel les acteurs et musiciens du Th\u00e9\u00e2tre d&#039;\u00c9tat juif visent \u00e0 attirer l&#039;attention du public sur des mondes antagonistes mais compl\u00e9mentaires, des fragments de nouveau et d&#039;ancien, d&#039;obscurit\u00e9 et de lumi\u00e8re, de paix et de tumulte, d&#039;amour et de haine. Cr\u00e9\u00e9 pour souligner cette recherche permanente et cette red\u00e9couverte de l&#039;\u00e2me dans le fourr\u00e9 de la vie, le projet \u00ab ENTRE LES MONDES \u00bb d\u00e9bute le samedi 12 septembre, \u00e0 17h00, dans un lieu charg\u00e9 d&#039;histoire, o\u00f9 le pass\u00e9 et le futur se rencontrent : le Mus\u00e9e national Pele\u0219.<\/p>\n<p>Le premier spectacle de cette s\u00e9rie s&#039;intitule \u00ab CURE OF THE SOUL \u00bb et mettra en vedette Maia Morgenstern et Sergiu Marin (violoncelle). Le leitmotiv de ce spectacle est le Roi-P\u00e8re, symbole qui fait la transition entre les mondes, entre le pass\u00e9 et le futur, entre l&#039;espoir et le d\u00e9sespoir, \u00e9tant celui qui assure, par sa sagesse, la r\u00e9conciliation et la continuit\u00e9.<\/p>\n<p>L&#039;\u00e9v\u00e9nement se d\u00e9roulera en garantissant toutes les mesures de s\u00e9curit\u00e9 et de pr\u00e9vention de la contamination par le nouveau coronavirus COVID-19.<\/p>\n<p>Informations compl\u00e9mentaires et d\u00e9tails au num\u00e9ro de t\u00e9l\u00e9phone 0244.310.918.<\/p>","protected":false},"featured_media":0,"template":"","meta":{"_acf_changed":false},"categorie-evenimente":[353],"class_list":["post-8840","eveniment","type-eveniment","status-publish","hentry","categorie-evenimente-arhiva"],"acf":[],"yoast_head":"<!-- This site is optimized with the Yoast SEO plugin v24.1 - https:\/\/yoast.com\/wordpress\/plugins\/seo\/ -->\n<title>\u201eLeac de suflet\u201d - un spectacol al Teatrui Evreiesc de Stat &#183; Peles Test<\/title>\n<meta name=\"robots\" content=\"noindex, follow, max-snippet:-1, max-image-preview:large, max-video-preview:-1\" \/>\n<script type=\"application\/ld+json\" class=\"yoast-schema-graph\">{\"@context\":\"https:\/\/schema.org\",\"@graph\":[{\"@type\":\"WebPage\",\"@id\":\"https:\/\/thewebdevpoint.com\/ro\/eveniment\/leac-de-suflet-un-spectacol-al-teatrui-evreiesc-de-stat\/\",\"url\":\"https:\/\/thewebdevpoint.com\/ro\/eveniment\/leac-de-suflet-un-spectacol-al-teatrui-evreiesc-de-stat\/\",\"name\":\"\u201eLeac de suflet\u201d - un spectacol al Teatrui Evreiesc de Stat &#183; Peles Test\",\"isPartOf\":{\"@id\":\"https:\/\/thewebdevpoint.com\/ro\/#website\"},\"datePublished\":\"2024-10-08T11:59:14+00:00\",\"dateModified\":\"2024-12-19T08:06:40+00:00\",\"breadcrumb\":{\"@id\":\"https:\/\/thewebdevpoint.com\/ro\/eveniment\/leac-de-suflet-un-spectacol-al-teatrui-evreiesc-de-stat\/#breadcrumb\"},\"inLanguage\":\"fr-FR\",\"potentialAction\":[{\"@type\":\"ReadAction\",\"target\":[\"https:\/\/thewebdevpoint.com\/ro\/eveniment\/leac-de-suflet-un-spectacol-al-teatrui-evreiesc-de-stat\/\"]}]},{\"@type\":\"BreadcrumbList\",\"@id\":\"https:\/\/thewebdevpoint.com\/ro\/eveniment\/leac-de-suflet-un-spectacol-al-teatrui-evreiesc-de-stat\/#breadcrumb\",\"itemListElement\":[{\"@type\":\"ListItem\",\"position\":1,\"name\":\"Acas\u0103\",\"item\":\"https:\/\/thewebdevpoint.com\/\"},{\"@type\":\"ListItem\",\"position\":2,\"name\":\"Evenimente\",\"item\":\"https:\/\/thewebdevpoint.com\/ro\/evenimente\/\"},{\"@type\":\"ListItem\",\"position\":3,\"name\":\"\u201eLeac de suflet\u201d &#8211; un spectacol al Teatrui Evreiesc de Stat\"}]},{\"@type\":\"WebSite\",\"@id\":\"https:\/\/thewebdevpoint.com\/ro\/#website\",\"url\":\"https:\/\/thewebdevpoint.com\/ro\/\",\"name\":\"Peles Test\",\"description\":\"\",\"publisher\":{\"@id\":\"https:\/\/thewebdevpoint.com\/ro\/#organization\"},\"potentialAction\":[{\"@type\":\"SearchAction\",\"target\":{\"@type\":\"EntryPoint\",\"urlTemplate\":\"https:\/\/thewebdevpoint.com\/ro\/?s={search_term_string}\"},\"query-input\":{\"@type\":\"PropertyValueSpecification\",\"valueRequired\":true,\"valueName\":\"search_term_string\"}}],\"inLanguage\":\"fr-FR\"},{\"@type\":\"Organization\",\"@id\":\"https:\/\/thewebdevpoint.com\/ro\/#organization\",\"name\":\"Muzeul Pele\u0219\",\"alternateName\":\"MP\",\"url\":\"https:\/\/thewebdevpoint.com\/ro\/\",\"logo\":{\"@type\":\"ImageObject\",\"inLanguage\":\"fr-FR\",\"@id\":\"https:\/\/thewebdevpoint.com\/ro\/#\/schema\/logo\/image\/\",\"url\":\"https:\/\/thewebdevpoint.com\/wp-content\/uploads\/2024\/10\/Logo.svg\",\"contentUrl\":\"https:\/\/thewebdevpoint.com\/wp-content\/uploads\/2024\/10\/Logo.svg\",\"width\":251,\"height\":48,\"caption\":\"Muzeul Pele\u0219\"},\"image\":{\"@id\":\"https:\/\/thewebdevpoint.com\/ro\/#\/schema\/logo\/image\/\"}}]}<\/script>\n<!-- \/ Yoast SEO plugin. -->","yoast_head_json":{"title":"\u201eLeac de suflet\u201d - un spectacol al Teatrui Evreiesc de Stat &#183; Peles Test","robots":{"index":"noindex","follow":"follow","max-snippet":"max-snippet:-1","max-image-preview":"max-image-preview:large","max-video-preview":"max-video-preview:-1"},"schema":{"@context":"https:\/\/schema.org","@graph":[{"@type":"WebPage","@id":"https:\/\/thewebdevpoint.com\/ro\/eveniment\/leac-de-suflet-un-spectacol-al-teatrui-evreiesc-de-stat\/","url":"https:\/\/thewebdevpoint.com\/ro\/eveniment\/leac-de-suflet-un-spectacol-al-teatrui-evreiesc-de-stat\/","name":"\u201eLeac de suflet\u201d - un spectacol al Teatrui Evreiesc de Stat &#183; Peles Test","isPartOf":{"@id":"https:\/\/thewebdevpoint.com\/ro\/#website"},"datePublished":"2024-10-08T11:59:14+00:00","dateModified":"2024-12-19T08:06:40+00:00","breadcrumb":{"@id":"https:\/\/thewebdevpoint.com\/ro\/eveniment\/leac-de-suflet-un-spectacol-al-teatrui-evreiesc-de-stat\/#breadcrumb"},"inLanguage":"fr-FR","potentialAction":[{"@type":"ReadAction","target":["https:\/\/thewebdevpoint.com\/ro\/eveniment\/leac-de-suflet-un-spectacol-al-teatrui-evreiesc-de-stat\/"]}]},{"@type":"BreadcrumbList","@id":"https:\/\/thewebdevpoint.com\/ro\/eveniment\/leac-de-suflet-un-spectacol-al-teatrui-evreiesc-de-stat\/#breadcrumb","itemListElement":[{"@type":"ListItem","position":1,"name":"Acas\u0103","item":"https:\/\/thewebdevpoint.com\/"},{"@type":"ListItem","position":2,"name":"Evenimente","item":"https:\/\/thewebdevpoint.com\/ro\/evenimente\/"},{"@type":"ListItem","position":3,"name":"\u201eLeac de suflet\u201d &#8211; un spectacol al Teatrui Evreiesc de Stat"}]},{"@type":"WebSite","@id":"https:\/\/thewebdevpoint.com\/ro\/#website","url":"https:\/\/thewebdevpoint.com\/ro\/","name":"Peles Test","description":"","publisher":{"@id":"https:\/\/thewebdevpoint.com\/ro\/#organization"},"potentialAction":[{"@type":"SearchAction","target":{"@type":"EntryPoint","urlTemplate":"https:\/\/thewebdevpoint.com\/ro\/?s={search_term_string}"},"query-input":{"@type":"PropertyValueSpecification","valueRequired":true,"valueName":"search_term_string"}}],"inLanguage":"fr-FR"},{"@type":"Organization","@id":"https:\/\/thewebdevpoint.com\/ro\/#organization","name":"Muzeul Pele\u0219","alternateName":"MP","url":"https:\/\/thewebdevpoint.com\/ro\/","logo":{"@type":"ImageObject","inLanguage":"fr-FR","@id":"https:\/\/thewebdevpoint.com\/ro\/#\/schema\/logo\/image\/","url":"https:\/\/thewebdevpoint.com\/wp-content\/uploads\/2024\/10\/Logo.svg","contentUrl":"https:\/\/thewebdevpoint.com\/wp-content\/uploads\/2024\/10\/Logo.svg","width":251,"height":48,"caption":"Muzeul Pele\u0219"},"image":{"@id":"https:\/\/thewebdevpoint.com\/ro\/#\/schema\/logo\/image\/"}}]}},"_links":{"self":[{"href":"https:\/\/thewebdevpoint.com\/fr\/wp-json\/wp\/v2\/eveniment\/8840","targetHints":{"allow":["GET"]}}],"collection":[{"href":"https:\/\/thewebdevpoint.com\/fr\/wp-json\/wp\/v2\/eveniment"}],"about":[{"href":"https:\/\/thewebdevpoint.com\/fr\/wp-json\/wp\/v2\/types\/eveniment"}],"version-history":[{"count":1,"href":"https:\/\/thewebdevpoint.com\/fr\/wp-json\/wp\/v2\/eveniment\/8840\/revisions"}],"predecessor-version":[{"id":16173,"href":"https:\/\/thewebdevpoint.com\/fr\/wp-json\/wp\/v2\/eveniment\/8840\/revisions\/16173"}],"wp:attachment":[{"href":"https:\/\/thewebdevpoint.com\/fr\/wp-json\/wp\/v2\/media?parent=8840"}],"wp:term":[{"taxonomy":"categorie-evenimente","embeddable":true,"href":"https:\/\/thewebdevpoint.com\/fr\/wp-json\/wp\/v2\/categorie-evenimente?post=8840"}],"curies":[{"name":"wp","href":"https:\/\/api.w.org\/{rel}","templated":true}]}}