{"id":8841,"date":"2024-10-08T11:59:14","date_gmt":"2024-10-08T11:59:14","guid":{"rendered":"https:\/\/pelestest.thepoint-agency.com\/portretistica-regala-arta-si-memorie\/"},"modified":"2024-12-19T09:46:02","modified_gmt":"2024-12-19T07:46:02","slug":"portretistica-regala-arta-si-memorie","status":"publish","type":"eveniment","link":"https:\/\/thewebdevpoint.com\/fr\/eveniment\/portretistica-regala-arta-si-memorie\/","title":{"rendered":"PORTRAIT ROYAL. ART ET M\u00c9MOIRE"},"content":{"rendered":"<p>Exposition temporaire \u00ab Portrait royal. Art et M\u00e9moire\u201d, tente, pour la premi\u00e8re fois, avec les moyens sp\u00e9cifiques des th\u00e9matiques d\u2019exposition mais aussi de la rigueur \u00e9ditoriale, un aper\u00e7u de la valeur artistique et, en m\u00eame temps, historique de la commande de portraits des souverains de Roumanie (du roi Carol Ier au roi Michel Ier) et des membres de leur famille repr\u00e9sent\u00e9s dans les beaux-arts de notre pays.<\/p>\n<p>Des gravures, lithographies, portraits photographiques, aux all\u00e9gories et sculptures monumentales, l\u2019imagerie des membres de la Maison Royale de Roumanie avait pour mission de cr\u00e9er, au-del\u00e0 de l\u2019image, une identit\u00e9 historique et culturelle d\u2019une Roumanie moderne, connect\u00e9e aux valeurs de l\u2019Europe occidentale et aux principales tendances artistiques de la seconde moiti\u00e9 du XIXe si\u00e8cle et de la premi\u00e8re moiti\u00e9 du XXe si\u00e8cle.<\/p>\n<p>Les repr\u00e9sentations officielles ou priv\u00e9es des rois de Roumanie, des reines, des princes et des princesses de la famille royale pr\u00e9sentent, dans le genre du portrait (et pas seulement), une multitude d&#039;aspects, g\u00e9n\u00e9r\u00e9s par le moment de la commande des \u0153uvres d&#039;art, le but de leur cr\u00e9ation, le lieu ou le client. Une galerie enti\u00e8re de visages royaux (avec ou sans uniformes militaires, avec ou sans diad\u00e8mes), nous regardent, \u00e0 travers le pinceau des peintres ou le ciseau des sculpteurs, depuis les cadres de l&#039;exposition.<\/p>\n<p>Immortalis\u00e9 dans l&#039;album catalogue \u00ab Royal Portraiture \u00bb. \u00ab Art et M\u00e9moire \u00bb, t\u00e9moignent de l\u2019extraordinaire pouvoir de suggestion des artistes, mais aussi de l\u2019image d\u2019une Roumanie royale, dans laquelle le monarque (et les membres de sa famille, d\u2019ailleurs) devait assumer, \u00e0 travers l\u2019image et le symbole, le pouvoir et les aspirations au bien de la nation roumaine.<\/p>","protected":false},"featured_media":0,"template":"","meta":{"_acf_changed":false},"categorie-evenimente":[353],"class_list":["post-8841","eveniment","type-eveniment","status-publish","hentry","categorie-evenimente-arhiva"],"acf":[],"yoast_head":"<!-- This site is optimized with the Yoast SEO plugin v24.1 - https:\/\/yoast.com\/wordpress\/plugins\/seo\/ -->\n<title>PORTRETISTICA REGAL\u0102. ART\u0102 \u0218I MEMORIE &#183; Peles Test<\/title>\n<meta name=\"robots\" content=\"noindex, follow, max-snippet:-1, max-image-preview:large, max-video-preview:-1\" \/>\n<script type=\"application\/ld+json\" class=\"yoast-schema-graph\">{\"@context\":\"https:\/\/schema.org\",\"@graph\":[{\"@type\":\"WebPage\",\"@id\":\"https:\/\/thewebdevpoint.com\/eveniment\/portretistica-regala-arta-si-memorie\/\",\"url\":\"https:\/\/thewebdevpoint.com\/eveniment\/portretistica-regala-arta-si-memorie\/\",\"name\":\"PORTRETISTICA REGAL\u0102. ART\u0102 \u0218I MEMORIE &#183; Peles Test\",\"isPartOf\":{\"@id\":\"https:\/\/thewebdevpoint.com\/ro\/#website\"},\"datePublished\":\"2024-10-08T11:59:14+00:00\",\"dateModified\":\"2024-12-19T07:46:02+00:00\",\"breadcrumb\":{\"@id\":\"https:\/\/thewebdevpoint.com\/eveniment\/portretistica-regala-arta-si-memorie\/#breadcrumb\"},\"inLanguage\":\"fr-FR\",\"potentialAction\":[{\"@type\":\"ReadAction\",\"target\":[\"https:\/\/thewebdevpoint.com\/eveniment\/portretistica-regala-arta-si-memorie\/\"]}]},{\"@type\":\"BreadcrumbList\",\"@id\":\"https:\/\/thewebdevpoint.com\/eveniment\/portretistica-regala-arta-si-memorie\/#breadcrumb\",\"itemListElement\":[{\"@type\":\"ListItem\",\"position\":1,\"name\":\"Acas\u0103\",\"item\":\"https:\/\/thewebdevpoint.com\/\"},{\"@type\":\"ListItem\",\"position\":2,\"name\":\"Evenimente\",\"item\":\"https:\/\/thewebdevpoint.com\/ro\/evenimente\/\"},{\"@type\":\"ListItem\",\"position\":3,\"name\":\"PORTRETISTICA REGAL\u0102. ART\u0102 \u0218I MEMORIE\"}]},{\"@type\":\"WebSite\",\"@id\":\"https:\/\/thewebdevpoint.com\/ro\/#website\",\"url\":\"https:\/\/thewebdevpoint.com\/ro\/\",\"name\":\"Peles Test\",\"description\":\"\",\"publisher\":{\"@id\":\"https:\/\/thewebdevpoint.com\/ro\/#organization\"},\"potentialAction\":[{\"@type\":\"SearchAction\",\"target\":{\"@type\":\"EntryPoint\",\"urlTemplate\":\"https:\/\/thewebdevpoint.com\/ro\/?s={search_term_string}\"},\"query-input\":{\"@type\":\"PropertyValueSpecification\",\"valueRequired\":true,\"valueName\":\"search_term_string\"}}],\"inLanguage\":\"fr-FR\"},{\"@type\":\"Organization\",\"@id\":\"https:\/\/thewebdevpoint.com\/ro\/#organization\",\"name\":\"Muzeul Pele\u0219\",\"alternateName\":\"MP\",\"url\":\"https:\/\/thewebdevpoint.com\/ro\/\",\"logo\":{\"@type\":\"ImageObject\",\"inLanguage\":\"fr-FR\",\"@id\":\"https:\/\/thewebdevpoint.com\/ro\/#\/schema\/logo\/image\/\",\"url\":\"https:\/\/thewebdevpoint.com\/wp-content\/uploads\/2024\/10\/Logo.svg\",\"contentUrl\":\"https:\/\/thewebdevpoint.com\/wp-content\/uploads\/2024\/10\/Logo.svg\",\"width\":251,\"height\":48,\"caption\":\"Muzeul Pele\u0219\"},\"image\":{\"@id\":\"https:\/\/thewebdevpoint.com\/ro\/#\/schema\/logo\/image\/\"}}]}<\/script>\n<!-- \/ Yoast SEO plugin. -->","yoast_head_json":{"title":"PORTRETISTICA REGAL\u0102. ART\u0102 \u0218I MEMORIE &#183; Peles Test","robots":{"index":"noindex","follow":"follow","max-snippet":"max-snippet:-1","max-image-preview":"max-image-preview:large","max-video-preview":"max-video-preview:-1"},"schema":{"@context":"https:\/\/schema.org","@graph":[{"@type":"WebPage","@id":"https:\/\/thewebdevpoint.com\/eveniment\/portretistica-regala-arta-si-memorie\/","url":"https:\/\/thewebdevpoint.com\/eveniment\/portretistica-regala-arta-si-memorie\/","name":"PORTRETISTICA REGAL\u0102. ART\u0102 \u0218I MEMORIE &#183; Peles Test","isPartOf":{"@id":"https:\/\/thewebdevpoint.com\/ro\/#website"},"datePublished":"2024-10-08T11:59:14+00:00","dateModified":"2024-12-19T07:46:02+00:00","breadcrumb":{"@id":"https:\/\/thewebdevpoint.com\/eveniment\/portretistica-regala-arta-si-memorie\/#breadcrumb"},"inLanguage":"fr-FR","potentialAction":[{"@type":"ReadAction","target":["https:\/\/thewebdevpoint.com\/eveniment\/portretistica-regala-arta-si-memorie\/"]}]},{"@type":"BreadcrumbList","@id":"https:\/\/thewebdevpoint.com\/eveniment\/portretistica-regala-arta-si-memorie\/#breadcrumb","itemListElement":[{"@type":"ListItem","position":1,"name":"Acas\u0103","item":"https:\/\/thewebdevpoint.com\/"},{"@type":"ListItem","position":2,"name":"Evenimente","item":"https:\/\/thewebdevpoint.com\/ro\/evenimente\/"},{"@type":"ListItem","position":3,"name":"PORTRETISTICA REGAL\u0102. ART\u0102 \u0218I MEMORIE"}]},{"@type":"WebSite","@id":"https:\/\/thewebdevpoint.com\/ro\/#website","url":"https:\/\/thewebdevpoint.com\/ro\/","name":"Peles Test","description":"","publisher":{"@id":"https:\/\/thewebdevpoint.com\/ro\/#organization"},"potentialAction":[{"@type":"SearchAction","target":{"@type":"EntryPoint","urlTemplate":"https:\/\/thewebdevpoint.com\/ro\/?s={search_term_string}"},"query-input":{"@type":"PropertyValueSpecification","valueRequired":true,"valueName":"search_term_string"}}],"inLanguage":"fr-FR"},{"@type":"Organization","@id":"https:\/\/thewebdevpoint.com\/ro\/#organization","name":"Muzeul Pele\u0219","alternateName":"MP","url":"https:\/\/thewebdevpoint.com\/ro\/","logo":{"@type":"ImageObject","inLanguage":"fr-FR","@id":"https:\/\/thewebdevpoint.com\/ro\/#\/schema\/logo\/image\/","url":"https:\/\/thewebdevpoint.com\/wp-content\/uploads\/2024\/10\/Logo.svg","contentUrl":"https:\/\/thewebdevpoint.com\/wp-content\/uploads\/2024\/10\/Logo.svg","width":251,"height":48,"caption":"Muzeul Pele\u0219"},"image":{"@id":"https:\/\/thewebdevpoint.com\/ro\/#\/schema\/logo\/image\/"}}]}},"_links":{"self":[{"href":"https:\/\/thewebdevpoint.com\/fr\/wp-json\/wp\/v2\/eveniment\/8841","targetHints":{"allow":["GET"]}}],"collection":[{"href":"https:\/\/thewebdevpoint.com\/fr\/wp-json\/wp\/v2\/eveniment"}],"about":[{"href":"https:\/\/thewebdevpoint.com\/fr\/wp-json\/wp\/v2\/types\/eveniment"}],"version-history":[{"count":1,"href":"https:\/\/thewebdevpoint.com\/fr\/wp-json\/wp\/v2\/eveniment\/8841\/revisions"}],"predecessor-version":[{"id":16724,"href":"https:\/\/thewebdevpoint.com\/fr\/wp-json\/wp\/v2\/eveniment\/8841\/revisions\/16724"}],"wp:attachment":[{"href":"https:\/\/thewebdevpoint.com\/fr\/wp-json\/wp\/v2\/media?parent=8841"}],"wp:term":[{"taxonomy":"categorie-evenimente","embeddable":true,"href":"https:\/\/thewebdevpoint.com\/fr\/wp-json\/wp\/v2\/categorie-evenimente?post=8841"}],"curies":[{"name":"wp","href":"https:\/\/api.w.org\/{rel}","templated":true}]}}