{"id":8854,"date":"2024-10-08T11:59:14","date_gmt":"2024-10-08T11:59:14","guid":{"rendered":"https:\/\/pelestest.thepoint-agency.com\/concertul-extraordinar-sustinut-de-cvintetul-barbarossa-winds\/"},"modified":"2024-12-19T10:06:14","modified_gmt":"2024-12-19T08:06:14","slug":"concertul-extraordinar-sustinut-de-cvintetul-barbarossa-winds","status":"publish","type":"eveniment","link":"https:\/\/thewebdevpoint.com\/fr\/eveniment\/concertul-extraordinar-sustinut-de-cvintetul-barbarossa-winds\/","title":{"rendered":"Le concert extraordinaire interpr\u00e9t\u00e9 par le quintette &quot;Barbarossa Winds&quot;"},"content":{"rendered":"<p>Le Mus\u00e9e national Pele\u0219 et l&#039;ambassade des \u00c9tats-Unis en Roumanie organisent le concert extraordinaire du quintette \u00ab Barbarossa Winds \u00bb le samedi 4 septembre 2021 \u00e0 16h00.<br \/>\n&quot;Barbarossa Winds&quot; est le quintette \u00e0 vent de l&#039;Orchestre et du Ch\u0153ur de l&#039;Arm\u00e9e am\u00e9ricaine stationn\u00e9s en Europe (Allemagne), ambassadeurs de la musique am\u00e9ricaine sur le continent europ\u00e9en. Le concert extraordinaire organis\u00e9 dans la salle de concert du ch\u00e2teau de Pele\u0219 pr\u00e9sentera des compositions de musiciens am\u00e9ricains et allemands, un hommage au r\u00f4le de l&#039;arm\u00e9e am\u00e9ricaine en Europe et en Afrique, ainsi qu&#039;\u00e0 l&#039;\u00c9tat h\u00f4te, l&#039;Allemagne.<br \/>\nLe programme comprendra des \u0153uvres de George Gershwin, Ennio Morricone, Amy Beach, August Klughartdt et Anton Reicha.<br \/>\nL&#039;acc\u00e8s \u00e0 la salle se fait sur invitation, dans la limite des places disponibles, et dans le respect des r\u00e8gles de s\u00e9curit\u00e9 sanitaire.<br \/>\nLes invitations sont demand\u00e9es \u00e0 l&#039;adresse e-mail du Mus\u00e9e national Pele\u0219, peles.ro@gmail.com.<\/p>","protected":false},"featured_media":0,"template":"","meta":{"_acf_changed":false},"categorie-evenimente":[353],"class_list":["post-8854","eveniment","type-eveniment","status-publish","hentry","categorie-evenimente-arhiva"],"acf":[],"yoast_head":"<!-- This site is optimized with the Yoast SEO plugin v24.1 - https:\/\/yoast.com\/wordpress\/plugins\/seo\/ -->\n<title>Concertul extraordinar sus\u021binut de cvintetul \u201eBarbarossa Winds\u201d &#183; Peles Test<\/title>\n<meta name=\"robots\" content=\"noindex, follow, max-snippet:-1, max-image-preview:large, max-video-preview:-1\" \/>\n<script type=\"application\/ld+json\" class=\"yoast-schema-graph\">{\"@context\":\"https:\/\/schema.org\",\"@graph\":[{\"@type\":\"WebPage\",\"@id\":\"https:\/\/thewebdevpoint.com\/ro\/eveniment\/concertul-extraordinar-sustinut-de-cvintetul-barbarossa-winds\/\",\"url\":\"https:\/\/thewebdevpoint.com\/ro\/eveniment\/concertul-extraordinar-sustinut-de-cvintetul-barbarossa-winds\/\",\"name\":\"Concertul extraordinar sus\u021binut de cvintetul \u201eBarbarossa Winds\u201d &#183; Peles Test\",\"isPartOf\":{\"@id\":\"https:\/\/thewebdevpoint.com\/ro\/#website\"},\"datePublished\":\"2024-10-08T11:59:14+00:00\",\"dateModified\":\"2024-12-19T08:06:14+00:00\",\"breadcrumb\":{\"@id\":\"https:\/\/thewebdevpoint.com\/ro\/eveniment\/concertul-extraordinar-sustinut-de-cvintetul-barbarossa-winds\/#breadcrumb\"},\"inLanguage\":\"fr-FR\",\"potentialAction\":[{\"@type\":\"ReadAction\",\"target\":[\"https:\/\/thewebdevpoint.com\/ro\/eveniment\/concertul-extraordinar-sustinut-de-cvintetul-barbarossa-winds\/\"]}]},{\"@type\":\"BreadcrumbList\",\"@id\":\"https:\/\/thewebdevpoint.com\/ro\/eveniment\/concertul-extraordinar-sustinut-de-cvintetul-barbarossa-winds\/#breadcrumb\",\"itemListElement\":[{\"@type\":\"ListItem\",\"position\":1,\"name\":\"Acas\u0103\",\"item\":\"https:\/\/thewebdevpoint.com\/\"},{\"@type\":\"ListItem\",\"position\":2,\"name\":\"Evenimente\",\"item\":\"https:\/\/thewebdevpoint.com\/ro\/evenimente\/\"},{\"@type\":\"ListItem\",\"position\":3,\"name\":\"Concertul extraordinar sus\u021binut de cvintetul \u201eBarbarossa Winds\u201d\"}]},{\"@type\":\"WebSite\",\"@id\":\"https:\/\/thewebdevpoint.com\/ro\/#website\",\"url\":\"https:\/\/thewebdevpoint.com\/ro\/\",\"name\":\"Peles Test\",\"description\":\"\",\"publisher\":{\"@id\":\"https:\/\/thewebdevpoint.com\/ro\/#organization\"},\"potentialAction\":[{\"@type\":\"SearchAction\",\"target\":{\"@type\":\"EntryPoint\",\"urlTemplate\":\"https:\/\/thewebdevpoint.com\/ro\/?s={search_term_string}\"},\"query-input\":{\"@type\":\"PropertyValueSpecification\",\"valueRequired\":true,\"valueName\":\"search_term_string\"}}],\"inLanguage\":\"fr-FR\"},{\"@type\":\"Organization\",\"@id\":\"https:\/\/thewebdevpoint.com\/ro\/#organization\",\"name\":\"Muzeul Pele\u0219\",\"alternateName\":\"MP\",\"url\":\"https:\/\/thewebdevpoint.com\/ro\/\",\"logo\":{\"@type\":\"ImageObject\",\"inLanguage\":\"fr-FR\",\"@id\":\"https:\/\/thewebdevpoint.com\/ro\/#\/schema\/logo\/image\/\",\"url\":\"https:\/\/thewebdevpoint.com\/wp-content\/uploads\/2024\/10\/Logo.svg\",\"contentUrl\":\"https:\/\/thewebdevpoint.com\/wp-content\/uploads\/2024\/10\/Logo.svg\",\"width\":251,\"height\":48,\"caption\":\"Muzeul Pele\u0219\"},\"image\":{\"@id\":\"https:\/\/thewebdevpoint.com\/ro\/#\/schema\/logo\/image\/\"}}]}<\/script>\n<!-- \/ Yoast SEO plugin. -->","yoast_head_json":{"title":"Concertul extraordinar sus\u021binut de cvintetul \u201eBarbarossa Winds\u201d &#183; Peles Test","robots":{"index":"noindex","follow":"follow","max-snippet":"max-snippet:-1","max-image-preview":"max-image-preview:large","max-video-preview":"max-video-preview:-1"},"schema":{"@context":"https:\/\/schema.org","@graph":[{"@type":"WebPage","@id":"https:\/\/thewebdevpoint.com\/ro\/eveniment\/concertul-extraordinar-sustinut-de-cvintetul-barbarossa-winds\/","url":"https:\/\/thewebdevpoint.com\/ro\/eveniment\/concertul-extraordinar-sustinut-de-cvintetul-barbarossa-winds\/","name":"Concertul extraordinar sus\u021binut de cvintetul \u201eBarbarossa Winds\u201d &#183; Peles Test","isPartOf":{"@id":"https:\/\/thewebdevpoint.com\/ro\/#website"},"datePublished":"2024-10-08T11:59:14+00:00","dateModified":"2024-12-19T08:06:14+00:00","breadcrumb":{"@id":"https:\/\/thewebdevpoint.com\/ro\/eveniment\/concertul-extraordinar-sustinut-de-cvintetul-barbarossa-winds\/#breadcrumb"},"inLanguage":"fr-FR","potentialAction":[{"@type":"ReadAction","target":["https:\/\/thewebdevpoint.com\/ro\/eveniment\/concertul-extraordinar-sustinut-de-cvintetul-barbarossa-winds\/"]}]},{"@type":"BreadcrumbList","@id":"https:\/\/thewebdevpoint.com\/ro\/eveniment\/concertul-extraordinar-sustinut-de-cvintetul-barbarossa-winds\/#breadcrumb","itemListElement":[{"@type":"ListItem","position":1,"name":"Acas\u0103","item":"https:\/\/thewebdevpoint.com\/"},{"@type":"ListItem","position":2,"name":"Evenimente","item":"https:\/\/thewebdevpoint.com\/ro\/evenimente\/"},{"@type":"ListItem","position":3,"name":"Concertul extraordinar sus\u021binut de cvintetul \u201eBarbarossa Winds\u201d"}]},{"@type":"WebSite","@id":"https:\/\/thewebdevpoint.com\/ro\/#website","url":"https:\/\/thewebdevpoint.com\/ro\/","name":"Peles Test","description":"","publisher":{"@id":"https:\/\/thewebdevpoint.com\/ro\/#organization"},"potentialAction":[{"@type":"SearchAction","target":{"@type":"EntryPoint","urlTemplate":"https:\/\/thewebdevpoint.com\/ro\/?s={search_term_string}"},"query-input":{"@type":"PropertyValueSpecification","valueRequired":true,"valueName":"search_term_string"}}],"inLanguage":"fr-FR"},{"@type":"Organization","@id":"https:\/\/thewebdevpoint.com\/ro\/#organization","name":"Muzeul Pele\u0219","alternateName":"MP","url":"https:\/\/thewebdevpoint.com\/ro\/","logo":{"@type":"ImageObject","inLanguage":"fr-FR","@id":"https:\/\/thewebdevpoint.com\/ro\/#\/schema\/logo\/image\/","url":"https:\/\/thewebdevpoint.com\/wp-content\/uploads\/2024\/10\/Logo.svg","contentUrl":"https:\/\/thewebdevpoint.com\/wp-content\/uploads\/2024\/10\/Logo.svg","width":251,"height":48,"caption":"Muzeul Pele\u0219"},"image":{"@id":"https:\/\/thewebdevpoint.com\/ro\/#\/schema\/logo\/image\/"}}]}},"_links":{"self":[{"href":"https:\/\/thewebdevpoint.com\/fr\/wp-json\/wp\/v2\/eveniment\/8854","targetHints":{"allow":["GET"]}}],"collection":[{"href":"https:\/\/thewebdevpoint.com\/fr\/wp-json\/wp\/v2\/eveniment"}],"about":[{"href":"https:\/\/thewebdevpoint.com\/fr\/wp-json\/wp\/v2\/types\/eveniment"}],"version-history":[{"count":1,"href":"https:\/\/thewebdevpoint.com\/fr\/wp-json\/wp\/v2\/eveniment\/8854\/revisions"}],"predecessor-version":[{"id":16172,"href":"https:\/\/thewebdevpoint.com\/fr\/wp-json\/wp\/v2\/eveniment\/8854\/revisions\/16172"}],"wp:attachment":[{"href":"https:\/\/thewebdevpoint.com\/fr\/wp-json\/wp\/v2\/media?parent=8854"}],"wp:term":[{"taxonomy":"categorie-evenimente","embeddable":true,"href":"https:\/\/thewebdevpoint.com\/fr\/wp-json\/wp\/v2\/categorie-evenimente?post=8854"}],"curies":[{"name":"wp","href":"https:\/\/api.w.org\/{rel}","templated":true}]}}