{"id":8879,"date":"2024-10-08T11:59:14","date_gmt":"2024-10-08T11:59:14","guid":{"rendered":"https:\/\/pelestest.thepoint-agency.com\/expozitia-centenarul-incoronarii-de-la-alba-iulia\/"},"modified":"2024-12-19T09:46:19","modified_gmt":"2024-12-19T07:46:19","slug":"expozitia-centenarul-incoronarii-de-la-alba-iulia","status":"publish","type":"eveniment","link":"https:\/\/thewebdevpoint.com\/fr\/eveniment\/expozitia-centenarul-incoronarii-de-la-alba-iulia\/","title":{"rendered":"Exposition - Centenaire du Couronnement d&#039;Alba Iulia"},"content":{"rendered":"<p style=\"text-align: left;\">Le Mus\u00e9e national Pele\u0219 inaugurera l&#039;exposition \u00ab Le Centenaire du Couronnement \u00bb le samedi 15 octobre 2022. Alba Julia. 1922&quot;. L&#039;exposition marquant le 100e anniversaire du couronnement d&#039;Alba Iulia a \u00e9t\u00e9 r\u00e9alis\u00e9e en collaboration avec des institutions prestigieuses du pays, telles que le Mus\u00e9e national d&#039;histoire de Roumanie, le Mus\u00e9e militaire national \u00ab Roi Ferdinand Ier \u00bb, les Archives nationales de Roumanie, et avec le soutien de collectionneurs priv\u00e9s. Con\u00e7ues par le peintre Costin Petrescu, les pi\u00e8ces symboliques du Couronnement sont r\u00e9unies, pour la premi\u00e8re fois, dans le plus important projet d&#039;exposition d\u00e9di\u00e9 \u00e0 l&#039;\u00e9v\u00e9nement qui a consacr\u00e9 le r\u00eave s\u00e9culaire des Roumains.<br \/>\nLe Mus\u00e9e National d&#039;Histoire de Roumanie, partenaire principal dans l&#039;organisation de l&#039;exposition &quot;Le Centenaire du Couronnement&quot;. Alba Julia. 1922&quot;, g\u00e9n\u00e9reusement offert la couronne d&#039;or de la reine Maria, r\u00e9alis\u00e9e par la maison parisienne Falize, le sceptre du roi Ferdinand Ier, cr\u00e9\u00e9 par la Maison Ren\u00e9 Boivin, \u00e0 Paris, le menu du d\u00eener du 15 octobre 2022, \u00e0 Alba Iulia, et les pi\u00e8ces jubilaires \u00e9mises \u00e0 l&#039;occasion de l&#039;\u00e9v\u00e9nement et \u00e0 l&#039;occasion du cinqui\u00e8me anniversaire du Couronnement des premiers rois de la Grande Roumanie (1928\/29).<br \/>\nLa m\u00eame g\u00e9n\u00e9rosit\u00e9 a \u00e9t\u00e9 d\u00e9montr\u00e9e par le Mus\u00e9e Militaire National \u00ab Roi Ferdinand Ier \u00bb, qui a offert \u00e0 l&#039;exposition l&#039;uniforme d&#039;un g\u00e9n\u00e9ral de corps de cavalerie, ayant appartenu au roi Ferdinand Ier, et les manteaux des souverains Vlad IV et Bogdan II, \u00e9galement cr\u00e9\u00e9s selon le projet du peintre Costin Petrescu, pour le cort\u00e8ge historique qui a d\u00e9fil\u00e9 \u00e0 Bucarest le 16 octobre 1922.<br \/>\nLes Archives Nationales de Roumanie mettent \u00e0 disposition le Journal Quotidien de la Reine Maria, de 1922, les programmes des C\u00e9l\u00e9brations du Couronnement, ainsi que les \u00e9loges adress\u00e9s aux souverains de la Grande Roumanie.<br \/>\nL&#039;exposition sera accompagn\u00e9e de l&#039;album \u00ab Le Centenaire du Couronnement \u00bb. Alba Julia.1922\u201d. Coordonn\u00e9 par l&#039;historien Narcis Dorin Ion, directeur du Mus\u00e9e national Pele\u0219, qui est \u00e9galement co-auteur, l&#039;album comprend 360 pages et contient des \u00e9tudes exhaustives sur ce moment d\u00e9terminant pour l&#039;histoire des Roumains, r\u00e9alis\u00e9es par des personnalit\u00e9s du monde universitaire et mus\u00e9al : Ioan Aurel Pop, pr\u00e9sident de l&#039;Acad\u00e9mie roumaine, R\u0103zvan Theodorescu, vice-pr\u00e9sident de l&#039;Acad\u00e9mie roumaine, Nicolae St. Noica, directeur de la Biblioth\u00e8que de l&#039;Acad\u00e9mie roumaine, Ioan<br \/>\nOpri\u0219, Ion Giurc\u0103, Archimandrite Policarp Chi\u021bulescu, Ernest Oberl\u00e4nder-T\u00e2rnoveanu, directeur g\u00e9n\u00e9ral du Mus\u00e9e national d&#039;histoire de Roumanie,<br \/>\nCornel Ilie, directeur adjoint du Mus\u00e9e national d&#039;histoire de Roumanie, Carmen T\u0103n\u0103soiu, Mircea-Alexandru Hortopan, Corina Dumitrache.<\/p>\n<p><strong>L&#039;exposition &quot;Centenaire du Couronnement&quot;. L&#039;exposition Alba Iulia.1922&quot; peut \u00eatre visit\u00e9e gratuitement, du mercredi au dimanche, comme suit :\u00a0<\/strong><\/p>\n<p><strong>MERCREDI : 10h00 \u2013 15h30 <\/strong>(derni\u00e8re entr\u00e9e)<\/p>\n<p><strong>JEUDI \u2013 DIMANCHE : 9h15 \u2013 15h30 <\/strong>(derni\u00e8re entr\u00e9e)<\/p>\n<p>&nbsp;<\/p>","protected":false},"featured_media":0,"template":"","meta":{"_acf_changed":false},"categorie-evenimente":[353],"class_list":["post-8879","eveniment","type-eveniment","status-publish","hentry","categorie-evenimente-arhiva"],"acf":[],"yoast_head":"<!-- This site is optimized with the Yoast SEO plugin v24.1 - https:\/\/yoast.com\/wordpress\/plugins\/seo\/ -->\n<title>Expozi\u021bia - Centenarul \u00cencoron\u0103rii de la Alba Iulia &#183; Peles Test<\/title>\n<meta name=\"robots\" content=\"noindex, follow, max-snippet:-1, max-image-preview:large, max-video-preview:-1\" \/>\n<script type=\"application\/ld+json\" class=\"yoast-schema-graph\">{\"@context\":\"https:\/\/schema.org\",\"@graph\":[{\"@type\":\"WebPage\",\"@id\":\"https:\/\/thewebdevpoint.com\/eveniment\/expozitia-centenarul-incoronarii-de-la-alba-iulia\/\",\"url\":\"https:\/\/thewebdevpoint.com\/eveniment\/expozitia-centenarul-incoronarii-de-la-alba-iulia\/\",\"name\":\"Expozi\u021bia - Centenarul \u00cencoron\u0103rii de la Alba Iulia &#183; Peles Test\",\"isPartOf\":{\"@id\":\"https:\/\/thewebdevpoint.com\/ro\/#website\"},\"datePublished\":\"2024-10-08T11:59:14+00:00\",\"dateModified\":\"2024-12-19T07:46:19+00:00\",\"breadcrumb\":{\"@id\":\"https:\/\/thewebdevpoint.com\/eveniment\/expozitia-centenarul-incoronarii-de-la-alba-iulia\/#breadcrumb\"},\"inLanguage\":\"fr-FR\",\"potentialAction\":[{\"@type\":\"ReadAction\",\"target\":[\"https:\/\/thewebdevpoint.com\/eveniment\/expozitia-centenarul-incoronarii-de-la-alba-iulia\/\"]}]},{\"@type\":\"BreadcrumbList\",\"@id\":\"https:\/\/thewebdevpoint.com\/eveniment\/expozitia-centenarul-incoronarii-de-la-alba-iulia\/#breadcrumb\",\"itemListElement\":[{\"@type\":\"ListItem\",\"position\":1,\"name\":\"Acas\u0103\",\"item\":\"https:\/\/thewebdevpoint.com\/\"},{\"@type\":\"ListItem\",\"position\":2,\"name\":\"Evenimente\",\"item\":\"https:\/\/thewebdevpoint.com\/ro\/evenimente\/\"},{\"@type\":\"ListItem\",\"position\":3,\"name\":\"Expozi\u021bia &#8211; Centenarul \u00cencoron\u0103rii de la Alba Iulia\"}]},{\"@type\":\"WebSite\",\"@id\":\"https:\/\/thewebdevpoint.com\/ro\/#website\",\"url\":\"https:\/\/thewebdevpoint.com\/ro\/\",\"name\":\"Peles Test\",\"description\":\"\",\"publisher\":{\"@id\":\"https:\/\/thewebdevpoint.com\/ro\/#organization\"},\"potentialAction\":[{\"@type\":\"SearchAction\",\"target\":{\"@type\":\"EntryPoint\",\"urlTemplate\":\"https:\/\/thewebdevpoint.com\/ro\/?s={search_term_string}\"},\"query-input\":{\"@type\":\"PropertyValueSpecification\",\"valueRequired\":true,\"valueName\":\"search_term_string\"}}],\"inLanguage\":\"fr-FR\"},{\"@type\":\"Organization\",\"@id\":\"https:\/\/thewebdevpoint.com\/ro\/#organization\",\"name\":\"Muzeul Pele\u0219\",\"alternateName\":\"MP\",\"url\":\"https:\/\/thewebdevpoint.com\/ro\/\",\"logo\":{\"@type\":\"ImageObject\",\"inLanguage\":\"fr-FR\",\"@id\":\"https:\/\/thewebdevpoint.com\/ro\/#\/schema\/logo\/image\/\",\"url\":\"https:\/\/thewebdevpoint.com\/wp-content\/uploads\/2024\/10\/Logo.svg\",\"contentUrl\":\"https:\/\/thewebdevpoint.com\/wp-content\/uploads\/2024\/10\/Logo.svg\",\"width\":251,\"height\":48,\"caption\":\"Muzeul Pele\u0219\"},\"image\":{\"@id\":\"https:\/\/thewebdevpoint.com\/ro\/#\/schema\/logo\/image\/\"}}]}<\/script>\n<!-- \/ Yoast SEO plugin. -->","yoast_head_json":{"title":"Expozi\u021bia - Centenarul \u00cencoron\u0103rii de la Alba Iulia &#183; Peles Test","robots":{"index":"noindex","follow":"follow","max-snippet":"max-snippet:-1","max-image-preview":"max-image-preview:large","max-video-preview":"max-video-preview:-1"},"schema":{"@context":"https:\/\/schema.org","@graph":[{"@type":"WebPage","@id":"https:\/\/thewebdevpoint.com\/eveniment\/expozitia-centenarul-incoronarii-de-la-alba-iulia\/","url":"https:\/\/thewebdevpoint.com\/eveniment\/expozitia-centenarul-incoronarii-de-la-alba-iulia\/","name":"Expozi\u021bia - Centenarul \u00cencoron\u0103rii de la Alba Iulia &#183; Peles Test","isPartOf":{"@id":"https:\/\/thewebdevpoint.com\/ro\/#website"},"datePublished":"2024-10-08T11:59:14+00:00","dateModified":"2024-12-19T07:46:19+00:00","breadcrumb":{"@id":"https:\/\/thewebdevpoint.com\/eveniment\/expozitia-centenarul-incoronarii-de-la-alba-iulia\/#breadcrumb"},"inLanguage":"fr-FR","potentialAction":[{"@type":"ReadAction","target":["https:\/\/thewebdevpoint.com\/eveniment\/expozitia-centenarul-incoronarii-de-la-alba-iulia\/"]}]},{"@type":"BreadcrumbList","@id":"https:\/\/thewebdevpoint.com\/eveniment\/expozitia-centenarul-incoronarii-de-la-alba-iulia\/#breadcrumb","itemListElement":[{"@type":"ListItem","position":1,"name":"Acas\u0103","item":"https:\/\/thewebdevpoint.com\/"},{"@type":"ListItem","position":2,"name":"Evenimente","item":"https:\/\/thewebdevpoint.com\/ro\/evenimente\/"},{"@type":"ListItem","position":3,"name":"Expozi\u021bia &#8211; Centenarul \u00cencoron\u0103rii de la Alba Iulia"}]},{"@type":"WebSite","@id":"https:\/\/thewebdevpoint.com\/ro\/#website","url":"https:\/\/thewebdevpoint.com\/ro\/","name":"Peles Test","description":"","publisher":{"@id":"https:\/\/thewebdevpoint.com\/ro\/#organization"},"potentialAction":[{"@type":"SearchAction","target":{"@type":"EntryPoint","urlTemplate":"https:\/\/thewebdevpoint.com\/ro\/?s={search_term_string}"},"query-input":{"@type":"PropertyValueSpecification","valueRequired":true,"valueName":"search_term_string"}}],"inLanguage":"fr-FR"},{"@type":"Organization","@id":"https:\/\/thewebdevpoint.com\/ro\/#organization","name":"Muzeul Pele\u0219","alternateName":"MP","url":"https:\/\/thewebdevpoint.com\/ro\/","logo":{"@type":"ImageObject","inLanguage":"fr-FR","@id":"https:\/\/thewebdevpoint.com\/ro\/#\/schema\/logo\/image\/","url":"https:\/\/thewebdevpoint.com\/wp-content\/uploads\/2024\/10\/Logo.svg","contentUrl":"https:\/\/thewebdevpoint.com\/wp-content\/uploads\/2024\/10\/Logo.svg","width":251,"height":48,"caption":"Muzeul Pele\u0219"},"image":{"@id":"https:\/\/thewebdevpoint.com\/ro\/#\/schema\/logo\/image\/"}}]}},"_links":{"self":[{"href":"https:\/\/thewebdevpoint.com\/fr\/wp-json\/wp\/v2\/eveniment\/8879","targetHints":{"allow":["GET"]}}],"collection":[{"href":"https:\/\/thewebdevpoint.com\/fr\/wp-json\/wp\/v2\/eveniment"}],"about":[{"href":"https:\/\/thewebdevpoint.com\/fr\/wp-json\/wp\/v2\/types\/eveniment"}],"version-history":[{"count":1,"href":"https:\/\/thewebdevpoint.com\/fr\/wp-json\/wp\/v2\/eveniment\/8879\/revisions"}],"predecessor-version":[{"id":16706,"href":"https:\/\/thewebdevpoint.com\/fr\/wp-json\/wp\/v2\/eveniment\/8879\/revisions\/16706"}],"wp:attachment":[{"href":"https:\/\/thewebdevpoint.com\/fr\/wp-json\/wp\/v2\/media?parent=8879"}],"wp:term":[{"taxonomy":"categorie-evenimente","embeddable":true,"href":"https:\/\/thewebdevpoint.com\/fr\/wp-json\/wp\/v2\/categorie-evenimente?post=8879"}],"curies":[{"name":"wp","href":"https:\/\/api.w.org\/{rel}","templated":true}]}}