{"id":8883,"date":"2024-10-08T11:59:14","date_gmt":"2024-10-08T11:59:14","guid":{"rendered":"https:\/\/pelestest.thepoint-agency.com\/expozitie-de-icoana-vitrata-elvis-birsan\/"},"modified":"2024-12-19T09:46:02","modified_gmt":"2024-12-19T07:46:02","slug":"expozitie-de-icoana-vitrata-elvis-birsan","status":"publish","type":"eveniment","link":"https:\/\/thewebdevpoint.com\/fr\/eveniment\/expozitie-de-icoana-vitrata-elvis-birsan\/","title":{"rendered":"Exposition d\u2019ic\u00f4nes du vitrail \u2013 Elvis B\u00eersan"},"content":{"rendered":"<p>Le samedi 17 d\u00e9cembre 2022, \u00e0 13h00, le Mus\u00e9e national de Pele\u0219 ouvrira, dans la salle d&#039;honneur du ch\u00e2teau de Peli\u0219or, l&#039;exposition d&#039;ic\u00f4nes en vitrail de l&#039;artiste Elvis B\u00eersan.<br \/>\nElvis B\u00eersan est n\u00e9 le 12 mai 1966 dans la ville de Craiova. Il a \u00e9tudi\u00e9 \u00e0 la Facult\u00e9 d&#039;ing\u00e9nierie a\u00e9rospatiale, IPB Bucarest.<br \/>\nLa passion pour la lumi\u00e8re, pour la vibration de la lumi\u00e8re, et les \u00e9tudes techniques se sont r\u00e9unies pour tenter de d\u00e9couvrir ce qui arrive \u00e0 la lumi\u00e8re du lever du soleil lorsqu&#039;elle p\u00e9n\u00e8tre \u00e0 travers le verre color\u00e9.<br \/>\nC&#039;est la d\u00e9finition tr\u00e8s technique d&#039;un vitrail. Si cet ensemble technique est habill\u00e9 des v\u00eatements de la foi orthodoxe, on obtient une ic\u00f4ne, une ic\u00f4ne en vitrail. L&#039;artiste a \u00e9tudi\u00e9 le vitrail, sous toutes ses formes, pendant 25 ans. Et, tombant amoureux de l\u2019\u00e9nergie propre de la lumi\u00e8re filtr\u00e9e, il a continu\u00e9 sa tentative de cr\u00e9er des ic\u00f4nes en vitrail.<br \/>\nLa solution finale est apparue lorsqu\u2019il a compris que toute activit\u00e9 artistique doit \u00eatre rev\u00eatue de foi.<\/p>","protected":false},"featured_media":0,"template":"","meta":{"_acf_changed":false},"categorie-evenimente":[353],"class_list":["post-8883","eveniment","type-eveniment","status-publish","hentry","categorie-evenimente-arhiva"],"acf":[],"yoast_head":"<!-- This site is optimized with the Yoast SEO plugin v24.1 - https:\/\/yoast.com\/wordpress\/plugins\/seo\/ -->\n<title>Expozi\u021bie de icoan\u0103 vitrat\u0103 - Elvis B\u00eersan &#183; Peles Test<\/title>\n<meta name=\"robots\" content=\"noindex, follow, max-snippet:-1, max-image-preview:large, max-video-preview:-1\" \/>\n<script type=\"application\/ld+json\" class=\"yoast-schema-graph\">{\"@context\":\"https:\/\/schema.org\",\"@graph\":[{\"@type\":\"WebPage\",\"@id\":\"https:\/\/thewebdevpoint.com\/eveniment\/expozitie-de-icoana-vitrata-elvis-birsan\/\",\"url\":\"https:\/\/thewebdevpoint.com\/eveniment\/expozitie-de-icoana-vitrata-elvis-birsan\/\",\"name\":\"Expozi\u021bie de icoan\u0103 vitrat\u0103 - Elvis B\u00eersan &#183; Peles Test\",\"isPartOf\":{\"@id\":\"https:\/\/thewebdevpoint.com\/ro\/#website\"},\"datePublished\":\"2024-10-08T11:59:14+00:00\",\"dateModified\":\"2024-12-19T07:46:02+00:00\",\"breadcrumb\":{\"@id\":\"https:\/\/thewebdevpoint.com\/eveniment\/expozitie-de-icoana-vitrata-elvis-birsan\/#breadcrumb\"},\"inLanguage\":\"fr-FR\",\"potentialAction\":[{\"@type\":\"ReadAction\",\"target\":[\"https:\/\/thewebdevpoint.com\/eveniment\/expozitie-de-icoana-vitrata-elvis-birsan\/\"]}]},{\"@type\":\"BreadcrumbList\",\"@id\":\"https:\/\/thewebdevpoint.com\/eveniment\/expozitie-de-icoana-vitrata-elvis-birsan\/#breadcrumb\",\"itemListElement\":[{\"@type\":\"ListItem\",\"position\":1,\"name\":\"Acas\u0103\",\"item\":\"https:\/\/thewebdevpoint.com\/\"},{\"@type\":\"ListItem\",\"position\":2,\"name\":\"Evenimente\",\"item\":\"https:\/\/thewebdevpoint.com\/ro\/evenimente\/\"},{\"@type\":\"ListItem\",\"position\":3,\"name\":\"Expozi\u021bie de icoan\u0103 vitrat\u0103 &#8211; Elvis B\u00eersan\"}]},{\"@type\":\"WebSite\",\"@id\":\"https:\/\/thewebdevpoint.com\/ro\/#website\",\"url\":\"https:\/\/thewebdevpoint.com\/ro\/\",\"name\":\"Peles Test\",\"description\":\"\",\"publisher\":{\"@id\":\"https:\/\/thewebdevpoint.com\/ro\/#organization\"},\"potentialAction\":[{\"@type\":\"SearchAction\",\"target\":{\"@type\":\"EntryPoint\",\"urlTemplate\":\"https:\/\/thewebdevpoint.com\/ro\/?s={search_term_string}\"},\"query-input\":{\"@type\":\"PropertyValueSpecification\",\"valueRequired\":true,\"valueName\":\"search_term_string\"}}],\"inLanguage\":\"fr-FR\"},{\"@type\":\"Organization\",\"@id\":\"https:\/\/thewebdevpoint.com\/ro\/#organization\",\"name\":\"Muzeul Pele\u0219\",\"alternateName\":\"MP\",\"url\":\"https:\/\/thewebdevpoint.com\/ro\/\",\"logo\":{\"@type\":\"ImageObject\",\"inLanguage\":\"fr-FR\",\"@id\":\"https:\/\/thewebdevpoint.com\/ro\/#\/schema\/logo\/image\/\",\"url\":\"https:\/\/thewebdevpoint.com\/wp-content\/uploads\/2024\/10\/Logo.svg\",\"contentUrl\":\"https:\/\/thewebdevpoint.com\/wp-content\/uploads\/2024\/10\/Logo.svg\",\"width\":251,\"height\":48,\"caption\":\"Muzeul Pele\u0219\"},\"image\":{\"@id\":\"https:\/\/thewebdevpoint.com\/ro\/#\/schema\/logo\/image\/\"}}]}<\/script>\n<!-- \/ Yoast SEO plugin. -->","yoast_head_json":{"title":"Expozi\u021bie de icoan\u0103 vitrat\u0103 - Elvis B\u00eersan &#183; Peles Test","robots":{"index":"noindex","follow":"follow","max-snippet":"max-snippet:-1","max-image-preview":"max-image-preview:large","max-video-preview":"max-video-preview:-1"},"schema":{"@context":"https:\/\/schema.org","@graph":[{"@type":"WebPage","@id":"https:\/\/thewebdevpoint.com\/eveniment\/expozitie-de-icoana-vitrata-elvis-birsan\/","url":"https:\/\/thewebdevpoint.com\/eveniment\/expozitie-de-icoana-vitrata-elvis-birsan\/","name":"Expozi\u021bie de icoan\u0103 vitrat\u0103 - Elvis B\u00eersan &#183; Peles Test","isPartOf":{"@id":"https:\/\/thewebdevpoint.com\/ro\/#website"},"datePublished":"2024-10-08T11:59:14+00:00","dateModified":"2024-12-19T07:46:02+00:00","breadcrumb":{"@id":"https:\/\/thewebdevpoint.com\/eveniment\/expozitie-de-icoana-vitrata-elvis-birsan\/#breadcrumb"},"inLanguage":"fr-FR","potentialAction":[{"@type":"ReadAction","target":["https:\/\/thewebdevpoint.com\/eveniment\/expozitie-de-icoana-vitrata-elvis-birsan\/"]}]},{"@type":"BreadcrumbList","@id":"https:\/\/thewebdevpoint.com\/eveniment\/expozitie-de-icoana-vitrata-elvis-birsan\/#breadcrumb","itemListElement":[{"@type":"ListItem","position":1,"name":"Acas\u0103","item":"https:\/\/thewebdevpoint.com\/"},{"@type":"ListItem","position":2,"name":"Evenimente","item":"https:\/\/thewebdevpoint.com\/ro\/evenimente\/"},{"@type":"ListItem","position":3,"name":"Expozi\u021bie de icoan\u0103 vitrat\u0103 &#8211; Elvis B\u00eersan"}]},{"@type":"WebSite","@id":"https:\/\/thewebdevpoint.com\/ro\/#website","url":"https:\/\/thewebdevpoint.com\/ro\/","name":"Peles Test","description":"","publisher":{"@id":"https:\/\/thewebdevpoint.com\/ro\/#organization"},"potentialAction":[{"@type":"SearchAction","target":{"@type":"EntryPoint","urlTemplate":"https:\/\/thewebdevpoint.com\/ro\/?s={search_term_string}"},"query-input":{"@type":"PropertyValueSpecification","valueRequired":true,"valueName":"search_term_string"}}],"inLanguage":"fr-FR"},{"@type":"Organization","@id":"https:\/\/thewebdevpoint.com\/ro\/#organization","name":"Muzeul Pele\u0219","alternateName":"MP","url":"https:\/\/thewebdevpoint.com\/ro\/","logo":{"@type":"ImageObject","inLanguage":"fr-FR","@id":"https:\/\/thewebdevpoint.com\/ro\/#\/schema\/logo\/image\/","url":"https:\/\/thewebdevpoint.com\/wp-content\/uploads\/2024\/10\/Logo.svg","contentUrl":"https:\/\/thewebdevpoint.com\/wp-content\/uploads\/2024\/10\/Logo.svg","width":251,"height":48,"caption":"Muzeul Pele\u0219"},"image":{"@id":"https:\/\/thewebdevpoint.com\/ro\/#\/schema\/logo\/image\/"}}]}},"_links":{"self":[{"href":"https:\/\/thewebdevpoint.com\/fr\/wp-json\/wp\/v2\/eveniment\/8883","targetHints":{"allow":["GET"]}}],"collection":[{"href":"https:\/\/thewebdevpoint.com\/fr\/wp-json\/wp\/v2\/eveniment"}],"about":[{"href":"https:\/\/thewebdevpoint.com\/fr\/wp-json\/wp\/v2\/types\/eveniment"}],"version-history":[{"count":1,"href":"https:\/\/thewebdevpoint.com\/fr\/wp-json\/wp\/v2\/eveniment\/8883\/revisions"}],"predecessor-version":[{"id":16757,"href":"https:\/\/thewebdevpoint.com\/fr\/wp-json\/wp\/v2\/eveniment\/8883\/revisions\/16757"}],"wp:attachment":[{"href":"https:\/\/thewebdevpoint.com\/fr\/wp-json\/wp\/v2\/media?parent=8883"}],"wp:term":[{"taxonomy":"categorie-evenimente","embeddable":true,"href":"https:\/\/thewebdevpoint.com\/fr\/wp-json\/wp\/v2\/categorie-evenimente?post=8883"}],"curies":[{"name":"wp","href":"https:\/\/api.w.org\/{rel}","templated":true}]}}