{"id":8892,"date":"2024-10-08T11:59:15","date_gmt":"2024-10-08T11:59:15","guid":{"rendered":"https:\/\/pelestest.thepoint-agency.com\/expozitia-mihai-i-un-secol-de-istorie\/"},"modified":"2024-12-19T09:45:37","modified_gmt":"2024-12-19T07:45:37","slug":"expozitia-mihai-i-un-secol-de-istorie","status":"publish","type":"eveniment","link":"https:\/\/thewebdevpoint.com\/fr\/eveniment\/expozitia-mihai-i-un-secol-de-istorie\/","title":{"rendered":"Exposition &quot;Mihai I - un si\u00e8cle d&#039;histoire&quot;"},"content":{"rendered":"<p>Le Mus\u00e9e militaire national \u00ab Roi Ferdinand Ier \u00bb, en collaboration avec le Mus\u00e9e national de Pele\u0219, a le plaisir d&#039;annoncer l&#039;ouverture de l&#039;exposition \u00ab Mihai Ier - un si\u00e8cle d&#039;histoire \u00bb, le mercredi 10 mai 2023, \u00e0 14h00, dans la salle d&#039;honneur du ch\u00e2teau de Peli\u0219or.<br \/>\nL&#039;organisation de l&#039;exposition marque la Journ\u00e9e de la royaut\u00e9 et s&#039;inscrit dans le cadre de la c\u00e9l\u00e9bration du centenaire du Mus\u00e9e militaire national \u00ab Roi Ferdinand Ier \u00bb, soulignant le lien particulier du roi Michel Ier avec l&#039;arm\u00e9e roumaine, mais aussi avec l&#039;un des lieux de son enfance, le ch\u00e2teau de Pele\u0219.<br \/>\nLe public pourra admirer des images, des objets personnels du souverain, ainsi que des objets datant du r\u00e8gne du roi Michel Ier, situ\u00e9s dans le patrimoine du Mus\u00e9e Militaire National \u00ab Roi Ferdinand Ier \u00bb, qui abrite certaines des collections les plus anciennes et les plus d\u00e9velopp\u00e9es de photographies, documents, uniformes, armes, harnachements et pi\u00e8ces d&#039;harnachement, ordres et m\u00e9dailles, et sculptures. L&#039;exposition b\u00e9n\u00e9ficie \u00e9galement de la collaboration du collectionneur Daniel Cosmin Obreja.<br \/>\nL&#039;exposition \u00ab Mihai I - un si\u00e8cle d&#039;histoire \u00bb sera ouverte au public du 10 mai au 31 octobre 2023 et pourra \u00eatre visit\u00e9e gratuitement, du mercredi au dimanche, comme suit :<br \/>\nMercredi : 10h00 \u2013 15h30 (derni\u00e8re entr\u00e9e)<br \/>\nJeudi \u2013 dimanche : 09h15 \u2013 15h30 (derni\u00e8re entr\u00e9e).<\/p>","protected":false},"featured_media":0,"template":"","meta":{"_acf_changed":false},"categorie-evenimente":[353],"class_list":["post-8892","eveniment","type-eveniment","status-publish","hentry","categorie-evenimente-arhiva"],"acf":[],"yoast_head":"<!-- This site is optimized with the Yoast SEO plugin v24.1 - https:\/\/yoast.com\/wordpress\/plugins\/seo\/ -->\n<title>Expozi\u021bia \u201eMihai I - un secol de istorie\u201d &#183; Peles Test<\/title>\n<meta name=\"robots\" content=\"noindex, follow, max-snippet:-1, max-image-preview:large, max-video-preview:-1\" \/>\n<script type=\"application\/ld+json\" class=\"yoast-schema-graph\">{\"@context\":\"https:\/\/schema.org\",\"@graph\":[{\"@type\":\"WebPage\",\"@id\":\"https:\/\/thewebdevpoint.com\/eveniment\/expozitia-mihai-i-un-secol-de-istorie\/\",\"url\":\"https:\/\/thewebdevpoint.com\/eveniment\/expozitia-mihai-i-un-secol-de-istorie\/\",\"name\":\"Expozi\u021bia \u201eMihai I - un secol de istorie\u201d &#183; Peles Test\",\"isPartOf\":{\"@id\":\"https:\/\/thewebdevpoint.com\/ro\/#website\"},\"datePublished\":\"2024-10-08T11:59:15+00:00\",\"dateModified\":\"2024-12-19T07:45:37+00:00\",\"breadcrumb\":{\"@id\":\"https:\/\/thewebdevpoint.com\/eveniment\/expozitia-mihai-i-un-secol-de-istorie\/#breadcrumb\"},\"inLanguage\":\"fr-FR\",\"potentialAction\":[{\"@type\":\"ReadAction\",\"target\":[\"https:\/\/thewebdevpoint.com\/eveniment\/expozitia-mihai-i-un-secol-de-istorie\/\"]}]},{\"@type\":\"BreadcrumbList\",\"@id\":\"https:\/\/thewebdevpoint.com\/eveniment\/expozitia-mihai-i-un-secol-de-istorie\/#breadcrumb\",\"itemListElement\":[{\"@type\":\"ListItem\",\"position\":1,\"name\":\"Acas\u0103\",\"item\":\"https:\/\/thewebdevpoint.com\/\"},{\"@type\":\"ListItem\",\"position\":2,\"name\":\"Evenimente\",\"item\":\"https:\/\/thewebdevpoint.com\/ro\/evenimente\/\"},{\"@type\":\"ListItem\",\"position\":3,\"name\":\"Expozi\u021bia \u201eMihai I &#8211; un secol de istorie\u201d\"}]},{\"@type\":\"WebSite\",\"@id\":\"https:\/\/thewebdevpoint.com\/ro\/#website\",\"url\":\"https:\/\/thewebdevpoint.com\/ro\/\",\"name\":\"Peles Test\",\"description\":\"\",\"publisher\":{\"@id\":\"https:\/\/thewebdevpoint.com\/ro\/#organization\"},\"potentialAction\":[{\"@type\":\"SearchAction\",\"target\":{\"@type\":\"EntryPoint\",\"urlTemplate\":\"https:\/\/thewebdevpoint.com\/ro\/?s={search_term_string}\"},\"query-input\":{\"@type\":\"PropertyValueSpecification\",\"valueRequired\":true,\"valueName\":\"search_term_string\"}}],\"inLanguage\":\"fr-FR\"},{\"@type\":\"Organization\",\"@id\":\"https:\/\/thewebdevpoint.com\/ro\/#organization\",\"name\":\"Muzeul Pele\u0219\",\"alternateName\":\"MP\",\"url\":\"https:\/\/thewebdevpoint.com\/ro\/\",\"logo\":{\"@type\":\"ImageObject\",\"inLanguage\":\"fr-FR\",\"@id\":\"https:\/\/thewebdevpoint.com\/ro\/#\/schema\/logo\/image\/\",\"url\":\"https:\/\/thewebdevpoint.com\/wp-content\/uploads\/2024\/10\/Logo.svg\",\"contentUrl\":\"https:\/\/thewebdevpoint.com\/wp-content\/uploads\/2024\/10\/Logo.svg\",\"width\":251,\"height\":48,\"caption\":\"Muzeul Pele\u0219\"},\"image\":{\"@id\":\"https:\/\/thewebdevpoint.com\/ro\/#\/schema\/logo\/image\/\"}}]}<\/script>\n<!-- \/ Yoast SEO plugin. -->","yoast_head_json":{"title":"Expozi\u021bia \u201eMihai I - un secol de istorie\u201d &#183; Peles Test","robots":{"index":"noindex","follow":"follow","max-snippet":"max-snippet:-1","max-image-preview":"max-image-preview:large","max-video-preview":"max-video-preview:-1"},"schema":{"@context":"https:\/\/schema.org","@graph":[{"@type":"WebPage","@id":"https:\/\/thewebdevpoint.com\/eveniment\/expozitia-mihai-i-un-secol-de-istorie\/","url":"https:\/\/thewebdevpoint.com\/eveniment\/expozitia-mihai-i-un-secol-de-istorie\/","name":"Expozi\u021bia \u201eMihai I - un secol de istorie\u201d &#183; Peles Test","isPartOf":{"@id":"https:\/\/thewebdevpoint.com\/ro\/#website"},"datePublished":"2024-10-08T11:59:15+00:00","dateModified":"2024-12-19T07:45:37+00:00","breadcrumb":{"@id":"https:\/\/thewebdevpoint.com\/eveniment\/expozitia-mihai-i-un-secol-de-istorie\/#breadcrumb"},"inLanguage":"fr-FR","potentialAction":[{"@type":"ReadAction","target":["https:\/\/thewebdevpoint.com\/eveniment\/expozitia-mihai-i-un-secol-de-istorie\/"]}]},{"@type":"BreadcrumbList","@id":"https:\/\/thewebdevpoint.com\/eveniment\/expozitia-mihai-i-un-secol-de-istorie\/#breadcrumb","itemListElement":[{"@type":"ListItem","position":1,"name":"Acas\u0103","item":"https:\/\/thewebdevpoint.com\/"},{"@type":"ListItem","position":2,"name":"Evenimente","item":"https:\/\/thewebdevpoint.com\/ro\/evenimente\/"},{"@type":"ListItem","position":3,"name":"Expozi\u021bia \u201eMihai I &#8211; un secol de istorie\u201d"}]},{"@type":"WebSite","@id":"https:\/\/thewebdevpoint.com\/ro\/#website","url":"https:\/\/thewebdevpoint.com\/ro\/","name":"Peles Test","description":"","publisher":{"@id":"https:\/\/thewebdevpoint.com\/ro\/#organization"},"potentialAction":[{"@type":"SearchAction","target":{"@type":"EntryPoint","urlTemplate":"https:\/\/thewebdevpoint.com\/ro\/?s={search_term_string}"},"query-input":{"@type":"PropertyValueSpecification","valueRequired":true,"valueName":"search_term_string"}}],"inLanguage":"fr-FR"},{"@type":"Organization","@id":"https:\/\/thewebdevpoint.com\/ro\/#organization","name":"Muzeul Pele\u0219","alternateName":"MP","url":"https:\/\/thewebdevpoint.com\/ro\/","logo":{"@type":"ImageObject","inLanguage":"fr-FR","@id":"https:\/\/thewebdevpoint.com\/ro\/#\/schema\/logo\/image\/","url":"https:\/\/thewebdevpoint.com\/wp-content\/uploads\/2024\/10\/Logo.svg","contentUrl":"https:\/\/thewebdevpoint.com\/wp-content\/uploads\/2024\/10\/Logo.svg","width":251,"height":48,"caption":"Muzeul Pele\u0219"},"image":{"@id":"https:\/\/thewebdevpoint.com\/ro\/#\/schema\/logo\/image\/"}}]}},"_links":{"self":[{"href":"https:\/\/thewebdevpoint.com\/fr\/wp-json\/wp\/v2\/eveniment\/8892","targetHints":{"allow":["GET"]}}],"collection":[{"href":"https:\/\/thewebdevpoint.com\/fr\/wp-json\/wp\/v2\/eveniment"}],"about":[{"href":"https:\/\/thewebdevpoint.com\/fr\/wp-json\/wp\/v2\/types\/eveniment"}],"version-history":[{"count":1,"href":"https:\/\/thewebdevpoint.com\/fr\/wp-json\/wp\/v2\/eveniment\/8892\/revisions"}],"predecessor-version":[{"id":16704,"href":"https:\/\/thewebdevpoint.com\/fr\/wp-json\/wp\/v2\/eveniment\/8892\/revisions\/16704"}],"wp:attachment":[{"href":"https:\/\/thewebdevpoint.com\/fr\/wp-json\/wp\/v2\/media?parent=8892"}],"wp:term":[{"taxonomy":"categorie-evenimente","embeddable":true,"href":"https:\/\/thewebdevpoint.com\/fr\/wp-json\/wp\/v2\/categorie-evenimente?post=8892"}],"curies":[{"name":"wp","href":"https:\/\/api.w.org\/{rel}","templated":true}]}}