{"id":8986,"date":"2024-05-11T11:59:16","date_gmt":"2024-05-11T08:59:16","guid":{"rendered":"https:\/\/pelestest.thepoint-agency.com\/expozitia-temporara-regalitatea-si-marea\/"},"modified":"2024-12-19T13:53:39","modified_gmt":"2024-12-19T11:53:39","slug":"expozitia-temporara-regalitatea-si-marea","status":"publish","type":"eveniment","link":"https:\/\/thewebdevpoint.com\/fr\/eveniment\/expozitia-temporara-regalitatea-si-marea\/","title":{"rendered":"exposition temporaire &quot;Le Royaume et la Mer&quot;"},"content":{"rendered":"<p>Le Mus\u00e9e national Pele\u0219 et la Soci\u00e9t\u00e9 de la pomme de terre \u00ab Stella Maris \u00bb de Constan\u021ba annoncent l&#039;ouverture de l&#039;exposition \u00ab La royaut\u00e9 et la mer \u00bb, qui aura lieu le samedi 11 mai 2024, \u00e0 12h00, dans la salle d&#039;honneur du ch\u00e2teau de Peli\u0219or.<br \/>\nL&#039;\u00e9v\u00e9nement c\u00e9l\u00e8bre \u00e0 la fois la Journ\u00e9e de la royaut\u00e9 et le lien sp\u00e9cial entre la Maison royale et la mer.<br \/>\n\u00ab La royaut\u00e9 et la mer : un titre invitant pour un livre, dont l&#039;auteur est l&#039;inoubliable Doina P\u0103uleanu, prestigieuse historienne de l&#039;art des rives du Pont-Euxin, qui s&#039;est identifi\u00e9e \u00e0 l&#039;histoire du lieu o\u00f9 elle a v\u00e9cu les ann\u00e9es les plus fructueuses de sa vie et qu&#039;elle a d\u00e9crite dans des ouvrages savants devenus une bibliographie obligatoire dans le domaine. L&#039;album-livre qui portait le sous-titre Dobrogea. 1878-1914, rigoureusement document\u00e9 et publi\u00e9 dans d&#039;excellentes conditions graphiques en 2015, \u00e9voque l&#039;histoire de cette province int\u00e9gr\u00e9e \u00e0 l&#039;Ancien Empire apr\u00e8s la guerre d&#039;Ind\u00e9pendance victorieuse, montrant pr\u00e9cis\u00e9ment la contribution essentielle de la monarchie roumaine au d\u00e9veloppement de ces terres sous le r\u00e8gne du roi Carol Ier.<br \/>\nFran\u00e7ais La royaut\u00e9 et la mer : le titre d&#039;une exposition tr\u00e8s int\u00e9ressante, inaugur\u00e9e au Mus\u00e9e national Pele\u0219, dans la salle d&#039;honneur du ch\u00e2teau de Peli\u0219or, le 11 mai 2024. Voil\u00e0 donc les solides fondements historiques qui ont d\u00e9termin\u00e9 un groupe de collectionneurs passionn\u00e9s, r\u00e9unis au sein de l&#039;Association &quot;Stella Maris&quot; - qui porte symboliquement le nom de la chapelle que la reine Maria a fait construire \u00e0 Balchik et dans laquelle elle a voulu reposer son c\u0153ur -, \u00e0 organiser au ch\u00e2teau de Peli\u0219or \u00e0 Sinaia, une autre &quot;maison de r\u00eave&quot; ch\u00e8re \u00e0 la souveraine, la maison dans laquelle elle a v\u00e9cu presque toute sa vie, une exposition qui pr\u00e9senterait au public national et international des t\u00e9moignages de ce lien particulier entre le monde de la mer et la famille royale roumaine&quot; - dr. Narcis Dorin Ion, directeur g\u00e9n\u00e9ral du Mus\u00e9e national Pele\u0219.<br \/>\nFran\u00e7ais Le projet d&#039;exposition a \u00e9t\u00e9 lanc\u00e9 par certains membres de l&#039;Association Stella Maris \u2013 Gabriel Octavian Nicolae, Doru Ghizd\u0103vescu, George Barcaru, Zetu Harrys, \u0218tefan Constantinescu, Emanuel Erena, Eduard Chirilov et \u0218erban Dr\u0103gu\u0219anu \u2013 avec le d\u00e9sir d&#039;offrir aux amateurs d&#039;histoire et d&#039;art la possibilit\u00e9 d&#039;admirer des objets du patrimoine des collections personnelles, qui sont regroup\u00e9s dans certains des th\u00e8mes les plus divers et int\u00e9ressants : la Dobrogea royale, l&#039;Arm\u00e9e royale \u00e0 Constan\u021ba, les mots royaux dans les pages du magazine \u00ab Marea Noastr\u0103 \u00bb, la Mamaia royale, les souvenirs de la Roumanie royale, Constan\u021ba du pass\u00e9, le \u00ab Nid tranquille \u00bb de la reine Maria de la Balchik ou la guerre d&#039;ind\u00e9pendance dans la presse de l&#039;\u00e9poque.<br \/>\nLors de l&#039;ouverture, le deuxi\u00e8me num\u00e9ro du magazine \u00ab Stella Maris \u00bb sera \u00e9galement lanc\u00e9.<br \/>\nL&#039;exposition \u00ab La R\u00e8galit\u00e9 et la Mer \u00bb sera ouverte au public du 11 mai au 9 juin 2024 et pourra \u00eatre visit\u00e9e gratuitement, du mercredi au dimanche, comme suit :<br \/>\nMercredi : 10h00 \u2013 16h00 (derni\u00e8re entr\u00e9e)<br \/>\nJeudi \u2013 dimanche : 09h15 \u2013 16h00 (derni\u00e8re entr\u00e9e).<\/p>","protected":false},"featured_media":13787,"template":"","meta":{"_acf_changed":false},"categorie-evenimente":[332],"class_list":["post-8986","eveniment","type-eveniment","status-publish","has-post-thumbnail","hentry","categorie-evenimente-expozitii-temporare"],"acf":[],"yoast_head":"<!-- This site is optimized with the Yoast SEO plugin v24.1 - https:\/\/yoast.com\/wordpress\/plugins\/seo\/ -->\n<title>expozi\u021bia temporar\u0103 ,,Regalitatea \u0219i Marea\u201d &#183; Peles Test<\/title>\n<meta name=\"robots\" content=\"noindex, follow, max-snippet:-1, max-image-preview:large, max-video-preview:-1\" \/>\n<script type=\"application\/ld+json\" class=\"yoast-schema-graph\">{\"@context\":\"https:\/\/schema.org\",\"@graph\":[{\"@type\":\"WebPage\",\"@id\":\"https:\/\/thewebdevpoint.com\/eveniment\/expozitia-temporara-regalitatea-si-marea\/\",\"url\":\"https:\/\/thewebdevpoint.com\/eveniment\/expozitia-temporara-regalitatea-si-marea\/\",\"name\":\"expozi\u021bia temporar\u0103 ,,Regalitatea \u0219i Marea\u201d &#183; Peles Test\",\"isPartOf\":{\"@id\":\"https:\/\/thewebdevpoint.com\/ro\/#website\"},\"primaryImageOfPage\":{\"@id\":\"https:\/\/thewebdevpoint.com\/eveniment\/expozitia-temporara-regalitatea-si-marea\/#primaryimage\"},\"image\":{\"@id\":\"https:\/\/thewebdevpoint.com\/eveniment\/expozitia-temporara-regalitatea-si-marea\/#primaryimage\"},\"thumbnailUrl\":\"https:\/\/thewebdevpoint.com\/wp-content\/uploads\/2024\/05\/438128275_834653812027579_878402041938807868_n.jpg\",\"datePublished\":\"2024-05-11T08:59:16+00:00\",\"dateModified\":\"2024-12-19T11:53:39+00:00\",\"breadcrumb\":{\"@id\":\"https:\/\/thewebdevpoint.com\/eveniment\/expozitia-temporara-regalitatea-si-marea\/#breadcrumb\"},\"inLanguage\":\"fr-FR\",\"potentialAction\":[{\"@type\":\"ReadAction\",\"target\":[\"https:\/\/thewebdevpoint.com\/eveniment\/expozitia-temporara-regalitatea-si-marea\/\"]}]},{\"@type\":\"ImageObject\",\"inLanguage\":\"fr-FR\",\"@id\":\"https:\/\/thewebdevpoint.com\/eveniment\/expozitia-temporara-regalitatea-si-marea\/#primaryimage\",\"url\":\"https:\/\/thewebdevpoint.com\/wp-content\/uploads\/2024\/05\/438128275_834653812027579_878402041938807868_n.jpg\",\"contentUrl\":\"https:\/\/thewebdevpoint.com\/wp-content\/uploads\/2024\/05\/438128275_834653812027579_878402041938807868_n.jpg\",\"width\":1482,\"height\":2048},{\"@type\":\"BreadcrumbList\",\"@id\":\"https:\/\/thewebdevpoint.com\/eveniment\/expozitia-temporara-regalitatea-si-marea\/#breadcrumb\",\"itemListElement\":[{\"@type\":\"ListItem\",\"position\":1,\"name\":\"Acas\u0103\",\"item\":\"https:\/\/thewebdevpoint.com\/\"},{\"@type\":\"ListItem\",\"position\":2,\"name\":\"Evenimente\",\"item\":\"https:\/\/thewebdevpoint.com\/ro\/evenimente\/\"},{\"@type\":\"ListItem\",\"position\":3,\"name\":\"expozi\u021bia temporar\u0103 ,,Regalitatea \u0219i Marea\u201d\"}]},{\"@type\":\"WebSite\",\"@id\":\"https:\/\/thewebdevpoint.com\/ro\/#website\",\"url\":\"https:\/\/thewebdevpoint.com\/ro\/\",\"name\":\"Peles Test\",\"description\":\"\",\"publisher\":{\"@id\":\"https:\/\/thewebdevpoint.com\/ro\/#organization\"},\"potentialAction\":[{\"@type\":\"SearchAction\",\"target\":{\"@type\":\"EntryPoint\",\"urlTemplate\":\"https:\/\/thewebdevpoint.com\/ro\/?s={search_term_string}\"},\"query-input\":{\"@type\":\"PropertyValueSpecification\",\"valueRequired\":true,\"valueName\":\"search_term_string\"}}],\"inLanguage\":\"fr-FR\"},{\"@type\":\"Organization\",\"@id\":\"https:\/\/thewebdevpoint.com\/ro\/#organization\",\"name\":\"Muzeul Pele\u0219\",\"alternateName\":\"MP\",\"url\":\"https:\/\/thewebdevpoint.com\/ro\/\",\"logo\":{\"@type\":\"ImageObject\",\"inLanguage\":\"fr-FR\",\"@id\":\"https:\/\/thewebdevpoint.com\/ro\/#\/schema\/logo\/image\/\",\"url\":\"https:\/\/thewebdevpoint.com\/wp-content\/uploads\/2024\/10\/Logo.svg\",\"contentUrl\":\"https:\/\/thewebdevpoint.com\/wp-content\/uploads\/2024\/10\/Logo.svg\",\"width\":251,\"height\":48,\"caption\":\"Muzeul Pele\u0219\"},\"image\":{\"@id\":\"https:\/\/thewebdevpoint.com\/ro\/#\/schema\/logo\/image\/\"}}]}<\/script>\n<!-- \/ Yoast SEO plugin. -->","yoast_head_json":{"title":"expozi\u021bia temporar\u0103 ,,Regalitatea \u0219i Marea\u201d &#183; Peles Test","robots":{"index":"noindex","follow":"follow","max-snippet":"max-snippet:-1","max-image-preview":"max-image-preview:large","max-video-preview":"max-video-preview:-1"},"schema":{"@context":"https:\/\/schema.org","@graph":[{"@type":"WebPage","@id":"https:\/\/thewebdevpoint.com\/eveniment\/expozitia-temporara-regalitatea-si-marea\/","url":"https:\/\/thewebdevpoint.com\/eveniment\/expozitia-temporara-regalitatea-si-marea\/","name":"expozi\u021bia temporar\u0103 ,,Regalitatea \u0219i Marea\u201d &#183; Peles Test","isPartOf":{"@id":"https:\/\/thewebdevpoint.com\/ro\/#website"},"primaryImageOfPage":{"@id":"https:\/\/thewebdevpoint.com\/eveniment\/expozitia-temporara-regalitatea-si-marea\/#primaryimage"},"image":{"@id":"https:\/\/thewebdevpoint.com\/eveniment\/expozitia-temporara-regalitatea-si-marea\/#primaryimage"},"thumbnailUrl":"https:\/\/thewebdevpoint.com\/wp-content\/uploads\/2024\/05\/438128275_834653812027579_878402041938807868_n.jpg","datePublished":"2024-05-11T08:59:16+00:00","dateModified":"2024-12-19T11:53:39+00:00","breadcrumb":{"@id":"https:\/\/thewebdevpoint.com\/eveniment\/expozitia-temporara-regalitatea-si-marea\/#breadcrumb"},"inLanguage":"fr-FR","potentialAction":[{"@type":"ReadAction","target":["https:\/\/thewebdevpoint.com\/eveniment\/expozitia-temporara-regalitatea-si-marea\/"]}]},{"@type":"ImageObject","inLanguage":"fr-FR","@id":"https:\/\/thewebdevpoint.com\/eveniment\/expozitia-temporara-regalitatea-si-marea\/#primaryimage","url":"https:\/\/thewebdevpoint.com\/wp-content\/uploads\/2024\/05\/438128275_834653812027579_878402041938807868_n.jpg","contentUrl":"https:\/\/thewebdevpoint.com\/wp-content\/uploads\/2024\/05\/438128275_834653812027579_878402041938807868_n.jpg","width":1482,"height":2048},{"@type":"BreadcrumbList","@id":"https:\/\/thewebdevpoint.com\/eveniment\/expozitia-temporara-regalitatea-si-marea\/#breadcrumb","itemListElement":[{"@type":"ListItem","position":1,"name":"Acas\u0103","item":"https:\/\/thewebdevpoint.com\/"},{"@type":"ListItem","position":2,"name":"Evenimente","item":"https:\/\/thewebdevpoint.com\/ro\/evenimente\/"},{"@type":"ListItem","position":3,"name":"expozi\u021bia temporar\u0103 ,,Regalitatea \u0219i Marea\u201d"}]},{"@type":"WebSite","@id":"https:\/\/thewebdevpoint.com\/ro\/#website","url":"https:\/\/thewebdevpoint.com\/ro\/","name":"Peles Test","description":"","publisher":{"@id":"https:\/\/thewebdevpoint.com\/ro\/#organization"},"potentialAction":[{"@type":"SearchAction","target":{"@type":"EntryPoint","urlTemplate":"https:\/\/thewebdevpoint.com\/ro\/?s={search_term_string}"},"query-input":{"@type":"PropertyValueSpecification","valueRequired":true,"valueName":"search_term_string"}}],"inLanguage":"fr-FR"},{"@type":"Organization","@id":"https:\/\/thewebdevpoint.com\/ro\/#organization","name":"Muzeul Pele\u0219","alternateName":"MP","url":"https:\/\/thewebdevpoint.com\/ro\/","logo":{"@type":"ImageObject","inLanguage":"fr-FR","@id":"https:\/\/thewebdevpoint.com\/ro\/#\/schema\/logo\/image\/","url":"https:\/\/thewebdevpoint.com\/wp-content\/uploads\/2024\/10\/Logo.svg","contentUrl":"https:\/\/thewebdevpoint.com\/wp-content\/uploads\/2024\/10\/Logo.svg","width":251,"height":48,"caption":"Muzeul Pele\u0219"},"image":{"@id":"https:\/\/thewebdevpoint.com\/ro\/#\/schema\/logo\/image\/"}}]}},"_links":{"self":[{"href":"https:\/\/thewebdevpoint.com\/fr\/wp-json\/wp\/v2\/eveniment\/8986","targetHints":{"allow":["GET"]}}],"collection":[{"href":"https:\/\/thewebdevpoint.com\/fr\/wp-json\/wp\/v2\/eveniment"}],"about":[{"href":"https:\/\/thewebdevpoint.com\/fr\/wp-json\/wp\/v2\/types\/eveniment"}],"version-history":[{"count":2,"href":"https:\/\/thewebdevpoint.com\/fr\/wp-json\/wp\/v2\/eveniment\/8986\/revisions"}],"predecessor-version":[{"id":16952,"href":"https:\/\/thewebdevpoint.com\/fr\/wp-json\/wp\/v2\/eveniment\/8986\/revisions\/16952"}],"wp:featuredmedia":[{"embeddable":true,"href":"https:\/\/thewebdevpoint.com\/fr\/wp-json\/wp\/v2\/media\/13787"}],"wp:attachment":[{"href":"https:\/\/thewebdevpoint.com\/fr\/wp-json\/wp\/v2\/media?parent=8986"}],"wp:term":[{"taxonomy":"categorie-evenimente","embeddable":true,"href":"https:\/\/thewebdevpoint.com\/fr\/wp-json\/wp\/v2\/categorie-evenimente?post=8986"}],"curies":[{"name":"wp","href":"https:\/\/api.w.org\/{rel}","templated":true}]}}