{"id":8997,"date":"2024-08-09T12:30:17","date_gmt":"2024-08-09T09:30:17","guid":{"rendered":"https:\/\/pelestest.thepoint-agency.com\/expozitia-frumusetile-epocii-meiji-in-arta-ukiyo-e\/"},"modified":"2024-12-19T13:52:26","modified_gmt":"2024-12-19T11:52:26","slug":"expozitia-frumusetile-epocii-meiji-in-arta-ukiyo-e","status":"publish","type":"eveniment","link":"https:\/\/thewebdevpoint.com\/fr\/eveniment\/expozitia-frumusetile-epocii-meiji-in-arta-ukiyo-e\/","title":{"rendered":"Exposition \u00ab Les beaut\u00e9s de l&#039;\u00e8re Meiji dans l&#039;art Ukiyo-E \u00bb"},"content":{"rendered":"<p class=\"s4\"><span class=\"s2\"><span class=\"bumpedFont15\">exposition <\/span><\/span><span class=\"s2\"><span class=\"bumpedFont15\">,,<\/span><\/span><span class=\"s2\"><span class=\"bumpedFont15\">Les beaut\u00e9s de l&#039;\u00e8re Meiji dans l&#039;art Ukiyo-E<\/span><\/span><span class=\"s3\"><span class=\"bumpedFont15\">&quot;<br \/>\n<\/span><\/span>Collection George \u0218erban<\/p>\n<p class=\"s4\"><span class=\"s2\"><span class=\"bumpedFont15\">Mus\u00e9e national de Pele\u0219, ch\u00e2teau de Peli\u0219or<\/span><\/span><span class=\"s2\"><span class=\"bumpedFont15\">, <\/span><\/span><span class=\"s2\"><span class=\"bumpedFont15\">rail<br \/>\n<\/span><\/span>Vernissage : 9 ao\u00fbt 2024, 12h30<\/p>\n<p class=\"s4\"><span class=\"s2\"><span class=\"bumpedFont15\">Conservateur : Dr. Alexandru Constantin Chitu\u021b\u0103<br \/>\n<\/span><\/span>Invit\u00e9 : Laura Caraman<\/p>\n<p class=\"s4\"><span class=\"s2\"><span class=\"bumpedFont15\">Exposition organis\u00e9e par le Mus\u00e9e national Pele\u0219, Mus\u00e9e national B<\/span><\/span><span class=\"s2\"><span class=\"bumpedFont15\">R<\/span><\/span><span class=\"s2\"><span class=\"bumpedFont15\">ukenthal avec le soutien de \u0218erban \u0219i Asocia\u021bii, une soci\u00e9t\u00e9 de droit civil en partenariat avec l&#039;ambassade du Japon en Roumanie.<\/span><\/span><\/p>\n<p class=\"s4\"><span class=\"s2\"><span class=\"bumpedFont15\">Le mot ukiyo exprimait \u00e0 l&#039;origine l&#039;id\u00e9e bouddhiste de la nature \u00e9ph\u00e9m\u00e8re de la vie. Cette notion plut\u00f4t pessimiste a \u00e9t\u00e9 renvers\u00e9e au cours de la p\u00e9riode.<\/span><\/span><span class=\"s2\"><span class=\"bumpedFont15\"> Edo. Le caract\u00e8re qui signifie <\/span><\/span><span class=\"s3\"><span class=\"bumpedFont15\">flotter<\/span><\/span><span class=\"s2\"><span class=\"bumpedFont15\"> a \u00e9t\u00e9 remplac\u00e9 par l&#039;homonyme qui signifie<\/span><\/span><span class=\"s2\"><span class=\"bumpedFont15\">Euh <\/span><\/span><span class=\"s3\"><span class=\"bumpedFont15\">\u00e9vanescent<\/span><\/span><span class=\"s2\"><span class=\"bumpedFont15\"> pour exprimer une attitude de <\/span><\/span><span class=\"s3\"><span class=\"bumpedFont15\">joie de vivre<\/span><\/span><span class=\"s2\"><span class=\"bumpedFont15\">Cette culture a<\/span><\/span><span class=\"s2\"><span class=\"bumpedFont15\">homme honn\u00eate qui glorifie la vie dans <\/span><\/span><span class=\"s3\"><span class=\"bumpedFont15\">monde flottant<\/span><\/span><span class=\"s2\"><span class=\"bumpedFont15\"> L&#039;art de l&#039;ukiyo-e s&#039;est particuli\u00e8rement bien exprim\u00e9 dans la production d&#039;estampes sur bois, qui ont permis \u00e0 quiconque disposant d&#039;un peu d&#039;argent de r\u00e9aliser des images captivantes de courtisanes s\u00e9duisantes, d&#039;acteurs de kabuki captivants et de c\u00e9l\u00e8bres paysages romantiques. Pour la premi\u00e8re fois, les artistes ont \u00e9t\u00e9 inspir\u00e9s et ont r\u00e9pondu aux int\u00e9r\u00eats et aux pr\u00e9f\u00e9rences du grand public. L&#039;ukiyo-e repr\u00e9sente la phase finale de la longue \u00e9volution de la peinture de genre japonaise. S&#039;appuyant sur des d\u00e9veloppements ant\u00e9rieurs ax\u00e9s sur les figures humaines, les peintres d&#039;ukiyo-e se sont concentr\u00e9s sur des activit\u00e9s agr\u00e9ables dans des paysages repr\u00e9sent\u00e9s de pr\u00e8s, avec une attention particuli\u00e8re au commerce et \u00e0 la mode contemporains. Alors que les artistes choisissaient des sujets de plus en plus li\u00e9s aux plaisirs de la vie urbaine, leur int\u00e9r\u00eat s&#039;est port\u00e9 vers les activit\u00e9s int\u00e9rieures. Les sujets les plus populaires pour la peinture au d\u00e9but du XVIIe si\u00e8cle \u00e9taient des sc\u00e8nes de festivit\u00e9s dans des maisons de plaisance, en particulier dans le c\u00e9l\u00e8bre quartier de Yoshiwara \u00e0 Edo. <\/span><\/span><\/p>\n<p class=\"s4\"><span class=\"s2\"><span class=\"bumpedFont15\">L&#039;\u00e9poque d&#039;Edo (1603-1868) prend fin avec la d\u00e9mission du dernier shogun, Yoshinobu Tokugawa, en 1868. L&#039;empereur Mutsuhito, plus tard connu sous le nom de Meiji, alors \u00e2g\u00e9 de 16 ans, reprend alors la direction politique du Japon, apr\u00e8s une longue p\u00e9riode o\u00f9 il joua un r\u00f4le secondaire, plus honorifique et religieux. L&#039;empereur Meiji transf\u00e8re sa r\u00e9sidence permanente de Kyoto \u00e0 Edo. <\/span><\/span><span class=\"s2\"><span class=\"bumpedFont15\">qui a \u00e9t\u00e9 rebaptis\u00e9e Tokyo. <\/span><\/span><span class=\"s2\"><span class=\"bumpedFont15\">Les r\u00e9formes politiques et sociales de l\u2019\u00e8re Meiji ont <\/span><\/span><span class=\"s2\"><span class=\"bumpedFont15\">\u00e9taient radicaux et ont <\/span><\/span><span class=\"s2\"><span class=\"bumpedFont15\">de<\/span><\/span><span class=\"s2\"><span class=\"bumpedFont15\">viens vite un <\/span><\/span><span class=\"s2\"><span class=\"bumpedFont15\">vrai<\/span><\/span><span class=\"s2\"><span class=\"bumpedFont15\"> r\u00e9volution, \u00eatre<\/span><\/span><span class=\"s2\"><span class=\"bumpedFont15\">La Constitution Meiji est introduite. <\/span><\/span><span class=\"s2\"><span class=\"bumpedFont15\">IMPA<\/span><\/span><span class=\"s2\"><span class=\"bumpedFont15\">le rat a \u00e9t\u00e9 d\u00e9clar\u00e9 sacr\u00e9 et inviolable<\/span><\/span><span class=\"s2\"><span class=\"bumpedFont15\">\u00c0 <\/span><\/span><span class=\"s2\"><span class=\"bumpedFont15\">FIN<\/span><\/span><span class=\"s2\"><span class=\"bumpedFont15\">19e si\u00e8cle, les signes <\/span><\/span><span class=\"s2\"><span class=\"bumpedFont15\">modernisation<\/span><\/span><span class=\"s2\"><span class=\"bumpedFont15\"> Japon, <\/span><\/span><span class=\"s2\"><span class=\"bumpedFont15\">apr\u00e8s<\/span><\/span><span class=\"s2\"><span class=\"bumpedFont15\"> Les mod\u00e8les occidentaux \u00e9taient visibles partout, tels que : la formation d&#039;une arm\u00e9e nationale, l&#039;industrialisation, les transports et les communications (apparaissent <\/span><\/span><span class=\"s2\"><span class=\"bumpedFont15\">S<\/span><\/span><span class=\"s2\"><span class=\"bumpedFont15\"> chemins de fer, tramways), lignes t\u00e9l\u00e9graphiques, \u00e9clairage public des usines et <\/span><\/span><span class=\"s2\"><span class=\"bumpedFont15\">b\u00e2timents<\/span><\/span><span class=\"s2\"><span class=\"bumpedFont15\"> public, et la plupart des Japonais ont leur <\/span><\/span><a name=\"_GoBack\"><\/a><span class=\"s2\"><span class=\"bumpedFont15\">ont chang\u00e9 de tenue, passant du kimono traditionnel \u00e0 l&#039;occidentale. Pour les artistes et \u00e9diteurs d&#039;ukiyo-e de cette p\u00e9riode<\/span><\/span><span class=\"s2\"><span class=\"bumpedFont15\">Euh<\/span><\/span><span class=\"s2\"><span class=\"bumpedFont15\">, la transition du pays leur a permis de<\/span><\/span><span class=\"s2\"><span class=\"bumpedFont15\">Euh<\/span><\/span><span class=\"s2\"><span class=\"bumpedFont15\"> utiliser les nouvelles couleurs fabriqu\u00e9es \u00e0 partir de <\/span><\/span><span class=\"s2\"><span class=\"bumpedFont15\">colorants<\/span><\/span><span class=\"s2\"><span class=\"bumpedFont15\"> d&#039;aniline<\/span><\/span><span class=\"s2\"><span class=\"bumpedFont15\">Euh<\/span><\/span> <span class=\"s2\"><span class=\"bumpedFont15\">ET<\/span><\/span><span class=\"s2\"><span class=\"bumpedFont15\">et <\/span><\/span><span class=\"s2\"><span class=\"bumpedFont15\">pigments<\/span><\/span><span class=\"s2\"><span class=\"bumpedFont15\"> qui \u00e9taient <\/span><\/span><span class=\"s2\"><span class=\"bumpedFont15\">important<\/span><\/span><span class=\"s2\"><span class=\"bumpedFont15\">d&#039;Allemagne <\/span><\/span><span class=\"s2\"><span class=\"bumpedFont15\">ET<\/span><\/span><span class=\"s2\"><span class=\"bumpedFont15\">et d&#039;autres <\/span><\/span><span class=\"s2\"><span class=\"bumpedFont15\">ton<\/span><\/span><span class=\"s2\"><span class=\"bumpedFont15\">pays <\/span><\/span><span class=\"s2\"><span class=\"bumpedFont15\">ET<\/span><\/span><span class=\"s2\"><span class=\"bumpedFont15\">et cr\u00e9a de nouveaux genres de gravures sur bois. Les images d&#039;extraterrestres \u00e9tranges et de leurs prouesses techniques devinrent populaires, <\/span><\/span><span class=\"s2\"><span class=\"bumpedFont15\">ET<\/span><\/span><span class=\"s2\"><span class=\"bumpedFont15\">Des gravures ont \u00e9t\u00e9 r\u00e9alis\u00e9es montrant les transformations de la nouvelle \u00e8re : de nouveaux b\u00e2timents en pierre spectaculaires, des machines \u00e0 vapeur, des locomotives, des ponts en acier et des tramways dans les rues de Tokyo. <\/span><\/span><\/p>\n<p class=\"s5\"><span class=\"s2\"><span class=\"bumpedFont15\">L&#039;empereur Meiji et sa famille commenc\u00e8rent \u00e0 \u00eatre repr\u00e9sent\u00e9s (y compris \u00e0 des fins de propagande) par des artistes japonais dans diverses poses officielles et familiales. Ils \u00e9taient d\u00e9sormais v\u00eatus de costumes occidentaux et photographi\u00e9s participant \u00e0 diverses activit\u00e9s officielles, expositions ou se relaxant dans la nature, accompagn\u00e9s de leur entourage f\u00e9minin.<\/span><\/span><\/p>\n<p class=\"s6\"><span class=\"s2\"><span class=\"bumpedFont15\">L&#039;exposition apporte au public<\/span><\/span><span class=\"s2\"><span class=\"bumpedFont15\"> les artistes japonais les plus importants qui ont v\u00e9cu \u00e0 l&#039;\u00e8re Meiji et qui ont r\u00e9alis\u00e9 des estampes japonaises<\/span><\/span><span class=\"s2\"><span class=\"bumpedFont15\">est avec de belles femmes, des courtisanes et <\/span><\/span><span class=\"s2\"><span class=\"bumpedFont15\">geisha<\/span><\/span><span class=\"s2\"><span class=\"bumpedFont15\">: <\/span><\/span><span class=\"s2\"><span class=\"bumpedFont15\">Toyohara KUNICHIKA (1835-1900), Utagawa KUNISADA III (1848-1920), Toyohara CHIKANOBU (1838-1912), Tsukioka YOSHITOSHI (1839-1892), Adachi GINKO (actif 1874-1902), Ogata GEKKO (1859-1920), Mizuno TOSHIKATA (1866-1908), Utagawa TOYONOBU (1859-1886), Utagawa YOSHIIKU (1833-1904), Utagawa YOSHITAKI (1841-1899), Goyo Hashiguchi (1888-1921), Watanabe NOBUKAZU (1872-1944) et autres.<\/span><\/span><\/p>","protected":false},"featured_media":13812,"template":"","meta":{"_acf_changed":false},"categorie-evenimente":[332],"class_list":["post-8997","eveniment","type-eveniment","status-publish","has-post-thumbnail","hentry","categorie-evenimente-expozitii-temporare"],"acf":[],"yoast_head":"<!-- This site is optimized with the Yoast SEO plugin v24.1 - https:\/\/yoast.com\/wordpress\/plugins\/seo\/ -->\n<title>Expozi\u021bia ,,Frumuse\u021bile Epocii Meiji \u00een arta Ukiyo-E\u201d &#183; Peles Test<\/title>\n<meta name=\"robots\" content=\"noindex, follow, max-snippet:-1, max-image-preview:large, max-video-preview:-1\" \/>\n<script type=\"application\/ld+json\" class=\"yoast-schema-graph\">{\"@context\":\"https:\/\/schema.org\",\"@graph\":[{\"@type\":\"WebPage\",\"@id\":\"https:\/\/thewebdevpoint.com\/eveniment\/expozitia-frumusetile-epocii-meiji-in-arta-ukiyo-e\/\",\"url\":\"https:\/\/thewebdevpoint.com\/eveniment\/expozitia-frumusetile-epocii-meiji-in-arta-ukiyo-e\/\",\"name\":\"Expozi\u021bia ,,Frumuse\u021bile Epocii Meiji \u00een arta Ukiyo-E\u201d &#183; Peles Test\",\"isPartOf\":{\"@id\":\"https:\/\/thewebdevpoint.com\/ro\/#website\"},\"primaryImageOfPage\":{\"@id\":\"https:\/\/thewebdevpoint.com\/eveniment\/expozitia-frumusetile-epocii-meiji-in-arta-ukiyo-e\/#primaryimage\"},\"image\":{\"@id\":\"https:\/\/thewebdevpoint.com\/eveniment\/expozitia-frumusetile-epocii-meiji-in-arta-ukiyo-e\/#primaryimage\"},\"thumbnailUrl\":\"https:\/\/thewebdevpoint.com\/wp-content\/uploads\/2024\/08\/8c6b06e4-49f1-40a5-abd9-78348533c0c1.jpeg\",\"datePublished\":\"2024-08-09T09:30:17+00:00\",\"dateModified\":\"2024-12-19T11:52:26+00:00\",\"breadcrumb\":{\"@id\":\"https:\/\/thewebdevpoint.com\/eveniment\/expozitia-frumusetile-epocii-meiji-in-arta-ukiyo-e\/#breadcrumb\"},\"inLanguage\":\"fr-FR\",\"potentialAction\":[{\"@type\":\"ReadAction\",\"target\":[\"https:\/\/thewebdevpoint.com\/eveniment\/expozitia-frumusetile-epocii-meiji-in-arta-ukiyo-e\/\"]}]},{\"@type\":\"ImageObject\",\"inLanguage\":\"fr-FR\",\"@id\":\"https:\/\/thewebdevpoint.com\/eveniment\/expozitia-frumusetile-epocii-meiji-in-arta-ukiyo-e\/#primaryimage\",\"url\":\"https:\/\/thewebdevpoint.com\/wp-content\/uploads\/2024\/08\/8c6b06e4-49f1-40a5-abd9-78348533c0c1.jpeg\",\"contentUrl\":\"https:\/\/thewebdevpoint.com\/wp-content\/uploads\/2024\/08\/8c6b06e4-49f1-40a5-abd9-78348533c0c1.jpeg\",\"width\":1136,\"height\":1600},{\"@type\":\"BreadcrumbList\",\"@id\":\"https:\/\/thewebdevpoint.com\/eveniment\/expozitia-frumusetile-epocii-meiji-in-arta-ukiyo-e\/#breadcrumb\",\"itemListElement\":[{\"@type\":\"ListItem\",\"position\":1,\"name\":\"Acas\u0103\",\"item\":\"https:\/\/thewebdevpoint.com\/\"},{\"@type\":\"ListItem\",\"position\":2,\"name\":\"Evenimente\",\"item\":\"https:\/\/thewebdevpoint.com\/ro\/evenimente\/\"},{\"@type\":\"ListItem\",\"position\":3,\"name\":\"Expozi\u021bia ,,Frumuse\u021bile Epocii Meiji \u00een arta Ukiyo-E\u201d\"}]},{\"@type\":\"WebSite\",\"@id\":\"https:\/\/thewebdevpoint.com\/ro\/#website\",\"url\":\"https:\/\/thewebdevpoint.com\/ro\/\",\"name\":\"Peles Test\",\"description\":\"\",\"publisher\":{\"@id\":\"https:\/\/thewebdevpoint.com\/ro\/#organization\"},\"potentialAction\":[{\"@type\":\"SearchAction\",\"target\":{\"@type\":\"EntryPoint\",\"urlTemplate\":\"https:\/\/thewebdevpoint.com\/ro\/?s={search_term_string}\"},\"query-input\":{\"@type\":\"PropertyValueSpecification\",\"valueRequired\":true,\"valueName\":\"search_term_string\"}}],\"inLanguage\":\"fr-FR\"},{\"@type\":\"Organization\",\"@id\":\"https:\/\/thewebdevpoint.com\/ro\/#organization\",\"name\":\"Muzeul Pele\u0219\",\"alternateName\":\"MP\",\"url\":\"https:\/\/thewebdevpoint.com\/ro\/\",\"logo\":{\"@type\":\"ImageObject\",\"inLanguage\":\"fr-FR\",\"@id\":\"https:\/\/thewebdevpoint.com\/ro\/#\/schema\/logo\/image\/\",\"url\":\"https:\/\/thewebdevpoint.com\/wp-content\/uploads\/2024\/10\/Logo.svg\",\"contentUrl\":\"https:\/\/thewebdevpoint.com\/wp-content\/uploads\/2024\/10\/Logo.svg\",\"width\":251,\"height\":48,\"caption\":\"Muzeul Pele\u0219\"},\"image\":{\"@id\":\"https:\/\/thewebdevpoint.com\/ro\/#\/schema\/logo\/image\/\"}}]}<\/script>\n<!-- \/ Yoast SEO plugin. -->","yoast_head_json":{"title":"Expozi\u021bia ,,Frumuse\u021bile Epocii Meiji \u00een arta Ukiyo-E\u201d &#183; Peles Test","robots":{"index":"noindex","follow":"follow","max-snippet":"max-snippet:-1","max-image-preview":"max-image-preview:large","max-video-preview":"max-video-preview:-1"},"schema":{"@context":"https:\/\/schema.org","@graph":[{"@type":"WebPage","@id":"https:\/\/thewebdevpoint.com\/eveniment\/expozitia-frumusetile-epocii-meiji-in-arta-ukiyo-e\/","url":"https:\/\/thewebdevpoint.com\/eveniment\/expozitia-frumusetile-epocii-meiji-in-arta-ukiyo-e\/","name":"Expozi\u021bia ,,Frumuse\u021bile Epocii Meiji \u00een arta Ukiyo-E\u201d &#183; Peles Test","isPartOf":{"@id":"https:\/\/thewebdevpoint.com\/ro\/#website"},"primaryImageOfPage":{"@id":"https:\/\/thewebdevpoint.com\/eveniment\/expozitia-frumusetile-epocii-meiji-in-arta-ukiyo-e\/#primaryimage"},"image":{"@id":"https:\/\/thewebdevpoint.com\/eveniment\/expozitia-frumusetile-epocii-meiji-in-arta-ukiyo-e\/#primaryimage"},"thumbnailUrl":"https:\/\/thewebdevpoint.com\/wp-content\/uploads\/2024\/08\/8c6b06e4-49f1-40a5-abd9-78348533c0c1.jpeg","datePublished":"2024-08-09T09:30:17+00:00","dateModified":"2024-12-19T11:52:26+00:00","breadcrumb":{"@id":"https:\/\/thewebdevpoint.com\/eveniment\/expozitia-frumusetile-epocii-meiji-in-arta-ukiyo-e\/#breadcrumb"},"inLanguage":"fr-FR","potentialAction":[{"@type":"ReadAction","target":["https:\/\/thewebdevpoint.com\/eveniment\/expozitia-frumusetile-epocii-meiji-in-arta-ukiyo-e\/"]}]},{"@type":"ImageObject","inLanguage":"fr-FR","@id":"https:\/\/thewebdevpoint.com\/eveniment\/expozitia-frumusetile-epocii-meiji-in-arta-ukiyo-e\/#primaryimage","url":"https:\/\/thewebdevpoint.com\/wp-content\/uploads\/2024\/08\/8c6b06e4-49f1-40a5-abd9-78348533c0c1.jpeg","contentUrl":"https:\/\/thewebdevpoint.com\/wp-content\/uploads\/2024\/08\/8c6b06e4-49f1-40a5-abd9-78348533c0c1.jpeg","width":1136,"height":1600},{"@type":"BreadcrumbList","@id":"https:\/\/thewebdevpoint.com\/eveniment\/expozitia-frumusetile-epocii-meiji-in-arta-ukiyo-e\/#breadcrumb","itemListElement":[{"@type":"ListItem","position":1,"name":"Acas\u0103","item":"https:\/\/thewebdevpoint.com\/"},{"@type":"ListItem","position":2,"name":"Evenimente","item":"https:\/\/thewebdevpoint.com\/ro\/evenimente\/"},{"@type":"ListItem","position":3,"name":"Expozi\u021bia ,,Frumuse\u021bile Epocii Meiji \u00een arta Ukiyo-E\u201d"}]},{"@type":"WebSite","@id":"https:\/\/thewebdevpoint.com\/ro\/#website","url":"https:\/\/thewebdevpoint.com\/ro\/","name":"Peles Test","description":"","publisher":{"@id":"https:\/\/thewebdevpoint.com\/ro\/#organization"},"potentialAction":[{"@type":"SearchAction","target":{"@type":"EntryPoint","urlTemplate":"https:\/\/thewebdevpoint.com\/ro\/?s={search_term_string}"},"query-input":{"@type":"PropertyValueSpecification","valueRequired":true,"valueName":"search_term_string"}}],"inLanguage":"fr-FR"},{"@type":"Organization","@id":"https:\/\/thewebdevpoint.com\/ro\/#organization","name":"Muzeul Pele\u0219","alternateName":"MP","url":"https:\/\/thewebdevpoint.com\/ro\/","logo":{"@type":"ImageObject","inLanguage":"fr-FR","@id":"https:\/\/thewebdevpoint.com\/ro\/#\/schema\/logo\/image\/","url":"https:\/\/thewebdevpoint.com\/wp-content\/uploads\/2024\/10\/Logo.svg","contentUrl":"https:\/\/thewebdevpoint.com\/wp-content\/uploads\/2024\/10\/Logo.svg","width":251,"height":48,"caption":"Muzeul Pele\u0219"},"image":{"@id":"https:\/\/thewebdevpoint.com\/ro\/#\/schema\/logo\/image\/"}}]}},"_links":{"self":[{"href":"https:\/\/thewebdevpoint.com\/fr\/wp-json\/wp\/v2\/eveniment\/8997","targetHints":{"allow":["GET"]}}],"collection":[{"href":"https:\/\/thewebdevpoint.com\/fr\/wp-json\/wp\/v2\/eveniment"}],"about":[{"href":"https:\/\/thewebdevpoint.com\/fr\/wp-json\/wp\/v2\/types\/eveniment"}],"version-history":[{"count":2,"href":"https:\/\/thewebdevpoint.com\/fr\/wp-json\/wp\/v2\/eveniment\/8997\/revisions"}],"predecessor-version":[{"id":16947,"href":"https:\/\/thewebdevpoint.com\/fr\/wp-json\/wp\/v2\/eveniment\/8997\/revisions\/16947"}],"wp:featuredmedia":[{"embeddable":true,"href":"https:\/\/thewebdevpoint.com\/fr\/wp-json\/wp\/v2\/media\/13812"}],"wp:attachment":[{"href":"https:\/\/thewebdevpoint.com\/fr\/wp-json\/wp\/v2\/media?parent=8997"}],"wp:term":[{"taxonomy":"categorie-evenimente","embeddable":true,"href":"https:\/\/thewebdevpoint.com\/fr\/wp-json\/wp\/v2\/categorie-evenimente?post=8997"}],"curies":[{"name":"wp","href":"https:\/\/api.w.org\/{rel}","templated":true}]}}