{"id":8998,"date":"2024-09-03T11:59:17","date_gmt":"2024-09-03T08:59:17","guid":{"rendered":"https:\/\/pelestest.thepoint-agency.com\/expozitia-temporara-cu-titlul-carmen-sylva-dora-hitz-cuvant-si-imagine-carmen-sylva-dora-hitz-word-and-image\/"},"modified":"2024-12-19T13:52:15","modified_gmt":"2024-12-19T11:52:15","slug":"expozitia-temporara-cu-titlul-carmen-sylva-dora-hitz-cuvant-si-imagine-carmen-sylva-dora-hitz-word-and-image","status":"publish","type":"eveniment","link":"https:\/\/thewebdevpoint.com\/fr\/eveniment\/expozitia-temporara-cu-titlul-carmen-sylva-dora-hitz-cuvant-si-imagine-carmen-sylva-dora-hitz-word-and-image\/","title":{"rendered":"exposition temporaire intitul\u00e9e &quot;Carmen Sylva-Dora Hitz, parole et image&quot;"},"content":{"rendered":"<p>Le Mus\u00e9e national Pele\u0219 ouvrira l&#039;exposition temporaire le mardi 3 septembre 2024<br \/>\navec le titre, \u00ab Carmen Sylva-Dora Hitz, mot et image \/ Carmen Sylva \u2013 Dora Hitz,<br \/>\nmot et image \u00bb, qui explore la remarquable collaboration artistique entre l&#039;\u00e9crivain et<br \/>\nl&#039;artiste Carmen Sylva (1843-1916) et la peintre allemande Dora Hitz (1853-1924).<br \/>\nL&#039;exposition comm\u00e9more les 100 ans de la mort de Dora Hitz, dont le succ\u00e8s artistique a \u00e9t\u00e9<br \/>\nfacilit\u00e9e par les premi\u00e8res ann\u00e9es pass\u00e9es comme peintre \u00e0 la Cour Royale de Roumanie, sous le patronage de<br \/>\nLa reine \u00c9lisabeth, connue sous le pseudonyme de Carmen Sylva.<br \/>\nLa peintre Dora Hitz a connu un succ\u00e8s professionnel consid\u00e9rable en tant qu&#039;artiste<br \/>\nind\u00e9pendant. Il participa \u00e0 l&#039;activit\u00e9 des cercles d&#039;avant-garde \u00e0 Paris, Dresde et<br \/>\nBerlin et \u00e9tait appr\u00e9ci\u00e9e \u00e0 l&#039;\u00e9poque pour son exploration des langages visuels impressionnistes,<br \/>\nsymboliste et expressionniste. Son \u0153uvre a \u00e9t\u00e9 salu\u00e9e par la presse europ\u00e9enne.<br \/>\ninfluent, vendu par des marchands d&#039;art tels que Paul Cassirer et Fritz Gurlitt, et pr\u00e9sent\u00e9 dans<br \/>\nexpositions en Allemagne, en Italie, en France, en Grande-Bretagne, en Roumanie et aux \u00c9tats-Unis. Dora<br \/>\nHitz a \u00e9galement jou\u00e9 un r\u00f4le important dans la campagne pour les droits des femmes.<br \/>\n\u00e9ducation artistique : elle fonde sa propre \u00e9cole d&#039;art pour femmes \u00e0 Berlin en 1893,<br \/>\npremi\u00e8re pr\u00e9sidente du Frauenkunstverband en 1913 et r\u00e9ussit \u00e0 convaincre l&#039;Acad\u00e9mie des Arts<br \/>\nLes beaut\u00e9s berlinoises ont permis aux femmes de s&#039;inscrire \u00e0 partir de 1919.<br \/>\nIl semble que la premi\u00e8re rencontre de Dora Hitz avec Carmen Sylva ait eu lieu en 1876, \u00e0<br \/>\nexposition Allgemeine Kunst-und Kunstindustrie Ausstellung \u00e0 Munich, lorsque la reine,<br \/>\ncaptiv\u00e9 par l&#039;une des \u0153uvres de la jeune artiste, il l&#039;invite \u00e0 la Cour royale de Roumanie.<br \/>\nL&#039;imp\u00e9tuosit\u00e9 de cette proposition \u00e0 un peintre encore inconnu prouve<br \/>\nla personnalit\u00e9 de la reine et d\u00e9montre \u00e9galement sa profonde confiance dans les capacit\u00e9s artistiques de<br \/>\nfemmes \u00e0 une \u00e9poque o\u00f9 le talent f\u00e9minin \u00e9tait souvent minimis\u00e9. Dora Hitz semble avoir<br \/>\nest arriv\u00e9 \u00e0 Bucarest en 1878, apr\u00e8s la guerre d&#039;ind\u00e9pendance, et y est rest\u00e9 jusqu&#039;en 1882,<br \/>\npuis il revient en 1886-1887. Il continue de travailler avec Carmen Sylva au moins<br \/>\njusqu&#039;en 1890. En 1913, l&#039;artiste \u00e9crivait : \u00ab Je consid\u00e8re que la grande chance de ma vie a \u00e9t\u00e9 le fait<br \/>\nque j&#039;ai pu vivre en tant que jeune femme au pays de la reine Carmen Sylva, en profitant<br \/>\nsa protection sp\u00e9ciale.&quot;,<\/p>\n<p>Ses peintures ont donn\u00e9 une forme visuelle aux cr\u00e9ations litt\u00e9raires de la reine, de mani\u00e8re particuli\u00e8rement impressionnante<br \/>\ncristallisation \u00e9tant la s\u00e9rie de treize peintures pour le ch\u00e2teau de Pele\u0219, dont la plupart font partie<br \/>\nd\u00e9coration int\u00e9rieure de l&#039;ancien Music Hall. Quatre autres \u0153uvres de valeur, initialement situ\u00e9es \u00e0<br \/>\nSinaia, ont \u00e9t\u00e9 restaur\u00e9s et pr\u00eat\u00e9s au Mus\u00e9e national Pele\u0219 par le Mus\u00e9e<br \/>\nMus\u00e9e national d&#039;art de Roumanie, dont ils font partie du patrimoine.<br \/>\nL&#039;\u00e9v\u00e9nement, plac\u00e9 sous les auspices de la Famille Royale de Roumanie, est initi\u00e9 par :<br \/>\nDr Shona Kallestrup, Universit\u00e9 de St Andrews, et Dr Natalie Gutgesell, Association des<br \/>\nart Kunstverein Coburg, et se poursuivra avec un colloque international intitul\u00e9 Carmen<br \/>\nSylva, Dora Hitz et les r\u00e9seaux artistiques f\u00e9minins en Roumanie et en Allemagne.<\/p>\n<p>Partenaires institutionnels du Mus\u00e9e national Pele\u0219 dans l&#039;organisation<br \/>\ncette approche sont : le Mus\u00e9e national d&#039;art de Roumanie, l&#039;Institut Goethe,<br \/>\nAmbassade de la R\u00e9publique f\u00e9d\u00e9rale d&#039;Allemagne \u00e0 Bucarest, Ambassade de Roumanie \u00e0<br \/>\nBerlin et le Consulat g\u00e9n\u00e9ral de Roumanie \u00e0 Munich.<\/p>\n<h3>[stag_button url=\u201dhttps:\/\/hitz.openvirtualworlds.org\/pano_package\/webview.html\u201d style=\u201dblack\u201d size=\u201dsmall\u201d type=\u201dnormal\u201d target=\u201d_self\u201d icon=\u201d\u201d icon_order=\u201dbefore\u201d]VISITE VIRTUELLE[\/stag_button]<\/h3>","protected":false},"featured_media":13815,"template":"","meta":{"_acf_changed":false},"categorie-evenimente":[332],"class_list":["post-8998","eveniment","type-eveniment","status-publish","has-post-thumbnail","hentry","categorie-evenimente-expozitii-temporare"],"acf":[],"yoast_head":"<!-- This site is optimized with the Yoast SEO plugin v24.1 - https:\/\/yoast.com\/wordpress\/plugins\/seo\/ -->\n<title>expozi\u021bia temporar\u0103 cu titlul ,,Carmen Sylva-Dora Hitz, cuv\u00e2nt \u0219i imagine \/ Carmen Sylva \u2013 Dora Hitz, word and image\u201d &#183; Peles Test<\/title>\n<meta name=\"robots\" content=\"noindex, follow, max-snippet:-1, max-image-preview:large, max-video-preview:-1\" \/>\n<script type=\"application\/ld+json\" class=\"yoast-schema-graph\">{\"@context\":\"https:\/\/schema.org\",\"@graph\":[{\"@type\":\"WebPage\",\"@id\":\"https:\/\/thewebdevpoint.com\/eveniment\/expozitia-temporara-cu-titlul-carmen-sylva-dora-hitz-cuvant-si-imagine-carmen-sylva-dora-hitz-word-and-image\/\",\"url\":\"https:\/\/thewebdevpoint.com\/eveniment\/expozitia-temporara-cu-titlul-carmen-sylva-dora-hitz-cuvant-si-imagine-carmen-sylva-dora-hitz-word-and-image\/\",\"name\":\"expozi\u021bia temporar\u0103 cu titlul ,,Carmen Sylva-Dora Hitz, cuv\u00e2nt \u0219i imagine \/ Carmen Sylva \u2013 Dora Hitz, word and image\u201d &#183; Peles Test\",\"isPartOf\":{\"@id\":\"https:\/\/thewebdevpoint.com\/ro\/#website\"},\"primaryImageOfPage\":{\"@id\":\"https:\/\/thewebdevpoint.com\/eveniment\/expozitia-temporara-cu-titlul-carmen-sylva-dora-hitz-cuvant-si-imagine-carmen-sylva-dora-hitz-word-and-image\/#primaryimage\"},\"image\":{\"@id\":\"https:\/\/thewebdevpoint.com\/eveniment\/expozitia-temporara-cu-titlul-carmen-sylva-dora-hitz-cuvant-si-imagine-carmen-sylva-dora-hitz-word-and-image\/#primaryimage\"},\"thumbnailUrl\":\"https:\/\/thewebdevpoint.com\/wp-content\/uploads\/2024\/08\/CDP-DH-scaled.jpg\",\"datePublished\":\"2024-09-03T08:59:17+00:00\",\"dateModified\":\"2024-12-19T11:52:15+00:00\",\"breadcrumb\":{\"@id\":\"https:\/\/thewebdevpoint.com\/eveniment\/expozitia-temporara-cu-titlul-carmen-sylva-dora-hitz-cuvant-si-imagine-carmen-sylva-dora-hitz-word-and-image\/#breadcrumb\"},\"inLanguage\":\"fr-FR\",\"potentialAction\":[{\"@type\":\"ReadAction\",\"target\":[\"https:\/\/thewebdevpoint.com\/eveniment\/expozitia-temporara-cu-titlul-carmen-sylva-dora-hitz-cuvant-si-imagine-carmen-sylva-dora-hitz-word-and-image\/\"]}]},{\"@type\":\"ImageObject\",\"inLanguage\":\"fr-FR\",\"@id\":\"https:\/\/thewebdevpoint.com\/eveniment\/expozitia-temporara-cu-titlul-carmen-sylva-dora-hitz-cuvant-si-imagine-carmen-sylva-dora-hitz-word-and-image\/#primaryimage\",\"url\":\"https:\/\/thewebdevpoint.com\/wp-content\/uploads\/2024\/08\/CDP-DH-scaled.jpg\",\"contentUrl\":\"https:\/\/thewebdevpoint.com\/wp-content\/uploads\/2024\/08\/CDP-DH-scaled.jpg\",\"width\":1707,\"height\":2560},{\"@type\":\"BreadcrumbList\",\"@id\":\"https:\/\/thewebdevpoint.com\/eveniment\/expozitia-temporara-cu-titlul-carmen-sylva-dora-hitz-cuvant-si-imagine-carmen-sylva-dora-hitz-word-and-image\/#breadcrumb\",\"itemListElement\":[{\"@type\":\"ListItem\",\"position\":1,\"name\":\"Acas\u0103\",\"item\":\"https:\/\/thewebdevpoint.com\/\"},{\"@type\":\"ListItem\",\"position\":2,\"name\":\"Evenimente\",\"item\":\"https:\/\/thewebdevpoint.com\/ro\/evenimente\/\"},{\"@type\":\"ListItem\",\"position\":3,\"name\":\"expozi\u021bia temporar\u0103 cu titlul ,,Carmen Sylva-Dora Hitz, cuv\u00e2nt \u0219i imagine \/ Carmen Sylva \u2013 Dora Hitz, word and image\u201d\"}]},{\"@type\":\"WebSite\",\"@id\":\"https:\/\/thewebdevpoint.com\/ro\/#website\",\"url\":\"https:\/\/thewebdevpoint.com\/ro\/\",\"name\":\"Peles Test\",\"description\":\"\",\"publisher\":{\"@id\":\"https:\/\/thewebdevpoint.com\/ro\/#organization\"},\"potentialAction\":[{\"@type\":\"SearchAction\",\"target\":{\"@type\":\"EntryPoint\",\"urlTemplate\":\"https:\/\/thewebdevpoint.com\/ro\/?s={search_term_string}\"},\"query-input\":{\"@type\":\"PropertyValueSpecification\",\"valueRequired\":true,\"valueName\":\"search_term_string\"}}],\"inLanguage\":\"fr-FR\"},{\"@type\":\"Organization\",\"@id\":\"https:\/\/thewebdevpoint.com\/ro\/#organization\",\"name\":\"Muzeul Pele\u0219\",\"alternateName\":\"MP\",\"url\":\"https:\/\/thewebdevpoint.com\/ro\/\",\"logo\":{\"@type\":\"ImageObject\",\"inLanguage\":\"fr-FR\",\"@id\":\"https:\/\/thewebdevpoint.com\/ro\/#\/schema\/logo\/image\/\",\"url\":\"https:\/\/thewebdevpoint.com\/wp-content\/uploads\/2024\/10\/Logo.svg\",\"contentUrl\":\"https:\/\/thewebdevpoint.com\/wp-content\/uploads\/2024\/10\/Logo.svg\",\"width\":251,\"height\":48,\"caption\":\"Muzeul Pele\u0219\"},\"image\":{\"@id\":\"https:\/\/thewebdevpoint.com\/ro\/#\/schema\/logo\/image\/\"}}]}<\/script>\n<!-- \/ Yoast SEO plugin. -->","yoast_head_json":{"title":"expozi\u021bia temporar\u0103 cu titlul ,,Carmen Sylva-Dora Hitz, cuv\u00e2nt \u0219i imagine \/ Carmen Sylva \u2013 Dora Hitz, word and image\u201d &#183; Peles Test","robots":{"index":"noindex","follow":"follow","max-snippet":"max-snippet:-1","max-image-preview":"max-image-preview:large","max-video-preview":"max-video-preview:-1"},"schema":{"@context":"https:\/\/schema.org","@graph":[{"@type":"WebPage","@id":"https:\/\/thewebdevpoint.com\/eveniment\/expozitia-temporara-cu-titlul-carmen-sylva-dora-hitz-cuvant-si-imagine-carmen-sylva-dora-hitz-word-and-image\/","url":"https:\/\/thewebdevpoint.com\/eveniment\/expozitia-temporara-cu-titlul-carmen-sylva-dora-hitz-cuvant-si-imagine-carmen-sylva-dora-hitz-word-and-image\/","name":"expozi\u021bia temporar\u0103 cu titlul ,,Carmen Sylva-Dora Hitz, cuv\u00e2nt \u0219i imagine \/ Carmen Sylva \u2013 Dora Hitz, word and image\u201d &#183; Peles Test","isPartOf":{"@id":"https:\/\/thewebdevpoint.com\/ro\/#website"},"primaryImageOfPage":{"@id":"https:\/\/thewebdevpoint.com\/eveniment\/expozitia-temporara-cu-titlul-carmen-sylva-dora-hitz-cuvant-si-imagine-carmen-sylva-dora-hitz-word-and-image\/#primaryimage"},"image":{"@id":"https:\/\/thewebdevpoint.com\/eveniment\/expozitia-temporara-cu-titlul-carmen-sylva-dora-hitz-cuvant-si-imagine-carmen-sylva-dora-hitz-word-and-image\/#primaryimage"},"thumbnailUrl":"https:\/\/thewebdevpoint.com\/wp-content\/uploads\/2024\/08\/CDP-DH-scaled.jpg","datePublished":"2024-09-03T08:59:17+00:00","dateModified":"2024-12-19T11:52:15+00:00","breadcrumb":{"@id":"https:\/\/thewebdevpoint.com\/eveniment\/expozitia-temporara-cu-titlul-carmen-sylva-dora-hitz-cuvant-si-imagine-carmen-sylva-dora-hitz-word-and-image\/#breadcrumb"},"inLanguage":"fr-FR","potentialAction":[{"@type":"ReadAction","target":["https:\/\/thewebdevpoint.com\/eveniment\/expozitia-temporara-cu-titlul-carmen-sylva-dora-hitz-cuvant-si-imagine-carmen-sylva-dora-hitz-word-and-image\/"]}]},{"@type":"ImageObject","inLanguage":"fr-FR","@id":"https:\/\/thewebdevpoint.com\/eveniment\/expozitia-temporara-cu-titlul-carmen-sylva-dora-hitz-cuvant-si-imagine-carmen-sylva-dora-hitz-word-and-image\/#primaryimage","url":"https:\/\/thewebdevpoint.com\/wp-content\/uploads\/2024\/08\/CDP-DH-scaled.jpg","contentUrl":"https:\/\/thewebdevpoint.com\/wp-content\/uploads\/2024\/08\/CDP-DH-scaled.jpg","width":1707,"height":2560},{"@type":"BreadcrumbList","@id":"https:\/\/thewebdevpoint.com\/eveniment\/expozitia-temporara-cu-titlul-carmen-sylva-dora-hitz-cuvant-si-imagine-carmen-sylva-dora-hitz-word-and-image\/#breadcrumb","itemListElement":[{"@type":"ListItem","position":1,"name":"Acas\u0103","item":"https:\/\/thewebdevpoint.com\/"},{"@type":"ListItem","position":2,"name":"Evenimente","item":"https:\/\/thewebdevpoint.com\/ro\/evenimente\/"},{"@type":"ListItem","position":3,"name":"expozi\u021bia temporar\u0103 cu titlul ,,Carmen Sylva-Dora Hitz, cuv\u00e2nt \u0219i imagine \/ Carmen Sylva \u2013 Dora Hitz, word and image\u201d"}]},{"@type":"WebSite","@id":"https:\/\/thewebdevpoint.com\/ro\/#website","url":"https:\/\/thewebdevpoint.com\/ro\/","name":"Peles Test","description":"","publisher":{"@id":"https:\/\/thewebdevpoint.com\/ro\/#organization"},"potentialAction":[{"@type":"SearchAction","target":{"@type":"EntryPoint","urlTemplate":"https:\/\/thewebdevpoint.com\/ro\/?s={search_term_string}"},"query-input":{"@type":"PropertyValueSpecification","valueRequired":true,"valueName":"search_term_string"}}],"inLanguage":"fr-FR"},{"@type":"Organization","@id":"https:\/\/thewebdevpoint.com\/ro\/#organization","name":"Muzeul Pele\u0219","alternateName":"MP","url":"https:\/\/thewebdevpoint.com\/ro\/","logo":{"@type":"ImageObject","inLanguage":"fr-FR","@id":"https:\/\/thewebdevpoint.com\/ro\/#\/schema\/logo\/image\/","url":"https:\/\/thewebdevpoint.com\/wp-content\/uploads\/2024\/10\/Logo.svg","contentUrl":"https:\/\/thewebdevpoint.com\/wp-content\/uploads\/2024\/10\/Logo.svg","width":251,"height":48,"caption":"Muzeul Pele\u0219"},"image":{"@id":"https:\/\/thewebdevpoint.com\/ro\/#\/schema\/logo\/image\/"}}]}},"_links":{"self":[{"href":"https:\/\/thewebdevpoint.com\/fr\/wp-json\/wp\/v2\/eveniment\/8998","targetHints":{"allow":["GET"]}}],"collection":[{"href":"https:\/\/thewebdevpoint.com\/fr\/wp-json\/wp\/v2\/eveniment"}],"about":[{"href":"https:\/\/thewebdevpoint.com\/fr\/wp-json\/wp\/v2\/types\/eveniment"}],"version-history":[{"count":2,"href":"https:\/\/thewebdevpoint.com\/fr\/wp-json\/wp\/v2\/eveniment\/8998\/revisions"}],"predecessor-version":[{"id":16946,"href":"https:\/\/thewebdevpoint.com\/fr\/wp-json\/wp\/v2\/eveniment\/8998\/revisions\/16946"}],"wp:featuredmedia":[{"embeddable":true,"href":"https:\/\/thewebdevpoint.com\/fr\/wp-json\/wp\/v2\/media\/13815"}],"wp:attachment":[{"href":"https:\/\/thewebdevpoint.com\/fr\/wp-json\/wp\/v2\/media?parent=8998"}],"wp:term":[{"taxonomy":"categorie-evenimente","embeddable":true,"href":"https:\/\/thewebdevpoint.com\/fr\/wp-json\/wp\/v2\/categorie-evenimente?post=8998"}],"curies":[{"name":"wp","href":"https:\/\/api.w.org\/{rel}","templated":true}]}}