{"id":5246,"date":"2024-10-08T10:35:36","date_gmt":"2024-10-08T10:35:36","guid":{"rendered":"https:\/\/pelestest.thepoint-agency.com\/termeni-si-conditii\/"},"modified":"2024-12-16T14:57:22","modified_gmt":"2024-12-16T12:57:22","slug":"termeni-si-conditii","status":"publish","type":"page","link":"https:\/\/thewebdevpoint.com\/fr\/termeni-si-conditii\/","title":{"rendered":"Termes et conditions"},"content":{"rendered":"<p><strong>CONDITIONS G\u00c9N\u00c9RALES D&#039;UTILISATION DU SITE<\/strong><br \/>\nLe Mus\u00e9e national Peles a ouvert son site Web www.peles.ro pour informer personnellement tous ses visiteurs. Votre utilisation de ce site est soumise au respect des conditions g\u00e9n\u00e9rales d&#039;acc\u00e8s et d&#039;utilisation d\u00e9taill\u00e9es ci-dessous (\u00ab Conditions G\u00e9n\u00e9rales \u00bb), ainsi qu&#039;au respect de toutes les lois applicables. Lorsque vous acc\u00e9dez, naviguez et utilisez le site, vous acceptez implicitement et inconditionnellement les Conditions G\u00e9n\u00e9rales, qui pr\u00e9valent sur tout autre accord que vous pourriez avoir avec le Mus\u00e9e National Pele\u015f, tous les employ\u00e9s ou seulement certains d&#039;entre eux.<\/p>\n<p><strong>DROITS DE PROPRI\u00c9T\u00c9 INTELLECTUELLE<\/strong><br \/>\n<em>Droits d&#039;auteur et\/ou droits sur le contenu, les images, les dessins et les mod\u00e8les architecturaux<\/em><\/p>\n<p>Le Mus\u00e9e national Pele\u015f est le propri\u00e9taire de ce site Web. Les photographies, textes, slogans, dessins, images, s\u00e9quences anim\u00e9es sonores ou non, ainsi que toutes les \u0153uvres int\u00e9gr\u00e9es dans ce site sont la propri\u00e9t\u00e9 du Mus\u00e9e National Pele\u015f ou de tiers ayant autoris\u00e9 le Mus\u00e9e National Pele\u015f \u00e0 les utiliser.<\/p>\n<p>Les mod\u00e8les d&#039;architecture pr\u00e9sent\u00e9s sur ce site sont prot\u00e9g\u00e9s conform\u00e9ment aux dispositions l\u00e9gales relatives au droit d&#039;auteur et\/ou aux droits de propri\u00e9t\u00e9 intellectuelle relatifs \u00e0 la protection des dessins et mod\u00e8les d&#039;architecture.<\/p>\n<p>Les reproductions, sur papier ou num\u00e9rique, du site pr\u00e9cit\u00e9 et\/ou des \u0153uvres et\/ou mod\u00e8les architecturaux des Ch\u00e2teaux de Pele\u015f ou de Peli\u015for qui y sont reproduits sont autoris\u00e9es \u00e0 condition qu&#039;elles soient destin\u00e9es \u00e0 un usage strictement personnel, excluant tout usage \u00e0 des fins publicitaires et\/ou commerciales et\/ou d&#039;information, afin de respecter les dispositions l\u00e9gislatives en mati\u00e8re de propri\u00e9t\u00e9 intellectuelle.<\/p>\n<p>\u00c0 l&#039;exception des dispositions ci-dessus, toute reproduction, pr\u00e9sentation, utilisation ou modification partielle ou int\u00e9grale du site, quel que soit le proc\u00e9d\u00e9 ou sur quel support, des diff\u00e9rentes \u0153uvres et images qui le composent, sans avoir obtenu l&#039;autorisation pr\u00e9alable du Mus\u00e9e National Pele\u015f, est strictement interdite et constitue un D\u00c9LIT punissable selon la l\u00e9gislation en vigueur.<\/p>\n<p><em>Droits de marque<\/em><\/p>\n<p>Le nom Pele\u015f, le logo (armoiries) du Mus\u00e9e national de Pele\u015f, le mod\u00e8le architectural des ch\u00e2teaux, sont des marques d\u00e9pos\u00e9es par le Mus\u00e9e national de Pele\u015f \u00e0 l&#039;OSIM.<\/p>\n<p>D&#039;autres marques sont \u00e9galement mentionn\u00e9es sur le site ; ils sont th\u00e9oriquement identifi\u00e9s par une lettre majuscule. Ceux-ci sont utilis\u00e9s par le Mus\u00e9e national de Pele\u015f, soit avec l&#039;autorisation du propri\u00e9taire, soit comme simple indication des services offerts par le Mus\u00e9e national de Pele\u015f.<\/p>\n<p>La reproduction, l&#039;imitation, l&#039;utilisation ou l&#039;application de ces marques sans autorisation pr\u00e9alable du Mus\u00e9e National Pele\u015f ou des propri\u00e9taires respectifs constitue un D\u00c9LIT punissable par les lois en vigueur.<\/p>\n<p><strong>INFORMATIONS SUR LES SERVICES<\/strong><br \/>\nCes pages constituent une pr\u00e9sentation g\u00e9n\u00e9rale de la gamme de services du Mus\u00e9e national de Pele\u015f.<\/p>\n<p>Le Mus\u00e9e National Pele\u015f se r\u00e9serve le droit de modifier\/mettre \u00e0 jour les informations contenues dans ce site Web, notamment celles relatives aux caract\u00e9ristiques du programme de visite, aux espaces visitables et aux tarifs pratiqu\u00e9s, \u00e0 tout moment, sans pr\u00e9avis, en tenant compte du caract\u00e8re interactif du site, sans que les modifications n&#039;impliquent la responsabilit\u00e9 du Mus\u00e9e National Pele\u015f ou de ses employ\u00e9s.<\/p>\n<p>Le service des relations publiques du Mus\u00e9e National de Pele\u015f est \u00e0 votre disposition pour toute information, notamment concernant les tarifs, ainsi que les derni\u00e8res \u00e9volutions du programme de visite.<\/p>\n<p><strong>SERVICES<\/strong><br \/>\nLes services pr\u00e9sent\u00e9s sur ce site sont propos\u00e9s aux visiteurs du Mus\u00e9e National Pele\u015f. Les prix indiqu\u00e9s sont des prix fixes, non n\u00e9gociables, car ils sont \u00e9tablis par le Minist\u00e8re de la Culture et du Patrimoine National.<\/p>\n<p><strong>HYPERLIENS<\/strong><br \/>\nLa mise en place d&#039;un lien hypertexte vers le site www.peles.ro n\u00e9cessite une autorisation \u00e9crite pr\u00e9alable du Mus\u00e9e national Peles. Si vous souhaitez placer un lien hypertexte vers notre site, vous devez donc contacter le responsable du site www.peles.ro \u00e0 l&#039;adresse e-mail peles.ro@gmail.com ou au 0244 310 918.<\/p>\n<p>Le Mus\u00e9e National Peles ne peut en aucun cas \u00eatre tenu responsable de la mise \u00e0 disposition des sites faisant l&#039;objet d&#039;un lien hypertexte \u00e0 partir du site www.peles.ro et n&#039;est en aucun cas responsable du contenu, des produits, des services, etc. disponibles sur ou \u00e0 partir de ces sites.<\/p>\n<p><strong>LIMITATION DE RESPONSABILIT\u00c9<\/strong><br \/>\nL&#039;utilisateur utilise le site \u00e0 ses propres risques. En aucun cas, le Mus\u00e9e national Pele\u0219, ses soci\u00e9t\u00e9s affili\u00e9es, ses employ\u00e9s, chacun individuellement ou conjointement, ne pourront \u00eatre tenus responsables des dommages directs ou indirects, et notamment des dommages mat\u00e9riels, pertes de donn\u00e9es ou de programmes, pr\u00e9judices financiers, r\u00e9sultant de l&#039;acc\u00e8s ou de l&#039;utilisation de ce site ou de tous sites qui lui sont li\u00e9s. Le contenu du site est pr\u00e9sent\u00e9 sans aucune garantie d&#039;aucune sorte.<\/p>\n<p>Les informations sur les services, leurs caract\u00e9ristiques et leurs tarifs correspondent \u00e0 une d\u00e9finition au moment de leur r\u00e9daction ou de leur mise \u00e0 jour des diff\u00e9rentes pages du site ; elles sont fournies \u00e0 titre informatif uniquement et ne constituent donc pas et ne doivent pas \u00eatre consid\u00e9r\u00e9es comme une offre contractuelle de services fournis par le Mus\u00e9e national Pele\u015f, ses filiales ou ses employ\u00e9s. Des erreurs ou omissions peuvent survenir.<\/p>\n<p>L&#039;acc\u00e8s aux services pr\u00e9sent\u00e9s sur le site peut \u00eatre soumis \u00e0 des restrictions. Vous devez donc vous assurer que la loi du pays depuis lequel vous vous connectez vous autorise \u00e0 acc\u00e9der \u00e0 notre site.<\/p>\n<p><strong>LOI APPLICABLE<\/strong><br \/>\nLes pr\u00e9sentes Conditions G\u00e9n\u00e9rales, ainsi que tout litige li\u00e9 ou d\u00e9coulant des clauses des pr\u00e9sentes Conditions G\u00e9n\u00e9rales ou de l&#039;acc\u00e8s \/ fonctionnement \/ dysfonctionnement du site, sont soumis au droit interne roumain. La langue des Conditions G\u00e9n\u00e9rales et du site Web est le roumain. En cas de litige, seuls les tribunaux roumains seront consid\u00e9r\u00e9s comme comp\u00e9tents.<\/p>\n<p><strong>MISE \u00c0 JOUR DES CONDITIONS G\u00c9N\u00c9RALES<\/strong><br \/>\nLe Mus\u00e9e National Pele\u015f se r\u00e9serve le droit de modifier et de mettre \u00e0 jour l&#039;acc\u00e8s au site, ainsi que les Conditions G\u00e9n\u00e9rales, \u00e0 tout moment. Ces modifications et mises \u00e0 jour sont opposables \u00e0 l&#039;utilisateur d\u00e8s leur publication sur le site ; par cons\u00e9quent, l&#039;utilisateur devra se r\u00e9f\u00e9rer r\u00e9guli\u00e8rement \u00e0 cette section pour v\u00e9rifier les Conditions G\u00e9n\u00e9rales en vigueur.<\/p>","protected":false},"excerpt":{"rendered":"<p>CONDITIONS G\u00c9N\u00c9RALES D&#039;UTILISATION DU SITE Le Mus\u00e9e national Peles a ouvert son site web www.peles.ro afin d&#039;informer personnellement tous ses visiteurs. Votre utilisation de ce site est soumise au respect des conditions g\u00e9n\u00e9rales d&#039;acc\u00e8s et d&#039;utilisation d\u00e9taill\u00e9es ci-dessous (\u00ab\u00a0Conditions g\u00e9n\u00e9rales\u00a0\u00bb), ainsi qu&#039;au respect de toutes les lois applicables. Lorsque vous acc\u00e9dez au site, lorsque vous le naviguez [\u2026]<\/p>","protected":false},"author":1,"featured_media":0,"parent":0,"menu_order":0,"comment_status":"closed","ping_status":"closed","template":"","meta":{"_acf_changed":false,"footnotes":""},"categorie-pagina":[350],"class_list":["post-5246","page","type-page","status-publish","hentry","categorie-pagina-legal"],"acf":[],"yoast_head":"<!-- This site is optimized with the Yoast SEO plugin v24.1 - https:\/\/yoast.com\/wordpress\/plugins\/seo\/ -->\n<title>Termeni \u015fi Condi\u0163ii &#183; Peles Test<\/title>\n<meta name=\"robots\" content=\"noindex, follow, max-snippet:-1, max-image-preview:large, max-video-preview:-1\" \/>\n<script type=\"application\/ld+json\" class=\"yoast-schema-graph\">{\"@context\":\"https:\/\/schema.org\",\"@graph\":[{\"@type\":\"WebPage\",\"@id\":\"https:\/\/thewebdevpoint.com\/termeni-si-conditii\/\",\"url\":\"https:\/\/thewebdevpoint.com\/termeni-si-conditii\/\",\"name\":\"Termeni \u015fi Condi\u0163ii &#183; Peles Test\",\"isPartOf\":{\"@id\":\"https:\/\/thewebdevpoint.com\/ro\/#website\"},\"datePublished\":\"2024-10-08T10:35:36+00:00\",\"dateModified\":\"2024-12-16T12:57:22+00:00\",\"breadcrumb\":{\"@id\":\"https:\/\/thewebdevpoint.com\/termeni-si-conditii\/#breadcrumb\"},\"inLanguage\":\"fr-FR\",\"potentialAction\":[{\"@type\":\"ReadAction\",\"target\":[\"https:\/\/thewebdevpoint.com\/termeni-si-conditii\/\"]}]},{\"@type\":\"BreadcrumbList\",\"@id\":\"https:\/\/thewebdevpoint.com\/termeni-si-conditii\/#breadcrumb\",\"itemListElement\":[{\"@type\":\"ListItem\",\"position\":1,\"name\":\"Acas\u0103\",\"item\":\"https:\/\/thewebdevpoint.com\/\"},{\"@type\":\"ListItem\",\"position\":2,\"name\":\"Termeni \u015fi Condi\u0163ii\"}]},{\"@type\":\"WebSite\",\"@id\":\"https:\/\/thewebdevpoint.com\/ro\/#website\",\"url\":\"https:\/\/thewebdevpoint.com\/ro\/\",\"name\":\"Peles Test\",\"description\":\"\",\"publisher\":{\"@id\":\"https:\/\/thewebdevpoint.com\/ro\/#organization\"},\"potentialAction\":[{\"@type\":\"SearchAction\",\"target\":{\"@type\":\"EntryPoint\",\"urlTemplate\":\"https:\/\/thewebdevpoint.com\/ro\/?s={search_term_string}\"},\"query-input\":{\"@type\":\"PropertyValueSpecification\",\"valueRequired\":true,\"valueName\":\"search_term_string\"}}],\"inLanguage\":\"fr-FR\"},{\"@type\":\"Organization\",\"@id\":\"https:\/\/thewebdevpoint.com\/ro\/#organization\",\"name\":\"Muzeul Pele\u0219\",\"alternateName\":\"MP\",\"url\":\"https:\/\/thewebdevpoint.com\/ro\/\",\"logo\":{\"@type\":\"ImageObject\",\"inLanguage\":\"fr-FR\",\"@id\":\"https:\/\/thewebdevpoint.com\/ro\/#\/schema\/logo\/image\/\",\"url\":\"https:\/\/thewebdevpoint.com\/wp-content\/uploads\/2024\/10\/Logo.svg\",\"contentUrl\":\"https:\/\/thewebdevpoint.com\/wp-content\/uploads\/2024\/10\/Logo.svg\",\"width\":251,\"height\":48,\"caption\":\"Muzeul Pele\u0219\"},\"image\":{\"@id\":\"https:\/\/thewebdevpoint.com\/ro\/#\/schema\/logo\/image\/\"}}]}<\/script>\n<!-- \/ Yoast SEO plugin. -->","yoast_head_json":{"title":"Termeni \u015fi Condi\u0163ii &#183; Peles Test","robots":{"index":"noindex","follow":"follow","max-snippet":"max-snippet:-1","max-image-preview":"max-image-preview:large","max-video-preview":"max-video-preview:-1"},"schema":{"@context":"https:\/\/schema.org","@graph":[{"@type":"WebPage","@id":"https:\/\/thewebdevpoint.com\/termeni-si-conditii\/","url":"https:\/\/thewebdevpoint.com\/termeni-si-conditii\/","name":"Termeni \u015fi Condi\u0163ii &#183; Peles Test","isPartOf":{"@id":"https:\/\/thewebdevpoint.com\/ro\/#website"},"datePublished":"2024-10-08T10:35:36+00:00","dateModified":"2024-12-16T12:57:22+00:00","breadcrumb":{"@id":"https:\/\/thewebdevpoint.com\/termeni-si-conditii\/#breadcrumb"},"inLanguage":"fr-FR","potentialAction":[{"@type":"ReadAction","target":["https:\/\/thewebdevpoint.com\/termeni-si-conditii\/"]}]},{"@type":"BreadcrumbList","@id":"https:\/\/thewebdevpoint.com\/termeni-si-conditii\/#breadcrumb","itemListElement":[{"@type":"ListItem","position":1,"name":"Acas\u0103","item":"https:\/\/thewebdevpoint.com\/"},{"@type":"ListItem","position":2,"name":"Termeni \u015fi Condi\u0163ii"}]},{"@type":"WebSite","@id":"https:\/\/thewebdevpoint.com\/ro\/#website","url":"https:\/\/thewebdevpoint.com\/ro\/","name":"Peles Test","description":"","publisher":{"@id":"https:\/\/thewebdevpoint.com\/ro\/#organization"},"potentialAction":[{"@type":"SearchAction","target":{"@type":"EntryPoint","urlTemplate":"https:\/\/thewebdevpoint.com\/ro\/?s={search_term_string}"},"query-input":{"@type":"PropertyValueSpecification","valueRequired":true,"valueName":"search_term_string"}}],"inLanguage":"fr-FR"},{"@type":"Organization","@id":"https:\/\/thewebdevpoint.com\/ro\/#organization","name":"Muzeul Pele\u0219","alternateName":"MP","url":"https:\/\/thewebdevpoint.com\/ro\/","logo":{"@type":"ImageObject","inLanguage":"fr-FR","@id":"https:\/\/thewebdevpoint.com\/ro\/#\/schema\/logo\/image\/","url":"https:\/\/thewebdevpoint.com\/wp-content\/uploads\/2024\/10\/Logo.svg","contentUrl":"https:\/\/thewebdevpoint.com\/wp-content\/uploads\/2024\/10\/Logo.svg","width":251,"height":48,"caption":"Muzeul Pele\u0219"},"image":{"@id":"https:\/\/thewebdevpoint.com\/ro\/#\/schema\/logo\/image\/"}}]}},"_links":{"self":[{"href":"https:\/\/thewebdevpoint.com\/fr\/wp-json\/wp\/v2\/pages\/5246","targetHints":{"allow":["GET"]}}],"collection":[{"href":"https:\/\/thewebdevpoint.com\/fr\/wp-json\/wp\/v2\/pages"}],"about":[{"href":"https:\/\/thewebdevpoint.com\/fr\/wp-json\/wp\/v2\/types\/page"}],"author":[{"embeddable":true,"href":"https:\/\/thewebdevpoint.com\/fr\/wp-json\/wp\/v2\/users\/1"}],"replies":[{"embeddable":true,"href":"https:\/\/thewebdevpoint.com\/fr\/wp-json\/wp\/v2\/comments?post=5246"}],"version-history":[{"count":1,"href":"https:\/\/thewebdevpoint.com\/fr\/wp-json\/wp\/v2\/pages\/5246\/revisions"}],"predecessor-version":[{"id":9541,"href":"https:\/\/thewebdevpoint.com\/fr\/wp-json\/wp\/v2\/pages\/5246\/revisions\/9541"}],"wp:attachment":[{"href":"https:\/\/thewebdevpoint.com\/fr\/wp-json\/wp\/v2\/media?parent=5246"}],"wp:term":[{"taxonomy":"categorie-pagina","embeddable":true,"href":"https:\/\/thewebdevpoint.com\/fr\/wp-json\/wp\/v2\/categorie-pagina?post=5246"}],"curies":[{"name":"wp","href":"https:\/\/api.w.org\/{rel}","templated":true}]}}