{"id":8651,"date":"2024-10-08T11:59:10","date_gmt":"2024-10-08T11:59:10","guid":{"rendered":"https:\/\/pelestest.thepoint-agency.com\/istoricul-castelului-peles\/"},"modified":"2024-12-18T16:49:34","modified_gmt":"2024-12-18T14:49:34","slug":"istoricul-castelului-peles","status":"publish","type":"page","link":"https:\/\/thewebdevpoint.com\/fr\/despre\/istoricul-castelului-peles\/","title":{"rendered":"L&#039;histoire du ch\u00e2teau de Pele\u0219"},"content":{"rendered":"<div data-elementor-type=\"wp-page\" data-elementor-id=\"8651\" class=\"elementor elementor-8651\" data-elementor-post-type=\"page\">\n\t\t\t\t<div class=\"elementor-element elementor-element-17f3fcf0 e-flex e-con-boxed e-con e-parent\" data-id=\"17f3fcf0\" data-element_type=\"container\">\n\t\t\t\t\t<div class=\"e-con-inner\">\n\t\t\t\t<div class=\"elementor-element elementor-element-618fae29 elementor-widget elementor-widget-text-editor\" data-id=\"618fae29\" data-element_type=\"widget\" data-widget_type=\"text-editor.default\">\n\t\t\t\t<div class=\"elementor-widget-container\">\n\t\t\t\t\t\t\t\t\t<div id=\"attachment_1323\" class=\"wp-caption alignleft\"><figure id=\"attachment_1323\" aria-describedby=\"caption-attachment-1323\" style=\"width: 222px\" class=\"wp-caption alignleft\"><img fetchpriority=\"high\" decoding=\"async\" class=\"wp-image-1323 size-medium\" title=\"Charles Ier\" src=\"https:\/\/pelestest.thepoint-agency.com\/wp-content\/uploads\/2016\/08\/1-.-Carol-I-pe-terasa1-222x300.jpg\" alt=\"Carol I\" width=\"222\" height=\"300\" \/><figcaption id=\"caption-attachment-1323\" class=\"wp-caption-text\">Le roi Charles Ier, en uniforme de g\u00e9n\u00e9ral de cavalerie, sur la terrasse nord du ch\u00e2teau de Pele\u015f, \u00e0 c\u00f4t\u00e9 de la statue de Saint Georges, \u0153uvre de l&#039;artiste allemand Rottermun, vers 1912<\/figcaption><\/figure><\/div><p><strong>Contexte urbain : <\/strong>Le ch\u00e2teau de Pele\u015f a \u00e9t\u00e9 construit \u00e0 l&#039;initiative du premier roi de Roumanie, Carol Ier, en dehors du p\u00e9rim\u00e8tre de la commune de Podul Neagului, localit\u00e9 d&#039;une superficie de 24 km en 1874, ann\u00e9e o\u00f9, \u00e0 l&#039;initiative du souverain, la commune s&#039;appelait Sinaia. Un an plus tard, les premi\u00e8res maisons nobles furent construites dans le centre de la ville et en 1876 commen\u00e7a la construction de la voie ferr\u00e9e Ploiesti - Predeal, qui traverse \u00e9galement Sina\u00efa. Parall\u00e8lement, entre 1873 et 1875, les fondations du ch\u00e2teau de Pele\u015f sont construites. La c\u00e9r\u00e9monie de pose de la premi\u00e8re pierre de la r\u00e9sidence eut lieu dans un cadre festif les 10 et 22 ao\u00fbt 1875.<\/p><p><strong>\u00c9poque: <\/strong>1873 \u2013 1914, sur un terrain de 1000 hectares appel\u00e9 Piatra Ars\u0103 ou domaine de Sinaia, achet\u00e9 par le roi Carol Ier \u00e0 Eforia Spitalelor en 1871.<\/p><p><strong>Auteurs : <\/strong>architectes : Wilhelm von Doderer (1872-1876), professeur \u00e0 la Technische Hochschule de Vienne, Johannes Schultz (1873, chef de chantier, assistant de Doderer et de 1876 \u00e0 1883, architecte en chef), \u00c9mile Andr\u00e9 Lecomte du No\u00fcy (1890 \u2013 1892) , Karel Liman (1896 \u2013 1924) ; Jean Ernest, entrepreneurs, constructeurs et propri\u00e9taires d&#039;entrep\u00f4ts de mat\u00e9riaux de construction.<\/p><p><strong>Statut juridique : <\/strong>ancienne r\u00e9sidence royale (1883 \u2013 1947), nationalis\u00e9e en 1948, mus\u00e9e de 1953 \u00e0 1975 et de 1990 \u00e0 aujourd&#039;hui, propri\u00e9t\u00e9 depuis 2007 de Sa Majest\u00e9 le roi Michel Ier de Roumanie et \u00e9tablissement public administr\u00e9 par l&#039;\u00c9tat roumain, sous les auspices de la Minist\u00e8re de la Culture et du Patrimoine National.<\/p><div id=\"attachment_1325\" class=\"wp-caption alignright\"><figure id=\"attachment_1325\" aria-describedby=\"caption-attachment-1325\" style=\"width: 300px\" class=\"wp-caption alignright\"><img decoding=\"async\" class=\"wp-image-1325 size-medium\" title=\"Projet Doderer\" src=\"https:\/\/pelestest.thepoint-agency.com\/wp-content\/uploads\/2016\/08\/2.-Proiect-Doderer-18731-300x200.jpg\" alt=\"Proiect Doderer\" width=\"300\" height=\"200\" \/><figcaption id=\"caption-attachment-1325\" class=\"wp-caption-text\">Un des trois projets pr\u00e9sent\u00e9s en 1873 \u00e0 Carol de Hohenzollern-Sigmaringen par le premier architecte du ch\u00e2teau de Pele\u015f, Wilhelm von Doderer (1825-1900) et rejet\u00e9s par le client<\/figcaption><\/figure><\/div><p><strong>Le contexte historique du b\u00e2timent<\/strong>: Le ch\u00e2teau de Pele\u015f a \u00e9t\u00e9 construit \u00e0 l&#039;initiative du roi Carol Ier, pour lui servir de r\u00e9sidence d&#039;\u00e9t\u00e9, investie de fonctions politiques, culturelles et symboliques. Apr\u00e8s 1914, le ch\u00e2teau de Pele\u015f continue d&#039;exercer sa fonction de repr\u00e9sentation et de mus\u00e9e, mais sans y avoir v\u00e9cu 6 mois par an, comme le faisait le souverain fondateur. Jusqu&#039;en 1947, il devient un espace royal pour les visites officielles ou accueille des c\u00e9r\u00e9monies militaires. L&#039;\u00e9v\u00e9nement le plus important organis\u00e9 \u00e0 Sina\u00efa et accueilli par le ch\u00e2teau de Peles jusqu&#039;\u00e0 l&#039;abdication du roi Mihai, en d\u00e9cembre 1947, \u00e9tait li\u00e9 \u00e0 la c\u00e9l\u00e9bration du demi-centenaire du ch\u00e2teau en 1933 par le roi Carol II (1930-1940). Entre janvier et mars 1948, le ch\u00e2teau est ferm\u00e9 sur ordre des autorit\u00e9s communistes, et les biens patrimoniaux sont inventori\u00e9s. La plupart des collections de peintures, de meubles, de textiles, d&#039;objets d&#039;art d\u00e9coratif et de livres ont \u00e9t\u00e9 transf\u00e9r\u00e9es au Mus\u00e9e d&#039;Art de la capitale. \u00c0 partir du mois de mai de la m\u00eame ann\u00e9e, d&#039;autres pi\u00e8ces entrent dans la garde de diff\u00e9rentes institutions culturelles des grandes villes de Roumanie, Bucarest, Brasov, Sibiu, etc. Depuis 1953, le ch\u00e2teau est devenu un mus\u00e9e national ouvert au grand public, tandis que les autres b\u00e2timents situ\u00e9s sur le domaine de Pele\u015f, comme les ch\u00e2teaux de Peli\u015for, la r\u00e9sidence priv\u00e9e du deuxi\u00e8me couple royal, Ferdinand I, Maria et Foi\u015for, le ancien pavillon de chasse du premier roi de Roumanie et r\u00e9sidence des rois Carol II et Mihai Ier deviendra des maisons de cr\u00e9ation et de repos pour \u00e9crivains, musicologues et plasticiens agr\u00e9\u00e9s par le r\u00e9gime communiste. Deux d\u00e9cennies plus tard, en 1975, l&#039;\u00e9tat de conservation de plus en plus critique du b\u00e2timent d\u00e9termina l&#039;ampleur de sa fermeture et l&#039;\u00e9vacuation d&#039;une partie importante du patrimoine mus\u00e9al dans les entrep\u00f4ts install\u00e9s dans un ancien manoir de la famille Bibescu \u00e0 Posada, une localit\u00e9 situ\u00e9e \u00e0 environ 20 km au sud de Sinaia. Entre 1966 et 1982, dans une ancienne d\u00e9pendance du ch\u00e2teau royal, situ\u00e9e \u00e0 proximit\u00e9 de celui-ci, fut cr\u00e9\u00e9 le Mus\u00e9e des Arts D\u00e9coratifs (C\u00e9ramiques), qui pr\u00e9sentait des pi\u00e8ces repr\u00e9sentatives des anciennes collections royales. Parall\u00e8lement aux travaux de restauration massifs, le ch\u00e2teau a accueilli une s\u00e9rie de visites de chefs d&#039;\u00c9tat jusqu&#039;en 1989, ann\u00e9e de la chute du r\u00e9gime communiste en Roumanie. Depuis 1990, respectivement 1993 et jusqu&#039;\u00e0 aujourd&#039;hui, les ch\u00e2teaux de Pele\u015f et Peli\u015for sont rouverts \u00e0 la visite. En 2007, apr\u00e8s cinq ans de n\u00e9gociations entre l&#039;\u00c9tat roumain et la Maison Royale, un accord a \u00e9t\u00e9 conclu par lequel le Ch\u00e2teau de Pele\u015f, le Ch\u00e2teau de Peli\u015for, ainsi que l&#039;ensemble du domaine de Pele\u015f compos\u00e9 des anciennes d\u00e9pendances royales, sont restitu\u00e9s \u00e0 la propri\u00e9t\u00e9 de Le roi Mihai Ier (1927-1930, 1940-1947), mais continue d&#039;\u00eatre administr\u00e9 par l&#039;\u00c9tat roumain. L&#039;exception est le Ch\u00e2teau de Foi\u015for, un b\u00e2timent inaugur\u00e9 en 1881. L&#039;accord avec la Maison Royale, a expir\u00e9 en 2009, dans le cas du Ch\u00e2teau de Peli\u015for et en 2010, dans le cas du Ch\u00e2teau de Pele\u015f, a \u00e9t\u00e9 de nouveau prolong\u00e9.<\/p><p>En 1932, le Gazebo fut la proie d&#039;un incendie d\u00e9vastateur. Elle fut reconstruite un an plus tard sous le r\u00e8gne du roi Charles II (1930-1940). Dans les ann\u00e9es 1970, une nouvelle aile a \u00e9t\u00e9 ajout\u00e9e au b\u00e2timent d&#039;origine et les int\u00e9rieurs ont subi d&#039;importants changements. Apr\u00e8s 1989, le b\u00e2timent est devenu la villa protocolaire de la pr\u00e9sidence roumaine, statut qu&#039;il continue de conserver.<\/p><div id=\"attachment_1337\" class=\"wp-caption alignright\"><p><strong><img decoding=\"async\" class=\"size-medium wp-image-1337\" title=\"Vue a\u00e9rienne\" src=\"https:\/\/pelestest.thepoint-agency.com\/wp-content\/uploads\/2016\/08\/4.-Vedere-aeriana-300x217.jpg\" alt=\"Vedere Aer\" width=\"300\" height=\"217\" \/><\/strong><\/p><p class=\"wp-caption-text\">Vue panoramique du ch\u00e2teau de Peles, aujourd&#039;hui<\/p><\/div><p><strong>Projet, p\u00e9riode de r\u00e9alisation, fabricants, mat\u00e9riaux<\/strong>: L&#039;\u00e9laboration des plans initiaux du ch\u00e2teau de Pele\u015f fut confi\u00e9e \u00e0 l&#039;architecte Wilhelm von Doderer (1825-1900), professeur \u00e0 la Technische Hochschule de Vienne. Doderer soumit au souverain trois propositions de projets architecturaux, inspir\u00e9s de l&#039;architecture des ch\u00e2teaux de la Renaissance fran\u00e7aise du Val de Loire, ainsi que du style des immeubles viennois de la Ringstrasse. Les projets sont rejet\u00e9s par Charles Ier en 1876, et la direction des travaux est confi\u00e9e \u00e0 l&#039;architecte allemand Johannes Schultz, qui \u00e9labore les plans du ch\u00e2teau dans sa premi\u00e8re phase de construction (1879 \u2013 1883). Le b\u00e2timent \u00e0 deux \u00e9tages aux allures de chalet suisse propos\u00e9 par Schultz a \u00e9t\u00e9 d\u00e9cor\u00e9 \u00e0 l&#039;ext\u00e9rieur dans le style allemand du Fachwerk.<\/p><p>En 1890, elle fut construite \u00e0 l&#039;emplacement de la terrasse couverte de l&#039;aile sud, la salle maure, selon des projets attribu\u00e9s \u00e0 l&#039;architecte fran\u00e7ais \u00c9mile Andr\u00e9 Lecomte du No\u00fcy, disciple de la c\u00e9l\u00e8bre architecte fran\u00e7aise Violet Le Duc.<\/p><p>En 1894, l&#039;architecte tch\u00e8que Karel Liman (1860 ? \u2013 1928) fut nomm\u00e9 pour diriger les travaux. Sous sa coordination, entre 1895 et 1897, furent am\u00e9nag\u00e9s la chapelle de la reine Elizabeth au premier \u00e9tage, les appartements des princesses de Wied et Hohenzollern du c\u00f4t\u00e9 nord et la mezzanine.<\/p><p>En 1884, le r\u00e9seau \u00e9lectrique est install\u00e9, le ch\u00e2teau dispose de son propre groupe \u00e9lectrog\u00e8ne, et en 1897, la centrale \u00e9lectrique est construite.<\/p><div id=\"attachment_1339\" class=\"wp-caption alignleft\"><p><img loading=\"lazy\" decoding=\"async\" class=\"size-medium wp-image-1339\" title=\"Appartement Imp\u00e9rial\" src=\"https:\/\/pelestest.thepoint-agency.com\/wp-content\/uploads\/2016\/08\/9.-Peles-7-300x199.jpg\" alt=\"Apartament Imperial\" width=\"300\" height=\"199\" \/><\/p><p class=\"wp-caption-text\">La Grande Salle de l&#039;Appartement Imp\u00e9rial<\/p><\/div><p>Entre 1903 et 1906, Liman con\u00e7oit la Galerie de Marbre, la Salle de Concert, la Petite Salle de Musique et la Salle de Bain de la Reine et am\u00e9nage les pi\u00e8ces du 2\u00e8me niveau, correspondant au premier Attique : la chambre de Mme Mavrogheni, la grande dame du Palais et la appartements d&#039;h\u00f4tes dans l&#039;aile nord du ch\u00e2teau.<\/p><p>Entre 1906-1914, des travaux sont entrepris pour am\u00e9nager les terrasses ext\u00e9rieures. En 1906, la tour centrale du ch\u00e2teau est \u00e9rig\u00e9e, o\u00f9 un an plus tard l&#039;horloge \u00e0 trois cadrans, cr\u00e9\u00e9e par <em>Usines d&#039;horloges de tour de la Cour royale de Bavi\u00e8re,<\/em> <em>Johann Mannhardt<\/em><em>.<\/em>Parall\u00e8lement, l&#039;ancien Music Hall, la salle florentine et la salle des colonnes sont am\u00e9nag\u00e9s, \u00e0 l&#039;emplacement de la premi\u00e8re salle des \u00e9checs, et la salle \u00e0 manger royale est agrandie. Au premier \u00e9tage, dans l&#039;aile nord, est construit l&#039;appartement du Premier Ministre.<\/p><p>Entre les ann\u00e9es 1905 - 1906 est con\u00e7u le vaste Appartement Imp\u00e9rial, compos\u00e9 d&#039;un grand s\u00e9jour, d&#039;un petit salon, d&#039;une chambre, d&#039;un boudoir, d&#039;une salle de bains et d&#039;un voiturier, ainsi que l&#039;appartement des h\u00e9ritiers Ferdinand et Maria.<\/p><p>En 1906, des modifications furent apport\u00e9es \u00e0 la salle du th\u00e9\u00e2tre au rez-de-chauss\u00e9e. Aujourd&#039;hui encore, la salle est adapt\u00e9e aux projections cin\u00e9matographiques, en am\u00e9nageant la cabine de projection. L&#039;\u00e9quipement cin\u00e9matographique fut modernis\u00e9 en 1939, par la Soci\u00e9t\u00e9 Concordia de Bucarest, \u00e0 la demande expresse du roi Carol II.<\/p><p>Entre les ann\u00e9es 1908 - 1911, la construction de l&#039;Armurerie, ainsi que la d\u00e9coration de la salle florentine, furent finalis\u00e9es, selon les plans des architectes Karel Liman et Ferdinand de Tiersch, ce dernier, conseiller du roi Louis II de Bavi\u00e8re. .<\/p><p>Entre 1907 et 1911, la salle d&#039;honneur est construite \u00e0 l&#039;emplacement de la deuxi\u00e8me cour int\u00e9rieure, salle de r\u00e9ception principale du ch\u00e2teau. Le lobby est d\u00e9cor\u00e9 dans le style de la Renaissance allemande, avec de subtils accents baroques, par Bernhard Ludwig de Vienne, qui collabore \u00e9troitement avec l&#039;architecte Liman. Le mod\u00e8le d&#039;inspiration de la salle est la salle Fredenhagen du palais de la Chambre de commerce de L\u00fcbeck. En parall\u00e8le, la salle des \u00e9checs et la salle de billard sont construites au rez-de-chauss\u00e9e, dans le prolongement de la salle mauresque.<\/p><p>Enfin, entre les ann\u00e9es 1911-1914, la terrasse avec les bustes des empereurs romains est am\u00e9nag\u00e9e, et sur l&#039;aile sud-est, la salle des Conseils est con\u00e7ue par l&#039;architecte Liman et le d\u00e9corateur viennois Bernhard Ludwig. La mort du roi Carol Ier, le 27 septembre 1914, marque la fin du vaste projet architectural coordonn\u00e9 par le souverain.<\/p><div id=\"attachment_1345\" class=\"wp-caption alignright\"><p><strong><img loading=\"lazy\" decoding=\"async\" class=\"size-medium wp-image-1345\" title=\"Bernhard Ludwig\" src=\"https:\/\/pelestest.thepoint-agency.com\/wp-content\/uploads\/2016\/08\/5.-Bernhard-Ludwig-215x300.jpg\" alt=\"Bernhard Ludwig\" width=\"215\" height=\"300\" \/><\/strong><\/p><p class=\"wp-caption-text\">Le d\u00e9corateur le plus important<br \/>du ch\u00e2teau de Peles, le Viennois<br \/>Bernhard Ludwig \u2013 fils, en<br \/>La salle d&#039;honneur, son \u0153uvre, vers 1910<\/p><\/div><p><strong>Fournisseurs de fournitures artistiques\u00a0: <\/strong>Parmi les principaux fournisseurs, pour la premi\u00e8re \u00e9tape de construction, on citera la maison Heymann \u00e0 Hambourg et l&#039;atelier dirig\u00e9 par August Bemb\u00e9 \u00e0 Cologne-Mayence. Parmi ceux qui travaill\u00e8rent constamment \u00e0 la d\u00e9coration et \u00e0 la fourniture d&#039;objets d&#039;art d\u00e9coratifs pour le ch\u00e2teau, de 1883 \u00e0 1914, citons Joseph Dollitschek, architecte et d\u00e9corateur viennois, Anton P\u00f6ssenbacher de Munich, cr\u00e9ateur de d\u00e9cors et de meubles et L. Bernheimer, de la m\u00eame ville, fournisseur de d\u00e9corations d&#039;int\u00e9rieur, meubles, tapis d&#039;Orient, Habie&amp;Polako, de Vienne, fournisseurs de tapis Smyrna, ateliers Zettler de Munich, 1882, vitraux. Ils ont \u00e9t\u00e9 travaill\u00e9s par quarante artistes et techniciens pendant trois ans d&#039;apr\u00e8s les croquis en couleurs ex\u00e9cut\u00e9s par les professeurs E. Widmann et Julius Juers. FX Barth. L&#039;autre auteur des vitraux du ch\u00e2teau de Pele\u015f \u00e9tait A. Zw\u00f6lfer, propri\u00e9taire d&#039;un c\u00e9l\u00e8bre atelier viennois ayant une succursale \u00e0 Bucarest. Les collections d&#039;art d\u00e9coratif furent constitu\u00e9es par cooptation de quelques maisons occidentales c\u00e9l\u00e8bres de l&#039;\u00e9poque : Odiot, de Paris, Eduard Wollenweber, de Munich et Paul Telge, de Berlin, cr\u00e9ateurs et fournisseurs de produits d&#039;orf\u00e8vrerie. Ils furent rejoints par Josef Resch, une c\u00e9l\u00e8bre bijouterie de Paris, et JA Eysser, un c\u00e9l\u00e8bre fabricant de meubles de Nuremberg.<\/p>\t\t\t\t\t\t\t\t<\/div>\n\t\t\t\t<\/div>\n\t\t\t\t\t<\/div>\n\t\t\t\t<\/div>\n\t\t\t\t<\/div>","protected":false},"excerpt":{"rendered":"<p>Contexte urbain : Le ch\u00e2teau de Pele\u0219 fut construit \u00e0 l&#039;initiative du premier roi de Roumanie, Carol Ier, en dehors du p\u00e9rim\u00e8tre de la commune de Podul Neagului, une localit\u00e9 d&#039;une superficie de 24 km\u00b2, en 1874, ann\u00e9e o\u00f9, \u00e0 l&#039;initiative du souverain, la commune fut nomm\u00e9e Sinaia. Un an plus tard, les premi\u00e8res maisons de boyards furent construites au centre de la localit\u00e9, [\u2026]<\/p>","protected":false},"author":1,"featured_media":0,"parent":15048,"menu_order":0,"comment_status":"closed","ping_status":"open","template":"","meta":{"_acf_changed":false,"footnotes":""},"categorie-pagina":[],"class_list":["post-8651","page","type-page","status-publish","hentry"],"acf":[],"yoast_head":"<!-- This site is optimized with the Yoast SEO plugin v24.1 - https:\/\/yoast.com\/wordpress\/plugins\/seo\/ -->\n<title>Istoricul Castelului Pele\u0219 &#183; Peles Test<\/title>\n<meta name=\"robots\" content=\"noindex, follow, max-snippet:-1, max-image-preview:large, max-video-preview:-1\" \/>\n<script type=\"application\/ld+json\" class=\"yoast-schema-graph\">{\"@context\":\"https:\/\/schema.org\",\"@graph\":[{\"@type\":\"WebPage\",\"@id\":\"https:\/\/thewebdevpoint.com\/ro\/despre\/istoricul-castelului-peles\/\",\"url\":\"https:\/\/thewebdevpoint.com\/ro\/despre\/istoricul-castelului-peles\/\",\"name\":\"Istoricul Castelului Pele\u0219 &#183; Peles Test\",\"isPartOf\":{\"@id\":\"https:\/\/thewebdevpoint.com\/ro\/#website\"},\"primaryImageOfPage\":{\"@id\":\"https:\/\/thewebdevpoint.com\/ro\/despre\/istoricul-castelului-peles\/#primaryimage\"},\"image\":{\"@id\":\"https:\/\/thewebdevpoint.com\/ro\/despre\/istoricul-castelului-peles\/#primaryimage\"},\"thumbnailUrl\":\"https:\/\/pelestest.thepoint-agency.com\/wp-content\/uploads\/2016\/08\/1-.-Carol-I-pe-terasa1-222x300.jpg\",\"datePublished\":\"2024-10-08T11:59:10+00:00\",\"dateModified\":\"2024-12-18T14:49:34+00:00\",\"breadcrumb\":{\"@id\":\"https:\/\/thewebdevpoint.com\/ro\/despre\/istoricul-castelului-peles\/#breadcrumb\"},\"inLanguage\":\"fr-FR\",\"potentialAction\":[{\"@type\":\"ReadAction\",\"target\":[\"https:\/\/thewebdevpoint.com\/ro\/despre\/istoricul-castelului-peles\/\"]}]},{\"@type\":\"ImageObject\",\"inLanguage\":\"fr-FR\",\"@id\":\"https:\/\/thewebdevpoint.com\/ro\/despre\/istoricul-castelului-peles\/#primaryimage\",\"url\":\"https:\/\/pelestest.thepoint-agency.com\/wp-content\/uploads\/2016\/08\/1-.-Carol-I-pe-terasa1-222x300.jpg\",\"contentUrl\":\"https:\/\/pelestest.thepoint-agency.com\/wp-content\/uploads\/2016\/08\/1-.-Carol-I-pe-terasa1-222x300.jpg\"},{\"@type\":\"BreadcrumbList\",\"@id\":\"https:\/\/thewebdevpoint.com\/ro\/despre\/istoricul-castelului-peles\/#breadcrumb\",\"itemListElement\":[{\"@type\":\"ListItem\",\"position\":1,\"name\":\"Acas\u0103\",\"item\":\"https:\/\/thewebdevpoint.com\/\"},{\"@type\":\"ListItem\",\"position\":2,\"name\":\"Despre\",\"item\":\"https:\/\/thewebdevpoint.com\/despre\/\"},{\"@type\":\"ListItem\",\"position\":3,\"name\":\"Istoricul Castelului Pele\u0219\"}]},{\"@type\":\"WebSite\",\"@id\":\"https:\/\/thewebdevpoint.com\/ro\/#website\",\"url\":\"https:\/\/thewebdevpoint.com\/ro\/\",\"name\":\"Peles Test\",\"description\":\"\",\"publisher\":{\"@id\":\"https:\/\/thewebdevpoint.com\/ro\/#organization\"},\"potentialAction\":[{\"@type\":\"SearchAction\",\"target\":{\"@type\":\"EntryPoint\",\"urlTemplate\":\"https:\/\/thewebdevpoint.com\/ro\/?s={search_term_string}\"},\"query-input\":{\"@type\":\"PropertyValueSpecification\",\"valueRequired\":true,\"valueName\":\"search_term_string\"}}],\"inLanguage\":\"fr-FR\"},{\"@type\":\"Organization\",\"@id\":\"https:\/\/thewebdevpoint.com\/ro\/#organization\",\"name\":\"Muzeul Pele\u0219\",\"alternateName\":\"MP\",\"url\":\"https:\/\/thewebdevpoint.com\/ro\/\",\"logo\":{\"@type\":\"ImageObject\",\"inLanguage\":\"fr-FR\",\"@id\":\"https:\/\/thewebdevpoint.com\/ro\/#\/schema\/logo\/image\/\",\"url\":\"https:\/\/thewebdevpoint.com\/wp-content\/uploads\/2024\/10\/Logo.svg\",\"contentUrl\":\"https:\/\/thewebdevpoint.com\/wp-content\/uploads\/2024\/10\/Logo.svg\",\"width\":251,\"height\":48,\"caption\":\"Muzeul Pele\u0219\"},\"image\":{\"@id\":\"https:\/\/thewebdevpoint.com\/ro\/#\/schema\/logo\/image\/\"}}]}<\/script>\n<!-- \/ Yoast SEO plugin. -->","yoast_head_json":{"title":"Istoricul Castelului Pele\u0219 &#183; Peles Test","robots":{"index":"noindex","follow":"follow","max-snippet":"max-snippet:-1","max-image-preview":"max-image-preview:large","max-video-preview":"max-video-preview:-1"},"schema":{"@context":"https:\/\/schema.org","@graph":[{"@type":"WebPage","@id":"https:\/\/thewebdevpoint.com\/ro\/despre\/istoricul-castelului-peles\/","url":"https:\/\/thewebdevpoint.com\/ro\/despre\/istoricul-castelului-peles\/","name":"Istoricul Castelului Pele\u0219 &#183; Peles Test","isPartOf":{"@id":"https:\/\/thewebdevpoint.com\/ro\/#website"},"primaryImageOfPage":{"@id":"https:\/\/thewebdevpoint.com\/ro\/despre\/istoricul-castelului-peles\/#primaryimage"},"image":{"@id":"https:\/\/thewebdevpoint.com\/ro\/despre\/istoricul-castelului-peles\/#primaryimage"},"thumbnailUrl":"https:\/\/pelestest.thepoint-agency.com\/wp-content\/uploads\/2016\/08\/1-.-Carol-I-pe-terasa1-222x300.jpg","datePublished":"2024-10-08T11:59:10+00:00","dateModified":"2024-12-18T14:49:34+00:00","breadcrumb":{"@id":"https:\/\/thewebdevpoint.com\/ro\/despre\/istoricul-castelului-peles\/#breadcrumb"},"inLanguage":"fr-FR","potentialAction":[{"@type":"ReadAction","target":["https:\/\/thewebdevpoint.com\/ro\/despre\/istoricul-castelului-peles\/"]}]},{"@type":"ImageObject","inLanguage":"fr-FR","@id":"https:\/\/thewebdevpoint.com\/ro\/despre\/istoricul-castelului-peles\/#primaryimage","url":"https:\/\/pelestest.thepoint-agency.com\/wp-content\/uploads\/2016\/08\/1-.-Carol-I-pe-terasa1-222x300.jpg","contentUrl":"https:\/\/pelestest.thepoint-agency.com\/wp-content\/uploads\/2016\/08\/1-.-Carol-I-pe-terasa1-222x300.jpg"},{"@type":"BreadcrumbList","@id":"https:\/\/thewebdevpoint.com\/ro\/despre\/istoricul-castelului-peles\/#breadcrumb","itemListElement":[{"@type":"ListItem","position":1,"name":"Acas\u0103","item":"https:\/\/thewebdevpoint.com\/"},{"@type":"ListItem","position":2,"name":"Despre","item":"https:\/\/thewebdevpoint.com\/despre\/"},{"@type":"ListItem","position":3,"name":"Istoricul Castelului Pele\u0219"}]},{"@type":"WebSite","@id":"https:\/\/thewebdevpoint.com\/ro\/#website","url":"https:\/\/thewebdevpoint.com\/ro\/","name":"Peles Test","description":"","publisher":{"@id":"https:\/\/thewebdevpoint.com\/ro\/#organization"},"potentialAction":[{"@type":"SearchAction","target":{"@type":"EntryPoint","urlTemplate":"https:\/\/thewebdevpoint.com\/ro\/?s={search_term_string}"},"query-input":{"@type":"PropertyValueSpecification","valueRequired":true,"valueName":"search_term_string"}}],"inLanguage":"fr-FR"},{"@type":"Organization","@id":"https:\/\/thewebdevpoint.com\/ro\/#organization","name":"Muzeul Pele\u0219","alternateName":"MP","url":"https:\/\/thewebdevpoint.com\/ro\/","logo":{"@type":"ImageObject","inLanguage":"fr-FR","@id":"https:\/\/thewebdevpoint.com\/ro\/#\/schema\/logo\/image\/","url":"https:\/\/thewebdevpoint.com\/wp-content\/uploads\/2024\/10\/Logo.svg","contentUrl":"https:\/\/thewebdevpoint.com\/wp-content\/uploads\/2024\/10\/Logo.svg","width":251,"height":48,"caption":"Muzeul Pele\u0219"},"image":{"@id":"https:\/\/thewebdevpoint.com\/ro\/#\/schema\/logo\/image\/"}}]}},"_links":{"self":[{"href":"https:\/\/thewebdevpoint.com\/fr\/wp-json\/wp\/v2\/pages\/8651","targetHints":{"allow":["GET"]}}],"collection":[{"href":"https:\/\/thewebdevpoint.com\/fr\/wp-json\/wp\/v2\/pages"}],"about":[{"href":"https:\/\/thewebdevpoint.com\/fr\/wp-json\/wp\/v2\/types\/page"}],"author":[{"embeddable":true,"href":"https:\/\/thewebdevpoint.com\/fr\/wp-json\/wp\/v2\/users\/1"}],"replies":[{"embeddable":true,"href":"https:\/\/thewebdevpoint.com\/fr\/wp-json\/wp\/v2\/comments?post=8651"}],"version-history":[{"count":4,"href":"https:\/\/thewebdevpoint.com\/fr\/wp-json\/wp\/v2\/pages\/8651\/revisions"}],"predecessor-version":[{"id":16993,"href":"https:\/\/thewebdevpoint.com\/fr\/wp-json\/wp\/v2\/pages\/8651\/revisions\/16993"}],"up":[{"embeddable":true,"href":"https:\/\/thewebdevpoint.com\/fr\/wp-json\/wp\/v2\/pages\/15048"}],"wp:attachment":[{"href":"https:\/\/thewebdevpoint.com\/fr\/wp-json\/wp\/v2\/media?parent=8651"}],"wp:term":[{"taxonomy":"categorie-pagina","embeddable":true,"href":"https:\/\/thewebdevpoint.com\/fr\/wp-json\/wp\/v2\/categorie-pagina?post=8651"}],"curies":[{"name":"wp","href":"https:\/\/api.w.org\/{rel}","templated":true}]}}