{"id":8652,"date":"2024-10-08T11:59:10","date_gmt":"2024-10-08T11:59:10","guid":{"rendered":"https:\/\/pelestest.thepoint-agency.com\/istoricul-castelului-pelisor\/"},"modified":"2024-12-18T16:50:06","modified_gmt":"2024-12-18T14:50:06","slug":"istoricul-castelului-pelisor","status":"publish","type":"page","link":"https:\/\/thewebdevpoint.com\/fr\/despre\/istoricul-castelului-pelisor\/","title":{"rendered":"L&#039;histoire du ch\u00e2teau de Peli\u0219or"},"content":{"rendered":"<div data-elementor-type=\"wp-page\" data-elementor-id=\"8652\" class=\"elementor elementor-8652\" data-elementor-post-type=\"page\">\n\t\t\t\t<div class=\"elementor-element elementor-element-7f1baa41 e-flex e-con-boxed e-con e-parent\" data-id=\"7f1baa41\" data-element_type=\"container\">\n\t\t\t\t\t<div class=\"e-con-inner\">\n\t\t\t\t<div class=\"elementor-element elementor-element-2085b7b5 elementor-widget elementor-widget-text-editor\" data-id=\"2085b7b5\" data-element_type=\"widget\" data-widget_type=\"text-editor.default\">\n\t\t\t\t<div class=\"elementor-widget-container\">\n\t\t\t\t\t\t\t\t\t<div id=\"attachment_1403\" class=\"wp-caption alignleft\"><p><img fetchpriority=\"high\" decoding=\"async\" class=\"size-medium wp-image-1403\" title=\"Ch\u00e2teau de Pelisor, hiver\" src=\"https:\/\/pelestest.thepoint-agency.com\/wp-content\/uploads\/2016\/08\/003-1-300x234.jpg\" alt=\"Castelul Pelisor, iarna\" width=\"300\" height=\"234\" \/><\/p><p class=\"wp-caption-text\">Ch\u00e2teau de Pelisor, hiver<\/p><\/div><p>Le Ch\u00e2teau de Pelisor a \u00e9t\u00e9 ouvert au public en f\u00e9vrier 1993. Le mus\u00e9e, d&#039;une valeur inestimable, qui comprend une valeur historique, m\u00e9morielle et artistique, constitue un \u00e9l\u00e9ment important du patrimoine culturel du peuple roumain. Cet \u00e9difice fait partie int\u00e9grante du vaste ensemble architectural cr\u00e9\u00e9 par le roi Carol Ier dans la vall\u00e9e de la rivi\u00e8re Peles, \u00e0 une \u00e9poque qui chevauche pratiquement toute sa vie en Roumanie. Parall\u00e8lement au ch\u00e2teau de Peles, la maison des chevaliers, la maison du tr\u00e9sorier, la maison des gardes, la maison des architectes, la maison du jardin et plus tard, entre 1899 et 1902, le ch\u00e2teau de Pelisor, cadeau offert par le roi Carol Ier au princes h\u00e9ritiers, furent construits \u00e0 proximit\u00e9.<\/p><p>L&#039;architecte en chef du ch\u00e2teau de Pelisor, Karel Liman, respecte les exigences du client pour l&#039;architecture ext\u00e9rieure, avec des \u00e9l\u00e9ments <em>&quot;Fachwerk&quot;<\/em> mais aussi en ajoutant des \u00e9l\u00e9ments roumains, qui donnent une touche joyeuse \u00e0 l&#039;\u00e9difice : les deux tours recouvertes de tuiles de gr\u00e8s color\u00e9es, comme les clochers des \u00e9glises de Bucovine.<\/p><div id=\"attachment_1404\" class=\"wp-caption alignleft\">\u00a0<\/div><p>Concernant l&#039;architecture int\u00e9rieure, K. Liman a utilis\u00e9, sans doute \u00e0 la demande de la princesse Maria, ainsi que des \u00e9l\u00e9ments de <em>&quot;Art 1900&quot;,<\/em> \u00c9l\u00e9ments roumains : charmes sp\u00e9cifiques de la vall\u00e9e de Prahova, division de l&#039;espace par l&#039;utilisation d&#039;\u00e9l\u00e9ments Brancove, amplification de la fonctionnalit\u00e9 par compartimentage de l&#039;espace sur un plan horizontal. Parce que, \u00e0 travers la compr\u00e9hension progressive de la nature du peuple roumain, avec lequel elle s&#039;est identifi\u00e9e comme aucun autre personnage royal, Maria a compris la n\u00e9cessit\u00e9 d&#039;inclure la fonction\u00a0 <em>&quot;national&quot;<\/em> dans la r\u00e9sidence royale.<\/p><p>La d\u00e9coration int\u00e9rieure, con\u00e7ue par Maria \u00e0 diff\u00e9rentes p\u00e9riodes, 1902-1903 et 1925-1928, illustre sa croyance en la beaut\u00e9. Dans le testament moral adress\u00e9 <em>&quot;Pour le pays et le peuple roumains&quot;<\/em>La reine a avou\u00e9 :\u00a0 <em>&quot;Si toutes les belles choses vous rappellent moi, je serai pleinement r\u00e9compens\u00e9e de l&#039;amour que je vous portais, car pour moi la beaut\u00e9 \u00e9tait un credo.&quot;<\/em><\/p><p>Les efforts artistiques gracieux de Maria n&#039;avaient pas, comme Carol Ier, des pr\u00e9tentions civilisatrices ou exemplaires, ils \u00e9taient la manifestation de son esprit anticonformiste, ouvert au nouveau et avide de libert\u00e9.<\/p><div id=\"attachment_1405\" class=\"wp-caption alignleft\"><p><img decoding=\"async\" class=\"size-medium wp-image-1405\" title=\"La chambre dor\u00e9e\" src=\"https:\/\/pelestest.thepoint-agency.com\/wp-content\/uploads\/2016\/08\/007-300x225.jpg\" alt=\"Dormitorul de aur\" width=\"300\" height=\"225\" \/><\/p><p class=\"wp-caption-text\">La chambre dor\u00e9e<\/p><\/div><p>Comme le palais Cotroceni, Pelisorul vous montrera plusieurs \u00e9tapes de d\u00e9coration, qui illustreront l&#039;\u00e9volution des sentiments et des go\u00fbts de la reine Maria. Depuis <em>&quot;nids d&#039;or&quot;<\/em> o\u00f9 la princesse h\u00e9riti\u00e8re, bless\u00e9e par le monde r\u00e9el, pouvait se r\u00e9fugier pour r\u00eaver loin de la cruelle r\u00e9alit\u00e9, jusqu&#039;\u00e0 la s\u00e9v\u00e8re purification des lignes, la g\u00e9om\u00e9trie du style moderne ou l&#039;inclusion dans le style personnel d&#039;\u00e9l\u00e9ments de l&#039;art roumain, un expression artistique de l&#039;identification de la Reine aux douleurs et aux joies de la nation roumaine. C&#039;est la ligne qui<em>&quot;Reine de tous les Roumains&quot;<\/em> il l&#039;a donn\u00e9, des ann\u00e9es plus tard, au roi Carol Ier et \u00e0 son in\u00e9branlable Allemagne.<\/p><p>Le Ch\u00e2teau de Pelisor r\u00e9v\u00e8le, \u00e0 travers sa d\u00e9coration int\u00e9rieure, la personnalit\u00e9 romantique, myst\u00e9rieuse, audacieuse, promotrice d&#039;un art nouveau et insolite de la reine Maria, car le style qu&#039;elle a choisi pour cela <em>&quot;maison de r\u00eave&quot; <\/em>c&#039;est <em>&quot;Art 1900&quot;.<\/em><\/p>\t\t\t\t\t\t\t\t<\/div>\n\t\t\t\t<\/div>\n\t\t\t\t\t<\/div>\n\t\t\t\t<\/div>\n\t\t\t\t<\/div>","protected":false},"excerpt":{"rendered":"<p>Ch\u00e2teau de Pelisor, hiver. Le ch\u00e2teau de Pelisor a \u00e9t\u00e9 ouvert au public en f\u00e9vrier 1993. Ce mus\u00e9e, d&#039;une valeur inestimable, \u00e0 la fois historique, m\u00e9morielle et artistique, constitue un \u00e9l\u00e9ment important du patrimoine culturel du peuple roumain. Ce b\u00e2timent fait partie int\u00e9grante du vaste ensemble architectural cr\u00e9\u00e9 par le roi Carol Ier dans la vall\u00e9e [\u2026]<\/p>","protected":false},"author":1,"featured_media":0,"parent":15048,"menu_order":0,"comment_status":"closed","ping_status":"open","template":"","meta":{"_acf_changed":false,"footnotes":""},"categorie-pagina":[],"class_list":["post-8652","page","type-page","status-publish","hentry"],"acf":[],"yoast_head":"<!-- This site is optimized with the Yoast SEO plugin v24.1 - https:\/\/yoast.com\/wordpress\/plugins\/seo\/ -->\n<title>Istoricul Castelului Peli\u0219or &#183; Peles Test<\/title>\n<meta name=\"robots\" content=\"noindex, follow, max-snippet:-1, max-image-preview:large, max-video-preview:-1\" \/>\n<script type=\"application\/ld+json\" class=\"yoast-schema-graph\">{\"@context\":\"https:\/\/schema.org\",\"@graph\":[{\"@type\":\"WebPage\",\"@id\":\"https:\/\/thewebdevpoint.com\/despre\/istoricul-castelului-pelisor\/\",\"url\":\"https:\/\/thewebdevpoint.com\/despre\/istoricul-castelului-pelisor\/\",\"name\":\"Istoricul Castelului Peli\u0219or &#183; Peles Test\",\"isPartOf\":{\"@id\":\"https:\/\/thewebdevpoint.com\/ro\/#website\"},\"primaryImageOfPage\":{\"@id\":\"https:\/\/thewebdevpoint.com\/despre\/istoricul-castelului-pelisor\/#primaryimage\"},\"image\":{\"@id\":\"https:\/\/thewebdevpoint.com\/despre\/istoricul-castelului-pelisor\/#primaryimage\"},\"thumbnailUrl\":\"https:\/\/pelestest.thepoint-agency.com\/wp-content\/uploads\/2016\/08\/003-1-300x234.jpg\",\"datePublished\":\"2024-10-08T11:59:10+00:00\",\"dateModified\":\"2024-12-18T14:50:06+00:00\",\"breadcrumb\":{\"@id\":\"https:\/\/thewebdevpoint.com\/despre\/istoricul-castelului-pelisor\/#breadcrumb\"},\"inLanguage\":\"fr-FR\",\"potentialAction\":[{\"@type\":\"ReadAction\",\"target\":[\"https:\/\/thewebdevpoint.com\/despre\/istoricul-castelului-pelisor\/\"]}]},{\"@type\":\"ImageObject\",\"inLanguage\":\"fr-FR\",\"@id\":\"https:\/\/thewebdevpoint.com\/despre\/istoricul-castelului-pelisor\/#primaryimage\",\"url\":\"https:\/\/pelestest.thepoint-agency.com\/wp-content\/uploads\/2016\/08\/003-1-300x234.jpg\",\"contentUrl\":\"https:\/\/pelestest.thepoint-agency.com\/wp-content\/uploads\/2016\/08\/003-1-300x234.jpg\"},{\"@type\":\"BreadcrumbList\",\"@id\":\"https:\/\/thewebdevpoint.com\/despre\/istoricul-castelului-pelisor\/#breadcrumb\",\"itemListElement\":[{\"@type\":\"ListItem\",\"position\":1,\"name\":\"Acas\u0103\",\"item\":\"https:\/\/thewebdevpoint.com\/\"},{\"@type\":\"ListItem\",\"position\":2,\"name\":\"Despre\",\"item\":\"https:\/\/thewebdevpoint.com\/despre\/\"},{\"@type\":\"ListItem\",\"position\":3,\"name\":\"Istoricul Castelului Peli\u0219or\"}]},{\"@type\":\"WebSite\",\"@id\":\"https:\/\/thewebdevpoint.com\/ro\/#website\",\"url\":\"https:\/\/thewebdevpoint.com\/ro\/\",\"name\":\"Peles Test\",\"description\":\"\",\"publisher\":{\"@id\":\"https:\/\/thewebdevpoint.com\/ro\/#organization\"},\"potentialAction\":[{\"@type\":\"SearchAction\",\"target\":{\"@type\":\"EntryPoint\",\"urlTemplate\":\"https:\/\/thewebdevpoint.com\/ro\/?s={search_term_string}\"},\"query-input\":{\"@type\":\"PropertyValueSpecification\",\"valueRequired\":true,\"valueName\":\"search_term_string\"}}],\"inLanguage\":\"fr-FR\"},{\"@type\":\"Organization\",\"@id\":\"https:\/\/thewebdevpoint.com\/ro\/#organization\",\"name\":\"Muzeul Pele\u0219\",\"alternateName\":\"MP\",\"url\":\"https:\/\/thewebdevpoint.com\/ro\/\",\"logo\":{\"@type\":\"ImageObject\",\"inLanguage\":\"fr-FR\",\"@id\":\"https:\/\/thewebdevpoint.com\/ro\/#\/schema\/logo\/image\/\",\"url\":\"https:\/\/thewebdevpoint.com\/wp-content\/uploads\/2024\/10\/Logo.svg\",\"contentUrl\":\"https:\/\/thewebdevpoint.com\/wp-content\/uploads\/2024\/10\/Logo.svg\",\"width\":251,\"height\":48,\"caption\":\"Muzeul Pele\u0219\"},\"image\":{\"@id\":\"https:\/\/thewebdevpoint.com\/ro\/#\/schema\/logo\/image\/\"}}]}<\/script>\n<!-- \/ Yoast SEO plugin. -->","yoast_head_json":{"title":"Istoricul Castelului Peli\u0219or &#183; Peles Test","robots":{"index":"noindex","follow":"follow","max-snippet":"max-snippet:-1","max-image-preview":"max-image-preview:large","max-video-preview":"max-video-preview:-1"},"schema":{"@context":"https:\/\/schema.org","@graph":[{"@type":"WebPage","@id":"https:\/\/thewebdevpoint.com\/despre\/istoricul-castelului-pelisor\/","url":"https:\/\/thewebdevpoint.com\/despre\/istoricul-castelului-pelisor\/","name":"Istoricul Castelului Peli\u0219or &#183; Peles Test","isPartOf":{"@id":"https:\/\/thewebdevpoint.com\/ro\/#website"},"primaryImageOfPage":{"@id":"https:\/\/thewebdevpoint.com\/despre\/istoricul-castelului-pelisor\/#primaryimage"},"image":{"@id":"https:\/\/thewebdevpoint.com\/despre\/istoricul-castelului-pelisor\/#primaryimage"},"thumbnailUrl":"https:\/\/pelestest.thepoint-agency.com\/wp-content\/uploads\/2016\/08\/003-1-300x234.jpg","datePublished":"2024-10-08T11:59:10+00:00","dateModified":"2024-12-18T14:50:06+00:00","breadcrumb":{"@id":"https:\/\/thewebdevpoint.com\/despre\/istoricul-castelului-pelisor\/#breadcrumb"},"inLanguage":"fr-FR","potentialAction":[{"@type":"ReadAction","target":["https:\/\/thewebdevpoint.com\/despre\/istoricul-castelului-pelisor\/"]}]},{"@type":"ImageObject","inLanguage":"fr-FR","@id":"https:\/\/thewebdevpoint.com\/despre\/istoricul-castelului-pelisor\/#primaryimage","url":"https:\/\/pelestest.thepoint-agency.com\/wp-content\/uploads\/2016\/08\/003-1-300x234.jpg","contentUrl":"https:\/\/pelestest.thepoint-agency.com\/wp-content\/uploads\/2016\/08\/003-1-300x234.jpg"},{"@type":"BreadcrumbList","@id":"https:\/\/thewebdevpoint.com\/despre\/istoricul-castelului-pelisor\/#breadcrumb","itemListElement":[{"@type":"ListItem","position":1,"name":"Acas\u0103","item":"https:\/\/thewebdevpoint.com\/"},{"@type":"ListItem","position":2,"name":"Despre","item":"https:\/\/thewebdevpoint.com\/despre\/"},{"@type":"ListItem","position":3,"name":"Istoricul Castelului Peli\u0219or"}]},{"@type":"WebSite","@id":"https:\/\/thewebdevpoint.com\/ro\/#website","url":"https:\/\/thewebdevpoint.com\/ro\/","name":"Peles Test","description":"","publisher":{"@id":"https:\/\/thewebdevpoint.com\/ro\/#organization"},"potentialAction":[{"@type":"SearchAction","target":{"@type":"EntryPoint","urlTemplate":"https:\/\/thewebdevpoint.com\/ro\/?s={search_term_string}"},"query-input":{"@type":"PropertyValueSpecification","valueRequired":true,"valueName":"search_term_string"}}],"inLanguage":"fr-FR"},{"@type":"Organization","@id":"https:\/\/thewebdevpoint.com\/ro\/#organization","name":"Muzeul Pele\u0219","alternateName":"MP","url":"https:\/\/thewebdevpoint.com\/ro\/","logo":{"@type":"ImageObject","inLanguage":"fr-FR","@id":"https:\/\/thewebdevpoint.com\/ro\/#\/schema\/logo\/image\/","url":"https:\/\/thewebdevpoint.com\/wp-content\/uploads\/2024\/10\/Logo.svg","contentUrl":"https:\/\/thewebdevpoint.com\/wp-content\/uploads\/2024\/10\/Logo.svg","width":251,"height":48,"caption":"Muzeul Pele\u0219"},"image":{"@id":"https:\/\/thewebdevpoint.com\/ro\/#\/schema\/logo\/image\/"}}]}},"_links":{"self":[{"href":"https:\/\/thewebdevpoint.com\/fr\/wp-json\/wp\/v2\/pages\/8652","targetHints":{"allow":["GET"]}}],"collection":[{"href":"https:\/\/thewebdevpoint.com\/fr\/wp-json\/wp\/v2\/pages"}],"about":[{"href":"https:\/\/thewebdevpoint.com\/fr\/wp-json\/wp\/v2\/types\/page"}],"author":[{"embeddable":true,"href":"https:\/\/thewebdevpoint.com\/fr\/wp-json\/wp\/v2\/users\/1"}],"replies":[{"embeddable":true,"href":"https:\/\/thewebdevpoint.com\/fr\/wp-json\/wp\/v2\/comments?post=8652"}],"version-history":[{"count":22,"href":"https:\/\/thewebdevpoint.com\/fr\/wp-json\/wp\/v2\/pages\/8652\/revisions"}],"predecessor-version":[{"id":16996,"href":"https:\/\/thewebdevpoint.com\/fr\/wp-json\/wp\/v2\/pages\/8652\/revisions\/16996"}],"up":[{"embeddable":true,"href":"https:\/\/thewebdevpoint.com\/fr\/wp-json\/wp\/v2\/pages\/15048"}],"wp:attachment":[{"href":"https:\/\/thewebdevpoint.com\/fr\/wp-json\/wp\/v2\/media?parent=8652"}],"wp:term":[{"taxonomy":"categorie-pagina","embeddable":true,"href":"https:\/\/thewebdevpoint.com\/fr\/wp-json\/wp\/v2\/categorie-pagina?post=8652"}],"curies":[{"name":"wp","href":"https:\/\/api.w.org\/{rel}","templated":true}]}}