{"id":15700,"date":"2024-12-09T15:04:36","date_gmt":"2024-12-09T13:04:36","guid":{"rendered":"https:\/\/thewebdevpoint.com\/?post_type=personalitati&#038;p=15700"},"modified":"2024-12-09T16:07:12","modified_gmt":"2024-12-09T14:07:12","slug":"regele-carol-i","status":"publish","type":"personalitati","link":"https:\/\/thewebdevpoint.com\/fr\/personalitati\/regele-carol-i\/","title":{"rendered":"le roi Charles Ier"},"content":{"rendered":"<p align=\"justify\">Charles Ier est n\u00e9 le 20 avril 1839 \u00e0 Sigmaringen, en Allemagne, deuxi\u00e8me fils du prince Charles-Anton de Hohenzollern et de Jos\u00e9phine, fille du grand-duc de Bade. \u00c0 partir de 1857, il fr\u00e9quente l&#039;\u00c9cole d&#039;artillerie et d&#039;ing\u00e9nierie de Berlin, et suit \u00e9galement des cours de litt\u00e9rature fran\u00e7aise et d&#039;histoire de l&#039;art \u00e0 l&#039;Universit\u00e9 de Bonn (1863), sous la direction de l&#039;esth\u00e9ticien Anton Springer. Il conna\u00eet une ascension militaire rapide : il est promu au grade de sous-lieutenant en 1857 et de capitaine en 1866. En 1864, il participe comme volontaire dans l&#039;arm\u00e9e prussienne, \u00e0 la guerre contre le Danemark, exp\u00e9rience m\u00e9morable, qu&#039;il r\u00e9p\u00e9tera en 1877-1878 et en 1913.<\/p>\n<p align=\"justify\">En 1866, lorsque Br\u0103tianu offrit la couronne de Roumanie \u00e0 Carol, il \u00e9tait \u00e0 Cobourg, en tant que capitaine du 1er r\u00e9giment de dragons de la garde. Il avait la r\u00e9putation d&#039;un officier distingu\u00e9 et \u00e9tait consid\u00e9r\u00e9 comme un exemple de vertu dans sa vie personnelle et publique.<\/p>\n<p align=\"justify\">Le 10 mai 1866, Carol Ier arrive incognito<i>\u00a0<\/i>\u00e0 Bucarest, \u00e0 la demande du gouvernement roumain ; \u00c0 la suite du pl\u00e9biscite du 2 au 8 avril et avec le consentement du Parlement, il a pr\u00eat\u00e9 serment comme souverain de la Roumanie. Le 1er juillet 1866, la nouvelle Constitution de la Roumanie fut promulgu\u00e9e, qui resta en vigueur, avec quelques amendements, jusqu&#039;en 1923. En 1869, il \u00e9pousa la princesse Elisabeta de Wied. Au cours des ann\u00e9es 1869-1876, Carol accorda une attention particuli\u00e8re \u00e0 l&#039;\u00e9quipement de l&#039;arm\u00e9e roumaine en mat\u00e9riel de combat appropri\u00e9, tout en g\u00e9n\u00e9ralisant la formation technique des troupes roumaines pour repousser une invasion ottomane. D\u00e9fendant les int\u00e9r\u00eats de la Roumanie, il a trait\u00e9 avec fermet\u00e9 et dignit\u00e9 avec le tsar russe Alexandre II et ses ministres sur les questions de coop\u00e9ration militaire et politique entre les deux \u00c9tats. Le prince Carol n&#039;a pas accept\u00e9 que l&#039;arm\u00e9e roumaine participe \u00e0 la guerre anti-ottomane sous commandement russe. Durant la guerre d&#039;ind\u00e9pendance, il commande l&#039;arm\u00e9e de l&#039;Ouest (38 000 soldats roumains et 52 000 soldats russes) et coordonne les op\u00e9rations visant \u00e0 encercler et \u00e0 d\u00e9truire le groupe command\u00e9 par Osman Pacha \u00e0 Plevna. Il s&#039;est prononc\u00e9 en faveur de la pr\u00e9servation de l&#039;int\u00e9grit\u00e9 et de la d\u00e9fense de l&#039;ind\u00e9pendance, \u00e0 l&#039;occasion des pr\u00e9liminaires du Congr\u00e8s de la paix de Berlin, \u00e0 l&#039;\u00e9t\u00e9 1878. Le 14 mars 1881, le Parlement a proclam\u00e9 \u00e0 l&#039;unanimit\u00e9 Carol Ier roi de Roumanie. Les festivit\u00e9s du Couronnement eurent lieu le 10 mai 1881. Le rapport du Conseil des ministres soulignait\u00a0: \u00ab\u00a0La Roumanie, \u00e9rig\u00e9e en Royaume, ach\u00e8ve et couronne l\u2019\u0153uvre de sa r\u00e9g\u00e9n\u00e9ration. Elle se donne un nom conforme \u00e0 la position qu\u2019elle a acquise en tant qu\u2019\u00c9tat ind\u00e9pendant.\u00a0\u00bb<i>.<\/i>\u00a0Le couronnement de Carol Ier et de son \u00e9pouse, Elisabeta, a eu lieu \u00e0 Bucarest. La couronne port\u00e9e par Carol Ier \u00e0 cette occasion a \u00e9t\u00e9 coul\u00e9e dans l&#039;acier d&#039;un canon ottoman captur\u00e9 par l&#039;arm\u00e9e roumaine \u00e0 Plevna, en novembre 1877. La couronne en acier avait une signification profonde, \u00e0 savoir celle de \u00ab ratifier \u00bb le droit de la Roumanie \u00ab \u00e0 suivre sa propre voie, \u00e0 rechercher seule des alliances et \u00e0 d\u00e9cider de sa propre politique \u00bb, comme le soulignait un article d&#039;un quotidien autrichien.<\/p>\n<p align=\"justify\">En octobre 1883, le roi Carol Ier favorisa la conclusion du trait\u00e9 politico-militaire secret entre la Roumanie et l&#039;Autriche-Hongrie, auquel adh\u00e9r\u00e8rent plus tard l&#039;Allemagne et l&#039;Italie. Ce trait\u00e9 \u00e9tait \u00e0 l\u2019\u00e9poque la seule solution pour contrer une \u00e9ventuelle offensive russe contre la Roumanie. La politique \u00e9trang\u00e8re de notre pays \u00e0 la fin du XIXe si\u00e8cle et au d\u00e9but du XXe si\u00e8cle, promue par le roi Carol Ier, visait \u00e0 consolider l&#039;ind\u00e9pendance et \u00e0 d\u00e9fendre l&#039;int\u00e9grit\u00e9 territoriale. La Roumanie cherchait \u00e0 rester autant que possible en dehors d&#039;un conflit europ\u00e9en, l&#039;objectif de Carol Ier \u00e9tant de placer la neutralit\u00e9 du pays sous la protection de la Triple Alliance. Au Conseil de la Couronne tenu au ch\u00e2teau de Pele\u015f, le 3 ao\u00fbt 1914, le roi Carol Ier accepta, conform\u00e9ment aux int\u00e9r\u00eats du pays, l&#039;adoption par la Roumanie d&#039;une position de neutralit\u00e9 arm\u00e9e, d&#039;expectative arm\u00e9e.<\/p>\n<p align=\"justify\">L&#039;ensemble du r\u00e8gne de Carol Ier fut caract\u00e9ris\u00e9 par une stabilit\u00e9 politique remarquable, gouvernant avec mod\u00e9ration et modestie les factions et les partis politiques. C&#039;\u00e9tait un souverain s\u00e9rieux et protocolaire, qui n&#039;avait pas de favoris, \u00e9tant m\u00e9ticuleux et pr\u00e9cis dans tout ce qu&#039;il faisait, cherchant \u00e0 imposer le m\u00eame style d&#039;activit\u00e9 \u00e0 ses collaborateurs. En m\u00eame temps, il \u00e9tait un militaire accompli et un politicien habile aux opinions lib\u00e9rales.<\/p>\n<p>Nous soulignons quelques r\u00e9alisations moins connues de la Roumanie sous le r\u00e8gne du roi Carol Ier :<\/p>\n<ul>\n<li>\n<p align=\"justify\">Le 31 octobre 1869, la ligne de chemin de fer Bucarest-Giurgiu a \u00e9t\u00e9 officiellement inaugur\u00e9e, ainsi que la premi\u00e8re gare de Bucarest, la gare de Filaret.<\/p>\n<\/li>\n<li>\n<p align=\"justify\">Le 12 novembre 1871, l&#039;usine de gaz d&#039;air Filaret a \u00e9t\u00e9 inaugur\u00e9e.<\/p>\n<\/li>\n<li>\n<p align=\"justify\">Le 25 septembre 1872, la gare du Nord de Bucarest a \u00e9t\u00e9 cr\u00e9\u00e9e (appel\u00e9e, jusqu&#039;en 1888, \u00ab Gare de T\u00e2rgovi\u015ftii \u00bb).<\/p>\n<\/li>\n<li>\n<p align=\"justify\">D\u00e9but de l&#039;activit\u00e9 des Ateliers Ferroviaires de Bucarest.<\/p>\n<\/li>\n<li>\n<p align=\"justify\">Le 26 d\u00e9cembre 1872, le tramway hippomobile est introduit.<\/p>\n<\/li>\n<li>\n<p align=\"justify\">En 1875, l&#039;usine d&#039;huile v\u00e9g\u00e9tale a \u00e9t\u00e9 fond\u00e9e \u00e0 Bucarest.<\/p>\n<\/li>\n<li>\n<p align=\"justify\">Le 15 d\u00e9cembre 1875, la \u00ab Banque de Bucarest \u00bb (\u00e0 capital fran\u00e7ais) d\u00e9bute son activit\u00e9.<\/p>\n<\/li>\n<li>\n<p align=\"justify\">Le 16 juillet 1876, la \u00ab Soci\u00e9t\u00e9 nationale de la Croix-Rouge de Roumanie \u00bb est cr\u00e9\u00e9e \u00e0 Bucarest.<\/p>\n<\/li>\n<li>\n<p align=\"justify\">Le 8 juin 1897, la premi\u00e8re pierre du Palais de la \u00ab Maison des D\u00e9p\u00f4ts, des Consignations et de l&#039;\u00c9conomie \u00bb (CEC) fut pos\u00e9e, en pr\u00e9sence du Roi Carol Ier et de la Reine Elisabeth. Le palais a \u00e9t\u00e9 inaugur\u00e9 en 1900, la premi\u00e8re r\u00e9union du Conseil d&#039;Administration, dans les nouveaux locaux, a eu lieu le 15 juin.<\/p>\n<\/li>\n<li>\n<p align=\"justify\">Le 27 janvier 1903, la \u00ab Conf\u00e9d\u00e9ration patronale UGIR \u00bb a \u00e9t\u00e9 fond\u00e9e \u00e0 Bucarest, visant le d\u00e9veloppement \u00e9conomique et la modernisation de la soci\u00e9t\u00e9 roumaine.<\/p>\n<\/li>\n<li>\n<p align=\"justify\">Le 17 janvier 1906, la premi\u00e8re \u00ab Loi sur les brevets \u00bb a \u00e9t\u00e9 promulgu\u00e9e et l\u2019\u00ab Office des brevets \u00bb a \u00e9t\u00e9 cr\u00e9\u00e9, aujourd\u2019hui appel\u00e9 Office d\u2019\u00c9tat pour les inventions et les marques. Auparavant, en 1879, la Roumanie avait produit la premi\u00e8re \u00ab Loi sur les marques \u00bb.<\/p>\n<\/li>\n<li>\n<p align=\"justify\">En 1908, l&#039;\u00ab Observatoire astronomique \u00bb avec un plan\u00e9tarium (\u00ab Observatoire du peuple \u00bb) a \u00e9t\u00e9 fond\u00e9.<\/p>\n<\/li>\n<li>\n<p align=\"justify\">Sous le r\u00e8gne de Carol Ier, 40 h\u00f4pitaux ruraux furent construits en 1906, dont certains sont encore en activit\u00e9 aujourd&#039;hui.<\/p>\n<\/li>\n<li>\n<p align=\"justify\">Sous son sceptre, de nombreuses universit\u00e9s et coll\u00e8ges nationaux (lyc\u00e9es) ont \u00e9t\u00e9 fond\u00e9s, des \u00e9difices importants du patrimoine artistique de la Roumanie dans tout le pays, qui fonctionnent encore aujourd&#039;hui.<\/p>\n<\/li>\n<\/ul>","protected":false},"featured_media":15712,"parent":0,"menu_order":0,"template":"","meta":{"_acf_changed":false},"categories":[],"class_list":["post-15700","personalitati","type-personalitati","status-publish","has-post-thumbnail","hentry"],"acf":[],"yoast_head":"<!-- This site is optimized with the Yoast SEO plugin v24.1 - https:\/\/yoast.com\/wordpress\/plugins\/seo\/ -->\n<title>Regele Carol I &#183; Peles Test<\/title>\n<meta name=\"robots\" content=\"noindex, follow, max-snippet:-1, max-image-preview:large, max-video-preview:-1\" \/>\n<script type=\"application\/ld+json\" class=\"yoast-schema-graph\">{\"@context\":\"https:\/\/schema.org\",\"@graph\":[{\"@type\":\"WebPage\",\"@id\":\"https:\/\/thewebdevpoint.com\/personalitati\/regele-carol-i\/\",\"url\":\"https:\/\/thewebdevpoint.com\/personalitati\/regele-carol-i\/\",\"name\":\"Regele Carol I &#183; Peles Test\",\"isPartOf\":{\"@id\":\"https:\/\/thewebdevpoint.com\/ro\/#website\"},\"primaryImageOfPage\":{\"@id\":\"https:\/\/thewebdevpoint.com\/personalitati\/regele-carol-i\/#primaryimage\"},\"image\":{\"@id\":\"https:\/\/thewebdevpoint.com\/personalitati\/regele-carol-i\/#primaryimage\"},\"thumbnailUrl\":\"https:\/\/thewebdevpoint.com\/wp-content\/uploads\/2024\/12\/5.jpg\",\"datePublished\":\"2024-12-09T13:04:36+00:00\",\"dateModified\":\"2024-12-09T14:07:12+00:00\",\"breadcrumb\":{\"@id\":\"https:\/\/thewebdevpoint.com\/personalitati\/regele-carol-i\/#breadcrumb\"},\"inLanguage\":\"fr-FR\",\"potentialAction\":[{\"@type\":\"ReadAction\",\"target\":[\"https:\/\/thewebdevpoint.com\/personalitati\/regele-carol-i\/\"]}]},{\"@type\":\"ImageObject\",\"inLanguage\":\"fr-FR\",\"@id\":\"https:\/\/thewebdevpoint.com\/personalitati\/regele-carol-i\/#primaryimage\",\"url\":\"https:\/\/thewebdevpoint.com\/wp-content\/uploads\/2024\/12\/5.jpg\",\"contentUrl\":\"https:\/\/thewebdevpoint.com\/wp-content\/uploads\/2024\/12\/5.jpg\",\"width\":594,\"height\":815},{\"@type\":\"BreadcrumbList\",\"@id\":\"https:\/\/thewebdevpoint.com\/personalitati\/regele-carol-i\/#breadcrumb\",\"itemListElement\":[{\"@type\":\"ListItem\",\"position\":1,\"name\":\"Acas\u0103\",\"item\":\"https:\/\/thewebdevpoint.com\/\"},{\"@type\":\"ListItem\",\"position\":2,\"name\":\"Personalit\u0103\u021bi\",\"item\":\"https:\/\/thewebdevpoint.com\/ro\/personalitati\/\"},{\"@type\":\"ListItem\",\"position\":3,\"name\":\"Regele Carol I\"}]},{\"@type\":\"WebSite\",\"@id\":\"https:\/\/thewebdevpoint.com\/ro\/#website\",\"url\":\"https:\/\/thewebdevpoint.com\/ro\/\",\"name\":\"Peles Test\",\"description\":\"\",\"publisher\":{\"@id\":\"https:\/\/thewebdevpoint.com\/ro\/#organization\"},\"potentialAction\":[{\"@type\":\"SearchAction\",\"target\":{\"@type\":\"EntryPoint\",\"urlTemplate\":\"https:\/\/thewebdevpoint.com\/ro\/?s={search_term_string}\"},\"query-input\":{\"@type\":\"PropertyValueSpecification\",\"valueRequired\":true,\"valueName\":\"search_term_string\"}}],\"inLanguage\":\"fr-FR\"},{\"@type\":\"Organization\",\"@id\":\"https:\/\/thewebdevpoint.com\/ro\/#organization\",\"name\":\"Muzeul Pele\u0219\",\"alternateName\":\"MP\",\"url\":\"https:\/\/thewebdevpoint.com\/ro\/\",\"logo\":{\"@type\":\"ImageObject\",\"inLanguage\":\"fr-FR\",\"@id\":\"https:\/\/thewebdevpoint.com\/ro\/#\/schema\/logo\/image\/\",\"url\":\"https:\/\/thewebdevpoint.com\/wp-content\/uploads\/2024\/10\/Logo.svg\",\"contentUrl\":\"https:\/\/thewebdevpoint.com\/wp-content\/uploads\/2024\/10\/Logo.svg\",\"width\":251,\"height\":48,\"caption\":\"Muzeul Pele\u0219\"},\"image\":{\"@id\":\"https:\/\/thewebdevpoint.com\/ro\/#\/schema\/logo\/image\/\"}}]}<\/script>\n<!-- \/ Yoast SEO plugin. -->","yoast_head_json":{"title":"Regele Carol I &#183; Peles Test","robots":{"index":"noindex","follow":"follow","max-snippet":"max-snippet:-1","max-image-preview":"max-image-preview:large","max-video-preview":"max-video-preview:-1"},"schema":{"@context":"https:\/\/schema.org","@graph":[{"@type":"WebPage","@id":"https:\/\/thewebdevpoint.com\/personalitati\/regele-carol-i\/","url":"https:\/\/thewebdevpoint.com\/personalitati\/regele-carol-i\/","name":"Regele Carol I &#183; Peles Test","isPartOf":{"@id":"https:\/\/thewebdevpoint.com\/ro\/#website"},"primaryImageOfPage":{"@id":"https:\/\/thewebdevpoint.com\/personalitati\/regele-carol-i\/#primaryimage"},"image":{"@id":"https:\/\/thewebdevpoint.com\/personalitati\/regele-carol-i\/#primaryimage"},"thumbnailUrl":"https:\/\/thewebdevpoint.com\/wp-content\/uploads\/2024\/12\/5.jpg","datePublished":"2024-12-09T13:04:36+00:00","dateModified":"2024-12-09T14:07:12+00:00","breadcrumb":{"@id":"https:\/\/thewebdevpoint.com\/personalitati\/regele-carol-i\/#breadcrumb"},"inLanguage":"fr-FR","potentialAction":[{"@type":"ReadAction","target":["https:\/\/thewebdevpoint.com\/personalitati\/regele-carol-i\/"]}]},{"@type":"ImageObject","inLanguage":"fr-FR","@id":"https:\/\/thewebdevpoint.com\/personalitati\/regele-carol-i\/#primaryimage","url":"https:\/\/thewebdevpoint.com\/wp-content\/uploads\/2024\/12\/5.jpg","contentUrl":"https:\/\/thewebdevpoint.com\/wp-content\/uploads\/2024\/12\/5.jpg","width":594,"height":815},{"@type":"BreadcrumbList","@id":"https:\/\/thewebdevpoint.com\/personalitati\/regele-carol-i\/#breadcrumb","itemListElement":[{"@type":"ListItem","position":1,"name":"Acas\u0103","item":"https:\/\/thewebdevpoint.com\/"},{"@type":"ListItem","position":2,"name":"Personalit\u0103\u021bi","item":"https:\/\/thewebdevpoint.com\/ro\/personalitati\/"},{"@type":"ListItem","position":3,"name":"Regele Carol I"}]},{"@type":"WebSite","@id":"https:\/\/thewebdevpoint.com\/ro\/#website","url":"https:\/\/thewebdevpoint.com\/ro\/","name":"Peles Test","description":"","publisher":{"@id":"https:\/\/thewebdevpoint.com\/ro\/#organization"},"potentialAction":[{"@type":"SearchAction","target":{"@type":"EntryPoint","urlTemplate":"https:\/\/thewebdevpoint.com\/ro\/?s={search_term_string}"},"query-input":{"@type":"PropertyValueSpecification","valueRequired":true,"valueName":"search_term_string"}}],"inLanguage":"fr-FR"},{"@type":"Organization","@id":"https:\/\/thewebdevpoint.com\/ro\/#organization","name":"Muzeul Pele\u0219","alternateName":"MP","url":"https:\/\/thewebdevpoint.com\/ro\/","logo":{"@type":"ImageObject","inLanguage":"fr-FR","@id":"https:\/\/thewebdevpoint.com\/ro\/#\/schema\/logo\/image\/","url":"https:\/\/thewebdevpoint.com\/wp-content\/uploads\/2024\/10\/Logo.svg","contentUrl":"https:\/\/thewebdevpoint.com\/wp-content\/uploads\/2024\/10\/Logo.svg","width":251,"height":48,"caption":"Muzeul Pele\u0219"},"image":{"@id":"https:\/\/thewebdevpoint.com\/ro\/#\/schema\/logo\/image\/"}}]}},"_links":{"self":[{"href":"https:\/\/thewebdevpoint.com\/fr\/wp-json\/wp\/v2\/personalitati\/15700","targetHints":{"allow":["GET"]}}],"collection":[{"href":"https:\/\/thewebdevpoint.com\/fr\/wp-json\/wp\/v2\/personalitati"}],"about":[{"href":"https:\/\/thewebdevpoint.com\/fr\/wp-json\/wp\/v2\/types\/personalitati"}],"wp:featuredmedia":[{"embeddable":true,"href":"https:\/\/thewebdevpoint.com\/fr\/wp-json\/wp\/v2\/media\/15712"}],"wp:attachment":[{"href":"https:\/\/thewebdevpoint.com\/fr\/wp-json\/wp\/v2\/media?parent=15700"}],"wp:term":[{"taxonomy":"category","embeddable":true,"href":"https:\/\/thewebdevpoint.com\/fr\/wp-json\/wp\/v2\/categories?post=15700"}],"curies":[{"name":"wp","href":"https:\/\/api.w.org\/{rel}","templated":true}]}}