{"id":15701,"date":"2024-12-09T15:04:54","date_gmt":"2024-12-09T13:04:54","guid":{"rendered":"https:\/\/thewebdevpoint.com\/?post_type=personalitati&#038;p=15701"},"modified":"2024-12-17T17:54:40","modified_gmt":"2024-12-17T15:54:40","slug":"regina-elisabeta","status":"publish","type":"personalitati","link":"https:\/\/thewebdevpoint.com\/fr\/personalitati\/regina-elisabeta\/","title":{"rendered":"La reine Elizabeth"},"content":{"rendered":"<p align=\"justify\">Elisabeta-Paulina-Otilia-Luisa (1843-1916), princesse de Neuwied et premi\u00e8re reine de Roumanie, d\u00e9montra d\u00e8s les premi\u00e8res ann\u00e9es de sa vie des dons intellectuels exceptionnels et une \u00e2me d&#039;artiste. Sous la conduite attentive de son p\u00e8re, le prince Hermann de Wied, \u00e0 la fois penseur, scientifique et artiste, la future souveraine b\u00e9n\u00e9ficia des bienfaits spirituels d&#039;une culture exceptionnelle. Jusqu&#039;en 1869, ann\u00e9e de son mariage avec le prince Carol, elle partage son existence entre \u00e9tudes et activit\u00e9s caritatives, sous le regard exigeant de sa m\u00e8re, Marie de Nassau. Il \u00e9tudie ainsi les langues classiques, la litt\u00e9rature fran\u00e7aise et anglaise, la philosophie, l&#039;histoire, la grammaire, et d\u00e9montre un talent extraordinaire pour assimiler les langues \u00e9trang\u00e8res : italien, fran\u00e7ais, anglais, su\u00e9dois et russe. Parall\u00e8lement, il re\u00e7oit des cours de piano aupr\u00e8s de Clara Schumann et d&#039;Arthur Rubinstein, apprend le dessin, l&#039;aquarelle et la peinture, et \u00e9tudie l&#039;orgue et le clavecin. Il a perfectionn\u00e9 sa culture en suivant de brillants cours de philosophie dans des universit\u00e9s prestigieuses comme Budapest et Heidelberg, et son talent en approfondissant ses comp\u00e9tences en peinture \u00e0 l&#039;Acad\u00e9mie des Beaux-Arts de Berlin. Des lectures continues, des cours de musique et une inclination pr\u00e9coce pour la po\u00e9sie et l&#039;\u00e9criture ont repr\u00e9sent\u00e9 tout au long de son existence mouvement\u00e9e un style de vie et un refuge contre la solitude et le malheur personnel.<\/p>\n<p align=\"justify\">Malgr\u00e9 la situation politique compliqu\u00e9e, les premi\u00e8res ann\u00e9es de son r\u00e8gne lui apport\u00e8rent l&#039;\u00e9quilibre et la s\u00e9r\u00e9nit\u00e9 tant attendus : en 1870, na\u00eet la princesse M\u0103rioara, enfant unique du couple princier, mais la joie fut de courte dur\u00e9e. Brutalement priv\u00e9e du bonheur d&#039;\u00eatre m\u00e8re, Elisabeta concentre son \u00e9norme \u00e9nergie et son affection sur les choses qui d\u00e9finissent son caract\u00e8re g\u00e9n\u00e9reux et impliqu\u00e9 : son d\u00e9vouement exemplaire manifest\u00e9 pendant la guerre d&#039;ind\u00e9pendance (1877-1878), lorsqu&#039;elle patronnait le service de la Croix-Rouge, lui a valu le surnom de\u00a0<i>&quot;la m\u00e8re des bless\u00e9s&quot;.<\/i>\u00a0<i>\u00ab Ne vous plaignez pas de vos souffrances, car vous apprenez \u00e0 aider. \u00bb\u00a0<\/i>recommander la future reine en\u00a0<i>&quot;Pens\u00e9es&quot;\u00a0<\/i>c&#039;est. Fid\u00e8le \u00e0 ses propres d\u00e9clarations, elle a fond\u00e9 ou patronn\u00e9 des \u00e9coles, des \u0153uvres caritatives et des h\u00f4pitaux, mais elle a surtout men\u00e9 une vaste activit\u00e9 de m\u00e9c\u00e9nat : Elisabeta a d\u00e9couvert ou soutenu moralement et financi\u00e8rement de jeunes talents ou des artistes d\u00e9j\u00e0 confirm\u00e9s, tant de Roumanie que de l&#039;\u00e9tranger. Des personnalit\u00e9s telles que George Enescu, Dumitru Dinicu, Nicolae Grigorescu, Elena V\u0103c\u0103rescu, IL Caragiale, Vasile Alecsandri ont b\u00e9n\u00e9fici\u00e9 de la bienveillance et de l&#039;attention de la reine.<\/p>\n<p align=\"justify\">D\u00e9sint\u00e9ress\u00e9e de la politique, pour laquelle elle montrait plut\u00f4t du m\u00e9pris, la reine se consacrait \u00e0 des soir\u00e9es musicales et litt\u00e9raires, qu&#039;elle organisait r\u00e9guli\u00e8rement, d&#039;abord dans la r\u00e9sidence royale de Bucarest, puis dans le cadre majestueux du ch\u00e2teau de Pele\u015f. Les salles de musique du ch\u00e2teau, impr\u00e9gn\u00e9es de l&#039;esprit du romantisme allemand, ont accueilli des personnalit\u00e9s c\u00e9l\u00e8bres du monde litt\u00e9raire et musical, telles que Pierre Loti, Sarasate, Paderevski, R\u00e9jane, Eleonore Duse, Sarah Bernhardt et bien d&#039;autres.  Encourag\u00e9e par Vasile Alecsadri \u00e0 \u00e9crire, Elisabeta s&#039;est r\u00e9v\u00e9l\u00e9e \u00eatre une auteure prolifique de romans, d&#039;essais, de satires, de pi\u00e8ces de th\u00e9\u00e2tre, d&#039;articles d&#039;avant-garde, de contes de f\u00e9es pour enfants, mais aussi une traductrice talentueuse du folklore et de la po\u00e9sie roumains. Sous le pseudonyme litt\u00e9raire,,<i>Carmen Sylva<\/i>&quot;, La Reine devient membre de l&#039;Acad\u00e9mie fran\u00e7aise, qui lui d\u00e9cerne le prestigieux prix &quot;, en 1888<i>Bottines<\/i>&quot;pour le volume des vers,,<i>\u00ab M\u00e9ditations d&#039;une reine \u00bb,\u00a0<\/i>mais aussi le c\u0153ur des Anglo-Saxons, qui lui d\u00e9cern\u00e8rent en 1890 avec des honneurs particuliers le titre de &quot;...<i>Barde d&#039;\u00c9cosse<\/i>&quot;. Dot\u00e9e d&#039;un talent naturel multiforme, la reine transforme tout ce qu&#039;elle touche en art : ses broderies \u00e9labor\u00e9es sont r\u00e9compens\u00e9es lors d&#039;expositions prestigieuses, ses manuscrits enlumin\u00e9s trouvent leur chemin jusqu&#039;aux lieux de culte et ses peintures d\u00e9corent les int\u00e9rieurs et les meubles des r\u00e9sidences royales.<\/p>\n<p align=\"justify\">La souveraine que la reine Mary appelle avec admiration\u00a0<i>&quot;le faiseur de r\u00eaves&quot;<\/i>\u00a0Elle fut tour \u00e0 tour une protectrice des arts, un homme de lettres distingu\u00e9 et une reine d\u00e9vou\u00e9e \u00e0 sa patrie d&#039;adoption, mais aussi l&#039;une des personnalit\u00e9s f\u00e9minines les plus brillantes de son si\u00e8cle.<\/p>\n<p align=\"justify\"><b>ORGANISMES DE BIENFAISANCE PARRAIN\u00c9S PAR LA REINE \u00c9LISABETH<\/b><\/p>\n<p align=\"justify\">Nicolae Iorga a attribu\u00e9 \u00e0 juste titre \u00e0 Elizabeth le m\u00e9rite d&#039;avoir \u00e9t\u00e9 impos\u00e9e du haut du tr\u00f4ne royal\u00a0<i>\u00ab (\u2026) un sens de l\u2019intellectualit\u00e9, un respect de la culture, une religion de l\u2019art, un sacerdoce de la po\u00e9sie, qui ont aussi \u00e9lev\u00e9 la Roumanie \u00bb<\/i>. Parall\u00e8lement \u00e0 la vaste activit\u00e9 culturelle men\u00e9e de mani\u00e8re constante depuis pr\u00e8s de cinq d\u00e9cennies, elle s&#039;est fait remarquer par son implication inlassable dans la cr\u00e9ation d&#039;un syst\u00e8me de charit\u00e9, tout en encourageant les dames de la haute soci\u00e9t\u00e9 \u00e0 jouer un r\u00f4le actif dans la collecte de fonds et la gestion d&#039;actes philanthropiques.<\/p>\n<p align=\"justify\">Imm\u00e9diatement apr\u00e8s son arriv\u00e9e en Roumanie, il obtint des souscriptions pour l&#039;ach\u00e8vement de la construction de l&#039;asile,<i>Mme Elena<\/i>&quot;, un projet initi\u00e9 par Elena Rosetti Cuza, l&#039;\u00e9pouse du prince Al. I. Cuza, en 1862. La princesse offrit g\u00e9n\u00e9reusement, sur ses \u00e9conomies personnelles, la somme de 12 000 francs pour la construction d&#039;une chapelle dans l&#039;enceinte de l&#039;asile, dont la premi\u00e8re pierre fut pos\u00e9e en mai 1870.<\/p>\n<p align=\"justify\">Six ans plus tard, il fonde,<i>Soci\u00e9t\u00e9 nationale de la Croix-Rouge<\/i>&quot; de Roumanie, dont elle est la pr\u00e9sidente d&#039;honneur. Avec le d\u00e9clenchement de la guerre d&#039;ind\u00e9pendance, il cr\u00e9e avec le g\u00e9n\u00e9ral Carol Davila, inspecteur du service sanitaire roumain,<i>Service d&#039;ambulance<\/i>&quot;. Parall\u00e8lement, des h\u00f4pitaux de campagne sont cr\u00e9\u00e9s, et huit m\u00e9decins militaires allemands sont actifs dans les Principaut\u00e9s sous la direction directe du souverain. Dans la zone du palais de Cotroceni, deux casernes pour les bless\u00e9s sont construites \u00e0 partir du fonds personnel d&#039;Elisabeth, qui fournit 36 000 francs, soit toutes ses \u00e9conomies, et la gare de Cotroceni est transform\u00e9e en h\u00f4pital sous la coordination du Dr Wilhelm Kremnitz.<\/p>\n<p align=\"justify\">,,<i>Institut des Soeurs de la Charit\u00e9<\/i>&quot; \u00e0 Bucarest, fond\u00e9e en 1879, \u00e0 partir des revenus personnels de la reine, fonctionne dans un b\u00e2timent achet\u00e9 par elle sous le commandement initial d&#039;Alexandrina Florescu et sous la direction d&#039;un comit\u00e9 \u00e9galement contr\u00f4l\u00e9 par la souveraine. Le personnel recrut\u00e9 parmi les infirmi\u00e8res ou les religieuses travaille dans les h\u00f4pitaux, soignant les malades \u00e0 domicile, les bless\u00e9s de guerre, etc. L&#039;institut accepte tout type de don sans r\u00e9serve.<\/p>\n<p align=\"justify\">Il m\u00e8ne \u00e9galement une importante activit\u00e9 philanthropique.<i>Soci\u00e9t\u00e9 de la Reine Elizabeth<\/i>&quot;, fond\u00e9e en 1893, qui traite environ 17 000 patients par an, distribue des m\u00e9dicaments gratuits et surveille l&#039;\u00e9tat des familles dans le besoin. La responsabilit\u00e9 incombe \u00e0 un conseil d&#039;administration compos\u00e9 de quinze membres, coordonn\u00e9, entre autres, par Mihail Su\u0163u, l&#039;ancien gouverneur de la Banque nationale de Roumanie, mais aussi par quinze aristocrates nomm\u00e9s par la reine, dont la pr\u00e9sidente \u00e9tait Maria Poenaru, dame d&#039;honneur du Palais. Peu \u00e0 peu, la soci\u00e9t\u00e9 se consolide, atteignant un capital de 1 500 000 francs en 1905. Chaque ann\u00e9e, les journaux publient un rapport de toutes les activit\u00e9s de la Soci\u00e9t\u00e9, ainsi qu&#039;un r\u00e9sum\u00e9 de la situation financi\u00e8re. Les quinze dames visitent les foyers des pauvres et rapportent fid\u00e8lement la situation sur le terrain, toute leur conduite \u00e9tant surveill\u00e9e par le souverain.<\/p>\n<p align=\"justify\">,,<i>Polyclinique Reine Elizabeth<\/i>&quot;, fond\u00e9e en 1895, offre des consultations gratuites aux pauvres, sous la coordination vigilante de Mme Maria Boerescu et sous le patronage honoraire d&#039;Elisabeta, ainsi que\u00a0<i>&quot;Le berceau de Sainte Catherine&quot;<\/i>, fond\u00e9e et maintenue par Ecaterina Cantacuzino. De nouvelles soci\u00e9t\u00e9s \u00e9mergent, telles que,<i>m\u00e8re<\/i>&quot;, dirig\u00e9e par Mme Cre\u0163ulescu, professeur \u00e0 la Facult\u00e9 de M\u00e9decine de Paris, ,,<i>Institut \u00e9vang\u00e9lique des diaconesses<\/i>&quot; de Bucarest, qui patronnait un sanatorium dans la capitale et une \u00e9cole \u00e0 Ploie\u015fti, les Soci\u00e9t\u00e9s,,<i>Pain quotidien<\/i>&quot; et &quot;<i>Tibi\u015foi<\/i>&quot;dirig\u00e9 par Mme Br\u0103iloiu. Ces derniers distribuaient des v\u00eatements aux enfants et venaient en aide aux familles en cas de maladie ou d&#039;incapacit\u00e9 des parents \u00e0 travailler.<i>\u00ab La Soci\u00e9t\u00e9 de bienfaisance \u00bb\u00a0<\/i>de Ia\u015fi, H\u00f4pital,,<i>\u00c9LISABETH<\/i>&quot; de Galati, la Soci\u00e9t\u00e9,,<i>Pence<\/i>&quot;, plac\u00e9 sous le patronage de la princesse Marie, dirig\u00e9 par Mme Perekyde, n\u00e9e Marghiloman, soutient toutes les \u0153uvres charitables de Neuwied, initi\u00e9es par Marie de Wied, la m\u00e8re de la reine : l&#039;h\u00f4pital, l&#039;orphelinat, l&#039;Institut pour les sourds-muets et les aveugles.<\/p>\n<p align=\"justify\">La Reine a eu l\u2019intelligence de comprendre l\u2019\u00e9norme potentiel de la culture traditionnelle roumaine avec ses sp\u00e9cificit\u00e9s artisanales et agricoles. \u00c9merveill\u00e9e par la beaut\u00e9 du costume populaire, elle l&#039;adopta sans r\u00e9serve puis l&#039;imposa \u00e0 la suite royale dans le cadre majestueux de la cour, lui conf\u00e9rant un haut statut social. La Reine encourage le d\u00e9veloppement de l\u2019industrie locale, contribuant ainsi \u00e0 l\u2019\u00e9mancipation sociale des femmes roumaines. La Soci\u00e9t\u00e9 appara\u00eet,,<i>Concordia<\/i>&quot;, cr\u00e9\u00e9e pour favoriser le d\u00e9veloppement de l&#039;industrie textile en Roumanie, la Soci\u00e9t\u00e9,,<i>Fourmi<\/i>&quot;, pr\u00e9sid\u00e9 par Elena Cornescu, n\u00e9e Manu. Les broderies r\u00e9alis\u00e9es ici sont appr\u00e9ci\u00e9es \u00e0 Londres et \u00e0 Paris par les grandes Maisons de Couture. En 1905, \u00e0 Paris, au Pavillon Marsan, s&#039;ouvre l&#039;exposition de broderies d&#039;Anna Roth, qui dirigeait l&#039;atelier de broderie. Toute la presse fran\u00e7aise ne tarit pas d&#039;\u00e9loges sur l&#039;exposition. L&#039;exposition s&#039;appelle\u00a0<i>&quot;Broderies Carmen Sylva&quot;.<\/i>\u00a0Au domaine Segenhaus, dont Elisabeta h\u00e9rita en 1902, elle poss\u00e9dait une importante collection de broderies sign\u00e9es par la m\u00eame Anna Roth.<\/p>\n<p align=\"justify\">Soci\u00e9t\u00e9,,<i>Travail<\/i>\u00ab Fond\u00e9e en 1885 et dirig\u00e9e par Mme la G\u00e9n\u00e9rale F\u0103lcoianu, elle offre des services \u00e0 domicile aux femmes ordinaires, aux handicap\u00e9s, aux veuves et aux femmes au foyer. La soci\u00e9t\u00e9 a construit son propre si\u00e8ge \u00e0 partir de ses propres b\u00e9n\u00e9fices, ainsi qu&#039;une maison dans laquelle elle a h\u00e9berg\u00e9 six familles de veuves de guerre. Soci\u00e9t\u00e9,,<i>Abeille<\/i>\u00ab Dirig\u00e9e par Eliza Br\u0103tianu, n\u00e9e \u015etirbey, elle fournissait du travail aux femmes de la classe ouvri\u00e8re qui avaient fait faillite pour diverses raisons. Soci\u00e9t\u00e9,,<i>Le tisserand<\/i>\u00ab Fond\u00e9e en 1905 et dirig\u00e9e personnellement par la Reine, elle encourage la culture du ver \u00e0 soie en Roumanie. La premi\u00e8re maison de la colonie des aveugles\u00a0<i>&quot;Le foyer lumineux&quot;<\/i>\u00a0Il fut fond\u00e9 en 1906, un vaste projet qui sera plus tard abandonn\u00e9 par manque de fonds.<\/p>\n<p align=\"justify\">Quant \u00e0 la ville de Sina\u00efa, o\u00f9 elle posa le pied pour la premi\u00e8re fois en 1871, les intentions charitables d&#039;\u00c9lisabeth furent \u00e9galement r\u00e9alis\u00e9es avec succ\u00e8s : en 1882, une \u00e9cole fut fond\u00e9e au monast\u00e8re de Sina\u00efa, dont les enseignantes \u00e9taient ses propres dames d&#039;honneur, et en 1899, elle inaugura la deuxi\u00e8me \u00e9cole primaire de la ville, qui fonctionna dans le hameau d&#039;Izvor jusqu&#039;en 1905. Dans le complexe de Pele\u015f, la reine fonda\u00a0<i>\u00ab Ateliers d&#039;Art et d&#039;Artisanat \u00bb<\/i>, o\u00f9 furent r\u00e9alis\u00e9es quelques-unes des pr\u00e9cieuses pi\u00e8ces de mobilier de la premi\u00e8re phase de construction du ch\u00e2teau (1875-1883). Gr\u00e2ce \u00e0 l&#039;initiative du souverain, la Roumanie participa \u00e0 l&#039;Exposition universelle de Paris en 1867, 1889 et 1900 avec divers objets traditionnels, dont des broderies, des tapisseries et des costumes folkloriques.     En 1912, la reine organise l&#039;exposition de Berlin,<i>Les femmes dans les arts et l&#039;artisanat<\/i>&quot;, avec des \u00e9chos positifs dans la presse occidentale.<\/p>","protected":false},"featured_media":15736,"parent":0,"menu_order":1,"template":"","meta":{"_acf_changed":false},"categories":[],"class_list":["post-15701","personalitati","type-personalitati","status-publish","has-post-thumbnail","hentry"],"acf":[],"yoast_head":"<!-- This site is optimized with the Yoast SEO plugin v24.1 - https:\/\/yoast.com\/wordpress\/plugins\/seo\/ -->\n<title>Regina Elisabeta &#183; Peles Test<\/title>\n<meta name=\"robots\" content=\"noindex, follow, max-snippet:-1, max-image-preview:large, max-video-preview:-1\" \/>\n<script type=\"application\/ld+json\" class=\"yoast-schema-graph\">{\"@context\":\"https:\/\/schema.org\",\"@graph\":[{\"@type\":\"WebPage\",\"@id\":\"https:\/\/thewebdevpoint.com\/ro\/personalitati\/regina-elisabeta\/\",\"url\":\"https:\/\/thewebdevpoint.com\/ro\/personalitati\/regina-elisabeta\/\",\"name\":\"Regina Elisabeta &#183; Peles Test\",\"isPartOf\":{\"@id\":\"https:\/\/thewebdevpoint.com\/ro\/#website\"},\"primaryImageOfPage\":{\"@id\":\"https:\/\/thewebdevpoint.com\/ro\/personalitati\/regina-elisabeta\/#primaryimage\"},\"image\":{\"@id\":\"https:\/\/thewebdevpoint.com\/ro\/personalitati\/regina-elisabeta\/#primaryimage\"},\"thumbnailUrl\":\"https:\/\/thewebdevpoint.com\/wp-content\/uploads\/2024\/12\/elisabeta-inainte-de-1885.jpg\",\"datePublished\":\"2024-12-09T13:04:54+00:00\",\"dateModified\":\"2024-12-17T15:54:40+00:00\",\"breadcrumb\":{\"@id\":\"https:\/\/thewebdevpoint.com\/ro\/personalitati\/regina-elisabeta\/#breadcrumb\"},\"inLanguage\":\"fr-FR\",\"potentialAction\":[{\"@type\":\"ReadAction\",\"target\":[\"https:\/\/thewebdevpoint.com\/ro\/personalitati\/regina-elisabeta\/\"]}]},{\"@type\":\"ImageObject\",\"inLanguage\":\"fr-FR\",\"@id\":\"https:\/\/thewebdevpoint.com\/ro\/personalitati\/regina-elisabeta\/#primaryimage\",\"url\":\"https:\/\/thewebdevpoint.com\/wp-content\/uploads\/2024\/12\/elisabeta-inainte-de-1885.jpg\",\"contentUrl\":\"https:\/\/thewebdevpoint.com\/wp-content\/uploads\/2024\/12\/elisabeta-inainte-de-1885.jpg\",\"width\":992,\"height\":1320},{\"@type\":\"BreadcrumbList\",\"@id\":\"https:\/\/thewebdevpoint.com\/ro\/personalitati\/regina-elisabeta\/#breadcrumb\",\"itemListElement\":[{\"@type\":\"ListItem\",\"position\":1,\"name\":\"Acas\u0103\",\"item\":\"https:\/\/thewebdevpoint.com\/\"},{\"@type\":\"ListItem\",\"position\":2,\"name\":\"Personalit\u0103\u021bi\",\"item\":\"https:\/\/thewebdevpoint.com\/ro\/personalitati\/\"},{\"@type\":\"ListItem\",\"position\":3,\"name\":\"Regina Elisabeta\"}]},{\"@type\":\"WebSite\",\"@id\":\"https:\/\/thewebdevpoint.com\/ro\/#website\",\"url\":\"https:\/\/thewebdevpoint.com\/ro\/\",\"name\":\"Peles Test\",\"description\":\"\",\"publisher\":{\"@id\":\"https:\/\/thewebdevpoint.com\/ro\/#organization\"},\"potentialAction\":[{\"@type\":\"SearchAction\",\"target\":{\"@type\":\"EntryPoint\",\"urlTemplate\":\"https:\/\/thewebdevpoint.com\/ro\/?s={search_term_string}\"},\"query-input\":{\"@type\":\"PropertyValueSpecification\",\"valueRequired\":true,\"valueName\":\"search_term_string\"}}],\"inLanguage\":\"fr-FR\"},{\"@type\":\"Organization\",\"@id\":\"https:\/\/thewebdevpoint.com\/ro\/#organization\",\"name\":\"Muzeul Pele\u0219\",\"alternateName\":\"MP\",\"url\":\"https:\/\/thewebdevpoint.com\/ro\/\",\"logo\":{\"@type\":\"ImageObject\",\"inLanguage\":\"fr-FR\",\"@id\":\"https:\/\/thewebdevpoint.com\/ro\/#\/schema\/logo\/image\/\",\"url\":\"https:\/\/thewebdevpoint.com\/wp-content\/uploads\/2024\/10\/Logo.svg\",\"contentUrl\":\"https:\/\/thewebdevpoint.com\/wp-content\/uploads\/2024\/10\/Logo.svg\",\"width\":251,\"height\":48,\"caption\":\"Muzeul Pele\u0219\"},\"image\":{\"@id\":\"https:\/\/thewebdevpoint.com\/ro\/#\/schema\/logo\/image\/\"}}]}<\/script>\n<!-- \/ Yoast SEO plugin. -->","yoast_head_json":{"title":"Regina Elisabeta &#183; Peles Test","robots":{"index":"noindex","follow":"follow","max-snippet":"max-snippet:-1","max-image-preview":"max-image-preview:large","max-video-preview":"max-video-preview:-1"},"schema":{"@context":"https:\/\/schema.org","@graph":[{"@type":"WebPage","@id":"https:\/\/thewebdevpoint.com\/ro\/personalitati\/regina-elisabeta\/","url":"https:\/\/thewebdevpoint.com\/ro\/personalitati\/regina-elisabeta\/","name":"Regina Elisabeta &#183; Peles Test","isPartOf":{"@id":"https:\/\/thewebdevpoint.com\/ro\/#website"},"primaryImageOfPage":{"@id":"https:\/\/thewebdevpoint.com\/ro\/personalitati\/regina-elisabeta\/#primaryimage"},"image":{"@id":"https:\/\/thewebdevpoint.com\/ro\/personalitati\/regina-elisabeta\/#primaryimage"},"thumbnailUrl":"https:\/\/thewebdevpoint.com\/wp-content\/uploads\/2024\/12\/elisabeta-inainte-de-1885.jpg","datePublished":"2024-12-09T13:04:54+00:00","dateModified":"2024-12-17T15:54:40+00:00","breadcrumb":{"@id":"https:\/\/thewebdevpoint.com\/ro\/personalitati\/regina-elisabeta\/#breadcrumb"},"inLanguage":"fr-FR","potentialAction":[{"@type":"ReadAction","target":["https:\/\/thewebdevpoint.com\/ro\/personalitati\/regina-elisabeta\/"]}]},{"@type":"ImageObject","inLanguage":"fr-FR","@id":"https:\/\/thewebdevpoint.com\/ro\/personalitati\/regina-elisabeta\/#primaryimage","url":"https:\/\/thewebdevpoint.com\/wp-content\/uploads\/2024\/12\/elisabeta-inainte-de-1885.jpg","contentUrl":"https:\/\/thewebdevpoint.com\/wp-content\/uploads\/2024\/12\/elisabeta-inainte-de-1885.jpg","width":992,"height":1320},{"@type":"BreadcrumbList","@id":"https:\/\/thewebdevpoint.com\/ro\/personalitati\/regina-elisabeta\/#breadcrumb","itemListElement":[{"@type":"ListItem","position":1,"name":"Acas\u0103","item":"https:\/\/thewebdevpoint.com\/"},{"@type":"ListItem","position":2,"name":"Personalit\u0103\u021bi","item":"https:\/\/thewebdevpoint.com\/ro\/personalitati\/"},{"@type":"ListItem","position":3,"name":"Regina Elisabeta"}]},{"@type":"WebSite","@id":"https:\/\/thewebdevpoint.com\/ro\/#website","url":"https:\/\/thewebdevpoint.com\/ro\/","name":"Peles Test","description":"","publisher":{"@id":"https:\/\/thewebdevpoint.com\/ro\/#organization"},"potentialAction":[{"@type":"SearchAction","target":{"@type":"EntryPoint","urlTemplate":"https:\/\/thewebdevpoint.com\/ro\/?s={search_term_string}"},"query-input":{"@type":"PropertyValueSpecification","valueRequired":true,"valueName":"search_term_string"}}],"inLanguage":"fr-FR"},{"@type":"Organization","@id":"https:\/\/thewebdevpoint.com\/ro\/#organization","name":"Muzeul Pele\u0219","alternateName":"MP","url":"https:\/\/thewebdevpoint.com\/ro\/","logo":{"@type":"ImageObject","inLanguage":"fr-FR","@id":"https:\/\/thewebdevpoint.com\/ro\/#\/schema\/logo\/image\/","url":"https:\/\/thewebdevpoint.com\/wp-content\/uploads\/2024\/10\/Logo.svg","contentUrl":"https:\/\/thewebdevpoint.com\/wp-content\/uploads\/2024\/10\/Logo.svg","width":251,"height":48,"caption":"Muzeul Pele\u0219"},"image":{"@id":"https:\/\/thewebdevpoint.com\/ro\/#\/schema\/logo\/image\/"}}]}},"_links":{"self":[{"href":"https:\/\/thewebdevpoint.com\/fr\/wp-json\/wp\/v2\/personalitati\/15701","targetHints":{"allow":["GET"]}}],"collection":[{"href":"https:\/\/thewebdevpoint.com\/fr\/wp-json\/wp\/v2\/personalitati"}],"about":[{"href":"https:\/\/thewebdevpoint.com\/fr\/wp-json\/wp\/v2\/types\/personalitati"}],"wp:featuredmedia":[{"embeddable":true,"href":"https:\/\/thewebdevpoint.com\/fr\/wp-json\/wp\/v2\/media\/15736"}],"wp:attachment":[{"href":"https:\/\/thewebdevpoint.com\/fr\/wp-json\/wp\/v2\/media?parent=15701"}],"wp:term":[{"taxonomy":"category","embeddable":true,"href":"https:\/\/thewebdevpoint.com\/fr\/wp-json\/wp\/v2\/categories?post=15701"}],"curies":[{"name":"wp","href":"https:\/\/api.w.org\/{rel}","templated":true}]}}