{"id":15702,"date":"2024-12-09T15:08:18","date_gmt":"2024-12-09T13:08:18","guid":{"rendered":"https:\/\/thewebdevpoint.com\/?post_type=personalitati&#038;p=15702"},"modified":"2024-12-09T16:08:14","modified_gmt":"2024-12-09T14:08:14","slug":"regele-ferdinand-i","status":"publish","type":"personalitati","link":"https:\/\/thewebdevpoint.com\/fr\/personalitati\/regele-ferdinand-i\/","title":{"rendered":"le roi Ferdinand Ier"},"content":{"rendered":"<p align=\"justify\">Ferdinand-Victor-Albert-Meinard est n\u00e9 le 24 ao\u00fbt 1865 \u00e0 Sigmaringen, deuxi\u00e8me fils du prince L\u00e9opold de Hohenzollern, fr\u00e8re a\u00een\u00e9 du roi Charles Ier, et de la princesse Antoinette, infante de Portugal.<\/p>\n<p align=\"justify\">En 1889, Ferdinand s&#039;installe en Roumanie, en tant qu&#039;h\u00e9ritier pr\u00e9somptif du roi Carol Ier. L&#039;article 83 de la Constitution pr\u00e9voit que : \u00ab en l&#039;absence de descendants m\u00e2les de Sa Majest\u00e9 Carol Ier de Hohenzollern-Sigmaringen, la succession au tr\u00f4ne sera l&#039;a\u00een\u00e9 de ses fr\u00e8res ou de ses descendants. \u00bb<i>.<\/i><\/p>\n<p align=\"justify\">Le fr\u00e8re a\u00een\u00e9 de Carol Ier, le prince L\u00e9opold de Hohenzollern, et son neveu a\u00een\u00e9 ont tous deux notifi\u00e9 qu&#039;ils renon\u00e7aient \u00e0 leur statut d&#039;h\u00e9ritier du tr\u00f4ne de Roumanie, de sorte que la succession revenait \u00e0 Ferdinand, par le biais du \u00ab Pacte de famille \u00bb.<i>\u00a0<\/i>confirm\u00e9 par l&#039;empereur allemand lui-m\u00eame, Guillaume Ier, chef de la famille Hohenzollern.<\/p>\n<p align=\"justify\">Le professeur VD Paun, du lyc\u00e9e Saint Sava de Bucarest, dresse de lui le portrait suivant dans une brochure publi\u00e9e en roumain, en fran\u00e7ais et en allemand : \u00ab Mince, grand et mince, avec des yeux bleu fonc\u00e9, tr\u00e8s doux... Le prince Ferdinand a pass\u00e9 son enfance \u00e0 D\u00fcsseldorf, un foyer de culture \u00e9l\u00e9gante. \u00bb L\u00e0, Son Altesse termina ses \u00e9tudes secondaires classiques et r\u00e9ussit avec mention l&#039;examen &quot;Abiturient&quot;, correspondant \u00e0 notre baccalaur\u00e9at... Par la suite, il entra en service actif comme sous-lieutenant dans le 1er r\u00e9giment de la Garde imp\u00e9riale \u00e0 Potsdam, pr\u00e8s de Berlin, et apr\u00e8s deux ans de pratique militaire \u00e0 la caserne et sur le terrain, il retourna \u00e0 l&#039;\u00e9cole, suivant des cours d&#039;\u00e9conomie politique, de sciences financi\u00e8res, d&#039;histoire, de droit des gentils et de droit romain dispens\u00e9s par des professeurs c\u00e9l\u00e8bres des universit\u00e9s de T\u00fcbingen et de Leipzig.<\/p>\n<p align=\"justify\">Le portrait esquiss\u00e9 par Nicolae Iorga est \u00e9galement important pour comprendre la personnalit\u00e9 du roi Ferdinand : \u00ab en tant que jeune homme, on peut dire que le trait caract\u00e9ristique du prince Ferdinand \u00e9tait une extr\u00eame modestie m\u00eal\u00e9e \u00e0 une timidit\u00e9 presque atroce. \u00bb Tr\u00e8s courtois et poli, il \u00e9vitait toujours de blesser les sentiments de qui que ce soit et c\u00e9dait m\u00eame lorsqu&#039;il connaissait mieux le sujet en discussion que ceux avec qui il discutait. Il aimait la solitude, la nature et l\u2019art. D\u00e9testant toute pompe et toute vaine c\u00e9r\u00e9monie, il avait n\u00e9anmoins h\u00e9rit\u00e9 de sa m\u00e8re une fiert\u00e9 timide unie \u00e0 un respect allemand des lois et des formes. La discipline la plus absolue avait \u00e9t\u00e9 la ligne directrice de son \u00e9ducation et un sens du devoir qui l&#039;accompagna tout au long de sa vie, l&#039;aidant sans rel\u00e2che \u00e0 surmonter ses sentiments personnels, ne leur permettant pas de<i> <\/i>jamais \u00e0 mettre<i> <\/i>entre lui et ce qu&#039;il devait faire. \u00ab Doux, sans \u00e9go\u00efsme, ceux qui le connaissaient l&#039;aimaient profond\u00e9ment. \u00bb<\/p>\n<p align=\"justify\">Le 10 janvier 1893, son mariage avec Marie d&#039;\u00c9dimbourg, princesse de Saxe-Cobourg-Gotha, eut lieu \u00e0 Sigmaringen, cr\u00e9ant une alliance politique de grande importance pour le Royaume.<\/p>\n<p align=\"justify\">Le 3 ao\u00fbt 1914, le Conseil de la Couronne se r\u00e9unit \u00e0 Sinaia, dans l&#039;ancienne salle de musique du ch\u00e2teau de Pele\u0219, et d\u00e9cide de la neutralit\u00e9 de la Roumanie pendant la Premi\u00e8re Guerre mondiale. Quelques semaines plus tard, le 27 septembre 1914, \u00e9galement \u00e0 Pele\u0219, le roi Carol Ier d\u00e9c\u00e8de. Il a \u00e9t\u00e9 enterr\u00e9 dans l&#039;\u00e9glise du monast\u00e8re de Curtea de Arges, fond\u00e9 par Neagoe Basarab. Ferdinand devient roi \u00e0 l&#039;\u00e2ge de 49 ans, jurant devant les membres du Parlement qu&#039;il sera un \u00ab bon Roumain \u00bb.<\/p>\n<p align=\"justify\">En juin 1916, l\u2019Entente est en difficult\u00e9 sur le front occidental. MV Alexeev, chef d&#039;\u00e9tat-major de l&#039;arm\u00e9e russe, et le g\u00e9n\u00e9ral Joffre, commandant en chef de l&#039;arm\u00e9e fran\u00e7aise, ont exig\u00e9 l&#039;entr\u00e9e en guerre de la Roumanie \u00ab maintenant ou jamais \u00bb.<\/p>\n<p align=\"justify\">Le 17 ao\u00fbt 1916, la convention politique fut sign\u00e9e entre la Roumanie, d&#039;une part, et la France, la Grande-Bretagne, l&#039;Italie et la Russie, d&#039;autre part, par laquelle l&#039;Entente reconnaissait la l\u00e9gitimit\u00e9 de l&#039;union de la Bucovine, de la Transylvanie et du Banat avec la Roumanie.<\/p>\n<p align=\"justify\">Depuis 1838, l&#039;\u00c9tat de Sigmaringen n&#039;existait plus, il \u00e9tait uni aux possessions prussiennes et l&#039;ancien souverain, Charles Antoine, grand-p\u00e8re du roi Ferdinand, avait accept\u00e9 avec joie cette fusion de l&#039;h\u00e9ritage des Hohenzollern du Rhin dans le puissant royaume est-allemand, car il \u00e9tait un partisan d\u00e9termin\u00e9 de l&#039;unification de son peuple, par la lutte et le sacrifice. La conviction que personne n\u2019a le droit d\u2019emp\u00eacher une nation de vivre \u00e0 l\u2019int\u00e9rieur de ses fronti\u00e8res naturelles a \u00e9galement \u00e9t\u00e9 transmise au prince Ferdinand.<\/p>\n<p align=\"justify\">Mais, par une cruelle ironie du sort, le roi Ferdinand fit usage de ce credo au profit de sa patrie d&#039;adoption, s&#039;attirant ainsi de vives critiques et sanctions de la part du chef de la famille Hohenzollern.<\/p>\n<p align=\"justify\">Le 27 ao\u00fbt 1916, le Conseil de la Couronne se r\u00e9unit dans le salon du palais Cotroceni, au cours duquel le roi Ferdinand d\u00e9clara : \u00ab avec une \u00e2me tortur\u00e9e, j&#039;ai d\u00e9cid\u00e9 de faire mon devoir envers le peuple roumain, dont je conduis les destin\u00e9es. \u00bb<i>.\u00a0<\/i>Le m\u00eame jour, la d\u00e9claration de guerre de la Roumanie a \u00e9t\u00e9 pr\u00e9sent\u00e9e par le ministre roumain \u00e0 Vienne au ministre des Affaires \u00e9trang\u00e8res d&#039;Autriche-Hongrie. A partir de ce moment, une seule des proph\u00e9ties de N. Filipescu pouvait se r\u00e9aliser : \u00ab Sire, soyez couronn\u00e9 \u00e0 Alba-Iulia ou mourez dans la plaine de Turda. \u00bb<\/p>\n<p align=\"justify\">D\u00e9bord\u00e9e en nombre et en technologie par l&#039;ennemi, l&#039;arm\u00e9e roumaine est contrainte de se retirer de Transylvanie, d&#039;Olt\u00e9nie, de Munt\u00e9nie et de Dobrogea, et la famille royale et le gouvernement se r\u00e9fugient \u00e0 Ia\u0219i, devenue la capitale de la Roumanie. Dans le territoire occup\u00e9, les autorit\u00e9s allemandes pr\u00e9tendaient que le Royaume de Roumanie n&#039;existait plus et interdisaient la mention du nom du roi. En mai 1917, les dirigeants politiques et militaires de Bucarest d\u00e9cident de \u00ab d\u00e9tr\u00f4ner les Hohenzollern de Roumanie \u00bb.<\/p>\n<p align=\"justify\">Le d\u00e9clenchement de la R\u00e9volution russe complique encore davantage les choses. Un coup d&#039;\u00c9tat fut planifi\u00e9, par lequel le roi Ferdinand et sa famille seraient emmen\u00e9s en Russie, pour subir un sort similaire \u00e0 celui de la dynastie des Romanov. Le roi d\u00e9cide de partir au front, d&#039;o\u00f9 il s&#039;adresse aux soldats, promettant des terres aux paysans et une plus large participation aux affaires de l&#039;\u00c9tat. Il est repr\u00e9sentatif que des volontaires de Transylvanie et de Bucovine se soient enr\u00f4l\u00e9s dans l\u2019arm\u00e9e roumaine.<br \/>\nApr\u00e8s les immenses sacrifices de M\u0103r\u0103\u0219ti, M\u0103r\u0103\u0219e\u0219ti et Oituz, \u00e0 l&#039;\u00e9t\u00e9 1917, la Roumanie se retrouve seule face aux puissances centrales, en raison du retrait de la Russie, \u00e9branl\u00e9e par la r\u00e9volution et n&#039;a d&#039;autre choix que de n\u00e9gocier une paix que le roi Ferdinand n&#039;a jamais ratifi\u00e9e.<\/p>\n<p align=\"justify\">Le 18 novembre 1918, le roi Ferdinand revient de son refuge \u00e0 Bucarest, \u00e0 la t\u00eate de son arm\u00e9e, en passant sous l&#039;Arc de Triomphe. Lors de la r\u00e9ception offerte, le m\u00eame jour, aux dignitaires roumains et au g\u00e9n\u00e9ral Berthelot, le roi d\u00e9clara : \u00ab Lorsque j&#039;ai pris possession de l&#039;h\u00e9ritage du fondateur de la Roumanie moderne, j&#039;ai promis devant les repr\u00e9sentants de la nation que je serais un bon Roumain ; je crois avoir tenu parole. Les temps furent durs, les sacrifices furent grands, mais la r\u00e9compense fut \u00e9clatante et aujourd&#039;hui je peux dire avec lucidit\u00e9 : envers Dieu et mon peuple, j&#039;ai la conscience tranquille \u00bb, poursuivant ensuite : \u00ab apr\u00e8s la Bessarabie et la Bucovine, la Transylvanie, le beau berceau du peuple roumain, d&#039;o\u00f9 descendirent les premiers vo\u00efvodes des terres roumaines, vota \u00e0 Alba-Iulia l&#039;union avec le Royaume de Roumanie \u00bb.<\/p>\n<p align=\"justify\">En 1914, la Petite Roumanie comptait 137 000 km\u00b2 et 7 700 000 habitants. En 1918, la Grande Roumanie, avec la Transylvanie, la Bucovine, la Bessarabie, le Quadrilat\u00e8re, comptait 295 000 km\u00b2, avec 17 000 000 d&#039;habitants.<\/p>\n<p align=\"justify\">Le 15 octobre 1922, \u00e0 Alba-Iulia, le roi Ferdinand Ier l&#039;Unificateur fut couronn\u00e9 roi de tous les Roumains \u00ab du Dniestr \u00e0 la Tisa \u00bb. La c\u00e9r\u00e9monie a eu lieu dans la nouvelle et grandiose cath\u00e9drale orthodoxe, construite sp\u00e9cialement pour cette occasion.<\/p>\n<p align=\"justify\">En 1923, une nouvelle Constitution fut adopt\u00e9e, adapt\u00e9e aux r\u00e9alit\u00e9s de l&#039;apr\u00e8s-guerre apr\u00e8s la cr\u00e9ation de la Grande Roumanie. Elle r\u00e9it\u00e8re le principe fondamental de la monarchie constitutionnelle : \u00ab Le Roi r\u00e8gne, mais ne gouverne pas. \u00bb<\/p>\n<p align=\"justify\">Le 20 juillet 1927, le roi Ferdinand Ier l&#039;Int\u00e9grateur ou le Loyal, comme on l&#039;appelait aussi, d\u00e9c\u00e8de au ch\u00e2teau de Peli\u0219or, \u00e0 l&#039;\u00e2ge de 62 ans, des suites d&#039;une longue maladie caus\u00e9e par un cancer du c\u00f4lon.<\/p>","protected":false},"featured_media":15724,"parent":0,"menu_order":2,"template":"","meta":{"_acf_changed":false},"categories":[],"class_list":["post-15702","personalitati","type-personalitati","status-publish","has-post-thumbnail","hentry"],"acf":[],"yoast_head":"<!-- This site is optimized with the Yoast SEO plugin v24.1 - https:\/\/yoast.com\/wordpress\/plugins\/seo\/ -->\n<title>Regele Ferdinand I &#183; Peles Test<\/title>\n<meta name=\"robots\" content=\"noindex, follow, max-snippet:-1, max-image-preview:large, max-video-preview:-1\" \/>\n<script type=\"application\/ld+json\" class=\"yoast-schema-graph\">{\"@context\":\"https:\/\/schema.org\",\"@graph\":[{\"@type\":\"WebPage\",\"@id\":\"https:\/\/thewebdevpoint.com\/personalitati\/regele-ferdinand-i\/\",\"url\":\"https:\/\/thewebdevpoint.com\/personalitati\/regele-ferdinand-i\/\",\"name\":\"Regele Ferdinand I &#183; Peles Test\",\"isPartOf\":{\"@id\":\"https:\/\/thewebdevpoint.com\/ro\/#website\"},\"primaryImageOfPage\":{\"@id\":\"https:\/\/thewebdevpoint.com\/personalitati\/regele-ferdinand-i\/#primaryimage\"},\"image\":{\"@id\":\"https:\/\/thewebdevpoint.com\/personalitati\/regele-ferdinand-i\/#primaryimage\"},\"thumbnailUrl\":\"https:\/\/thewebdevpoint.com\/wp-content\/uploads\/2024\/12\/Ferdinand-scaled.jpg\",\"datePublished\":\"2024-12-09T13:08:18+00:00\",\"dateModified\":\"2024-12-09T14:08:14+00:00\",\"breadcrumb\":{\"@id\":\"https:\/\/thewebdevpoint.com\/personalitati\/regele-ferdinand-i\/#breadcrumb\"},\"inLanguage\":\"fr-FR\",\"potentialAction\":[{\"@type\":\"ReadAction\",\"target\":[\"https:\/\/thewebdevpoint.com\/personalitati\/regele-ferdinand-i\/\"]}]},{\"@type\":\"ImageObject\",\"inLanguage\":\"fr-FR\",\"@id\":\"https:\/\/thewebdevpoint.com\/personalitati\/regele-ferdinand-i\/#primaryimage\",\"url\":\"https:\/\/thewebdevpoint.com\/wp-content\/uploads\/2024\/12\/Ferdinand-scaled.jpg\",\"contentUrl\":\"https:\/\/thewebdevpoint.com\/wp-content\/uploads\/2024\/12\/Ferdinand-scaled.jpg\",\"width\":1810,\"height\":2560},{\"@type\":\"BreadcrumbList\",\"@id\":\"https:\/\/thewebdevpoint.com\/personalitati\/regele-ferdinand-i\/#breadcrumb\",\"itemListElement\":[{\"@type\":\"ListItem\",\"position\":1,\"name\":\"Acas\u0103\",\"item\":\"https:\/\/thewebdevpoint.com\/\"},{\"@type\":\"ListItem\",\"position\":2,\"name\":\"Personalit\u0103\u021bi\",\"item\":\"https:\/\/thewebdevpoint.com\/ro\/personalitati\/\"},{\"@type\":\"ListItem\",\"position\":3,\"name\":\"Regele Ferdinand I\"}]},{\"@type\":\"WebSite\",\"@id\":\"https:\/\/thewebdevpoint.com\/ro\/#website\",\"url\":\"https:\/\/thewebdevpoint.com\/ro\/\",\"name\":\"Peles Test\",\"description\":\"\",\"publisher\":{\"@id\":\"https:\/\/thewebdevpoint.com\/ro\/#organization\"},\"potentialAction\":[{\"@type\":\"SearchAction\",\"target\":{\"@type\":\"EntryPoint\",\"urlTemplate\":\"https:\/\/thewebdevpoint.com\/ro\/?s={search_term_string}\"},\"query-input\":{\"@type\":\"PropertyValueSpecification\",\"valueRequired\":true,\"valueName\":\"search_term_string\"}}],\"inLanguage\":\"fr-FR\"},{\"@type\":\"Organization\",\"@id\":\"https:\/\/thewebdevpoint.com\/ro\/#organization\",\"name\":\"Muzeul Pele\u0219\",\"alternateName\":\"MP\",\"url\":\"https:\/\/thewebdevpoint.com\/ro\/\",\"logo\":{\"@type\":\"ImageObject\",\"inLanguage\":\"fr-FR\",\"@id\":\"https:\/\/thewebdevpoint.com\/ro\/#\/schema\/logo\/image\/\",\"url\":\"https:\/\/thewebdevpoint.com\/wp-content\/uploads\/2024\/10\/Logo.svg\",\"contentUrl\":\"https:\/\/thewebdevpoint.com\/wp-content\/uploads\/2024\/10\/Logo.svg\",\"width\":251,\"height\":48,\"caption\":\"Muzeul Pele\u0219\"},\"image\":{\"@id\":\"https:\/\/thewebdevpoint.com\/ro\/#\/schema\/logo\/image\/\"}}]}<\/script>\n<!-- \/ Yoast SEO plugin. -->","yoast_head_json":{"title":"Regele Ferdinand I &#183; Peles Test","robots":{"index":"noindex","follow":"follow","max-snippet":"max-snippet:-1","max-image-preview":"max-image-preview:large","max-video-preview":"max-video-preview:-1"},"schema":{"@context":"https:\/\/schema.org","@graph":[{"@type":"WebPage","@id":"https:\/\/thewebdevpoint.com\/personalitati\/regele-ferdinand-i\/","url":"https:\/\/thewebdevpoint.com\/personalitati\/regele-ferdinand-i\/","name":"Regele Ferdinand I &#183; Peles Test","isPartOf":{"@id":"https:\/\/thewebdevpoint.com\/ro\/#website"},"primaryImageOfPage":{"@id":"https:\/\/thewebdevpoint.com\/personalitati\/regele-ferdinand-i\/#primaryimage"},"image":{"@id":"https:\/\/thewebdevpoint.com\/personalitati\/regele-ferdinand-i\/#primaryimage"},"thumbnailUrl":"https:\/\/thewebdevpoint.com\/wp-content\/uploads\/2024\/12\/Ferdinand-scaled.jpg","datePublished":"2024-12-09T13:08:18+00:00","dateModified":"2024-12-09T14:08:14+00:00","breadcrumb":{"@id":"https:\/\/thewebdevpoint.com\/personalitati\/regele-ferdinand-i\/#breadcrumb"},"inLanguage":"fr-FR","potentialAction":[{"@type":"ReadAction","target":["https:\/\/thewebdevpoint.com\/personalitati\/regele-ferdinand-i\/"]}]},{"@type":"ImageObject","inLanguage":"fr-FR","@id":"https:\/\/thewebdevpoint.com\/personalitati\/regele-ferdinand-i\/#primaryimage","url":"https:\/\/thewebdevpoint.com\/wp-content\/uploads\/2024\/12\/Ferdinand-scaled.jpg","contentUrl":"https:\/\/thewebdevpoint.com\/wp-content\/uploads\/2024\/12\/Ferdinand-scaled.jpg","width":1810,"height":2560},{"@type":"BreadcrumbList","@id":"https:\/\/thewebdevpoint.com\/personalitati\/regele-ferdinand-i\/#breadcrumb","itemListElement":[{"@type":"ListItem","position":1,"name":"Acas\u0103","item":"https:\/\/thewebdevpoint.com\/"},{"@type":"ListItem","position":2,"name":"Personalit\u0103\u021bi","item":"https:\/\/thewebdevpoint.com\/ro\/personalitati\/"},{"@type":"ListItem","position":3,"name":"Regele Ferdinand I"}]},{"@type":"WebSite","@id":"https:\/\/thewebdevpoint.com\/ro\/#website","url":"https:\/\/thewebdevpoint.com\/ro\/","name":"Peles Test","description":"","publisher":{"@id":"https:\/\/thewebdevpoint.com\/ro\/#organization"},"potentialAction":[{"@type":"SearchAction","target":{"@type":"EntryPoint","urlTemplate":"https:\/\/thewebdevpoint.com\/ro\/?s={search_term_string}"},"query-input":{"@type":"PropertyValueSpecification","valueRequired":true,"valueName":"search_term_string"}}],"inLanguage":"fr-FR"},{"@type":"Organization","@id":"https:\/\/thewebdevpoint.com\/ro\/#organization","name":"Muzeul Pele\u0219","alternateName":"MP","url":"https:\/\/thewebdevpoint.com\/ro\/","logo":{"@type":"ImageObject","inLanguage":"fr-FR","@id":"https:\/\/thewebdevpoint.com\/ro\/#\/schema\/logo\/image\/","url":"https:\/\/thewebdevpoint.com\/wp-content\/uploads\/2024\/10\/Logo.svg","contentUrl":"https:\/\/thewebdevpoint.com\/wp-content\/uploads\/2024\/10\/Logo.svg","width":251,"height":48,"caption":"Muzeul Pele\u0219"},"image":{"@id":"https:\/\/thewebdevpoint.com\/ro\/#\/schema\/logo\/image\/"}}]}},"_links":{"self":[{"href":"https:\/\/thewebdevpoint.com\/fr\/wp-json\/wp\/v2\/personalitati\/15702","targetHints":{"allow":["GET"]}}],"collection":[{"href":"https:\/\/thewebdevpoint.com\/fr\/wp-json\/wp\/v2\/personalitati"}],"about":[{"href":"https:\/\/thewebdevpoint.com\/fr\/wp-json\/wp\/v2\/types\/personalitati"}],"wp:featuredmedia":[{"embeddable":true,"href":"https:\/\/thewebdevpoint.com\/fr\/wp-json\/wp\/v2\/media\/15724"}],"wp:attachment":[{"href":"https:\/\/thewebdevpoint.com\/fr\/wp-json\/wp\/v2\/media?parent=15702"}],"wp:term":[{"taxonomy":"category","embeddable":true,"href":"https:\/\/thewebdevpoint.com\/fr\/wp-json\/wp\/v2\/categories?post=15702"}],"curies":[{"name":"wp","href":"https:\/\/api.w.org\/{rel}","templated":true}]}}