{"id":15703,"date":"2024-12-09T15:08:41","date_gmt":"2024-12-09T13:08:41","guid":{"rendered":"https:\/\/thewebdevpoint.com\/?post_type=personalitati&#038;p=15703"},"modified":"2024-12-09T16:10:01","modified_gmt":"2024-12-09T14:10:01","slug":"regele-carol-ii","status":"publish","type":"personalitati","link":"https:\/\/thewebdevpoint.com\/fr\/personalitati\/regele-carol-ii\/","title":{"rendered":"le roi Charles II"},"content":{"rendered":"<p align=\"justify\">Le 15 octobre 1893, dans le grand appartement princier du ch\u00e2teau de Pele\u015f, au pied des monts Bucegi, le premier fils du couple princier de Roumanie, Ferdinand de Hohenzollern et Maria de Edinburg, voit le jour. Sa naissance repr\u00e9sentait un moment attendu avec une profonde \u00e9motion par tout le peuple roumain, qui avait confi\u00e9 son destin entre les mains de la monarchie roumaine. La joie de l&#039;\u00e9v\u00e9nement fut salu\u00e9e, selon la tradition, par une centaine de coups de canon. Le petit prince fut nomm\u00e9 Carol, en l&#039;honneur de son oncle, le roi Carol Ier, qui vit ainsi la dynastie des Hohenzollern se consolider sur le sol roumain. Carole fut la premi\u00e8re Hohenzollern n\u00e9e dans notre pays, baptis\u00e9e selon la Constitution, dans la confession orthodoxe. Intelligent et cultiv\u00e9, dot\u00e9 d&#039;une personnalit\u00e9 charismatique, le prince Carol b\u00e9n\u00e9ficie du roi Carol I d&#039;une affection sans pr\u00e9c\u00e9dent.<\/p>\n<p align=\"justify\">Le prince Carol a pass\u00e9 les premi\u00e8res ann\u00e9es de son enfance au ch\u00e2teau de Pele\u0219, sous la surveillance attentive du monarque de la Roumanie ind\u00e9pendante. Carol I a assum\u00e9 la responsabilit\u00e9 d&#039;\u00e9duquer la petite prog\u00e9niture royale, ignorant souvent les opinions des parents. Avec son \u00e9pouse, la reine Elizabeth d\u00e9versera sur le prince son amour de grand-p\u00e8re et le chouchoutera au-del\u00e0 de toute mesure. Les deux gouvernantes, Miss Winter d&#039;Angleterre et Miss Folliet d&#039;Irlande, employ\u00e9es par le roi, d\u00e9velopp\u00e8rent la capacit\u00e9 du petit prince \u00e0 apprendre les langues \u00e9trang\u00e8res. Il parlait couramment le roumain, l&#039;allemand, l&#039;anglais, le fran\u00e7ais et le russe. Sa formation a \u00e9t\u00e9 confi\u00e9e aux professeurs particuliers Constantin Litzica - latin et philosophie, Gheorghe Adamescu - roumain, M. Blumel - allemand, Marin Dumitrescu - histoire, E. Escauffier - fran\u00e7ais, B. Ionescu - math\u00e9matiques, Ghe. Murgoci - chimie et physique, Nicolae Iorga, l&#039;homme de culture roumain renomm\u00e9, celui qui approfondit les connaissances du prince Carol sur la langue, la litt\u00e9rature, l&#039;histoire et la g\u00e9ographie du pays. L&#039;intelligence de la prog\u00e9niture royale n&#039;a pas laiss\u00e9 indiff\u00e9rent l&#039;historien, qui a remarqu\u00e9 avec enthousiasme : \u00ab<i>m\u00eame s&#039;il lit peu, il sait \u00e9couter et retenir - et avec un esprit critique - ce qu&#039;il a entendu !\u00a0<\/i>A l&#039;\u00e2ge de neuf ans, Arnold Mohrlen, p\u00e9dagogue suisse, devient le tuteur du prince Carol. D\u00e8s son adolescence, le prince se pr\u00e9occupe de lecture, de botanique (il pratiquait la yerbera, suivant la passion de son p\u00e8re), mais aussi d&#039;entra\u00eenement militaire et d&#039;uniformes. Comme Ferdinand, \u00e0 partir de janvier 1914, il fr\u00e9quente l&#039;Acad\u00e9mie militaire de Potsdam, en Allemagne. A l&#039;\u00e2ge de 20 ans, \u00e0 la mort de Charles Ier, le prince est un jeune homme cultiv\u00e9 et dot\u00e9 d&#039;une forte personnalit\u00e9. Pendant la Seconde Guerre balkanique, \u00e0 partir de 1913, ainsi que pendant la Premi\u00e8re Guerre mondiale (1916-1918), le prince accompagna sa m\u00e8re lors des visites du service de la Croix-Rouge roumaine et participa aux inspections de l&#039;arm\u00e9e, attirant sa sympathie aux soldats roumains.<\/p>\n<p align=\"justify\">Le 21 f\u00e9vrier 1920, le prince Carol part en voyage autour du monde. Au cours des sept mois suivants, il visite la Gr\u00e8ce (Ath\u00e8nes), Istanbul, Alexandrie, Le Caire (o\u00f9 il re\u00e7oit le Grand Cordon de l&#039;Ordre de Mohammed), l&#039;\u00c9rythr\u00e9e, l&#039;Inde (Bombay), Rangoon, la Birmanie, Hong Kong, Shanghai, le Japon (Tokyo). o\u00f9 il re\u00e7oit l&#039;Ordre du Chrysanth\u00e8me), Hawaii, USA. Le 20 septembre, il arrive en Europe, \u00e0 Londres, pour rentrer en Roumanie un mois plus tard. Durant cette p\u00e9riode, le prince Carol noue des amiti\u00e9s durables avec des personnalit\u00e9s importantes des pays qu&#039;il visite. En Inde, le Maharajah de Kapurthala eut l&#039;honneur de recevoir le prince roumain, tous deux ayant la philat\u00e9lie pour passion. Quelques ann\u00e9es plus tard, au ch\u00e2teau de Peles, le Maharajah offre au roi Charles II, outre le pr\u00e9cieux ensemble de meubles en teck, et un coffret contenant une fiole avec un grain de riz inscrit de 382 lettres \u00e9crites en anglais, hommage au monarque roumain, accompagn\u00e9 d&#039;une photo avec l&#039;autographe de l&#039;honorable maharadjah.<\/p>\n<p align=\"justify\">En 1921, il rencontre la princesse Elena, fille du roi Constantin de Gr\u00e8ce. Les deux se marieront la m\u00eame ann\u00e9e, le 10 mars, \u00e0 Ath\u00e8nes. Le 25 octobre 1921, Mihai, futur roi de Roumanie, na\u00eet au ch\u00e2teau de Foisor \u00e0 Sina\u00efa. En 1925, Carol rencontre Elena Lupescu, celle qui jouera un r\u00f4le fondamental dans la biographie royale.<\/p>\n<p align=\"justify\">Apr\u00e8s des abdications r\u00e9p\u00e9t\u00e9es au tr\u00f4ne de Roumanie, la classe politique roumaine et la famille royale, profond\u00e9ment affect\u00e9es, d\u00e9cident des mesures drastiques contre le prince Carol. Ainsi, le 1er janvier 1926, \u00e0\u00a0<i>Journal Officiel<\/i>\u00a0la d\u00e9cision du Conseil de la Couronne, en date du 31 d\u00e9cembre 1925, du ch\u00e2teau de Pele\u0219, concernant l&#039;abdication du tr\u00f4ne, est publi\u00e9e. Trois jours plus tard, le 4 janvier 1926, le Parlement d\u00e9cide de d\u00e9signer comme h\u00e9ritier le petit prince Mihai, \u00e2g\u00e9 de seulement cinq ans. La direction du pays est provisoirement confi\u00e9e \u00e0 la R\u00e9gence. En renon\u00e7ant au statut d&#039;h\u00e9riti\u00e8re, Carol devient la citoyenne Carol Caraiman. Entre 1925 et 1930, le destin l&#039;emm\u00e8ne en France, en compagnie d&#039;Elena Lupescu, la femme pour laquelle il voue une passion d\u00e9vorante. Mais le destin semble suivre la Roumanie : le 18 juillet 1927, des suites d&#039;une maladie incessante, le roi Ferdinand meurt et la R\u00e9gence va prouver son inefficacit\u00e9 face aux probl\u00e8mes \u00e9conomiques et sociaux du pays. Tout cela contribue \u00e0 l&#039;accentuation de la crise politique, sur fond de laquelle le nom de Carol est de plus en plus fr\u00e9quemment prononc\u00e9. En lui, les anciens sympathisants et m\u00eame une partie de la R\u00e9gence voient la seule solution salvatrice. Malgr\u00e9 ses d\u00e9clarations, d\u00e8s octobre 1927, le prince Carol ambitionne de rentrer au pays. La tentative de coopter de son c\u00f4t\u00e9 Mihail Manoilescu, Iuliu Maniu, Nicolae Iorga et le g\u00e9n\u00e9ral Alexandru Averescu, les dirigeants politiques du moment, assure le prince de leur bonne volont\u00e9. Le 21 avril 1928, \u00e0 l&#039;occasion d&#039;une visite en Angleterre, Carol d\u00e9clara sans \u00e9quivoque au peuple de la Grande Roumanie, \u00e0 travers la presse anglaise :\u00a0<i>&quot;Je veux revenir, par ta volont\u00e9, pour diriger la Roumanie&quot;<\/i>\u00a0et publie une liste de 21 points li\u00e9s \u00e0 l&#039;organisation et au d\u00e9veloppement du pays. Le 3 novembre de la m\u00eame ann\u00e9e, le gouvernement lib\u00e9ral dirig\u00e9 par Vintil\u0103 Br\u0103tianu d\u00e9missionna et le 10 novembre 1928, il fut remplac\u00e9 par le gouvernement paysan dirig\u00e9 par Iuliu Maniu. Le nouveau gouvernement apporte une immense popularit\u00e9, mais la crise \u00e9conomique mondiale ainsi que les probl\u00e8mes internes accentuent l\u2019instabilit\u00e9 politique. Dans ce contexte, le courant carliste gagne du terrain. Ainsi, vers le soir du 6 juin 1930, apr\u00e8s un vol plein d&#039;aventures, Carol arrive \u00e0 Bucarest. Le 8 juin, le parlement d\u00e9cide d&#039;annuler les lois qui l&#039;\u00e9cartaient de la succession et il est proclam\u00e9 roi \u00e0 l&#039;unanimit\u00e9. Cette journ\u00e9e sera c\u00e9l\u00e9br\u00e9e chaque ann\u00e9e, pendant une d\u00e9cennie, comme Journ\u00e9e de la Restauration.<\/p>\n<p align=\"justify\">Sous le r\u00e8gne du roi Carol II, la Roumanie a connu un boom \u00e9conomique sans pr\u00e9c\u00e9dent, d\u00fb en partie aux nombreuses visites du monarque dans les pays europ\u00e9ens, couronn\u00e9es de succ\u00e8s diplomatiques et \u00e9conomiques. L&#039;int\u00e9r\u00eat du roi pour le d\u00e9veloppement de l&#039;industrie, de l&#039;agriculture, du commerce, l&#039;\u00e9quipement de l&#039;arm\u00e9e, la participation \u00e0 de nombreuses expositions, l&#039;ascension culturelle et artistique ont attir\u00e9 l&#039;amour et la sympathie du peuple roumain. Les fonctions officielles du monarque se d\u00e9roulaient parall\u00e8lement \u00e0 la pratique de ses loisirs, le souverain \u00e9tant un passionn\u00e9 de philat\u00e9lisme, chasseur, pratiquant de divers sports (automobile, aviation). La d\u00e9ception du roi Carol II face \u00e0 l&#039;activit\u00e9 de la classe politique roumaine dans la troisi\u00e8me d\u00e9cennie du XXe si\u00e8cle l&#039;a amen\u00e9 \u00e0 prendre des mesures drastiques, aboutissant finalement \u00e0 la restriction du syst\u00e8me de d\u00e9mocratie parlementaire. L&#039;apog\u00e9e de la politique autoritaire du roi fut atteinte en 1938, ann\u00e9e o\u00f9 fut d\u00e9cr\u00e9t\u00e9e la dictature royale et la suppression des partis politiques, remplac\u00e9s par un parti unique, le Front National de la Renaissance. L&#039;instauration de la dictature carliste a \u00e9t\u00e9 facilit\u00e9e par le contexte europ\u00e9en et la d\u00e9ception de la population envers les partis politiques, \u00e9cras\u00e9e par les luttes entre eux et d\u00e9sint\u00e9ress\u00e9e du sort du pays. Les mouvements extr\u00e9mistes, comme le Mouvement L\u00e9gionnaire, connu notamment pour ses actes de violence et son antis\u00e9mitisme, sont devenus de plus en plus actifs vers la fin de la d\u00e9cennie carliste. Au cours des dix ann\u00e9es de son r\u00e8gne, deux premiers ministres furent assassin\u00e9s, le lib\u00e9ral IG Duca (d\u00e9cembre 1933) et le paysan Armand C\u0103linescu (septembre 1939), qui devint plus tard le chef d&#039;un gouvernement autoritaire. Pendant ce temps, des nuages noirs s\u2019amoncellent sur l\u2019Europe, annonciateurs d\u2019une nouvelle guerre mondiale. Entour\u00e9 d&#039;une cabale compos\u00e9e d&#039;hommes d&#039;affaires et de financiers, Charles II devient de plus en plus impopulaire. Les ann\u00e9es qui suivirent vont pr\u00e9cipiter la fin de la Grande Roumanie : en ao\u00fbt 1939, un protocole secret est sign\u00e9 entre l&#039;Allemagne hitl\u00e9rienne et l&#039;URSS de Staline, qui pr\u00e9voit, entre autres, le partage territorial de la Roumanie, les craintes du roi devenant une certitude. Cet accord fut mis en \u0153uvre un an plus tard, lorsque l&#039;URSS occupa la Bessarabie et le nord de la Bucovine, ainsi que la Hongrie, soutenue par les Allemands, le nord-ouest de la Transylvanie. La perte de ces territoires sans qu&#039;un seul coup de feu ne soit tir\u00e9 \u00e9tait consid\u00e9r\u00e9e comme une honte nationale et Carol devint la cible des nationalistes. Le manque de soutien national et international, l&#039;incapacit\u00e9 \u00e0 faire face aux manifestations de m\u00e9contentement, conduisent le roi Carol II \u00e0 abdiquer le 6 septembre 1940. Au matin du 7 septembre 1940, le souverain quitte la Roumanie, accompagn\u00e9 d&#039;Elena Lupescu. Apr\u00e8s de longues p\u00e9r\u00e9grinations \u00e0 travers le monde, il s&#039;installe au Portugal \u00e0 Estoril, \u00e0 la Villa Mar del Sol, o\u00f9 il d\u00e9c\u00e8de le 3 avril 1953.<\/p>","protected":false},"featured_media":15715,"parent":0,"menu_order":4,"template":"","meta":{"_acf_changed":false},"categories":[],"class_list":["post-15703","personalitati","type-personalitati","status-publish","has-post-thumbnail","hentry"],"acf":[],"yoast_head":"<!-- This site is optimized with the Yoast SEO plugin v24.1 - https:\/\/yoast.com\/wordpress\/plugins\/seo\/ -->\n<title>Regele Carol al II-lea &#183; Peles Test<\/title>\n<meta name=\"robots\" content=\"noindex, follow, max-snippet:-1, max-image-preview:large, max-video-preview:-1\" \/>\n<script type=\"application\/ld+json\" class=\"yoast-schema-graph\">{\"@context\":\"https:\/\/schema.org\",\"@graph\":[{\"@type\":\"WebPage\",\"@id\":\"https:\/\/thewebdevpoint.com\/personalitati\/regele-carol-ii\/\",\"url\":\"https:\/\/thewebdevpoint.com\/personalitati\/regele-carol-ii\/\",\"name\":\"Regele Carol al II-lea &#183; Peles Test\",\"isPartOf\":{\"@id\":\"https:\/\/thewebdevpoint.com\/ro\/#website\"},\"primaryImageOfPage\":{\"@id\":\"https:\/\/thewebdevpoint.com\/personalitati\/regele-carol-ii\/#primaryimage\"},\"image\":{\"@id\":\"https:\/\/thewebdevpoint.com\/personalitati\/regele-carol-ii\/#primaryimage\"},\"thumbnailUrl\":\"https:\/\/thewebdevpoint.com\/wp-content\/uploads\/2024\/12\/2-1.jpg\",\"datePublished\":\"2024-12-09T13:08:41+00:00\",\"dateModified\":\"2024-12-09T14:10:01+00:00\",\"breadcrumb\":{\"@id\":\"https:\/\/thewebdevpoint.com\/personalitati\/regele-carol-ii\/#breadcrumb\"},\"inLanguage\":\"fr-FR\",\"potentialAction\":[{\"@type\":\"ReadAction\",\"target\":[\"https:\/\/thewebdevpoint.com\/personalitati\/regele-carol-ii\/\"]}]},{\"@type\":\"ImageObject\",\"inLanguage\":\"fr-FR\",\"@id\":\"https:\/\/thewebdevpoint.com\/personalitati\/regele-carol-ii\/#primaryimage\",\"url\":\"https:\/\/thewebdevpoint.com\/wp-content\/uploads\/2024\/12\/2-1.jpg\",\"contentUrl\":\"https:\/\/thewebdevpoint.com\/wp-content\/uploads\/2024\/12\/2-1.jpg\",\"width\":500,\"height\":713},{\"@type\":\"BreadcrumbList\",\"@id\":\"https:\/\/thewebdevpoint.com\/personalitati\/regele-carol-ii\/#breadcrumb\",\"itemListElement\":[{\"@type\":\"ListItem\",\"position\":1,\"name\":\"Acas\u0103\",\"item\":\"https:\/\/thewebdevpoint.com\/\"},{\"@type\":\"ListItem\",\"position\":2,\"name\":\"Personalit\u0103\u021bi\",\"item\":\"https:\/\/thewebdevpoint.com\/ro\/personalitati\/\"},{\"@type\":\"ListItem\",\"position\":3,\"name\":\"Regele Carol al II-lea\"}]},{\"@type\":\"WebSite\",\"@id\":\"https:\/\/thewebdevpoint.com\/ro\/#website\",\"url\":\"https:\/\/thewebdevpoint.com\/ro\/\",\"name\":\"Peles Test\",\"description\":\"\",\"publisher\":{\"@id\":\"https:\/\/thewebdevpoint.com\/ro\/#organization\"},\"potentialAction\":[{\"@type\":\"SearchAction\",\"target\":{\"@type\":\"EntryPoint\",\"urlTemplate\":\"https:\/\/thewebdevpoint.com\/ro\/?s={search_term_string}\"},\"query-input\":{\"@type\":\"PropertyValueSpecification\",\"valueRequired\":true,\"valueName\":\"search_term_string\"}}],\"inLanguage\":\"fr-FR\"},{\"@type\":\"Organization\",\"@id\":\"https:\/\/thewebdevpoint.com\/ro\/#organization\",\"name\":\"Muzeul Pele\u0219\",\"alternateName\":\"MP\",\"url\":\"https:\/\/thewebdevpoint.com\/ro\/\",\"logo\":{\"@type\":\"ImageObject\",\"inLanguage\":\"fr-FR\",\"@id\":\"https:\/\/thewebdevpoint.com\/ro\/#\/schema\/logo\/image\/\",\"url\":\"https:\/\/thewebdevpoint.com\/wp-content\/uploads\/2024\/10\/Logo.svg\",\"contentUrl\":\"https:\/\/thewebdevpoint.com\/wp-content\/uploads\/2024\/10\/Logo.svg\",\"width\":251,\"height\":48,\"caption\":\"Muzeul Pele\u0219\"},\"image\":{\"@id\":\"https:\/\/thewebdevpoint.com\/ro\/#\/schema\/logo\/image\/\"}}]}<\/script>\n<!-- \/ Yoast SEO plugin. -->","yoast_head_json":{"title":"Regele Carol al II-lea &#183; Peles Test","robots":{"index":"noindex","follow":"follow","max-snippet":"max-snippet:-1","max-image-preview":"max-image-preview:large","max-video-preview":"max-video-preview:-1"},"schema":{"@context":"https:\/\/schema.org","@graph":[{"@type":"WebPage","@id":"https:\/\/thewebdevpoint.com\/personalitati\/regele-carol-ii\/","url":"https:\/\/thewebdevpoint.com\/personalitati\/regele-carol-ii\/","name":"Regele Carol al II-lea &#183; Peles Test","isPartOf":{"@id":"https:\/\/thewebdevpoint.com\/ro\/#website"},"primaryImageOfPage":{"@id":"https:\/\/thewebdevpoint.com\/personalitati\/regele-carol-ii\/#primaryimage"},"image":{"@id":"https:\/\/thewebdevpoint.com\/personalitati\/regele-carol-ii\/#primaryimage"},"thumbnailUrl":"https:\/\/thewebdevpoint.com\/wp-content\/uploads\/2024\/12\/2-1.jpg","datePublished":"2024-12-09T13:08:41+00:00","dateModified":"2024-12-09T14:10:01+00:00","breadcrumb":{"@id":"https:\/\/thewebdevpoint.com\/personalitati\/regele-carol-ii\/#breadcrumb"},"inLanguage":"fr-FR","potentialAction":[{"@type":"ReadAction","target":["https:\/\/thewebdevpoint.com\/personalitati\/regele-carol-ii\/"]}]},{"@type":"ImageObject","inLanguage":"fr-FR","@id":"https:\/\/thewebdevpoint.com\/personalitati\/regele-carol-ii\/#primaryimage","url":"https:\/\/thewebdevpoint.com\/wp-content\/uploads\/2024\/12\/2-1.jpg","contentUrl":"https:\/\/thewebdevpoint.com\/wp-content\/uploads\/2024\/12\/2-1.jpg","width":500,"height":713},{"@type":"BreadcrumbList","@id":"https:\/\/thewebdevpoint.com\/personalitati\/regele-carol-ii\/#breadcrumb","itemListElement":[{"@type":"ListItem","position":1,"name":"Acas\u0103","item":"https:\/\/thewebdevpoint.com\/"},{"@type":"ListItem","position":2,"name":"Personalit\u0103\u021bi","item":"https:\/\/thewebdevpoint.com\/ro\/personalitati\/"},{"@type":"ListItem","position":3,"name":"Regele Carol al II-lea"}]},{"@type":"WebSite","@id":"https:\/\/thewebdevpoint.com\/ro\/#website","url":"https:\/\/thewebdevpoint.com\/ro\/","name":"Peles Test","description":"","publisher":{"@id":"https:\/\/thewebdevpoint.com\/ro\/#organization"},"potentialAction":[{"@type":"SearchAction","target":{"@type":"EntryPoint","urlTemplate":"https:\/\/thewebdevpoint.com\/ro\/?s={search_term_string}"},"query-input":{"@type":"PropertyValueSpecification","valueRequired":true,"valueName":"search_term_string"}}],"inLanguage":"fr-FR"},{"@type":"Organization","@id":"https:\/\/thewebdevpoint.com\/ro\/#organization","name":"Muzeul Pele\u0219","alternateName":"MP","url":"https:\/\/thewebdevpoint.com\/ro\/","logo":{"@type":"ImageObject","inLanguage":"fr-FR","@id":"https:\/\/thewebdevpoint.com\/ro\/#\/schema\/logo\/image\/","url":"https:\/\/thewebdevpoint.com\/wp-content\/uploads\/2024\/10\/Logo.svg","contentUrl":"https:\/\/thewebdevpoint.com\/wp-content\/uploads\/2024\/10\/Logo.svg","width":251,"height":48,"caption":"Muzeul Pele\u0219"},"image":{"@id":"https:\/\/thewebdevpoint.com\/ro\/#\/schema\/logo\/image\/"}}]}},"_links":{"self":[{"href":"https:\/\/thewebdevpoint.com\/fr\/wp-json\/wp\/v2\/personalitati\/15703","targetHints":{"allow":["GET"]}}],"collection":[{"href":"https:\/\/thewebdevpoint.com\/fr\/wp-json\/wp\/v2\/personalitati"}],"about":[{"href":"https:\/\/thewebdevpoint.com\/fr\/wp-json\/wp\/v2\/types\/personalitati"}],"wp:featuredmedia":[{"embeddable":true,"href":"https:\/\/thewebdevpoint.com\/fr\/wp-json\/wp\/v2\/media\/15715"}],"wp:attachment":[{"href":"https:\/\/thewebdevpoint.com\/fr\/wp-json\/wp\/v2\/media?parent=15703"}],"wp:term":[{"taxonomy":"category","embeddable":true,"href":"https:\/\/thewebdevpoint.com\/fr\/wp-json\/wp\/v2\/categories?post=15703"}],"curies":[{"name":"wp","href":"https:\/\/api.w.org\/{rel}","templated":true}]}}