{"id":15705,"date":"2024-12-09T15:09:17","date_gmt":"2024-12-09T13:09:17","guid":{"rendered":"https:\/\/thewebdevpoint.com\/?post_type=personalitati&#038;p=15705"},"modified":"2024-12-17T17:54:48","modified_gmt":"2024-12-17T15:54:48","slug":"regina-maria","status":"publish","type":"personalitati","link":"https:\/\/thewebdevpoint.com\/fr\/personalitati\/regina-maria\/","title":{"rendered":"La reine Marie"},"content":{"rendered":"<p align=\"justify\">Marie d&#039;\u00c9dimbourg-Saxe-Cobourg-Gotha, est n\u00e9e le 29 octobre 1875 \u00e0 Eastwell Park, Kent, Royaume-Uni, fille du duc Alfred d&#039;\u00c9dimbourg, deuxi\u00e8me fils de la reine Victoria de Grande-Bretagne, et de la grande-duchesse Marie, fille unique du tsar Alexandre II de Russie et de la princesse Marie de Hesse.<\/p>\n<p align=\"justify\">L&#039;\u00e9ducation re\u00e7ue par la princesse Maria fut v\u00e9ritablement royale. Voici comment un t\u00e9moin de son adolescence, cit\u00e9 par Nicolae Iorga, la caract\u00e9risait\u00a0: \u00ab\u00a0Elle croyait aux rois et \u00e0 leurs missions, mais aussi \u00e0 leurs droits. Elle n&#039;\u00e9tait ni hautaine, ni humble, mais royale de la racine des cheveux \u00e0 la plante des pieds, imp\u00e9rieuse, fougueuse, active, une petite fille pleine de joie de vivre et de foi en sa race.\u00a0\u00bb<\/p>\n<p align=\"justify\">Romantique et sensible de nature, Maria vibrait devant la beaut\u00e9 et fut profond\u00e9ment marqu\u00e9e par les ann\u00e9es pass\u00e9es sur l&#039;\u00eele de Malte, o\u00f9 r\u00e9sidait son p\u00e8re, amiral de la flotte britannique, o\u00f9 \u00ab tout semblait une r\u00e9v\u00e9lation et tous les r\u00eaves une r\u00e9alit\u00e9 \u00bb. Elle adorait Malte, impr\u00e9gn\u00e9e de la chaleur rayonnante du Sud et, en m\u00eame temps, des myst\u00e8res de l&#039;Orient. Toujours ouvert \u00e0 toutes les impressions artistiques, ce monde de pierre resterait dans la m\u00e9moire de la reine comme une \u00ab vision merveilleuse pr\u00e9serv\u00e9e avec r\u00e9v\u00e9rence dans son \u00e2me \u00bb jusqu&#039;\u00e0 la fin de ses jours.<\/p>\n<p align=\"justify\">En janvier 1893, la princesse Maria arriva \u00e0 Bucarest en tant qu&#039;\u00e9pouse du prince Ferdinand, h\u00e9ritier de la couronne de Roumanie. La m\u00eame ann\u00e9e, Maria donna naissance \u00e0 son premier enfant au ch\u00e2teau de Pele\u0219, baptis\u00e9 Carol, en l&#039;honneur du roi Carol Ier.<\/p>\n<p align=\"justify\">En 1894, le deuxi\u00e8me enfant naquit, \u00e9galement \u00e0 Pele\u0219, une fille pr\u00e9nomm\u00e9e en l&#039;honneur de la reine \u00c9lisabeth. En 1921, Georges II, fils du roi Constantin de Gr\u00e8ce, \u00e9pousa celui-ci, qui devint \u00e0 son tour souverain de Gr\u00e8ce le 27 septembre 1922. Quinze mois plus tard, une r\u00e9volution \u00e9clata en Gr\u00e8ce, et Georges et \u00c9lisabeth se r\u00e9fugi\u00e8rent \u00e0 Bucarest, o\u00f9 ils divorc\u00e8rent. Georges retourna en Gr\u00e8ce, mais \u00c9lisabeth resta \u00e0 Bucarest, qu&#039;elle quitta avec son petit-fils, Mihai, en janvier 1948. Elle mourut \u00e0 Cannes en 1956.<\/p>\n<p align=\"justify\">En 1900, \u00e0 Gotha, en Allemagne, la princesse h\u00e9riti\u00e8re donna naissance \u00e0 son troisi\u00e8me enfant, la princesse M\u0103rioara, affectueusement surnomm\u00e9e Mignon. Elle \u00e9pousa le roi Alexandre Ier de Serbie en 1922, avec qui elle eut trois enfants. Son mari fut assassin\u00e9 \u00e0 Marseille par des terroristes croates en 1934. En 1941, la Yougoslavie fut occup\u00e9e par l&#039;arm\u00e9e allemande. Mignon mourut en 1961 et repose au mausol\u00e9e de Frogmore, dans le parc de Windsor.<\/p>\n<p align=\"justify\">Trois ans apr\u00e8s la naissance de Mignon, l&#039;ann\u00e9e m\u00eame de l&#039;inauguration du ch\u00e2teau de Peli\u015for, naquit le prince Nicolae. Il fut le seul des enfants de Maria \u00e0 \u00eatre \u00e9duqu\u00e9 en Angleterre, \u00e0 Eton, dans la profession de son grand-p\u00e8re, le duc d&#039;\u00c9dimbourg. Le prince Nicolae fut membre du Conseil de r\u00e9gence de 1927 \u00e0 1930. Il contribua grandement au retour de son fr\u00e8re de Paris et \u00e0 son accession au tr\u00f4ne, sous le titre de roi Carol II. Son mariage morganatique avec Ioana Doleti entra\u00eena des relations tendues avec son fr\u00e8re et finalement son exil. Il mourut \u00e0 Madrid en 1977.<\/p>\n<p align=\"justify\">En 1909, \u00e0 Cotroceni, naquit la princesse Ileana, qui deviendrait archiduchesse d&#039;Autriche par son mariage avec Antoine de Habsbourg, avec qui elle eut six enfants. Ileana retourna en Roumanie apr\u00e8s la fuite de Carol II et, pendant la Seconde Guerre mondiale, fonda et dirigea, sur le domaine de Bran, h\u00e9rit\u00e9 de sa m\u00e8re, l&#039;h\u00f4pital \u00ab Le C\u0153ur de la Reine Maria \u00bb.<i>.<\/i>\u00a0Le second \u00e9poux de la princesse Ileana \u00e9tait le Dr \u0218tefan Is\u0103rescu. Il quitta le pays en 1948 avec le reste de sa famille. Apr\u00e8s plusieurs p\u00e9r\u00e9grinations en Europe, Ileana et ses enfants s&#039;install\u00e8rent aux \u00c9tats-Unis. Plus tard, la princesse Ileana devint religieuse, prenant le nom de M\u00e8re Alexandra, et fonda un monast\u00e8re orthodoxe en Pennsylvanie. Elle mourut en 1991, apr\u00e8s avoir eu la joie de retrouver sa patrie en 1990.<\/p>\n<p align=\"justify\">Le dernier enfant de Maria, le prince Mircea, n\u00e9 en 1913, est d\u00e9c\u00e9d\u00e9 tragiquement, \u00e0 seulement 3 ans, de la fi\u00e8vre typho\u00efde, pendant la Premi\u00e8re Guerre mondiale.<\/p>\n<p align=\"justify\">Si, d\u00e8s son arriv\u00e9e en Roumanie, la princesse h\u00e9riti\u00e8re fut surnomm\u00e9e \u00ab\u00a0La Princesse Lointaine\u00a0\u00bb, car elle semblait une plante encore mal acclimat\u00e9e au sol du pays, au fil du temps, la princesse Maria apprit \u00e0 conna\u00eetre la Valachie mieux que ceux qui l&#039;entouraient. Et pas seulement dans ses charmes, mais, chose rare, dans l&#039;essence m\u00eame des choses et des gens. C&#039;est pourquoi, dans les moments de d\u00e9tresse de son refuge \u00e0 Ia\u0219i, alors que sa dignit\u00e9 de reine et m\u00eame sa vie \u00e9taient menac\u00e9es, elle d\u00e9clara\u00a0: \u00ab\u00a0Je n&#039;ai d&#039;autre patrie que la Roumanie. Je ne me s\u00e9parerai pas de ce pays\u00a0!\u00a0\u00bb.<\/p>\n<p align=\"justify\">Tout le mode de vie de la reine Marie porte l&#039;empreinte de sa conception de la royaut\u00e9. On y retrouve la tradition anglo-saxonne dans laquelle elle a \u00e9t\u00e9 \u00e9duqu\u00e9e, m\u00eal\u00e9e \u00e0 des \u00e9l\u00e9ments celto-balto-scandinaves, chers \u00e0 son \u00e2me de \u00ab romantique par excellence \u00bb.<i>,<\/i>\u00a0mais aussi l&#039;orthodoxie autochtone du gouvernement de type monarchique. Pour Marie, le point central de la d\u00e9finition de la royaut\u00e9 \u00e9tait le caract\u00e8re sacr\u00e9 de cette institution. L&#039;ancienne conception anglo-saxonne s&#039;identifie \u00e0 la conception orthodoxe du Seigneur, \u00ab\u00a0l&#039;oint\u00a0\u00bb de Dieu. Le souverain \u00e9tait cens\u00e9 \u00eatre, selon cette th\u00e9orie, un mod\u00e8le de sagesse, de patience et de bienveillance. Il incarnait la grandeur, la puissance et la solennit\u00e9 de l&#039;institution royale. C&#039;est pourquoi la croix patriarcale, symbole du pouvoir sacr\u00e9, appara\u00eet \u00e0 plusieurs reprises parmi les \u00e9l\u00e9ments d\u00e9coratifs du ch\u00e2teau de Peli\u0219or.<\/p>\n<p align=\"justify\">Consciente de sa valeur politique, petite-fille de l&#039;imposante reine Victoria d&#039;Angleterre et des terres autocratiques de Russie (pays o\u00f9 la monarchie suscitait un respect spontan\u00e9), elle fut choqu\u00e9e de constater son manque d&#039;autorit\u00e9 en tant que princesse h\u00e9riti\u00e8re et \u00e0 quel point son pouvoir \u00e9tait censur\u00e9.<\/p>\n<p align=\"justify\">Cependant, si l&#039;on se souvient de la longue p\u00e9riode de l&#039;histoire des Principaut\u00e9s o\u00f9 le tr\u00f4ne \u00e9tait vendu par la Porte au plus offrant, on comprend pourquoi le sacr\u00e9 ne faisait plus partie de la conception de l&#039;autorit\u00e9 du peuple roumain et pourquoi, comme le disait Maria, \u00ab la bonne volont\u00e9 et la confiance devaient \u00eatre gagn\u00e9es avec des efforts et de nombreux sacrifices \u00bb.<i>\u00a0<\/i>De plus, comme le stipulait la Constitution de 1866, la monarchie constitutionnelle d\u00e9signait une monarchie sous le contr\u00f4le du pays et, implicitement, de l&#039;opinion publique. Cette opinion publique devait \u00eatre conquise et, pour y parvenir, la princesse Mary \u00e9tait guid\u00e9e par le principe rencontr\u00e9 \u00e0 la cour de sa grand-m\u00e8re anglaise\u00a0: entreprendre des choses int\u00e9ressantes en g\u00e9n\u00e9ral, et pas n\u00e9cessairement des actes politiques. Mais<i>,\u00a0<\/i>Les \u00ab\u00a0choses int\u00e9ressantes\u00a0\u00bb n&#039;\u00e9taient pas permises \u00e0 la princesse h\u00e9riti\u00e8re, qui \u00e9tait tenue de se conformer \u00e0 un protocole strict. Pour sortir de cette impasse, l&#039;imagination de Marie raviva et actualisa les traditions de cour m\u00e9di\u00e9vales, pleines de charme et de spectacle, qui correspondaient aux id\u00e9es de la royaut\u00e9 en Allemagne du Nord, mais aussi aux conceptions locales du XVIIe si\u00e8cle. Le faste et les c\u00e9r\u00e9monies de cour avaient acquis, depuis l&#039;\u00e9poque de Constantin Brancoveanu, un r\u00f4le important pour influencer les consciences et souligner l&#039;autorit\u00e9 royale.<\/p>\n<p align=\"justify\">Amoureuse de la beaut\u00e9, Maria avait aussi une autre fa\u00e7on d&#039;affirmer sa personnalit\u00e9 : l&#039;artistique. Sa cr\u00e9ation litt\u00e9raire comprend des r\u00e9cits, des \u00e9vocations, des romans et des m\u00e9moires. Citons quelques titres\u00a0: \u00ab\u00a0Mon pays\u00a0\u00bb, \u00ab\u00a0Le R\u00eaveur\u00a0\u00bb, \u00ab\u00a0Une l\u00e9gende du mont Athos\u00a0\u00bb, \u00ab\u00a0L&#039;histoire d&#039;une dame d\u00e9sob\u00e9issante\u00a0\u00bb, \u00ab\u00a0Pens\u00e9es et ic\u00f4nes du temps de la guerre\u00a0\u00bb, \u00ab\u00a0D\u00e9sir inextinguible\u00a0\u00bb, \u00ab\u00a0L&#039;histoire d&#039;un c\u0153ur\u00a0\u00bb, \u00ab\u00a0Reines couronn\u00e9es\u00a0\u00bb, \u00ab\u00a0Oiseaux fantastiques dans le ciel bleu\u00a0\u00bb, \u00ab\u00a0La voix de la montagne\u00a0\u00bb, \u00ab\u00a0Masques\u00a0\u00bb, \u00ab\u00a0L&#039;histoire de ma vie\u00a0\u00bb. Ses \u0153uvres litt\u00e9raires ont \u00e9t\u00e9 \u00e9crites en anglais et traduites en roumain, certaines \u00e9tant de Nicolae Iorga.<\/p>\n<p align=\"justify\">L&#039;\u00c9criture, dans la traduction du XVIe si\u00e8cle, qui semble \u00eatre une interpr\u00e9tation dans le style de Spencer et de Shakespeare, lui \u00e9tait devenue si famili\u00e8re que, dans les jours tragiques de la d\u00e9faite \u00e0 Ia\u0219i, alors qu&#039;elle ne pouvait pas parler autrement des douleurs morales qui la d\u00e9chiraient, Marie, reine de Roumanie, fit imprimer en roumain des versets bibliques qui contenaient ses tristesses, ses col\u00e8res et ses espoirs.<\/p>\n<p align=\"justify\">Peintre de talent elle-m\u00eame, la reine Maria fut la cr\u00e9atrice d&#039;une soci\u00e9t\u00e9 artistique, qui comptait parmi ses membres fondateurs \u0218tefan Luchian et \u0218tefan Popescu, intitul\u00e9e\u00a0<i>&quot;Jeunesse Artistique&quot;.<\/i>\u00a0Cette soci\u00e9t\u00e9 comprenait, parmi ses membres, de pr\u00e9cieux artistes visuels de l&#039;entre-deux-guerres : Kimon Loghi, Samuel Mutzner, Elena Popea, Marius Bunescu, Costin Petrescu, A. Verona, N. Vermont, AA Ionescu, Ipolit Str\u00e2mbu et d&#039;autres.<\/p>\n<p align=\"justify\">Dot\u00e9e de gr\u00e2ces artistiques, mais aussi d&#039;une intelligence remarquable, la princesse Maria atteint peu \u00e0 peu le c\u0153ur de l&#039;aust\u00e8re roi Carol Ier. Voici comment elle le d\u00e9crit dans\u00a0<i>&quot;Souvenirs&quot;<\/i>\u00a0son \u00e9volution des relations avec le vieux roi : \u00ab N&#039;ayant jamais eu le go\u00fbt des restrictions, il y eut des jours o\u00f9 une vie plus simple e\u00fbt mieux convenu \u00e0 mes go\u00fbts. Mais en vieillissant, ma patience grandit, ainsi que mon entendement, et j&#039;appris ainsi \u00e0 appr\u00e9cier la valeur de ce qui m&#039;avait souvent fatigu\u00e9 au d\u00e9but. J&#039;entrai plus pleinement dans ce qui int\u00e9ressait le bon vieillard ; tant de connaissances pouvaient \u00eatre tir\u00e9es de son exp\u00e9rience, et si son jugement \u00e9tait parfois \u00e9tranger \u00e0 ma mani\u00e8re plus ardente de comprendre les choses, j&#039;appris beaucoup de ses paroles, et plus encore de l&#039;exemple qu&#039;il me donna.<\/p>\n<p align=\"justify\">\u00ab Il n&#039;y a jamais eu d&#039;homme plus aust\u00e8re, plus simple, plus altruiste, vivant pour son travail. Un saint n&#039;aurait pas pu vivre une vie plus abn\u00e9gationniste. Nous n&#039;\u00e9tions pas toujours d&#039;accord, mais chaque ann\u00e9e, nous devenions de plus en plus amis. \u00bb<\/p>\n<p align=\"justify\">Devenue souveraine en septembre 1914, la reine Marie s&#039;impliqua dans la vie politique du pays avec tact et audace. Elle joua un r\u00f4le d\u00e9cisif dans la cr\u00e9ation de la Grande Roumanie, \u00e9tant \u00e0 l&#039;avant-garde du mouvement pro-Entente et conseill\u00e8re privil\u00e9gi\u00e9e du roi Ferdinand.<\/p>\n<p align=\"justify\">Durant son refuge \u00e0 Ia\u0219i, elle a courageusement endur\u00e9 les \u00e9preuves de la guerre, sans perdre un seul instant la foi en la victoire. \u00ab\u00a0M\u00e8re des bless\u00e9s\u00a0\u00bb a impressionn\u00e9 par son \u00e9nergie et son courage in\u00e9puisables, notamment dans les h\u00f4pitaux moldaves, bond\u00e9s de patients atteints du typhus. Plus tard, elle \u00e9crira dans ses \u00ab\u00a0M\u00e9moires\u00a0\u00bb\u00a0: \u00ab\u00a0Je suis rest\u00e9e parmi mes soldats pendant de nombreux jours et Dieu m&#039;a permis de leur \u00eatre d&#039;une certaine aide\u00a0; des jours de terribles labeurs, des jours d&#039;obscurit\u00e9, o\u00f9 j&#039;ai vu des choses que je n&#039;oublierai jamais.\u00a0\u00bb<\/p>\n<p align=\"justify\">En 1918, de retour de son refuge \u00e0 Bucarest, ravag\u00e9e par la peste, la reine fut infect\u00e9e et, pendant quelques jours, sa vie fut en danger. \u00c0 peine r\u00e9tablie, elle partit pour Paris, o\u00f9 se jouait le sort du monde, o\u00f9 les fronti\u00e8res \u00e9taient en jeu, pour d\u00e9fendre le droit roumain.<\/p>\n<p align=\"justify\">\u00c9lue membre de l&#039;Acad\u00e9mie des Beaux-Arts, acclam\u00e9e d\u00e8s ses premiers mots comme l&#039;une des grandes personnalit\u00e9s de son \u00e9poque, la reine a conquis un monde dont la r\u00e9serve capitule si durement devant les situations comme devant le talent. \u00c0 chaque occasion, elle a insist\u00e9 pour affirmer que la Roumanie, sans exiger, ne mendie pas. <i>Elle ne r\u00e9clame que ce qui lui est d\u00fb.\u00a0<\/i><i>&quot;Nous ne le sommes pas&quot;\u00a0<\/i><i>elle a dit,\u00a0<\/i><i>&quot;parent pauvre&quot;.<\/i><\/p>\n<p align=\"justify\">En reconnaissance de ses m\u00e9rites particuliers dans la cr\u00e9ation de la Grande Roumanie, le 1er d\u00e9cembre 1920, le Conseil municipal de Bran a d\u00e9cid\u00e9<i>:\u00a0<\/i><i>Offrons \u00e0 Sa Majest\u00e9 la reine Marie de Grande Roumanie l&#039;ancien ch\u00e2teau de Bran. Ce don doit \u00eatre avant tout l&#039;expression de la v\u00e9n\u00e9ration sinc\u00e8re que la population de notre ville \u00e9prouve envers la grande reine qui s\u00e8che les larmes des veuves et des orphelins, encourage les d\u00e9sesp\u00e9r\u00e9s, apporte aide et r\u00e9confort \u00e0 ceux qui souffrent et r\u00e9pand la b\u00e9n\u00e9diction partout o\u00f9 elle pose ses pieds, conqu\u00e9rant ainsi avec un \u00e9lan irr\u00e9sistible le c\u0153ur des habitants de tout le pays.<\/i><\/p>\n<p align=\"justify\">Le 15 octobre 1922, elle eut l&#039;immense joie de participer, aux c\u00f4t\u00e9s de son \u00e9poux, au couronnement d&#039;Alba-Iulia. Avec sa couronne sur la t\u00eate et son long manteau, la reine Marie ressemble aux imp\u00e9ratrices byzantines, mais aussi aux princesses roumaines du XVIe si\u00e8cle. Contrairement \u00e0 la couronne de la reine \u00c9lisabeth \u2013 r\u00e9plique en or de la couronne en acier du roi Carol Ier \u2013, celle de la reine Marie est orn\u00e9e de fleurons, de pierres pr\u00e9cieuses et de pendentifs \u00e0 droite et \u00e0 gauche. La ressemblance avec la couronne de Despina Doamna est frappante.<\/p>\n<p align=\"justify\">En 1926, la reine Mary fascine l&#039;Occident et effectue une tourn\u00e9e triomphale aux \u00c9tats-Unis, qu&#039;elle doit interrompre car la sant\u00e9 du roi Ferdinand se d\u00e9t\u00e9riore.<\/p>\n<p align=\"justify\">\u00c0 la mort du roi Ferdinand en 1927, son petit-fils Michel, alors \u00e2g\u00e9 de 6 ans, devint souverain. Le Conseil de r\u00e9gence form\u00e9 comprenait le prince Nicolas, le patriarche Miron Cristea et Gh. Buzdugan, pr\u00e9sident de la Cour de cassation. En 1930, le fils a\u00een\u00e9 de la reine Marie, Carol II, revint de Paris et s&#039;installa de force sur le tr\u00f4ne, contre sa volont\u00e9. Le roi Carol II isola sa m\u00e8re dans sa r\u00e9sidence testamentaire, le palais de Cotroceni. \u00c9loign\u00e9e de la vie politique du pays, la reine Marie v\u00e9cut en exil volontaire dans sa villa de Balchik, o\u00f9 elle portait un voile blanc nou\u00e9 \u00e0 la mani\u00e8re monastique, la couleur des reines veuves.<\/p>\n<p align=\"justify\">La sant\u00e9 de Maria commen\u00e7a \u00e0 se d\u00e9t\u00e9riorer et, en 1938, elle se rendit dans une clinique de Dresde pour se faire soigner. Apprenant des m\u00e9decins que sa fin \u00e9tait proche, elle d\u00e9cida de rentrer au pays et, le 18 juillet 1938, elle s&#039;\u00e9teignit dans l&#039;\u00e9ternit\u00e9 dans la Chambre Dor\u00e9e du ch\u00e2teau de Peli\u0219or, d\u00e9cor\u00e9e par elle-m\u00eame des symboles qu&#039;elle ch\u00e9rissait : la foi, la lumi\u00e8re et la vie \u00e9ternelle. Dans son testament moral \u2013 \u00ab Lettre \u00e0 mon pays et \u00e0 mon peuple \u00bb \u2013, la reine Maria adressa un adieu \u00e9mouvant \u00e0 ceux \u00e0 qui elle s&#039;\u00e9tait identifi\u00e9e : \u00ab D\u00e9sormais, je ne pourrai plus vous envoyer de signes ; mais surtout, souvenez-vous, mon peuple, que je vous ai aim\u00e9 et que je vous b\u00e9nis jusqu&#039;\u00e0 mon dernier souffle. \u00bb<\/p>\n<p align=\"justify\">Mais son \u0153uvre a surv\u00e9cu et enrichit le patrimoine national. Une partie de cette \u0153uvre se trouve au ch\u00e2teau de Peli\u0219or, un lieu qui n&#039;attend que vous pour \u00eatre d\u00e9couvert et compris.<\/p>","protected":false},"featured_media":15746,"parent":0,"menu_order":3,"template":"","meta":{"_acf_changed":false},"categories":[],"class_list":["post-15705","personalitati","type-personalitati","status-publish","has-post-thumbnail","hentry"],"acf":[],"yoast_head":"<!-- This site is optimized with the Yoast SEO plugin v24.1 - https:\/\/yoast.com\/wordpress\/plugins\/seo\/ -->\n<title>Regina Maria &#183; Peles Test<\/title>\n<meta name=\"robots\" content=\"noindex, follow, max-snippet:-1, max-image-preview:large, max-video-preview:-1\" \/>\n<script type=\"application\/ld+json\" class=\"yoast-schema-graph\">{\"@context\":\"https:\/\/schema.org\",\"@graph\":[{\"@type\":\"WebPage\",\"@id\":\"https:\/\/thewebdevpoint.com\/ro\/personalitati\/regina-maria\/\",\"url\":\"https:\/\/thewebdevpoint.com\/ro\/personalitati\/regina-maria\/\",\"name\":\"Regina Maria &#183; Peles Test\",\"isPartOf\":{\"@id\":\"https:\/\/thewebdevpoint.com\/ro\/#website\"},\"primaryImageOfPage\":{\"@id\":\"https:\/\/thewebdevpoint.com\/ro\/personalitati\/regina-maria\/#primaryimage\"},\"image\":{\"@id\":\"https:\/\/thewebdevpoint.com\/ro\/personalitati\/regina-maria\/#primaryimage\"},\"thumbnailUrl\":\"https:\/\/thewebdevpoint.com\/wp-content\/uploads\/2024\/12\/regina-maria-a-romaniei.jpg\",\"datePublished\":\"2024-12-09T13:09:17+00:00\",\"dateModified\":\"2024-12-17T15:54:48+00:00\",\"breadcrumb\":{\"@id\":\"https:\/\/thewebdevpoint.com\/ro\/personalitati\/regina-maria\/#breadcrumb\"},\"inLanguage\":\"fr-FR\",\"potentialAction\":[{\"@type\":\"ReadAction\",\"target\":[\"https:\/\/thewebdevpoint.com\/ro\/personalitati\/regina-maria\/\"]}]},{\"@type\":\"ImageObject\",\"inLanguage\":\"fr-FR\",\"@id\":\"https:\/\/thewebdevpoint.com\/ro\/personalitati\/regina-maria\/#primaryimage\",\"url\":\"https:\/\/thewebdevpoint.com\/wp-content\/uploads\/2024\/12\/regina-maria-a-romaniei.jpg\",\"contentUrl\":\"https:\/\/thewebdevpoint.com\/wp-content\/uploads\/2024\/12\/regina-maria-a-romaniei.jpg\",\"width\":381,\"height\":599},{\"@type\":\"BreadcrumbList\",\"@id\":\"https:\/\/thewebdevpoint.com\/ro\/personalitati\/regina-maria\/#breadcrumb\",\"itemListElement\":[{\"@type\":\"ListItem\",\"position\":1,\"name\":\"Acas\u0103\",\"item\":\"https:\/\/thewebdevpoint.com\/\"},{\"@type\":\"ListItem\",\"position\":2,\"name\":\"Personalit\u0103\u021bi\",\"item\":\"https:\/\/thewebdevpoint.com\/ro\/personalitati\/\"},{\"@type\":\"ListItem\",\"position\":3,\"name\":\"Regina Maria\"}]},{\"@type\":\"WebSite\",\"@id\":\"https:\/\/thewebdevpoint.com\/ro\/#website\",\"url\":\"https:\/\/thewebdevpoint.com\/ro\/\",\"name\":\"Peles Test\",\"description\":\"\",\"publisher\":{\"@id\":\"https:\/\/thewebdevpoint.com\/ro\/#organization\"},\"potentialAction\":[{\"@type\":\"SearchAction\",\"target\":{\"@type\":\"EntryPoint\",\"urlTemplate\":\"https:\/\/thewebdevpoint.com\/ro\/?s={search_term_string}\"},\"query-input\":{\"@type\":\"PropertyValueSpecification\",\"valueRequired\":true,\"valueName\":\"search_term_string\"}}],\"inLanguage\":\"fr-FR\"},{\"@type\":\"Organization\",\"@id\":\"https:\/\/thewebdevpoint.com\/ro\/#organization\",\"name\":\"Muzeul Pele\u0219\",\"alternateName\":\"MP\",\"url\":\"https:\/\/thewebdevpoint.com\/ro\/\",\"logo\":{\"@type\":\"ImageObject\",\"inLanguage\":\"fr-FR\",\"@id\":\"https:\/\/thewebdevpoint.com\/ro\/#\/schema\/logo\/image\/\",\"url\":\"https:\/\/thewebdevpoint.com\/wp-content\/uploads\/2024\/10\/Logo.svg\",\"contentUrl\":\"https:\/\/thewebdevpoint.com\/wp-content\/uploads\/2024\/10\/Logo.svg\",\"width\":251,\"height\":48,\"caption\":\"Muzeul Pele\u0219\"},\"image\":{\"@id\":\"https:\/\/thewebdevpoint.com\/ro\/#\/schema\/logo\/image\/\"}}]}<\/script>\n<!-- \/ Yoast SEO plugin. -->","yoast_head_json":{"title":"Regina Maria &#183; Peles Test","robots":{"index":"noindex","follow":"follow","max-snippet":"max-snippet:-1","max-image-preview":"max-image-preview:large","max-video-preview":"max-video-preview:-1"},"schema":{"@context":"https:\/\/schema.org","@graph":[{"@type":"WebPage","@id":"https:\/\/thewebdevpoint.com\/ro\/personalitati\/regina-maria\/","url":"https:\/\/thewebdevpoint.com\/ro\/personalitati\/regina-maria\/","name":"Regina Maria &#183; Peles Test","isPartOf":{"@id":"https:\/\/thewebdevpoint.com\/ro\/#website"},"primaryImageOfPage":{"@id":"https:\/\/thewebdevpoint.com\/ro\/personalitati\/regina-maria\/#primaryimage"},"image":{"@id":"https:\/\/thewebdevpoint.com\/ro\/personalitati\/regina-maria\/#primaryimage"},"thumbnailUrl":"https:\/\/thewebdevpoint.com\/wp-content\/uploads\/2024\/12\/regina-maria-a-romaniei.jpg","datePublished":"2024-12-09T13:09:17+00:00","dateModified":"2024-12-17T15:54:48+00:00","breadcrumb":{"@id":"https:\/\/thewebdevpoint.com\/ro\/personalitati\/regina-maria\/#breadcrumb"},"inLanguage":"fr-FR","potentialAction":[{"@type":"ReadAction","target":["https:\/\/thewebdevpoint.com\/ro\/personalitati\/regina-maria\/"]}]},{"@type":"ImageObject","inLanguage":"fr-FR","@id":"https:\/\/thewebdevpoint.com\/ro\/personalitati\/regina-maria\/#primaryimage","url":"https:\/\/thewebdevpoint.com\/wp-content\/uploads\/2024\/12\/regina-maria-a-romaniei.jpg","contentUrl":"https:\/\/thewebdevpoint.com\/wp-content\/uploads\/2024\/12\/regina-maria-a-romaniei.jpg","width":381,"height":599},{"@type":"BreadcrumbList","@id":"https:\/\/thewebdevpoint.com\/ro\/personalitati\/regina-maria\/#breadcrumb","itemListElement":[{"@type":"ListItem","position":1,"name":"Acas\u0103","item":"https:\/\/thewebdevpoint.com\/"},{"@type":"ListItem","position":2,"name":"Personalit\u0103\u021bi","item":"https:\/\/thewebdevpoint.com\/ro\/personalitati\/"},{"@type":"ListItem","position":3,"name":"Regina Maria"}]},{"@type":"WebSite","@id":"https:\/\/thewebdevpoint.com\/ro\/#website","url":"https:\/\/thewebdevpoint.com\/ro\/","name":"Peles Test","description":"","publisher":{"@id":"https:\/\/thewebdevpoint.com\/ro\/#organization"},"potentialAction":[{"@type":"SearchAction","target":{"@type":"EntryPoint","urlTemplate":"https:\/\/thewebdevpoint.com\/ro\/?s={search_term_string}"},"query-input":{"@type":"PropertyValueSpecification","valueRequired":true,"valueName":"search_term_string"}}],"inLanguage":"fr-FR"},{"@type":"Organization","@id":"https:\/\/thewebdevpoint.com\/ro\/#organization","name":"Muzeul Pele\u0219","alternateName":"MP","url":"https:\/\/thewebdevpoint.com\/ro\/","logo":{"@type":"ImageObject","inLanguage":"fr-FR","@id":"https:\/\/thewebdevpoint.com\/ro\/#\/schema\/logo\/image\/","url":"https:\/\/thewebdevpoint.com\/wp-content\/uploads\/2024\/10\/Logo.svg","contentUrl":"https:\/\/thewebdevpoint.com\/wp-content\/uploads\/2024\/10\/Logo.svg","width":251,"height":48,"caption":"Muzeul Pele\u0219"},"image":{"@id":"https:\/\/thewebdevpoint.com\/ro\/#\/schema\/logo\/image\/"}}]}},"_links":{"self":[{"href":"https:\/\/thewebdevpoint.com\/fr\/wp-json\/wp\/v2\/personalitati\/15705","targetHints":{"allow":["GET"]}}],"collection":[{"href":"https:\/\/thewebdevpoint.com\/fr\/wp-json\/wp\/v2\/personalitati"}],"about":[{"href":"https:\/\/thewebdevpoint.com\/fr\/wp-json\/wp\/v2\/types\/personalitati"}],"wp:featuredmedia":[{"embeddable":true,"href":"https:\/\/thewebdevpoint.com\/fr\/wp-json\/wp\/v2\/media\/15746"}],"wp:attachment":[{"href":"https:\/\/thewebdevpoint.com\/fr\/wp-json\/wp\/v2\/media?parent=15705"}],"wp:term":[{"taxonomy":"category","embeddable":true,"href":"https:\/\/thewebdevpoint.com\/fr\/wp-json\/wp\/v2\/categories?post=15705"}],"curies":[{"name":"wp","href":"https:\/\/api.w.org\/{rel}","templated":true}]}}