{"id":10352,"date":"2024-10-22T09:52:47","date_gmt":"2024-10-22T06:52:47","guid":{"rendered":"https:\/\/pelestest.thepoint-agency.com\/?post_type=colectie&#038;p=10352"},"modified":"2024-12-19T13:37:47","modified_gmt":"2024-12-19T11:37:47","slug":"portretul-reginei-maria","status":"publish","type":"colectie","link":"https:\/\/thewebdevpoint.com\/ro\/colectie\/portretul-reginei-maria\/","title":{"rendered":"Portretul Reginei Maria"},"content":{"rendered":"\t\t<div data-elementor-type=\"wp-post\" data-elementor-id=\"10352\" class=\"elementor elementor-10352\" data-elementor-post-type=\"colectie\">\n\t\t\t\t<div class=\"elementor-element elementor-element-0732d2c e-flex e-con-boxed e-con e-parent\" data-id=\"0732d2c\" data-element_type=\"container\">\n\t\t\t\t\t<div class=\"e-con-inner\">\n\t\t\t\t<div class=\"elementor-element elementor-element-cc7317e elementor-widget elementor-widget-text-editor\" data-id=\"cc7317e\" data-element_type=\"widget\" data-widget_type=\"text-editor.default\">\n\t\t\t\t<div class=\"elementor-widget-container\">\n\t\t\t\t\t\t\t\t\t<p>\u00cen urm\u0103 cu trei ani, cotidianul londonez\u00a0,<em>,The Guardian\u201d<\/em>\u00a0anun\u0163a printr-un articol elogios, mult a\u015fteptata biografie a celui care a fost Philip de Laszlo\u00a0(1869\u20131937). Semnat\u0103 de Peter Duff Hart-Davies \u015fi de Caroline Corbeau Parsons ea re\u00eenvia memoria unuia dintre cei mai prolifici pictori de salon ai \u00eenceputului de secol XX. Completat\u0103 de un amplu catalog\u00a0<em>raisonn\u00e9<\/em>, cartea recompune itinerariul artistic al celui supranumit\u00a0<em>,,pictorului Reginelor\u201d<\/em>.<\/p><p>Artistul care avea s\u0103-\u015fi revendice cea mai numeroas\u0103 clientel\u0103 regal\u0103, o pozi\u0163ie social\u0103 \u00eenfloritoare \u015fi o celebritate incontestabil\u0103 a v\u0103zut lumina zilei \u00eentr-o familie evreiasc\u0103 modest\u0103 din Budapesta. Voca\u0163ia pentru arte \u00een general, \u00eel determin\u0103 s\u0103 devin\u0103 la o v\u00e2rst\u0103 fraged\u0103 ucenic al scenografului Lehmann Mor. \u00censetat de cunoa\u015ftere, se refugiaz\u0103 \u00een solituninea atelierului \u015fi se orienteaz\u0103 spre pictur\u0103 \u015fi fotografie.<\/p><p>Impregnat de cuno\u015ftin\u0163e diverse, c\u00e2\u015ftig\u0103 o burs\u0103 la \u015ecoala de Arte Decorative din Budapesta. Noul statut \u00eei deschide larg u\u015file atelierului pictorului academist, Bertalan Szekely. Pedagogul \u00eei faciliteaz\u0103 c\u0103l\u0103torii de studiu la Vene\u0163ia \u015fi M\u00fcnchen. Concomitent, frecventeaz\u0103 cursurile lui Wilhelm von Kaulbach, Jules Lefebvre \u015fi Benjamin Constant, la Academia Julian din Paris. Seria portretelor care i-au adus celebritatea a \u00eenceput cu mitrolopitul Grigore al Bulgariei. \u00cencurajat de succes, accept\u0103 o nou\u0103 comand\u0103 important\u0103 din partea Regelui Ferdinand I de Saxa-Coburg-Gotha (1887-1918) \u015fi al Mariei-Louise de Bourbon-Parma, urmat\u0103 de numeroase portrete de principi germani \u015fi arhiduci austrieci. La 1900, figureaz\u0103 \u00een cadrul Salonului Societ\u0103\u0163ii Na\u0163ionale de Arte-Frumoase de la Paris cu portretul papei Leon al XIII-lea \u015fi din acest moment \u00eencepe adev\u0103rata consacrare artistic\u0103.<br \/>Celebritatea \u00een cre\u015ftere \u00eel aduce \u00een fruntea Societ\u0103\u0163ii Regale a Arti\u015ftilor Britanici \u015fi totodat\u0103 \u00een anturajul Casei regale engleze. Departe de a-l descuraja, ploaia de comenzi \u00eel g\u0103se\u015fte preg\u0103tit: Laszlo picteaz\u0103 cu frenezie. Tehnica sa sofisticat\u0103 este dublat\u0103 de o dexteritate nemai\u00eent\u00e2lnit\u0103. Poate realiza cu aparent\u0103 lejeritate cele mai complicate portrete \u00een doar c\u00e2teva \u015fedin\u0163e, fapt menit s\u0103-i apropie \u015fi mai mult clientela bogat\u0103 (num\u0103rul operelor sale este estimat la circa 3000!). \u00cen anul 1903, survine \u00eent\u00e2ia comand\u0103 din partea \u00eemp\u0103ratului Franz Josef, iar la 1908, execut\u0103 portretul pre\u015fedintelui american, Theodor Roosevelt. \u00cencununarea muncii sale vine \u00eens\u0103 \u00een anul 1912 prin Casa de Habsburg, care \u00eel \u00eennobileaz\u0103, devenind astfel Philipp Laszlo de Lombos.<br \/>Prilejuit de turneul european organizat \u00een Elve\u0163ia, Fran\u0163a, Belgia \u015fi Marea Britanie de c\u0103tre Casa regal\u0103 rom\u00e2n\u0103 \u00een prim\u0103vara anului 1924, primul contact cu arta marelui portretist o are \u00een centrul s\u0103u pe Regina Maria. \u00cen afara programului oficial de vizit\u0103, organizat minu\u0163ios de Regele George al V-lea, suverana \u00ee\u015fi noteaz\u0103 \u00een\u00a0Jurnal\u00a0\u00a0vizitele \u00een luxosul atelier al pictorului, \u00een zilele de 15, respectiv 20, 21 \u015fi 22 mai. Agita\u0163ia st\u00e2rnit\u0103 \u00een jurul lucr\u0103rii era cu at\u00e2t mai mare, cu c\u00e2t o lun\u0103 mai t\u00e2rziu va fi expus\u0103 la Londra. Reprezentat\u0103 trei sferturi, \u00een drapaj auriu, artistic aruncat pe umeri, cu celebra diadem\u0103 de safire \u015fi diamante pe cap, purt\u00e2nd la g\u00e2t superbul colier de la Cartier, Maria sur\u00e2de discret privitorului. De\u015fi viu, cromatismul ocole\u015fte notele stridente \u015fi confer\u0103 \u00eentregii compozi\u0163ii profunzime \u015fi elegan\u0163\u0103. Fundalul neutru cu penumbre misterioase, intensific\u0103, prin contrast, aerul de prestan\u0163\u0103 al personajului. Iat\u0103 nota\u0163iile Mariei, relative la momentul realiz\u0103rii portretului de c\u0103tre artist:<br \/><em>,,[\u2026] Am plecat apoi cu Baby\u00a0[Beatrice de Orl\u00e9ans \u2013 Bourbon, sora cea mai mic\u0103 a Reginei Maria]\u00a0s\u0103 vizit\u0103m studioul lui Laszlo. N-am v\u0103zut niciodat\u0103 ceva mai minunat dec\u00e2t portretele sale, care sunt uimitoare. El a propus s\u0103-mi fac\u0103 o schi\u0163\u0103, ceea ce fire\u015fte c\u0103 n-am avut de g\u00e2nd s\u0103 refuz. Ne-am uitat la toate lucr\u0103rile lui \u015fi am petrecut cel mai pl\u0103cut timp\u201d.<\/em>\u00a0\u00a0(15 mai 1924).<br \/><br \/><\/p><p>C\u00e2teva zile mai t\u00e2rziu, \u00een diminea\u0163a de 20 mai, Regina consemna:<\/p><p><em>,,Plecare devreme la atelierul lui Laszlo. [\u2026] Lucreaz\u0103 uimitor de repede \u015fi este minunat s\u0103-l prive\u015fti pict\u00e2nd. Este at\u00e2t de plin de entuziasm c\u00e2nd \u00eencepe un tablou care \u00eel \u00eenc\u00e2nt\u0103, \u00eenc\u00e2t ai sentimentul c\u0103-i vine s\u0103 strige de bucurie \u015fi emo\u0163ie. [\u2026] Am dorit \u00eentotdeauna s\u0103 iau contact cu el pentru c\u0103 \u00eei admir portretele mai mult ca orice. A trebuit \u00eens\u0103 s\u0103 stau foarte drept \u015fi complet nemi\u015fcat\u0103 cu acea diadem\u0103 care, \u00een final, mi-a produs o durere de cap ce m-a chinuit toat\u0103 ziua [\u2026]\u201d.<br \/><\/em>Miercuri, 21 mai, Regina scria:<br \/><em>,,Aceast\u0103 zi a fost aproape, \u00een \u00eentregime, dedicat\u0103 lui Laszlo \u015fi portretului pe care-l face. [\u2026]N-am mai v\u0103zut pe nimeni\u00a0 \u00een via\u0163a mea pict\u00e2nd ca el. Pare aproape o vr\u0103jitorie. Fiind presat de timp, nu-\u015fi pierde vremea ca s\u0103 fac\u0103 mai \u00eent\u00e2i o schi\u0163\u0103, ci picteaz\u0103 de la bun \u00eenceput. Frumuse\u0163ea culorii este des\u0103v\u00e2r\u015fit\u0103 \u015fi el pare s\u0103 se preocupe de tot ce este mai bun \u00eentr-o figur\u0103 \u015fi s\u0103 scoat\u0103 \u00een eviden\u0163\u0103 acest lucru cu o uluitoare intensitate. [\u2026]Eu sunt toat\u0103 \u00een auriu, cu benti\u0163a aurie pe frunte pe care o port \u00eentotdeauna sub diademele mele, a superbei mele diademe ruse\u015fti, cu cerceii mei lungi cu perle \u015fi cu pandantivul cu perl\u0103 \u00een fa\u0163a a\u015fa cum l-am purtat uneori, cel acoperit cu un v\u0103l auriu pus pe un fond aproape negru. O armonie aurie cu ochii \u015fi safirele cu unice tente de albastru \u015fi din acest aur, fa\u0163a mea radiaz\u0103 o expresivitate intens\u0103 incredibil\u0103 [\u2026]\u201d.<\/em><\/p><p>Ziua de 22 mai, \u00eei prilejue\u015fte Mariei ultima re\u00eent\u00e2lnire cu artistul:<\/p><p><em>,,[\u2026] c\u00e2nd tabloul a fost terminat \u015fi ridicat sus, \u00een fa\u0163a noastr\u0103 a ap\u0103rut o femeie vie, \u00eentr-o rochie \u015fi v\u0103l aurii, cu o superb\u0103 diadem\u0103 pe cap \u2026 [\u2026]M-am sim\u0163it m\u00e2ndr\u0103, pentru c\u0103 eu, la aproape 50 de ani ai mei, am inspirat un asemenea tablou[\u2026]. Laszlo, \u00een afar\u0103 de faptul c\u0103 este un artist extraordinar, este \u015fi unul care iube\u015fte societatea, a\u015fa c\u0103 el, mai ales \u00een aceast\u0103 clip\u0103 trec\u0103toare, a marii mele popularit\u0103\u0163i, \u015fi-a asigurat un succes dup\u0103 care mul\u0163i alearg\u0103 \u015fi, \u00eentruc\u00e2t tabloul nu poate s\u0103 nu atrag\u0103 aten\u0163ie, \u00eei va face o mare reclam\u0103.\u00a0 [\u2026]\u201d.<br \/><\/em>\u00cen anul 1925, execut\u0103 dou\u0103 portrete ale Elenei de Grecia, unul dintre ele p\u0103strat la Versoix. Cu un an \u00eenainte de a p\u0103r\u0103si aceast\u0103 lume, \u00een anul 1936, Laszlo este solicitat s\u0103 picteze trei portrete ale Regelui Carol al II-lea, alte patru ale Reginei Maria \u015fi dou\u0103 aleRegelui Mihai.<\/p><p>\u00cen luna decembrie a anului trecut, Casa Cartier din Paris a vernisat la Grand Palais o ampl\u0103 expozi\u0163ie dedicat\u0103 celor mai valoroase realiz\u0103ri ale celebrului magazin de bijuterii. \u00cenfiin\u0163at la 1847, aniverseaz\u0103 anul acesta o sut\u0103 \u015faizeci \u015fi \u015fapte ani de existen\u0163\u0103 str\u0103lucit\u0103 \u015fi de tradi\u0163ie a luxului. Printre piesele rarissime expuse, celebrul safir al Reginei\u00a0Maria, achizi\u0163ionat de c\u0103tre Regele Ferdinand ca dar pentru festivit\u0103\u0163ile \u00cencoron\u0103rii din 15 octombrie 1922 de la Alba-Iulia. La 7 septembrie 1921, Maria nota \u00een jurnal\u00a0:<\/p><p><em>,,[\u2026] ne-am dus mai \u00eent\u00e2i la Cartier\u2019s s\u0103 lu\u0103m superbul colier cu safire \u015fi diamante pe care Nando mi l-a cump\u0103rat ca s\u0103 fac\u0103 set cu diadema mea.\u00a0Este o bijuterie unic\u0103, superb\u0103 \u015fi femeia din mine se bucur\u0103, c\u0103ci bijuteriile au avut \u00eentotdeauna o semnifica\u0163ie special\u0103 \u00een familia noastr\u0103 \u2013 o mo\u015ftenire ruseasc\u0103 !\u201d<\/em><\/p><p>Prin testamentul din 29 iunie 1933, redactat la Balcic, Regina Maria oferea Principelui mo\u015ftenitor al Coroanei, Regelui Mihai I, dup\u0103 dispari\u0163ia sa, celebra bijuterie de la Cartier:<\/p><p><em>,,[\u2026]Las iubitului meu nepot Mihai, Voievod de Alba Iulia, diamantul cel mare ce mi-a fost d\u0103ruit de Regele Ferdinand [\u2026]\u201d<\/em><\/p><p>Considerat printre cunosc\u0103tori drept unul dintre cele mai mari safire din lume, bijuteria sri-lankez\u0103 fa\u0163etat\u0103, de 478 carate, \u00een eleganta montur\u0103 floral\u0103, decorat\u0103 cu diamante a fost achizi\u0163ionat\u0103 de Casa Cartier \u00een anul 1913. \u00cen acela\u015fi an, este inclus\u0103 \u00eentr-un colier al\u0103turi de \u015fapte diamante. \u00cen anul 1919, Cartier izoleaz\u0103 din nou safirul pentru a-i pune \u00een valoare frumuse\u0163ea absolut unic\u0103 \u015fi \u00eel expune la San Sebastiano, Spania, unde atrage aten\u0163ia c\u00e2torva capete \u00eencoronate. V\u00e2ndut de Regele Mihai dup\u0103 abdicare, safirul reapare \u00een anul 2003, c\u00e2nd, la o licita\u0163ie a Casei Christie\u2019s din Geneva, este cump\u0103rat la fabulosul pre\u0163 de 1.500.000 dolari\u00a0 SUA!<\/p><p>A\u015fa cum m\u0103rturise\u015fte \u00eens\u0103\u015fi suverana \u00een Jurnalul s\u0103u, ,,mo\u015ftenirea ruseac\u0103\u201d o reprezint\u0103 diadema cu safire \u015fi diamante. \u00cen anul 1825, \u0163arul Nicolae I ofer\u0103 so\u0163iei sale, Alexandra Feodorovna, n\u0103scut\u0103 Charlotte de Prusia un cadou demn de o \u00eemp\u0103r\u0103teas\u0103. Dup\u0103 moartea \u0163arinei, diadema este mo\u015ftenit\u0103 de nora sa, so\u0163ia Marelui Duce Vladimir, Maria Pavlovna, n\u0103scut\u0103 Prin\u0163es\u0103 de Mecklenburg-Schwerin, soacra Victoriei Melita, care apeleaz\u0103 la Casa Cartier pentru o ajustare important\u0103. Onorat de comand\u0103, renumitul bijutier francez Louis Cartier se deplaseaz\u0103 personal la Sankt-Petersburg.<\/p><p>Dup\u0103 c\u0103derea Romanovilor, Maria Pavlovna o vinde din motive evidente Reginei Maria a Rom\u00e2niei. \u00cen anul 1931, cu ocazia c\u0103s\u0103toriei cu Arhiducele Anton de Habsburg, Principesa Ileana prime\u015fte \u00een dar celebra diadem\u0103, pe care o \u00eenstr\u0103ineaz\u0103 \u00een anii \u201950, \u00een Statele Unite, pentru suma de 80.000 de dolari. Ast\u0103zi, printr-un interesant concurs de \u00eemprejur\u0103ri, diadema s-a re\u00eentors dup\u0103 aproape un secol \u00a0la Casa Cartier.<\/p><p>G\u0103zduit \u00een Holul de onoare al Castelului Peli\u015for, portretul Art D\u00e9co al Reginei Maria pictat de Philip de Laszlo v\u0103 invit\u0103 s\u0103 admira\u0163i at\u00e2t m\u0103iestria artistului care l-a creat, c\u00e2t \u015fi frumuse\u0163ea bijuteriilor regale.<\/p>\t\t\t\t\t\t\t\t<\/div>\n\t\t\t\t<\/div>\n\t\t\t\t\t<\/div>\n\t\t\t\t<\/div>\n\t\t\t\t<\/div>\n\t\t","protected":false},"featured_media":10494,"parent":0,"menu_order":0,"template":"","meta":{"_acf_changed":false},"categorie-colectie":[297],"tag-obiect-colectie":[],"class_list":["post-10352","colectie","type-colectie","status-publish","has-post-thumbnail","hentry","categorie-colectie-colectia-de-pictura-universala"],"acf":[],"yoast_head":"<!-- This site is optimized with the Yoast SEO plugin v24.1 - https:\/\/yoast.com\/wordpress\/plugins\/seo\/ -->\n<title>Portretul Reginei Maria &#183; Peles Test<\/title>\n<meta name=\"robots\" content=\"noindex, follow, max-snippet:-1, max-image-preview:large, max-video-preview:-1\" \/>\n<script type=\"application\/ld+json\" class=\"yoast-schema-graph\">{\"@context\":\"https:\/\/schema.org\",\"@graph\":[{\"@type\":\"WebPage\",\"@id\":\"https:\/\/thewebdevpoint.com\/colectie\/portretul-reginei-maria\/\",\"url\":\"https:\/\/thewebdevpoint.com\/colectie\/portretul-reginei-maria\/\",\"name\":\"Portretul Reginei Maria &#183; Peles Test\",\"isPartOf\":{\"@id\":\"https:\/\/thewebdevpoint.com\/ro\/#website\"},\"primaryImageOfPage\":{\"@id\":\"https:\/\/thewebdevpoint.com\/colectie\/portretul-reginei-maria\/#primaryimage\"},\"image\":{\"@id\":\"https:\/\/thewebdevpoint.com\/colectie\/portretul-reginei-maria\/#primaryimage\"},\"thumbnailUrl\":\"https:\/\/thewebdevpoint.com\/wp-content\/uploads\/2024\/10\/Maria.jpg\",\"datePublished\":\"2024-10-22T06:52:47+00:00\",\"dateModified\":\"2024-12-19T11:37:47+00:00\",\"breadcrumb\":{\"@id\":\"https:\/\/thewebdevpoint.com\/colectie\/portretul-reginei-maria\/#breadcrumb\"},\"inLanguage\":\"ro-RO\",\"potentialAction\":[{\"@type\":\"ReadAction\",\"target\":[\"https:\/\/thewebdevpoint.com\/colectie\/portretul-reginei-maria\/\"]}]},{\"@type\":\"ImageObject\",\"inLanguage\":\"ro-RO\",\"@id\":\"https:\/\/thewebdevpoint.com\/colectie\/portretul-reginei-maria\/#primaryimage\",\"url\":\"https:\/\/thewebdevpoint.com\/wp-content\/uploads\/2024\/10\/Maria.jpg\",\"contentUrl\":\"https:\/\/thewebdevpoint.com\/wp-content\/uploads\/2024\/10\/Maria.jpg\",\"width\":2021,\"height\":2502,\"caption\":\"PHILIP DE L\u00c1SZL\u00d3 (1869-1937) Portretul reginei Maria\"},{\"@type\":\"BreadcrumbList\",\"@id\":\"https:\/\/thewebdevpoint.com\/colectie\/portretul-reginei-maria\/#breadcrumb\",\"itemListElement\":[{\"@type\":\"ListItem\",\"position\":1,\"name\":\"Acas\u0103\",\"item\":\"https:\/\/thewebdevpoint.com\/\"},{\"@type\":\"ListItem\",\"position\":2,\"name\":\"Colectii\",\"item\":\"https:\/\/thewebdevpoint.com\/en\/colectii\/\"},{\"@type\":\"ListItem\",\"position\":3,\"name\":\"Portretul Reginei Maria\"}]},{\"@type\":\"WebSite\",\"@id\":\"https:\/\/thewebdevpoint.com\/ro\/#website\",\"url\":\"https:\/\/thewebdevpoint.com\/ro\/\",\"name\":\"Peles Test\",\"description\":\"\",\"publisher\":{\"@id\":\"https:\/\/thewebdevpoint.com\/ro\/#organization\"},\"potentialAction\":[{\"@type\":\"SearchAction\",\"target\":{\"@type\":\"EntryPoint\",\"urlTemplate\":\"https:\/\/thewebdevpoint.com\/ro\/?s={search_term_string}\"},\"query-input\":{\"@type\":\"PropertyValueSpecification\",\"valueRequired\":true,\"valueName\":\"search_term_string\"}}],\"inLanguage\":\"ro-RO\"},{\"@type\":\"Organization\",\"@id\":\"https:\/\/thewebdevpoint.com\/ro\/#organization\",\"name\":\"Muzeul Pele\u0219\",\"alternateName\":\"MP\",\"url\":\"https:\/\/thewebdevpoint.com\/ro\/\",\"logo\":{\"@type\":\"ImageObject\",\"inLanguage\":\"ro-RO\",\"@id\":\"https:\/\/thewebdevpoint.com\/ro\/#\/schema\/logo\/image\/\",\"url\":\"https:\/\/thewebdevpoint.com\/wp-content\/uploads\/2024\/10\/Logo.svg\",\"contentUrl\":\"https:\/\/thewebdevpoint.com\/wp-content\/uploads\/2024\/10\/Logo.svg\",\"width\":251,\"height\":48,\"caption\":\"Muzeul Pele\u0219\"},\"image\":{\"@id\":\"https:\/\/thewebdevpoint.com\/ro\/#\/schema\/logo\/image\/\"}}]}<\/script>\n<!-- \/ Yoast SEO plugin. -->","yoast_head_json":{"title":"Portretul Reginei Maria &#183; Peles Test","robots":{"index":"noindex","follow":"follow","max-snippet":"max-snippet:-1","max-image-preview":"max-image-preview:large","max-video-preview":"max-video-preview:-1"},"schema":{"@context":"https:\/\/schema.org","@graph":[{"@type":"WebPage","@id":"https:\/\/thewebdevpoint.com\/colectie\/portretul-reginei-maria\/","url":"https:\/\/thewebdevpoint.com\/colectie\/portretul-reginei-maria\/","name":"Portretul Reginei Maria &#183; Peles Test","isPartOf":{"@id":"https:\/\/thewebdevpoint.com\/ro\/#website"},"primaryImageOfPage":{"@id":"https:\/\/thewebdevpoint.com\/colectie\/portretul-reginei-maria\/#primaryimage"},"image":{"@id":"https:\/\/thewebdevpoint.com\/colectie\/portretul-reginei-maria\/#primaryimage"},"thumbnailUrl":"https:\/\/thewebdevpoint.com\/wp-content\/uploads\/2024\/10\/Maria.jpg","datePublished":"2024-10-22T06:52:47+00:00","dateModified":"2024-12-19T11:37:47+00:00","breadcrumb":{"@id":"https:\/\/thewebdevpoint.com\/colectie\/portretul-reginei-maria\/#breadcrumb"},"inLanguage":"ro-RO","potentialAction":[{"@type":"ReadAction","target":["https:\/\/thewebdevpoint.com\/colectie\/portretul-reginei-maria\/"]}]},{"@type":"ImageObject","inLanguage":"ro-RO","@id":"https:\/\/thewebdevpoint.com\/colectie\/portretul-reginei-maria\/#primaryimage","url":"https:\/\/thewebdevpoint.com\/wp-content\/uploads\/2024\/10\/Maria.jpg","contentUrl":"https:\/\/thewebdevpoint.com\/wp-content\/uploads\/2024\/10\/Maria.jpg","width":2021,"height":2502,"caption":"PHILIP DE L\u00c1SZL\u00d3 (1869-1937) Portretul reginei Maria"},{"@type":"BreadcrumbList","@id":"https:\/\/thewebdevpoint.com\/colectie\/portretul-reginei-maria\/#breadcrumb","itemListElement":[{"@type":"ListItem","position":1,"name":"Acas\u0103","item":"https:\/\/thewebdevpoint.com\/"},{"@type":"ListItem","position":2,"name":"Colectii","item":"https:\/\/thewebdevpoint.com\/en\/colectii\/"},{"@type":"ListItem","position":3,"name":"Portretul Reginei Maria"}]},{"@type":"WebSite","@id":"https:\/\/thewebdevpoint.com\/ro\/#website","url":"https:\/\/thewebdevpoint.com\/ro\/","name":"Peles Test","description":"","publisher":{"@id":"https:\/\/thewebdevpoint.com\/ro\/#organization"},"potentialAction":[{"@type":"SearchAction","target":{"@type":"EntryPoint","urlTemplate":"https:\/\/thewebdevpoint.com\/ro\/?s={search_term_string}"},"query-input":{"@type":"PropertyValueSpecification","valueRequired":true,"valueName":"search_term_string"}}],"inLanguage":"ro-RO"},{"@type":"Organization","@id":"https:\/\/thewebdevpoint.com\/ro\/#organization","name":"Muzeul Pele\u0219","alternateName":"MP","url":"https:\/\/thewebdevpoint.com\/ro\/","logo":{"@type":"ImageObject","inLanguage":"ro-RO","@id":"https:\/\/thewebdevpoint.com\/ro\/#\/schema\/logo\/image\/","url":"https:\/\/thewebdevpoint.com\/wp-content\/uploads\/2024\/10\/Logo.svg","contentUrl":"https:\/\/thewebdevpoint.com\/wp-content\/uploads\/2024\/10\/Logo.svg","width":251,"height":48,"caption":"Muzeul Pele\u0219"},"image":{"@id":"https:\/\/thewebdevpoint.com\/ro\/#\/schema\/logo\/image\/"}}]}},"_links":{"self":[{"href":"https:\/\/thewebdevpoint.com\/ro\/wp-json\/wp\/v2\/colectie\/10352","targetHints":{"allow":["GET"]}}],"collection":[{"href":"https:\/\/thewebdevpoint.com\/ro\/wp-json\/wp\/v2\/colectie"}],"about":[{"href":"https:\/\/thewebdevpoint.com\/ro\/wp-json\/wp\/v2\/types\/colectie"}],"version-history":[{"count":7,"href":"https:\/\/thewebdevpoint.com\/ro\/wp-json\/wp\/v2\/colectie\/10352\/revisions"}],"predecessor-version":[{"id":17513,"href":"https:\/\/thewebdevpoint.com\/ro\/wp-json\/wp\/v2\/colectie\/10352\/revisions\/17513"}],"wp:featuredmedia":[{"embeddable":true,"href":"https:\/\/thewebdevpoint.com\/ro\/wp-json\/wp\/v2\/media\/10494"}],"wp:attachment":[{"href":"https:\/\/thewebdevpoint.com\/ro\/wp-json\/wp\/v2\/media?parent=10352"}],"wp:term":[{"taxonomy":"categorie-colectie","embeddable":true,"href":"https:\/\/thewebdevpoint.com\/ro\/wp-json\/wp\/v2\/categorie-colectie?post=10352"},{"taxonomy":"tag-obiect-colectie","embeddable":true,"href":"https:\/\/thewebdevpoint.com\/ro\/wp-json\/wp\/v2\/tag-obiect-colectie?post=10352"}],"curies":[{"name":"wp","href":"https:\/\/api.w.org\/{rel}","templated":true}]}}