{"id":8664,"date":"2024-10-08T11:59:10","date_gmt":"2024-10-08T11:59:10","guid":{"rendered":"https:\/\/pelestest.thepoint-agency.com\/ferdinand-i-omul-si-regele\/"},"modified":"2024-12-17T16:48:08","modified_gmt":"2024-12-17T14:48:08","slug":"ferdinand-i-omul-si-regele","status":"publish","type":"eveniment","link":"https:\/\/thewebdevpoint.com\/ro\/eveniment\/ferdinand-i-omul-si-regele\/","title":{"rendered":"Ferdinand I &#8211; Omul \u0219i Regele"},"content":{"rendered":"<h2>Prezentarea Expozitiei<\/h2>\n<p>&nbsp;<\/p>\n<div class=\"embed-media\"><iframe src=\"http:\/\/player.vimeo.com\/video\/25774579?title=0&amp;byline=0&amp;portrait=0\" width=\"300\" height=\"150\" frameborder=\"0\" data-aspectratio=\"0.5625\"><\/iframe><\/div>\n<p>&nbsp;<\/p>\n<hr \/>\n<h2>Despre Expozitie<\/h2>\n<p>Din anul 1997 p\u00e2n\u0103 ast\u0103zi, Muzeul Na\u0163ional Pele\u015f a organizat c\u00e2te dou\u0103 expozi\u0163ii dedicate urm\u0103toarelor figuri regale: regina Maria (2000 \u015fi 2004), regina Elisabeta (1997 \u015fi 2009), regele Carol I (2006 \u015fi 2009) \u015fi cea mai recent\u0103, dedicat\u0103 regelui Carol al II-lea (2010).<\/p>\n<div id=\"attachment_2125\" class=\"wp-caption alignleft\">\n<p><img fetchpriority=\"high\" decoding=\"async\" class=\"size-full wp-image-2125\" title=\"Ferdinand I\" src=\"https:\/\/pelestest.thepoint-agency.com\/wp-content\/uploads\/2016\/08\/foto1_resize.jpg\" alt=\"Ferdinand I\" width=\"350\" height=\"435\" \/><\/p>\n<p class=\"wp-caption-text\">Portretul principelui Ferdinand Antonio Argnani,<br \/>\npastel pe carton, \u00bc sec. XX<\/p>\n<\/div>\n<p>Mai pu\u0163in vizibil \u00een peisajul regalit\u0103\u0163ii de la Sinaia, Ferdinand I a pl\u0103tit \u00eenc\u0103 o dat\u0103 \u2013 metaforic vorbind \u2013 tributul modestiei sale de o via\u0163\u0103: neobi\u015fnuit sau chiar jenat s\u0103 cumpere sau s\u0103 comande ceva pentru sine, regele Ferdinand a l\u0103sat pu\u0163ine urme materiale posterit\u0103\u0163ii. Prezen\u0163a sa la Sinaia, \u00een re\u015fedin\u0163a particular\u0103 de la Peli\u015for, este total eclipsat\u0103 de cea a Mariei. Peli\u015forul este produsul experimentului ei artistic de mare eclectism. De aceea, obiectele personale ale omului Ferdinand sunt pu\u0163ine: c\u00e2teva c\u0103r\u0163i de botanic\u0103 \u015fi beletristic\u0103, un ierbar din prima tinere\u0163e \u015fi c\u00e2teva piese, un portret semnat de Argnani, jocul de \u015fah \u015fi crava\u015fa de c\u0103l\u0103rie. Din fericire, pasionat\u0103 de fotografie, regina Maria \u00eel imortalizeaz\u0103 cu talent \u00een c\u00e2teva ipostaze ale vie\u0163ii cotidiene: la masa de lucru, \u00een anturajul familiei sau al prietenilor apropia\u0163i, \u00een lungile drume\u0163ii pe potecile p\u0103durilor de la Sinaia.<\/p>\n<p>Un motiv \u00een plus care a determinat demersul muzeografic de la Pele\u015f, \u00eel reprezint\u0103 \u00eemplinirea a 95 de ani de la intrarea Rom\u00e2niei \u00een Primul R\u0103zboi Mondial, cu implica\u0163ii de net\u0103g\u0103duit pentru destinul Rom\u00e2niei: \u00een august 1916, armata rom\u00e2n\u0103, condus\u0103 de regele Ferdinand I, rupea alian\u0163a cu Puterile Centrale pentru a scrie pagina cea mai glorioas\u0103 a istoriei na\u0163ionale prin victoriile de la M\u0103r\u0103\u015fti, M\u0103r\u0103\u015fe\u015fti \u015fi Oituz, din vara anului 1917, \u00eencununate, la 1 decembrie 1918, de gestul \u00eenf\u0103ptuirii visului de veacuri al poporului rom\u00e2n, Rom\u00e2nia Mare.<\/p>\n<p>Destinat s\u0103 fie rege, Ferdinand I \u00ee\u015fi \u00eenv\u0103luie persoana \u015fi ac\u0163iunile \u00eentr-un mister aproape total. ,,Via\u0163a lui\u201d\u2013afirm\u0103 unul dintre biografii s\u0103i postumi, Eugen Wolbe\u2013\u201dpe care a umbrit-o un anumit tragism, a fost \u00een concordan\u0163\u0103 cu rigoarea datoriei\u201d. Ca \u015fi omul Carol I, pe care cei interesa\u0163i de istoria na\u0163ional\u0103 au ajuns s\u0103-l cunoasc\u0103 cu adev\u0103rat abia dup\u0103 publicarea Coresponden\u0163ei private, \u00een anul 2005, Ferdinand, autorul unui jurnal personal nepublicat \u00eenc\u0103, ni se reveleaz\u0103 doar din fr\u00e2nturile de memorie ale altora sau din cele c\u00e2teva biografii, mai mult sau mai pu\u0163in inspirate, care au ca obiect mai ales pe rege \u015fi care oscileaz\u0103 \u00eentre tonul u\u015for condescendent, accente evident critice \u015fi discursul propagandistic. \u00cen ciuda subiectivismului lor, c\u0103r\u0163ile contemporanilor r\u0103m\u00e2n martorii cei mai credibili ai destinului s\u0103u.<\/p>\n<div id=\"attachment_2129\" class=\"wp-caption alignleft\">\n<p><img decoding=\"async\" class=\"size-full wp-image-2129\" title=\"Revolver\" src=\"https:\/\/pelestest.thepoint-agency.com\/wp-content\/uploads\/2016\/08\/foto4_resize.jpg\" alt=\"Revolver\" width=\"350\" height=\"236\" \/><\/p>\n<p class=\"wp-caption-text\">Revolverul regelui Ferdinandatelier<br \/>\nLes Ouvriers D\u2019Eibar, otel aurit, sidef, email<br \/>\nMuzeul National de Istorie a Romaniei<\/p>\n<\/div>\n<p>Complex\u0103 \u015fi profund\u0103, personalitatea omului Ferdinand, cu fermec\u0103toarea lui st\u00e2ng\u0103cie \u015fi timiditate, cu greu disimulata lui lips\u0103 de entuziasm fa\u0163\u0103 de condi\u0163ia de rege \u015fi mai ales cu erudi\u0163ia extraordinar\u0103, egalat\u0103 doar de cea a reginei Elisabeta a Rom\u00e2niei, \u00ee\u015fi g\u0103sesc tonul just abia \u00een necrologul mult criticat al Marthei Bibescu, \u201cUn sacrificiu regal\u201d.<\/p>\n<p>Expozi\u0163ia \u00ee\u015fi propune s\u0103 dezv\u0103luie marelui public m\u0103car o latur\u0103 a omului Ferdinand, prin intermediul pasiunilor sale: botanica, bibliofilia, lectura \u015fi v\u00e2n\u0103toarea, f\u0103r\u0103 a neglija nici calitatea sa de monarh. Restr\u00e2nse numeric, obiectele personale ale regelui Ferdinand \u00ee\u015fi vor reg\u0103si adev\u0103rata lor valoare \u00eentr-o etalare confirmat\u0103 scriptic de memorialistica epocii.<\/p>\n<p>Organizat\u0103 \u00een dou\u0103 sec\u0163iuni, Ferdinand\u2013omul \u015fi Ferdinand\u2013regele, expozi\u0163ia reune\u015fte piese cu valoare artistic\u0103, istoric\u0103 \u015fi documentar\u0103, care fac parte din patrimoniul muzeului gazd\u0103, dar \u015fi din colec\u0163iile unor muzee prestigioase din capital\u0103: Muzeul Na\u0163ional de Istorie a Rom\u00e2niei, Muzeul Na\u0163ional Filatelic \u015fi Muzeul Na\u0163ional Militar ,,Ferdinand I\u201d. Al\u0103turi de mantia regelui Ferdinand I vor sta copiile coroanei regale \u015fi a buzduganului de la \u00cencoronare, un tron de la sf\u00e2r\u015fitul secolului al XIX-lea, masca mortuar\u0103, portrete regale, ordine \u015fi medalii, fotografii de epoc\u0103, trei dintre uniformele suveranului \u015fi un valtrap etc.<\/p>\n<p>Unul dintre cele mai conving\u0103toare gesturi relative la considera\u0163ia \u015fi respectul cu care era privit de contemporani, \u00eel constituie dona\u0163ia pe care, la 23 ianuarie 1884, i-o face ducesa de Hertzberg, descendenta ducelui de Hertzberg, ministrul de externe al Prusiei \u00een timpul lui Frederic cel Mare (1725 \u2013 1795) \u015fi autorul unei ,,Istorii<\/p>\n<p><img decoding=\"async\" class=\"size-full wp-image-2135 alignleft\" title=\"Incoronarea\" src=\"https:\/\/pelestest.thepoint-agency.com\/wp-content\/uploads\/2016\/08\/foto6_resize.jpg\" alt=\"Incoronarea\" width=\"350\" height=\"215\" \/><\/p>\n<p class=\"wp-caption-text\">Incoronarea regelui Ferdinand I<br \/>\nAlba Iulia,\u00a015 octombrie 1922<br \/>\nMuzeul National de Istorie a Romaniei<\/p>\n<p>secrete a Cur\u0163ii din Berlin\u201d. Scrisorile dateaz\u0103 din perioada 1747 \u2013 1782 \u015fi vor figura \u00een premier\u0103 \u00een cadrul expozi\u0163iei.<br \/>\n<BR>&nbsp;<BR><\/p>\n<h2>Vizitarea Expozitiei<\/h2>\n<div id=\"attachment_2135\" class=\"wp-caption alignleft\"><\/div>\n<p>Expozi\u0163ia s-a vizitat \u00een perioada:<br \/>\n24 iunie \u2013 2 septembrie 2011.<\/p>\n","protected":false},"featured_media":0,"template":"","meta":{"_acf_changed":false},"categorie-evenimente":[],"class_list":["post-8664","eveniment","type-eveniment","status-publish","hentry"],"acf":[],"yoast_head":"<!-- This site is optimized with the Yoast SEO plugin v24.1 - https:\/\/yoast.com\/wordpress\/plugins\/seo\/ -->\n<title>Ferdinand I - Omul \u0219i Regele &#183; Peles Test<\/title>\n<meta name=\"robots\" content=\"noindex, follow, max-snippet:-1, max-image-preview:large, max-video-preview:-1\" \/>\n<script type=\"application\/ld+json\" class=\"yoast-schema-graph\">{\"@context\":\"https:\/\/schema.org\",\"@graph\":[{\"@type\":\"WebPage\",\"@id\":\"https:\/\/thewebdevpoint.com\/eveniment\/ferdinand-i-omul-si-regele\/\",\"url\":\"https:\/\/thewebdevpoint.com\/eveniment\/ferdinand-i-omul-si-regele\/\",\"name\":\"Ferdinand I - Omul \u0219i Regele &#183; Peles Test\",\"isPartOf\":{\"@id\":\"https:\/\/thewebdevpoint.com\/ro\/#website\"},\"primaryImageOfPage\":{\"@id\":\"https:\/\/thewebdevpoint.com\/eveniment\/ferdinand-i-omul-si-regele\/#primaryimage\"},\"image\":{\"@id\":\"https:\/\/thewebdevpoint.com\/eveniment\/ferdinand-i-omul-si-regele\/#primaryimage\"},\"thumbnailUrl\":\"https:\/\/pelestest.thepoint-agency.com\/wp-content\/uploads\/2016\/08\/foto1_resize.jpg\",\"datePublished\":\"2024-10-08T11:59:10+00:00\",\"dateModified\":\"2024-12-17T14:48:08+00:00\",\"breadcrumb\":{\"@id\":\"https:\/\/thewebdevpoint.com\/eveniment\/ferdinand-i-omul-si-regele\/#breadcrumb\"},\"inLanguage\":\"ro-RO\",\"potentialAction\":[{\"@type\":\"ReadAction\",\"target\":[\"https:\/\/thewebdevpoint.com\/eveniment\/ferdinand-i-omul-si-regele\/\"]}]},{\"@type\":\"ImageObject\",\"inLanguage\":\"ro-RO\",\"@id\":\"https:\/\/thewebdevpoint.com\/eveniment\/ferdinand-i-omul-si-regele\/#primaryimage\",\"url\":\"https:\/\/pelestest.thepoint-agency.com\/wp-content\/uploads\/2016\/08\/foto1_resize.jpg\",\"contentUrl\":\"https:\/\/pelestest.thepoint-agency.com\/wp-content\/uploads\/2016\/08\/foto1_resize.jpg\"},{\"@type\":\"BreadcrumbList\",\"@id\":\"https:\/\/thewebdevpoint.com\/eveniment\/ferdinand-i-omul-si-regele\/#breadcrumb\",\"itemListElement\":[{\"@type\":\"ListItem\",\"position\":1,\"name\":\"Acas\u0103\",\"item\":\"https:\/\/thewebdevpoint.com\/\"},{\"@type\":\"ListItem\",\"position\":2,\"name\":\"Evenimente\",\"item\":\"https:\/\/thewebdevpoint.com\/ro\/evenimente\/\"},{\"@type\":\"ListItem\",\"position\":3,\"name\":\"Ferdinand I &#8211; Omul \u0219i Regele\"}]},{\"@type\":\"WebSite\",\"@id\":\"https:\/\/thewebdevpoint.com\/ro\/#website\",\"url\":\"https:\/\/thewebdevpoint.com\/ro\/\",\"name\":\"Peles Test\",\"description\":\"\",\"publisher\":{\"@id\":\"https:\/\/thewebdevpoint.com\/ro\/#organization\"},\"potentialAction\":[{\"@type\":\"SearchAction\",\"target\":{\"@type\":\"EntryPoint\",\"urlTemplate\":\"https:\/\/thewebdevpoint.com\/ro\/?s={search_term_string}\"},\"query-input\":{\"@type\":\"PropertyValueSpecification\",\"valueRequired\":true,\"valueName\":\"search_term_string\"}}],\"inLanguage\":\"ro-RO\"},{\"@type\":\"Organization\",\"@id\":\"https:\/\/thewebdevpoint.com\/ro\/#organization\",\"name\":\"Muzeul Pele\u0219\",\"alternateName\":\"MP\",\"url\":\"https:\/\/thewebdevpoint.com\/ro\/\",\"logo\":{\"@type\":\"ImageObject\",\"inLanguage\":\"ro-RO\",\"@id\":\"https:\/\/thewebdevpoint.com\/ro\/#\/schema\/logo\/image\/\",\"url\":\"https:\/\/thewebdevpoint.com\/wp-content\/uploads\/2024\/10\/Logo.svg\",\"contentUrl\":\"https:\/\/thewebdevpoint.com\/wp-content\/uploads\/2024\/10\/Logo.svg\",\"width\":251,\"height\":48,\"caption\":\"Muzeul Pele\u0219\"},\"image\":{\"@id\":\"https:\/\/thewebdevpoint.com\/ro\/#\/schema\/logo\/image\/\"}}]}<\/script>\n<!-- \/ Yoast SEO plugin. -->","yoast_head_json":{"title":"Ferdinand I - Omul \u0219i Regele &#183; Peles Test","robots":{"index":"noindex","follow":"follow","max-snippet":"max-snippet:-1","max-image-preview":"max-image-preview:large","max-video-preview":"max-video-preview:-1"},"schema":{"@context":"https:\/\/schema.org","@graph":[{"@type":"WebPage","@id":"https:\/\/thewebdevpoint.com\/eveniment\/ferdinand-i-omul-si-regele\/","url":"https:\/\/thewebdevpoint.com\/eveniment\/ferdinand-i-omul-si-regele\/","name":"Ferdinand I - Omul \u0219i Regele &#183; Peles Test","isPartOf":{"@id":"https:\/\/thewebdevpoint.com\/ro\/#website"},"primaryImageOfPage":{"@id":"https:\/\/thewebdevpoint.com\/eveniment\/ferdinand-i-omul-si-regele\/#primaryimage"},"image":{"@id":"https:\/\/thewebdevpoint.com\/eveniment\/ferdinand-i-omul-si-regele\/#primaryimage"},"thumbnailUrl":"https:\/\/pelestest.thepoint-agency.com\/wp-content\/uploads\/2016\/08\/foto1_resize.jpg","datePublished":"2024-10-08T11:59:10+00:00","dateModified":"2024-12-17T14:48:08+00:00","breadcrumb":{"@id":"https:\/\/thewebdevpoint.com\/eveniment\/ferdinand-i-omul-si-regele\/#breadcrumb"},"inLanguage":"ro-RO","potentialAction":[{"@type":"ReadAction","target":["https:\/\/thewebdevpoint.com\/eveniment\/ferdinand-i-omul-si-regele\/"]}]},{"@type":"ImageObject","inLanguage":"ro-RO","@id":"https:\/\/thewebdevpoint.com\/eveniment\/ferdinand-i-omul-si-regele\/#primaryimage","url":"https:\/\/pelestest.thepoint-agency.com\/wp-content\/uploads\/2016\/08\/foto1_resize.jpg","contentUrl":"https:\/\/pelestest.thepoint-agency.com\/wp-content\/uploads\/2016\/08\/foto1_resize.jpg"},{"@type":"BreadcrumbList","@id":"https:\/\/thewebdevpoint.com\/eveniment\/ferdinand-i-omul-si-regele\/#breadcrumb","itemListElement":[{"@type":"ListItem","position":1,"name":"Acas\u0103","item":"https:\/\/thewebdevpoint.com\/"},{"@type":"ListItem","position":2,"name":"Evenimente","item":"https:\/\/thewebdevpoint.com\/ro\/evenimente\/"},{"@type":"ListItem","position":3,"name":"Ferdinand I &#8211; Omul \u0219i Regele"}]},{"@type":"WebSite","@id":"https:\/\/thewebdevpoint.com\/ro\/#website","url":"https:\/\/thewebdevpoint.com\/ro\/","name":"Peles Test","description":"","publisher":{"@id":"https:\/\/thewebdevpoint.com\/ro\/#organization"},"potentialAction":[{"@type":"SearchAction","target":{"@type":"EntryPoint","urlTemplate":"https:\/\/thewebdevpoint.com\/ro\/?s={search_term_string}"},"query-input":{"@type":"PropertyValueSpecification","valueRequired":true,"valueName":"search_term_string"}}],"inLanguage":"ro-RO"},{"@type":"Organization","@id":"https:\/\/thewebdevpoint.com\/ro\/#organization","name":"Muzeul Pele\u0219","alternateName":"MP","url":"https:\/\/thewebdevpoint.com\/ro\/","logo":{"@type":"ImageObject","inLanguage":"ro-RO","@id":"https:\/\/thewebdevpoint.com\/ro\/#\/schema\/logo\/image\/","url":"https:\/\/thewebdevpoint.com\/wp-content\/uploads\/2024\/10\/Logo.svg","contentUrl":"https:\/\/thewebdevpoint.com\/wp-content\/uploads\/2024\/10\/Logo.svg","width":251,"height":48,"caption":"Muzeul Pele\u0219"},"image":{"@id":"https:\/\/thewebdevpoint.com\/ro\/#\/schema\/logo\/image\/"}}]}},"_links":{"self":[{"href":"https:\/\/thewebdevpoint.com\/ro\/wp-json\/wp\/v2\/eveniment\/8664","targetHints":{"allow":["GET"]}}],"collection":[{"href":"https:\/\/thewebdevpoint.com\/ro\/wp-json\/wp\/v2\/eveniment"}],"about":[{"href":"https:\/\/thewebdevpoint.com\/ro\/wp-json\/wp\/v2\/types\/eveniment"}],"version-history":[{"count":1,"href":"https:\/\/thewebdevpoint.com\/ro\/wp-json\/wp\/v2\/eveniment\/8664\/revisions"}],"predecessor-version":[{"id":16737,"href":"https:\/\/thewebdevpoint.com\/ro\/wp-json\/wp\/v2\/eveniment\/8664\/revisions\/16737"}],"wp:attachment":[{"href":"https:\/\/thewebdevpoint.com\/ro\/wp-json\/wp\/v2\/media?parent=8664"}],"wp:term":[{"taxonomy":"categorie-evenimente","embeddable":true,"href":"https:\/\/thewebdevpoint.com\/ro\/wp-json\/wp\/v2\/categorie-evenimente?post=8664"}],"curies":[{"name":"wp","href":"https:\/\/api.w.org\/{rel}","templated":true}]}}