{"id":8665,"date":"2024-10-08T11:59:10","date_gmt":"2024-10-08T11:59:10","guid":{"rendered":"https:\/\/pelestest.thepoint-agency.com\/regele-mihai-i-90-de-ani\/"},"modified":"2024-12-17T16:48:08","modified_gmt":"2024-12-17T14:48:08","slug":"regele-mihai-i-90-de-ani","status":"publish","type":"eveniment","link":"https:\/\/thewebdevpoint.com\/ro\/eveniment\/regele-mihai-i-90-de-ani\/","title":{"rendered":"Regele Mihai I &#8211; 90 de Ani"},"content":{"rendered":"<h2>Prezentarea Expozitiei<\/h2>\n<div class=\"embed-media\"><iframe src=\"http:\/\/player.vimeo.com\/video\/30231635?title=0&amp;byline=0&amp;portrait=0\" width=\"300\" height=\"150\" frameborder=\"0\" allowfullscreen=\"allowfullscreen\" data-aspectratio=\"0.5618181818181818\"><\/iframe><\/div>\n<hr \/>\n<h2>Despre Expozitie<\/h2>\n<p><img fetchpriority=\"high\" decoding=\"async\" class=\"alignright size-full wp-image-3241\" title=\"Regele Mihai\" src=\"https:\/\/pelestest.thepoint-agency.com\/wp-content\/uploads\/2016\/08\/5778-26.jpg\" alt=\"Regele Mihai\" width=\"320\" height=\"238\" \/>Majestatea Sa, Regele Mihai I, a c\u0103rui existen\u0163\u0103 remarcabil\u0103 s-a identificat cu destinul istoric al Rom\u00e2niei contemporane, supravie\u0163uind pr\u0103bu\u015firii comunismului, \u00eempline\u015fte anul acesta venerabila v\u00e2rst\u0103 de 90 de ani.<\/p>\n<p>N\u0103scut la 25 octombrie 1921, \u00een Castelul Foi\u015for de la Sinaia \u015fi botezat \u00een rit ortodox dup\u0103 numele voievodului Mihai Viteazul, Mihai I descoper\u0103 foarte devreme valoarea cuvintelor datorie, credin\u0163\u0103 \u015fi patrie, valori care \u00eennobilaser\u0103 domnia bunicului s\u0103u, Ferdinand cel Loial (1914 \u2013 1927).<\/p>\n<p>La numai \u015fase ani, copilul precoce, care vorbea rom\u00e2na \u015fi engleza, studia pianul \u015fi \u015fahul, c\u0103l\u0103rea un ponei, fotografia \u015fi conducea o ma\u015finu\u0163\u0103, sub atenta supraveghere a mamei sale, Principesa \u2013 mam\u0103 Elena, este aruncat \u00een v\u00e2ltoarea istoriei. Dup\u0103 a treia renun\u0163are la tron a tat\u0103lui s\u0103u, Principele Carol, \u00eei revine sarcina ingrat\u0103 de a c\u00e2rmui o \u0163ar\u0103 aflat\u0103 \u00een deriv\u0103 (1927 \u2013 1930).<\/p>\n<p>Detronat dup\u0103 revenirea din exil a Regelui Carol al II-lea, la 8 iunie 1930, prime\u015fte titlul simbolic de Mare Voievod de Alba \u2013 Iulia, urmeaz\u0103 cursurile unei \u015fcoli particulare stricte cu sediul la Palatul Regal \u015fi \u00eencepe instruc\u0163ia militar\u0103. La numai \u015faisprezece ani, este ridicat la rangul de sublocotenent al Batalionului I de V\u00e2n\u0103tori de munte \u015fi depune jur\u0103m\u00e2ntul de credin\u0163\u0103 fa\u0163\u0103 de Rege. Totodat\u0103, Mihai I a fost cel mai t\u00e2n\u0103r mare\u015fal al Armatei rom\u00e2ne.<\/p>\n<p><img decoding=\"async\" class=\"alignright size-full wp-image-3242\" title=\"Regele Mihai\" src=\"https:\/\/pelestest.thepoint-agency.com\/wp-content\/uploads\/2016\/08\/4937-11.jpg\" alt=\"Regele Mihai\" width=\"320\" height=\"227\" \/>\u0162inut departe de tumultul vie\u0163ii politice, dominate de figura autoritar\u0103 a Regelui, Mihai asist\u0103 neputincios la evenimentele zbuciumate din Rom\u00e2nia interbelic\u0103, marcate de ascensiunea mi\u015fc\u0103rilor extremiste, culmin\u00e2nd cu asasinate politice, schimbarea Constitu\u0163iei, interzicerea tuturor partidelor \u015fi dictatura carlist\u0103.<\/p>\n<p>\u00cen anul 1937, \u00eel \u00eenso\u0163e\u015fte pe Carol al II-lea \u00een vizita oficial\u0103 \u00een Polonia \u015fi reprezint\u0103 Rom\u00e2nia la \u00eencoronarea Regelui George al VI-lea, iar \u00een anul 1938, ia parte la turneul diplomatic al regelui Carol al II-lea la Londra, Paris \u015fi Bruxelles, dar \u015fi la istorica \u00eentrevedere cu Hitler, din 24 noiembrie 1938.<\/p>\n<p>Pactul Ribentropp \u2013 Molotov, din 23 august 1939 \u015fi Dictatul de la Viena, din 30 august 1940, cu consecin\u0163e dezastruoase asupra Rom\u00e2niei, gr\u0103besc sf\u00e2r\u015fitul domniei controversate a lui Carol al II-lea. Obligat s\u0103 p\u0103r\u0103seasc\u0103 \u0163ara la 6 septembrie 1940, Carol las\u0103 \u00een m\u00e2inile fiului s\u0103u, Mihai I, destinele unei Rom\u00e2nii ciuntite de provinciile istorice, Transilvania, Bucovina \u015fi Basarabia. Pus \u00een fa\u0163a faptului \u00eemplinit, la aproape nouasprezece ani, Mihai depune pentru a doua oar\u0103 jur\u0103m\u00e2ntul de credin\u0163\u0103 fa\u0163\u0103 de na\u0163iune \u015fi Parlament, asum\u00e2ndu-\u015fi un rol istoric pe care a \u015ftiut, f\u0103r\u0103 \u00eendoial\u0103, s\u0103-l joace cu demnitate \u015fi curaj.<\/p>\n<p>Marcat\u0103 de duplicitatea Occidentului, soarta Rom\u00e2niei p\u0103rea pecetluit\u0103: prin voin\u0163a mare\u015falului Antonescu, autointitulat ,,Conduc\u0103torul\u201d, Rom\u00e2nia intr\u0103 \u00een r\u0103zboi de partea Axei contra voin\u0163ei Regelui pe tron. Antonescu proclam\u0103 Statul legionar (14 septembrie 1940 \u2013 ianuarie 1941), declar\u0103 r\u0103zboi Uniunii Sovietice, la 22 iunie 1941 \u015fi ac\u0163ioneaz\u0103 peste autoritatea de drept a Regelui. Con\u015ftient de consecin\u0163ele dezastruoase ale politicii lui Antonescu, Regele Mihai decide s\u0103 schimbe cursul istoriei.<\/p>\n<p>Actul curajos de la 23 august 1944, prin care Rom\u00e2nia se al\u0103tur\u0103 alia\u0163ilor tradi\u0163ionali, determin\u00e2nd scurtarea r\u0103zboiului cu \u015fase luni \u015fi cru\u0163area a zeci de mii de vie\u0163i omene\u015fti, a fost opera t\u00e2n\u0103rului Mihai I. La orele 22.00, Radio Rom\u00e2nia transmitea mesajul Regelui, prin care armata rom\u00e2n\u0103 \u00eentorcea armele \u00eempotriva Germaniei naziste, iar Constitu\u0163ia din 1923 era repus\u0103 \u00een drepturi. Pentru serviciile aduse umanit\u0103\u0163ii prin gestul istoric de la 23 august, Regele Mihai a fost onorat de pre\u015fedintele Statelor Unite cu ,,Legiunea de merit\u201d \u015fi de c\u0103tre U.R.S.S., cu ,,Ordinul Victoria\u201d.<\/p>\n<p><img decoding=\"async\" class=\"alignright size-full wp-image-3247\" title=\"Regele Mihai\" src=\"https:\/\/pelestest.thepoint-agency.com\/wp-content\/uploads\/2016\/08\/13946.jpg\" alt=\"Regele Mihai\" width=\"320\" height=\"390\" \/>Constr\u00e2ns s\u0103 recunoasc\u0103 \u00een cele din urm\u0103 un guvern comunist, condus de Petru Groza (6 martie 1945 \u2013 30 noiembrie 1946), Regele face demersuri disperate \u00een vederea limit\u0103rii pericolului ro\u015fu \u00een Rom\u00e2nia. Ac\u0163iunile sale diplomatice sunt sortite \u00eens\u0103 e\u015fecului. Dup\u0103 ,,greva regal\u0103\u201d din august 1945 \u2013 decembrie 1946, Regele Mihai I este obligat \u2013 \u00een absen\u0163a unui suport extern \u2013 s\u0103 recunoasc\u0103 alegerile m\u0103sluite din noiembrie 1946. La 30 decembrie 1947, Mihai I este for\u0163at s\u0103 semneze actul de abdicare. Cu ultimul Rege, se \u00eencheia un capitol de realiz\u0103ri remarcabile pe plan cultural, economic \u015fi social, m\u0103turate cu brutalitate de t\u0103v\u0103lugul comunist.<\/p>\n<p>Din exil, inima Regelui a continuat s\u0103 bat\u0103 pentru Rom\u00e2nia. \u00cen 1948, efectueaz\u0103 vizite la Londra \u015fi New York \u00een \u00eencercarea de a sensibiliza Occidentul fa\u0163\u0103 de abuzurile regimului Rom\u00e2niei Socialiste. \u00cen anii \u201950, pune bazele Comitetului Na\u0163ional Rom\u00e2n, pe care \u00eel coordoneaz\u0103 cu devotament \u015fi abnega\u0163ie.<\/p>\n<p>Dup\u0103 c\u0103derea comunismului, Regele Mihai a revenit \u00een Rom\u00e2nia \u015fi a contribuit prin prestigiul personal la aderarea \u0163\u0103rii noastre la NATO. A militat cauza Rom\u00e2niei \u00een lume prin vizite, conferin\u0163e, apari\u0163ii \u00een pres\u0103 \u015fi televiziune, al\u0103turi de Alte\u0163a Sa Regal\u0103, Ana de Bourbon \u2013 Parma \u015fi de Principesa Margareta, desemnat\u0103 succesoare \u00een anul 1997.<\/p>\n<hr \/>\n<h2>Vernisajul Expozitiei<\/h2>\n<div class=\"embed-media\"><iframe src=\"http:\/\/player.vimeo.com\/video\/30924333?title=0&amp;byline=0&amp;portrait=0\" width=\"300\" height=\"150\" frameborder=\"0\" allowfullscreen=\"allowfullscreen\" data-aspectratio=\"0.5618181818181818\"><\/iframe><\/div>\n<hr \/>\n<h2>Vizitarea Expozitiei<\/h2>\n<p>Expozi\u0163ia s-a vizitat \u00een perioada:<br \/>\n21 octombrie \u2013 13 ianuarie 2012.<\/p>\n<hr \/>\n<p><img loading=\"lazy\" decoding=\"async\" class=\"alignnone size-full wp-image-3268\" title=\"Regele Mihai\" src=\"https:\/\/web.archive.org\/web\/20150818131531im_\/https:\/\/pelestest.thepoint-agency.com\/wp-content\/uploads\/2011\/01\/afis-mihai4.jpg\" alt=\"Regele Mihai\" width=\"550\" height=\"778\" \/><\/p>\n","protected":false},"featured_media":0,"template":"","meta":{"_acf_changed":false},"categorie-evenimente":[],"class_list":["post-8665","eveniment","type-eveniment","status-publish","hentry"],"acf":[],"yoast_head":"<!-- This site is optimized with the Yoast SEO plugin v24.1 - https:\/\/yoast.com\/wordpress\/plugins\/seo\/ -->\n<title>Regele Mihai I - 90 de Ani &#183; Peles Test<\/title>\n<meta name=\"robots\" content=\"noindex, follow, max-snippet:-1, max-image-preview:large, max-video-preview:-1\" \/>\n<script type=\"application\/ld+json\" class=\"yoast-schema-graph\">{\"@context\":\"https:\/\/schema.org\",\"@graph\":[{\"@type\":\"WebPage\",\"@id\":\"https:\/\/thewebdevpoint.com\/eveniment\/regele-mihai-i-90-de-ani\/\",\"url\":\"https:\/\/thewebdevpoint.com\/eveniment\/regele-mihai-i-90-de-ani\/\",\"name\":\"Regele Mihai I - 90 de Ani &#183; Peles Test\",\"isPartOf\":{\"@id\":\"https:\/\/thewebdevpoint.com\/ro\/#website\"},\"primaryImageOfPage\":{\"@id\":\"https:\/\/thewebdevpoint.com\/eveniment\/regele-mihai-i-90-de-ani\/#primaryimage\"},\"image\":{\"@id\":\"https:\/\/thewebdevpoint.com\/eveniment\/regele-mihai-i-90-de-ani\/#primaryimage\"},\"thumbnailUrl\":\"https:\/\/pelestest.thepoint-agency.com\/wp-content\/uploads\/2016\/08\/5778-26.jpg\",\"datePublished\":\"2024-10-08T11:59:10+00:00\",\"dateModified\":\"2024-12-17T14:48:08+00:00\",\"breadcrumb\":{\"@id\":\"https:\/\/thewebdevpoint.com\/eveniment\/regele-mihai-i-90-de-ani\/#breadcrumb\"},\"inLanguage\":\"ro-RO\",\"potentialAction\":[{\"@type\":\"ReadAction\",\"target\":[\"https:\/\/thewebdevpoint.com\/eveniment\/regele-mihai-i-90-de-ani\/\"]}]},{\"@type\":\"ImageObject\",\"inLanguage\":\"ro-RO\",\"@id\":\"https:\/\/thewebdevpoint.com\/eveniment\/regele-mihai-i-90-de-ani\/#primaryimage\",\"url\":\"https:\/\/pelestest.thepoint-agency.com\/wp-content\/uploads\/2016\/08\/5778-26.jpg\",\"contentUrl\":\"https:\/\/pelestest.thepoint-agency.com\/wp-content\/uploads\/2016\/08\/5778-26.jpg\"},{\"@type\":\"BreadcrumbList\",\"@id\":\"https:\/\/thewebdevpoint.com\/eveniment\/regele-mihai-i-90-de-ani\/#breadcrumb\",\"itemListElement\":[{\"@type\":\"ListItem\",\"position\":1,\"name\":\"Acas\u0103\",\"item\":\"https:\/\/thewebdevpoint.com\/\"},{\"@type\":\"ListItem\",\"position\":2,\"name\":\"Evenimente\",\"item\":\"https:\/\/thewebdevpoint.com\/ro\/evenimente\/\"},{\"@type\":\"ListItem\",\"position\":3,\"name\":\"Regele Mihai I &#8211; 90 de Ani\"}]},{\"@type\":\"WebSite\",\"@id\":\"https:\/\/thewebdevpoint.com\/ro\/#website\",\"url\":\"https:\/\/thewebdevpoint.com\/ro\/\",\"name\":\"Peles Test\",\"description\":\"\",\"publisher\":{\"@id\":\"https:\/\/thewebdevpoint.com\/ro\/#organization\"},\"potentialAction\":[{\"@type\":\"SearchAction\",\"target\":{\"@type\":\"EntryPoint\",\"urlTemplate\":\"https:\/\/thewebdevpoint.com\/ro\/?s={search_term_string}\"},\"query-input\":{\"@type\":\"PropertyValueSpecification\",\"valueRequired\":true,\"valueName\":\"search_term_string\"}}],\"inLanguage\":\"ro-RO\"},{\"@type\":\"Organization\",\"@id\":\"https:\/\/thewebdevpoint.com\/ro\/#organization\",\"name\":\"Muzeul Pele\u0219\",\"alternateName\":\"MP\",\"url\":\"https:\/\/thewebdevpoint.com\/ro\/\",\"logo\":{\"@type\":\"ImageObject\",\"inLanguage\":\"ro-RO\",\"@id\":\"https:\/\/thewebdevpoint.com\/ro\/#\/schema\/logo\/image\/\",\"url\":\"https:\/\/thewebdevpoint.com\/wp-content\/uploads\/2024\/10\/Logo.svg\",\"contentUrl\":\"https:\/\/thewebdevpoint.com\/wp-content\/uploads\/2024\/10\/Logo.svg\",\"width\":251,\"height\":48,\"caption\":\"Muzeul Pele\u0219\"},\"image\":{\"@id\":\"https:\/\/thewebdevpoint.com\/ro\/#\/schema\/logo\/image\/\"}}]}<\/script>\n<!-- \/ Yoast SEO plugin. -->","yoast_head_json":{"title":"Regele Mihai I - 90 de Ani &#183; Peles Test","robots":{"index":"noindex","follow":"follow","max-snippet":"max-snippet:-1","max-image-preview":"max-image-preview:large","max-video-preview":"max-video-preview:-1"},"schema":{"@context":"https:\/\/schema.org","@graph":[{"@type":"WebPage","@id":"https:\/\/thewebdevpoint.com\/eveniment\/regele-mihai-i-90-de-ani\/","url":"https:\/\/thewebdevpoint.com\/eveniment\/regele-mihai-i-90-de-ani\/","name":"Regele Mihai I - 90 de Ani &#183; Peles Test","isPartOf":{"@id":"https:\/\/thewebdevpoint.com\/ro\/#website"},"primaryImageOfPage":{"@id":"https:\/\/thewebdevpoint.com\/eveniment\/regele-mihai-i-90-de-ani\/#primaryimage"},"image":{"@id":"https:\/\/thewebdevpoint.com\/eveniment\/regele-mihai-i-90-de-ani\/#primaryimage"},"thumbnailUrl":"https:\/\/pelestest.thepoint-agency.com\/wp-content\/uploads\/2016\/08\/5778-26.jpg","datePublished":"2024-10-08T11:59:10+00:00","dateModified":"2024-12-17T14:48:08+00:00","breadcrumb":{"@id":"https:\/\/thewebdevpoint.com\/eveniment\/regele-mihai-i-90-de-ani\/#breadcrumb"},"inLanguage":"ro-RO","potentialAction":[{"@type":"ReadAction","target":["https:\/\/thewebdevpoint.com\/eveniment\/regele-mihai-i-90-de-ani\/"]}]},{"@type":"ImageObject","inLanguage":"ro-RO","@id":"https:\/\/thewebdevpoint.com\/eveniment\/regele-mihai-i-90-de-ani\/#primaryimage","url":"https:\/\/pelestest.thepoint-agency.com\/wp-content\/uploads\/2016\/08\/5778-26.jpg","contentUrl":"https:\/\/pelestest.thepoint-agency.com\/wp-content\/uploads\/2016\/08\/5778-26.jpg"},{"@type":"BreadcrumbList","@id":"https:\/\/thewebdevpoint.com\/eveniment\/regele-mihai-i-90-de-ani\/#breadcrumb","itemListElement":[{"@type":"ListItem","position":1,"name":"Acas\u0103","item":"https:\/\/thewebdevpoint.com\/"},{"@type":"ListItem","position":2,"name":"Evenimente","item":"https:\/\/thewebdevpoint.com\/ro\/evenimente\/"},{"@type":"ListItem","position":3,"name":"Regele Mihai I &#8211; 90 de Ani"}]},{"@type":"WebSite","@id":"https:\/\/thewebdevpoint.com\/ro\/#website","url":"https:\/\/thewebdevpoint.com\/ro\/","name":"Peles Test","description":"","publisher":{"@id":"https:\/\/thewebdevpoint.com\/ro\/#organization"},"potentialAction":[{"@type":"SearchAction","target":{"@type":"EntryPoint","urlTemplate":"https:\/\/thewebdevpoint.com\/ro\/?s={search_term_string}"},"query-input":{"@type":"PropertyValueSpecification","valueRequired":true,"valueName":"search_term_string"}}],"inLanguage":"ro-RO"},{"@type":"Organization","@id":"https:\/\/thewebdevpoint.com\/ro\/#organization","name":"Muzeul Pele\u0219","alternateName":"MP","url":"https:\/\/thewebdevpoint.com\/ro\/","logo":{"@type":"ImageObject","inLanguage":"ro-RO","@id":"https:\/\/thewebdevpoint.com\/ro\/#\/schema\/logo\/image\/","url":"https:\/\/thewebdevpoint.com\/wp-content\/uploads\/2024\/10\/Logo.svg","contentUrl":"https:\/\/thewebdevpoint.com\/wp-content\/uploads\/2024\/10\/Logo.svg","width":251,"height":48,"caption":"Muzeul Pele\u0219"},"image":{"@id":"https:\/\/thewebdevpoint.com\/ro\/#\/schema\/logo\/image\/"}}]}},"_links":{"self":[{"href":"https:\/\/thewebdevpoint.com\/ro\/wp-json\/wp\/v2\/eveniment\/8665","targetHints":{"allow":["GET"]}}],"collection":[{"href":"https:\/\/thewebdevpoint.com\/ro\/wp-json\/wp\/v2\/eveniment"}],"about":[{"href":"https:\/\/thewebdevpoint.com\/ro\/wp-json\/wp\/v2\/types\/eveniment"}],"version-history":[{"count":1,"href":"https:\/\/thewebdevpoint.com\/ro\/wp-json\/wp\/v2\/eveniment\/8665\/revisions"}],"predecessor-version":[{"id":16738,"href":"https:\/\/thewebdevpoint.com\/ro\/wp-json\/wp\/v2\/eveniment\/8665\/revisions\/16738"}],"wp:attachment":[{"href":"https:\/\/thewebdevpoint.com\/ro\/wp-json\/wp\/v2\/media?parent=8665"}],"wp:term":[{"taxonomy":"categorie-evenimente","embeddable":true,"href":"https:\/\/thewebdevpoint.com\/ro\/wp-json\/wp\/v2\/categorie-evenimente?post=8665"}],"curies":[{"name":"wp","href":"https:\/\/api.w.org\/{rel}","templated":true}]}}