{"id":8666,"date":"2024-10-08T11:59:10","date_gmt":"2024-10-08T11:59:10","guid":{"rendered":"https:\/\/pelestest.thepoint-agency.com\/neorenasterea-germana-la-castelul-peles\/"},"modified":"2024-12-17T16:48:08","modified_gmt":"2024-12-17T14:48:08","slug":"neorenasterea-germana-la-castelul-peles","status":"publish","type":"eveniment","link":"https:\/\/thewebdevpoint.com\/ro\/eveniment\/neorenasterea-germana-la-castelul-peles\/","title":{"rendered":"Neorenasterea German\u0103 la Castelul Pele\u0219"},"content":{"rendered":"<h2>Prezentarea Expozitiei<\/h2>\n<div class=\"embed-media\"><iframe src=\"http:\/\/player.vimeo.com\/video\/30601750?title=0&amp;byline=0&amp;portrait=0\" width=\"300\" height=\"150\" frameborder=\"0\" allowfullscreen=\"allowfullscreen\" data-aspectratio=\"0.563076923076923\"><\/iframe><\/div>\n<hr \/>\n<h2>Despre Expozitie<\/h2>\n<div id=\"attachment_3224\" class=\"wp-caption alignright\">\n<p><img fetchpriority=\"high\" decoding=\"async\" class=\"size-full wp-image-3224\" title=\"Exponat\" src=\"https:\/\/pelestest.thepoint-agency.com\/wp-content\/uploads\/2016\/08\/foto-01.jpg\" alt=\"Exponat\" width=\"200\" height=\"282\" \/><\/p>\n<p class=\"wp-caption-text\">Pies\u0103 decorativ\u0103<br \/>\nAtelier Edmund Wolenweber,<br \/>\nM\u00fcnchen, Germania, 4\/4 sec XIX<br \/>\nArgint, presat, cioc\u0103nit, decupat,<br \/>\ncizelat, par\u0163ial aurit, ou de stru\u0163<\/p>\n<\/div>\n<p>\u00cen decursul secolului al XIX-lea, \u00eentreaga Europ\u0103 se transform\u0103 \u00eentr-un vast \u015fantier de edificii publice \u015fi private. Majoritatea acestor edificii sunt tributare, din punct de vedere stilistic, fenomenului artistic denumit Istorism, prin eclectismul op\u0163iunilor estetice \u015fi prin semnifica\u0163ia ideologic-istoric\u0103, legat\u0103 de ideea identit\u0103\u0163ii na\u0163ionale, ca \u015fi de aceea a vechimii familiilor nobiliare.<\/p>\n<p>Istorismul readuce \u00een actualitate, formule stilistice uitate, precum stilurile gotice, Rena\u015fterea timpurie \u015fi t\u00e2rzie, barocul etc.<\/p>\n<p>Castelul Pele\u015f se \u00eenscrie \u00een lista monumentelor de tip istorist, arhitec\u0163ii \u015fi decoratorii angaja\u0163i de c\u0103tre comanditar, regele Carol I, reu\u015find s\u0103 creeze, at\u00e2t \u00een arhitectura exterioar\u0103 c\u00e2t \u015fi \u00een designul \u00eenc\u0103perilor, o sintez\u0103 stilistic\u0103 \u00een care predomin\u0103 stilul neorena\u015fterii germane.<\/p>\n<p>Expozi\u0163ia temporar\u0103, Neorena\u015fterea german\u0103 la Castelul Pele\u015f subliniaz\u0103 importan\u0163a acestui fenomen artistic pentru devenirea castelului Pele\u015f, ca leag\u0103n al dinastiei Hohenzollern \u00een Rom\u00e2nia. Prin intermediul pieselor de art\u0103 decorativ\u0103 \u015fi plastic\u0103 din patrimoniul muzeului, se creeaz\u0103 o atmosfer\u0103 specific\u0103 primei faze de finalizare a lucr\u0103rilor de construc\u0163ie, 1882-1883. Se subliniaz\u0103 importan\u0163a unor crea\u0163ii artistice germane care \u00eembog\u0103\u0163esc colec\u0163ia de art\u0103 a regelui Carol I, ale manufacturilor de mobilier Julius Daniel Heymann din Hamburg \u015fi August Bemb\u00e9 din Mainz, ale furnizorilor de piese din argint de la Augsburg, N\u00fcrnberg \u015fi M\u00fcnchen, ale atelierelor renane de producere a c\u0103nilor de bere din gresie \u015fi ale obiectelor din sticl\u0103 pictat\u0103, realizate \u00een atelierele din Bavaria.<\/p>\n<p>Nu lipsesc lucr\u0103rile de pictur\u0103 \u015fi sculptur\u0103, crea\u0163ii ale arti\u015ftilor germani, Paul Schad-Rossa, Eduard Haaga \u015fi Carl Fischer care au folosit la sf\u00e2r\u015fitul secolului al XIX-lea ca surse de inspira\u0163ie, autori de prim\u0103 valoare ai Rena\u015fterii: Albrecht D\u00fcrer, Hans Burgkmair \u015fi Holbein cel T\u00e2n\u0103r.<\/p>\n<p>Pentru c\u0103 neorena\u015fterea german\u0103 a fost propagat\u0103 \u015fi \u00een crea\u0163ia artistic\u0103 regional\u0103, aceasta este exemplificat\u0103 printr-un modul special dedicat ebeni\u015ftilor \u015fi cerami\u015ftilor germani din zona Baden-W\u00fcrttemberg, Rhein etc.<\/p>\n<p>Expozi\u0163ia Neorena\u015fterea german\u0103 la Castelul Pele\u015f reune\u015fte aproximativ 150 de piese de \u00eenalt\u0103 valoare artistic\u0103 din patrimoniul regal \u015fi este \u00eenso\u0163it\u0103 de un catalog bogat ilustrat, realizat de muzeografii Muzeului Na\u0163ional Pele\u015f.<\/p>\n<p>Liliana Manoliu,<br \/>\nmuzeograf<\/p>\n<hr \/>\n<h2>Vernisajul Expozitiei<\/h2>\n<div class=\"embed-media\"><iframe src=\"http:\/\/player.vimeo.com\/video\/30872646?title=0&amp;byline=0&amp;portrait=0\" width=\"300\" height=\"150\" frameborder=\"0\" allowfullscreen=\"allowfullscreen\" data-aspectratio=\"0.563076923076923\"><\/iframe><\/div>\n<hr \/>\n<h2>Vizitarea Expozitiei<\/h2>\n<div id=\"attachment_3225\" class=\"wp-caption alignright\">\n<p>&nbsp;<\/p>\n<p class=\"wp-caption-text\">\n<\/div>\n<p>Expozi\u0163ia s-a vizitat \u00een perioada:<br \/>\n21 octombrie \u2013 13 ianuarie 2012<\/p>\n","protected":false},"featured_media":0,"template":"","meta":{"_acf_changed":false},"categorie-evenimente":[],"class_list":["post-8666","eveniment","type-eveniment","status-publish","hentry"],"acf":[],"yoast_head":"<!-- This site is optimized with the Yoast SEO plugin v24.1 - https:\/\/yoast.com\/wordpress\/plugins\/seo\/ -->\n<title>Neorenasterea German\u0103 la Castelul Pele\u0219 &#183; Peles Test<\/title>\n<meta name=\"robots\" content=\"noindex, follow, max-snippet:-1, max-image-preview:large, max-video-preview:-1\" \/>\n<script type=\"application\/ld+json\" class=\"yoast-schema-graph\">{\"@context\":\"https:\/\/schema.org\",\"@graph\":[{\"@type\":\"WebPage\",\"@id\":\"https:\/\/thewebdevpoint.com\/eveniment\/neorenasterea-germana-la-castelul-peles\/\",\"url\":\"https:\/\/thewebdevpoint.com\/eveniment\/neorenasterea-germana-la-castelul-peles\/\",\"name\":\"Neorenasterea German\u0103 la Castelul Pele\u0219 &#183; Peles Test\",\"isPartOf\":{\"@id\":\"https:\/\/thewebdevpoint.com\/ro\/#website\"},\"primaryImageOfPage\":{\"@id\":\"https:\/\/thewebdevpoint.com\/eveniment\/neorenasterea-germana-la-castelul-peles\/#primaryimage\"},\"image\":{\"@id\":\"https:\/\/thewebdevpoint.com\/eveniment\/neorenasterea-germana-la-castelul-peles\/#primaryimage\"},\"thumbnailUrl\":\"https:\/\/pelestest.thepoint-agency.com\/wp-content\/uploads\/2016\/08\/foto-01.jpg\",\"datePublished\":\"2024-10-08T11:59:10+00:00\",\"dateModified\":\"2024-12-17T14:48:08+00:00\",\"breadcrumb\":{\"@id\":\"https:\/\/thewebdevpoint.com\/eveniment\/neorenasterea-germana-la-castelul-peles\/#breadcrumb\"},\"inLanguage\":\"ro-RO\",\"potentialAction\":[{\"@type\":\"ReadAction\",\"target\":[\"https:\/\/thewebdevpoint.com\/eveniment\/neorenasterea-germana-la-castelul-peles\/\"]}]},{\"@type\":\"ImageObject\",\"inLanguage\":\"ro-RO\",\"@id\":\"https:\/\/thewebdevpoint.com\/eveniment\/neorenasterea-germana-la-castelul-peles\/#primaryimage\",\"url\":\"https:\/\/pelestest.thepoint-agency.com\/wp-content\/uploads\/2016\/08\/foto-01.jpg\",\"contentUrl\":\"https:\/\/pelestest.thepoint-agency.com\/wp-content\/uploads\/2016\/08\/foto-01.jpg\"},{\"@type\":\"BreadcrumbList\",\"@id\":\"https:\/\/thewebdevpoint.com\/eveniment\/neorenasterea-germana-la-castelul-peles\/#breadcrumb\",\"itemListElement\":[{\"@type\":\"ListItem\",\"position\":1,\"name\":\"Acas\u0103\",\"item\":\"https:\/\/thewebdevpoint.com\/\"},{\"@type\":\"ListItem\",\"position\":2,\"name\":\"Evenimente\",\"item\":\"https:\/\/thewebdevpoint.com\/ro\/evenimente\/\"},{\"@type\":\"ListItem\",\"position\":3,\"name\":\"Neorenasterea German\u0103 la Castelul Pele\u0219\"}]},{\"@type\":\"WebSite\",\"@id\":\"https:\/\/thewebdevpoint.com\/ro\/#website\",\"url\":\"https:\/\/thewebdevpoint.com\/ro\/\",\"name\":\"Peles Test\",\"description\":\"\",\"publisher\":{\"@id\":\"https:\/\/thewebdevpoint.com\/ro\/#organization\"},\"potentialAction\":[{\"@type\":\"SearchAction\",\"target\":{\"@type\":\"EntryPoint\",\"urlTemplate\":\"https:\/\/thewebdevpoint.com\/ro\/?s={search_term_string}\"},\"query-input\":{\"@type\":\"PropertyValueSpecification\",\"valueRequired\":true,\"valueName\":\"search_term_string\"}}],\"inLanguage\":\"ro-RO\"},{\"@type\":\"Organization\",\"@id\":\"https:\/\/thewebdevpoint.com\/ro\/#organization\",\"name\":\"Muzeul Pele\u0219\",\"alternateName\":\"MP\",\"url\":\"https:\/\/thewebdevpoint.com\/ro\/\",\"logo\":{\"@type\":\"ImageObject\",\"inLanguage\":\"ro-RO\",\"@id\":\"https:\/\/thewebdevpoint.com\/ro\/#\/schema\/logo\/image\/\",\"url\":\"https:\/\/thewebdevpoint.com\/wp-content\/uploads\/2024\/10\/Logo.svg\",\"contentUrl\":\"https:\/\/thewebdevpoint.com\/wp-content\/uploads\/2024\/10\/Logo.svg\",\"width\":251,\"height\":48,\"caption\":\"Muzeul Pele\u0219\"},\"image\":{\"@id\":\"https:\/\/thewebdevpoint.com\/ro\/#\/schema\/logo\/image\/\"}}]}<\/script>\n<!-- \/ Yoast SEO plugin. -->","yoast_head_json":{"title":"Neorenasterea German\u0103 la Castelul Pele\u0219 &#183; Peles Test","robots":{"index":"noindex","follow":"follow","max-snippet":"max-snippet:-1","max-image-preview":"max-image-preview:large","max-video-preview":"max-video-preview:-1"},"schema":{"@context":"https:\/\/schema.org","@graph":[{"@type":"WebPage","@id":"https:\/\/thewebdevpoint.com\/eveniment\/neorenasterea-germana-la-castelul-peles\/","url":"https:\/\/thewebdevpoint.com\/eveniment\/neorenasterea-germana-la-castelul-peles\/","name":"Neorenasterea German\u0103 la Castelul Pele\u0219 &#183; Peles Test","isPartOf":{"@id":"https:\/\/thewebdevpoint.com\/ro\/#website"},"primaryImageOfPage":{"@id":"https:\/\/thewebdevpoint.com\/eveniment\/neorenasterea-germana-la-castelul-peles\/#primaryimage"},"image":{"@id":"https:\/\/thewebdevpoint.com\/eveniment\/neorenasterea-germana-la-castelul-peles\/#primaryimage"},"thumbnailUrl":"https:\/\/pelestest.thepoint-agency.com\/wp-content\/uploads\/2016\/08\/foto-01.jpg","datePublished":"2024-10-08T11:59:10+00:00","dateModified":"2024-12-17T14:48:08+00:00","breadcrumb":{"@id":"https:\/\/thewebdevpoint.com\/eveniment\/neorenasterea-germana-la-castelul-peles\/#breadcrumb"},"inLanguage":"ro-RO","potentialAction":[{"@type":"ReadAction","target":["https:\/\/thewebdevpoint.com\/eveniment\/neorenasterea-germana-la-castelul-peles\/"]}]},{"@type":"ImageObject","inLanguage":"ro-RO","@id":"https:\/\/thewebdevpoint.com\/eveniment\/neorenasterea-germana-la-castelul-peles\/#primaryimage","url":"https:\/\/pelestest.thepoint-agency.com\/wp-content\/uploads\/2016\/08\/foto-01.jpg","contentUrl":"https:\/\/pelestest.thepoint-agency.com\/wp-content\/uploads\/2016\/08\/foto-01.jpg"},{"@type":"BreadcrumbList","@id":"https:\/\/thewebdevpoint.com\/eveniment\/neorenasterea-germana-la-castelul-peles\/#breadcrumb","itemListElement":[{"@type":"ListItem","position":1,"name":"Acas\u0103","item":"https:\/\/thewebdevpoint.com\/"},{"@type":"ListItem","position":2,"name":"Evenimente","item":"https:\/\/thewebdevpoint.com\/ro\/evenimente\/"},{"@type":"ListItem","position":3,"name":"Neorenasterea German\u0103 la Castelul Pele\u0219"}]},{"@type":"WebSite","@id":"https:\/\/thewebdevpoint.com\/ro\/#website","url":"https:\/\/thewebdevpoint.com\/ro\/","name":"Peles Test","description":"","publisher":{"@id":"https:\/\/thewebdevpoint.com\/ro\/#organization"},"potentialAction":[{"@type":"SearchAction","target":{"@type":"EntryPoint","urlTemplate":"https:\/\/thewebdevpoint.com\/ro\/?s={search_term_string}"},"query-input":{"@type":"PropertyValueSpecification","valueRequired":true,"valueName":"search_term_string"}}],"inLanguage":"ro-RO"},{"@type":"Organization","@id":"https:\/\/thewebdevpoint.com\/ro\/#organization","name":"Muzeul Pele\u0219","alternateName":"MP","url":"https:\/\/thewebdevpoint.com\/ro\/","logo":{"@type":"ImageObject","inLanguage":"ro-RO","@id":"https:\/\/thewebdevpoint.com\/ro\/#\/schema\/logo\/image\/","url":"https:\/\/thewebdevpoint.com\/wp-content\/uploads\/2024\/10\/Logo.svg","contentUrl":"https:\/\/thewebdevpoint.com\/wp-content\/uploads\/2024\/10\/Logo.svg","width":251,"height":48,"caption":"Muzeul Pele\u0219"},"image":{"@id":"https:\/\/thewebdevpoint.com\/ro\/#\/schema\/logo\/image\/"}}]}},"_links":{"self":[{"href":"https:\/\/thewebdevpoint.com\/ro\/wp-json\/wp\/v2\/eveniment\/8666","targetHints":{"allow":["GET"]}}],"collection":[{"href":"https:\/\/thewebdevpoint.com\/ro\/wp-json\/wp\/v2\/eveniment"}],"about":[{"href":"https:\/\/thewebdevpoint.com\/ro\/wp-json\/wp\/v2\/types\/eveniment"}],"version-history":[{"count":1,"href":"https:\/\/thewebdevpoint.com\/ro\/wp-json\/wp\/v2\/eveniment\/8666\/revisions"}],"predecessor-version":[{"id":16739,"href":"https:\/\/thewebdevpoint.com\/ro\/wp-json\/wp\/v2\/eveniment\/8666\/revisions\/16739"}],"wp:attachment":[{"href":"https:\/\/thewebdevpoint.com\/ro\/wp-json\/wp\/v2\/media?parent=8666"}],"wp:term":[{"taxonomy":"categorie-evenimente","embeddable":true,"href":"https:\/\/thewebdevpoint.com\/ro\/wp-json\/wp\/v2\/categorie-evenimente?post=8666"}],"curies":[{"name":"wp","href":"https:\/\/api.w.org\/{rel}","templated":true}]}}