{"id":8667,"date":"2024-10-08T11:59:10","date_gmt":"2024-10-08T11:59:10","guid":{"rendered":"https:\/\/pelestest.thepoint-agency.com\/casele-de-vis-ale-reginei-maria-castelul-bran\/"},"modified":"2024-12-19T09:49:47","modified_gmt":"2024-12-19T07:49:47","slug":"casele-de-vis-ale-reginei-maria-castelul-bran","status":"publish","type":"eveniment","link":"https:\/\/thewebdevpoint.com\/ro\/eveniment\/casele-de-vis-ale-reginei-maria-castelul-bran\/","title":{"rendered":"Casele de Vis ale Reginei Maria \u2013 Castelul Bran"},"content":{"rendered":"<h2>Prezentarea expozitiei<\/h2>\n<p><center><\/p>\n<div class=\"embed-media\"><iframe src=\"http:\/\/player.vimeo.com\/video\/40742017?title=0&amp;byline=0&amp;portrait=0\" width=\"300\" height=\"150\" frameborder=\"0\" allowfullscreen=\"allowfullscreen\" data-aspectratio=\"0.563076923076923\"><\/iframe><\/div>\n<p><\/center><\/p>\n<hr \/>\n<h2>Despre expozitie<\/h2>\n<p>Povestea celei care avea s\u0103 devin\u0103 regina Maria a Rom\u00e2niei (1875 \u2013 1938), una dintre cele mai fascinante personalit\u0103\u0163i ale epocii sale, impresioneaz\u0103 \u015fi ast\u0103zi.<\/p>\n<p>Maria era fiica cea mare a ducelui Alfred de Edinburgh (cel de-al doilea fiu al reginei Victoria a Marii Britanii \u015fi al prin\u0163ului Alfred de Saxa Coburg-Gotha) \u015fi a Marii Ducese a Rusiei, Maria Alexandrovna (fiica \u0163arului Alexandru al II-lea \u015fi a Mariei Alexandrovna). \u00cen jurul v\u00e2rstei de 11 ani se mut\u0103 cu familia \u00een insula Malta, \u00eentr-un rai mediteranean, unde oamenii erau at\u00e2t de z\u00e2mbitori, naturali, fire\u015fti, \u00een contrast cu firea rece \u015fi distant\u0103 a britanicilor. Probabil ca din aceast\u0103 perioad\u0103 s\u0103 se fi dezvoltat \u00een sufletul tinerei un puternic sentiment de libertate \u00een g\u00e2ndire \u015fi un accentuat romantism. Maria, alintat\u0103 Missy se va desp\u0103r\u0163i pe nesim\u0163ite de v\u00e2rsta inocen\u0163ei \u015fi va trece, gra\u0163ios, spre adolescen\u0163\u0103. Se vorbea deja despre ea, ca despre cea mai frumoas\u0103 prin\u0163es\u0103 a Europei.<\/p>\n<p>C\u0103s\u0103toria cu principele mo\u015ftenitor, Ferdinand al Rom\u00e2niei (1865-1927 ), din anul 1893, o alian\u0163\u0103 str\u0103lucit\u0103, avea s\u0103 ridice prestigiul t\u00e2n\u0103rului stat rom\u00e2n. Prin activitatea sa de sor\u0103 medical\u0103 a Crucii Ro\u015fii din perioada R\u0103zboaielor Balcanice \u015fi de \u00centregire, precum \u015fi prin cele de caritate \u015fi mecenat, regina Maria a devenit un simbol pentru na\u0163iunea rom\u00e2n\u0103.<\/p>\n<div id=\"attachment_4102\" class=\"wp-caption alignright\"><img fetchpriority=\"high\" decoding=\"async\" class=\"size-full wp-image-4102\" title=\"Salonul de muzica\" src=\"https:\/\/pelestest.thepoint-agency.com\/wp-content\/uploads\/2016\/08\/foto1.jpg\" alt=\"Salonul de muzica\" width=\"450\" height=\"327\" \/><\/p>\n<p class=\"wp-caption-text\">Cea mai mare inc\u0103pere a castelului Bran,<br \/>\nsalonul de muzic\u0103 \u015fi biblioteca reginei Maria,<br \/>\na fost amenajat\u0103 \u00eentr-un vechi pod al cet\u0103\u0163ii,<br \/>\ndup\u0103 planurile arhitectului \u015fef al Cur\u0163ii Regale, Karel Liman.<\/p>\n<\/div>\n<p>Talentat\u0103 \u015fi spontan\u0103 peste tot ceea ce \u00eensemna eticheta impus\u0103 de rangul ei nobiliar, Maria a fost numit\u0103 \u00een epoc\u0103, \u201c regina artist\u0103 \u201c , fiind deopotriv\u0103 pictori\u0163\u0103, fotograf, designer de interior, \u015fi mai ales, scriitoare. \u00cen activitatea sa literar\u0103 a abordat genul memorialistic, eseul, literatura pentru copii, a scris de asemenea articole pentru prestigioase reviste americane. Debuteaz\u0103 \u00een anul 1915, cu volumul de pove\u015fti, \u201cVis\u0103torul de vise\u201d, culmin\u00e2nd cu opera sa de recunoscut\u0103 valoare documentar\u0103, \u201cPovestea vie\u0163ii mele\u201d.<\/p>\n<p>Fire nonconformist\u0103, se opune de la bun \u00eenceput sobriet\u0103\u0163ii \u015fi etichetei regelui Carol I, \u00eencerc\u00e2nd treptat s\u0103 \u00ee\u015fi amenajeze interioarele locuite, dup\u0103 propriul s\u0103u gust artistic. Alternativa la stilul grandilocvent \u015fi oficial al tinerei monarhii rom\u00e2ne, se va concretiza, \u00een ceea ce ea \u00eens\u0103\u015fi a numit, \u00eentr-un articol din anul 1935, \u201c casele mele de vis \u201c, deoarece toate visurile reginei se \u00eendreptau \u2013 dup\u0103 cum m\u0103rturisea \u2013 \u201espre c\u0103su\u0163e de \u0163ar\u0103, ad\u0103posturi u\u015foare, indiene, spre cl\u0103diri neg\u00e2ndit de pu\u0163intele, cu acoperi\u015furi de stuf \u015fi \u00eempresurate de gr\u0103dini, \u00een care orice feluri de flori ar cre\u015fte din plin\u201d.<\/p>\n<p>Castelele dragi sufletului ei, Peli\u015forul, Branul, minunatele re\u015fedin\u0163e de var\u0103 de la Balcic, Cop\u0103ceni \u015fi de la Mamaia, c\u0103su\u0163a dintre brazii de la Sinaia, ( Juniperus), sau colibele maori de la Cotroceni \u015fi din gr\u0103dina Peli\u015forului au fost \u015fi locuri de refugiu, de romantice vis\u0103ri, cu parfum de epoc\u0103, dar \u015fi pre\u0163ioase dovezi ale stilului de amenajare a interioarelor, de la \u00eenceputul secolului al XX-lea.<\/p>\n<p>Expozi\u0163ia \u201cCasele de vis ale reginei Maria-castelul Bran\u201d este organizat\u0103 \u00een colaborare cu Muzeul Na\u0163ional Bran.<\/p>\n<p>Arhitectul modific\u0103rilor spa\u0163iilor de locuit de la castelul Bran (dup\u0103 anul 1920), Karel Liman este autorul proiectului din ultima etap\u0103 de construc\u0163ie a Pele\u015fului \u015fi titularul ridic\u0103rii castelului Peli\u015for (1899). Acest argument artistic face o leg\u0103tur\u0103 inseparabil\u0103 \u00eentre cele dou\u0103 re\u015fedin\u0163e regale, at\u00e2t de legate de destinul reginei Maria.<\/p>\n<p>Sunt expuse pentru prima oar\u0103 la Pele\u015f circa 120 de bunuri culturale apar\u0163in\u00e2nd Salonului de muzic\u0103 al reginei, din care semnal\u0103m un instrument muzical de excep\u0163ie, un armoniu, realizat de atelierele J.Trayser &amp; Co din Stuttgart. Atelierele germane, specializate \u00een conceperea instrumentelor muzicale au primit numeroase premii \u015fi medalii de aur pentru acest \u201cpian\u201d curios, asem\u0103n\u0103tor cu orga, la expozi\u0163iile industriale europene, din care amintim, M\u00fcnchen \u015fi Paris, din anii 1865. Dormitorul Mariei, cu mobilier realizat la dorin\u0163a suveranei, din care se remarc\u0103 jil\u0163ul neobr\u00e2ncovenesc cu motivul vulturului bicefal, divanul acoperit cu perne decorative, dar mai ales cuvertura de mas\u0103, brodat\u0103 cu decor floral Art Nouveau din m\u0103tase policrom\u0103, toate aceste piese vor recrea \u201codaia rom\u00e2neasc\u0103\u201d conceput\u0103 \u00een anii 1920.<\/p>\n<div id=\"attachment_4104\" class=\"wp-caption alignright\"><img decoding=\"async\" class=\"size-full wp-image-4104\" title=\"Dormitorul reginei\" src=\"https:\/\/pelestest.thepoint-agency.com\/wp-content\/uploads\/2016\/08\/foto2.jpg\" alt=\"Dormitorul reginei\" width=\"444\" height=\"290\" \/><\/p>\n<p class=\"wp-caption-text\">Dormitorul este descris de c\u0103tre regina Maria, \u00een cele mai mici detalii: <em>Am dormit de minune \u00een micul dormitor adorabil pe care-l iubesc, cu plafonul lui boltit \u015fi scund, cu ferestrele sale cu ni\u015fe ad\u00e2nci, cu frumosul covor chinezesc albastru, cu fantasticele icoane vechi, cu piesele de broderie, cu mobilierul rustic \u015fi obiectele deosebite, sculptate \u00een lemn, cu interesantele sale exemplare de vase vechi de p\u0103m\u00e2nt \u015fi argint\u0103rie, cu cele dou\u0103 ferestre perforate \u00een marmur\u0103 din Grecia, cu \u015femineul de o form\u0103 aparte, care \u00eenc\u0103lze\u015fte at\u00e2t de bine, \u015fi cu frumosul meu c\u0103lug\u0103r din lemn pe piedestalul lui vechi de piatr\u0103, de pe capitelul unei coloane, care str\u0103juie\u015fte totul. Nu ar putea exista o c\u0103m\u0103ru\u0163\u0103 mai armonioas\u0103 \u015fi mai neobi\u015fnuit\u0103. Patul meu este spa\u0163ios \u015fi confortabil, scund, pur \u015fi simplu o imens\u0103 somier\u0103 cu saltea pus\u0103 pe podea. \u00cen partea din fa\u0163\u0103 a patului am pus o t\u0103blie frumoas\u0103 cu \u00eencrusta\u0163ii, pe care o am de la Muzeul Britanic, o pies\u0103 de sculptur\u0103 indian\u0103. \u00cen timpul zilei, o minunat\u0103 cuvertur\u0103 veche italian\u0103, brodat\u0103 toat\u0103 \u00een culori palide, pe un fond maro \u015fi auriu, acoper\u0103 patul care devine o canapea plin\u0103 cu perne de catifea \u00een tonuri palide, care se armonizeaz\u0103 perfect cu restul. Pe peretele de la capul patului este o mic\u0103 ni\u015f\u0103, unde se afl\u0103 o icoan\u0103 veche a Fecioarei (un mic triptic) \u015fi o colec\u0163ie de c\u0103r\u0163i mici. Aceast\u0103 camer\u0103 minunat\u0103 este lat\u0103 \u015fi ajungi la ea urc\u00e2nd mai multe sc\u0103ri \u015fi trec\u00e2nd printr-un antreu dublu.<\/em><\/p>\n<\/div>\n<p>Din salonul Doria de la castelul Bran nu va lipsi patul cu baldachin al amiralului Giovanni Andrea Doria, o pies\u0103 de o valoare excep\u0163ional\u0103 din secolul al XVI-lea, apar\u0163in\u00e2nd colec\u0163iei de art\u0103 a Regelui Carol I. Aflat\u0103 de c\u00e2\u0163iva ani \u00een laboratoarele de restaurare textile ale M.N.Pele\u015f, pentru lucr\u0103ri de consolidare \u015fi restaurare a broderiei \u015fi a panourilor din m\u0103tase, aceast\u0103 capodoper\u0103 genovez\u0103 va fi expus\u0103 pentru prima oar\u0103 publicului vizitator.<\/p>\n<p>Piesele de art\u0103 decorativ\u0103 alese de Maria s\u0103 \u00eensufle\u0163easc\u0103 \u00eenc\u0103perile castelului de la Bran, c\u00e2che-poturile din aram\u0103, \u00eenc\u0103rcate odinioar\u0103 cu florile preferate, crea\u0163iile proprii \u00een domeniul designului de mobilier, preferin\u0163a pentru motivele rom\u00e2ne\u015fti din domeniul artei textile \u015fi ceramicii se vor reuni \u00een s\u0103lile expozi\u0163ionale. Atmosfera cald\u0103 \u015fi intim\u0103 de odinioar\u0103 a interioarelor este \u00eentregit\u0103 cu statuete sculptate \u00een lemn pictat, c\u0103r\u0163i, vase de ars mirodenii, candele, un valoros tetrapod, o colec\u0163ie de icoane pictate pe lemn \u00eentre care se deta\u015feaz\u0103 o lucrare, \u201cEpiscopul\u201d, din secolul al XV-lea, achizi\u0163ionat\u0103 de regina Maria de la Paris, garnituri \u015fi piese de mobilier, realizate \u00een stil neorom\u00e2nesc. Stilul reginei Maria nu poate fi \u00eencadrat \u00eentr-un tipar artistic obi\u015fnuit, pentru c\u0103 imagina\u0163ia ei dublat\u0103 de multiplele influen\u0163e stilistice, reg\u0103site la \u00eenceputul secolului al XX-lea \u00een revistele de specialitate au creat o \u00eempletire interesant\u0103 de elemente r\u0103s\u0103ritene bizantine, motive arhitecturale \u015fi etnografice locale, precum \u015fi de anumite modele de art\u0103 otoman\u0103 \u015fi chiar motive vechi, celtice.<\/p>\n<p>Patrimoniul de excep\u0163ional\u0103 valoare artistic\u0103 \u015fi memorialistic\u0103 aflat \u00een \u00eenc\u0103perile regale de la Bran, este completat cu piese de mobilier din brad ars, comandat arhitectului Karel Liman pentru c\u0103su\u0163a de ceai din gr\u0103dina castelului, complet\u00e2ndu-se astfel, \u201cacel ceva f\u0103r\u0103 nume\u201d, incomparabil \u015fi inimitabil care este \u201c stilul reginei Maria\u201d.<\/p>\n<hr \/>\n<h2>Vernisajul expozitiei<\/h2>\n<p><center><\/p>\n<div class=\"embed-media\"><iframe src=\"http:\/\/player.vimeo.com\/video\/41191666?title=0&amp;byline=0&amp;portrait=0\" width=\"300\" height=\"150\" frameborder=\"0\" allowfullscreen=\"allowfullscreen\" data-aspectratio=\"0.563076923076923\"><\/iframe><\/div>\n<p><\/center><\/p>\n<h2>Reportaj TVR<\/h2>\n<p><center><\/p>\n<div class=\"embed-media\"><iframe src=\"http:\/\/player.vimeo.com\/video\/41277451?title=0&amp;byline=0&amp;portrait=0\" width=\"300\" height=\"150\" frameborder=\"0\" allowfullscreen=\"allowfullscreen\" data-aspectratio=\"0.563076923076923\"><\/iframe><\/div>\n<p><\/center><\/p>\n<hr \/>\n<h2>Promo 1<\/h2>\n<p><center><\/p>\n<div class=\"embed-media\"><iframe src=\"http:\/\/player.vimeo.com\/video\/38253331?title=0&amp;byline=0&amp;portrait=0\" width=\"300\" height=\"150\" frameborder=\"0\" allowfullscreen=\"allowfullscreen\" data-aspectratio=\"0.563076923076923\"><\/iframe><\/div>\n<p><\/center><\/p>\n<hr \/>\n<h2>Promo 2<\/h2>\n<p><center><\/p>\n<div class=\"embed-media\"><iframe src=\"http:\/\/player.vimeo.com\/video\/38253440?title=0&amp;byline=0&amp;portrait=0\" width=\"300\" height=\"150\" frameborder=\"0\" allowfullscreen=\"allowfullscreen\" data-aspectratio=\"0.563076923076923\"><\/iframe><\/div>\n<p><\/center><\/p>\n<hr \/>\n<h2>Vizitarea Expozitiei<\/h2>\n<p>Expozi\u0163ia s-a vizitat \u00een perioada:<br \/>\n28 aprilie \u2013 26 august 2012.<\/p>\n","protected":false},"featured_media":0,"template":"","meta":{"_acf_changed":false},"categorie-evenimente":[353],"class_list":["post-8667","eveniment","type-eveniment","status-publish","hentry","categorie-evenimente-arhiva"],"acf":[],"yoast_head":"<!-- This site is optimized with the Yoast SEO plugin v24.1 - https:\/\/yoast.com\/wordpress\/plugins\/seo\/ -->\n<title>Casele de Vis ale Reginei Maria \u2013 Castelul Bran &#183; Peles Test<\/title>\n<meta name=\"robots\" content=\"noindex, follow, max-snippet:-1, max-image-preview:large, max-video-preview:-1\" \/>\n<script type=\"application\/ld+json\" class=\"yoast-schema-graph\">{\"@context\":\"https:\/\/schema.org\",\"@graph\":[{\"@type\":\"WebPage\",\"@id\":\"https:\/\/thewebdevpoint.com\/eveniment\/casele-de-vis-ale-reginei-maria-castelul-bran\/\",\"url\":\"https:\/\/thewebdevpoint.com\/eveniment\/casele-de-vis-ale-reginei-maria-castelul-bran\/\",\"name\":\"Casele de Vis ale Reginei Maria \u2013 Castelul Bran &#183; Peles Test\",\"isPartOf\":{\"@id\":\"https:\/\/thewebdevpoint.com\/ro\/#website\"},\"primaryImageOfPage\":{\"@id\":\"https:\/\/thewebdevpoint.com\/eveniment\/casele-de-vis-ale-reginei-maria-castelul-bran\/#primaryimage\"},\"image\":{\"@id\":\"https:\/\/thewebdevpoint.com\/eveniment\/casele-de-vis-ale-reginei-maria-castelul-bran\/#primaryimage\"},\"thumbnailUrl\":\"https:\/\/pelestest.thepoint-agency.com\/wp-content\/uploads\/2016\/08\/foto1.jpg\",\"datePublished\":\"2024-10-08T11:59:10+00:00\",\"dateModified\":\"2024-12-19T07:49:47+00:00\",\"breadcrumb\":{\"@id\":\"https:\/\/thewebdevpoint.com\/eveniment\/casele-de-vis-ale-reginei-maria-castelul-bran\/#breadcrumb\"},\"inLanguage\":\"ro-RO\",\"potentialAction\":[{\"@type\":\"ReadAction\",\"target\":[\"https:\/\/thewebdevpoint.com\/eveniment\/casele-de-vis-ale-reginei-maria-castelul-bran\/\"]}]},{\"@type\":\"ImageObject\",\"inLanguage\":\"ro-RO\",\"@id\":\"https:\/\/thewebdevpoint.com\/eveniment\/casele-de-vis-ale-reginei-maria-castelul-bran\/#primaryimage\",\"url\":\"https:\/\/pelestest.thepoint-agency.com\/wp-content\/uploads\/2016\/08\/foto1.jpg\",\"contentUrl\":\"https:\/\/pelestest.thepoint-agency.com\/wp-content\/uploads\/2016\/08\/foto1.jpg\"},{\"@type\":\"BreadcrumbList\",\"@id\":\"https:\/\/thewebdevpoint.com\/eveniment\/casele-de-vis-ale-reginei-maria-castelul-bran\/#breadcrumb\",\"itemListElement\":[{\"@type\":\"ListItem\",\"position\":1,\"name\":\"Acas\u0103\",\"item\":\"https:\/\/thewebdevpoint.com\/\"},{\"@type\":\"ListItem\",\"position\":2,\"name\":\"Evenimente\",\"item\":\"https:\/\/thewebdevpoint.com\/ro\/evenimente\/\"},{\"@type\":\"ListItem\",\"position\":3,\"name\":\"Casele de Vis ale Reginei Maria \u2013 Castelul Bran\"}]},{\"@type\":\"WebSite\",\"@id\":\"https:\/\/thewebdevpoint.com\/ro\/#website\",\"url\":\"https:\/\/thewebdevpoint.com\/ro\/\",\"name\":\"Peles Test\",\"description\":\"\",\"publisher\":{\"@id\":\"https:\/\/thewebdevpoint.com\/ro\/#organization\"},\"potentialAction\":[{\"@type\":\"SearchAction\",\"target\":{\"@type\":\"EntryPoint\",\"urlTemplate\":\"https:\/\/thewebdevpoint.com\/ro\/?s={search_term_string}\"},\"query-input\":{\"@type\":\"PropertyValueSpecification\",\"valueRequired\":true,\"valueName\":\"search_term_string\"}}],\"inLanguage\":\"ro-RO\"},{\"@type\":\"Organization\",\"@id\":\"https:\/\/thewebdevpoint.com\/ro\/#organization\",\"name\":\"Muzeul Pele\u0219\",\"alternateName\":\"MP\",\"url\":\"https:\/\/thewebdevpoint.com\/ro\/\",\"logo\":{\"@type\":\"ImageObject\",\"inLanguage\":\"ro-RO\",\"@id\":\"https:\/\/thewebdevpoint.com\/ro\/#\/schema\/logo\/image\/\",\"url\":\"https:\/\/thewebdevpoint.com\/wp-content\/uploads\/2024\/10\/Logo.svg\",\"contentUrl\":\"https:\/\/thewebdevpoint.com\/wp-content\/uploads\/2024\/10\/Logo.svg\",\"width\":251,\"height\":48,\"caption\":\"Muzeul Pele\u0219\"},\"image\":{\"@id\":\"https:\/\/thewebdevpoint.com\/ro\/#\/schema\/logo\/image\/\"}}]}<\/script>\n<!-- \/ Yoast SEO plugin. -->","yoast_head_json":{"title":"Casele de Vis ale Reginei Maria \u2013 Castelul Bran &#183; Peles Test","robots":{"index":"noindex","follow":"follow","max-snippet":"max-snippet:-1","max-image-preview":"max-image-preview:large","max-video-preview":"max-video-preview:-1"},"schema":{"@context":"https:\/\/schema.org","@graph":[{"@type":"WebPage","@id":"https:\/\/thewebdevpoint.com\/eveniment\/casele-de-vis-ale-reginei-maria-castelul-bran\/","url":"https:\/\/thewebdevpoint.com\/eveniment\/casele-de-vis-ale-reginei-maria-castelul-bran\/","name":"Casele de Vis ale Reginei Maria \u2013 Castelul Bran &#183; Peles Test","isPartOf":{"@id":"https:\/\/thewebdevpoint.com\/ro\/#website"},"primaryImageOfPage":{"@id":"https:\/\/thewebdevpoint.com\/eveniment\/casele-de-vis-ale-reginei-maria-castelul-bran\/#primaryimage"},"image":{"@id":"https:\/\/thewebdevpoint.com\/eveniment\/casele-de-vis-ale-reginei-maria-castelul-bran\/#primaryimage"},"thumbnailUrl":"https:\/\/pelestest.thepoint-agency.com\/wp-content\/uploads\/2016\/08\/foto1.jpg","datePublished":"2024-10-08T11:59:10+00:00","dateModified":"2024-12-19T07:49:47+00:00","breadcrumb":{"@id":"https:\/\/thewebdevpoint.com\/eveniment\/casele-de-vis-ale-reginei-maria-castelul-bran\/#breadcrumb"},"inLanguage":"ro-RO","potentialAction":[{"@type":"ReadAction","target":["https:\/\/thewebdevpoint.com\/eveniment\/casele-de-vis-ale-reginei-maria-castelul-bran\/"]}]},{"@type":"ImageObject","inLanguage":"ro-RO","@id":"https:\/\/thewebdevpoint.com\/eveniment\/casele-de-vis-ale-reginei-maria-castelul-bran\/#primaryimage","url":"https:\/\/pelestest.thepoint-agency.com\/wp-content\/uploads\/2016\/08\/foto1.jpg","contentUrl":"https:\/\/pelestest.thepoint-agency.com\/wp-content\/uploads\/2016\/08\/foto1.jpg"},{"@type":"BreadcrumbList","@id":"https:\/\/thewebdevpoint.com\/eveniment\/casele-de-vis-ale-reginei-maria-castelul-bran\/#breadcrumb","itemListElement":[{"@type":"ListItem","position":1,"name":"Acas\u0103","item":"https:\/\/thewebdevpoint.com\/"},{"@type":"ListItem","position":2,"name":"Evenimente","item":"https:\/\/thewebdevpoint.com\/ro\/evenimente\/"},{"@type":"ListItem","position":3,"name":"Casele de Vis ale Reginei Maria \u2013 Castelul Bran"}]},{"@type":"WebSite","@id":"https:\/\/thewebdevpoint.com\/ro\/#website","url":"https:\/\/thewebdevpoint.com\/ro\/","name":"Peles Test","description":"","publisher":{"@id":"https:\/\/thewebdevpoint.com\/ro\/#organization"},"potentialAction":[{"@type":"SearchAction","target":{"@type":"EntryPoint","urlTemplate":"https:\/\/thewebdevpoint.com\/ro\/?s={search_term_string}"},"query-input":{"@type":"PropertyValueSpecification","valueRequired":true,"valueName":"search_term_string"}}],"inLanguage":"ro-RO"},{"@type":"Organization","@id":"https:\/\/thewebdevpoint.com\/ro\/#organization","name":"Muzeul Pele\u0219","alternateName":"MP","url":"https:\/\/thewebdevpoint.com\/ro\/","logo":{"@type":"ImageObject","inLanguage":"ro-RO","@id":"https:\/\/thewebdevpoint.com\/ro\/#\/schema\/logo\/image\/","url":"https:\/\/thewebdevpoint.com\/wp-content\/uploads\/2024\/10\/Logo.svg","contentUrl":"https:\/\/thewebdevpoint.com\/wp-content\/uploads\/2024\/10\/Logo.svg","width":251,"height":48,"caption":"Muzeul Pele\u0219"},"image":{"@id":"https:\/\/thewebdevpoint.com\/ro\/#\/schema\/logo\/image\/"}}]}},"_links":{"self":[{"href":"https:\/\/thewebdevpoint.com\/ro\/wp-json\/wp\/v2\/eveniment\/8667","targetHints":{"allow":["GET"]}}],"collection":[{"href":"https:\/\/thewebdevpoint.com\/ro\/wp-json\/wp\/v2\/eveniment"}],"about":[{"href":"https:\/\/thewebdevpoint.com\/ro\/wp-json\/wp\/v2\/types\/eveniment"}],"version-history":[{"count":1,"href":"https:\/\/thewebdevpoint.com\/ro\/wp-json\/wp\/v2\/eveniment\/8667\/revisions"}],"predecessor-version":[{"id":16740,"href":"https:\/\/thewebdevpoint.com\/ro\/wp-json\/wp\/v2\/eveniment\/8667\/revisions\/16740"}],"wp:attachment":[{"href":"https:\/\/thewebdevpoint.com\/ro\/wp-json\/wp\/v2\/media?parent=8667"}],"wp:term":[{"taxonomy":"categorie-evenimente","embeddable":true,"href":"https:\/\/thewebdevpoint.com\/ro\/wp-json\/wp\/v2\/categorie-evenimente?post=8667"}],"curies":[{"name":"wp","href":"https:\/\/api.w.org\/{rel}","templated":true}]}}