{"id":8668,"date":"2024-10-08T11:59:10","date_gmt":"2024-10-08T11:59:10","guid":{"rendered":"https:\/\/pelestest.thepoint-agency.com\/tinerimea-artistica-a-principesei-maria\/"},"modified":"2024-12-19T09:49:48","modified_gmt":"2024-12-19T07:49:48","slug":"tinerimea-artistica-a-principesei-maria","status":"publish","type":"eveniment","link":"https:\/\/thewebdevpoint.com\/ro\/eveniment\/tinerimea-artistica-a-principesei-maria\/","title":{"rendered":"Tinerimea Artistic\u0103 a Principesei Maria"},"content":{"rendered":"<h2>Prezentarea expozitiei<\/h2>\n<p>&nbsp;<\/p>\n<div class=\"embed-media\"><iframe src=\"http:\/\/player.vimeo.com\/video\/42427369?title=0&amp;byline=0&amp;portrait=0&amp;color=ffffff&amp;loop=1\" width=\"300\" height=\"150\" frameborder=\"0\" allowfullscreen=\"allowfullscreen\" data-aspectratio=\"0.563076923076923\"><\/iframe><\/div>\n<p>&nbsp;<\/p>\n<hr \/>\n<h2>Despre expozitie<\/h2>\n<p>Muzeul Na\u0163ional Pele\u015f v\u0103 invit\u0103 la vernisajul primei expozi\u0163ii de art\u0103 plastic\u0103, intitulat\u0103 ,,Tinerimea artistic\u0103 a Principesei Maria\u201d, care va avea loc pe 19 mai 2012 la ora 15:30 \u00een Holul de Onoare al Castelului Peli\u015for.<\/p>\n<div id=\"attachment_4138\" class=\"wp-caption alignright\">\n<p><img fetchpriority=\"high\" decoding=\"async\" class=\"size-full wp-image-4138\" title=\"\" src=\"https:\/\/pelestest.thepoint-agency.com\/wp-content\/uploads\/2016\/08\/222.jpg\" alt=\"\" width=\"400\" height=\"514\" \/><\/p>\n<p class=\"wp-caption-text\">\u201eCladiri din Sighisoara\u201d de Elena Popea<br \/>\nUlei pe panza, 71cm x 55cm<br \/>\nNesemnat, nedatat<\/p>\n<\/div>\n<p>Evenimentul celebreaz\u0103 \u00eemplinirea a o sut\u0103 zece ani de la debutul oficial al mecenatului artistic al Principesei Maria. La interven\u0163ia lui Oscar Sp\u00e4the, profesorul s\u0103u de sculptur\u0103, Maria accept\u0103 cu entuziasm pre\u015feden\u0163ia onorific\u0103 a Societ\u0103\u0163ii ,,Tinerimea artistic\u0103\u201d (1901-1947). Se angajeaz\u0103 astfel \u00eentr-o \u00eentreprindere curajoas\u0103, ce avea s-o captiveze pentru tot restul existen\u0163ei. Prin prestigiul personal, ca \u015fi prin implicarea sa activ\u0103, Maria \u015fi-a adus aportul la ,,prop\u0103\u015firea artelor plastice \u00een Rom\u00e2nia\u201d, scopul declarat al Societ\u0103\u0163ii. Ea \u00eens\u0103\u015fi pictori\u0163\u0103 talentat\u0103, autoare de design de gr\u0103din\u0103, fin\u0103 cunosc\u0103toare a fenomenului Arta 1900, creatoarea unor piese originale de mobilier \u015fi inspirat decorator de interior, Maria contribuie la recunoa\u015fterea interna\u0163ional\u0103 a fenomenului cultural rom\u00e2nesc.<\/p>\n<p>Fondat\u0103 la 3 decembrie 1901, de c\u0103tre un grup de arti\u015fti, ,,Tinerimea\u201d a fost cea mai longeviv\u0103 \u015fi cea mai coerent\u0103 construc\u0163ie artistic\u0103 din Rom\u00e2nia primei jum\u0103t\u0103\u0163i a secolului XX. Influen\u0163a\u0163i de modelele artistice occidentale, Kimon Loghi, Ipolit Str\u00e2mbu, Gheorghe Petra\u015fcu, \u015etefan Popescu \u015fi Frederic Storck se constituie \u00eentr-un nucleu artistic, \u00een jurul c\u0103ruia graviteaz\u0103 toate personalit\u0103\u0163ile artistice ale epocii: Constantin Artachino, Arthur Verona, Nicolae Vermont, \u015etefan Luchian, Nicolae Grant, Micaela Eleutheriade, Marius Bunescu etc.<\/p>\n<div id=\"attachment_4142\" class=\"wp-caption alignright\">\n<p><img decoding=\"async\" class=\"size-full wp-image-4142\" title=\"\" src=\"https:\/\/pelestest.thepoint-agency.com\/wp-content\/uploads\/2016\/08\/222.jpg\" alt=\"\" width=\"400\" height=\"289\" \/><\/p>\n<p class=\"wp-caption-text\">\u201eLa seceris\u201d de Arthur Verona<br \/>\nUlei pe panza, 50cm x 70cm<br \/>\nSemnat, nedatat<\/p>\n<\/div>\n<p>Focalizat\u0103 pe anii maximei efervescen\u0163e artistice a Societ\u0103\u0163ii, perioada 1901 -1916, expozi\u0163ia \u00ee\u015fi propune s\u0103 aduc\u0103 \u00een aten\u0163ia vizitatorilor lucr\u0103ri din colec\u0163ia Muzeului Na\u0163ional Pele\u015f, reunite sub emblema ,,Tinerimii artistice\u201d. Achizi\u0163ionate de c\u0103tre Maria, donate muzeului din fondul Simu sau recuperate \u00een anii \u201970 de la Uniunea Scriitorilor sau din recuzita Teatrului Na\u0163ional, tablourile celor peste 30 de arti\u015fti ofer\u0103 marelui public un regal al artei plastice rom\u00e2ne\u015fti antebelice.<\/p>\n<hr \/>\n<h2>Vernisajul expozitiei<\/h2>\n<p>&nbsp;<\/p>\n<div class=\"embed-media\"><iframe src=\"http:\/\/player.vimeo.com\/video\/42634749?title=0&amp;byline=0&amp;portrait=0&amp;color=ffffff&amp;loop=1\" width=\"300\" height=\"150\" frameborder=\"0\" allowfullscreen=\"allowfullscreen\" data-aspectratio=\"0.563076923076923\"><\/iframe><\/div>\n<p>&nbsp;<\/p>\n<hr \/>\n<h2>Promo<\/h2>\n<p>&nbsp;<\/p>\n<div class=\"embed-media\"><iframe src=\"http:\/\/player.vimeo.com\/video\/42034658?title=0&amp;byline=0&amp;portrait=0&amp;color=ffffff&amp;loop=1\" width=\"300\" height=\"150\" frameborder=\"0\" allowfullscreen=\"allowfullscreen\" data-aspectratio=\"0.563076923076923\"><\/iframe><\/div>\n<p>&nbsp;<\/p>\n<hr \/>\n<h2>Promo 2<\/h2>\n<p>&nbsp;<\/p>\n<div class=\"embed-media\"><iframe src=\"http:\/\/player.vimeo.com\/video\/41230106?title=0&amp;byline=0&amp;portrait=0\" width=\"300\" height=\"150\" frameborder=\"0\" allowfullscreen=\"allowfullscreen\" data-aspectratio=\"0.563076923076923\"><\/iframe><\/div>\n<p>&nbsp;<\/p>\n<hr \/>\n<h2>Vizitarea Expozitiei<\/h2>\n<p>Expozi\u0163ia s-a vizitat \u00een perioada:<br \/>\n19 mai \u2013 14 octombrie 2012.<\/p>\n","protected":false},"featured_media":0,"template":"","meta":{"_acf_changed":false},"categorie-evenimente":[353],"class_list":["post-8668","eveniment","type-eveniment","status-publish","hentry","categorie-evenimente-arhiva"],"acf":[],"yoast_head":"<!-- This site is optimized with the Yoast SEO plugin v24.1 - https:\/\/yoast.com\/wordpress\/plugins\/seo\/ -->\n<title>Tinerimea Artistic\u0103 a Principesei Maria &#183; Peles Test<\/title>\n<meta name=\"robots\" content=\"noindex, follow, max-snippet:-1, max-image-preview:large, max-video-preview:-1\" \/>\n<script type=\"application\/ld+json\" class=\"yoast-schema-graph\">{\"@context\":\"https:\/\/schema.org\",\"@graph\":[{\"@type\":\"WebPage\",\"@id\":\"https:\/\/thewebdevpoint.com\/eveniment\/tinerimea-artistica-a-principesei-maria\/\",\"url\":\"https:\/\/thewebdevpoint.com\/eveniment\/tinerimea-artistica-a-principesei-maria\/\",\"name\":\"Tinerimea Artistic\u0103 a Principesei Maria &#183; Peles Test\",\"isPartOf\":{\"@id\":\"https:\/\/thewebdevpoint.com\/ro\/#website\"},\"primaryImageOfPage\":{\"@id\":\"https:\/\/thewebdevpoint.com\/eveniment\/tinerimea-artistica-a-principesei-maria\/#primaryimage\"},\"image\":{\"@id\":\"https:\/\/thewebdevpoint.com\/eveniment\/tinerimea-artistica-a-principesei-maria\/#primaryimage\"},\"thumbnailUrl\":\"https:\/\/pelestest.thepoint-agency.com\/wp-content\/uploads\/2016\/08\/222.jpg\",\"datePublished\":\"2024-10-08T11:59:10+00:00\",\"dateModified\":\"2024-12-19T07:49:48+00:00\",\"breadcrumb\":{\"@id\":\"https:\/\/thewebdevpoint.com\/eveniment\/tinerimea-artistica-a-principesei-maria\/#breadcrumb\"},\"inLanguage\":\"ro-RO\",\"potentialAction\":[{\"@type\":\"ReadAction\",\"target\":[\"https:\/\/thewebdevpoint.com\/eveniment\/tinerimea-artistica-a-principesei-maria\/\"]}]},{\"@type\":\"ImageObject\",\"inLanguage\":\"ro-RO\",\"@id\":\"https:\/\/thewebdevpoint.com\/eveniment\/tinerimea-artistica-a-principesei-maria\/#primaryimage\",\"url\":\"https:\/\/pelestest.thepoint-agency.com\/wp-content\/uploads\/2016\/08\/222.jpg\",\"contentUrl\":\"https:\/\/pelestest.thepoint-agency.com\/wp-content\/uploads\/2016\/08\/222.jpg\"},{\"@type\":\"BreadcrumbList\",\"@id\":\"https:\/\/thewebdevpoint.com\/eveniment\/tinerimea-artistica-a-principesei-maria\/#breadcrumb\",\"itemListElement\":[{\"@type\":\"ListItem\",\"position\":1,\"name\":\"Acas\u0103\",\"item\":\"https:\/\/thewebdevpoint.com\/\"},{\"@type\":\"ListItem\",\"position\":2,\"name\":\"Evenimente\",\"item\":\"https:\/\/thewebdevpoint.com\/ro\/evenimente\/\"},{\"@type\":\"ListItem\",\"position\":3,\"name\":\"Tinerimea Artistic\u0103 a Principesei Maria\"}]},{\"@type\":\"WebSite\",\"@id\":\"https:\/\/thewebdevpoint.com\/ro\/#website\",\"url\":\"https:\/\/thewebdevpoint.com\/ro\/\",\"name\":\"Peles Test\",\"description\":\"\",\"publisher\":{\"@id\":\"https:\/\/thewebdevpoint.com\/ro\/#organization\"},\"potentialAction\":[{\"@type\":\"SearchAction\",\"target\":{\"@type\":\"EntryPoint\",\"urlTemplate\":\"https:\/\/thewebdevpoint.com\/ro\/?s={search_term_string}\"},\"query-input\":{\"@type\":\"PropertyValueSpecification\",\"valueRequired\":true,\"valueName\":\"search_term_string\"}}],\"inLanguage\":\"ro-RO\"},{\"@type\":\"Organization\",\"@id\":\"https:\/\/thewebdevpoint.com\/ro\/#organization\",\"name\":\"Muzeul Pele\u0219\",\"alternateName\":\"MP\",\"url\":\"https:\/\/thewebdevpoint.com\/ro\/\",\"logo\":{\"@type\":\"ImageObject\",\"inLanguage\":\"ro-RO\",\"@id\":\"https:\/\/thewebdevpoint.com\/ro\/#\/schema\/logo\/image\/\",\"url\":\"https:\/\/thewebdevpoint.com\/wp-content\/uploads\/2024\/10\/Logo.svg\",\"contentUrl\":\"https:\/\/thewebdevpoint.com\/wp-content\/uploads\/2024\/10\/Logo.svg\",\"width\":251,\"height\":48,\"caption\":\"Muzeul Pele\u0219\"},\"image\":{\"@id\":\"https:\/\/thewebdevpoint.com\/ro\/#\/schema\/logo\/image\/\"}}]}<\/script>\n<!-- \/ Yoast SEO plugin. -->","yoast_head_json":{"title":"Tinerimea Artistic\u0103 a Principesei Maria &#183; Peles Test","robots":{"index":"noindex","follow":"follow","max-snippet":"max-snippet:-1","max-image-preview":"max-image-preview:large","max-video-preview":"max-video-preview:-1"},"schema":{"@context":"https:\/\/schema.org","@graph":[{"@type":"WebPage","@id":"https:\/\/thewebdevpoint.com\/eveniment\/tinerimea-artistica-a-principesei-maria\/","url":"https:\/\/thewebdevpoint.com\/eveniment\/tinerimea-artistica-a-principesei-maria\/","name":"Tinerimea Artistic\u0103 a Principesei Maria &#183; Peles Test","isPartOf":{"@id":"https:\/\/thewebdevpoint.com\/ro\/#website"},"primaryImageOfPage":{"@id":"https:\/\/thewebdevpoint.com\/eveniment\/tinerimea-artistica-a-principesei-maria\/#primaryimage"},"image":{"@id":"https:\/\/thewebdevpoint.com\/eveniment\/tinerimea-artistica-a-principesei-maria\/#primaryimage"},"thumbnailUrl":"https:\/\/pelestest.thepoint-agency.com\/wp-content\/uploads\/2016\/08\/222.jpg","datePublished":"2024-10-08T11:59:10+00:00","dateModified":"2024-12-19T07:49:48+00:00","breadcrumb":{"@id":"https:\/\/thewebdevpoint.com\/eveniment\/tinerimea-artistica-a-principesei-maria\/#breadcrumb"},"inLanguage":"ro-RO","potentialAction":[{"@type":"ReadAction","target":["https:\/\/thewebdevpoint.com\/eveniment\/tinerimea-artistica-a-principesei-maria\/"]}]},{"@type":"ImageObject","inLanguage":"ro-RO","@id":"https:\/\/thewebdevpoint.com\/eveniment\/tinerimea-artistica-a-principesei-maria\/#primaryimage","url":"https:\/\/pelestest.thepoint-agency.com\/wp-content\/uploads\/2016\/08\/222.jpg","contentUrl":"https:\/\/pelestest.thepoint-agency.com\/wp-content\/uploads\/2016\/08\/222.jpg"},{"@type":"BreadcrumbList","@id":"https:\/\/thewebdevpoint.com\/eveniment\/tinerimea-artistica-a-principesei-maria\/#breadcrumb","itemListElement":[{"@type":"ListItem","position":1,"name":"Acas\u0103","item":"https:\/\/thewebdevpoint.com\/"},{"@type":"ListItem","position":2,"name":"Evenimente","item":"https:\/\/thewebdevpoint.com\/ro\/evenimente\/"},{"@type":"ListItem","position":3,"name":"Tinerimea Artistic\u0103 a Principesei Maria"}]},{"@type":"WebSite","@id":"https:\/\/thewebdevpoint.com\/ro\/#website","url":"https:\/\/thewebdevpoint.com\/ro\/","name":"Peles Test","description":"","publisher":{"@id":"https:\/\/thewebdevpoint.com\/ro\/#organization"},"potentialAction":[{"@type":"SearchAction","target":{"@type":"EntryPoint","urlTemplate":"https:\/\/thewebdevpoint.com\/ro\/?s={search_term_string}"},"query-input":{"@type":"PropertyValueSpecification","valueRequired":true,"valueName":"search_term_string"}}],"inLanguage":"ro-RO"},{"@type":"Organization","@id":"https:\/\/thewebdevpoint.com\/ro\/#organization","name":"Muzeul Pele\u0219","alternateName":"MP","url":"https:\/\/thewebdevpoint.com\/ro\/","logo":{"@type":"ImageObject","inLanguage":"ro-RO","@id":"https:\/\/thewebdevpoint.com\/ro\/#\/schema\/logo\/image\/","url":"https:\/\/thewebdevpoint.com\/wp-content\/uploads\/2024\/10\/Logo.svg","contentUrl":"https:\/\/thewebdevpoint.com\/wp-content\/uploads\/2024\/10\/Logo.svg","width":251,"height":48,"caption":"Muzeul Pele\u0219"},"image":{"@id":"https:\/\/thewebdevpoint.com\/ro\/#\/schema\/logo\/image\/"}}]}},"_links":{"self":[{"href":"https:\/\/thewebdevpoint.com\/ro\/wp-json\/wp\/v2\/eveniment\/8668","targetHints":{"allow":["GET"]}}],"collection":[{"href":"https:\/\/thewebdevpoint.com\/ro\/wp-json\/wp\/v2\/eveniment"}],"about":[{"href":"https:\/\/thewebdevpoint.com\/ro\/wp-json\/wp\/v2\/types\/eveniment"}],"version-history":[{"count":1,"href":"https:\/\/thewebdevpoint.com\/ro\/wp-json\/wp\/v2\/eveniment\/8668\/revisions"}],"predecessor-version":[{"id":16741,"href":"https:\/\/thewebdevpoint.com\/ro\/wp-json\/wp\/v2\/eveniment\/8668\/revisions\/16741"}],"wp:attachment":[{"href":"https:\/\/thewebdevpoint.com\/ro\/wp-json\/wp\/v2\/media?parent=8668"}],"wp:term":[{"taxonomy":"categorie-evenimente","embeddable":true,"href":"https:\/\/thewebdevpoint.com\/ro\/wp-json\/wp\/v2\/categorie-evenimente?post=8668"}],"curies":[{"name":"wp","href":"https:\/\/api.w.org\/{rel}","templated":true}]}}