{"id":8669,"date":"2024-10-08T11:59:10","date_gmt":"2024-10-08T11:59:10","guid":{"rendered":"https:\/\/pelestest.thepoint-agency.com\/gustav-klimt-kunstlerkompagnie\/"},"modified":"2024-12-19T09:49:48","modified_gmt":"2024-12-19T07:49:48","slug":"gustav-klimt-kunstlerkompagnie","status":"publish","type":"eveniment","link":"https:\/\/thewebdevpoint.com\/ro\/eveniment\/gustav-klimt-kunstlerkompagnie\/","title":{"rendered":"Gustav Klimt &#038; Kunstlerkompagnie"},"content":{"rendered":"<h2>Prezentarea Expozitiei<\/h2>\n<p><center><\/p>\n<div class=\"embed-media\"><iframe src=\"http:\/\/player.vimeo.com\/video\/48248859?title=0&amp;byline=0&amp;portrait=0&amp;color=ffffff&amp;loop=1\" width=\"300\" height=\"150\" frameborder=\"0\" allowfullscreen=\"allowfullscreen\" data-aspectratio=\"0.5615384615384615\"><\/iframe><\/div>\n<p><\/center><\/p>\n<hr \/>\n<h2>Prezentarea Expozitiei 2<\/h2>\n<p><center><\/p>\n<div class=\"embed-media\"><iframe src=\"http:\/\/player.vimeo.com\/video\/64581966?title=0&amp;byline=0&amp;portrait=0&amp;color=ffffff&amp;loop=1\" width=\"300\" height=\"150\" frameborder=\"0\" allowfullscreen=\"allowfullscreen\" data-aspectratio=\"0.5615384615384615\"><\/iframe><\/div>\n<p><\/center><\/p>\n<hr \/>\n<h2>Despre expozi\u0163ie<\/h2>\n<p>Castelul Pele\u015f se constituie \u00een cel mai important depozitar din Rom\u00e2nia al crea\u0163iei lui Gustav Klimt \u00een cadrul atelierului K\u00fcnstler-Compagnie. Lucr\u0103rile au fost realizate \u00een intervalul 1883-1886, la comanda Regelui Carol I de c\u0103tre tinerii pictori vienezi Gustav Klimt, Ernst Klimt \u015fi Franz Matsch. K\u00fcnstler-Compagnie a fost un atelier de pictur\u0103, activ \u00eentre anii 1879-1892, satisf\u0103c\u00e2nd comenzi de decora\u0163ie a unor edificii private \u015fi publice, pe tot cuprinsul Imperiului Austro-ungar \u015fi \u00een afara grani\u0163elor lui. La cinci ani de la fondarea acestuia, \u00een anul 1883, cei trei arti\u015fti primesc, prima mare comand\u0103. Lucrarea consta \u00een ilustrarea a trei programe tematice, destinate decor\u0103rii re\u015fedin\u0163ei de la Sinaia, a regelui Rom\u00e2niei. Tinerii pictori executaser\u0103 intre 1879-1883, alte dou\u0103 comenzi importante pentru marele \u015fantier vienez Ringstrasse, \u00een colaborare cu fo\u015ftii lor profesori de la Kunstgewerbeschule. \u00cencep\u00e2nd cu anul 1886, compania va fi angajat\u0103 pentru ample proiecte de decora\u0163ie, Hermesvilla (proprietatea \u00eemp\u0103r\u0103tesei Elisabeta de Habsburg) \u015fi edificii monumentale de pe Ringstrasse, Burgtheater, Kunsthistorisches Museum etc.<\/p>\n<p>Realizarea unor opere de art\u0103 \u00een colaborare, \u00een cadrul atelierului, ridic\u0103 cel pu\u0163in o \u00eentrebare: care a fost rolul fiec\u0103ruia dintre fra\u0163ii Klimt? Dup\u0103 cum indic\u0103 Gerbert Giese, Ernst pare a fi jucat un rol subordonat, cel pu\u0163in pentru \u00eenceput, \u00een rela\u0163ia cu colegii s\u0103i, din cauza v\u00e2rstei. I se repartiza, astfel, realizarea ancadramentelor de compozi\u0163ii \u015fi a fundalurilor, exist\u0103 \u015fi excep\u0163ii dup\u0103 cum vom vedea. Gustav Klimt \u015fi Franz Matsch elaborau fiecare c\u00e2te un proiect privitor la lucrarea ce le era comandat\u0103. Mapele de schi\u0163e pictate \u015fi acuarelele erau supuse analizei \u015fi op\u0163iunii comanditarului, care alegea fie o solu\u0163ie individual\u0103, fie una intermediar\u0103, ce combina ambele proiecte. Este de presupus c\u0103 a\u015fa s-a \u00eent\u00e2mplat \u015fi \u00een cazul comenzilor f\u0103cute de suveranul rom\u00e2n \u015fi \u00een acest sens ar fi interesant de identificat schi\u0163ele preg\u0103titoare pentru decora\u0163ia de la Pele\u015f. Condi\u0163iile pe care c\u00f3piile urmau s\u0103 le \u00eendeplineasc\u0103 le-am v\u0103zut mai sus. De asemenea am putut identifica o posibil\u0103 modalitate de recomandare a atelierului K\u00fcnstler-Compagnie.<\/p>\n<p>\u00cen ceea ce prive\u015fte m\u0103rturiile precise, privitoare la comand\u0103, singurele g\u0103site, p\u00e2n\u0103 \u00een momentul de fa\u0163\u0103, sunt trei documente. Este vorba, \u00een primul r\u00e2nd de o chitan\u0163\u0103 semnat\u0103 Joseph Kott, referitoare la realizarea, de c\u0103tre acesta, a decora\u0163iei micului teatru: friza \u015fi pictura de plafon \u015fi o serie de c\u00f3pii pentru Marele salon, picturi pentru care J. Kott a primit suma de 1886 de florini. Av\u00e2nd \u00een vedere faptul c\u0103 decora\u0163ia S\u0103lii de teatru a fost realizat\u0103, conform semn\u0103turilor de pe lucr\u0103ri, de Gustav Klimt \u015fi de Franz Matsch, este plauzibil ca, \u00eentr-o prim\u0103 etap\u0103, K\u00fcnstler-Compagnie s\u0103 fi lucrat cu firma lui Joseph Kott. Acestui document i se adaug\u0103 alte dou\u0103 chitan\u0163e vamale, dovedind faptul c\u0103 Gustav Klimt \u015fi Franz Matsch, \u00een 1885 \u015fi Ernst Klimt, \u00een 1886, depuneau la punctul vamal al unei g\u0103ri din Viena l\u0103zi cu tablouri pentru a fi expediate la Castelul Pele\u015f.<\/p>\n<p>Lucr\u0103rile aflate \u015fi ast\u0103zi la fa\u0163a locului se pot grupa \u00een trei categorii distincte: Galeria de str\u0103mo\u015fi a Castelului Pele\u015f, str\u0103mo\u015fii regelui, din Casa de Hohenzollern; c\u00f3piile dup\u0103 opere de mari mae\u015ftri \u015fi opere originale aflate \u00een Sala de teatru \u015fi pe plafonul Sc\u0103rii de onoare. Toate acestea vor fi expuse \u00eencep\u00e2nd cu luna Septembrie \u00een s\u0103lile de expozi\u0163ie ale Castelului Pele\u015f.<\/p>\n<hr \/>\n<h2>Vernisajul Expozitiei<\/h2>\n<p><center><\/p>\n<div class=\"embed-media\"><iframe src=\"http:\/\/player.vimeo.com\/video\/49517670?title=0&amp;byline=0&amp;portrait=0&amp;color=ffffff&amp;loop=1\" width=\"300\" height=\"150\" frameborder=\"0\" allowfullscreen=\"allowfullscreen\" data-aspectratio=\"0.5615384615384615\"><\/iframe><\/div>\n<p><\/center><\/p>\n<hr \/>\n<h2>Promo<\/h2>\n<p><center><\/p>\n<div class=\"embed-media\"><iframe src=\"http:\/\/player.vimeo.com\/video\/42142244?title=0&amp;byline=0&amp;portrait=0&amp;color=ffffff&amp;loop=1\" width=\"300\" height=\"150\" frameborder=\"0\" allowfullscreen=\"allowfullscreen\" data-aspectratio=\"0.563076923076923\"><\/iframe><\/div>\n<p><\/center><\/p>\n<hr \/>\n<h2>Vizitarea Expozitiei<\/h2>\n<p>Expozi\u0163ia s-a vizitat \u00een perioada:<br \/>\n15 septembrie \u2013 15 decembrie 2012.<\/p>\n<hr \/>\n<p><b>Eveniment sustinut de<\/b><br \/>\n<img decoding=\"async\" class=\"alignleft size-full wp-image-4545\" title=\"\" src=\"https:\/\/web.archive.org\/web\/20150324140054im_\/https:\/\/pelestest.thepoint-agency.com\/wp-content\/uploads\/2011\/01\/siglogo_102008.jpg\" alt=\"\" width=\"155\" height=\"57\" \/><\/p>\n","protected":false},"featured_media":0,"template":"","meta":{"_acf_changed":false},"categorie-evenimente":[353],"class_list":["post-8669","eveniment","type-eveniment","status-publish","hentry","categorie-evenimente-arhiva"],"acf":[],"yoast_head":"<!-- This site is optimized with the Yoast SEO plugin v24.1 - https:\/\/yoast.com\/wordpress\/plugins\/seo\/ -->\n<title>Gustav Klimt &amp; Kunstlerkompagnie &#183; Peles Test<\/title>\n<meta name=\"robots\" content=\"noindex, follow, max-snippet:-1, max-image-preview:large, max-video-preview:-1\" \/>\n<script type=\"application\/ld+json\" class=\"yoast-schema-graph\">{\"@context\":\"https:\/\/schema.org\",\"@graph\":[{\"@type\":\"WebPage\",\"@id\":\"https:\/\/thewebdevpoint.com\/eveniment\/gustav-klimt-kunstlerkompagnie\/\",\"url\":\"https:\/\/thewebdevpoint.com\/eveniment\/gustav-klimt-kunstlerkompagnie\/\",\"name\":\"Gustav Klimt & Kunstlerkompagnie &#183; Peles Test\",\"isPartOf\":{\"@id\":\"https:\/\/thewebdevpoint.com\/ro\/#website\"},\"primaryImageOfPage\":{\"@id\":\"https:\/\/thewebdevpoint.com\/eveniment\/gustav-klimt-kunstlerkompagnie\/#primaryimage\"},\"image\":{\"@id\":\"https:\/\/thewebdevpoint.com\/eveniment\/gustav-klimt-kunstlerkompagnie\/#primaryimage\"},\"thumbnailUrl\":\"https:\/\/web.archive.org\/web\/20150324140054im_\/https:\/\/pelestest.thepoint-agency.com\/wp-content\/uploads\/2011\/01\/siglogo_102008.jpg\",\"datePublished\":\"2024-10-08T11:59:10+00:00\",\"dateModified\":\"2024-12-19T07:49:48+00:00\",\"breadcrumb\":{\"@id\":\"https:\/\/thewebdevpoint.com\/eveniment\/gustav-klimt-kunstlerkompagnie\/#breadcrumb\"},\"inLanguage\":\"ro-RO\",\"potentialAction\":[{\"@type\":\"ReadAction\",\"target\":[\"https:\/\/thewebdevpoint.com\/eveniment\/gustav-klimt-kunstlerkompagnie\/\"]}]},{\"@type\":\"ImageObject\",\"inLanguage\":\"ro-RO\",\"@id\":\"https:\/\/thewebdevpoint.com\/eveniment\/gustav-klimt-kunstlerkompagnie\/#primaryimage\",\"url\":\"https:\/\/web.archive.org\/web\/20150324140054im_\/https:\/\/pelestest.thepoint-agency.com\/wp-content\/uploads\/2011\/01\/siglogo_102008.jpg\",\"contentUrl\":\"https:\/\/web.archive.org\/web\/20150324140054im_\/https:\/\/pelestest.thepoint-agency.com\/wp-content\/uploads\/2011\/01\/siglogo_102008.jpg\"},{\"@type\":\"BreadcrumbList\",\"@id\":\"https:\/\/thewebdevpoint.com\/eveniment\/gustav-klimt-kunstlerkompagnie\/#breadcrumb\",\"itemListElement\":[{\"@type\":\"ListItem\",\"position\":1,\"name\":\"Acas\u0103\",\"item\":\"https:\/\/thewebdevpoint.com\/\"},{\"@type\":\"ListItem\",\"position\":2,\"name\":\"Evenimente\",\"item\":\"https:\/\/thewebdevpoint.com\/ro\/evenimente\/\"},{\"@type\":\"ListItem\",\"position\":3,\"name\":\"Gustav Klimt &#038; Kunstlerkompagnie\"}]},{\"@type\":\"WebSite\",\"@id\":\"https:\/\/thewebdevpoint.com\/ro\/#website\",\"url\":\"https:\/\/thewebdevpoint.com\/ro\/\",\"name\":\"Peles Test\",\"description\":\"\",\"publisher\":{\"@id\":\"https:\/\/thewebdevpoint.com\/ro\/#organization\"},\"potentialAction\":[{\"@type\":\"SearchAction\",\"target\":{\"@type\":\"EntryPoint\",\"urlTemplate\":\"https:\/\/thewebdevpoint.com\/ro\/?s={search_term_string}\"},\"query-input\":{\"@type\":\"PropertyValueSpecification\",\"valueRequired\":true,\"valueName\":\"search_term_string\"}}],\"inLanguage\":\"ro-RO\"},{\"@type\":\"Organization\",\"@id\":\"https:\/\/thewebdevpoint.com\/ro\/#organization\",\"name\":\"Muzeul Pele\u0219\",\"alternateName\":\"MP\",\"url\":\"https:\/\/thewebdevpoint.com\/ro\/\",\"logo\":{\"@type\":\"ImageObject\",\"inLanguage\":\"ro-RO\",\"@id\":\"https:\/\/thewebdevpoint.com\/ro\/#\/schema\/logo\/image\/\",\"url\":\"https:\/\/thewebdevpoint.com\/wp-content\/uploads\/2024\/10\/Logo.svg\",\"contentUrl\":\"https:\/\/thewebdevpoint.com\/wp-content\/uploads\/2024\/10\/Logo.svg\",\"width\":251,\"height\":48,\"caption\":\"Muzeul Pele\u0219\"},\"image\":{\"@id\":\"https:\/\/thewebdevpoint.com\/ro\/#\/schema\/logo\/image\/\"}}]}<\/script>\n<!-- \/ Yoast SEO plugin. -->","yoast_head_json":{"title":"Gustav Klimt & Kunstlerkompagnie &#183; Peles Test","robots":{"index":"noindex","follow":"follow","max-snippet":"max-snippet:-1","max-image-preview":"max-image-preview:large","max-video-preview":"max-video-preview:-1"},"schema":{"@context":"https:\/\/schema.org","@graph":[{"@type":"WebPage","@id":"https:\/\/thewebdevpoint.com\/eveniment\/gustav-klimt-kunstlerkompagnie\/","url":"https:\/\/thewebdevpoint.com\/eveniment\/gustav-klimt-kunstlerkompagnie\/","name":"Gustav Klimt & Kunstlerkompagnie &#183; Peles Test","isPartOf":{"@id":"https:\/\/thewebdevpoint.com\/ro\/#website"},"primaryImageOfPage":{"@id":"https:\/\/thewebdevpoint.com\/eveniment\/gustav-klimt-kunstlerkompagnie\/#primaryimage"},"image":{"@id":"https:\/\/thewebdevpoint.com\/eveniment\/gustav-klimt-kunstlerkompagnie\/#primaryimage"},"thumbnailUrl":"https:\/\/web.archive.org\/web\/20150324140054im_\/https:\/\/pelestest.thepoint-agency.com\/wp-content\/uploads\/2011\/01\/siglogo_102008.jpg","datePublished":"2024-10-08T11:59:10+00:00","dateModified":"2024-12-19T07:49:48+00:00","breadcrumb":{"@id":"https:\/\/thewebdevpoint.com\/eveniment\/gustav-klimt-kunstlerkompagnie\/#breadcrumb"},"inLanguage":"ro-RO","potentialAction":[{"@type":"ReadAction","target":["https:\/\/thewebdevpoint.com\/eveniment\/gustav-klimt-kunstlerkompagnie\/"]}]},{"@type":"ImageObject","inLanguage":"ro-RO","@id":"https:\/\/thewebdevpoint.com\/eveniment\/gustav-klimt-kunstlerkompagnie\/#primaryimage","url":"https:\/\/web.archive.org\/web\/20150324140054im_\/https:\/\/pelestest.thepoint-agency.com\/wp-content\/uploads\/2011\/01\/siglogo_102008.jpg","contentUrl":"https:\/\/web.archive.org\/web\/20150324140054im_\/https:\/\/pelestest.thepoint-agency.com\/wp-content\/uploads\/2011\/01\/siglogo_102008.jpg"},{"@type":"BreadcrumbList","@id":"https:\/\/thewebdevpoint.com\/eveniment\/gustav-klimt-kunstlerkompagnie\/#breadcrumb","itemListElement":[{"@type":"ListItem","position":1,"name":"Acas\u0103","item":"https:\/\/thewebdevpoint.com\/"},{"@type":"ListItem","position":2,"name":"Evenimente","item":"https:\/\/thewebdevpoint.com\/ro\/evenimente\/"},{"@type":"ListItem","position":3,"name":"Gustav Klimt &#038; Kunstlerkompagnie"}]},{"@type":"WebSite","@id":"https:\/\/thewebdevpoint.com\/ro\/#website","url":"https:\/\/thewebdevpoint.com\/ro\/","name":"Peles Test","description":"","publisher":{"@id":"https:\/\/thewebdevpoint.com\/ro\/#organization"},"potentialAction":[{"@type":"SearchAction","target":{"@type":"EntryPoint","urlTemplate":"https:\/\/thewebdevpoint.com\/ro\/?s={search_term_string}"},"query-input":{"@type":"PropertyValueSpecification","valueRequired":true,"valueName":"search_term_string"}}],"inLanguage":"ro-RO"},{"@type":"Organization","@id":"https:\/\/thewebdevpoint.com\/ro\/#organization","name":"Muzeul Pele\u0219","alternateName":"MP","url":"https:\/\/thewebdevpoint.com\/ro\/","logo":{"@type":"ImageObject","inLanguage":"ro-RO","@id":"https:\/\/thewebdevpoint.com\/ro\/#\/schema\/logo\/image\/","url":"https:\/\/thewebdevpoint.com\/wp-content\/uploads\/2024\/10\/Logo.svg","contentUrl":"https:\/\/thewebdevpoint.com\/wp-content\/uploads\/2024\/10\/Logo.svg","width":251,"height":48,"caption":"Muzeul Pele\u0219"},"image":{"@id":"https:\/\/thewebdevpoint.com\/ro\/#\/schema\/logo\/image\/"}}]}},"_links":{"self":[{"href":"https:\/\/thewebdevpoint.com\/ro\/wp-json\/wp\/v2\/eveniment\/8669","targetHints":{"allow":["GET"]}}],"collection":[{"href":"https:\/\/thewebdevpoint.com\/ro\/wp-json\/wp\/v2\/eveniment"}],"about":[{"href":"https:\/\/thewebdevpoint.com\/ro\/wp-json\/wp\/v2\/types\/eveniment"}],"version-history":[{"count":1,"href":"https:\/\/thewebdevpoint.com\/ro\/wp-json\/wp\/v2\/eveniment\/8669\/revisions"}],"predecessor-version":[{"id":16742,"href":"https:\/\/thewebdevpoint.com\/ro\/wp-json\/wp\/v2\/eveniment\/8669\/revisions\/16742"}],"wp:attachment":[{"href":"https:\/\/thewebdevpoint.com\/ro\/wp-json\/wp\/v2\/media?parent=8669"}],"wp:term":[{"taxonomy":"categorie-evenimente","embeddable":true,"href":"https:\/\/thewebdevpoint.com\/ro\/wp-json\/wp\/v2\/categorie-evenimente?post=8669"}],"curies":[{"name":"wp","href":"https:\/\/api.w.org\/{rel}","templated":true}]}}