{"id":8670,"date":"2024-10-08T11:59:10","date_gmt":"2024-10-08T11:59:10","guid":{"rendered":"https:\/\/pelestest.thepoint-agency.com\/armonie-si-grandoare-arta-italiana-la-castelul-peles\/"},"modified":"2024-12-19T09:49:27","modified_gmt":"2024-12-19T07:49:27","slug":"armonie-si-grandoare-arta-italiana-la-castelul-peles","status":"publish","type":"eveniment","link":"https:\/\/thewebdevpoint.com\/ro\/eveniment\/armonie-si-grandoare-arta-italiana-la-castelul-peles\/","title":{"rendered":"Armonie \u0219i Grandoare \u2013 Arta Italian\u0103 la Castelul Pele\u0219"},"content":{"rendered":"<h2>Despre expozi\u0163ie<\/h2>\n<p>Expozi\u0163ia temporar\u0103,\u00a0Armonie \u015fi\u00a0grandoare: Arta\u00a0italian\u0103 la castelul\u00a0Pele\u015f, organizat\u0103\u00a0pentru a aduce \u00een aten\u0163ia\u00a0vizitatorilor piesele de art\u0103\u00a0italian\u0103 p\u0103strate \u00een colec\u0163ia\u00a0regal\u0103-pictur\u0103, majolic\u0103,\u00a0sticla de Murano, mobilier\u00a0etc., continu\u0103 o tradi\u0163ie a\u00a0speciali\u015ftilor de a valorifica\u00a0bogatul tezaur de art\u0103 de la\u00a0Muzeul Na\u0163ional Pele\u015f.<\/p>\n<p>Dup\u0103 expozi\u0163ia intitulat\u0103\u00a0Neorena\u015fterea german\u0103 la\u00a0castelul Pele\u015f, manifestarea\u00a0actual\u0103 reune\u015fte \u00een s\u0103lile\u00a0de expozi\u0163ie c\u00f3pii dup\u0103\u00a0celebri arti\u015fti renascenti\u015fti:\u00a0Fillippo Lippi, Rafael, Ti\u0163ian,\u00a0Tintoreto, realiz\u0103ri admirabile\u00a0ale pictorilor de la sf\u00e2r\u015fitul\u00a0secolului al XIX-lea, dar \u015fi\u00a0lucr\u0103ri originale semnate de\u00a0autori de \u015fcoal\u0103 Correggio \u015fi\u00a0de pictori\u0163a florentin\u0103, Agnese\u00a0Dolci.<\/p>\n<p>Sculptura este reprezentat\u0103 de\u00a0Raffaello Romanelli \u015fi Aristide\u00a0Petrilli. Arta ceramicii italiene,\u00a0marcat\u0103 de importan\u0163a unei\u00a0tehnici consacrate pe plan\u00a0european, tehnica majolicii, va fi exemplificat\u0103 prin vase,\u00a0platouri, servicii de ceai, create\u00a0\u00een perioada secolelor XVI \u2013\u00a0XIX. Manufacturile\u00a0din Italia \u2013 Faenza, Torelli,\u00a0Capodimonte, Richard Ginori,\u00a0Alberto Issel din Genova s.a.\u00a0au fost apreciate de c\u0103tre\u00a0perechea suveranilor rom\u00e2ni.\u00a0De o spectaculozitate special\u0103\u00a0se bucur\u0103 sticla vene\u0163ian\u0103,\u00a0de la Murano, manufactur\u0103 a\u00a0c\u0103rei celebritate \u00een tehnica de\u00a0prelucrare \u015fi colorare a pieselor\u00a0a trecut grani\u0163ele europene.<\/p>\n<p>Mobilierul italian va fi prezent\u00a0prin cassone florentine,\u00a0cabinete, scaune lombarde \u015fi\u00a0tip Savonarolla, dulapuri, fotolii\u00a0vene\u0163iene \u015fi toscane, cuprinse\u00a0\u00eentre secolul al XVI-lea p\u00e2n\u0103 la sf\u00e2r\u015fitul secolului al XIX-lea,\u00a0cu rol important \u00een amenajarea\u00a0ambientului neo-renascentist al\u00a0re\u015fedin\u0163ei regale de la Sinaia.<\/p>\n<p>Dar mai presus de orice,\u00a0culoarea, bog\u0103\u0163ia \u015fi atmosfera\u00a0interioar\u0103 a saloanelor de\u00a0alt\u0103dat\u0103, vor defini armonia \u015fi\u00a0grandoarea artei italiene.<\/p>\n<hr \/>\n<h2>Video-ul expozitiei<\/h2>\n<p>&nbsp;<\/p>\n<div class=\"embed-media\"><iframe src=\"http:\/\/player.vimeo.com\/video\/56089533?title=0&amp;byline=0&amp;portrait=0\" width=\"300\" height=\"150\" frameborder=\"0\" allowfullscreen=\"allowfullscreen\" data-aspectratio=\"0.5538461538461539\"><\/iframe><\/div>\n<p>&nbsp;<\/p>\n<hr \/>\n<h2>Vernisajul expozitiei<\/h2>\n<p>&nbsp;<\/p>\n<div class=\"embed-media\"><iframe src=\"http:\/\/player.vimeo.com\/video\/61513084?title=0&amp;byline=0&amp;portrait=0\" width=\"300\" height=\"150\" frameborder=\"0\" allowfullscreen=\"allowfullscreen\" data-aspectratio=\"0.5538461538461539\"><\/iframe><\/div>\n<p>&nbsp;<\/p>\n<hr \/>\n<h2>Vizitarea Expozitiei<\/h2>\n<p>Expozi\u0163ia s-a vizitat \u00een perioada:<br \/>\n22 decembrie 2012 \u2013 5 aprilie 2013.<\/p>\n","protected":false},"featured_media":0,"template":"","meta":{"_acf_changed":false},"categorie-evenimente":[353],"class_list":["post-8670","eveniment","type-eveniment","status-publish","hentry","categorie-evenimente-arhiva"],"acf":[],"yoast_head":"<!-- This site is optimized with the Yoast SEO plugin v24.1 - https:\/\/yoast.com\/wordpress\/plugins\/seo\/ -->\n<title>Armonie \u0219i Grandoare \u2013 Arta Italian\u0103 la Castelul Pele\u0219 &#183; Peles Test<\/title>\n<meta name=\"robots\" content=\"noindex, follow, max-snippet:-1, max-image-preview:large, max-video-preview:-1\" \/>\n<script type=\"application\/ld+json\" class=\"yoast-schema-graph\">{\"@context\":\"https:\/\/schema.org\",\"@graph\":[{\"@type\":\"WebPage\",\"@id\":\"https:\/\/thewebdevpoint.com\/eveniment\/armonie-si-grandoare-arta-italiana-la-castelul-peles\/\",\"url\":\"https:\/\/thewebdevpoint.com\/eveniment\/armonie-si-grandoare-arta-italiana-la-castelul-peles\/\",\"name\":\"Armonie \u0219i Grandoare \u2013 Arta Italian\u0103 la Castelul Pele\u0219 &#183; Peles Test\",\"isPartOf\":{\"@id\":\"https:\/\/thewebdevpoint.com\/ro\/#website\"},\"datePublished\":\"2024-10-08T11:59:10+00:00\",\"dateModified\":\"2024-12-19T07:49:27+00:00\",\"breadcrumb\":{\"@id\":\"https:\/\/thewebdevpoint.com\/eveniment\/armonie-si-grandoare-arta-italiana-la-castelul-peles\/#breadcrumb\"},\"inLanguage\":\"ro-RO\",\"potentialAction\":[{\"@type\":\"ReadAction\",\"target\":[\"https:\/\/thewebdevpoint.com\/eveniment\/armonie-si-grandoare-arta-italiana-la-castelul-peles\/\"]}]},{\"@type\":\"BreadcrumbList\",\"@id\":\"https:\/\/thewebdevpoint.com\/eveniment\/armonie-si-grandoare-arta-italiana-la-castelul-peles\/#breadcrumb\",\"itemListElement\":[{\"@type\":\"ListItem\",\"position\":1,\"name\":\"Acas\u0103\",\"item\":\"https:\/\/thewebdevpoint.com\/\"},{\"@type\":\"ListItem\",\"position\":2,\"name\":\"Evenimente\",\"item\":\"https:\/\/thewebdevpoint.com\/ro\/evenimente\/\"},{\"@type\":\"ListItem\",\"position\":3,\"name\":\"Armonie \u0219i Grandoare \u2013 Arta Italian\u0103 la Castelul Pele\u0219\"}]},{\"@type\":\"WebSite\",\"@id\":\"https:\/\/thewebdevpoint.com\/ro\/#website\",\"url\":\"https:\/\/thewebdevpoint.com\/ro\/\",\"name\":\"Peles Test\",\"description\":\"\",\"publisher\":{\"@id\":\"https:\/\/thewebdevpoint.com\/ro\/#organization\"},\"potentialAction\":[{\"@type\":\"SearchAction\",\"target\":{\"@type\":\"EntryPoint\",\"urlTemplate\":\"https:\/\/thewebdevpoint.com\/ro\/?s={search_term_string}\"},\"query-input\":{\"@type\":\"PropertyValueSpecification\",\"valueRequired\":true,\"valueName\":\"search_term_string\"}}],\"inLanguage\":\"ro-RO\"},{\"@type\":\"Organization\",\"@id\":\"https:\/\/thewebdevpoint.com\/ro\/#organization\",\"name\":\"Muzeul Pele\u0219\",\"alternateName\":\"MP\",\"url\":\"https:\/\/thewebdevpoint.com\/ro\/\",\"logo\":{\"@type\":\"ImageObject\",\"inLanguage\":\"ro-RO\",\"@id\":\"https:\/\/thewebdevpoint.com\/ro\/#\/schema\/logo\/image\/\",\"url\":\"https:\/\/thewebdevpoint.com\/wp-content\/uploads\/2024\/10\/Logo.svg\",\"contentUrl\":\"https:\/\/thewebdevpoint.com\/wp-content\/uploads\/2024\/10\/Logo.svg\",\"width\":251,\"height\":48,\"caption\":\"Muzeul Pele\u0219\"},\"image\":{\"@id\":\"https:\/\/thewebdevpoint.com\/ro\/#\/schema\/logo\/image\/\"}}]}<\/script>\n<!-- \/ Yoast SEO plugin. -->","yoast_head_json":{"title":"Armonie \u0219i Grandoare \u2013 Arta Italian\u0103 la Castelul Pele\u0219 &#183; Peles Test","robots":{"index":"noindex","follow":"follow","max-snippet":"max-snippet:-1","max-image-preview":"max-image-preview:large","max-video-preview":"max-video-preview:-1"},"schema":{"@context":"https:\/\/schema.org","@graph":[{"@type":"WebPage","@id":"https:\/\/thewebdevpoint.com\/eveniment\/armonie-si-grandoare-arta-italiana-la-castelul-peles\/","url":"https:\/\/thewebdevpoint.com\/eveniment\/armonie-si-grandoare-arta-italiana-la-castelul-peles\/","name":"Armonie \u0219i Grandoare \u2013 Arta Italian\u0103 la Castelul Pele\u0219 &#183; Peles Test","isPartOf":{"@id":"https:\/\/thewebdevpoint.com\/ro\/#website"},"datePublished":"2024-10-08T11:59:10+00:00","dateModified":"2024-12-19T07:49:27+00:00","breadcrumb":{"@id":"https:\/\/thewebdevpoint.com\/eveniment\/armonie-si-grandoare-arta-italiana-la-castelul-peles\/#breadcrumb"},"inLanguage":"ro-RO","potentialAction":[{"@type":"ReadAction","target":["https:\/\/thewebdevpoint.com\/eveniment\/armonie-si-grandoare-arta-italiana-la-castelul-peles\/"]}]},{"@type":"BreadcrumbList","@id":"https:\/\/thewebdevpoint.com\/eveniment\/armonie-si-grandoare-arta-italiana-la-castelul-peles\/#breadcrumb","itemListElement":[{"@type":"ListItem","position":1,"name":"Acas\u0103","item":"https:\/\/thewebdevpoint.com\/"},{"@type":"ListItem","position":2,"name":"Evenimente","item":"https:\/\/thewebdevpoint.com\/ro\/evenimente\/"},{"@type":"ListItem","position":3,"name":"Armonie \u0219i Grandoare \u2013 Arta Italian\u0103 la Castelul Pele\u0219"}]},{"@type":"WebSite","@id":"https:\/\/thewebdevpoint.com\/ro\/#website","url":"https:\/\/thewebdevpoint.com\/ro\/","name":"Peles Test","description":"","publisher":{"@id":"https:\/\/thewebdevpoint.com\/ro\/#organization"},"potentialAction":[{"@type":"SearchAction","target":{"@type":"EntryPoint","urlTemplate":"https:\/\/thewebdevpoint.com\/ro\/?s={search_term_string}"},"query-input":{"@type":"PropertyValueSpecification","valueRequired":true,"valueName":"search_term_string"}}],"inLanguage":"ro-RO"},{"@type":"Organization","@id":"https:\/\/thewebdevpoint.com\/ro\/#organization","name":"Muzeul Pele\u0219","alternateName":"MP","url":"https:\/\/thewebdevpoint.com\/ro\/","logo":{"@type":"ImageObject","inLanguage":"ro-RO","@id":"https:\/\/thewebdevpoint.com\/ro\/#\/schema\/logo\/image\/","url":"https:\/\/thewebdevpoint.com\/wp-content\/uploads\/2024\/10\/Logo.svg","contentUrl":"https:\/\/thewebdevpoint.com\/wp-content\/uploads\/2024\/10\/Logo.svg","width":251,"height":48,"caption":"Muzeul Pele\u0219"},"image":{"@id":"https:\/\/thewebdevpoint.com\/ro\/#\/schema\/logo\/image\/"}}]}},"_links":{"self":[{"href":"https:\/\/thewebdevpoint.com\/ro\/wp-json\/wp\/v2\/eveniment\/8670","targetHints":{"allow":["GET"]}}],"collection":[{"href":"https:\/\/thewebdevpoint.com\/ro\/wp-json\/wp\/v2\/eveniment"}],"about":[{"href":"https:\/\/thewebdevpoint.com\/ro\/wp-json\/wp\/v2\/types\/eveniment"}],"version-history":[{"count":1,"href":"https:\/\/thewebdevpoint.com\/ro\/wp-json\/wp\/v2\/eveniment\/8670\/revisions"}],"predecessor-version":[{"id":16743,"href":"https:\/\/thewebdevpoint.com\/ro\/wp-json\/wp\/v2\/eveniment\/8670\/revisions\/16743"}],"wp:attachment":[{"href":"https:\/\/thewebdevpoint.com\/ro\/wp-json\/wp\/v2\/media?parent=8670"}],"wp:term":[{"taxonomy":"categorie-evenimente","embeddable":true,"href":"https:\/\/thewebdevpoint.com\/ro\/wp-json\/wp\/v2\/categorie-evenimente?post=8670"}],"curies":[{"name":"wp","href":"https:\/\/api.w.org\/{rel}","templated":true}]}}