{"id":8671,"date":"2024-10-08T11:59:10","date_gmt":"2024-10-08T11:59:10","guid":{"rendered":"https:\/\/pelestest.thepoint-agency.com\/casele-de-vis-ale-reginei-maria-balcic\/"},"modified":"2024-12-19T09:49:27","modified_gmt":"2024-12-19T07:49:27","slug":"casele-de-vis-ale-reginei-maria-balcic","status":"publish","type":"eveniment","link":"https:\/\/thewebdevpoint.com\/ro\/eveniment\/casele-de-vis-ale-reginei-maria-balcic\/","title":{"rendered":"Casele de Vis ale Reginei Maria \u2013 Balcic"},"content":{"rendered":"<h1>Promo<\/h1>\n<p><center><\/p>\n<div class=\"embed-media\"><iframe src=\"http:\/\/player.vimeo.com\/video\/64625323?title=0&amp;byline=0&amp;portrait=0\" width=\"300\" height=\"150\" frameborder=\"0\" allowfullscreen=\"allowfullscreen\" data-aspectratio=\"0.563076923076923\"><\/iframe><\/div>\n<p><\/center><\/p>\n<hr \/>\n<h1>Prezentarea expozitiei<\/h1>\n<p>\u00cen anul 2012, Muzeul Na\u0163ional Pele\u015f a ini\u0163iat programul expozi\u0163ional intitulat \u201eCasele de vis ale reginei Maria\u201d. Prima manifestare a acestui program a fost dedicat\u0103 Castelului Bran, iar \u00een lunile mai \u2013 septembrie ale anului 2013, el continu\u0103 cu o expozi\u0163ie ce \u00eencearc\u0103 s\u0103 reconstituie atmosfera palatului de la Balcic, ora\u015f din Cadrilater, teritoriu dob\u00e2ndit de Rom\u00e2nia \u00een urma celui de-al Doilea R\u0103zboi Balcanic, \u00een 1913, \u015fi care a revenit Bulgariei, \u00een 1940, \u00een timpul celei de-a doua conflagra\u0163ii mondiale.<\/p>\n<p>\u201eUltimul \u015fi cel mai exotic\u201d palat al reginei Maria a fost construit \u015fi decorat \u00een \u00eentregime dup\u0103 propriul gust artistic, \u00een micul \u201cora\u015f alb\u201d situat pe \u201cCoasta de Argint\u201d a M\u0103rii Negre, la aproximativ 120 km de Constan\u0163a, \u00eentr-o regiune de vis, cel mai str\u0103lucit punct verde de pe coasta arid\u0103 a Dobrogei, o oaz\u0103 romantic\u0103 \u015fi un cadru perfect pentru o fantezie arhitectonic\u0103.<\/p>\n<p>Regina descoperise frumuse\u0163ea locului datorit\u0103 pictorului Alexandru Satmari, \u00een anul 1924, c\u00e2nd a vizitat locul pentru a doua oar\u0103, \u00eempreun\u0103 cu fiul ei, principele Nicolae. Castelul reginei Maria, denumit Tehna Juvah (\u201eCuibul lini\u015ftit\u201d) a fost construit \u00eentre anii 1925 \u2013 1927, dup\u0103 planurile arhitectului rom\u00e2n de origine turc\u0103, Emil Gune\u015f (G\u00fcnes) pe terenul cump\u0103rat, \u00een anul 1924, de la bancherul Jean Chrissoveloni. Ulterior, domeniul a fost extins prin achizi\u0163ionarea mai multor terenuri de la localnici, ajung\u00e2nd, \u00een 1938, la o suprafa\u0163\u0103 de peste 24 de hectare.<\/p>\n<p>Lucr\u0103rile de la Balcic au fost executate de firmele italiene Fabro Agostino (antreprenor de lucr\u0103ri publice) \u015fi Giovanni Tomasini (lucr\u0103ri \u00een mozaic, ciment \u015fi asfalt), sub directa supraveghere a secretarului particular al reginei, Gaetan Denize. Dup\u0103 decesul acestuia, survenit subit \u00een anul 1928, atribu\u0163iile i-au revenit lui Eugen Zwiedineck, aghiotantul \u015fi secretarul particular al reginei Maria.<\/p>\n<p>Expozi\u0163ia temporar\u0103 \u201dCasele de vis ale reginei Maria \u2013 Castelul Balcic\u201d, prezint\u0103 publicului vizitator atmosfera \u015fi \u00eencercarea de a reconstitui c\u00e2teva dintre interioarele de la \u201dTenha Juvah\u201d. Sunt expuse fotografii de epoc\u0103, realizate at\u00e2t de regina Maria c\u00e2t \u015fi de atelierele Guggenberger Mairovits din Sibiu \u015fi Julietta din Bucure\u015fti, cu gr\u0103dinile domeniului \u015fi interioarele unde aceasta a locuit, \u00een ultimii ani de via\u0163\u0103.<\/p>\n<p>Dormitorul reginei, decorat cu elemente orientale, ne va dezv\u0103lui personalitatea fascinant\u0103 a celei care avea s\u0103 fie numit\u0103 \u201cregina artist\u0103\u201d. Al\u0103turi de \u0163es\u0103turi tradi\u0163ionale, rafturi cu c\u0103r\u0163i, candele, icoane, vase persane \u015fi cache-p\u00f4t-uri pentru flori, \u00een acest spa\u0163iu intim va persista amintirea celei care a fost \u201cultima romantic\u0103\u201c.<\/p>\n<p>Expunerea pieselor de art\u0103 decorativ\u0103 \u00een Sufrageria de la Balcic \u2013 masa toscan\u0103 preg\u0103tit\u0103 pentru reunirea familiei, un dressoir pre\u0163ios, pe care se afl\u0103 vase necesare servirii mesei, o mic\u0103 creden\u0163\u0103 pentru p\u0103strarea argint\u0103riei, sfe\u015fnice \u015fi alte obiecte decorative \u2013 va recrea atmosfera de alt\u0103dat\u0103 a meselor regale.<\/p>\n<p>O not\u0103 de originalitate va avea salonul principelui Nicolae, unde al\u0103turi de un c\u0103min, at\u00e2t de asem\u0103n\u0103tor celor aflate \u00een bordeiele rom\u00e2ne\u015fti, dar ca tipologie mexican, regina Maria a armonizat piese autohtone \u2013 \u0163es\u0103turi, perne, velin\u0163e dar \u015fi obiecte pre\u0163ioase, occidentale, arme orientale, precum \u015fi pictur\u0103 rom\u00e2neasc\u0103. Nu lipsesc nici piesele turce\u015fti \u2013 vase din ceramic\u0103 \u015fi alam\u0103, totdeauna \u00eenc\u0103rcate cu flori.<\/p>\n<p>Una dintre ultimele construc\u0163ii de pe domeniul regal Balcic, a fost capela Stella Maris, loc de contemplare \u015fi refugiu. Al\u0103turi de fotografii de odinioar\u0103, sunt expuse icoane ortodoxe, crucifixuri \u015fi alte obiecte de cult. Dorin\u0163a testamentar\u0103 a reginei Maria a fost, ca dup\u0103 moartea ei, inima s\u0103-i fie p\u0103strat\u0103 \u00een acest loca\u015f. Caseta din argint aurit, \u00eencrustat\u0103 cu pietre pre\u0163ioase, primit\u0103 \u00een dar la c\u0103s\u0103torie \u00een anul 1893, \u201cde la Doamnele rom\u00e2ne\u201d, ad\u0103postind inima, va fi expus\u0103 prin amabilitatea Muzeului Na\u0163ional de Istorie a Rom\u00e2niei, \u00een perioada expozi\u0163iei \u00eentr-o sal\u0103 special\u0103, \u00eenc\u0103rcat\u0103 de sacralitate.<\/p>\n<h1>Video-ul expozitiei<\/h1>\n<p><center><\/p>\n<div class=\"embed-media\"><iframe src=\"http:\/\/player.vimeo.com\/video\/66454812?title=0&amp;byline=0&amp;portrait=0\" width=\"300\" height=\"150\" frameborder=\"0\" allowfullscreen=\"allowfullscreen\" data-aspectratio=\"0.563076923076923\"><\/iframe><\/div>\n<p><\/center><\/p>\n<hr \/>\n<h1>Vernisajul expozitiei<\/h1>\n<p><center><\/p>\n<div class=\"embed-media\"><iframe src=\"http:\/\/player.vimeo.com\/video\/66952030?title=0&amp;byline=0&amp;portrait=0\" width=\"300\" height=\"150\" frameborder=\"0\" allowfullscreen=\"allowfullscreen\" data-aspectratio=\"0.563076923076923\"><\/iframe><\/div>\n<p><\/center><\/p>\n<hr \/>\n<h2>Vizitarea Expozitiei<\/h2>\n<p>Expozi\u0163ia s-a vizitat \u00een perioada:<br \/>\n18 mai \u2013 18 august 2013<\/p>\n","protected":false},"featured_media":0,"template":"","meta":{"_acf_changed":false},"categorie-evenimente":[353],"class_list":["post-8671","eveniment","type-eveniment","status-publish","hentry","categorie-evenimente-arhiva"],"acf":[],"yoast_head":"<!-- This site is optimized with the Yoast SEO plugin v24.1 - https:\/\/yoast.com\/wordpress\/plugins\/seo\/ -->\n<title>Casele de Vis ale Reginei Maria \u2013 Balcic &#183; Peles Test<\/title>\n<meta name=\"robots\" content=\"noindex, follow, max-snippet:-1, max-image-preview:large, max-video-preview:-1\" \/>\n<script type=\"application\/ld+json\" class=\"yoast-schema-graph\">{\"@context\":\"https:\/\/schema.org\",\"@graph\":[{\"@type\":\"WebPage\",\"@id\":\"https:\/\/thewebdevpoint.com\/eveniment\/casele-de-vis-ale-reginei-maria-balcic\/\",\"url\":\"https:\/\/thewebdevpoint.com\/eveniment\/casele-de-vis-ale-reginei-maria-balcic\/\",\"name\":\"Casele de Vis ale Reginei Maria \u2013 Balcic &#183; Peles Test\",\"isPartOf\":{\"@id\":\"https:\/\/thewebdevpoint.com\/ro\/#website\"},\"datePublished\":\"2024-10-08T11:59:10+00:00\",\"dateModified\":\"2024-12-19T07:49:27+00:00\",\"breadcrumb\":{\"@id\":\"https:\/\/thewebdevpoint.com\/eveniment\/casele-de-vis-ale-reginei-maria-balcic\/#breadcrumb\"},\"inLanguage\":\"ro-RO\",\"potentialAction\":[{\"@type\":\"ReadAction\",\"target\":[\"https:\/\/thewebdevpoint.com\/eveniment\/casele-de-vis-ale-reginei-maria-balcic\/\"]}]},{\"@type\":\"BreadcrumbList\",\"@id\":\"https:\/\/thewebdevpoint.com\/eveniment\/casele-de-vis-ale-reginei-maria-balcic\/#breadcrumb\",\"itemListElement\":[{\"@type\":\"ListItem\",\"position\":1,\"name\":\"Acas\u0103\",\"item\":\"https:\/\/thewebdevpoint.com\/\"},{\"@type\":\"ListItem\",\"position\":2,\"name\":\"Evenimente\",\"item\":\"https:\/\/thewebdevpoint.com\/ro\/evenimente\/\"},{\"@type\":\"ListItem\",\"position\":3,\"name\":\"Casele de Vis ale Reginei Maria \u2013 Balcic\"}]},{\"@type\":\"WebSite\",\"@id\":\"https:\/\/thewebdevpoint.com\/ro\/#website\",\"url\":\"https:\/\/thewebdevpoint.com\/ro\/\",\"name\":\"Peles Test\",\"description\":\"\",\"publisher\":{\"@id\":\"https:\/\/thewebdevpoint.com\/ro\/#organization\"},\"potentialAction\":[{\"@type\":\"SearchAction\",\"target\":{\"@type\":\"EntryPoint\",\"urlTemplate\":\"https:\/\/thewebdevpoint.com\/ro\/?s={search_term_string}\"},\"query-input\":{\"@type\":\"PropertyValueSpecification\",\"valueRequired\":true,\"valueName\":\"search_term_string\"}}],\"inLanguage\":\"ro-RO\"},{\"@type\":\"Organization\",\"@id\":\"https:\/\/thewebdevpoint.com\/ro\/#organization\",\"name\":\"Muzeul Pele\u0219\",\"alternateName\":\"MP\",\"url\":\"https:\/\/thewebdevpoint.com\/ro\/\",\"logo\":{\"@type\":\"ImageObject\",\"inLanguage\":\"ro-RO\",\"@id\":\"https:\/\/thewebdevpoint.com\/ro\/#\/schema\/logo\/image\/\",\"url\":\"https:\/\/thewebdevpoint.com\/wp-content\/uploads\/2024\/10\/Logo.svg\",\"contentUrl\":\"https:\/\/thewebdevpoint.com\/wp-content\/uploads\/2024\/10\/Logo.svg\",\"width\":251,\"height\":48,\"caption\":\"Muzeul Pele\u0219\"},\"image\":{\"@id\":\"https:\/\/thewebdevpoint.com\/ro\/#\/schema\/logo\/image\/\"}}]}<\/script>\n<!-- \/ Yoast SEO plugin. -->","yoast_head_json":{"title":"Casele de Vis ale Reginei Maria \u2013 Balcic &#183; Peles Test","robots":{"index":"noindex","follow":"follow","max-snippet":"max-snippet:-1","max-image-preview":"max-image-preview:large","max-video-preview":"max-video-preview:-1"},"schema":{"@context":"https:\/\/schema.org","@graph":[{"@type":"WebPage","@id":"https:\/\/thewebdevpoint.com\/eveniment\/casele-de-vis-ale-reginei-maria-balcic\/","url":"https:\/\/thewebdevpoint.com\/eveniment\/casele-de-vis-ale-reginei-maria-balcic\/","name":"Casele de Vis ale Reginei Maria \u2013 Balcic &#183; Peles Test","isPartOf":{"@id":"https:\/\/thewebdevpoint.com\/ro\/#website"},"datePublished":"2024-10-08T11:59:10+00:00","dateModified":"2024-12-19T07:49:27+00:00","breadcrumb":{"@id":"https:\/\/thewebdevpoint.com\/eveniment\/casele-de-vis-ale-reginei-maria-balcic\/#breadcrumb"},"inLanguage":"ro-RO","potentialAction":[{"@type":"ReadAction","target":["https:\/\/thewebdevpoint.com\/eveniment\/casele-de-vis-ale-reginei-maria-balcic\/"]}]},{"@type":"BreadcrumbList","@id":"https:\/\/thewebdevpoint.com\/eveniment\/casele-de-vis-ale-reginei-maria-balcic\/#breadcrumb","itemListElement":[{"@type":"ListItem","position":1,"name":"Acas\u0103","item":"https:\/\/thewebdevpoint.com\/"},{"@type":"ListItem","position":2,"name":"Evenimente","item":"https:\/\/thewebdevpoint.com\/ro\/evenimente\/"},{"@type":"ListItem","position":3,"name":"Casele de Vis ale Reginei Maria \u2013 Balcic"}]},{"@type":"WebSite","@id":"https:\/\/thewebdevpoint.com\/ro\/#website","url":"https:\/\/thewebdevpoint.com\/ro\/","name":"Peles Test","description":"","publisher":{"@id":"https:\/\/thewebdevpoint.com\/ro\/#organization"},"potentialAction":[{"@type":"SearchAction","target":{"@type":"EntryPoint","urlTemplate":"https:\/\/thewebdevpoint.com\/ro\/?s={search_term_string}"},"query-input":{"@type":"PropertyValueSpecification","valueRequired":true,"valueName":"search_term_string"}}],"inLanguage":"ro-RO"},{"@type":"Organization","@id":"https:\/\/thewebdevpoint.com\/ro\/#organization","name":"Muzeul Pele\u0219","alternateName":"MP","url":"https:\/\/thewebdevpoint.com\/ro\/","logo":{"@type":"ImageObject","inLanguage":"ro-RO","@id":"https:\/\/thewebdevpoint.com\/ro\/#\/schema\/logo\/image\/","url":"https:\/\/thewebdevpoint.com\/wp-content\/uploads\/2024\/10\/Logo.svg","contentUrl":"https:\/\/thewebdevpoint.com\/wp-content\/uploads\/2024\/10\/Logo.svg","width":251,"height":48,"caption":"Muzeul Pele\u0219"},"image":{"@id":"https:\/\/thewebdevpoint.com\/ro\/#\/schema\/logo\/image\/"}}]}},"_links":{"self":[{"href":"https:\/\/thewebdevpoint.com\/ro\/wp-json\/wp\/v2\/eveniment\/8671","targetHints":{"allow":["GET"]}}],"collection":[{"href":"https:\/\/thewebdevpoint.com\/ro\/wp-json\/wp\/v2\/eveniment"}],"about":[{"href":"https:\/\/thewebdevpoint.com\/ro\/wp-json\/wp\/v2\/types\/eveniment"}],"version-history":[{"count":1,"href":"https:\/\/thewebdevpoint.com\/ro\/wp-json\/wp\/v2\/eveniment\/8671\/revisions"}],"predecessor-version":[{"id":16744,"href":"https:\/\/thewebdevpoint.com\/ro\/wp-json\/wp\/v2\/eveniment\/8671\/revisions\/16744"}],"wp:attachment":[{"href":"https:\/\/thewebdevpoint.com\/ro\/wp-json\/wp\/v2\/media?parent=8671"}],"wp:term":[{"taxonomy":"categorie-evenimente","embeddable":true,"href":"https:\/\/thewebdevpoint.com\/ro\/wp-json\/wp\/v2\/categorie-evenimente?post=8671"}],"curies":[{"name":"wp","href":"https:\/\/api.w.org\/{rel}","templated":true}]}}