{"id":8672,"date":"2013-09-22T11:59:10","date_gmt":"2013-09-22T08:59:10","guid":{"rendered":"https:\/\/pelestest.thepoint-agency.com\/art-nouveau-110-ani-in-romania\/"},"modified":"2024-12-19T09:49:57","modified_gmt":"2024-12-19T07:49:57","slug":"art-nouveau-110-ani-in-romania","status":"publish","type":"eveniment","link":"https:\/\/thewebdevpoint.com\/ro\/eveniment\/art-nouveau-110-ani-in-romania\/","title":{"rendered":"Art Nouveau \u2013 110 Ani \u00een Rom\u00e2nia"},"content":{"rendered":"<h2>In Detaliu: Arta 1900 la Peles<\/h2>\n<p>&nbsp;<\/p>\n<div class=\"embed-media\"><iframe src=\"http:\/\/player.vimeo.com\/video\/84208922?title=0&amp;byline=0&amp;portrait=0&amp;color=ffffff\" width=\"300\" height=\"150\" frameborder=\"0\" allowfullscreen=\"allowfullscreen\" data-aspectratio=\"0.5632352941176471\"><span data-mce-type=\"bookmark\" style=\"display: inline-block; width: 0px; overflow: hidden; line-height: 0;\" class=\"mce_SELRES_start\">\ufeff<\/span><\/iframe><\/div>\n<p>&nbsp;<\/p>\n<hr \/>\n<h2>Promo<\/h2>\n<p>&nbsp;<\/p>\n<div class=\"embed-media\"><iframe src=\"http:\/\/player.vimeo.com\/video\/75090325?title=0&amp;byline=0&amp;portrait=0&amp;color=ffffff\" width=\"300\" height=\"150\" frameborder=\"0\" allowfullscreen=\"allowfullscreen\" data-aspectratio=\"0.5632352941176471\"><\/iframe><\/div>\n<p>&nbsp;<\/p>\n<hr \/>\n<h2>Promo 2<\/h2>\n<p>&nbsp;<\/p>\n<div class=\"embed-media\"><iframe src=\"http:\/\/player.vimeo.com\/video\/72885648?title=0&amp;byline=0&amp;portrait=0&amp;color=ffffff\" width=\"300\" height=\"150\" frameborder=\"0\" allowfullscreen=\"allowfullscreen\" data-aspectratio=\"0.5632352941176471\"><\/iframe><\/div>\n<p>&nbsp;<\/p>\n<hr \/>\n<h2>Prezentarea expozitiei<\/h2>\n<p>\u00cen 2013 se \u00eemplinesc 110 ani de la inaugurarea re\u015fedin\u0163ei princiare \u015fi regale, Castelul Peli\u015for \u015fi 20 de ani de c\u00e2nd \u015fi- a deschis por\u0163ile pentru publicul larg, devenind muzeu.<\/p>\n<p>Castelul Peli\u015for a fost construit \u00eentre anii 1899-1902, din dorin\u0163a regelui Carol I, ca re\u015fedin\u0163\u0103 a principilor mo\u015ftenitori, Ferdinand \u015fi Maria, de c\u0103tre arhitectul ceh, Karel Liman (1855-1929). Inaugurat un an mai t\u00e2rziu, la 24 mai 1903 castelul p\u0103streaz\u0103 amintirea pregnant\u0103 a celei care avea s\u0103 devin\u0103 regina tuturor rom\u00e2nilor, regina Maria, a regelui Ferdinand \u201c\u00eentregitorul de neam\u201d \u015fi a copiilor acestora.<\/p>\n<p>\u00cen Actul inaugural al castelului, pictat de Maria pe pergament se consemneaz\u0103:<\/p>\n<blockquote><p>\u201cNoi, Carol I, rege al Rom\u00e2niei, cl\u0103dit-am aceast\u0103 cas\u0103 al\u0103turea de falnicul castel Pele\u015f pentru iubi\u0163ii no\u015ftri nepo\u0163i. Sfin\u0163it\u0103 de biseric\u0103 spre a aduce binecuv\u00e2ntarea cerului, noi, Ferdinand, principe al Rom\u00e2niei cu Maria, principes\u0103 primit-am \u00een aceast\u0103 nou\u0103 cl\u0103dire, cu inima recunosc\u0103toare \u015fi plin\u0103 de dragoste. Intrat-am cu ai no\u015ftri copii, Carol, Elisaveta \u015fi Maria, \u00een anul m\u00e2ntuirii 1903, iar al domniei regelui Carol al 37-lea, \u00een ziua de 24 maiu. Dat-i-am nume, Peli\u015for.\u201d<\/p><\/blockquote>\n<p><img fetchpriority=\"high\" decoding=\"async\" class=\"alignright size-full wp-image-5809\" src=\"https:\/\/pelestest.thepoint-agency.com\/wp-content\/uploads\/2016\/08\/weak.png\" alt=\"\" width=\"400\" height=\"1437\" \/>La s\u0103rb\u0103toarea inaugur\u0103rii au fost prezen\u0163i al\u0103turi de monarhi \u015fi principii mostenitori, arhimandritul Nifon, ofi\u0163eri superiori ai armatei rom\u00e2ne, personalit\u0103\u0163i din lumea politic\u0103 \u015fi cultural\u0103, numero\u015fi localnici.<\/p>\n<p>Anii 1900 au constituit pentru Europa artistic\u0103 o transformare de mentalitate \u015fi o cotitur\u0103 important\u0103 prin apari\u0163ia unei concep\u0163ii stilistice novatoare, stilul Art Nouveau. Principesa Maria \u00ee\u015fi asum\u0103 stilul, \u00een esen\u0163a sa nonconformist\u0103 \u015fi spectaculoas\u0103 p\u00e2n\u0103 la a-\u015fi crea aura unui personaj Art Nouveau: ea comand\u0103 arhitectului Liman \u015fi decoratorului vienez, Bernhard Ludwig interioare luminoase, primitoare, decorate dup\u0103 gustul s\u0103u, cu elemente de stil bizantin, motive celtice, motive tradi\u0163ionale rom\u00e2ne\u015fti \u015fi o distribu\u0163ie a spa\u0163iilor subordonat\u0103 arhitecturii moderne.<\/p>\n<p>Dup\u0103 anul 1948, castelul Peli\u015for este preluat de c\u0103tre statul rom\u00e2n devenind Cas\u0103 de crea\u0163ie a scriitorilor, compozitorilor \u015fi arti\u015ftilor plastici din Rom\u00e2nia.<\/p>\n<p>Urmare a unei \u00eendelungate cercet\u0103ri de arhiv\u0103, dup\u0103 anul 1989, grupul de speciali\u015fti ai M.N. Pele\u015f a reu\u015fit s\u0103 reconstituie un spa\u0163iu princiar \u015fi regal, respect\u00e2nd \u00een bun\u0103 m\u0103sur\u0103 \u015fi inventarul acestuia, red\u00e2nd astfel patrimoniului cultural national o re\u015fedin\u0163\u0103 de importan\u0163\u0103 istoric\u0103, vechiul Castel Peli\u015for. Astfel spa\u0163iul muzeal rom\u00e2nesc s-a \u00eemboga\u0163it cu un monument unic \u00een Rom\u00e2nia prin interioarele sale decorate \u00een stilul specific Reginei Maria. Vicisitudinile istoriei au f\u0103cut ca multe piese valoroase ale vechii colec\u0163ii de art\u0103 decorativ\u0103 s\u0103 fie dispersate la alte re\u015fedinte regale, astfel \u00eenc\u00e2t, pe parcursul anilor, \u00een urma studiilor de cercetare \u00eentreprinse s-au reamenajat \u015fi deschis \u00eenc\u0103peri noi spre vizitare. Muzeul a fost inaugurat \u00een luna februarie 1993.<\/p>\n<p>De dou\u0103 decenii, muzeul justific\u0103 pe deplin speran\u0163ele semenilor \u015fi \u00eencrederea pe care societatea rom\u00e2neasc\u0103 i-a acordat-o: aici s-au organizat expozi\u0163ii temporare, manifest\u0103ri \u015ftiin\u0163ifice care au \u00eembog\u0103\u0163it prin valoarea lor datele istorice despre perechea regal\u0103 Ferdinand \u015fi Maria \u015fi despre colec\u0163ia de art\u0103, subliniind astfel menirea muzeului de la sluji adev\u0103rul, binele \u015fi frumosul. Dou\u0103zeci de ani reprezint\u0103 doar un \u00eenceput, adev\u0103rat foarte promi\u0163\u0103tor, concludent \u00eens\u0103 pentru un muzeu care s-a creat \u015fi s-a afirmat, dovedindu-\u015fi din plin rolul s\u0103u pentru rena\u015fterea spiritual\u0103.<br \/>\nCu prilejul acestei anivers\u0103ri, M.N. Pele\u015f organizeaz\u0103 la castelul Pele\u015f expozi\u0163ia \u201cArt Nouveau- 110 ani \u00een Rom\u00e2nia\u201d, o s\u0103rb\u0103toare a acestui curent artistic de la 1900.<\/p>\n<p>Un salon de ceai format din piese de mobilier Secession, realizate la Viena de c\u0103tre decoratorul Bernhard Ludwig va defini acest stil inspirat din natur\u0103, caracterizat prin forme detaliate con\u0163in\u00e2nd, \u00een cea mai mare parte linii curbe, unduitoare.<\/p>\n<p>Arti\u015ftii sticlei multiplic\u0103 experimentele tehnice, realiz\u00e2nd prin crea\u0163iile lor combina\u0163ii subtile, \u00een culori translucide.Vor fi prezen\u0163i \u00een expozi\u0163ie prin vase \u015fi l\u0103mpi de o mare frumuse\u0163e :Emil Gall\u00e9, maestrul sticlar inovator de la Nancy, fra\u0163ii August \u015fi Antonin Daum, Ren\u00e9 Lalique s.a.<\/p>\n<p>Talentul coloristului s-a relevat la americanul Louis Comfort Tiffany \u00een garniturile de pahare din sticl\u0103 \u201eFavrile\u201d. O sticl\u0103 opalescent\u0103 ce ofer\u0103 aspectul bronzului \u015fi al altor metale. Concep\u00e2nd splendide tablouri \u00een vitralii de sticl\u0103 cu aspect de calcedoniu, Tiffany a r\u0103mas celebru pentru l\u0103mpile sale cu motive naturaliste. Lampa Wisteria, datat\u0103 1906, unic\u0103 \u00een Rom\u00e2nia va constitui lucrarea din sticl\u0103 de mare spectaculozitate a expozi\u0163iei.<\/p>\n<p>Arta 1900 repune \u00een valoare ceramica. Printre piesele expuse se va afla \u015fi bustul \u00abDaphne\u00bb, o capodoper\u0103 din por\u0163elan semnat\u0103 de creatorul belgian Isidor de Rudder.<\/p>\n<p>Lucr\u0103rile din argint \u015fi bronz ale arti\u015ftilor Max Str\u0151bl din M\u0171nchen \u015fi Gustav Gurschner din Viena vor \u00eentregi gala importantei colec\u0163ii Art Nouvea a reginei Maria.<\/p>\n<p>\u00cen \u00eentreaga produc\u0163ie grafic\u0103 \u015fi pictural\u0103 a arti\u015ftilor de la 1900 vom re\u00eent\u00e2lni invariabil tipul feminin, ca simbol al vie\u0163ii, frumuse\u0163ii \u015fi al fecundit\u0103\u0163ii \u00een lucr\u0103rile semnate de Alphonse Mucha, Karl Storck sau reprezentan\u0163ii Tinerimii Artistice, prezen\u0163i \u00een expozi\u0163ie.<\/p>\n<p>Stilul Art Nouveau a definit deopotriv\u0103 sf\u00e2r\u015fitul \u015fi \u00eenceputul unui secol, conferind personalitate unei epoci \u015fi cuprinz\u00e2nd toate genurile artistice legate de ambientul exterior sau interior.<\/p>\n<p>Regina Elisabeta \u015fi mai ales regina Maria a Rom\u00e2niei au completat colec\u0163ia Casei regale, constituit\u0103 ini\u0163ial de regele Carol I, cu achizi\u0163ii importante de piese Art Nouveau, reunite \u00een mod fericit la castelul Peli\u015for din Sinaia.<\/p>\n<hr \/>\n<h2>Vizitarea Expozitiei<\/h2>\n<p>Expozi\u0163ia s-a vizitat \u00een perioada:<br \/>\n22 septembrie \u2013 22 decembrie 2013<\/p>\n","protected":false},"featured_media":0,"template":"","meta":{"_acf_changed":false},"categorie-evenimente":[353],"class_list":["post-8672","eveniment","type-eveniment","status-publish","hentry","categorie-evenimente-arhiva"],"acf":[],"yoast_head":"<!-- This site is optimized with the Yoast SEO plugin v24.1 - https:\/\/yoast.com\/wordpress\/plugins\/seo\/ -->\n<title>Art Nouveau \u2013 110 Ani \u00een Rom\u00e2nia &#183; Peles Test<\/title>\n<meta name=\"robots\" content=\"noindex, follow, max-snippet:-1, max-image-preview:large, max-video-preview:-1\" \/>\n<script type=\"application\/ld+json\" class=\"yoast-schema-graph\">{\"@context\":\"https:\/\/schema.org\",\"@graph\":[{\"@type\":\"WebPage\",\"@id\":\"https:\/\/thewebdevpoint.com\/eveniment\/art-nouveau-110-ani-in-romania\/\",\"url\":\"https:\/\/thewebdevpoint.com\/eveniment\/art-nouveau-110-ani-in-romania\/\",\"name\":\"Art Nouveau \u2013 110 Ani \u00een Rom\u00e2nia &#183; Peles Test\",\"isPartOf\":{\"@id\":\"https:\/\/thewebdevpoint.com\/ro\/#website\"},\"primaryImageOfPage\":{\"@id\":\"https:\/\/thewebdevpoint.com\/eveniment\/art-nouveau-110-ani-in-romania\/#primaryimage\"},\"image\":{\"@id\":\"https:\/\/thewebdevpoint.com\/eveniment\/art-nouveau-110-ani-in-romania\/#primaryimage\"},\"thumbnailUrl\":\"https:\/\/pelestest.thepoint-agency.com\/wp-content\/uploads\/2016\/08\/weak.png\",\"datePublished\":\"2013-09-22T08:59:10+00:00\",\"dateModified\":\"2024-12-19T07:49:57+00:00\",\"breadcrumb\":{\"@id\":\"https:\/\/thewebdevpoint.com\/eveniment\/art-nouveau-110-ani-in-romania\/#breadcrumb\"},\"inLanguage\":\"ro-RO\",\"potentialAction\":[{\"@type\":\"ReadAction\",\"target\":[\"https:\/\/thewebdevpoint.com\/eveniment\/art-nouveau-110-ani-in-romania\/\"]}]},{\"@type\":\"ImageObject\",\"inLanguage\":\"ro-RO\",\"@id\":\"https:\/\/thewebdevpoint.com\/eveniment\/art-nouveau-110-ani-in-romania\/#primaryimage\",\"url\":\"https:\/\/pelestest.thepoint-agency.com\/wp-content\/uploads\/2016\/08\/weak.png\",\"contentUrl\":\"https:\/\/pelestest.thepoint-agency.com\/wp-content\/uploads\/2016\/08\/weak.png\"},{\"@type\":\"BreadcrumbList\",\"@id\":\"https:\/\/thewebdevpoint.com\/eveniment\/art-nouveau-110-ani-in-romania\/#breadcrumb\",\"itemListElement\":[{\"@type\":\"ListItem\",\"position\":1,\"name\":\"Acas\u0103\",\"item\":\"https:\/\/thewebdevpoint.com\/\"},{\"@type\":\"ListItem\",\"position\":2,\"name\":\"Evenimente\",\"item\":\"https:\/\/thewebdevpoint.com\/ro\/evenimente\/\"},{\"@type\":\"ListItem\",\"position\":3,\"name\":\"Art Nouveau \u2013 110 Ani \u00een Rom\u00e2nia\"}]},{\"@type\":\"WebSite\",\"@id\":\"https:\/\/thewebdevpoint.com\/ro\/#website\",\"url\":\"https:\/\/thewebdevpoint.com\/ro\/\",\"name\":\"Peles Test\",\"description\":\"\",\"publisher\":{\"@id\":\"https:\/\/thewebdevpoint.com\/ro\/#organization\"},\"potentialAction\":[{\"@type\":\"SearchAction\",\"target\":{\"@type\":\"EntryPoint\",\"urlTemplate\":\"https:\/\/thewebdevpoint.com\/ro\/?s={search_term_string}\"},\"query-input\":{\"@type\":\"PropertyValueSpecification\",\"valueRequired\":true,\"valueName\":\"search_term_string\"}}],\"inLanguage\":\"ro-RO\"},{\"@type\":\"Organization\",\"@id\":\"https:\/\/thewebdevpoint.com\/ro\/#organization\",\"name\":\"Muzeul Pele\u0219\",\"alternateName\":\"MP\",\"url\":\"https:\/\/thewebdevpoint.com\/ro\/\",\"logo\":{\"@type\":\"ImageObject\",\"inLanguage\":\"ro-RO\",\"@id\":\"https:\/\/thewebdevpoint.com\/ro\/#\/schema\/logo\/image\/\",\"url\":\"https:\/\/thewebdevpoint.com\/wp-content\/uploads\/2024\/10\/Logo.svg\",\"contentUrl\":\"https:\/\/thewebdevpoint.com\/wp-content\/uploads\/2024\/10\/Logo.svg\",\"width\":251,\"height\":48,\"caption\":\"Muzeul Pele\u0219\"},\"image\":{\"@id\":\"https:\/\/thewebdevpoint.com\/ro\/#\/schema\/logo\/image\/\"}}]}<\/script>\n<!-- \/ Yoast SEO plugin. -->","yoast_head_json":{"title":"Art Nouveau \u2013 110 Ani \u00een Rom\u00e2nia &#183; Peles Test","robots":{"index":"noindex","follow":"follow","max-snippet":"max-snippet:-1","max-image-preview":"max-image-preview:large","max-video-preview":"max-video-preview:-1"},"schema":{"@context":"https:\/\/schema.org","@graph":[{"@type":"WebPage","@id":"https:\/\/thewebdevpoint.com\/eveniment\/art-nouveau-110-ani-in-romania\/","url":"https:\/\/thewebdevpoint.com\/eveniment\/art-nouveau-110-ani-in-romania\/","name":"Art Nouveau \u2013 110 Ani \u00een Rom\u00e2nia &#183; Peles Test","isPartOf":{"@id":"https:\/\/thewebdevpoint.com\/ro\/#website"},"primaryImageOfPage":{"@id":"https:\/\/thewebdevpoint.com\/eveniment\/art-nouveau-110-ani-in-romania\/#primaryimage"},"image":{"@id":"https:\/\/thewebdevpoint.com\/eveniment\/art-nouveau-110-ani-in-romania\/#primaryimage"},"thumbnailUrl":"https:\/\/pelestest.thepoint-agency.com\/wp-content\/uploads\/2016\/08\/weak.png","datePublished":"2013-09-22T08:59:10+00:00","dateModified":"2024-12-19T07:49:57+00:00","breadcrumb":{"@id":"https:\/\/thewebdevpoint.com\/eveniment\/art-nouveau-110-ani-in-romania\/#breadcrumb"},"inLanguage":"ro-RO","potentialAction":[{"@type":"ReadAction","target":["https:\/\/thewebdevpoint.com\/eveniment\/art-nouveau-110-ani-in-romania\/"]}]},{"@type":"ImageObject","inLanguage":"ro-RO","@id":"https:\/\/thewebdevpoint.com\/eveniment\/art-nouveau-110-ani-in-romania\/#primaryimage","url":"https:\/\/pelestest.thepoint-agency.com\/wp-content\/uploads\/2016\/08\/weak.png","contentUrl":"https:\/\/pelestest.thepoint-agency.com\/wp-content\/uploads\/2016\/08\/weak.png"},{"@type":"BreadcrumbList","@id":"https:\/\/thewebdevpoint.com\/eveniment\/art-nouveau-110-ani-in-romania\/#breadcrumb","itemListElement":[{"@type":"ListItem","position":1,"name":"Acas\u0103","item":"https:\/\/thewebdevpoint.com\/"},{"@type":"ListItem","position":2,"name":"Evenimente","item":"https:\/\/thewebdevpoint.com\/ro\/evenimente\/"},{"@type":"ListItem","position":3,"name":"Art Nouveau \u2013 110 Ani \u00een Rom\u00e2nia"}]},{"@type":"WebSite","@id":"https:\/\/thewebdevpoint.com\/ro\/#website","url":"https:\/\/thewebdevpoint.com\/ro\/","name":"Peles Test","description":"","publisher":{"@id":"https:\/\/thewebdevpoint.com\/ro\/#organization"},"potentialAction":[{"@type":"SearchAction","target":{"@type":"EntryPoint","urlTemplate":"https:\/\/thewebdevpoint.com\/ro\/?s={search_term_string}"},"query-input":{"@type":"PropertyValueSpecification","valueRequired":true,"valueName":"search_term_string"}}],"inLanguage":"ro-RO"},{"@type":"Organization","@id":"https:\/\/thewebdevpoint.com\/ro\/#organization","name":"Muzeul Pele\u0219","alternateName":"MP","url":"https:\/\/thewebdevpoint.com\/ro\/","logo":{"@type":"ImageObject","inLanguage":"ro-RO","@id":"https:\/\/thewebdevpoint.com\/ro\/#\/schema\/logo\/image\/","url":"https:\/\/thewebdevpoint.com\/wp-content\/uploads\/2024\/10\/Logo.svg","contentUrl":"https:\/\/thewebdevpoint.com\/wp-content\/uploads\/2024\/10\/Logo.svg","width":251,"height":48,"caption":"Muzeul Pele\u0219"},"image":{"@id":"https:\/\/thewebdevpoint.com\/ro\/#\/schema\/logo\/image\/"}}]}},"_links":{"self":[{"href":"https:\/\/thewebdevpoint.com\/ro\/wp-json\/wp\/v2\/eveniment\/8672","targetHints":{"allow":["GET"]}}],"collection":[{"href":"https:\/\/thewebdevpoint.com\/ro\/wp-json\/wp\/v2\/eveniment"}],"about":[{"href":"https:\/\/thewebdevpoint.com\/ro\/wp-json\/wp\/v2\/types\/eveniment"}],"version-history":[{"count":7,"href":"https:\/\/thewebdevpoint.com\/ro\/wp-json\/wp\/v2\/eveniment\/8672\/revisions"}],"predecessor-version":[{"id":16906,"href":"https:\/\/thewebdevpoint.com\/ro\/wp-json\/wp\/v2\/eveniment\/8672\/revisions\/16906"}],"wp:attachment":[{"href":"https:\/\/thewebdevpoint.com\/ro\/wp-json\/wp\/v2\/media?parent=8672"}],"wp:term":[{"taxonomy":"categorie-evenimente","embeddable":true,"href":"https:\/\/thewebdevpoint.com\/ro\/wp-json\/wp\/v2\/categorie-evenimente?post=8672"}],"curies":[{"name":"wp","href":"https:\/\/api.w.org\/{rel}","templated":true}]}}