{"id":8673,"date":"2024-10-08T11:59:10","date_gmt":"2024-10-08T11:59:10","guid":{"rendered":"https:\/\/pelestest.thepoint-agency.com\/pictori-copisti-in-galeria-regelui-carol-i\/"},"modified":"2024-12-19T09:49:27","modified_gmt":"2024-12-19T07:49:27","slug":"pictori-copisti-in-galeria-regelui-carol-i","status":"publish","type":"eveniment","link":"https:\/\/thewebdevpoint.com\/ro\/eveniment\/pictori-copisti-in-galeria-regelui-carol-i\/","title":{"rendered":"Pictori Copi\u0219ti \u00een Galeria Regelui Carol I"},"content":{"rendered":"<h2>Video-ul expozitiei<\/h2>\n<p><center><\/p>\n<div class=\"embed-media\"><iframe src=\"http:\/\/player.vimeo.com\/video\/97644711?title=0&amp;byline=0&amp;portrait=0&amp;color=ffffff\" width=\"300\" height=\"150\" frameborder=\"0\" allowfullscreen=\"allowfullscreen\" data-aspectratio=\"0.5632352941176471\"><\/iframe><\/div>\n<p><\/center><\/p>\n<hr \/>\n<h2>Prezentarea expozitiei<\/h2>\n<p>Muzeul Na\u0163ional Pele\u015f v\u0103 invit\u0103 la vernisajul expozi\u0163iei <em>,,Pictori copi\u015fti \u00een Galeria Regelui Carol I\u201d. <\/em>Colec\u0163ia regal\u0103 de pictur\u0103 este crea\u0163ia exclusiv\u0103 a primului suveran al Rom\u00e2niei. Constituit\u0103 \u00eentre anii 1879-1899 prin achizi\u0163ia a 214 tablouri, \u00een majoritatea lor cov\u00e2r\u015fitoare, capodopere din colec\u0163ia Felix Bamberg, galeria de tablouri devenea proprietate perpetu\u0103 a Coroanei Rom\u00e2niei. Destinat\u0103 s\u0103 decoreze re\u015fedin\u0163a de la Pele\u015f, ea este completat\u0103 de-alungul anilor cu copii executate la cererea Regelui Carol I. Spre deosebire de majoritatea originalelor, dup\u0103 inventarul din vara anului 1948, copiile au r\u0103mas la Sinaia \u015fi fac obiectul unei expozi\u0163ii \u00een premier\u0103.<\/p>\n<p>Fenomenul copiei poate fi \u00een\u0163eles din perspectiv\u0103 contemporan\u0103 ca un demers de tip istorist, \u00een care fascina\u0163ia trecutului \u00ee\u015fi spune cuv\u00e2ntul. \u00cen lipsa originalelor celebre, copiile dup\u0103 mari mae\u015ftri erau destinate s\u0103 imprime re\u015fedin\u0163ei regale un caracter fastuos \u015fi s\u0103 contribuie la educa\u0163ia estetic\u0103 \u00eentr-o epoc\u0103 \u00een care nu exista \u00eenc\u0103 reproducerea color. Operat\u0103 de Carol I, selec\u0163ia operelor ce urmau a fi copiate reflecta, \u00een mod evident, preferin\u0163ele Regelui pentru subiecte religioase. Instrument educativ, cu valen\u0163e de decorare a interioarelor castelului, copia cap\u0103t\u0103 aici \u015fi o valoare documentar\u0103, atest\u00e2nd\u00a0 o foarte bun\u0103 cunoa\u015ftere din partea comanditarului, a istoriei picturii europene\u00a0 prezent\u0103 \u00een\u00a0 marile muzee.<\/p>\n<p>Colec\u0163ia de c\u00f3pii poate fi \u00eemp\u0103r\u0163it\u0103 \u00een dou\u0103 categorii: copiile dup\u0103 marii mae\u015ftri, av\u00e2nd ca tematic\u0103, portrete de personalit\u0103\u0163i istorice (aristrocra\u0163i, guvernatori, \u00eemp\u0103ra\u0163i etc.),\u00a0 scene religioase, scene de gen,\u00a0peisaje etc. \u015fi Galeria de str\u0103mo\u015fi ai Regelui reprezentat\u0103 prin c\u00f3pii dup\u0103 lucr\u0103ri originale p\u0103strate, \u00een general, \u00een castelul de la Sigmaringen. La comanda Regelui s-au realizat \u00een intervalul 1880-1910, peste 100 de c\u00f3pii, dup\u0103 lucr\u0103ri celebre, repere ale istoriei artei \u015fi picturii din \u015fcolile vene\u0163ian\u0103, flamand\u0103, german\u0103, francez\u0103, conservate \u00een c\u00e2teva dintre cele mai importante muzee ale Europei, bine cunoscute de Carol I: Alte Pinakothek, M\u00fcnchen; Nationalgalerie, Berlin; Gem\u00e4ldegalerie, Dresda; Staatliche Gem\u00e4ldegalerie Kassel; Castelul Sigmaringen; Kunsthistorisches Museum, Viena; Schlossmuseum, Gotha; Gallerie Schloss Schleissheim\u00a0; Galerie Liechstenstein, Viena; Galleria Borghese, Roma; Galleria dell\u2019Accademia, Vene\u0163ia; Koninklijk Museum vor Schone Kunste Antwerpen; Mus\u00e9e du Louvre.<\/p>\n<p>Comenzile au fost adresate de Rege at\u00e2t unor arti\u015fti str\u0103ini (germani cu prec\u0103dere, austrieci, francezi, un grec, un italian), c\u00e2t \u015fi unor bursieri rom\u00e2niprecum Otilia Michail-Otetele\u015fanu (1887-1974) sau Gheorghe B\u0103l\u0103nescu (sec.XIX-XX). Pictorii care au executat c\u00f3pii pentru Carol I sunt Gustav Bregenzer (1854-1918), pictorul de curte de la Sigmaringen, Eugen Ritter Gotha (1853-1922), Eduard Haaga(sec. XIX), Ernst Hausmann (1845-1908), Paul Schad (1862 \u2013 1916),\u00a0Bertha Sich (sec.XIX ), Maximilian von Schneidt(1858-1937), Loni vonSchneidt (sec.XIX), Laetizia von Witzleben (sec.XIX), Gustav Klimt (1862-1918), Ernst Klimt (1864-1894),Franz Matsch (1861-1942), Charles F\u00e9lu (1850-1905),V.Gr\u00e8ve (sec.XIX), Paul Rhodokanakis (sec.XIX ), D. Barezzi (sec.XIX ) etc.<\/p>\n<hr \/>\n<h2>Vizitarea Expozitiei<\/h2>\n<p>Expozi\u0163ia s-a vizitat \u00een perioada:<br \/>\n7 iunie \u2013 19 septembrie 2014<\/p>\n<hr \/>\n<h2>Vernisajul expozitiei<\/h2>\n<p><center><\/p>\n<div class=\"embed-media\"><iframe src=\"http:\/\/player.vimeo.com\/video\/97645083?title=0&amp;byline=0&amp;portrait=0&amp;color=ffffff\" width=\"300\" height=\"150\" frameborder=\"0\" allowfullscreen=\"allowfullscreen\" data-aspectratio=\"0.5632352941176471\"><\/iframe><\/div>\n<p><\/center><\/p>\n","protected":false},"featured_media":0,"template":"","meta":{"_acf_changed":false},"categorie-evenimente":[353],"class_list":["post-8673","eveniment","type-eveniment","status-publish","hentry","categorie-evenimente-arhiva"],"acf":[],"yoast_head":"<!-- This site is optimized with the Yoast SEO plugin v24.1 - https:\/\/yoast.com\/wordpress\/plugins\/seo\/ -->\n<title>Pictori Copi\u0219ti \u00een Galeria Regelui Carol I &#183; Peles Test<\/title>\n<meta name=\"robots\" content=\"noindex, follow, max-snippet:-1, max-image-preview:large, max-video-preview:-1\" \/>\n<script type=\"application\/ld+json\" class=\"yoast-schema-graph\">{\"@context\":\"https:\/\/schema.org\",\"@graph\":[{\"@type\":\"WebPage\",\"@id\":\"https:\/\/thewebdevpoint.com\/eveniment\/pictori-copisti-in-galeria-regelui-carol-i\/\",\"url\":\"https:\/\/thewebdevpoint.com\/eveniment\/pictori-copisti-in-galeria-regelui-carol-i\/\",\"name\":\"Pictori Copi\u0219ti \u00een Galeria Regelui Carol I &#183; Peles Test\",\"isPartOf\":{\"@id\":\"https:\/\/thewebdevpoint.com\/ro\/#website\"},\"datePublished\":\"2024-10-08T11:59:10+00:00\",\"dateModified\":\"2024-12-19T07:49:27+00:00\",\"breadcrumb\":{\"@id\":\"https:\/\/thewebdevpoint.com\/eveniment\/pictori-copisti-in-galeria-regelui-carol-i\/#breadcrumb\"},\"inLanguage\":\"ro-RO\",\"potentialAction\":[{\"@type\":\"ReadAction\",\"target\":[\"https:\/\/thewebdevpoint.com\/eveniment\/pictori-copisti-in-galeria-regelui-carol-i\/\"]}]},{\"@type\":\"BreadcrumbList\",\"@id\":\"https:\/\/thewebdevpoint.com\/eveniment\/pictori-copisti-in-galeria-regelui-carol-i\/#breadcrumb\",\"itemListElement\":[{\"@type\":\"ListItem\",\"position\":1,\"name\":\"Acas\u0103\",\"item\":\"https:\/\/thewebdevpoint.com\/\"},{\"@type\":\"ListItem\",\"position\":2,\"name\":\"Evenimente\",\"item\":\"https:\/\/thewebdevpoint.com\/ro\/evenimente\/\"},{\"@type\":\"ListItem\",\"position\":3,\"name\":\"Pictori Copi\u0219ti \u00een Galeria Regelui Carol I\"}]},{\"@type\":\"WebSite\",\"@id\":\"https:\/\/thewebdevpoint.com\/ro\/#website\",\"url\":\"https:\/\/thewebdevpoint.com\/ro\/\",\"name\":\"Peles Test\",\"description\":\"\",\"publisher\":{\"@id\":\"https:\/\/thewebdevpoint.com\/ro\/#organization\"},\"potentialAction\":[{\"@type\":\"SearchAction\",\"target\":{\"@type\":\"EntryPoint\",\"urlTemplate\":\"https:\/\/thewebdevpoint.com\/ro\/?s={search_term_string}\"},\"query-input\":{\"@type\":\"PropertyValueSpecification\",\"valueRequired\":true,\"valueName\":\"search_term_string\"}}],\"inLanguage\":\"ro-RO\"},{\"@type\":\"Organization\",\"@id\":\"https:\/\/thewebdevpoint.com\/ro\/#organization\",\"name\":\"Muzeul Pele\u0219\",\"alternateName\":\"MP\",\"url\":\"https:\/\/thewebdevpoint.com\/ro\/\",\"logo\":{\"@type\":\"ImageObject\",\"inLanguage\":\"ro-RO\",\"@id\":\"https:\/\/thewebdevpoint.com\/ro\/#\/schema\/logo\/image\/\",\"url\":\"https:\/\/thewebdevpoint.com\/wp-content\/uploads\/2024\/10\/Logo.svg\",\"contentUrl\":\"https:\/\/thewebdevpoint.com\/wp-content\/uploads\/2024\/10\/Logo.svg\",\"width\":251,\"height\":48,\"caption\":\"Muzeul Pele\u0219\"},\"image\":{\"@id\":\"https:\/\/thewebdevpoint.com\/ro\/#\/schema\/logo\/image\/\"}}]}<\/script>\n<!-- \/ Yoast SEO plugin. -->","yoast_head_json":{"title":"Pictori Copi\u0219ti \u00een Galeria Regelui Carol I &#183; Peles Test","robots":{"index":"noindex","follow":"follow","max-snippet":"max-snippet:-1","max-image-preview":"max-image-preview:large","max-video-preview":"max-video-preview:-1"},"schema":{"@context":"https:\/\/schema.org","@graph":[{"@type":"WebPage","@id":"https:\/\/thewebdevpoint.com\/eveniment\/pictori-copisti-in-galeria-regelui-carol-i\/","url":"https:\/\/thewebdevpoint.com\/eveniment\/pictori-copisti-in-galeria-regelui-carol-i\/","name":"Pictori Copi\u0219ti \u00een Galeria Regelui Carol I &#183; Peles Test","isPartOf":{"@id":"https:\/\/thewebdevpoint.com\/ro\/#website"},"datePublished":"2024-10-08T11:59:10+00:00","dateModified":"2024-12-19T07:49:27+00:00","breadcrumb":{"@id":"https:\/\/thewebdevpoint.com\/eveniment\/pictori-copisti-in-galeria-regelui-carol-i\/#breadcrumb"},"inLanguage":"ro-RO","potentialAction":[{"@type":"ReadAction","target":["https:\/\/thewebdevpoint.com\/eveniment\/pictori-copisti-in-galeria-regelui-carol-i\/"]}]},{"@type":"BreadcrumbList","@id":"https:\/\/thewebdevpoint.com\/eveniment\/pictori-copisti-in-galeria-regelui-carol-i\/#breadcrumb","itemListElement":[{"@type":"ListItem","position":1,"name":"Acas\u0103","item":"https:\/\/thewebdevpoint.com\/"},{"@type":"ListItem","position":2,"name":"Evenimente","item":"https:\/\/thewebdevpoint.com\/ro\/evenimente\/"},{"@type":"ListItem","position":3,"name":"Pictori Copi\u0219ti \u00een Galeria Regelui Carol I"}]},{"@type":"WebSite","@id":"https:\/\/thewebdevpoint.com\/ro\/#website","url":"https:\/\/thewebdevpoint.com\/ro\/","name":"Peles Test","description":"","publisher":{"@id":"https:\/\/thewebdevpoint.com\/ro\/#organization"},"potentialAction":[{"@type":"SearchAction","target":{"@type":"EntryPoint","urlTemplate":"https:\/\/thewebdevpoint.com\/ro\/?s={search_term_string}"},"query-input":{"@type":"PropertyValueSpecification","valueRequired":true,"valueName":"search_term_string"}}],"inLanguage":"ro-RO"},{"@type":"Organization","@id":"https:\/\/thewebdevpoint.com\/ro\/#organization","name":"Muzeul Pele\u0219","alternateName":"MP","url":"https:\/\/thewebdevpoint.com\/ro\/","logo":{"@type":"ImageObject","inLanguage":"ro-RO","@id":"https:\/\/thewebdevpoint.com\/ro\/#\/schema\/logo\/image\/","url":"https:\/\/thewebdevpoint.com\/wp-content\/uploads\/2024\/10\/Logo.svg","contentUrl":"https:\/\/thewebdevpoint.com\/wp-content\/uploads\/2024\/10\/Logo.svg","width":251,"height":48,"caption":"Muzeul Pele\u0219"},"image":{"@id":"https:\/\/thewebdevpoint.com\/ro\/#\/schema\/logo\/image\/"}}]}},"_links":{"self":[{"href":"https:\/\/thewebdevpoint.com\/ro\/wp-json\/wp\/v2\/eveniment\/8673","targetHints":{"allow":["GET"]}}],"collection":[{"href":"https:\/\/thewebdevpoint.com\/ro\/wp-json\/wp\/v2\/eveniment"}],"about":[{"href":"https:\/\/thewebdevpoint.com\/ro\/wp-json\/wp\/v2\/types\/eveniment"}],"version-history":[{"count":1,"href":"https:\/\/thewebdevpoint.com\/ro\/wp-json\/wp\/v2\/eveniment\/8673\/revisions"}],"predecessor-version":[{"id":16746,"href":"https:\/\/thewebdevpoint.com\/ro\/wp-json\/wp\/v2\/eveniment\/8673\/revisions\/16746"}],"wp:attachment":[{"href":"https:\/\/thewebdevpoint.com\/ro\/wp-json\/wp\/v2\/media?parent=8673"}],"wp:term":[{"taxonomy":"categorie-evenimente","embeddable":true,"href":"https:\/\/thewebdevpoint.com\/ro\/wp-json\/wp\/v2\/categorie-evenimente?post=8673"}],"curies":[{"name":"wp","href":"https:\/\/api.w.org\/{rel}","templated":true}]}}