{"id":8765,"date":"2024-10-08T11:59:12","date_gmt":"2024-10-08T11:59:12","guid":{"rendered":"https:\/\/pelestest.thepoint-agency.com\/start-europafest-summer-edition\/"},"modified":"2024-12-19T09:48:56","modified_gmt":"2024-12-19T07:48:56","slug":"start-europafest-summer-edition","status":"publish","type":"eveniment","link":"https:\/\/thewebdevpoint.com\/ro\/eveniment\/start-europafest-summer-edition\/","title":{"rendered":"Start EUROPAfest Summer Edition !"},"content":{"rendered":"<h4><strong>Start EUROPAfest Summer Edition ! <\/strong><\/h4>\n<h4><strong>Sinaia, 13 \u2013 26 iulie <\/strong><\/h4>\n<h4><strong>Invita\u021bi speciali, muzicieni de top\u00a0 &#8211; Remus Azoi\u021bei | Marea Britanie \u0219i Irina Mure\u0219anu | SUA<\/strong><\/h4>\n<p>&nbsp;<\/p>\n<p>Dup\u0103 succesul \u00eenregistrat de edi\u021bia cu nr. 24 a EUROPAfest \u2013 jazz, blues, pop \u0219i clasic, organizat\u0103 \u00een luna mai la Bucure\u0219ti \u0219i Sibiu, jmEvents \u0219i Jeunesses &amp; Dinu Lipatti realizeaz\u0103 edi\u021bia de var\u0103 a festivalului la Sinaia, \u00een perioada 13 \u2013 26 iulie. <strong>EUROPAfest Summer Edition <\/strong>organizat \u00een parteneriat cu Prim\u0103ria Sinaia, Muzeul Pele\u0219 \u0219i Hotelul Mara, a devenit deja o tradi\u021bie mult a\u0219teptat\u0103 at\u00e2t de localnici, c\u00e2t \u0219i de turi\u0219ti. \u00cen agenda sa se reg\u0103sesc concerte de muzic\u0103 clasica, jazz, dar \u0219i Summer Music Academy Sinaia.<\/p>\n<p>&nbsp;<\/p>\n<p>Festivalul are o durat\u0103 de 2 s\u0103pt\u0103m\u00e2ni \u0219i prezint\u0103 arti\u0219ti din peste 10 \u021b\u0103ri: Marea Britanie, SUA, Italia, Portugalia, Singapore, Turcia, Africa de Sud, Islanda, Suedia, Polonia, India \u0219i Rom\u00e2nia.<\/p>\n<p>&nbsp;<\/p>\n<p>Cu titluri precum \u201c<strong>Summer Concert at Castle<\/strong>\u201d, \u201c<strong>Concert in the Park<\/strong>\u201d, \u201c<strong>Summer Magic Dream<\/strong>\u201d organizatorii invit\u0103 publicul larg \u00eentre 13 \u0219i 26 iulie s\u0103 lase departe agita\u021bia ora\u0219elor \u0219i s\u0103 intre \u00een atmosfera magic\u0103 creat\u0103 la Castelul Pele\u0219 \u0219i Casinoul din Sinaia. De asemenea, vor fi organizate concerte \u0219i \u00een Parcul Central \u0219i Sala King\u2019s Valley \u2013 Hotel Mara.<\/p>\n<p>&nbsp;<\/p>\n<p><strong>Summer Music Academy Sinaia<\/strong> este un program de studii muzicale avansate \u0219i performan\u021b\u0103. \u00centre profesorii invita\u021bi \u00een cadrul academiei se num\u0103r\u0103 <strong>Remus Azoi\u021bei \/ UK, <\/strong>produs de renume al \u0219colii rom\u00e2ne\u0219ti de vioar\u0103, unul dintre cei mai aprecia\u021bi arti\u0219ti ai timpurilor noastre, activ\u00e2nd \u00een prezent \u00een elita muzicii londoneze, profesor la Royal Academy of Music \u00een Londra,<strong> Irina Muresanu \/ SUA, <\/strong>artist plurivalent &#8211; violonist, dirijor, profesor, cu numeroase concerte la activ, care a c\u00e2\u0219tigat inimile audien\u021bei \u0219i ale criticilor prin evolu\u021biile sale pline de emo\u021bie, elegan\u021b\u0103 \u0219i sensibilitate. Este profesor de vioar\u0103 \u0219i muzic\u0103 de camer\u0103 la Conservatorul din Boston, precum \u0219i la Universitatea Maryland, Washington D.C, <strong>Mario Caroli \/ Fran\u021ba, <\/strong>artist cosmopolit, invitat \u00een mod regulat la cele mai prestigioase festivaluri din toat\u0103 lumea, profesor de flaut la Academia Superioar\u0103 de Muzic\u0103 din Strasbourg-HEAR \u0219i Academia de Muzic\u0103 din Freiburg sau<strong> Matteo Evangelisti \/ Italia, <\/strong>solo flautist al Operei din Roma.<\/p>\n<p>&nbsp;<\/p>\n<p><strong>Agenda festivalului: <\/strong><\/p>\n<p>14 iulie | 19:00 | Concert \u201cOpening EUROPAfest Academy\u201d \u2013 Sala King\u2019s Valley, Hotel Mara<\/p>\n<p>19 iulie | 19:00 | Concert in the Park &#8211; Casino Sinaia, Parcul Central \u201cDimitrie Ghica\u201d<\/p>\n<p>20 iulie | 19:00 | Concert \u201cSummer Concert at Castle\u201d &#8211; Castelul Pele\u0219<\/p>\n<p>22 iulie | 19:00 | Concert \u201cSummer Magic Dream\u201d &#8211; Castelul Pele\u0219<\/p>\n<p>23 iulie | 19:00 | Concert \u201cGala EUROPAfest Summer Edition\u201d &#8211; Castelul Pele\u0219<\/p>\n<p>13 \u2013 25 iulie | Summer Music Academy Sinaia<\/p>\n<p>Accesul la concerte se face pe baz\u0103 de invita\u021bii, dar se acord\u0103 \u0219i intrare liber\u0103 \u00een limita locurilor disponibile.<\/p>\n<p><strong>\u00a0<\/strong><\/p>\n<p>\u00cen 2005 EUROPAfest a fost primul eveniment din Rom\u00e2nia c\u0103ruia Casa Regal\u0103 i-a acordat \u00cenaltul Patronaj, iar din 2015 EUROPAfest a primit titulatura de festival EFFE | Europe for Festivals, Festivals for Europe &#8211; Europe\u2019s finest festivals, program lansat de Comisia European\u0103 \u0219i Parlamentul European prin European Festivals Association.<\/p>\n<p>&nbsp;<\/p>\n<p>Informatii suplimentare: 0720.31.61.62 | <a href=\"mailto:office@jmEvents.ro\">office@jmEvents.ro<\/a> |\u00a0 <a href=\"http:\/\/www.jmevents.ro\/\">www.jmEvents.ro<\/a> .<\/p>\n<p>&nbsp;<\/p>\n","protected":false},"featured_media":0,"template":"","meta":{"_acf_changed":false},"categorie-evenimente":[353],"class_list":["post-8765","eveniment","type-eveniment","status-publish","hentry","categorie-evenimente-arhiva"],"acf":[],"yoast_head":"<!-- This site is optimized with the Yoast SEO plugin v24.1 - https:\/\/yoast.com\/wordpress\/plugins\/seo\/ -->\n<title>Start EUROPAfest Summer Edition ! &#183; Peles Test<\/title>\n<meta name=\"robots\" content=\"noindex, follow, max-snippet:-1, max-image-preview:large, max-video-preview:-1\" \/>\n<script type=\"application\/ld+json\" class=\"yoast-schema-graph\">{\"@context\":\"https:\/\/schema.org\",\"@graph\":[{\"@type\":\"WebPage\",\"@id\":\"https:\/\/thewebdevpoint.com\/eveniment\/start-europafest-summer-edition\/\",\"url\":\"https:\/\/thewebdevpoint.com\/eveniment\/start-europafest-summer-edition\/\",\"name\":\"Start EUROPAfest Summer Edition ! &#183; Peles Test\",\"isPartOf\":{\"@id\":\"https:\/\/thewebdevpoint.com\/ro\/#website\"},\"datePublished\":\"2024-10-08T11:59:12+00:00\",\"dateModified\":\"2024-12-19T07:48:56+00:00\",\"breadcrumb\":{\"@id\":\"https:\/\/thewebdevpoint.com\/eveniment\/start-europafest-summer-edition\/#breadcrumb\"},\"inLanguage\":\"ro-RO\",\"potentialAction\":[{\"@type\":\"ReadAction\",\"target\":[\"https:\/\/thewebdevpoint.com\/eveniment\/start-europafest-summer-edition\/\"]}]},{\"@type\":\"BreadcrumbList\",\"@id\":\"https:\/\/thewebdevpoint.com\/eveniment\/start-europafest-summer-edition\/#breadcrumb\",\"itemListElement\":[{\"@type\":\"ListItem\",\"position\":1,\"name\":\"Acas\u0103\",\"item\":\"https:\/\/thewebdevpoint.com\/\"},{\"@type\":\"ListItem\",\"position\":2,\"name\":\"Evenimente\",\"item\":\"https:\/\/thewebdevpoint.com\/ro\/evenimente\/\"},{\"@type\":\"ListItem\",\"position\":3,\"name\":\"Start EUROPAfest Summer Edition !\"}]},{\"@type\":\"WebSite\",\"@id\":\"https:\/\/thewebdevpoint.com\/ro\/#website\",\"url\":\"https:\/\/thewebdevpoint.com\/ro\/\",\"name\":\"Peles Test\",\"description\":\"\",\"publisher\":{\"@id\":\"https:\/\/thewebdevpoint.com\/ro\/#organization\"},\"potentialAction\":[{\"@type\":\"SearchAction\",\"target\":{\"@type\":\"EntryPoint\",\"urlTemplate\":\"https:\/\/thewebdevpoint.com\/ro\/?s={search_term_string}\"},\"query-input\":{\"@type\":\"PropertyValueSpecification\",\"valueRequired\":true,\"valueName\":\"search_term_string\"}}],\"inLanguage\":\"ro-RO\"},{\"@type\":\"Organization\",\"@id\":\"https:\/\/thewebdevpoint.com\/ro\/#organization\",\"name\":\"Muzeul Pele\u0219\",\"alternateName\":\"MP\",\"url\":\"https:\/\/thewebdevpoint.com\/ro\/\",\"logo\":{\"@type\":\"ImageObject\",\"inLanguage\":\"ro-RO\",\"@id\":\"https:\/\/thewebdevpoint.com\/ro\/#\/schema\/logo\/image\/\",\"url\":\"https:\/\/thewebdevpoint.com\/wp-content\/uploads\/2024\/10\/Logo.svg\",\"contentUrl\":\"https:\/\/thewebdevpoint.com\/wp-content\/uploads\/2024\/10\/Logo.svg\",\"width\":251,\"height\":48,\"caption\":\"Muzeul Pele\u0219\"},\"image\":{\"@id\":\"https:\/\/thewebdevpoint.com\/ro\/#\/schema\/logo\/image\/\"}}]}<\/script>\n<!-- \/ Yoast SEO plugin. -->","yoast_head_json":{"title":"Start EUROPAfest Summer Edition ! &#183; Peles Test","robots":{"index":"noindex","follow":"follow","max-snippet":"max-snippet:-1","max-image-preview":"max-image-preview:large","max-video-preview":"max-video-preview:-1"},"schema":{"@context":"https:\/\/schema.org","@graph":[{"@type":"WebPage","@id":"https:\/\/thewebdevpoint.com\/eveniment\/start-europafest-summer-edition\/","url":"https:\/\/thewebdevpoint.com\/eveniment\/start-europafest-summer-edition\/","name":"Start EUROPAfest Summer Edition ! &#183; Peles Test","isPartOf":{"@id":"https:\/\/thewebdevpoint.com\/ro\/#website"},"datePublished":"2024-10-08T11:59:12+00:00","dateModified":"2024-12-19T07:48:56+00:00","breadcrumb":{"@id":"https:\/\/thewebdevpoint.com\/eveniment\/start-europafest-summer-edition\/#breadcrumb"},"inLanguage":"ro-RO","potentialAction":[{"@type":"ReadAction","target":["https:\/\/thewebdevpoint.com\/eveniment\/start-europafest-summer-edition\/"]}]},{"@type":"BreadcrumbList","@id":"https:\/\/thewebdevpoint.com\/eveniment\/start-europafest-summer-edition\/#breadcrumb","itemListElement":[{"@type":"ListItem","position":1,"name":"Acas\u0103","item":"https:\/\/thewebdevpoint.com\/"},{"@type":"ListItem","position":2,"name":"Evenimente","item":"https:\/\/thewebdevpoint.com\/ro\/evenimente\/"},{"@type":"ListItem","position":3,"name":"Start EUROPAfest Summer Edition !"}]},{"@type":"WebSite","@id":"https:\/\/thewebdevpoint.com\/ro\/#website","url":"https:\/\/thewebdevpoint.com\/ro\/","name":"Peles Test","description":"","publisher":{"@id":"https:\/\/thewebdevpoint.com\/ro\/#organization"},"potentialAction":[{"@type":"SearchAction","target":{"@type":"EntryPoint","urlTemplate":"https:\/\/thewebdevpoint.com\/ro\/?s={search_term_string}"},"query-input":{"@type":"PropertyValueSpecification","valueRequired":true,"valueName":"search_term_string"}}],"inLanguage":"ro-RO"},{"@type":"Organization","@id":"https:\/\/thewebdevpoint.com\/ro\/#organization","name":"Muzeul Pele\u0219","alternateName":"MP","url":"https:\/\/thewebdevpoint.com\/ro\/","logo":{"@type":"ImageObject","inLanguage":"ro-RO","@id":"https:\/\/thewebdevpoint.com\/ro\/#\/schema\/logo\/image\/","url":"https:\/\/thewebdevpoint.com\/wp-content\/uploads\/2024\/10\/Logo.svg","contentUrl":"https:\/\/thewebdevpoint.com\/wp-content\/uploads\/2024\/10\/Logo.svg","width":251,"height":48,"caption":"Muzeul Pele\u0219"},"image":{"@id":"https:\/\/thewebdevpoint.com\/ro\/#\/schema\/logo\/image\/"}}]}},"_links":{"self":[{"href":"https:\/\/thewebdevpoint.com\/ro\/wp-json\/wp\/v2\/eveniment\/8765","targetHints":{"allow":["GET"]}}],"collection":[{"href":"https:\/\/thewebdevpoint.com\/ro\/wp-json\/wp\/v2\/eveniment"}],"about":[{"href":"https:\/\/thewebdevpoint.com\/ro\/wp-json\/wp\/v2\/types\/eveniment"}],"version-history":[{"count":1,"href":"https:\/\/thewebdevpoint.com\/ro\/wp-json\/wp\/v2\/eveniment\/8765\/revisions"}],"predecessor-version":[{"id":17253,"href":"https:\/\/thewebdevpoint.com\/ro\/wp-json\/wp\/v2\/eveniment\/8765\/revisions\/17253"}],"wp:attachment":[{"href":"https:\/\/thewebdevpoint.com\/ro\/wp-json\/wp\/v2\/media?parent=8765"}],"wp:term":[{"taxonomy":"categorie-evenimente","embeddable":true,"href":"https:\/\/thewebdevpoint.com\/ro\/wp-json\/wp\/v2\/categorie-evenimente?post=8765"}],"curies":[{"name":"wp","href":"https:\/\/api.w.org\/{rel}","templated":true}]}}