{"id":8797,"date":"2024-10-08T11:59:13","date_gmt":"2024-10-08T11:59:13","guid":{"rendered":"https:\/\/pelestest.thepoint-agency.com\/noapte-de-sanziene-recital-de-pian-ana-antonia-tudose\/"},"modified":"2024-12-19T10:07:03","modified_gmt":"2024-12-19T08:07:03","slug":"noapte-de-sanziene-recital-de-pian-ana-antonia-tudose","status":"publish","type":"eveniment","link":"https:\/\/thewebdevpoint.com\/ro\/eveniment\/noapte-de-sanziene-recital-de-pian-ana-antonia-tudose\/","title":{"rendered":"Noapte de s\u00e2nziene &#8211; Recital de pian Ana Antonia Tudose"},"content":{"rendered":"<p>ANA ANTONIA TUDOSE s-a n\u0103scut la data de 5 iunie 2001 \u0219i \u00een prezent este elev\u0103 a Colegiului de Art\u0103 ,,Carmen Sylva\u201d din Ploie\u015fti, \u00een clasa a XI-a. La \u015fapte ani p\u0103\u015fe\u015fte pragul liceului ca elev\u0103 \u00een clasa I, deslu\u015find an de an tainele pianului, sub \u00eendrumarea doamnei profesor Anca-Florentina Borcea \u0219i, de mai bine de doi ani, \u0219i sub \u00eendrumarea reputatului pianist roman Daniel Goi\u021bi.<\/p>\n<p>Se remarc\u0103 din primii ani de studiu, fiind laureat\u0103 a numeroase concursuri na\u0163ionale, prin c\u00e2\u0219tigarea premiului I, mai multe edi\u021bii la r\u00e2nd: concursul ,,Mar\u0163ian Negrea\u201d, concursul na\u0163ional de interpretare \u015fi crea\u0163ie muzical\u0103 ,,Paul Constantinescu\u201d, concursul na\u0163ional de interpretare instrumental\u0103 ,,Margareta Sterian\u201d Buz\u0103u, concursul ,,Ionel Perlea\u201d Slobozia, concursul ,,Brave claviaturi\u201d Bucure\u0219ti, concursul Piano Art, Ploie\u0219ti. Confirm\u0103ri ale valorii sale au fost, \u00eendeosebi, ob\u021binerea Marelui Trofeu al Concursului na\u0163ional de interpretare instrumental\u0103 ,,Margareta Sterian\u201d, Buz\u0103u, editia 2014, a Trofeului Concursului ,,Ionel Perlea\u201d, Slobozia, edi\u021bia 2014, dar si a Marelui Premiu al Concursului de interpretare pentru pian, Piano Art Ploiesti 2014.<\/p>\n<p>Unul dintre cele mai importante proiecte de p\u00e2n\u0103 acum ale pianistei este derularea unui program de recitaluri, \u00een colaborare cu Institutul Cultural Rom\u00e2n, \u00een scopul promov\u0103rii muzicii rom\u00e2ne\u0219ti \u0219i a valorii \u0219colii de pian din Rom\u00e2nia; pe 5 septembrie 2014, Antonia a sus\u021binut un recital la Institutul Cultural Roman din New York, recital care s-a bucurat de un real succes, fapt reflectat at\u00e2t in presa din Rom\u00e2nia, cat si \u00eentr-unul dintre ziarele diasporei rom\u00e2ne din New York. O consecin\u021b\u0103 a acestui succes a fost invitarea Antoniei, de c\u0103tre\u00a0 Institutul Cultural Roman din Paris, de Ziua Culturii Romane, s\u0103 sus\u021bin\u0103 un recital, pe15 ianuarie 2015, \u00een cursul anului 2016, urm\u00e2nd sus\u021binerea altor dou\u0103 recitaluri de acest gen, la Budapesta \u0219i Viena, in cursul anului 2017..<\/p>\n<p>Cel mai important pas \u00een activitatea sa de solist r\u0103m\u00e2ne, \u00eens\u0103, recitalul sus\u021binut pe scena S\u0103lii Mici a Atheneului Rom\u00e2n, \u00een cadrul Stagiunii Camerale a Filarmonicii,, George Enescu\u201ddin Bucure\u0219ti, sec\u021biunea ,,Stagiunea tinerelor talente\u201d 2015-2016.<\/p>\n<p>In anul 2018, Antonia a interpretat Concertul nr.1 op.11 in mi minor de Fr.Chopin, atat cu orchestra Filarmonicii Paul Constantinescu din Ploiesti, dirijor Panagiotis Diamantis (Grecia) , cat si cu orchestra Filarmonicii din Sibiu, dirijor Alexandru Mija.<\/p>\n<p>In recomandarea acordat\u0103 tinerei pianiste \u00een vederea ob\u021binerii unei burse, reputatul pianist Viniciu Moroianu spunea despre Ana Antonia, ,,ca pianist\u0103 de performan\u021b\u0103, s-a remarcat drept un v\u00e2rf al genera\u021biei sale. I-am urm\u0103rit evolu\u021bia artistic\u0103, \u00een anii din urm\u0103, \u00een competi\u021bii na\u021bionale de profil, unde s-a distins prin eficien\u021b\u0103 pe scen\u0103 \u0219i st\u0103p\u00e2nire de sine, \u00een repertorii dintre cele mai preten\u021bioase. Este o t\u00e2n\u0103r\u0103 artist\u0103 cu poten\u021bial pre\u021bios, cu voin\u021b\u0103 \u0219i putere de munc\u0103 asidu\u0103 \u0219i ordonat\u0103. \u00cen plus, posed\u0103 acea at\u00e2t de important\u0103 dorin\u021b\u0103 de perfec\u021bionare, de autodep\u0103\u0219ire, de diversificare a caracterelor muzicale. A acumulat experien\u021b\u0103 \u0219i un palmares deja important \u00een competi\u021bii, concerte cu orchestra \u0219i recitaluri. Pentru toate acestea, consider c\u0103 Antonia merit\u0103 s\u0103 fie sprijinit\u0103 \u00een cariera pe care \u0219i-a ales-o, \u00eendrept\u0103\u021bind speran\u021be \u00eendr\u0103zne\u021be\u201d.<\/p>\n<p><a href=\"https:\/\/pelestest.thepoint-agency.com\/wp-content\/uploads\/2018\/06\/DSC08019.jpg\"><img fetchpriority=\"high\" decoding=\"async\" class=\"alignnone size-full wp-image-2343\" src=\"https:\/\/pelestest.thepoint-agency.com\/wp-content\/uploads\/2018\/06\/DSC08019.jpg\" alt=\"\" width=\"1500\" height=\"2673\" \/><\/a><\/p>\n","protected":false},"featured_media":0,"template":"","meta":{"_acf_changed":false},"categorie-evenimente":[353],"class_list":["post-8797","eveniment","type-eveniment","status-publish","hentry","categorie-evenimente-arhiva"],"acf":[],"yoast_head":"<!-- This site is optimized with the Yoast SEO plugin v24.1 - https:\/\/yoast.com\/wordpress\/plugins\/seo\/ -->\n<title>Noapte de s\u00e2nziene - Recital de pian Ana Antonia Tudose &#183; Peles Test<\/title>\n<meta name=\"robots\" content=\"noindex, follow, max-snippet:-1, max-image-preview:large, max-video-preview:-1\" \/>\n<script type=\"application\/ld+json\" class=\"yoast-schema-graph\">{\"@context\":\"https:\/\/schema.org\",\"@graph\":[{\"@type\":\"WebPage\",\"@id\":\"https:\/\/thewebdevpoint.com\/ro\/eveniment\/noapte-de-sanziene-recital-de-pian-ana-antonia-tudose\/\",\"url\":\"https:\/\/thewebdevpoint.com\/ro\/eveniment\/noapte-de-sanziene-recital-de-pian-ana-antonia-tudose\/\",\"name\":\"Noapte de s\u00e2nziene - Recital de pian Ana Antonia Tudose &#183; Peles Test\",\"isPartOf\":{\"@id\":\"https:\/\/thewebdevpoint.com\/ro\/#website\"},\"primaryImageOfPage\":{\"@id\":\"https:\/\/thewebdevpoint.com\/ro\/eveniment\/noapte-de-sanziene-recital-de-pian-ana-antonia-tudose\/#primaryimage\"},\"image\":{\"@id\":\"https:\/\/thewebdevpoint.com\/ro\/eveniment\/noapte-de-sanziene-recital-de-pian-ana-antonia-tudose\/#primaryimage\"},\"thumbnailUrl\":\"https:\/\/pelestest.thepoint-agency.com\/wp-content\/uploads\/2018\/06\/DSC08019.jpg\",\"datePublished\":\"2024-10-08T11:59:13+00:00\",\"dateModified\":\"2024-12-19T08:07:03+00:00\",\"breadcrumb\":{\"@id\":\"https:\/\/thewebdevpoint.com\/ro\/eveniment\/noapte-de-sanziene-recital-de-pian-ana-antonia-tudose\/#breadcrumb\"},\"inLanguage\":\"ro-RO\",\"potentialAction\":[{\"@type\":\"ReadAction\",\"target\":[\"https:\/\/thewebdevpoint.com\/ro\/eveniment\/noapte-de-sanziene-recital-de-pian-ana-antonia-tudose\/\"]}]},{\"@type\":\"ImageObject\",\"inLanguage\":\"ro-RO\",\"@id\":\"https:\/\/thewebdevpoint.com\/ro\/eveniment\/noapte-de-sanziene-recital-de-pian-ana-antonia-tudose\/#primaryimage\",\"url\":\"https:\/\/pelestest.thepoint-agency.com\/wp-content\/uploads\/2018\/06\/DSC08019.jpg\",\"contentUrl\":\"https:\/\/pelestest.thepoint-agency.com\/wp-content\/uploads\/2018\/06\/DSC08019.jpg\"},{\"@type\":\"BreadcrumbList\",\"@id\":\"https:\/\/thewebdevpoint.com\/ro\/eveniment\/noapte-de-sanziene-recital-de-pian-ana-antonia-tudose\/#breadcrumb\",\"itemListElement\":[{\"@type\":\"ListItem\",\"position\":1,\"name\":\"Acas\u0103\",\"item\":\"https:\/\/thewebdevpoint.com\/\"},{\"@type\":\"ListItem\",\"position\":2,\"name\":\"Evenimente\",\"item\":\"https:\/\/thewebdevpoint.com\/ro\/evenimente\/\"},{\"@type\":\"ListItem\",\"position\":3,\"name\":\"Noapte de s\u00e2nziene &#8211; Recital de pian Ana Antonia Tudose\"}]},{\"@type\":\"WebSite\",\"@id\":\"https:\/\/thewebdevpoint.com\/ro\/#website\",\"url\":\"https:\/\/thewebdevpoint.com\/ro\/\",\"name\":\"Peles Test\",\"description\":\"\",\"publisher\":{\"@id\":\"https:\/\/thewebdevpoint.com\/ro\/#organization\"},\"potentialAction\":[{\"@type\":\"SearchAction\",\"target\":{\"@type\":\"EntryPoint\",\"urlTemplate\":\"https:\/\/thewebdevpoint.com\/ro\/?s={search_term_string}\"},\"query-input\":{\"@type\":\"PropertyValueSpecification\",\"valueRequired\":true,\"valueName\":\"search_term_string\"}}],\"inLanguage\":\"ro-RO\"},{\"@type\":\"Organization\",\"@id\":\"https:\/\/thewebdevpoint.com\/ro\/#organization\",\"name\":\"Muzeul Pele\u0219\",\"alternateName\":\"MP\",\"url\":\"https:\/\/thewebdevpoint.com\/ro\/\",\"logo\":{\"@type\":\"ImageObject\",\"inLanguage\":\"ro-RO\",\"@id\":\"https:\/\/thewebdevpoint.com\/ro\/#\/schema\/logo\/image\/\",\"url\":\"https:\/\/thewebdevpoint.com\/wp-content\/uploads\/2024\/10\/Logo.svg\",\"contentUrl\":\"https:\/\/thewebdevpoint.com\/wp-content\/uploads\/2024\/10\/Logo.svg\",\"width\":251,\"height\":48,\"caption\":\"Muzeul Pele\u0219\"},\"image\":{\"@id\":\"https:\/\/thewebdevpoint.com\/ro\/#\/schema\/logo\/image\/\"}}]}<\/script>\n<!-- \/ Yoast SEO plugin. -->","yoast_head_json":{"title":"Noapte de s\u00e2nziene - Recital de pian Ana Antonia Tudose &#183; Peles Test","robots":{"index":"noindex","follow":"follow","max-snippet":"max-snippet:-1","max-image-preview":"max-image-preview:large","max-video-preview":"max-video-preview:-1"},"schema":{"@context":"https:\/\/schema.org","@graph":[{"@type":"WebPage","@id":"https:\/\/thewebdevpoint.com\/ro\/eveniment\/noapte-de-sanziene-recital-de-pian-ana-antonia-tudose\/","url":"https:\/\/thewebdevpoint.com\/ro\/eveniment\/noapte-de-sanziene-recital-de-pian-ana-antonia-tudose\/","name":"Noapte de s\u00e2nziene - Recital de pian Ana Antonia Tudose &#183; Peles Test","isPartOf":{"@id":"https:\/\/thewebdevpoint.com\/ro\/#website"},"primaryImageOfPage":{"@id":"https:\/\/thewebdevpoint.com\/ro\/eveniment\/noapte-de-sanziene-recital-de-pian-ana-antonia-tudose\/#primaryimage"},"image":{"@id":"https:\/\/thewebdevpoint.com\/ro\/eveniment\/noapte-de-sanziene-recital-de-pian-ana-antonia-tudose\/#primaryimage"},"thumbnailUrl":"https:\/\/pelestest.thepoint-agency.com\/wp-content\/uploads\/2018\/06\/DSC08019.jpg","datePublished":"2024-10-08T11:59:13+00:00","dateModified":"2024-12-19T08:07:03+00:00","breadcrumb":{"@id":"https:\/\/thewebdevpoint.com\/ro\/eveniment\/noapte-de-sanziene-recital-de-pian-ana-antonia-tudose\/#breadcrumb"},"inLanguage":"ro-RO","potentialAction":[{"@type":"ReadAction","target":["https:\/\/thewebdevpoint.com\/ro\/eveniment\/noapte-de-sanziene-recital-de-pian-ana-antonia-tudose\/"]}]},{"@type":"ImageObject","inLanguage":"ro-RO","@id":"https:\/\/thewebdevpoint.com\/ro\/eveniment\/noapte-de-sanziene-recital-de-pian-ana-antonia-tudose\/#primaryimage","url":"https:\/\/pelestest.thepoint-agency.com\/wp-content\/uploads\/2018\/06\/DSC08019.jpg","contentUrl":"https:\/\/pelestest.thepoint-agency.com\/wp-content\/uploads\/2018\/06\/DSC08019.jpg"},{"@type":"BreadcrumbList","@id":"https:\/\/thewebdevpoint.com\/ro\/eveniment\/noapte-de-sanziene-recital-de-pian-ana-antonia-tudose\/#breadcrumb","itemListElement":[{"@type":"ListItem","position":1,"name":"Acas\u0103","item":"https:\/\/thewebdevpoint.com\/"},{"@type":"ListItem","position":2,"name":"Evenimente","item":"https:\/\/thewebdevpoint.com\/ro\/evenimente\/"},{"@type":"ListItem","position":3,"name":"Noapte de s\u00e2nziene &#8211; Recital de pian Ana Antonia Tudose"}]},{"@type":"WebSite","@id":"https:\/\/thewebdevpoint.com\/ro\/#website","url":"https:\/\/thewebdevpoint.com\/ro\/","name":"Peles Test","description":"","publisher":{"@id":"https:\/\/thewebdevpoint.com\/ro\/#organization"},"potentialAction":[{"@type":"SearchAction","target":{"@type":"EntryPoint","urlTemplate":"https:\/\/thewebdevpoint.com\/ro\/?s={search_term_string}"},"query-input":{"@type":"PropertyValueSpecification","valueRequired":true,"valueName":"search_term_string"}}],"inLanguage":"ro-RO"},{"@type":"Organization","@id":"https:\/\/thewebdevpoint.com\/ro\/#organization","name":"Muzeul Pele\u0219","alternateName":"MP","url":"https:\/\/thewebdevpoint.com\/ro\/","logo":{"@type":"ImageObject","inLanguage":"ro-RO","@id":"https:\/\/thewebdevpoint.com\/ro\/#\/schema\/logo\/image\/","url":"https:\/\/thewebdevpoint.com\/wp-content\/uploads\/2024\/10\/Logo.svg","contentUrl":"https:\/\/thewebdevpoint.com\/wp-content\/uploads\/2024\/10\/Logo.svg","width":251,"height":48,"caption":"Muzeul Pele\u0219"},"image":{"@id":"https:\/\/thewebdevpoint.com\/ro\/#\/schema\/logo\/image\/"}}]}},"_links":{"self":[{"href":"https:\/\/thewebdevpoint.com\/ro\/wp-json\/wp\/v2\/eveniment\/8797","targetHints":{"allow":["GET"]}}],"collection":[{"href":"https:\/\/thewebdevpoint.com\/ro\/wp-json\/wp\/v2\/eveniment"}],"about":[{"href":"https:\/\/thewebdevpoint.com\/ro\/wp-json\/wp\/v2\/types\/eveniment"}],"version-history":[{"count":1,"href":"https:\/\/thewebdevpoint.com\/ro\/wp-json\/wp\/v2\/eveniment\/8797\/revisions"}],"predecessor-version":[{"id":16429,"href":"https:\/\/thewebdevpoint.com\/ro\/wp-json\/wp\/v2\/eveniment\/8797\/revisions\/16429"}],"wp:attachment":[{"href":"https:\/\/thewebdevpoint.com\/ro\/wp-json\/wp\/v2\/media?parent=8797"}],"wp:term":[{"taxonomy":"categorie-evenimente","embeddable":true,"href":"https:\/\/thewebdevpoint.com\/ro\/wp-json\/wp\/v2\/categorie-evenimente?post=8797"}],"curies":[{"name":"wp","href":"https:\/\/api.w.org\/{rel}","templated":true}]}}