{"id":8801,"date":"2024-10-08T11:59:13","date_gmt":"2024-10-08T11:59:13","guid":{"rendered":"https:\/\/pelestest.thepoint-agency.com\/tineri-muzicieni-de-exceptie-in-concert-la-castelul-peles\/"},"modified":"2024-12-19T09:46:19","modified_gmt":"2024-12-19T07:46:19","slug":"tineri-muzicieni-de-exceptie-in-concert-la-castelul-peles","status":"publish","type":"eveniment","link":"https:\/\/thewebdevpoint.com\/ro\/eveniment\/tineri-muzicieni-de-exceptie-in-concert-la-castelul-peles\/","title":{"rendered":"Tineri muzicieni de excep\u021bie, \u00een concert la Castelul Pele\u0219"},"content":{"rendered":"<p>Lucr\u0103ri ale compozitorilor clasici \u0219i romantici, dar \u0219i c\u00e2ntece inspirate din folclorul rom\u00e2nesc \u0219i european, vor r\u0103suna <strong>s\u00e2mb\u0103t\u0103 28 iulie<\/strong>, de la <strong>ora 16:00<\/strong>, \u00een <strong>Sala de Concerte a Castelului Pele\u0219<\/strong>. Un adev\u0103rat maraton al tinerei genera\u021bii de muzicieni rom\u00e2ni, dar \u0219i str\u0103ini, pasiona\u021bi ai chitarei clasice \u0219i ai flautului, se va desf\u0103\u0219ura \u00een impresionanta Sal\u0103 de concerte inaugurat\u0103 \u00een 1906 la dorin\u021ba Reginei Elisabeta.<\/p>\n<p>Concertul face parte din <strong>Stagiunea \u201eSunetul Muzicii\u201d,<\/strong> iar programul este \u00a0inclus \u0219i \u00een <strong>Festivalul ICon Arts Transilvania<\/strong>.<\/p>\n<p>Intrarea va fi liber\u0103, invita\u021biile put\u00e2nd fi ob\u021binute la adresa: <a href=\"mailto:peles.ro@gmail.com\">peles.ro@gmail.com<\/a>.<\/p>\n<p>Vor concerta tineri instrumenti\u0219ti de excep\u021bie din <strong>Rom\u00e2nia, Germania, Coreea de Sud<\/strong>, participan\u021bi la masterclass-ul de chitar\u0103 de la Biertan, \u00een cadrul Academiei ICon Arts, ed. a XVI-a, coordonat de trei personalit\u0103\u021bi europene: <strong>Costin Soare,<\/strong> <strong>Reinbert Evers<\/strong> (Germania) \u0219i <strong>Andr\u00e1s Cs\u00e1ki<\/strong> (Ungaria), precum \u0219i paricipan\u021bi la cursul de m\u0103iestrie sus\u021binut de flautista <strong>Ioana Turcu<\/strong>, artist cu o bogat\u0103 experien\u021b\u0103 concertisic\u0103 \u0219i de cercetare \u00een programe interna\u021bionale. La pian se va afla <strong>Verona Maier, <\/strong>artist\u0103 remarcat\u0103 pentru cariera impresionant\u0103 desf\u0103\u0219urat\u0103 pe scene importante din \u021bar\u0103 \u0219i str\u0103in\u0103tate.<\/p>\n<p>Programul va cuprinde lucr\u0103ri: Francisco T\u00e1rrega, Frank Martin, Manuel Maria Ponce, William Walton, \u00een interpretarea tinerilor chitari\u0219ti: \u00a0Emil Filipescu, Jiho Ban (Coreea de Sud), Julian Richter (Germania), Ioan B\u0103nescu, precum \u0219i de: Vasile Jianu, George Enescu, Grigoras Dinicu, Louis Gann\u00e9, interpretate de flauti\u0219tii: Ilinca Nicolae, Daria Cristescu, Ioana Irimescu, Giulia Apetrei, Cosmin Cioca, Costin S\u0103ndulescu.<\/p>\n<p><strong>Recitalul de la Sinaia<\/strong> este organizat de Muzeul Na\u021bional Pele\u0219 \u0219i Uniunea de Crea\u021bie Interpretativ\u0103 a Muzicienilor din Rom\u00e2nia prin programul \u201eOportunit\u0103\u021bi la tine acas\u0103\u201d dedicat tinerilor muzicieni excep\u021bionali care g\u0103sesc, astfel, reale oportunit\u0103\u021bi de afirmare aici, acas\u0103, pe scenele din Rom\u00e2nia.<\/p>\n<p><strong>Am\u0103nunte pe: <\/strong><a href=\"http:\/\/www.asociatiaprovalores.ro\"><strong>www.asociatiaprovalores.ro<\/strong><\/a><\/p>\n<p><strong>Parteneri: <\/strong>Banca Transilvania, ExcesMusic \u015fi Asocia\u0163ia Pro Valores.<\/p>\n<p><strong>Parteneri media: <\/strong>Radio Rom\u00e2nia Cultural, Radio Rom\u00e2nia Muzical, Enjoy TV, Observator cultural, Radio Trinitas, Calendar evenimente, Roportal.ro, onlinegallery.ro, JurnalMM.ro, Capital cultural, Agentia de carte, Rom\u00e2nia pozitiv\u0103.<\/p>\n<p><a href=\"https:\/\/pelestest.thepoint-agency.com\/wp-content\/uploads\/2018\/07\/iconarts.jpg\"><img fetchpriority=\"high\" decoding=\"async\" class=\"alignnone size-full wp-image-2380\" src=\"https:\/\/pelestest.thepoint-agency.com\/wp-content\/uploads\/2018\/07\/iconarts.jpg\" alt=\"\" width=\"1000\" height=\"1000\" \/><\/a><\/p>\n","protected":false},"featured_media":0,"template":"","meta":{"_acf_changed":false},"categorie-evenimente":[353],"class_list":["post-8801","eveniment","type-eveniment","status-publish","hentry","categorie-evenimente-arhiva"],"acf":[],"yoast_head":"<!-- This site is optimized with the Yoast SEO plugin v24.1 - https:\/\/yoast.com\/wordpress\/plugins\/seo\/ -->\n<title>Tineri muzicieni de excep\u021bie, \u00een concert la Castelul Pele\u0219 &#183; Peles Test<\/title>\n<meta name=\"robots\" content=\"noindex, follow, max-snippet:-1, max-image-preview:large, max-video-preview:-1\" \/>\n<script type=\"application\/ld+json\" class=\"yoast-schema-graph\">{\"@context\":\"https:\/\/schema.org\",\"@graph\":[{\"@type\":\"WebPage\",\"@id\":\"https:\/\/thewebdevpoint.com\/eveniment\/tineri-muzicieni-de-exceptie-in-concert-la-castelul-peles\/\",\"url\":\"https:\/\/thewebdevpoint.com\/eveniment\/tineri-muzicieni-de-exceptie-in-concert-la-castelul-peles\/\",\"name\":\"Tineri muzicieni de excep\u021bie, \u00een concert la Castelul Pele\u0219 &#183; Peles Test\",\"isPartOf\":{\"@id\":\"https:\/\/thewebdevpoint.com\/ro\/#website\"},\"primaryImageOfPage\":{\"@id\":\"https:\/\/thewebdevpoint.com\/eveniment\/tineri-muzicieni-de-exceptie-in-concert-la-castelul-peles\/#primaryimage\"},\"image\":{\"@id\":\"https:\/\/thewebdevpoint.com\/eveniment\/tineri-muzicieni-de-exceptie-in-concert-la-castelul-peles\/#primaryimage\"},\"thumbnailUrl\":\"https:\/\/pelestest.thepoint-agency.com\/wp-content\/uploads\/2018\/07\/iconarts.jpg\",\"datePublished\":\"2024-10-08T11:59:13+00:00\",\"dateModified\":\"2024-12-19T07:46:19+00:00\",\"breadcrumb\":{\"@id\":\"https:\/\/thewebdevpoint.com\/eveniment\/tineri-muzicieni-de-exceptie-in-concert-la-castelul-peles\/#breadcrumb\"},\"inLanguage\":\"ro-RO\",\"potentialAction\":[{\"@type\":\"ReadAction\",\"target\":[\"https:\/\/thewebdevpoint.com\/eveniment\/tineri-muzicieni-de-exceptie-in-concert-la-castelul-peles\/\"]}]},{\"@type\":\"ImageObject\",\"inLanguage\":\"ro-RO\",\"@id\":\"https:\/\/thewebdevpoint.com\/eveniment\/tineri-muzicieni-de-exceptie-in-concert-la-castelul-peles\/#primaryimage\",\"url\":\"https:\/\/pelestest.thepoint-agency.com\/wp-content\/uploads\/2018\/07\/iconarts.jpg\",\"contentUrl\":\"https:\/\/pelestest.thepoint-agency.com\/wp-content\/uploads\/2018\/07\/iconarts.jpg\"},{\"@type\":\"BreadcrumbList\",\"@id\":\"https:\/\/thewebdevpoint.com\/eveniment\/tineri-muzicieni-de-exceptie-in-concert-la-castelul-peles\/#breadcrumb\",\"itemListElement\":[{\"@type\":\"ListItem\",\"position\":1,\"name\":\"Acas\u0103\",\"item\":\"https:\/\/thewebdevpoint.com\/\"},{\"@type\":\"ListItem\",\"position\":2,\"name\":\"Evenimente\",\"item\":\"https:\/\/thewebdevpoint.com\/ro\/evenimente\/\"},{\"@type\":\"ListItem\",\"position\":3,\"name\":\"Tineri muzicieni de excep\u021bie, \u00een concert la Castelul Pele\u0219\"}]},{\"@type\":\"WebSite\",\"@id\":\"https:\/\/thewebdevpoint.com\/ro\/#website\",\"url\":\"https:\/\/thewebdevpoint.com\/ro\/\",\"name\":\"Peles Test\",\"description\":\"\",\"publisher\":{\"@id\":\"https:\/\/thewebdevpoint.com\/ro\/#organization\"},\"potentialAction\":[{\"@type\":\"SearchAction\",\"target\":{\"@type\":\"EntryPoint\",\"urlTemplate\":\"https:\/\/thewebdevpoint.com\/ro\/?s={search_term_string}\"},\"query-input\":{\"@type\":\"PropertyValueSpecification\",\"valueRequired\":true,\"valueName\":\"search_term_string\"}}],\"inLanguage\":\"ro-RO\"},{\"@type\":\"Organization\",\"@id\":\"https:\/\/thewebdevpoint.com\/ro\/#organization\",\"name\":\"Muzeul Pele\u0219\",\"alternateName\":\"MP\",\"url\":\"https:\/\/thewebdevpoint.com\/ro\/\",\"logo\":{\"@type\":\"ImageObject\",\"inLanguage\":\"ro-RO\",\"@id\":\"https:\/\/thewebdevpoint.com\/ro\/#\/schema\/logo\/image\/\",\"url\":\"https:\/\/thewebdevpoint.com\/wp-content\/uploads\/2024\/10\/Logo.svg\",\"contentUrl\":\"https:\/\/thewebdevpoint.com\/wp-content\/uploads\/2024\/10\/Logo.svg\",\"width\":251,\"height\":48,\"caption\":\"Muzeul Pele\u0219\"},\"image\":{\"@id\":\"https:\/\/thewebdevpoint.com\/ro\/#\/schema\/logo\/image\/\"}}]}<\/script>\n<!-- \/ Yoast SEO plugin. -->","yoast_head_json":{"title":"Tineri muzicieni de excep\u021bie, \u00een concert la Castelul Pele\u0219 &#183; Peles Test","robots":{"index":"noindex","follow":"follow","max-snippet":"max-snippet:-1","max-image-preview":"max-image-preview:large","max-video-preview":"max-video-preview:-1"},"schema":{"@context":"https:\/\/schema.org","@graph":[{"@type":"WebPage","@id":"https:\/\/thewebdevpoint.com\/eveniment\/tineri-muzicieni-de-exceptie-in-concert-la-castelul-peles\/","url":"https:\/\/thewebdevpoint.com\/eveniment\/tineri-muzicieni-de-exceptie-in-concert-la-castelul-peles\/","name":"Tineri muzicieni de excep\u021bie, \u00een concert la Castelul Pele\u0219 &#183; Peles Test","isPartOf":{"@id":"https:\/\/thewebdevpoint.com\/ro\/#website"},"primaryImageOfPage":{"@id":"https:\/\/thewebdevpoint.com\/eveniment\/tineri-muzicieni-de-exceptie-in-concert-la-castelul-peles\/#primaryimage"},"image":{"@id":"https:\/\/thewebdevpoint.com\/eveniment\/tineri-muzicieni-de-exceptie-in-concert-la-castelul-peles\/#primaryimage"},"thumbnailUrl":"https:\/\/pelestest.thepoint-agency.com\/wp-content\/uploads\/2018\/07\/iconarts.jpg","datePublished":"2024-10-08T11:59:13+00:00","dateModified":"2024-12-19T07:46:19+00:00","breadcrumb":{"@id":"https:\/\/thewebdevpoint.com\/eveniment\/tineri-muzicieni-de-exceptie-in-concert-la-castelul-peles\/#breadcrumb"},"inLanguage":"ro-RO","potentialAction":[{"@type":"ReadAction","target":["https:\/\/thewebdevpoint.com\/eveniment\/tineri-muzicieni-de-exceptie-in-concert-la-castelul-peles\/"]}]},{"@type":"ImageObject","inLanguage":"ro-RO","@id":"https:\/\/thewebdevpoint.com\/eveniment\/tineri-muzicieni-de-exceptie-in-concert-la-castelul-peles\/#primaryimage","url":"https:\/\/pelestest.thepoint-agency.com\/wp-content\/uploads\/2018\/07\/iconarts.jpg","contentUrl":"https:\/\/pelestest.thepoint-agency.com\/wp-content\/uploads\/2018\/07\/iconarts.jpg"},{"@type":"BreadcrumbList","@id":"https:\/\/thewebdevpoint.com\/eveniment\/tineri-muzicieni-de-exceptie-in-concert-la-castelul-peles\/#breadcrumb","itemListElement":[{"@type":"ListItem","position":1,"name":"Acas\u0103","item":"https:\/\/thewebdevpoint.com\/"},{"@type":"ListItem","position":2,"name":"Evenimente","item":"https:\/\/thewebdevpoint.com\/ro\/evenimente\/"},{"@type":"ListItem","position":3,"name":"Tineri muzicieni de excep\u021bie, \u00een concert la Castelul Pele\u0219"}]},{"@type":"WebSite","@id":"https:\/\/thewebdevpoint.com\/ro\/#website","url":"https:\/\/thewebdevpoint.com\/ro\/","name":"Peles Test","description":"","publisher":{"@id":"https:\/\/thewebdevpoint.com\/ro\/#organization"},"potentialAction":[{"@type":"SearchAction","target":{"@type":"EntryPoint","urlTemplate":"https:\/\/thewebdevpoint.com\/ro\/?s={search_term_string}"},"query-input":{"@type":"PropertyValueSpecification","valueRequired":true,"valueName":"search_term_string"}}],"inLanguage":"ro-RO"},{"@type":"Organization","@id":"https:\/\/thewebdevpoint.com\/ro\/#organization","name":"Muzeul Pele\u0219","alternateName":"MP","url":"https:\/\/thewebdevpoint.com\/ro\/","logo":{"@type":"ImageObject","inLanguage":"ro-RO","@id":"https:\/\/thewebdevpoint.com\/ro\/#\/schema\/logo\/image\/","url":"https:\/\/thewebdevpoint.com\/wp-content\/uploads\/2024\/10\/Logo.svg","contentUrl":"https:\/\/thewebdevpoint.com\/wp-content\/uploads\/2024\/10\/Logo.svg","width":251,"height":48,"caption":"Muzeul Pele\u0219"},"image":{"@id":"https:\/\/thewebdevpoint.com\/ro\/#\/schema\/logo\/image\/"}}]}},"_links":{"self":[{"href":"https:\/\/thewebdevpoint.com\/ro\/wp-json\/wp\/v2\/eveniment\/8801","targetHints":{"allow":["GET"]}}],"collection":[{"href":"https:\/\/thewebdevpoint.com\/ro\/wp-json\/wp\/v2\/eveniment"}],"about":[{"href":"https:\/\/thewebdevpoint.com\/ro\/wp-json\/wp\/v2\/types\/eveniment"}],"version-history":[{"count":1,"href":"https:\/\/thewebdevpoint.com\/ro\/wp-json\/wp\/v2\/eveniment\/8801\/revisions"}],"predecessor-version":[{"id":17235,"href":"https:\/\/thewebdevpoint.com\/ro\/wp-json\/wp\/v2\/eveniment\/8801\/revisions\/17235"}],"wp:attachment":[{"href":"https:\/\/thewebdevpoint.com\/ro\/wp-json\/wp\/v2\/media?parent=8801"}],"wp:term":[{"taxonomy":"categorie-evenimente","embeddable":true,"href":"https:\/\/thewebdevpoint.com\/ro\/wp-json\/wp\/v2\/categorie-evenimente?post=8801"}],"curies":[{"name":"wp","href":"https:\/\/api.w.org\/{rel}","templated":true}]}}